{"version":"1.0","provider_name":"Europa Nostra","provider_url":"https:\/\/heritagehubkrakow.org\/pl\/","author_name":"Lukasz","author_url":"https:\/\/heritagehubkrakow.org\/pl\/author\/lukasz-pierog\/","title":"\u015alady Holokaustu - Europa Nostra","type":"rich","width":600,"height":338,"html":"<blockquote class=\"wp-embedded-content\" data-secret=\"HoEJu3PJyi\"><a href=\"https:\/\/heritagehubkrakow.org\/pl\/slady-holokaustu\/\">\u015alady Holokaustu<\/a><\/blockquote><iframe sandbox=\"allow-scripts\" security=\"restricted\" src=\"https:\/\/heritagehubkrakow.org\/pl\/slady-holokaustu\/embed\/#?secret=HoEJu3PJyi\" width=\"600\" height=\"338\" title=\"&#8222;\u015alady Holokaustu&#8221; &#8212; Europa Nostra\" data-secret=\"HoEJu3PJyi\" frameborder=\"0\" marginwidth=\"0\" marginheight=\"0\" scrolling=\"no\" class=\"wp-embedded-content\"><\/iframe><script type=\"text\/javascript\">\n\/* <![CDATA[ *\/\n\/*! This file is auto-generated *\/\n!function(d,l){\"use strict\";l.querySelector&&d.addEventListener&&\"undefined\"!=typeof URL&&(d.wp=d.wp||{},d.wp.receiveEmbedMessage||(d.wp.receiveEmbedMessage=function(e){var t=e.data;if((t||t.secret||t.message||t.value)&&!\/[^a-zA-Z0-9]\/.test(t.secret)){for(var s,r,n,a=l.querySelectorAll('iframe[data-secret=\"'+t.secret+'\"]'),o=l.querySelectorAll('blockquote[data-secret=\"'+t.secret+'\"]'),c=new RegExp(\"^https?:$\",\"i\"),i=0;i<o.length;i++)o[i].style.display=\"none\";for(i=0;i<a.length;i++)s=a[i],e.source===s.contentWindow&&(s.removeAttribute(\"style\"),\"height\"===t.message?(1e3<(r=parseInt(t.value,10))?r=1e3:~~r<200&&(r=200),s.height=r):\"link\"===t.message&&(r=new URL(s.getAttribute(\"src\")),n=new URL(t.value),c.test(n.protocol))&&n.host===r.host&&l.activeElement===s&&(d.top.location.href=t.value))}},d.addEventListener(\"message\",d.wp.receiveEmbedMessage,!1),l.addEventListener(\"DOMContentLoaded\",function(){for(var e,t,s=l.querySelectorAll(\"iframe.wp-embedded-content\"),r=0;r<s.length;r++)(t=(e=s[r]).getAttribute(\"data-secret\"))||(t=Math.random().toString(36).substring(2,12),e.src+=\"#?secret=\"+t,e.setAttribute(\"data-secret\",t)),e.contentWindow.postMessage({message:\"ready\",secret:t},\"*\")},!1)))}(window,document);\n\/\/# sourceURL=https:\/\/heritagehubkrakow.org\/wp-includes\/js\/wp-embed.min.js\n\/* ]]> *\/\n<\/script>\n","thumbnail_url":"https:\/\/heritagehubkrakow.org\/wp-content\/uploads\/2026\/01\/TMHiZK_podcast-Holistic_next-gen6.jpg","thumbnail_width":1200,"thumbnail_height":1200,"description":"Popularno\u015b\u0107 Fabryki Emalia Oskara Schindlera, kt\u00f3ra zosta\u0142a otwarta 15 lat temu, doprowadzi\u0142a do powstania nowego muzeum na terenie dawnego obozu koncentracyjnego KL Plaszow. Jak oba te muzea uzupe\u0142ni\u0105 opowie\u015b\u0107 \u2013 razem z innymi oddzia\u0142ami Muzeum Krakowa: Ulic\u0105 Pomorsk\u0105\u00a0i Aptek\u0105 pod Or\u0142em \u2013 o wojnie? Dlaczego tak d\u0142ugo pami\u0119\u0107 o Holokau\u015bcie na terenie KL Plaszow nie by\u0142a odpowiednio upami\u0119tniona? Katarzyna Jagodzi\u0144ska rozmawia z Monik\u0105 Bednarek, dyrektork\u0105 Muzeum KL Plaszow oraz Bartoszem Hekselem, kierownikiem oddzia\u0142u Fabryki Emalia Oskara Schindlera Muzeum Krakowa."}