{"id":3258,"date":"2023-11-02T10:07:45","date_gmt":"2023-11-02T10:07:45","guid":{"rendered":"https:\/\/heritagehubkrakow.org\/holistic-heritage-podcasty\/"},"modified":"2024-04-04T10:57:04","modified_gmt":"2024-04-04T10:57:04","slug":"holistic-heritage","status":"publish","type":"page","link":"https:\/\/heritagehubkrakow.org\/pl\/holistic-heritage\/","title":{"rendered":"Holistic Heritage"},"content":{"rendered":"<div class=\"is-style-section-container, has-white-text is-style-section-container wp-block-group alignfull has-red-background-color has-background eplus-wrapper is-layout-constrained wp-block-group-is-layout-constrained eplus-styles-uid-6f219c\"><div class=\"is-style-section-container wp-block-group alignfull eplus-wrapper is-layout-constrained wp-block-group-is-layout-constrained eplus-styles-uid-38b380\"><div class=\"has-white-text wp-block-group alignfull has-white-color has-text-color eplus-wrapper is-layout-constrained wp-block-group-is-layout-constrained eplus-styles-uid-0ed7c1\"><h1 class=\" wp-block-heading has-text-align-center eplus-wrapper eplus-styles-uid-49faf1\">HOLISTIC HERITAGE<\/h1>\n\n<div class=\"yoast-breadcrumbs\"><span><span><a href=\"https:\/\/heritagehubkrakow.org\/pl\/\">Homepage<\/a><\/span> &#8211; <span class=\"breadcrumb_last\" aria-current=\"page\">Holistic Heritage<\/span><\/span><\/div><\/div><\/div><\/div>\n\n\n<div class=\"is-style-section-container wp-block-group alignfull has-green-dark-background-color has-background eplus-wrapper is-layout-constrained wp-block-group-is-layout-constrained\"><div class=\"wp-block-group alignfull has-green-dark-background-color has-background eplus-wrapper is-layout-constrained wp-block-group-is-layout-constrained eplus-styles-uid-24f6f4\">\n<div class=\"wp-block-group eplus-wrapper is-layout-constrained wp-block-group-is-layout-constrained\"><div class=\"wp-block-columns eplus-wrapper is-layout-flex wp-container-core-columns-is-layout-9d6595d7 wp-block-columns-is-layout-flex eplus-styles-uid-62bdec\"><div class=\"wp-block-column eplus-wrapper is-layout-flow wp-block-column-is-layout-flow eplus-styles-uid-9aeb23\"><h3 class=\" wp-block-heading has-text-align-center eplus-wrapper eplus-styles-uid-0581b0\">Holistic Heritage<\/h3>\n\n\n<p class=\" eplus-wrapper\"><\/p>\n\n\n\n<p class=\" eplus-wrapper\"><strong>Pos\u0142uchaj naszej nowej serii podcast\u00f3w. Holistic Heritage to rozmowy, opinie i przemy\u015blenia na temat dziedzictwa Europy \u015arodkowo-Wschodniej. Do\u0142\u0105cz do dr Katarzyny Jagodzi\u0144skiej, Kierowniczki Europa Nostra Heritage Hub w Krakowie oraz Johna Beauchampa z <a href=\"https:\/\/freerangeproductions.eu\/\" target=\"_blank\" rel=\"noreferrer noopener\">Free Range Productions<\/a>, kt\u00f3rzy rozmawiaj\u0105 z liderami dziedzictwa i odkrywaj\u0105 najbardziej inspiruj\u0105ce projekty z ca\u0142ego regionu.<\/strong><\/p>\n\n\n\n<p class=\" eplus-wrapper\">Projekt jest wsp\u00f3\u0142finansowany przez <a href=\"https:\/\/european-union.europa.eu\/index_en\">Uni\u0119 Europejsk\u0105<\/a> i <a href=\"https:\/\/www.krakow.pl\/krakow_open_city\">Miasto Krak\u00f3w<\/a>.<\/p>\n\n\n\n<p class=\" eplus-wrapper\"><strong>\u015aled\u017a nas na:<\/strong><\/p>\n\n\n\n<div class=\"wp-block-buttons eplus-wrapper is-layout-flex wp-block-buttons-is-layout-flex\"><div class=\" wp-block-button eplus-wrapper eplus-styles-uid-ffd902\"><a class=\"wp-block-button__link wp-element-button\" href=\"https:\/\/open.spotify.com\/show\/6TmfshJuoQNzr91xwuCgJj\" target=\"_blank\" rel=\"noreferrer noopener\"><strong>Spotify<\/strong><\/a><\/div>\n\n<div class=\" wp-block-button eplus-wrapper eplus-styles-uid-f46e3e\"><a class=\"wp-block-button__link wp-element-button\" href=\"https:\/\/holistic-heritage.simplecast.com\/\" target=\"_blank\" rel=\"noreferrer noopener\"><strong>Simplecast <\/strong><\/a><\/div>\n\n<div class=\" wp-block-button eplus-wrapper eplus-styles-uid-bd5bf1\"><a class=\"wp-block-button__link wp-element-button\" href=\"https:\/\/podcasts.apple.com\/us\/podcast\/holistic-heritage\/id1713525309\" target=\"_blank\" rel=\"noreferrer noopener\"><strong>Apple Podcasts <\/strong><\/a><\/div>\n\n<div class=\" wp-block-button eplus-wrapper eplus-styles-uid-8d4fc7\"><a class=\"wp-block-button__link wp-element-button\" href=\"https:\/\/music.amazon.com\/podcasts\/83fa245c-69cc-4588-a6ff-a044b03fbcde\" target=\"_blank\" rel=\"noreferrer noopener\"><strong>Amazon Music<\/strong><\/a><\/div>\n\n<div class=\" wp-block-button eplus-wrapper eplus-styles-uid-0dbb91\"><a class=\"wp-block-button__link wp-element-button\" href=\"https:\/\/www.deezer.com\/pl\/show\/1000380421\" target=\"_blank\" rel=\"noreferrer noopener\"><strong>Deezer<\/strong><\/a><\/div>\n\n<div class=\" wp-block-button eplus-wrapper eplus-styles-uid-945886\"><a class=\"wp-block-button__link wp-element-button\" href=\"https:\/\/pca.st\/795kn99l\" target=\"_blank\" rel=\"noreferrer noopener\"><strong>Pocket Casts<\/strong><\/a><\/div>\n\n<div class=\" wp-block-button eplus-wrapper eplus-styles-uid-e9c8f3\"><a class=\"wp-block-button__link wp-element-button\" href=\"https:\/\/www.jiosaavn.com\/shows\/holistic-heritage\/1\/scc9AxlUzeQ_\" target=\"_blank\" rel=\"noreferrer noopener\"><strong>JioSaavn<\/strong><\/a><\/div>\n\n<div class=\" wp-block-button eplus-wrapper eplus-styles-uid-712c85\"><a class=\"wp-block-button__link wp-element-button\" href=\"https:\/\/www.youtube.com\/playlist?list=PL1-_-Ancq2FDaM3pX23gTdxVgcMQp95_r\" target=\"_blank\" rel=\"noreferrer noopener\"><strong><strong><strong><strong><strong><strong><strong>YouTube<\/strong><\/strong><\/strong><\/strong><\/strong><\/strong><\/strong><\/a><\/div><\/div>\n<\/div><\/div><\/div>\n\n\n\n<div class=\"wp-block-group eplus-wrapper is-layout-constrained wp-block-group-is-layout-constrained\">\n<div class=\"cpt-list cpt-list-wide alignfull\">\n    <div class=\"cpt-list__posts\">\n                    <div class=\"cpt-list__posts-container\">\n                \n<div class=\"cpt-list__post\">\n                <a href=\"https:\/\/heritagehubkrakow.org\/pl\/project\/slady-holokaustu\/\" class=\"cpt-list__post-image-wrapper\">\n                <div>\n                    <img loading=\"lazy\" decoding=\"async\" width=\"1200\" height=\"1200\" src=\"https:\/\/heritagehubkrakow.org\/wp-content\/uploads\/2026\/01\/TMHiZK_podcast-Holistic_next-gen6.jpg\" class=\"attachment-post-thumbnail size-post-thumbnail wp-post-image\" alt=\"\" srcset=\"https:\/\/heritagehubkrakow.org\/wp-content\/uploads\/2026\/01\/TMHiZK_podcast-Holistic_next-gen6.jpg 1200w, https:\/\/heritagehubkrakow.org\/wp-content\/uploads\/2026\/01\/TMHiZK_podcast-Holistic_next-gen6-300x300.jpg 300w, https:\/\/heritagehubkrakow.org\/wp-content\/uploads\/2026\/01\/TMHiZK_podcast-Holistic_next-gen6-1024x1024.jpg 1024w, https:\/\/heritagehubkrakow.org\/wp-content\/uploads\/2026\/01\/TMHiZK_podcast-Holistic_next-gen6-150x150.jpg 150w, https:\/\/heritagehubkrakow.org\/wp-content\/uploads\/2026\/01\/TMHiZK_podcast-Holistic_next-gen6-768x768.jpg 768w\" sizes=\"auto, (max-width: 1200px) 100vw, 1200px\">                <\/div>\n            <\/a>\n            <div class=\"cpt-list__post-text\">\n                    <div class=\"cpt-list__post-tags\">\n                                    <a href=\"https:\/\/heritagehubkrakow.org\/pl\/?s=&amp;tag=dyskusja\" class=\"cpt-list__post-tag\">Dyskusja<\/a>\n                                    <a href=\"https:\/\/heritagehubkrakow.org\/pl\/?s=&amp;tag=dziedzictwo-kulturowe\" class=\"cpt-list__post-tag\">Dziedzictwo kulturowe<\/a>\n                                    <a href=\"https:\/\/heritagehubkrakow.org\/pl\/?s=&amp;tag=holistic-heritage-pl\" class=\"cpt-list__post-tag\">Holistic Heritage<\/a>\n                                    <a href=\"https:\/\/heritagehubkrakow.org\/pl\/?s=&amp;tag=podcast-pl\" class=\"cpt-list__post-tag\">Podcast<\/a>\n                            <\/div>\n                    <a href=\"https:\/\/heritagehubkrakow.org\/pl\/project\/slady-holokaustu\/\" class=\"cpt-list__post-title-wrapper\"><h3 class=\"cpt-list__post-title\">\u015alady Holokaustu<\/h3><\/a>\n                    <p class=\"cpt-list__post-excerpt\">Popularno\u015b\u0107 Fabryki Emalia Oskara Schindlera, kt\u00f3ra zosta\u0142a otwarta 15 lat temu, doprowadzi\u0142a do powstania nowego muzeum na terenie dawnego obozu koncentracyjnego KL Plaszow. Jak oba te muzea uzupe\u0142ni\u0105 opowie\u015b\u0107 \u2013 razem z innymi oddzia\u0142ami Muzeum Krakowa: Ulic\u0105 Pomorsk\u0105\u00a0i Aptek\u0105 pod Or\u0142em \u2013 o wojnie? Dlaczego tak d\u0142ugo pami\u0119\u0107 o Holokau\u015bcie na terenie KL Plaszow nie by\u0142a odpowiednio upami\u0119tniona? Katarzyna Jagodzi\u0144ska rozmawia z Monik\u0105 Bednarek, dyrektork\u0105 Muzeum KL Plaszow oraz Bartoszem Hekselem, kierownikiem oddzia\u0142u Fabryki Emalia Oskara Schindlera Muzeum Krakowa.<\/p>\n                    <a href=\"https:\/\/heritagehubkrakow.org\/pl\/project\/slady-holokaustu\/\" class=\"cpt-list__post-button\">czytaj wi\u0119cej<\/a>\n            <\/div>\n<\/div>\n<div class=\"cpt-list__post\">\n                <a href=\"https:\/\/heritagehubkrakow.org\/pl\/project\/redefiniowanie-robotniczego-raju\/\" class=\"cpt-list__post-image-wrapper\">\n                <div>\n                    <img loading=\"lazy\" decoding=\"async\" width=\"1080\" height=\"1080\" src=\"https:\/\/heritagehubkrakow.org\/wp-content\/uploads\/2025\/12\/Heritage-Hour_post-KWADRAT4-2.jpg\" class=\"attachment-post-thumbnail size-post-thumbnail wp-post-image\" alt=\"\" srcset=\"https:\/\/heritagehubkrakow.org\/wp-content\/uploads\/2025\/12\/Heritage-Hour_post-KWADRAT4-2.jpg 1080w, https:\/\/heritagehubkrakow.org\/wp-content\/uploads\/2025\/12\/Heritage-Hour_post-KWADRAT4-2-300x300.jpg 300w, https:\/\/heritagehubkrakow.org\/wp-content\/uploads\/2025\/12\/Heritage-Hour_post-KWADRAT4-2-1024x1024.jpg 1024w, https:\/\/heritagehubkrakow.org\/wp-content\/uploads\/2025\/12\/Heritage-Hour_post-KWADRAT4-2-150x150.jpg 150w, https:\/\/heritagehubkrakow.org\/wp-content\/uploads\/2025\/12\/Heritage-Hour_post-KWADRAT4-2-768x768.jpg 768w\" sizes=\"auto, (max-width: 1080px) 100vw, 1080px\">                <\/div>\n            <\/a>\n            <div class=\"cpt-list__post-text\">\n                    <div class=\"cpt-list__post-tags\">\n                                    <a href=\"https:\/\/heritagehubkrakow.org\/pl\/?s=&amp;tag=holistic-heritage-pl\" class=\"cpt-list__post-tag\">Holistic Heritage<\/a>\n                                    <a href=\"https:\/\/heritagehubkrakow.org\/pl\/?s=&amp;tag=podcast-pl\" class=\"cpt-list__post-tag\">Podcast<\/a>\n                            <\/div>\n                    <a href=\"https:\/\/heritagehubkrakow.org\/pl\/project\/redefiniowanie-robotniczego-raju\/\" class=\"cpt-list__post-title-wrapper\"><h3 class=\"cpt-list__post-title\">Redefiniowanie ,,robotniczego raju\u201d<\/h3><\/a>\n                    <p class=\"cpt-list__post-excerpt\">Nowa Huta, uznana w 2023 roku za Pomnik Historii, to jedno z najlepszych powojennych za\u0142o\u017ce\u0144 architektonicznych i urbanistycznych, kt\u00f3re teraz ma szans\u0119 na wi\u0119cej \u2013 wpis na List\u0119 \u015bwiatowego dziedzictwa UNESCO. Czy jednak taki status to co\u015b, czego Nowa Huta naprawd\u0119 potrzebuje lub pragnie? Jakie s\u0105 szanse i zagro\u017cenia zwi\u0105zane z t\u0105 potencjaln\u0105 zmian\u0105?<\/p>\n                    <a href=\"https:\/\/heritagehubkrakow.org\/pl\/project\/redefiniowanie-robotniczego-raju\/\" class=\"cpt-list__post-button\">czytaj wi\u0119cej<\/a>\n            <\/div>\n<\/div>\n<div class=\"cpt-list__post\">\n                <a href=\"https:\/\/heritagehubkrakow.org\/pl\/project\/dzwieki-dziedzictwa\/\" class=\"cpt-list__post-image-wrapper\">\n                <div>\n                    <img loading=\"lazy\" decoding=\"async\" width=\"1200\" height=\"1200\" src=\"https:\/\/heritagehubkrakow.org\/wp-content\/uploads\/2025\/12\/TMHiZK_podcast-Holistic_next-gen5.jpg\" class=\"attachment-post-thumbnail size-post-thumbnail wp-post-image\" alt=\"\" srcset=\"https:\/\/heritagehubkrakow.org\/wp-content\/uploads\/2025\/12\/TMHiZK_podcast-Holistic_next-gen5.jpg 1200w, https:\/\/heritagehubkrakow.org\/wp-content\/uploads\/2025\/12\/TMHiZK_podcast-Holistic_next-gen5-300x300.jpg 300w, https:\/\/heritagehubkrakow.org\/wp-content\/uploads\/2025\/12\/TMHiZK_podcast-Holistic_next-gen5-1024x1024.jpg 1024w, https:\/\/heritagehubkrakow.org\/wp-content\/uploads\/2025\/12\/TMHiZK_podcast-Holistic_next-gen5-150x150.jpg 150w, https:\/\/heritagehubkrakow.org\/wp-content\/uploads\/2025\/12\/TMHiZK_podcast-Holistic_next-gen5-768x768.jpg 768w\" sizes=\"auto, (max-width: 1200px) 100vw, 1200px\">                <\/div>\n            <\/a>\n            <div class=\"cpt-list__post-text\">\n                    <div class=\"cpt-list__post-tags\">\n                                    <a href=\"https:\/\/heritagehubkrakow.org\/pl\/?s=&amp;tag=holistic-heritage-pl\" class=\"cpt-list__post-tag\">Holistic Heritage<\/a>\n                                    <a href=\"https:\/\/heritagehubkrakow.org\/pl\/?s=&amp;tag=podcast-pl\" class=\"cpt-list__post-tag\">Podcast<\/a>\n                            <\/div>\n                    <a href=\"https:\/\/heritagehubkrakow.org\/pl\/project\/dzwieki-dziedzictwa\/\" class=\"cpt-list__post-title-wrapper\"><h3 class=\"cpt-list__post-title\">D\u017awi\u0119ki dziedzictwa<\/h3><\/a>\n                    <p class=\"cpt-list__post-excerpt\">Czy d\u017awi\u0119k jest dziedzictwem? Zdecydowanie, chocia\u017c rzadko o nim my\u015blimy w tej kategorii! Tymczasem jest on nieod\u0142\u0105czn\u0105 cz\u0119\u015bci\u0105 ka\u017cdego budynku i obiektu. \u015awist przeciskaj\u0105cego si\u0119 przez drzwi ko\u015bcio\u0142a wiatru, gwar ludzi za\u0142atwiaj\u0105cych swoje sprawy na rynku czy zgrzyty i pomruki maszyn rolniczych zbieraj\u0105cych plony. To tylko przyk\u0142ady, ale gdy nadstawisz ucho na dziedzictwo &#8211; us\u0142yszysz du\u017co, du\u017co wi\u0119cej!<\/p>\n                    <a href=\"https:\/\/heritagehubkrakow.org\/pl\/project\/dzwieki-dziedzictwa\/\" class=\"cpt-list__post-button\">czytaj wi\u0119cej<\/a>\n            <\/div>\n<\/div>\n<div class=\"cpt-list__post\">\n                <a href=\"https:\/\/heritagehubkrakow.org\/pl\/project\/nowa-architektura-w-miastach-wpisanych-na-liste-swiatowego-dziedzictwa-unesco\/\" class=\"cpt-list__post-image-wrapper\">\n                <div>\n                    <img loading=\"lazy\" decoding=\"async\" width=\"1080\" height=\"1080\" src=\"https:\/\/heritagehubkrakow.org\/wp-content\/uploads\/2025\/11\/3-1.png\" class=\"attachment-post-thumbnail size-post-thumbnail wp-post-image\" alt=\"\" srcset=\"https:\/\/heritagehubkrakow.org\/wp-content\/uploads\/2025\/11\/3-1.png 1080w, https:\/\/heritagehubkrakow.org\/wp-content\/uploads\/2025\/11\/3-1-300x300.png 300w, https:\/\/heritagehubkrakow.org\/wp-content\/uploads\/2025\/11\/3-1-1024x1024.png 1024w, https:\/\/heritagehubkrakow.org\/wp-content\/uploads\/2025\/11\/3-1-150x150.png 150w, https:\/\/heritagehubkrakow.org\/wp-content\/uploads\/2025\/11\/3-1-768x768.png 768w\" sizes=\"auto, (max-width: 1080px) 100vw, 1080px\">                <\/div>\n            <\/a>\n            <div class=\"cpt-list__post-text\">\n                    <div class=\"cpt-list__post-tags\">\n                                    <a href=\"https:\/\/heritagehubkrakow.org\/pl\/?s=&amp;tag=holistic-heritage-pl\" class=\"cpt-list__post-tag\">Holistic Heritage<\/a>\n                                    <a href=\"https:\/\/heritagehubkrakow.org\/pl\/?s=&amp;tag=podcast-pl\" class=\"cpt-list__post-tag\">Podcast<\/a>\n                            <\/div>\n                    <a href=\"https:\/\/heritagehubkrakow.org\/pl\/project\/nowa-architektura-w-miastach-wpisanych-na-liste-swiatowego-dziedzictwa-unesco\/\" class=\"cpt-list__post-title-wrapper\"><h3 class=\"cpt-list__post-title\">Nowa architektura w MIASTACH \u015aWIATOWEGO DZIEDZICTWA<\/h3><\/a>\n                    <p class=\"cpt-list__post-excerpt\">Wprowadzenie nowej architektury na obszarach Miast \u015awiatowego Dziedzictwa stanowi wyzwanie. Co jest dozwolone, a co wymaga negocjacji? Jaki jest zakres i granice tych negocjacji? Czy nie lepiej budowa\u0107 nowe gdzie indziej, pozostawiaj\u0105c obszary chronione takie, jakie s\u0105? W 23. odcinku podcastu ,,Holistic Heritage&#8221; zastanawiamy si\u0119 nad tym procesem.<\/p>\n                    <a href=\"https:\/\/heritagehubkrakow.org\/pl\/project\/nowa-architektura-w-miastach-wpisanych-na-liste-swiatowego-dziedzictwa-unesco\/\" class=\"cpt-list__post-button\">czytaj wi\u0119cej<\/a>\n            <\/div>\n<\/div>\n<div class=\"cpt-list__post\">\n                <a href=\"https:\/\/heritagehubkrakow.org\/pl\/project\/danubiana-swietuje-25-lecie\/\" class=\"cpt-list__post-image-wrapper\">\n                <div>\n                    <img loading=\"lazy\" decoding=\"async\" width=\"1200\" height=\"1200\" src=\"https:\/\/heritagehubkrakow.org\/wp-content\/uploads\/2025\/10\/1000054810-1-1.jpg\" class=\"attachment-post-thumbnail size-post-thumbnail wp-post-image\" alt=\"\" srcset=\"https:\/\/heritagehubkrakow.org\/wp-content\/uploads\/2025\/10\/1000054810-1-1.jpg 1200w, https:\/\/heritagehubkrakow.org\/wp-content\/uploads\/2025\/10\/1000054810-1-1-300x300.jpg 300w, https:\/\/heritagehubkrakow.org\/wp-content\/uploads\/2025\/10\/1000054810-1-1-1024x1024.jpg 1024w, https:\/\/heritagehubkrakow.org\/wp-content\/uploads\/2025\/10\/1000054810-1-1-150x150.jpg 150w, https:\/\/heritagehubkrakow.org\/wp-content\/uploads\/2025\/10\/1000054810-1-1-768x768.jpg 768w\" sizes=\"auto, (max-width: 1200px) 100vw, 1200px\">                <\/div>\n            <\/a>\n            <div class=\"cpt-list__post-text\">\n                    <div class=\"cpt-list__post-tags\">\n                                    <a href=\"https:\/\/heritagehubkrakow.org\/pl\/?s=&amp;tag=holistic-heritage-pl\" class=\"cpt-list__post-tag\">Holistic Heritage<\/a>\n                                    <a href=\"https:\/\/heritagehubkrakow.org\/pl\/?s=&amp;tag=podcast-pl\" class=\"cpt-list__post-tag\">Podcast<\/a>\n                            <\/div>\n                    <a href=\"https:\/\/heritagehubkrakow.org\/pl\/project\/danubiana-swietuje-25-lecie\/\" class=\"cpt-list__post-title-wrapper\"><h3 class=\"cpt-list__post-title\">Danubiana \u015bwi\u0119tuje 25-lecie!<\/h3><\/a>\n                    <p class=\"cpt-list__post-excerpt\">Muzeum Sztuki Danubiana Meulensteen \u015bwi\u0119tuje 25-lecie! W kolejnym odcinku podcastu ,,Holistic Heritage\u201d dr Katarzyna Jagodzi\u0144ska odwiedza jedno z najbardziej niezwyk\u0142ych miejsc stworzonych specjalnie dla sztuki nowoczesnej i wsp\u00f3\u0142czesnej w XXI wieku w Europie \u015arodkowej, by przyjrze\u0107 i przys\u0142ucha\u0107 si\u0119 jak zakorzeni\u0142o si\u0119 ono w tym niezwyk\u0142ym krajobrazie przyrodniczo-kulturalnym. Jej przewodniczk\u0105 jest Michaela \u0160imonov\u00e1, kt\u00f3ra przybli\u017ca histori\u0119 i architektur\u0119 tej naddunajskiej pere\u0142ki.  <\/p>\n                    <a href=\"https:\/\/heritagehubkrakow.org\/pl\/project\/danubiana-swietuje-25-lecie\/\" class=\"cpt-list__post-button\">czytaj wi\u0119cej<\/a>\n            <\/div>\n<\/div>\n<div class=\"cpt-list__post\">\n                <a href=\"https:\/\/heritagehubkrakow.org\/pl\/project\/bulgarskie-plynne-zloto\/\" class=\"cpt-list__post-image-wrapper\">\n                <div>\n                    <img loading=\"lazy\" decoding=\"async\" width=\"1080\" height=\"1080\" src=\"https:\/\/heritagehubkrakow.org\/wp-content\/uploads\/2025\/09\/On-the-road_sociale_v2-1080x1080-1.jpg\" class=\"attachment-post-thumbnail size-post-thumbnail wp-post-image\" alt=\"\" srcset=\"https:\/\/heritagehubkrakow.org\/wp-content\/uploads\/2025\/09\/On-the-road_sociale_v2-1080x1080-1.jpg 1080w, https:\/\/heritagehubkrakow.org\/wp-content\/uploads\/2025\/09\/On-the-road_sociale_v2-1080x1080-1-300x300.jpg 300w, https:\/\/heritagehubkrakow.org\/wp-content\/uploads\/2025\/09\/On-the-road_sociale_v2-1080x1080-1-1024x1024.jpg 1024w, https:\/\/heritagehubkrakow.org\/wp-content\/uploads\/2025\/09\/On-the-road_sociale_v2-1080x1080-1-150x150.jpg 150w, https:\/\/heritagehubkrakow.org\/wp-content\/uploads\/2025\/09\/On-the-road_sociale_v2-1080x1080-1-768x768.jpg 768w\" sizes=\"auto, (max-width: 1080px) 100vw, 1080px\">                <\/div>\n            <\/a>\n            <div class=\"cpt-list__post-text\">\n                    <div class=\"cpt-list__post-tags\">\n                                    <a href=\"https:\/\/heritagehubkrakow.org\/pl\/?s=&amp;tag=holistic-heritage-pl\" class=\"cpt-list__post-tag\">Holistic Heritage<\/a>\n                                    <a href=\"https:\/\/heritagehubkrakow.org\/pl\/?s=&amp;tag=podcast-pl\" class=\"cpt-list__post-tag\">Podcast<\/a>\n                            <\/div>\n                    <a href=\"https:\/\/heritagehubkrakow.org\/pl\/project\/bulgarskie-plynne-zloto\/\" class=\"cpt-list__post-title-wrapper\"><h3 class=\"cpt-list__post-title\">Bu\u0142garskie p\u0142ynne z\u0142oto<\/h3><\/a>\n                    <p class=\"cpt-list__post-excerpt\">W kolejnym odcinku podcastu z serii ,,On The Road&#8221; odwiedzamy bu\u0142garskie miasto Kazan\u0142yk, po\u0142o\u017cone w Dolinie R\u00f3\u017c. Region ten \u2013 bogaty tak\u017ce w zabytki wpisane na List\u0119 \u015bwiatowego dziedzictwa UNESCO \u2013 s\u0142ynie przede wszystkim z rozci\u0105gaj\u0105cych si\u0119 na wiele kilometr\u00f3w p\u00f3l r\u00f3\u017c, kt\u00f3rych cykl wegetacji nadaje rytm lokalnemu kalendarzowi \u015bwi\u0119towania. <\/p>\n                    <a href=\"https:\/\/heritagehubkrakow.org\/pl\/project\/bulgarskie-plynne-zloto\/\" class=\"cpt-list__post-button\">czytaj wi\u0119cej<\/a>\n            <\/div>\n<\/div>            <\/div>\n        \n                    <div class=\"cpt-list__nav\">\n                <span aria-current=\"page\" class=\"page-numbers current\">1<\/span>\n<a class=\"page-numbers\" href=\"https:\/\/heritagehubkrakow.org\/pl\/wp-json\/wp\/v2\/pages\/3258\/page\/2\">2<\/a>\n<a class=\"page-numbers\" href=\"https:\/\/heritagehubkrakow.org\/pl\/wp-json\/wp\/v2\/pages\/3258\/page\/3\">3<\/a>\n<span class=\"page-numbers dots\">\u2026<\/span>\n<a class=\"page-numbers\" href=\"https:\/\/heritagehubkrakow.org\/pl\/wp-json\/wp\/v2\/pages\/3258\/page\/10\">10<\/a>\n<a class=\"next page-numbers\" href=\"https:\/\/heritagehubkrakow.org\/pl\/wp-json\/wp\/v2\/pages\/3258\/page\/2\">next<\/a>            <\/div>\n            <\/div>\n<\/div><\/div>\n<\/div><\/div>\n","protected":false},"excerpt":{"rendered":"<p>Pos\u0142uchaj naszej nowej serii podcast\u00f3w. Holistic Heritage to rozmowy, opinie i przemy\u015blenia na temat dziedzictwa Europy \u015arodkowo-Wschodniej. <\/p>\n","protected":false},"author":1,"featured_media":646,"parent":0,"menu_order":28,"comment_status":"closed","ping_status":"closed","template":"","meta":{"_acf_changed":false,"editor_plus_copied_stylings":"{}","footnotes":""},"class_list":["post-3258","page","type-page","status-publish","has-post-thumbnail","hentry"],"acf":false,"yoast_head":"<!-- This site is optimized with the Yoast SEO plugin v23.8 - https:\/\/yoast.com\/wordpress\/plugins\/seo\/ -->\n<title>Holistic Heritage - Europa Nostra<\/title>\n<meta name=\"description\" content=\"Holistic Heritage to rozmowy, opinie i przemy\u015blenia na temat dziedzictwa Europy \u015arodkowo-Wschodniej.\" \/>\n<meta name=\"robots\" content=\"index, follow, max-snippet:-1, max-image-preview:large, max-video-preview:-1\" \/>\n<link rel=\"canonical\" href=\"https:\/\/heritagehubkrakow.org\/pl\/holistic-heritage\/\" \/>\n<meta property=\"og:locale\" content=\"pl_PL\" \/>\n<meta property=\"og:type\" content=\"article\" \/>\n<meta property=\"og:title\" content=\"Holistic Heritage - Europa Nostra\" \/>\n<meta property=\"og:description\" content=\"Holistic Heritage to rozmowy, opinie i przemy\u015blenia na temat dziedzictwa Europy \u015arodkowo-Wschodniej.\" \/>\n<meta property=\"og:url\" content=\"https:\/\/heritagehubkrakow.org\/pl\/holistic-heritage\/\" \/>\n<meta property=\"og:site_name\" content=\"Europa Nostra\" \/>\n<meta property=\"article:modified_time\" content=\"2024-04-04T10:57:04+00:00\" \/>\n<meta property=\"og:image\" content=\"https:\/\/heritagehubkrakow.org\/wp-content\/uploads\/2023\/01\/Background_project-scaled.jpg\" \/>\n\t<meta property=\"og:image:width\" content=\"2560\" \/>\n\t<meta property=\"og:image:height\" content=\"803\" \/>\n\t<meta property=\"og:image:type\" content=\"image\/jpeg\" \/>\n<meta name=\"twitter:card\" content=\"summary_large_image\" \/>\n<meta name=\"twitter:label1\" content=\"Szacowany czas czytania\" \/>\n\t<meta name=\"twitter:data1\" content=\"1 minuta\" \/>\n<script type=\"application\/ld+json\" class=\"yoast-schema-graph\">{\"@context\":\"https:\/\/schema.org\",\"@graph\":[{\"@type\":\"WebPage\",\"@id\":\"https:\/\/heritagehubkrakow.org\/pl\/holistic-heritage\/\",\"url\":\"https:\/\/heritagehubkrakow.org\/pl\/holistic-heritage\/\",\"name\":\"Holistic Heritage - Europa Nostra\",\"isPartOf\":{\"@id\":\"https:\/\/heritagehubkrakow.org\/pl\/#website\"},\"primaryImageOfPage\":{\"@id\":\"https:\/\/heritagehubkrakow.org\/pl\/holistic-heritage\/#primaryimage\"},\"image\":{\"@id\":\"https:\/\/heritagehubkrakow.org\/pl\/holistic-heritage\/#primaryimage\"},\"thumbnailUrl\":\"https:\/\/heritagehubkrakow.org\/wp-content\/uploads\/2023\/01\/Background_project-scaled.jpg\",\"datePublished\":\"2023-11-02T10:07:45+00:00\",\"dateModified\":\"2024-04-04T10:57:04+00:00\",\"description\":\"Holistic Heritage to rozmowy, opinie i przemy\u015blenia na temat dziedzictwa Europy \u015arodkowo-Wschodniej.\",\"breadcrumb\":{\"@id\":\"https:\/\/heritagehubkrakow.org\/pl\/holistic-heritage\/#breadcrumb\"},\"inLanguage\":\"pl-PL\",\"potentialAction\":[{\"@type\":\"ReadAction\",\"target\":[\"https:\/\/heritagehubkrakow.org\/pl\/holistic-heritage\/\"]}]},{\"@type\":\"ImageObject\",\"inLanguage\":\"pl-PL\",\"@id\":\"https:\/\/heritagehubkrakow.org\/pl\/holistic-heritage\/#primaryimage\",\"url\":\"https:\/\/heritagehubkrakow.org\/wp-content\/uploads\/2023\/01\/Background_project-scaled.jpg\",\"contentUrl\":\"https:\/\/heritagehubkrakow.org\/wp-content\/uploads\/2023\/01\/Background_project-scaled.jpg\",\"width\":2560,\"height\":803},{\"@type\":\"BreadcrumbList\",\"@id\":\"https:\/\/heritagehubkrakow.org\/pl\/holistic-heritage\/#breadcrumb\",\"itemListElement\":[{\"@type\":\"ListItem\",\"position\":1,\"name\":\"Homepage\",\"item\":\"https:\/\/heritagehubkrakow.org\/pl\/\"},{\"@type\":\"ListItem\",\"position\":2,\"name\":\"Holistic Heritage\"}]},{\"@type\":\"WebSite\",\"@id\":\"https:\/\/heritagehubkrakow.org\/pl\/#website\",\"url\":\"https:\/\/heritagehubkrakow.org\/pl\/\",\"name\":\"Europa Nostra\",\"description\":\"Heritage Hub for Central and Eastern Europe\",\"publisher\":{\"@id\":\"https:\/\/heritagehubkrakow.org\/pl\/#organization\"},\"potentialAction\":[{\"@type\":\"SearchAction\",\"target\":{\"@type\":\"EntryPoint\",\"urlTemplate\":\"https:\/\/heritagehubkrakow.org\/pl\/?s={search_term_string}\"},\"query-input\":{\"@type\":\"PropertyValueSpecification\",\"valueRequired\":true,\"valueName\":\"search_term_string\"}}],\"inLanguage\":\"pl-PL\"},{\"@type\":\"Organization\",\"@id\":\"https:\/\/heritagehubkrakow.org\/pl\/#organization\",\"name\":\"Europa Nostra\",\"url\":\"https:\/\/heritagehubkrakow.org\/pl\/\",\"logo\":{\"@type\":\"ImageObject\",\"inLanguage\":\"pl-PL\",\"@id\":\"https:\/\/heritagehubkrakow.org\/pl\/#\/schema\/logo\/image\/\",\"url\":\"https:\/\/heritagehubkrakow.org\/wp-content\/uploads\/2023\/01\/europa-logo.png\",\"contentUrl\":\"https:\/\/heritagehubkrakow.org\/wp-content\/uploads\/2023\/01\/europa-logo.png\",\"width\":218,\"height\":237,\"caption\":\"Europa Nostra\"},\"image\":{\"@id\":\"https:\/\/heritagehubkrakow.org\/pl\/#\/schema\/logo\/image\/\"}}]}<\/script>\n<!-- \/ Yoast SEO plugin. -->","yoast_head_json":{"title":"Holistic Heritage - Europa Nostra","description":"Holistic Heritage to rozmowy, opinie i przemy\u015blenia na temat dziedzictwa Europy \u015arodkowo-Wschodniej.","robots":{"index":"index","follow":"follow","max-snippet":"max-snippet:-1","max-image-preview":"max-image-preview:large","max-video-preview":"max-video-preview:-1"},"canonical":"https:\/\/heritagehubkrakow.org\/pl\/holistic-heritage\/","og_locale":"pl_PL","og_type":"article","og_title":"Holistic Heritage - Europa Nostra","og_description":"Holistic Heritage to rozmowy, opinie i przemy\u015blenia na temat dziedzictwa Europy \u015arodkowo-Wschodniej.","og_url":"https:\/\/heritagehubkrakow.org\/pl\/holistic-heritage\/","og_site_name":"Europa Nostra","article_modified_time":"2024-04-04T10:57:04+00:00","og_image":[{"width":2560,"height":803,"url":"https:\/\/heritagehubkrakow.org\/wp-content\/uploads\/2023\/01\/Background_project-scaled.jpg","type":"image\/jpeg"}],"twitter_card":"summary_large_image","twitter_misc":{"Szacowany czas czytania":"1 minuta"},"schema":{"@context":"https:\/\/schema.org","@graph":[{"@type":"WebPage","@id":"https:\/\/heritagehubkrakow.org\/pl\/holistic-heritage\/","url":"https:\/\/heritagehubkrakow.org\/pl\/holistic-heritage\/","name":"Holistic Heritage - Europa Nostra","isPartOf":{"@id":"https:\/\/heritagehubkrakow.org\/pl\/#website"},"primaryImageOfPage":{"@id":"https:\/\/heritagehubkrakow.org\/pl\/holistic-heritage\/#primaryimage"},"image":{"@id":"https:\/\/heritagehubkrakow.org\/pl\/holistic-heritage\/#primaryimage"},"thumbnailUrl":"https:\/\/heritagehubkrakow.org\/wp-content\/uploads\/2023\/01\/Background_project-scaled.jpg","datePublished":"2023-11-02T10:07:45+00:00","dateModified":"2024-04-04T10:57:04+00:00","description":"Holistic Heritage to rozmowy, opinie i przemy\u015blenia na temat dziedzictwa Europy \u015arodkowo-Wschodniej.","breadcrumb":{"@id":"https:\/\/heritagehubkrakow.org\/pl\/holistic-heritage\/#breadcrumb"},"inLanguage":"pl-PL","potentialAction":[{"@type":"ReadAction","target":["https:\/\/heritagehubkrakow.org\/pl\/holistic-heritage\/"]}]},{"@type":"ImageObject","inLanguage":"pl-PL","@id":"https:\/\/heritagehubkrakow.org\/pl\/holistic-heritage\/#primaryimage","url":"https:\/\/heritagehubkrakow.org\/wp-content\/uploads\/2023\/01\/Background_project-scaled.jpg","contentUrl":"https:\/\/heritagehubkrakow.org\/wp-content\/uploads\/2023\/01\/Background_project-scaled.jpg","width":2560,"height":803},{"@type":"BreadcrumbList","@id":"https:\/\/heritagehubkrakow.org\/pl\/holistic-heritage\/#breadcrumb","itemListElement":[{"@type":"ListItem","position":1,"name":"Homepage","item":"https:\/\/heritagehubkrakow.org\/pl\/"},{"@type":"ListItem","position":2,"name":"Holistic Heritage"}]},{"@type":"WebSite","@id":"https:\/\/heritagehubkrakow.org\/pl\/#website","url":"https:\/\/heritagehubkrakow.org\/pl\/","name":"Europa Nostra","description":"Heritage Hub for Central and Eastern Europe","publisher":{"@id":"https:\/\/heritagehubkrakow.org\/pl\/#organization"},"potentialAction":[{"@type":"SearchAction","target":{"@type":"EntryPoint","urlTemplate":"https:\/\/heritagehubkrakow.org\/pl\/?s={search_term_string}"},"query-input":{"@type":"PropertyValueSpecification","valueRequired":true,"valueName":"search_term_string"}}],"inLanguage":"pl-PL"},{"@type":"Organization","@id":"https:\/\/heritagehubkrakow.org\/pl\/#organization","name":"Europa Nostra","url":"https:\/\/heritagehubkrakow.org\/pl\/","logo":{"@type":"ImageObject","inLanguage":"pl-PL","@id":"https:\/\/heritagehubkrakow.org\/pl\/#\/schema\/logo\/image\/","url":"https:\/\/heritagehubkrakow.org\/wp-content\/uploads\/2023\/01\/europa-logo.png","contentUrl":"https:\/\/heritagehubkrakow.org\/wp-content\/uploads\/2023\/01\/europa-logo.png","width":218,"height":237,"caption":"Europa Nostra"},"image":{"@id":"https:\/\/heritagehubkrakow.org\/pl\/#\/schema\/logo\/image\/"}}]}},"_links":{"self":[{"href":"https:\/\/heritagehubkrakow.org\/pl\/wp-json\/wp\/v2\/pages\/3258","targetHints":{"allow":["GET"]}}],"collection":[{"href":"https:\/\/heritagehubkrakow.org\/pl\/wp-json\/wp\/v2\/pages"}],"about":[{"href":"https:\/\/heritagehubkrakow.org\/pl\/wp-json\/wp\/v2\/types\/page"}],"author":[{"embeddable":true,"href":"https:\/\/heritagehubkrakow.org\/pl\/wp-json\/wp\/v2\/users\/1"}],"replies":[{"embeddable":true,"href":"https:\/\/heritagehubkrakow.org\/pl\/wp-json\/wp\/v2\/comments?post=3258"}],"version-history":[{"count":4,"href":"https:\/\/heritagehubkrakow.org\/pl\/wp-json\/wp\/v2\/pages\/3258\/revisions"}],"predecessor-version":[{"id":8192,"href":"https:\/\/heritagehubkrakow.org\/pl\/wp-json\/wp\/v2\/pages\/3258\/revisions\/8192"}],"wp:featuredmedia":[{"embeddable":true,"href":"https:\/\/heritagehubkrakow.org\/pl\/wp-json\/wp\/v2\/media\/646"}],"wp:attachment":[{"href":"https:\/\/heritagehubkrakow.org\/pl\/wp-json\/wp\/v2\/media?parent=3258"}],"curies":[{"name":"wp","href":"https:\/\/api.w.org\/{rel}","templated":true}]}}