{"id":5435,"date":"2024-09-16T05:42:15","date_gmt":"2024-09-16T05:42:15","guid":{"rendered":"https:\/\/heritagehubkrakow.org\/?page_id=5435"},"modified":"2024-11-22T17:34:11","modified_gmt":"2024-11-22T17:34:11","slug":"spoleczne-archiwum-aktywizmu-na-rzecz-dziedzictwa-w-europie-srodkowej-i-wschodniej","status":"publish","type":"page","link":"https:\/\/heritagehubkrakow.org\/pl\/spoleczne-archiwum-aktywizmu-na-rzecz-dziedzictwa-w-europie-srodkowej-i-wschodniej\/","title":{"rendered":"Spo\u0142eczne archiwum"},"content":{"rendered":"\n<div class=\"is-style-section-container, has-white-text is-style-section-container wp-block-group alignfull has-red-background-color has-background eplus-wrapper is-layout-constrained wp-block-group-is-layout-constrained\"><div class=\"has-white-text wp-block-group alignfull has-white-color has-red-background-color has-text-color has-background eplus-wrapper is-layout-constrained wp-block-group-is-layout-constrained eplus-styles-uid-3cefcf\"><h1 class=\" wp-block-heading has-text-align-center eplus-wrapper eplus-styles-uid-134013\">SPO\u0141ECZNE ARCHIWUM AKTYWIZMU NA RZECZ DZIEDZICTWA W EUROPIE \u015aRODKOWEJ I WSCHODNIEJ<\/h1>\n\n<div class=\"yoast-breadcrumbs\"><span><span><a href=\"https:\/\/heritagehubkrakow.org\/pl\/\">Homepage<\/a><\/span> &#8211; <span class=\"breadcrumb_last\" aria-current=\"page\">Spo\u0142eczne archiwum<\/span><\/span><\/div><\/div><\/div>\n\n\n<div class=\"is-style-section-container wp-block-group alignfull has-orange-background-color has-background eplus-wrapper is-layout-constrained wp-block-group-is-layout-constrained eplus-styles-uid-4c6cdd\"><div class=\"wp-block-group alignfull has-green-dark-background-color has-background eplus-wrapper is-layout-constrained wp-block-group-is-layout-constrained eplus-styles-uid-24f6f4\">\n<div class=\"wp-block-group eplus-wrapper is-layout-constrained wp-block-group-is-layout-constrained\"><div class=\"wp-block-columns eplus-wrapper is-layout-flex wp-container-core-columns-is-layout-9d6595d7 wp-block-columns-is-layout-flex eplus-styles-uid-22f9d6\"><div class=\"wp-block-column eplus-wrapper is-layout-flow wp-block-column-is-layout-flow eplus-styles-uid-9aeb23\">\n<p class=\" eplus-wrapper\"><\/p>\n\n\n\n<div class=\"wp-block-group eplus-wrapper is-layout-constrained wp-block-group-is-layout-constrained\"><div class=\"wp-block-group eplus-wrapper is-content-justification-center is-layout-flex wp-container-core-group-is-layout-8ee2ad45 wp-block-group-is-layout-flex eplus-styles-uid-117bd0\"><div class=\"article-date wp-block-post-date\"><time datetime=\"2024-09-16T05:42:15+00:00\">16 wrze\u015bnia 2024<\/time><\/div><\/div>\n\n<div class=\"wp-block-group eplus-wrapper is-layout-constrained wp-block-group-is-layout-constrained eplus-styles-uid-ba2e4b\"><\/div>\n\n\n<h3 class=\" wp-block-heading has-text-align-left eplus-wrapper\"><strong>O ARCHIWUM<\/strong><\/h3>\n\n\n\n<p class=\" eplus-wrapper\">Celem archiwum jest dokumentacja i digitalizacja aktywistycznej dzia\u0142alno\u015bci na rzecz dziedzictwa w Europie \u015arodkowej i Wschodniej oraz upowszechnianie jej w formie dobrych praktyk. W centrum zainteresowa\u0144 archiwum znajduje si\u0119 dzia\u0142alno\u015b\u0107 prowadzona przez organizacje obywatelskie, grupy nieformalne oraz osoby indywidualne. Archiwum gromadzi zar\u00f3wno dzia\u0142ania przesz\u0142e, jak i obecne. Jednym z g\u0142\u00f3wnych zada\u0144 archiwum jest ukazanie, w jaki spos\u00f3b zmienia si\u0119 spo\u0142eczna \u015bwiadomo\u015b\u0107 ochrony i opieki nad dziedzictwem oraz spo\u0142eczna odpowiedzialno\u015b\u0107 za dziedzictwo w regionie. W mi\u0119dzynarodowej debacie wybrzmienia temat wykorzystywania archiw\u00f3w i bada\u0144 archiwalnych w dzia\u0142aniach aktywistycznych na rzecz zr\u00f3wnowa\u017conego rozwoju, sprawiedliwo\u015bci spo\u0142ecznej oraz we wsp\u00f3\u0142tworzeniu i reinterpretowaniu dziedzictwa, jednocze\u015bnie brakuje archiw\u00f3w bezpo\u015brednio dokumentuj\u0105cych tego typu dzia\u0142ania. Spo\u0142eczne archiwum aktywizmu na rzecz dziedzictwa w Europie \u015arodkowej i Wschodniej jest pierwszym, kt\u00f3re skupia si\u0119 na tej problematyce. Materia\u0142y pozyskiwane i opracowywane s\u0105 w j\u0119zyku polskim i angielskim.<\/p>\n\n\n\n<figure class=\" wp-block-image aligncenter size-full eplus-wrapper\"><img loading=\"lazy\" decoding=\"async\" width=\"500\" height=\"375\" src=\"https:\/\/heritagehubkrakow.org\/wp-content\/uploads\/2024\/09\/234770.webp\" alt=\"\" class=\"wp-image-5820\" srcset=\"https:\/\/heritagehubkrakow.org\/wp-content\/uploads\/2024\/09\/234770.webp 500w, https:\/\/heritagehubkrakow.org\/wp-content\/uploads\/2024\/09\/234770-300x225.webp 300w\" sizes=\"auto, (max-width: 500px) 100vw, 500px\" \/><\/figure>\n\n\n\n<p class=\" eplus-wrapper\">Archiwum nale\u017cy do og\u00f3lnopolskiej sieci archiw\u00f3w spo\u0142ecznych \u2013 jednej z najwi\u0119kszych i najpr\u0119\u017cniej funkcjonuj\u0105cych tego typu sieci w Europie. Sie\u0107 prowadzona jest przez <strong><a href=\"https:\/\/cas.org.pl\/\">Centrum Archiwistyki Spo\u0142ecznej w Warszawie<\/a>,<\/strong> kt\u00f3rego <a href=\"https:\/\/heritagehubkrakow.org\/pl\/porozumienie-o-wspolpracy-z-centrum-archiwistyki-spolecznej\/\">Europa Nostra Heritage Hub w Krakowie jest partnerem<\/a>.<\/p>\n\n\n\n<p class=\" eplus-wrapper\"><\/p>\n\n\n\n<h3 class=\" wp-block-heading eplus-wrapper\"><strong>ZAS\u00d3B ARCHIWALNY<\/strong><\/h3>\n\n\n\n<p class=\" eplus-wrapper\">Na zas\u00f3b archiwalny sk\u0142adaj\u0105 si\u0119 nagrania audio i video (m.in. relacje, historie m\u00f3wione, filmy, reporta\u017ce), fotografie, memorabilia, dokumenty osobiste, druki ulotne, listy, wspomnienia, dzienniki, dokumenty \u017cycia spo\u0142ecznego, dokumentacja aktowa, wycinki prasowe, plakaty, afisze, katalogi, materia\u0142y promocyjne z kampanii, tematyczne zasoby dziedzictwa audiowizualnego.<\/p>\n\n\n\n<p class=\" eplus-wrapper\"><\/p>\n\n\n\n<h3 class=\" wp-block-heading eplus-wrapper\"><strong>METODOLOGIA<\/strong><\/h3>\n\n\n\n<p class=\" eplus-wrapper\">Zas\u00f3b archiwalny gromadzony jest poprzez:<\/p>\n\n\n\n<p class=\" eplus-wrapper\">&#8211; pozyskiwanie materia\u0142\u00f3w zastanych (od organizacji, grup nieformalnych oraz os\u00f3b prywatnych, akcje spo\u0142eczno\u015bciowe w regionie, docieranie do potencjalnych darczy\u0144c\u00f3w udost\u0119pniaj\u0105cych swoje prywatne materia\u0142y w postaci daru lub depozytu);<\/p>\n\n\n\n<p class=\" eplus-wrapper\">&#8211; wywo\u0142ywanie \u017ar\u00f3de\u0142 (dokumentowanie wydarze\u0144 w formie audio, video i fotograficznej, nagrywanie relacji i wspomnie\u0144 w formule historii m\u00f3wionej).<\/p>\n\n\n\n<p class=\" eplus-wrapper\"><\/p>\n\n\n\n<h3 class=\" wp-block-heading eplus-wrapper\"><strong>ZBIORY<\/strong><\/h3>\n\n\n\n<p class=\" eplus-wrapper\">Zbiory archiwum dokumentowane i opracowywane s\u0105 w<strong> <a href=\"https:\/\/cas.org.pl\/otwarty-system-archiwizacji\/\">Otwartym Systemie Archiwizacji (OSA)<\/a>. <\/strong>System oparty jest na mi\u0119dzynarodowych standardach archiwalnych ISAD (G), ISAAR (CPF) oraz ISDIAH. W ramach Systemu wymagane jest zachowanie hierarchii na wz\u00f3r tradycyjnej jednostki archiwalnej, co zapewnia porz\u0105dek i prosty spos\u00f3b organizacji zbior\u00f3w. Nast\u0119pnie zbiory udost\u0119pniane s\u0105 w wolnym dost\u0119pie na portalu<strong> <a href=\"https:\/\/zbioryspoleczne.pl\/\">Zbiory Spo\u0142eczne.pl<\/a><\/strong> oraz na stronie internetowej Europa Nostra Heritage Hub w Krakowie.<\/p>\n\n\n\n<p class=\" eplus-wrapper\"><\/p>\n\n\n\n<h3 class=\" wp-block-heading eplus-wrapper\">T\u0141O PROJEKTU<\/h3>\n\n\n\n<p class=\" eplus-wrapper\">Archiwa spo\u0142eczne \u2013 tworzone oddolnie jako efekt celowej aktywno\u015bci obywatelskiej \u2013 stanowi\u0105 demokratyczne miejsca aktywnej ochrony dziedzictwa oraz interaktywnej pracy informacyjnej skoncentrowanej na dzia\u0142alno\u015bci dokumentacyjnej, opiece, opracowywaniu, udost\u0119pnianiu, interpretacji oraz ponownym wykorzystaniu materia\u0142\u00f3w wchodz\u0105cych w sk\u0142ad niepa\u0144stwowego zasobu archiwalnego. Trwaj\u0105cy obecnie \u201ezwrot archiwalny\u201d, kwestionuj\u0105cy i rewiduj\u0105cy tradycyjne metody oraz dominuj\u0105ce praktyki archiwalne zbiega si\u0119 z r\u00f3\u017cnorodnymi podej\u015bciami w obr\u0119bie studi\u00f3w nad dziedzictwem, podkre\u015blaj\u0105cymi wykorzystywanie i wsp\u00f3\u0142tworzenie dziedzictwa po\u0142\u0105czone z podej\u015bciem zaanga\u017cowanym, odpowiedzialnym, oddolnym, opartym na wsp\u00f3lnocie. Archiwistyka spo\u0142eczna w coraz wi\u0119kszym stopniu stanowi integraln\u0105 cz\u0119\u015b\u0107 wielu dyscyplin, zwi\u0119kszaj\u0105c potencja\u0142 interdyscyplinarnej wsp\u00f3\u0142pracy w obszarze dziedzictwa. Jednocze\u015bnie odzwierciedla przemiany, jakie dokonuj\u0105 si\u0119 w przestrzeni zawodowej praktyki archiwalnej oraz zawodowej ochrony dziedzictwa, w kt\u00f3rych coraz bardziej widoczne jest podej\u015bcie w\u0142\u0105czaj\u0105ce i partycypacyjne. Coraz bardziej popularna staje si\u0119 r\u00f3wnie\u017c koncepcja aktywizmu archiwalnego definiowanego jako inicjatywy spo\u0142eczne maj\u0105ce na celu wype\u0142nianie luk pomijanych przez tzw. archiwa tradycyjne lub b\u0119d\u0105ce odpowiedzi\u0105 na konkretne zjawiska i ruchy spo\u0142eczne. Aktywno\u015b\u0107 tego typu pozwala uchwyci\u0107 zar\u00f3wno indywidualn\u0105, jak i grupow\u0105 perspektyw\u0119 do\u015bwiadcze\u0144 historycznych danej wsp\u00f3lnoty. Zgromadzony w ten spos\u00f3b materia\u0142 archiwalny bywa nast\u0119pnie wykorzystywany w dzia\u0142aniach aktywistycznych na rzecz dziedzictwa.<\/p>\n\n\n\n<p class=\" eplus-wrapper\"><\/p>\n\n\n\n<p class=\" eplus-wrapper\"><\/p>\n<\/div>\n\n\n\n<h3 class=\" wp-block-heading eplus-wrapper\">WKR\u00d3TCE B\u0118DZIESZ M\u00d3G\u0141 POZNA\u0106 NASZE ZBIORY<\/h3>\n\n\n\n<p class=\" eplus-wrapper\"><\/p>\n\n\n\n<div class=\"wp-block-group eplus-wrapper is-layout-constrained wp-block-group-is-layout-constrained\">\n<div class=\"wp-block-buttons eplus-wrapper is-layout-flex wp-block-buttons-is-layout-flex\"><div class=\" wp-block-button eplus-wrapper eplus-styles-uid-04956e\"><a class=\"wp-block-button__link wp-element-button\" href=\"https:\/\/zbioryspoleczne.pl\/archiwa\/PL_1166?onlyWithFiles=0\" target=\"_blank\" rel=\"noreferrer noopener\">Spo\u0142eczne archiwum aktywizmu na rzecz dziedzictwa w Europie \u015arodkowej i Wschodniej<\/a><\/div><\/div>\n\n\n\n<div style=\"height:45px\" aria-hidden=\"true\" class=\" wp-block-spacer eplus-wrapper\"><\/div>\n\n\n\n<p class=\" eplus-wrapper\">Kontakt do koordynatorki: dr Joanna Dziadowiec-Gregani\u0107, joanna.dziadowiec@heritagehubkrakow.org <\/p>\n\n\n\n<div style=\"height:45px\" aria-hidden=\"true\" class=\" wp-block-spacer eplus-wrapper\"><\/div>\n\n\n\n<p class=\" has-text-align-center eplus-wrapper\"><\/p>\n\n\n\n<div style=\"height:45px\" aria-hidden=\"true\" class=\" wp-block-spacer eplus-wrapper\"><\/div>\n\n\n\n<h3 class=\" wp-block-heading eplus-wrapper\"><\/h3>\n\n\n\n<div style=\"height:45px\" aria-hidden=\"true\" class=\" wp-block-spacer eplus-wrapper\"><\/div>\n\n\n\n<div style=\"height:45px\" aria-hidden=\"true\" class=\" wp-block-spacer eplus-wrapper\"><\/div>\n\n\n\n<p class=\" has-text-align-center eplus-wrapper\"><\/p>\n\n\n\n<div style=\"height:45px\" aria-hidden=\"true\" class=\" wp-block-spacer eplus-wrapper\"><\/div>\n\n\n\n<p class=\" eplus-wrapper\"><\/p>\n\n\n\n<p class=\" has-text-align-center eplus-wrapper\"><\/p>\n\n\n\n<p class=\" eplus-wrapper\"><\/p>\n\n\n<h3 class=\" wp-block-heading has-text-align-center eplus-wrapper eplus-styles-uid-0581b0\"><\/h3>\n\n\n<div style=\"height:66px\" aria-hidden=\"true\" class=\" wp-block-spacer eplus-wrapper\"><\/div>\n<\/div>\n\n\n\n<p class=\" has-text-align-center eplus-wrapper\"><\/p>\n\n\n<div class=\"wp-block-buttons eplus-wrapper is-layout-flex wp-block-buttons-is-layout-flex eplus-styles-uid-f3d741\"><\/div><\/div><\/div><\/div>\n<\/div><\/div>\n\n<div class=\"is-style-section-container wp-block-group alignfull has-orange-background-color has-background eplus-wrapper is-layout-constrained wp-block-group-is-layout-constrained eplus-styles-uid-4c6cdd\"><div class=\"wp-block-group alignfull has-orange-background-color has-background eplus-wrapper is-layout-constrained wp-block-group-is-layout-constrained eplus-styles-uid-20b295\"><figure class=\"wp-block-gallery alignfull has-nested-images columns-4 is-cropped eplus-wrapper wp-block-gallery-1 is-layout-flex wp-block-gallery-is-layout-flex eplus-styles-uid-7becfb\"><\/figure><\/div><\/div>","protected":false},"excerpt":{"rendered":"<p>Spo\u0142eczne archiwum aktywizmu na rzecz dziedzictwa w Europie \u015arodkowej i Wschodniej koncentruj\u0105c si\u0119 na organizacjach obywatelskich, grupach nieformalnych i indywidualnych osobach. Celem jest ukazanie zmian w spo\u0142ecznej \u015bwiadomo\u015bci ochrony i odpowiedzialno\u015bci za dziedzictwo oraz wspieranie mi\u0119dzynarodowej debaty na temat wykorzystania archiw\u00f3w w dzia\u0142aniach aktywistycznych. Archiwum jest cz\u0119\u015bci\u0105 og\u00f3lnopolskiej sieci archiw\u00f3w spo\u0142ecznych, jednej z najwi\u0119kszych w Europie, i gromadzi r\u00f3\u017cnorodne materia\u0142y w j\u0119zyku polskim i angielskim.<\/p>\n","protected":false},"author":7,"featured_media":0,"parent":0,"menu_order":3,"comment_status":"closed","ping_status":"closed","template":"","meta":{"_acf_changed":false,"editor_plus_copied_stylings":"{}","footnotes":""},"class_list":["post-5435","page","type-page","status-publish","hentry"],"acf":false,"yoast_head":"<!-- This site is optimized with the Yoast SEO plugin v23.8 - https:\/\/yoast.com\/wordpress\/plugins\/seo\/ -->\n<title>Spo\u0142eczne archiwum - Europa Nostra<\/title>\n<meta name=\"description\" content=\"Spo\u0142eczne archiwum aktywizmu na rzecz dziedzictwa w Europie \u015arodkowej i Wschodniej koncentruj\u0105c si\u0119 na organizacjach obywatelskich, grupach nieformalnych i indywidualnych osobach. Celem jest ukazanie zmian w spo\u0142ecznej \u015bwiadomo\u015bci ochrony i odpowiedzialno\u015bci za dziedzictwo oraz wspieranie mi\u0119dzynarodowej debaty na temat wykorzystania archiw\u00f3w w dzia\u0142aniach aktywistycznych. Archiwum jest cz\u0119\u015bci\u0105 og\u00f3lnopolskiej sieci archiw\u00f3w spo\u0142ecznych, jednej z najwi\u0119kszych w Europie, i gromadzi r\u00f3\u017cnorodne materia\u0142y w j\u0119zyku polskim i angielskim.\" \/>\n<meta name=\"robots\" content=\"index, follow, max-snippet:-1, max-image-preview:large, max-video-preview:-1\" \/>\n<link rel=\"canonical\" href=\"https:\/\/heritagehubkrakow.org\/pl\/spoleczne-archiwum-aktywizmu-na-rzecz-dziedzictwa-w-europie-srodkowej-i-wschodniej\/\" \/>\n<meta property=\"og:locale\" content=\"pl_PL\" \/>\n<meta property=\"og:type\" content=\"article\" \/>\n<meta property=\"og:title\" content=\"Spo\u0142eczne archiwum - Europa Nostra\" \/>\n<meta property=\"og:description\" content=\"Spo\u0142eczne archiwum aktywizmu na rzecz dziedzictwa w Europie \u015arodkowej i Wschodniej koncentruj\u0105c si\u0119 na organizacjach obywatelskich, grupach nieformalnych i indywidualnych osobach. Celem jest ukazanie zmian w spo\u0142ecznej \u015bwiadomo\u015bci ochrony i odpowiedzialno\u015bci za dziedzictwo oraz wspieranie mi\u0119dzynarodowej debaty na temat wykorzystania archiw\u00f3w w dzia\u0142aniach aktywistycznych. Archiwum jest cz\u0119\u015bci\u0105 og\u00f3lnopolskiej sieci archiw\u00f3w spo\u0142ecznych, jednej z najwi\u0119kszych w Europie, i gromadzi r\u00f3\u017cnorodne materia\u0142y w j\u0119zyku polskim i angielskim.\" \/>\n<meta property=\"og:url\" content=\"https:\/\/heritagehubkrakow.org\/pl\/spoleczne-archiwum-aktywizmu-na-rzecz-dziedzictwa-w-europie-srodkowej-i-wschodniej\/\" \/>\n<meta property=\"og:site_name\" content=\"Europa Nostra\" \/>\n<meta property=\"article:modified_time\" content=\"2024-11-22T17:34:11+00:00\" \/>\n<meta property=\"og:image\" content=\"https:\/\/heritagehubkrakow.org\/wp-content\/uploads\/2024\/08\/Spoleczne_archiwum_aktywizmu_sociale_inst-max.jpg\" \/>\n\t<meta property=\"og:image:width\" content=\"2250\" \/>\n\t<meta property=\"og:image:height\" content=\"2250\" \/>\n\t<meta property=\"og:image:type\" content=\"image\/jpeg\" \/>\n<meta name=\"twitter:card\" content=\"summary_large_image\" \/>\n<meta name=\"twitter:label1\" content=\"Szacowany czas czytania\" \/>\n\t<meta name=\"twitter:data1\" content=\"3 minuty\" \/>\n<script type=\"application\/ld+json\" class=\"yoast-schema-graph\">{\"@context\":\"https:\/\/schema.org\",\"@graph\":[{\"@type\":\"WebPage\",\"@id\":\"https:\/\/heritagehubkrakow.org\/pl\/spoleczne-archiwum-aktywizmu-na-rzecz-dziedzictwa-w-europie-srodkowej-i-wschodniej\/\",\"url\":\"https:\/\/heritagehubkrakow.org\/pl\/spoleczne-archiwum-aktywizmu-na-rzecz-dziedzictwa-w-europie-srodkowej-i-wschodniej\/\",\"name\":\"Spo\u0142eczne archiwum - Europa Nostra\",\"isPartOf\":{\"@id\":\"https:\/\/heritagehubkrakow.org\/pl\/#website\"},\"primaryImageOfPage\":{\"@id\":\"https:\/\/heritagehubkrakow.org\/pl\/spoleczne-archiwum-aktywizmu-na-rzecz-dziedzictwa-w-europie-srodkowej-i-wschodniej\/#primaryimage\"},\"image\":{\"@id\":\"https:\/\/heritagehubkrakow.org\/pl\/spoleczne-archiwum-aktywizmu-na-rzecz-dziedzictwa-w-europie-srodkowej-i-wschodniej\/#primaryimage\"},\"thumbnailUrl\":\"https:\/\/heritagehubkrakow.org\/wp-content\/uploads\/2024\/09\/234770.webp\",\"datePublished\":\"2024-09-16T05:42:15+00:00\",\"dateModified\":\"2024-11-22T17:34:11+00:00\",\"description\":\"Spo\u0142eczne archiwum aktywizmu na rzecz dziedzictwa w Europie \u015arodkowej i Wschodniej koncentruj\u0105c si\u0119 na organizacjach obywatelskich, grupach nieformalnych i indywidualnych osobach. Celem jest ukazanie zmian w spo\u0142ecznej \u015bwiadomo\u015bci ochrony i odpowiedzialno\u015bci za dziedzictwo oraz wspieranie mi\u0119dzynarodowej debaty na temat wykorzystania archiw\u00f3w w dzia\u0142aniach aktywistycznych. Archiwum jest cz\u0119\u015bci\u0105 og\u00f3lnopolskiej sieci archiw\u00f3w spo\u0142ecznych, jednej z najwi\u0119kszych w Europie, i gromadzi r\u00f3\u017cnorodne materia\u0142y w j\u0119zyku polskim i angielskim.\",\"breadcrumb\":{\"@id\":\"https:\/\/heritagehubkrakow.org\/pl\/spoleczne-archiwum-aktywizmu-na-rzecz-dziedzictwa-w-europie-srodkowej-i-wschodniej\/#breadcrumb\"},\"inLanguage\":\"pl-PL\",\"potentialAction\":[{\"@type\":\"ReadAction\",\"target\":[\"https:\/\/heritagehubkrakow.org\/pl\/spoleczne-archiwum-aktywizmu-na-rzecz-dziedzictwa-w-europie-srodkowej-i-wschodniej\/\"]}]},{\"@type\":\"ImageObject\",\"inLanguage\":\"pl-PL\",\"@id\":\"https:\/\/heritagehubkrakow.org\/pl\/spoleczne-archiwum-aktywizmu-na-rzecz-dziedzictwa-w-europie-srodkowej-i-wschodniej\/#primaryimage\",\"url\":\"https:\/\/heritagehubkrakow.org\/wp-content\/uploads\/2024\/09\/234770.webp\",\"contentUrl\":\"https:\/\/heritagehubkrakow.org\/wp-content\/uploads\/2024\/09\/234770.webp\"},{\"@type\":\"BreadcrumbList\",\"@id\":\"https:\/\/heritagehubkrakow.org\/pl\/spoleczne-archiwum-aktywizmu-na-rzecz-dziedzictwa-w-europie-srodkowej-i-wschodniej\/#breadcrumb\",\"itemListElement\":[{\"@type\":\"ListItem\",\"position\":1,\"name\":\"Homepage\",\"item\":\"https:\/\/heritagehubkrakow.org\/pl\/\"},{\"@type\":\"ListItem\",\"position\":2,\"name\":\"Spo\u0142eczne archiwum\"}]},{\"@type\":\"WebSite\",\"@id\":\"https:\/\/heritagehubkrakow.org\/pl\/#website\",\"url\":\"https:\/\/heritagehubkrakow.org\/pl\/\",\"name\":\"Europa Nostra\",\"description\":\"Heritage Hub for Central and Eastern Europe\",\"publisher\":{\"@id\":\"https:\/\/heritagehubkrakow.org\/pl\/#organization\"},\"potentialAction\":[{\"@type\":\"SearchAction\",\"target\":{\"@type\":\"EntryPoint\",\"urlTemplate\":\"https:\/\/heritagehubkrakow.org\/pl\/?s={search_term_string}\"},\"query-input\":{\"@type\":\"PropertyValueSpecification\",\"valueRequired\":true,\"valueName\":\"search_term_string\"}}],\"inLanguage\":\"pl-PL\"},{\"@type\":\"Organization\",\"@id\":\"https:\/\/heritagehubkrakow.org\/pl\/#organization\",\"name\":\"Europa Nostra\",\"url\":\"https:\/\/heritagehubkrakow.org\/pl\/\",\"logo\":{\"@type\":\"ImageObject\",\"inLanguage\":\"pl-PL\",\"@id\":\"https:\/\/heritagehubkrakow.org\/pl\/#\/schema\/logo\/image\/\",\"url\":\"https:\/\/heritagehubkrakow.org\/wp-content\/uploads\/2023\/01\/europa-logo.png\",\"contentUrl\":\"https:\/\/heritagehubkrakow.org\/wp-content\/uploads\/2023\/01\/europa-logo.png\",\"width\":218,\"height\":237,\"caption\":\"Europa Nostra\"},\"image\":{\"@id\":\"https:\/\/heritagehubkrakow.org\/pl\/#\/schema\/logo\/image\/\"}}]}<\/script>\n<!-- \/ Yoast SEO plugin. -->","yoast_head_json":{"title":"Spo\u0142eczne archiwum - Europa Nostra","description":"Spo\u0142eczne archiwum aktywizmu na rzecz dziedzictwa w Europie \u015arodkowej i Wschodniej koncentruj\u0105c si\u0119 na organizacjach obywatelskich, grupach nieformalnych i indywidualnych osobach. Celem jest ukazanie zmian w spo\u0142ecznej \u015bwiadomo\u015bci ochrony i odpowiedzialno\u015bci za dziedzictwo oraz wspieranie mi\u0119dzynarodowej debaty na temat wykorzystania archiw\u00f3w w dzia\u0142aniach aktywistycznych. Archiwum jest cz\u0119\u015bci\u0105 og\u00f3lnopolskiej sieci archiw\u00f3w spo\u0142ecznych, jednej z najwi\u0119kszych w Europie, i gromadzi r\u00f3\u017cnorodne materia\u0142y w j\u0119zyku polskim i angielskim.","robots":{"index":"index","follow":"follow","max-snippet":"max-snippet:-1","max-image-preview":"max-image-preview:large","max-video-preview":"max-video-preview:-1"},"canonical":"https:\/\/heritagehubkrakow.org\/pl\/spoleczne-archiwum-aktywizmu-na-rzecz-dziedzictwa-w-europie-srodkowej-i-wschodniej\/","og_locale":"pl_PL","og_type":"article","og_title":"Spo\u0142eczne archiwum - Europa Nostra","og_description":"Spo\u0142eczne archiwum aktywizmu na rzecz dziedzictwa w Europie \u015arodkowej i Wschodniej koncentruj\u0105c si\u0119 na organizacjach obywatelskich, grupach nieformalnych i indywidualnych osobach. Celem jest ukazanie zmian w spo\u0142ecznej \u015bwiadomo\u015bci ochrony i odpowiedzialno\u015bci za dziedzictwo oraz wspieranie mi\u0119dzynarodowej debaty na temat wykorzystania archiw\u00f3w w dzia\u0142aniach aktywistycznych. Archiwum jest cz\u0119\u015bci\u0105 og\u00f3lnopolskiej sieci archiw\u00f3w spo\u0142ecznych, jednej z najwi\u0119kszych w Europie, i gromadzi r\u00f3\u017cnorodne materia\u0142y w j\u0119zyku polskim i angielskim.","og_url":"https:\/\/heritagehubkrakow.org\/pl\/spoleczne-archiwum-aktywizmu-na-rzecz-dziedzictwa-w-europie-srodkowej-i-wschodniej\/","og_site_name":"Europa Nostra","article_modified_time":"2024-11-22T17:34:11+00:00","og_image":[{"width":2250,"height":2250,"url":"https:\/\/heritagehubkrakow.org\/wp-content\/uploads\/2024\/08\/Spoleczne_archiwum_aktywizmu_sociale_inst-max.jpg","type":"image\/jpeg"}],"twitter_card":"summary_large_image","twitter_misc":{"Szacowany czas czytania":"3 minuty"},"schema":{"@context":"https:\/\/schema.org","@graph":[{"@type":"WebPage","@id":"https:\/\/heritagehubkrakow.org\/pl\/spoleczne-archiwum-aktywizmu-na-rzecz-dziedzictwa-w-europie-srodkowej-i-wschodniej\/","url":"https:\/\/heritagehubkrakow.org\/pl\/spoleczne-archiwum-aktywizmu-na-rzecz-dziedzictwa-w-europie-srodkowej-i-wschodniej\/","name":"Spo\u0142eczne archiwum - Europa Nostra","isPartOf":{"@id":"https:\/\/heritagehubkrakow.org\/pl\/#website"},"primaryImageOfPage":{"@id":"https:\/\/heritagehubkrakow.org\/pl\/spoleczne-archiwum-aktywizmu-na-rzecz-dziedzictwa-w-europie-srodkowej-i-wschodniej\/#primaryimage"},"image":{"@id":"https:\/\/heritagehubkrakow.org\/pl\/spoleczne-archiwum-aktywizmu-na-rzecz-dziedzictwa-w-europie-srodkowej-i-wschodniej\/#primaryimage"},"thumbnailUrl":"https:\/\/heritagehubkrakow.org\/wp-content\/uploads\/2024\/09\/234770.webp","datePublished":"2024-09-16T05:42:15+00:00","dateModified":"2024-11-22T17:34:11+00:00","description":"Spo\u0142eczne archiwum aktywizmu na rzecz dziedzictwa w Europie \u015arodkowej i Wschodniej koncentruj\u0105c si\u0119 na organizacjach obywatelskich, grupach nieformalnych i indywidualnych osobach. Celem jest ukazanie zmian w spo\u0142ecznej \u015bwiadomo\u015bci ochrony i odpowiedzialno\u015bci za dziedzictwo oraz wspieranie mi\u0119dzynarodowej debaty na temat wykorzystania archiw\u00f3w w dzia\u0142aniach aktywistycznych. Archiwum jest cz\u0119\u015bci\u0105 og\u00f3lnopolskiej sieci archiw\u00f3w spo\u0142ecznych, jednej z najwi\u0119kszych w Europie, i gromadzi r\u00f3\u017cnorodne materia\u0142y w j\u0119zyku polskim i angielskim.","breadcrumb":{"@id":"https:\/\/heritagehubkrakow.org\/pl\/spoleczne-archiwum-aktywizmu-na-rzecz-dziedzictwa-w-europie-srodkowej-i-wschodniej\/#breadcrumb"},"inLanguage":"pl-PL","potentialAction":[{"@type":"ReadAction","target":["https:\/\/heritagehubkrakow.org\/pl\/spoleczne-archiwum-aktywizmu-na-rzecz-dziedzictwa-w-europie-srodkowej-i-wschodniej\/"]}]},{"@type":"ImageObject","inLanguage":"pl-PL","@id":"https:\/\/heritagehubkrakow.org\/pl\/spoleczne-archiwum-aktywizmu-na-rzecz-dziedzictwa-w-europie-srodkowej-i-wschodniej\/#primaryimage","url":"https:\/\/heritagehubkrakow.org\/wp-content\/uploads\/2024\/09\/234770.webp","contentUrl":"https:\/\/heritagehubkrakow.org\/wp-content\/uploads\/2024\/09\/234770.webp"},{"@type":"BreadcrumbList","@id":"https:\/\/heritagehubkrakow.org\/pl\/spoleczne-archiwum-aktywizmu-na-rzecz-dziedzictwa-w-europie-srodkowej-i-wschodniej\/#breadcrumb","itemListElement":[{"@type":"ListItem","position":1,"name":"Homepage","item":"https:\/\/heritagehubkrakow.org\/pl\/"},{"@type":"ListItem","position":2,"name":"Spo\u0142eczne archiwum"}]},{"@type":"WebSite","@id":"https:\/\/heritagehubkrakow.org\/pl\/#website","url":"https:\/\/heritagehubkrakow.org\/pl\/","name":"Europa Nostra","description":"Heritage Hub for Central and Eastern Europe","publisher":{"@id":"https:\/\/heritagehubkrakow.org\/pl\/#organization"},"potentialAction":[{"@type":"SearchAction","target":{"@type":"EntryPoint","urlTemplate":"https:\/\/heritagehubkrakow.org\/pl\/?s={search_term_string}"},"query-input":{"@type":"PropertyValueSpecification","valueRequired":true,"valueName":"search_term_string"}}],"inLanguage":"pl-PL"},{"@type":"Organization","@id":"https:\/\/heritagehubkrakow.org\/pl\/#organization","name":"Europa Nostra","url":"https:\/\/heritagehubkrakow.org\/pl\/","logo":{"@type":"ImageObject","inLanguage":"pl-PL","@id":"https:\/\/heritagehubkrakow.org\/pl\/#\/schema\/logo\/image\/","url":"https:\/\/heritagehubkrakow.org\/wp-content\/uploads\/2023\/01\/europa-logo.png","contentUrl":"https:\/\/heritagehubkrakow.org\/wp-content\/uploads\/2023\/01\/europa-logo.png","width":218,"height":237,"caption":"Europa Nostra"},"image":{"@id":"https:\/\/heritagehubkrakow.org\/pl\/#\/schema\/logo\/image\/"}}]}},"_links":{"self":[{"href":"https:\/\/heritagehubkrakow.org\/pl\/wp-json\/wp\/v2\/pages\/5435","targetHints":{"allow":["GET"]}}],"collection":[{"href":"https:\/\/heritagehubkrakow.org\/pl\/wp-json\/wp\/v2\/pages"}],"about":[{"href":"https:\/\/heritagehubkrakow.org\/pl\/wp-json\/wp\/v2\/types\/page"}],"author":[{"embeddable":true,"href":"https:\/\/heritagehubkrakow.org\/pl\/wp-json\/wp\/v2\/users\/7"}],"replies":[{"embeddable":true,"href":"https:\/\/heritagehubkrakow.org\/pl\/wp-json\/wp\/v2\/comments?post=5435"}],"version-history":[{"count":18,"href":"https:\/\/heritagehubkrakow.org\/pl\/wp-json\/wp\/v2\/pages\/5435\/revisions"}],"predecessor-version":[{"id":5854,"href":"https:\/\/heritagehubkrakow.org\/pl\/wp-json\/wp\/v2\/pages\/5435\/revisions\/5854"}],"wp:attachment":[{"href":"https:\/\/heritagehubkrakow.org\/pl\/wp-json\/wp\/v2\/media?parent=5435"}],"curies":[{"name":"wp","href":"https:\/\/api.w.org\/{rel}","templated":true}]}}