{"id":689,"date":"2023-01-11T14:52:54","date_gmt":"2023-01-11T14:52:54","guid":{"rendered":"https:\/\/heritagehubkrakow.org\/heritage-hub-in-krakow\/"},"modified":"2026-02-25T23:45:50","modified_gmt":"2026-02-25T23:45:50","slug":"heritage-hub-in-krakow","status":"publish","type":"page","link":"https:\/\/heritagehubkrakow.org\/pl\/heritage-hub-in-krakow\/","title":{"rendered":"Heritage Hub w Krakowie"},"content":{"rendered":"\n<div class=\"is-style-section-container, has-white-text is-style-section-container wp-block-group alignfull has-red-background-color has-background eplus-wrapper is-layout-constrained wp-block-group-is-layout-constrained\"><div class=\"has-white-text wp-block-group alignfull has-white-color has-red-background-color has-text-color has-background eplus-wrapper is-layout-constrained wp-block-group-is-layout-constrained eplus-styles-uid-44fea7\"><h1 class=\" wp-block-heading has-text-align-center eplus-wrapper eplus-styles-uid-6a0887\">Heritage hub<\/h1>\n\n<h1 class=\" wp-block-heading has-text-align-center eplus-wrapper eplus-styles-uid-1ff503\">w Krakowie<\/h1>\n\n<div class=\"yoast-breadcrumbs\"><span><span><a href=\"https:\/\/heritagehubkrakow.org\/pl\/\">Homepage<\/a><\/span> &#8211; <span class=\"breadcrumb_last\" aria-current=\"page\">Heritage Hub w Krakowie<\/span><\/span><\/div><\/div><\/div>\n\n\n\n<div class=\"is-style-section-container wp-block-group alignfull has-blue-light-background-color has-background eplus-wrapper is-layout-constrained wp-block-group-is-layout-constrained\"><div class=\"wp-block-group alignfull has-blue-light-background-color has-background eplus-wrapper is-layout-constrained wp-block-group-is-layout-constrained eplus-styles-uid-4e7916\"><div class=\"wp-block-columns alignfull eplus-wrapper is-layout-flex wp-container-core-columns-is-layout-9d6595d7 wp-block-columns-is-layout-flex eplus-styles-uid-c5e735\"><div class=\"wp-block-column eplus-wrapper is-layout-flow wp-block-column-is-layout-flow eplus-styles-uid-1fe5b8\" style=\"flex-basis:66.66%\"><h3 class=\" wp-block-heading text-center-mobile eplus-wrapper eplus-styles-uid-cc679f\">Co robimy?<\/h3>\n\n\n<p class=\" eplus-wrapper\"><strong>Europa Nostra Heritage Hub for Central and Eastern Europe w Krakowie to regionalne centrum Europa Nostra, paneuropejskiej federacji skupiaj\u0105cej w czterdziestu krajach Europy organizacje zajmuj\u0105ce si\u0119 ochron\u0105, zarz\u0105dzeniem i popularyzacj\u0105 dziedzictwa kulturowego i naturalnego. Prowadzi go jedna z najstarszych organizacji pozarz\u0105dowych w Polsce, Towarzystwo Mi\u0142o\u015bnik\u00f3w Historii i Zabytk\u00f3w Krakowa, cz\u0142onek Europa Nostra od 1990 roku. Hub \u0142\u0105czy formu\u0142\u0119 dzia\u0142ania think-tanku, obserwatorium i laboratorium.<\/strong><\/p>\n\n\n\n<p class=\" eplus-wrapper\">Jako platforma wzmacniamy g\u0142os organizacji pozarz\u0105dowych z Europy \u015arodkowo-Wschodniej w kszta\u0142towaniu europejskiej polityki dziedzictwa.<\/p>\n\n\n\n<p class=\" eplus-wrapper\">U\u0142atwiamy wsp\u00f3\u0142prac\u0119 mi\u0119dzy organizacjami obywatelskimi a instytucjami zajmuj\u0105cymi si\u0119 dziedzictwem w regionie. <\/p>\n\n\n\n<p class=\" eplus-wrapper\">Zwi\u0119kszamy widoczno\u015b\u0107 dzia\u0142a\u0144 wspieraj\u0105cych dziedzictwo w regionie.<\/p>\n\n\n\n<p class=\" eplus-wrapper\">Zajmujemy si\u0119 r\u00f3\u017cnymi aspektami dziedzictwa kulturowego \u2013 materialnego i niematerialnego, oraz naturalnego, w centrach miast i z dala od o\u015brodk\u00f3w miejskich, zar\u00f3wno w skali wielkich projekt\u00f3w, jak i niewielkich inicjatyw.<\/p>\n\n\n\n<p class=\" eplus-wrapper\"><\/p>\n\n\n<h4 class=\" wp-block-heading text-center-mobile eplus-wrapper eplus-styles-uid-5e92ef\">Nasze g\u0142\u00f3wne pola tematyczne:<\/h4>\n\n<ul class=\" ep-custom-list wp-block-list eplus-wrapper eplus-styles-uid-0a4118\">\n<li class=\" eplus-wrapper\">Miasto historyczne i odporno\u015b\u0107<\/li>\n\n\n\n<li class=\" eplus-wrapper\">Partycypacja w dziedzictwie<\/li>\n\n\n\n<li class=\" eplus-wrapper\">Dziedzictwo w epoce antropocenu<\/li>\n\n\n\n<li class=\" eplus-wrapper\">Dziedzictwo na rzecz dobrostanu i zdrowia<\/li>\n<\/ul><\/div>\n\n<div class=\"wp-block-column eplus-wrapper is-layout-flow wp-block-column-is-layout-flow eplus-styles-uid-29202f\" style=\"flex-basis:33.33%\"><figure class=\"is-style-fit-container wp-block-image size-large eplus-wrapper eplus-styles-uid-f441ee\"><img loading=\"lazy\" decoding=\"async\" width=\"577\" height=\"1024\" src=\"https:\/\/heritagehubkrakow.org\/wp-content\/uploads\/2023\/01\/Group-11-577x1024.png\" alt=\"\" class=\"wp-image-294\" srcset=\"https:\/\/heritagehubkrakow.org\/wp-content\/uploads\/2023\/01\/Group-11-577x1024.png 577w, https:\/\/heritagehubkrakow.org\/wp-content\/uploads\/2023\/01\/Group-11-169x300.png 169w, https:\/\/heritagehubkrakow.org\/wp-content\/uploads\/2023\/01\/Group-11.png 691w\" sizes=\"auto, (max-width: 577px) 100vw, 577px\" \/><\/figure><\/div><\/div><\/div><\/div>\n\n\n\n<div class=\"is-style-section-container wp-block-group alignfull has-pink-background-color has-background eplus-wrapper is-layout-constrained wp-block-group-is-layout-constrained\"><div class=\"wp-block-group alignfull has-pink-background-color has-background eplus-wrapper is-layout-constrained wp-block-group-is-layout-constrained eplus-styles-uid-b49655\"><h2 class=\" wp-block-heading has-text-align-center eplus-wrapper eplus-styles-uid-b8d7ab\">Zesp\u00f3\u0142 Europa Nostra Heritage Hub dzia\u0142a\u0142 w latach 2022-2025. <strong><a href=\"https:\/\/mck.krakow.pl\/europejski-hub-dziedzictwa\">Dzia\u0142ania European Heritage Hub realizowane s\u0105 w ramach Mi\u0119dzynarodowego Centrum Kultury w Krakowie.<\/a><\/strong><\/h2>\n\n<div class=\"wp-block-columns alignfull eplus-wrapper is-layout-flex wp-container-core-columns-is-layout-9d6595d7 wp-block-columns-is-layout-flex eplus-styles-uid-bb1ea4\"><div class=\"wp-block-column eplus-wrapper is-layout-flow wp-block-column-is-layout-flow eplus-styles-uid-8003f3\" style=\"flex-basis:33.33%\">\n<figure class=\"is-style-fit-container wp-block-image size-full eplus-wrapper\"><img loading=\"lazy\" decoding=\"async\" width=\"750\" height=\"750\" src=\"https:\/\/heritagehubkrakow.org\/wp-content\/uploads\/2025\/01\/PZM6779_241129.jpg\" alt=\"\" class=\"wp-image-6994\" srcset=\"https:\/\/heritagehubkrakow.org\/wp-content\/uploads\/2025\/01\/PZM6779_241129.jpg 750w, https:\/\/heritagehubkrakow.org\/wp-content\/uploads\/2025\/01\/PZM6779_241129-300x300.jpg 300w, https:\/\/heritagehubkrakow.org\/wp-content\/uploads\/2025\/01\/PZM6779_241129-150x150.jpg 150w\" sizes=\"auto, (max-width: 750px) 100vw, 750px\" \/><\/figure>\n<\/div>\n\n<div class=\"wp-block-column eplus-wrapper is-layout-flow wp-block-column-is-layout-flow eplus-styles-uid-d59179\" style=\"flex-basis:66.66%\"><h3 class=\" wp-block-heading eplus-wrapper eplus-styles-uid-cb6e61\">Prof. Dr Jacek Purchla<\/h3>\n\n\n<p class=\" eplus-wrapper\"><strong>Wiceprezes Europa Nostra od 2018 r. Historyk sztuki i ekonomista, profesor nauk humanistycznych, cz\u0142onek Polskiej Akademii Umiej\u0119tno\u015bci. Jest za\u0142o\u017cycielem Mi\u0119dzynarodowego Centrum Kultury w Krakowie i by\u0142 jego dyrektorem od jego powstania w roku 1991 do 2018. Jest kierownikiem Katedry Historii Gospodarczej i Spo\u0142ecznej oraz Katedry UNESCO Dziedzictwa i Studi\u00f3w Miejskich na Uniwersytecie Ekonomicznym.<\/strong><\/p>\n\n\n\n<p class=\" eplus-wrapper\"> Specjalizuje si\u0119 w zakresie urbanistyki, historii spo\u0142ecznej i sztuki oraz teorii i ochronie dziedzictwa kulturowego. W latach 2016-2017 by\u0142 przewodnicz\u0105cym Komitetu \u015awiatowego Dziedzictwa UNESCO.<\/p>\n\n\n\n<p class=\" eplus-wrapper\">Jest cz\u0142onkiem wielu organizacji i stowarzysze\u0144 m.in. Towarzystwa Mi\u0142o\u015bnik\u00f3w Historii i Zabytk\u00f3w Krakowa, kt\u00f3rego jest prezesem. Jest autorem ponad 400 prac naukowych, w tym wielu ksi\u0105\u017cek wydanych w r\u00f3\u017cnych j\u0119zykach.<\/p>\n\n\n<div class=\"wp-block-buttons eplus-wrapper is-layout-flex wp-block-buttons-is-layout-flex eplus-styles-uid-8e1007\"><\/div><\/div><\/div>\n\n<div class=\"wp-block-columns alignfull eplus-wrapper is-layout-flex wp-container-core-columns-is-layout-9d6595d7 wp-block-columns-is-layout-flex eplus-styles-uid-5a4622\"><div class=\"wp-block-column eplus-wrapper is-layout-flow wp-block-column-is-layout-flow eplus-styles-uid-244180\" style=\"flex-basis:33.33%\">\n<figure class=\"is-style-fit-container wp-block-image size-full eplus-wrapper\"><img loading=\"lazy\" decoding=\"async\" width=\"750\" height=\"750\" src=\"https:\/\/heritagehubkrakow.org\/wp-content\/uploads\/2025\/01\/PZM6444_241129.jpg\" alt=\"\" class=\"wp-image-6996\" srcset=\"https:\/\/heritagehubkrakow.org\/wp-content\/uploads\/2025\/01\/PZM6444_241129.jpg 750w, https:\/\/heritagehubkrakow.org\/wp-content\/uploads\/2025\/01\/PZM6444_241129-300x300.jpg 300w, https:\/\/heritagehubkrakow.org\/wp-content\/uploads\/2025\/01\/PZM6444_241129-150x150.jpg 150w\" sizes=\"auto, (max-width: 750px) 100vw, 750px\" \/><\/figure>\n<\/div>\n\n<div class=\"wp-block-column eplus-wrapper is-layout-flow wp-block-column-is-layout-flow eplus-styles-uid-d59179\" style=\"flex-basis:66.66%\"><h3 class=\" wp-block-heading eplus-wrapper eplus-styles-uid-cb6e61\">Dr Katarzyna Jagodzi\u0144ska<\/h3>\n\n\n<p class=\" eplus-wrapper\"><strong>Kierowniczka Europa Nostra Heritage Hub for Central and Eastern Europe, adiunktka w Instytucie Studi\u00f3w Europejskich Uniwersytetu Jagiello\u0144skiego w Krakowie oraz pierwsza dyrektorka ds. programowych Muzeum Zabawek w Krakowie. Wcze\u015bniej pracowa\u0142a na r\u00f3\u017cnych stanowiskach w Mi\u0119dzynarodowym Centrum Kultury w Krakowie (2005\u20132020). <\/strong><\/p>\n\n\n\n<p class=\" eplus-wrapper\">Uko\u0144czy\u0142a histori\u0119 sztuki (2005) oraz dziennikarstwo i komunikacj\u0119 spo\u0142eczn\u0105 na Uniwersytecie Jagiello\u0144skim (2007), doktoryzowa\u0142a si\u0119 z muzealnictwa (2012). Realizuje projekt badawczy \u201ePartycypacja i post-muzeum\u201d. Stworzy\u0142a \u201eAtlas partycypacji muzealnej\u201d. Autorka czterech ksi\u0105\u017cek, w tym dw\u00f3ch wydanych w j\u0119zyku angielskim, \u201eMuseums and Centers of Contemporary Art in Central Europe after 1989\u201d (Routledge, 2020) oraz \u201eArt Museums in Australia\u201d (Jagiellonian University Press, 2017), wsp\u00f3\u0142autorka raportu Europa Nostra \u201eCultural Heritage Counts for Europe\u201d i wsp\u00f3\u0142redaktorka monografii \u201eThe Power of Heritage. Socio-Economic Examples from Central Europe\u201d (z Joann\u0105 Sanetr\u0105-Szelig\u0105, Mi\u0119dzynarodowe Centrum Kultury, 2017). <\/p>\n\n\n\n<p class=\" eplus-wrapper\">Pracowa\u0142a w zespole redakcyjnym magazynu \u201eArchitektura &amp; Biznes\u201d (2019\u20132022), by\u0142a cz\u0142onkini\u0105 redakcji kwartalnika \u201eHERITO\u201d oraz redaktork\u0105 lokaln\u0105 \u201eRIHA Journal\u201d \u2013 mi\u0119dzynarodowego czasopisma naukowego z zakresu historii sztuki (2010\u20132016). Cz\u0142onkini Mi\u0119dzynarodowej Rady Muze\u00f3w (ICOM) oraz Mi\u0119dzynarodowego Stowarzyszenia Krytyk\u00f3w Sztuki (AICA). Stypendysta Australijskiego Instytutu Historii Sztuki na Uniwersytecie w Melbourne (2014\/2015) oraz na Uniwersytecie w Cambridge (2013).<\/p>\n\n\n\n<p class=\" eplus-wrapper\"><\/p>\n\n\n<div class=\"wp-block-buttons eplus-wrapper is-layout-flex wp-block-buttons-is-layout-flex eplus-styles-uid-8e1007\"><\/div><\/div><\/div>\n\n<div class=\"wp-block-columns alignfull eplus-wrapper is-layout-flex wp-container-core-columns-is-layout-9d6595d7 wp-block-columns-is-layout-flex eplus-styles-uid-3422b8\"><div class=\"wp-block-column eplus-wrapper is-layout-flow wp-block-column-is-layout-flow eplus-styles-uid-91bb7e\" style=\"flex-basis:33.33%\"><figure class=\"is-style-fit-container wp-block-image size-full eplus-wrapper eplus-styles-uid-78baf5\"><img loading=\"lazy\" decoding=\"async\" width=\"750\" height=\"750\" src=\"https:\/\/heritagehubkrakow.org\/wp-content\/uploads\/2025\/01\/PZM6479_241129.jpg\" alt=\"\" class=\"wp-image-6998\" srcset=\"https:\/\/heritagehubkrakow.org\/wp-content\/uploads\/2025\/01\/PZM6479_241129.jpg 750w, https:\/\/heritagehubkrakow.org\/wp-content\/uploads\/2025\/01\/PZM6479_241129-300x300.jpg 300w, https:\/\/heritagehubkrakow.org\/wp-content\/uploads\/2025\/01\/PZM6479_241129-150x150.jpg 150w\" sizes=\"auto, (max-width: 750px) 100vw, 750px\" \/><\/figure><\/div>\n\n<div class=\"wp-block-column eplus-wrapper is-layout-flow wp-block-column-is-layout-flow eplus-styles-uid-d59179\" style=\"flex-basis:66.66%\"><h3 class=\" wp-block-heading eplus-wrapper eplus-styles-uid-cb6e61\">Dr Joanna Sanetra-Szeliga<\/h3>\n\n\n<p class=\" eplus-wrapper\"><strong>Zast\u0119pczyni kierowniczki Europa Nostra Heritage Hub for Central and Eastern Europe, adiunktka w Instytucie Gospodarki Przestrzennej i Studi\u00f3w Miejskich (Katedra UNESCO Dziedzictwa i Studi\u00f3w Miejskich) Uniwersytetu Ekonomicznego w Krakowie i konsultantka w O\u015brodku Statystyki Kultury w Urz\u0119dzie Statystycznym w Krakowie. <\/strong><\/p>\n\n\n\n<p class=\" eplus-wrapper\">Absolwentka UEK, gdzie w 2017 roku obroni\u0142a doktorat na temat roli kultury w rozwoju miasta, w oparciu na studium przypadku konkursu o tytu\u0142 Europejskiej Stolicy Kultury 2016 w Polsce. Posiada do\u015bwiadczenie pracy w administracji publicznej (Wydzia\u0142 Spraw Europejskich w Ministerstwie Kultury), sektorze kultury (Instytut Dziedzictwa Europejskiego w Mi\u0119dzynarodowym Centrum Kultury w Krakowie) oraz wsp\u00f3\u0142pracy z sektorem pozarz\u0105dowym (jako koordynatorka polskiej sieci Euro-\u015ar\u00f3dziemnomorskiej Fundacji im. Anny Lindh). <\/p>\n\n\n\n<p class=\" eplus-wrapper\">Prowadzi badania na temat spo\u0142eczno-ekonomicznego potencja\u0142u kultury w rozwoju miast, wykorzystania dziedzictwa kulturowego w procesach innowacji i dyplomacji, wyp\u0142ywu mega-event\u00f3w na miasta historyczne i rezyliencji miast historycznych. Autorka i redaktorka publikacji na temat roli kultury w rozwoju lokalnym, polityki kulturalnej, Europejskich Stolic Kultury oraz dialogu mi\u0119dzykulturowego.<\/p>\n\n\n\n<p class=\" eplus-wrapper\"><\/p>\n\n\n<div class=\"wp-block-buttons eplus-wrapper is-layout-flex wp-block-buttons-is-layout-flex eplus-styles-uid-8e1007\"><\/div><\/div><\/div>\n\n<div class=\"wp-block-columns alignfull eplus-wrapper is-layout-flex wp-container-core-columns-is-layout-9d6595d7 wp-block-columns-is-layout-flex eplus-styles-uid-efc16f\"><div class=\"wp-block-column eplus-wrapper is-layout-flow wp-block-column-is-layout-flow eplus-styles-uid-91bb7e\" style=\"flex-basis:33.33%\"><figure class=\"is-style-fit-container wp-block-image size-full eplus-wrapper eplus-styles-uid-78baf5\"><img loading=\"lazy\" decoding=\"async\" width=\"750\" height=\"750\" src=\"https:\/\/heritagehubkrakow.org\/wp-content\/uploads\/2025\/01\/PZM6608_241129-1.jpg\" alt=\"\" class=\"wp-image-6869\" srcset=\"https:\/\/heritagehubkrakow.org\/wp-content\/uploads\/2025\/01\/PZM6608_241129-1.jpg 750w, https:\/\/heritagehubkrakow.org\/wp-content\/uploads\/2025\/01\/PZM6608_241129-1-300x300.jpg 300w, https:\/\/heritagehubkrakow.org\/wp-content\/uploads\/2025\/01\/PZM6608_241129-1-150x150.jpg 150w\" sizes=\"auto, (max-width: 750px) 100vw, 750px\" \/><\/figure><\/div>\n\n<div class=\"wp-block-column eplus-wrapper is-layout-flow wp-block-column-is-layout-flow eplus-styles-uid-d59179\" style=\"flex-basis:66.66%\"><h3 class=\" wp-block-heading eplus-wrapper eplus-styles-uid-cb6e61\">John Beauchamp<\/h3>\n\n\n<p class=\" eplus-wrapper\"><strong>Specjalista ds. komunikacji w Europa Nostra Heritage Hub for Central and Eastern Europe.<\/strong><\/p>\n\n\n\n<p class=\" eplus-wrapper\">John Beauchamp jest doktorantem na Uniwersytecie Jagiello\u0144skim w Krakowie. W 2004 roku uzyska\u0142 tytu\u0142 licencjata z zakresu studi\u00f3w polskich i wschodnioeuropejskich na University College London, a w 2007 roku zdoby\u0142 tytu\u0142 magistra studi\u00f3w europejskich na Uniwersytecie Jagiello\u0144skim.<\/p>\n\n\n\n<p class=\" eplus-wrapper\">Zawodowo John jest producentem audio i dziennikarzem radiowym. W Europa Nostra Heritage Hub for Central and Eastern Europe tworzy podcasty na tematy zwi\u0105zane z dziedzictwem regionalnym i wsp\u00f3\u0142pracuje w ramach bie\u017c\u0105cych projekt\u00f3w Huba. Ma dwudziestoletnie do\u015bwiadczenie w bran\u017cy radiowej i produkcji audio, w tym na stanowiskach kierowniczych w Polskim Radiu oraz Culture.pl, stronie internetowej wspieranej przez Ministerstwo Kultury i Dziedzictwa Narodowego.<\/p>\n\n\n\n<p class=\" eplus-wrapper\">Jego zainteresowania badawcze koncentruj\u0105 si\u0119 na styku dziedzictwa i medi\u00f3w cyfrowych, ze szczeg\u00f3lnym uwzgl\u0119dnieniem opowie\u015bci audio i autentyczno\u015bci, narracji immersyjnych oraz dziedzictwa przemys\u0142owego.<\/p>\n\n\n\n<p class=\" eplus-wrapper\"><\/p>\n\n\n\n<p class=\" eplus-wrapper\"><\/p>\n\n\n<div class=\"wp-block-buttons eplus-wrapper is-layout-flex wp-block-buttons-is-layout-flex eplus-styles-uid-8e1007\"><\/div><\/div><\/div>\n\n<div class=\"wp-block-columns alignfull eplus-wrapper is-layout-flex wp-container-core-columns-is-layout-9d6595d7 wp-block-columns-is-layout-flex eplus-styles-uid-9b77b4\"><div class=\"wp-block-column eplus-wrapper is-layout-flow wp-block-column-is-layout-flow eplus-styles-uid-91bb7e\" style=\"flex-basis:33.33%\"><figure class=\"is-style-fit-container wp-block-image size-full eplus-wrapper eplus-styles-uid-78baf5\"><img loading=\"lazy\" decoding=\"async\" width=\"1536\" height=\"2048\" src=\"https:\/\/heritagehubkrakow.org\/wp-content\/uploads\/2025\/01\/Projekt-bez-nazwy-48-1.png\" alt=\"\" class=\"wp-image-6877\" srcset=\"https:\/\/heritagehubkrakow.org\/wp-content\/uploads\/2025\/01\/Projekt-bez-nazwy-48-1.png 1536w, https:\/\/heritagehubkrakow.org\/wp-content\/uploads\/2025\/01\/Projekt-bez-nazwy-48-1-225x300.png 225w, https:\/\/heritagehubkrakow.org\/wp-content\/uploads\/2025\/01\/Projekt-bez-nazwy-48-1-768x1024.png 768w, https:\/\/heritagehubkrakow.org\/wp-content\/uploads\/2025\/01\/Projekt-bez-nazwy-48-1-1152x1536.png 1152w\" sizes=\"auto, (max-width: 1536px) 100vw, 1536px\" \/><\/figure><\/div>\n\n<div class=\"wp-block-column eplus-wrapper is-layout-flow wp-block-column-is-layout-flow eplus-styles-uid-d59179\" style=\"flex-basis:66.66%\"><h3 class=\" wp-block-heading eplus-wrapper eplus-styles-uid-cb6e61\">\u0141ukasz Pier\u00f3g<\/h3>\n\n\n<p class=\" eplus-wrapper\"><strong>Specjalista ds. komunikacji naukowej i promocji w Europa Nostra Heritage Hub for Central and Eastern Europe.<\/strong><\/p>\n\n\n\n<p class=\" eplus-wrapper\">Jest muzea\u00adlnikiem, historykiem oraz popularyzatorem wiedzy o dziejach Uniwersytetu Jagiello\u0144skiego, a jego g\u0142\u00f3wne obszary zainteresowa\u0144 naukowych obejmuj\u0105 dzieje tej uczelni w okresie staropolskim. Adiunkt w Muzeum Uniwersytetu Jagiello\u0144skiego, gdzie jest kustoszem zbior\u00f3w numizmatycznych, sfragistycznych oraz medali. Aktywnie prowadzi konto w mediach spo\u0142eczno\u015bciowych \u201ehistoriUJemy\u201d oraz wsp\u00f3\u0142pracuje z miesi\u0119cznikiem UJ \u201eAlma Mater\u201d, w kt\u00f3rym regularnie publikuje artyku\u0142y. Dodatkowo, jest wsp\u00f3\u0142autorem pierwszej gry planszowej Uniwersytetu Jagiello\u0144skiego \u201eGaudeamus! Zbuduj \u015bredniowieczny uniwersytet\u201d.<\/p>\n\n\n\n<p class=\" eplus-wrapper\"><\/p>\n\n\n\n<p class=\" eplus-wrapper\">Od 2021 roku wsp\u00f3\u0142pracuje tak\u017ce z Mi\u0119dzynarodowym Centrum Kultury w Krakowie, skupiaj\u0105c si\u0119 na komunikacji i promocji w nowych mediach.<\/p>\n\n\n<div class=\"wp-block-buttons eplus-wrapper is-layout-flex wp-block-buttons-is-layout-flex eplus-styles-uid-8e1007\"><\/div><\/div><\/div>\n\n<div class=\"wp-block-columns alignfull eplus-wrapper is-layout-flex wp-container-core-columns-is-layout-9d6595d7 wp-block-columns-is-layout-flex eplus-styles-uid-7e94ca\"><div class=\"wp-block-column eplus-wrapper is-layout-flow wp-block-column-is-layout-flow eplus-styles-uid-d59179\" style=\"flex-basis:66.66%\"><h3 class=\" wp-block-heading eplus-wrapper eplus-styles-uid-cb6e61\"><\/h3>\n\n\n<p class=\" eplus-wrapper\"><\/p>\n\n\n<div class=\"wp-block-buttons eplus-wrapper is-layout-flex wp-block-buttons-is-layout-flex eplus-styles-uid-8e1007\"><\/div><\/div><\/div><\/div><\/div>\n\n\n\n<div class=\"is-style-section-container wp-block-group alignfull has-blue-light-background-color has-background eplus-wrapper is-layout-constrained wp-block-group-is-layout-constrained\"><div class=\"wp-block-group alignfull has-blue-light-background-color has-background eplus-wrapper is-layout-constrained wp-block-group-is-layout-constrained eplus-styles-uid-4e7916\"><div class=\"wp-block-columns alignfull eplus-wrapper is-layout-flex wp-container-core-columns-is-layout-9d6595d7 wp-block-columns-is-layout-flex eplus-styles-uid-16fb08\"><div class=\"wp-block-column eplus-wrapper is-layout-flow wp-block-column-is-layout-flow eplus-styles-uid-7b8f6f\" style=\"flex-basis:66.66%\"><h3 class=\" wp-block-heading text-center-mobile eplus-wrapper eplus-styles-uid-cc679f\">Nasza siedziba <\/h3>\n\n\n<p class=\" eplus-wrapper\"><strong>Europa Nostra Heritage Hub for Central and Eastern Europe jest prowadzony przez Towarzystwo Mi\u0142o\u015bnik\u00f3w Historii i Zabytk\u00f3w Krakowa).<\/strong><\/p>\n\n\n\n<p class=\" eplus-wrapper\">Utworzone w 1897 roku Towarzystwo jest jedn\u0105 z najstarszych organizacji pozarz\u0105dowych w Polsce. Skupiaj\u0105c wok\u00f3\u0142 swojego adresu przy ul. \u015aw. \u015aw. Jana 12 (a wcze\u015bniej w siedzibie Archiwum Narodowego na ul. Siennej 16) najwybitniejszych znawc\u00f3w dziej\u00f3w Krakowa i, m\u00f3wi\u0105c dzisiejszym j\u0119zykiem, aktywist\u00f3w miejskich, Towarzystwo na przestrzeni dziesi\u0119cioleci mia\u0142o realny wp\u0142yw z jednej strony na wygl\u0105d Krakowa, a z drugiej na postrzeganie i wiedz\u0119 o mie\u015bcie. Jako cz\u0142onek Europa Nostra Towarzystwo aktywnie w\u0142\u0105cza si\u0119 w kszta\u0142towanie europejskiego, obywatelskiego modelu my\u015blenia o dziedzictwie. Towarzystwo jest najstarszym polskim cz\u0142onkiem tej mi\u0119dzynarodowej organizacji, a prezes, prof. Jacek Purchla, jest jednocze\u015bnie jej wiceprezydentem.<\/p>\n\n\n\n<p class=\" eplus-wrapper\">Towarzystwo dzia\u0142a w historycznej kamienicy Krauzowskiej przy ul. \u015aw. Jana 12, w sercu wpisanego na List\u0119 \u015awiatowego Dziedzictwa UNESCO centrum Krakowa. Dom zosta\u0142 wybudowany w XIV wieku w stylu gotyckim. Nazwa kamienicy pochodzi od Krzysztofa Krauzego, rajcy miejskiego, kt\u00f3ry by\u0142 jej w\u0142a\u015bcicielem w XVII w. Jego starania doprowadzi\u0142y do umieszczenia or\u0142a w herbie Krakowa. Zmar\u0142y w 1938 roku cz\u0142onek-za\u0142o\u017cyciel Towarzystwa Klemens B\u0105kowski zapisa\u0142 kamienic\u0119 w testamencie na rzecz Towarzystwa. Prawa do niej Towarzystwo odzyska\u0142o po wojnie w 1947 roku, a jego siedziba mie\u015bci si\u0119 tu od 1972 roku (wcze\u015bniej funkcjonowa\u0142o w budynku Archiwum Akt\u00f3w Dawnych Miasta Krakowa przy ul. Siennej 16).<\/p>\n\n\n\n<p class=\" eplus-wrapper\">Dzia\u0142alno\u015b\u0107 Huba prowadzona jest w dw\u00f3ch reprezentacyjnych salach pierwszego pi\u0119tra, kt\u00f3re w 2022 roku odzyska\u0142y sw\u00f3j dawny blask po trwaj\u0105cym kilka lat remoncie konserwatorskim.<\/p>\n\n\n\n<p class=\" eplus-wrapper\"><\/p>\n<\/div>\n\n<div class=\"wp-block-column eplus-wrapper is-layout-flow wp-block-column-is-layout-flow eplus-styles-uid-29202f\" style=\"flex-basis:33.33%\"><figure class=\"is-style-fit-container wp-block-image size-large eplus-wrapper eplus-styles-uid-f441ee\"><img loading=\"lazy\" decoding=\"async\" width=\"819\" height=\"1024\" src=\"https:\/\/heritagehubkrakow.org\/wp-content\/uploads\/2023\/02\/22-03-14_11-34-50_0000-819x1024.jpg\" alt=\"\" class=\"wp-image-759\" srcset=\"https:\/\/heritagehubkrakow.org\/wp-content\/uploads\/2023\/02\/22-03-14_11-34-50_0000-819x1024.jpg 819w, https:\/\/heritagehubkrakow.org\/wp-content\/uploads\/2023\/02\/22-03-14_11-34-50_0000-240x300.jpg 240w, https:\/\/heritagehubkrakow.org\/wp-content\/uploads\/2023\/02\/22-03-14_11-34-50_0000-768x960.jpg 768w, https:\/\/heritagehubkrakow.org\/wp-content\/uploads\/2023\/02\/22-03-14_11-34-50_0000-1229x1536.jpg 1229w, https:\/\/heritagehubkrakow.org\/wp-content\/uploads\/2023\/02\/22-03-14_11-34-50_0000-1638x2048.jpg 1638w, https:\/\/heritagehubkrakow.org\/wp-content\/uploads\/2023\/02\/22-03-14_11-34-50_0000-scaled.jpg 2048w\" sizes=\"auto, (max-width: 819px) 100vw, 819px\" \/><\/figure><\/div><\/div><\/div><\/div>\n","protected":false},"excerpt":{"rendered":"<p>Heritage hub w Krakowie Co robimy? Europa Nostra Heritage Hub for Central and Eastern Europe w Krakowie to regionalne centrum Europa Nostra, paneuropejskiej federacji skupiaj\u0105cej w czterdziestu krajach Europy organizacje zajmuj\u0105ce si\u0119 ochron\u0105, zarz\u0105dzeniem i popularyzacj\u0105 dziedzictwa kulturowego i naturalnego. Prowadzi go jedna z najstarszych organizacji pozarz\u0105dowych w Polsce, Towarzystwo Mi\u0142o\u015bnik\u00f3w Historii i Zabytk\u00f3w Krakowa, [&hellip;]<\/p>\n","protected":false},"author":1,"featured_media":0,"parent":0,"menu_order":21,"comment_status":"closed","ping_status":"closed","template":"","meta":{"_acf_changed":false,"editor_plus_copied_stylings":"{}","footnotes":""},"class_list":["post-689","page","type-page","status-publish","hentry"],"acf":false,"yoast_head":"<!-- This site is optimized with the Yoast SEO plugin v23.8 - https:\/\/yoast.com\/wordpress\/plugins\/seo\/ -->\n<title>Heritage Hub w Krakowie - Europa Nostra<\/title>\n<meta name=\"robots\" content=\"index, follow, max-snippet:-1, max-image-preview:large, max-video-preview:-1\" \/>\n<link rel=\"canonical\" href=\"https:\/\/heritagehubkrakow.org\/pl\/heritage-hub-in-krakow\/\" \/>\n<meta property=\"og:locale\" content=\"pl_PL\" \/>\n<meta property=\"og:type\" content=\"article\" \/>\n<meta property=\"og:title\" content=\"Heritage Hub w Krakowie - Europa Nostra\" \/>\n<meta property=\"og:description\" content=\"Heritage hub w Krakowie Co robimy? Europa Nostra Heritage Hub for Central and Eastern Europe w Krakowie to regionalne centrum Europa Nostra, paneuropejskiej federacji skupiaj\u0105cej w czterdziestu krajach Europy organizacje zajmuj\u0105ce si\u0119 ochron\u0105, zarz\u0105dzeniem i popularyzacj\u0105 dziedzictwa kulturowego i naturalnego. Prowadzi go jedna z najstarszych organizacji pozarz\u0105dowych w Polsce, Towarzystwo Mi\u0142o\u015bnik\u00f3w Historii i Zabytk\u00f3w Krakowa, [&hellip;]\" \/>\n<meta property=\"og:url\" content=\"https:\/\/heritagehubkrakow.org\/pl\/heritage-hub-in-krakow\/\" \/>\n<meta property=\"og:site_name\" content=\"Europa Nostra\" \/>\n<meta property=\"article:modified_time\" content=\"2026-02-25T23:45:50+00:00\" \/>\n<meta property=\"og:image\" content=\"https:\/\/heritagehubkrakow.org\/wp-content\/uploads\/2023\/01\/Group-11.png\" \/>\n\t<meta property=\"og:image:width\" content=\"691\" \/>\n\t<meta property=\"og:image:height\" content=\"1226\" \/>\n\t<meta property=\"og:image:type\" content=\"image\/png\" \/>\n<meta name=\"twitter:card\" content=\"summary_large_image\" \/>\n<meta name=\"twitter:label1\" content=\"Szacowany czas czytania\" \/>\n\t<meta name=\"twitter:data1\" content=\"7 minut\" \/>\n<script type=\"application\/ld+json\" class=\"yoast-schema-graph\">{\"@context\":\"https:\/\/schema.org\",\"@graph\":[{\"@type\":\"WebPage\",\"@id\":\"https:\/\/heritagehubkrakow.org\/pl\/heritage-hub-in-krakow\/\",\"url\":\"https:\/\/heritagehubkrakow.org\/pl\/heritage-hub-in-krakow\/\",\"name\":\"Heritage Hub w Krakowie - Europa Nostra\",\"isPartOf\":{\"@id\":\"https:\/\/heritagehubkrakow.org\/pl\/#website\"},\"primaryImageOfPage\":{\"@id\":\"https:\/\/heritagehubkrakow.org\/pl\/heritage-hub-in-krakow\/#primaryimage\"},\"image\":{\"@id\":\"https:\/\/heritagehubkrakow.org\/pl\/heritage-hub-in-krakow\/#primaryimage\"},\"thumbnailUrl\":\"https:\/\/heritagehubkrakow.org\/wp-content\/uploads\/2023\/01\/Group-11-577x1024.png\",\"datePublished\":\"2023-01-11T14:52:54+00:00\",\"dateModified\":\"2026-02-25T23:45:50+00:00\",\"breadcrumb\":{\"@id\":\"https:\/\/heritagehubkrakow.org\/pl\/heritage-hub-in-krakow\/#breadcrumb\"},\"inLanguage\":\"pl-PL\",\"potentialAction\":[{\"@type\":\"ReadAction\",\"target\":[\"https:\/\/heritagehubkrakow.org\/pl\/heritage-hub-in-krakow\/\"]}]},{\"@type\":\"ImageObject\",\"inLanguage\":\"pl-PL\",\"@id\":\"https:\/\/heritagehubkrakow.org\/pl\/heritage-hub-in-krakow\/#primaryimage\",\"url\":\"https:\/\/heritagehubkrakow.org\/wp-content\/uploads\/2023\/01\/Group-11-577x1024.png\",\"contentUrl\":\"https:\/\/heritagehubkrakow.org\/wp-content\/uploads\/2023\/01\/Group-11-577x1024.png\"},{\"@type\":\"BreadcrumbList\",\"@id\":\"https:\/\/heritagehubkrakow.org\/pl\/heritage-hub-in-krakow\/#breadcrumb\",\"itemListElement\":[{\"@type\":\"ListItem\",\"position\":1,\"name\":\"Homepage\",\"item\":\"https:\/\/heritagehubkrakow.org\/pl\/\"},{\"@type\":\"ListItem\",\"position\":2,\"name\":\"Heritage Hub w Krakowie\"}]},{\"@type\":\"WebSite\",\"@id\":\"https:\/\/heritagehubkrakow.org\/pl\/#website\",\"url\":\"https:\/\/heritagehubkrakow.org\/pl\/\",\"name\":\"Europa Nostra\",\"description\":\"Heritage Hub for Central and Eastern Europe\",\"publisher\":{\"@id\":\"https:\/\/heritagehubkrakow.org\/pl\/#organization\"},\"potentialAction\":[{\"@type\":\"SearchAction\",\"target\":{\"@type\":\"EntryPoint\",\"urlTemplate\":\"https:\/\/heritagehubkrakow.org\/pl\/?s={search_term_string}\"},\"query-input\":{\"@type\":\"PropertyValueSpecification\",\"valueRequired\":true,\"valueName\":\"search_term_string\"}}],\"inLanguage\":\"pl-PL\"},{\"@type\":\"Organization\",\"@id\":\"https:\/\/heritagehubkrakow.org\/pl\/#organization\",\"name\":\"Europa Nostra\",\"url\":\"https:\/\/heritagehubkrakow.org\/pl\/\",\"logo\":{\"@type\":\"ImageObject\",\"inLanguage\":\"pl-PL\",\"@id\":\"https:\/\/heritagehubkrakow.org\/pl\/#\/schema\/logo\/image\/\",\"url\":\"https:\/\/heritagehubkrakow.org\/wp-content\/uploads\/2023\/01\/europa-logo.png\",\"contentUrl\":\"https:\/\/heritagehubkrakow.org\/wp-content\/uploads\/2023\/01\/europa-logo.png\",\"width\":218,\"height\":237,\"caption\":\"Europa Nostra\"},\"image\":{\"@id\":\"https:\/\/heritagehubkrakow.org\/pl\/#\/schema\/logo\/image\/\"}}]}<\/script>\n<!-- \/ Yoast SEO plugin. -->","yoast_head_json":{"title":"Heritage Hub w Krakowie - Europa Nostra","robots":{"index":"index","follow":"follow","max-snippet":"max-snippet:-1","max-image-preview":"max-image-preview:large","max-video-preview":"max-video-preview:-1"},"canonical":"https:\/\/heritagehubkrakow.org\/pl\/heritage-hub-in-krakow\/","og_locale":"pl_PL","og_type":"article","og_title":"Heritage Hub w Krakowie - Europa Nostra","og_description":"Heritage hub w Krakowie Co robimy? Europa Nostra Heritage Hub for Central and Eastern Europe w Krakowie to regionalne centrum Europa Nostra, paneuropejskiej federacji skupiaj\u0105cej w czterdziestu krajach Europy organizacje zajmuj\u0105ce si\u0119 ochron\u0105, zarz\u0105dzeniem i popularyzacj\u0105 dziedzictwa kulturowego i naturalnego. Prowadzi go jedna z najstarszych organizacji pozarz\u0105dowych w Polsce, Towarzystwo Mi\u0142o\u015bnik\u00f3w Historii i Zabytk\u00f3w Krakowa, [&hellip;]","og_url":"https:\/\/heritagehubkrakow.org\/pl\/heritage-hub-in-krakow\/","og_site_name":"Europa Nostra","article_modified_time":"2026-02-25T23:45:50+00:00","og_image":[{"width":691,"height":1226,"url":"https:\/\/heritagehubkrakow.org\/wp-content\/uploads\/2023\/01\/Group-11.png","type":"image\/png"}],"twitter_card":"summary_large_image","twitter_misc":{"Szacowany czas czytania":"7 minut"},"schema":{"@context":"https:\/\/schema.org","@graph":[{"@type":"WebPage","@id":"https:\/\/heritagehubkrakow.org\/pl\/heritage-hub-in-krakow\/","url":"https:\/\/heritagehubkrakow.org\/pl\/heritage-hub-in-krakow\/","name":"Heritage Hub w Krakowie - Europa Nostra","isPartOf":{"@id":"https:\/\/heritagehubkrakow.org\/pl\/#website"},"primaryImageOfPage":{"@id":"https:\/\/heritagehubkrakow.org\/pl\/heritage-hub-in-krakow\/#primaryimage"},"image":{"@id":"https:\/\/heritagehubkrakow.org\/pl\/heritage-hub-in-krakow\/#primaryimage"},"thumbnailUrl":"https:\/\/heritagehubkrakow.org\/wp-content\/uploads\/2023\/01\/Group-11-577x1024.png","datePublished":"2023-01-11T14:52:54+00:00","dateModified":"2026-02-25T23:45:50+00:00","breadcrumb":{"@id":"https:\/\/heritagehubkrakow.org\/pl\/heritage-hub-in-krakow\/#breadcrumb"},"inLanguage":"pl-PL","potentialAction":[{"@type":"ReadAction","target":["https:\/\/heritagehubkrakow.org\/pl\/heritage-hub-in-krakow\/"]}]},{"@type":"ImageObject","inLanguage":"pl-PL","@id":"https:\/\/heritagehubkrakow.org\/pl\/heritage-hub-in-krakow\/#primaryimage","url":"https:\/\/heritagehubkrakow.org\/wp-content\/uploads\/2023\/01\/Group-11-577x1024.png","contentUrl":"https:\/\/heritagehubkrakow.org\/wp-content\/uploads\/2023\/01\/Group-11-577x1024.png"},{"@type":"BreadcrumbList","@id":"https:\/\/heritagehubkrakow.org\/pl\/heritage-hub-in-krakow\/#breadcrumb","itemListElement":[{"@type":"ListItem","position":1,"name":"Homepage","item":"https:\/\/heritagehubkrakow.org\/pl\/"},{"@type":"ListItem","position":2,"name":"Heritage Hub w Krakowie"}]},{"@type":"WebSite","@id":"https:\/\/heritagehubkrakow.org\/pl\/#website","url":"https:\/\/heritagehubkrakow.org\/pl\/","name":"Europa Nostra","description":"Heritage Hub for Central and Eastern Europe","publisher":{"@id":"https:\/\/heritagehubkrakow.org\/pl\/#organization"},"potentialAction":[{"@type":"SearchAction","target":{"@type":"EntryPoint","urlTemplate":"https:\/\/heritagehubkrakow.org\/pl\/?s={search_term_string}"},"query-input":{"@type":"PropertyValueSpecification","valueRequired":true,"valueName":"search_term_string"}}],"inLanguage":"pl-PL"},{"@type":"Organization","@id":"https:\/\/heritagehubkrakow.org\/pl\/#organization","name":"Europa Nostra","url":"https:\/\/heritagehubkrakow.org\/pl\/","logo":{"@type":"ImageObject","inLanguage":"pl-PL","@id":"https:\/\/heritagehubkrakow.org\/pl\/#\/schema\/logo\/image\/","url":"https:\/\/heritagehubkrakow.org\/wp-content\/uploads\/2023\/01\/europa-logo.png","contentUrl":"https:\/\/heritagehubkrakow.org\/wp-content\/uploads\/2023\/01\/europa-logo.png","width":218,"height":237,"caption":"Europa Nostra"},"image":{"@id":"https:\/\/heritagehubkrakow.org\/pl\/#\/schema\/logo\/image\/"}}]}},"_links":{"self":[{"href":"https:\/\/heritagehubkrakow.org\/pl\/wp-json\/wp\/v2\/pages\/689","targetHints":{"allow":["GET"]}}],"collection":[{"href":"https:\/\/heritagehubkrakow.org\/pl\/wp-json\/wp\/v2\/pages"}],"about":[{"href":"https:\/\/heritagehubkrakow.org\/pl\/wp-json\/wp\/v2\/types\/page"}],"author":[{"embeddable":true,"href":"https:\/\/heritagehubkrakow.org\/pl\/wp-json\/wp\/v2\/users\/1"}],"replies":[{"embeddable":true,"href":"https:\/\/heritagehubkrakow.org\/pl\/wp-json\/wp\/v2\/comments?post=689"}],"version-history":[{"count":48,"href":"https:\/\/heritagehubkrakow.org\/pl\/wp-json\/wp\/v2\/pages\/689\/revisions"}],"predecessor-version":[{"id":9393,"href":"https:\/\/heritagehubkrakow.org\/pl\/wp-json\/wp\/v2\/pages\/689\/revisions\/9393"}],"wp:attachment":[{"href":"https:\/\/heritagehubkrakow.org\/pl\/wp-json\/wp\/v2\/media?parent=689"}],"curies":[{"name":"wp","href":"https:\/\/api.w.org\/{rel}","templated":true}]}}