{"id":3248,"date":"2023-11-07T12:30:11","date_gmt":"2023-11-07T12:30:11","guid":{"rendered":"https:\/\/heritagehubkrakow.org\/project\/dziedzictwo-europy-srodkowej-widziane-z-krakowa\/"},"modified":"2023-11-10T11:01:52","modified_gmt":"2023-11-10T11:01:52","slug":"dziedzictwo-europy-srodkowej-widziane-z-krakowa","status":"publish","type":"project","link":"https:\/\/heritagehubkrakow.org\/pl\/project\/dziedzictwo-europy-srodkowej-widziane-z-krakowa\/","title":{"rendered":"Dziedzictwo Europy \u015arodkowej widziane z Krakowa"},"content":{"rendered":"<div class=\"is-style-section-container, has-white-text is-style-section-container wp-block-group alignfull has-red-background-color has-background eplus-wrapper is-layout-constrained wp-block-group-is-layout-constrained eplus-styles-uid-6f219c\"><div class=\"is-style-section-container wp-block-group alignfull eplus-wrapper is-layout-constrained wp-block-group-is-layout-constrained eplus-styles-uid-38b380\"><div class=\"has-white-text wp-block-group alignfull has-white-color has-text-color eplus-wrapper is-layout-constrained wp-block-group-is-layout-constrained eplus-styles-uid-0ed7c1\"><h1 class=\" wp-block-heading has-text-align-center eplus-wrapper eplus-styles-uid-49faf1\"><strong>Dziedzictwo Europy \u015arodkowej widziane z Krakowa<\/strong><\/h1>\n\n<div class=\"yoast-breadcrumbs\"><span><span><a href=\"https:\/\/heritagehubkrakow.org\/pl\/\">Homepage<\/a><\/span> &#8211; <span class=\"breadcrumb_last\" aria-current=\"page\">Dziedzictwo Europy \u015arodkowej widziane z Krakowa<\/span><\/span><\/div><\/div><\/div><\/div><div class=\"is-style-section-container wp-block-group alignfull has-green-dark-background-color has-background eplus-wrapper is-layout-constrained wp-block-group-is-layout-constrained eplus-styles-uid-4c6cdd\"><div class=\"wp-block-group alignfull eplus-wrapper is-layout-constrained wp-block-group-is-layout-constrained eplus-styles-uid-24f6f4\">\n<div class=\"wp-block-group eplus-wrapper is-layout-constrained wp-block-group-is-layout-constrained\"><div class=\"wp-block-group eplus-wrapper is-content-justification-center is-layout-flex wp-container-core-group-is-layout-8ee2ad45 wp-block-group-is-layout-flex eplus-styles-uid-117bd0\"><div class=\"article-date wp-block-post-date\"><time datetime=\"2023-11-07T12:30:11+00:00\">07 listopada 2023<\/time><\/div><\/div>\n\n<div class=\"wp-block-group eplus-wrapper is-layout-constrained wp-block-group-is-layout-constrained eplus-styles-uid-ba2e4b\"><div class=\"taxonomy-post_tag has-text-align-center article-tags wp-block-post-terms eplus-styles-uid-d35575\"><a href=\"https:\/\/heritagehubkrakow.org\/pl\/tag\/europa-srodkowa\/\" rel=\"tag\">Europa \u015arodkowa<\/a><span class=\"wp-block-post-terms__separator\"> <\/span><a href=\"https:\/\/heritagehubkrakow.org\/pl\/tag\/krakow-pl\/\" rel=\"tag\">Krak\u00f3w<\/a><span class=\"wp-block-post-terms__separator\"> <\/span><a href=\"https:\/\/heritagehubkrakow.org\/pl\/tag\/podcast-pl\/\" rel=\"tag\">Podcast<\/a><\/div><\/div>\n\n\n<h3 class=\" wp-block-heading has-text-align-center eplus-wrapper\"><strong>Dziedzictwo Europy \u015arodkowej widziane z Krakowa<\/strong><\/h3>\n\n\n\n<div style=\"height:30px\" aria-hidden=\"true\" class=\" wp-block-spacer eplus-wrapper\"><\/div>\n\n\n\n<p class=\" eplus-wrapper\"><\/p>\n\n\n\n<p class=\" eplus-wrapper\"><a href=\"https:\/\/mck.krakow.pl\/\" target=\"_blank\" rel=\"noreferrer noopener\">Mi\u0119dzynarodowe Centrum Kultury<\/a> w Krakowie specjalizuje si\u0119 w problematyce kultury i dziedzictwa Europy \u015arodkowej. Swoj\u0105 dzia\u0142alno\u015b\u0107 w zakresie dyplomacji publicznej, bada\u0144, edukacji i komunikacji opiera na dialogu z partnerami ze wszystkich kraj\u00f3w regionu.<\/p>\n\n\n\n<p class=\" eplus-wrapper\">MCK zosta\u0142o za\u0142o\u017cone w 1991 roku przez Profesora Jacka Purchl\u0119, kt\u00f3ry kierowa\u0142 instytucj\u0105 przez 27 lat i zbudowa\u0142 jej niezr\u00f3wnan\u0105 mi\u0119dzynarodow\u0105 rozpoznawalno\u015b\u0107. Spotykamy si\u0119 z nim oraz z obecn\u0105 dyrektor Agat\u0105 W\u0105sowsk\u0105-Pawlik, aby porozmawia\u0107 na temat wiedzy o regionie Europy \u015arodkowej, zmianie podej\u015bcia do dziedzictwa \u015brodkowoeuropejskiego, podnoszeniu \u015bwiadomo\u015bci warto\u015bci dziedzictwa kulturowego i znaczeniu bycia cz\u0142onkiem <a href=\"https:\/\/www.europanostra.org\/\" target=\"_blank\" rel=\"noreferrer noopener\">Europa Nostra<\/a>.<\/p>\n\n\n\n<p class=\" eplus-wrapper\">Prowadzenie: Katarzyna Jagodzi\u0144ska i John Beauchamp.<\/p>\n\n\n\n<p class=\" eplus-wrapper\"><\/p>\n\n\n\n<div class=\"wp-block-buttons eplus-wrapper is-layout-flex wp-block-buttons-is-layout-flex\"><\/div>\n<\/div>\n\n\n\n<div class=\"wp-block-group eplus-wrapper is-layout-constrained wp-block-group-is-layout-constrained\">\n<iframe loading=\"lazy\" height=\"200px\" width=\"100%\" frameborder=\"no\" scrolling=\"no\" seamless=\"\" src=\"https:\/\/player.simplecast.com\/31150eef-91bb-4948-a66b-1d1f4c4159ad?dark=false\"><\/iframe>\n\n\n\n<div style=\"height:48px\" aria-hidden=\"true\" class=\" wp-block-spacer eplus-wrapper\"><\/div>\n\n\n\n<div class=\"wp-block-buttons eplus-wrapper is-layout-flex wp-block-buttons-is-layout-flex\"><div class=\" wp-block-button eplus-wrapper eplus-styles-uid-0f8120\"><a class=\"wp-block-button__link wp-element-button\" href=\"https:\/\/heritagehubkrakow.org\/pl\/holistic-heritage\/\">Holistic Heritage Podcasty<\/a><\/div><\/div>\n\n\n\n<div style=\"height:42px\" aria-hidden=\"true\" class=\" wp-block-spacer eplus-wrapper\"><\/div>\n<\/div>\n\n\n\n<div class=\"wp-block-buttons eplus-wrapper is-layout-flex wp-block-buttons-is-layout-flex\"><div class=\" wp-block-button eplus-wrapper eplus-styles-uid-ab1015\"><a class=\"wp-block-button__link wp-element-button\" href=\"https:\/\/open.spotify.com\/show\/6TmfshJuoQNzr91xwuCgJj\" target=\"_blank\" rel=\"noreferrer noopener\">\u015aled\u017a nas na SPOTIFY<\/a><\/div><\/div>\n<\/div><\/div><div class=\"is-style-section-container wp-block-group alignfull has-blue-light-background-color has-background eplus-wrapper is-layout-constrained wp-block-group-is-layout-constrained eplus-styles-uid-4c6cdd\"><div class=\"wp-block-group alignfull eplus-wrapper is-layout-constrained wp-block-group-is-layout-constrained eplus-styles-uid-6cd479\">\n<div class=\"wp-block-group eplus-wrapper is-layout-constrained wp-block-group-is-layout-constrained\"><h3 class=\" wp-block-heading has-text-align-center eplus-wrapper eplus-styles-uid-0581b0\"><\/h3><\/div>\n<\/div><\/div>","protected":false},"excerpt":{"rendered":"<p>W tym odcinku poznajemy dzia\u0142alno\u015b\u0107 Mi\u0119dzynarodowego Centrum Kultury w Krakowie, kt\u00f3re od ponad trzydziestu lat specjalizuje si\u0119 w problematyce kultury i dziedzictwa Europy \u015arodkowej.<\/p>\n","protected":false},"featured_media":0,"template":"","meta":{"_acf_changed":false,"editor_plus_copied_stylings":"{}"},"categories":[111],"tags":[115,114,109],"class_list":["post-3248","project","type-project","status-publish","hentry","category-podcast-pl","tag-europa-srodkowa","tag-krakow-pl","tag-podcast-pl"],"acf":false,"yoast_head":"<!-- This site is optimized with the Yoast SEO plugin v23.8 - https:\/\/yoast.com\/wordpress\/plugins\/seo\/ -->\n<title>Dziedzictwo Europy \u015arodkowej widziane z Krakowa - Europa Nostra<\/title>\n<meta name=\"description\" content=\"W tym odcinku poznajemy dzia\u0142alno\u015b\u0107 Mi\u0119dzynarodowego Centrum Kultury w Krakowie, kt\u00f3re od ponad trzydziestu lat specjalizuje si\u0119 w problematyce kultury i dziedzictwa Europy \u015arodkowej.\" \/>\n<meta name=\"robots\" content=\"index, follow, max-snippet:-1, max-image-preview:large, max-video-preview:-1\" \/>\n<link rel=\"canonical\" href=\"https:\/\/heritagehubkrakow.org\/pl\/project\/dziedzictwo-europy-srodkowej-widziane-z-krakowa\/\" \/>\n<meta property=\"og:locale\" content=\"pl_PL\" \/>\n<meta property=\"og:type\" content=\"article\" \/>\n<meta property=\"og:title\" content=\"Dziedzictwo Europy \u015arodkowej widziane z Krakowa - Europa Nostra\" \/>\n<meta property=\"og:description\" content=\"W tym odcinku poznajemy dzia\u0142alno\u015b\u0107 Mi\u0119dzynarodowego Centrum Kultury w Krakowie, kt\u00f3re od ponad trzydziestu lat specjalizuje si\u0119 w problematyce kultury i dziedzictwa Europy \u015arodkowej.\" \/>\n<meta property=\"og:url\" content=\"https:\/\/heritagehubkrakow.org\/pl\/project\/dziedzictwo-europy-srodkowej-widziane-z-krakowa\/\" \/>\n<meta property=\"og:site_name\" content=\"Europa Nostra\" \/>\n<meta property=\"article:modified_time\" content=\"2023-11-10T11:01:52+00:00\" \/>\n<meta property=\"og:image\" content=\"https:\/\/heritagehubkrakow.org\/wp-content\/uploads\/2023\/11\/TMHiZK_podcast_Holistic_spotify-01.jpg\" \/>\n\t<meta property=\"og:image:width\" content=\"1200\" \/>\n\t<meta property=\"og:image:height\" content=\"1200\" \/>\n\t<meta property=\"og:image:type\" content=\"image\/jpeg\" \/>\n<meta name=\"twitter:card\" content=\"summary_large_image\" \/>\n<meta name=\"twitter:label1\" content=\"Szacowany czas czytania\" \/>\n\t<meta name=\"twitter:data1\" content=\"1 minuta\" \/>\n<script type=\"application\/ld+json\" class=\"yoast-schema-graph\">{\"@context\":\"https:\/\/schema.org\",\"@graph\":[{\"@type\":\"WebPage\",\"@id\":\"https:\/\/heritagehubkrakow.org\/pl\/project\/dziedzictwo-europy-srodkowej-widziane-z-krakowa\/\",\"url\":\"https:\/\/heritagehubkrakow.org\/pl\/project\/dziedzictwo-europy-srodkowej-widziane-z-krakowa\/\",\"name\":\"Dziedzictwo Europy \u015arodkowej widziane z Krakowa - Europa Nostra\",\"isPartOf\":{\"@id\":\"https:\/\/heritagehubkrakow.org\/pl\/#website\"},\"datePublished\":\"2023-11-07T12:30:11+00:00\",\"dateModified\":\"2023-11-10T11:01:52+00:00\",\"description\":\"W tym odcinku poznajemy dzia\u0142alno\u015b\u0107 Mi\u0119dzynarodowego Centrum Kultury w Krakowie, kt\u00f3re od ponad trzydziestu lat specjalizuje si\u0119 w problematyce kultury i dziedzictwa Europy \u015arodkowej.\",\"breadcrumb\":{\"@id\":\"https:\/\/heritagehubkrakow.org\/pl\/project\/dziedzictwo-europy-srodkowej-widziane-z-krakowa\/#breadcrumb\"},\"inLanguage\":\"pl-PL\",\"potentialAction\":[{\"@type\":\"ReadAction\",\"target\":[\"https:\/\/heritagehubkrakow.org\/pl\/project\/dziedzictwo-europy-srodkowej-widziane-z-krakowa\/\"]}]},{\"@type\":\"BreadcrumbList\",\"@id\":\"https:\/\/heritagehubkrakow.org\/pl\/project\/dziedzictwo-europy-srodkowej-widziane-z-krakowa\/#breadcrumb\",\"itemListElement\":[{\"@type\":\"ListItem\",\"position\":1,\"name\":\"Homepage\",\"item\":\"https:\/\/heritagehubkrakow.org\/pl\/\"},{\"@type\":\"ListItem\",\"position\":2,\"name\":\"Dziedzictwo Europy \u015arodkowej widziane z Krakowa\"}]},{\"@type\":\"WebSite\",\"@id\":\"https:\/\/heritagehubkrakow.org\/pl\/#website\",\"url\":\"https:\/\/heritagehubkrakow.org\/pl\/\",\"name\":\"Europa Nostra\",\"description\":\"Heritage Hub for Central and Eastern Europe\",\"publisher\":{\"@id\":\"https:\/\/heritagehubkrakow.org\/pl\/#organization\"},\"potentialAction\":[{\"@type\":\"SearchAction\",\"target\":{\"@type\":\"EntryPoint\",\"urlTemplate\":\"https:\/\/heritagehubkrakow.org\/pl\/?s={search_term_string}\"},\"query-input\":{\"@type\":\"PropertyValueSpecification\",\"valueRequired\":true,\"valueName\":\"search_term_string\"}}],\"inLanguage\":\"pl-PL\"},{\"@type\":\"Organization\",\"@id\":\"https:\/\/heritagehubkrakow.org\/pl\/#organization\",\"name\":\"Europa Nostra\",\"url\":\"https:\/\/heritagehubkrakow.org\/pl\/\",\"logo\":{\"@type\":\"ImageObject\",\"inLanguage\":\"pl-PL\",\"@id\":\"https:\/\/heritagehubkrakow.org\/pl\/#\/schema\/logo\/image\/\",\"url\":\"https:\/\/heritagehubkrakow.org\/wp-content\/uploads\/2023\/01\/europa-logo.png\",\"contentUrl\":\"https:\/\/heritagehubkrakow.org\/wp-content\/uploads\/2023\/01\/europa-logo.png\",\"width\":218,\"height\":237,\"caption\":\"Europa Nostra\"},\"image\":{\"@id\":\"https:\/\/heritagehubkrakow.org\/pl\/#\/schema\/logo\/image\/\"}}]}<\/script>\n<!-- \/ Yoast SEO plugin. -->","yoast_head_json":{"title":"Dziedzictwo Europy \u015arodkowej widziane z Krakowa - Europa Nostra","description":"W tym odcinku poznajemy dzia\u0142alno\u015b\u0107 Mi\u0119dzynarodowego Centrum Kultury w Krakowie, kt\u00f3re od ponad trzydziestu lat specjalizuje si\u0119 w problematyce kultury i dziedzictwa Europy \u015arodkowej.","robots":{"index":"index","follow":"follow","max-snippet":"max-snippet:-1","max-image-preview":"max-image-preview:large","max-video-preview":"max-video-preview:-1"},"canonical":"https:\/\/heritagehubkrakow.org\/pl\/project\/dziedzictwo-europy-srodkowej-widziane-z-krakowa\/","og_locale":"pl_PL","og_type":"article","og_title":"Dziedzictwo Europy \u015arodkowej widziane z Krakowa - Europa Nostra","og_description":"W tym odcinku poznajemy dzia\u0142alno\u015b\u0107 Mi\u0119dzynarodowego Centrum Kultury w Krakowie, kt\u00f3re od ponad trzydziestu lat specjalizuje si\u0119 w problematyce kultury i dziedzictwa Europy \u015arodkowej.","og_url":"https:\/\/heritagehubkrakow.org\/pl\/project\/dziedzictwo-europy-srodkowej-widziane-z-krakowa\/","og_site_name":"Europa Nostra","article_modified_time":"2023-11-10T11:01:52+00:00","og_image":[{"width":1200,"height":1200,"url":"https:\/\/heritagehubkrakow.org\/wp-content\/uploads\/2023\/11\/TMHiZK_podcast_Holistic_spotify-01.jpg","type":"image\/jpeg"}],"twitter_card":"summary_large_image","twitter_misc":{"Szacowany czas czytania":"1 minuta"},"schema":{"@context":"https:\/\/schema.org","@graph":[{"@type":"WebPage","@id":"https:\/\/heritagehubkrakow.org\/pl\/project\/dziedzictwo-europy-srodkowej-widziane-z-krakowa\/","url":"https:\/\/heritagehubkrakow.org\/pl\/project\/dziedzictwo-europy-srodkowej-widziane-z-krakowa\/","name":"Dziedzictwo Europy \u015arodkowej widziane z Krakowa - Europa Nostra","isPartOf":{"@id":"https:\/\/heritagehubkrakow.org\/pl\/#website"},"datePublished":"2023-11-07T12:30:11+00:00","dateModified":"2023-11-10T11:01:52+00:00","description":"W tym odcinku poznajemy dzia\u0142alno\u015b\u0107 Mi\u0119dzynarodowego Centrum Kultury w Krakowie, kt\u00f3re od ponad trzydziestu lat specjalizuje si\u0119 w problematyce kultury i dziedzictwa Europy \u015arodkowej.","breadcrumb":{"@id":"https:\/\/heritagehubkrakow.org\/pl\/project\/dziedzictwo-europy-srodkowej-widziane-z-krakowa\/#breadcrumb"},"inLanguage":"pl-PL","potentialAction":[{"@type":"ReadAction","target":["https:\/\/heritagehubkrakow.org\/pl\/project\/dziedzictwo-europy-srodkowej-widziane-z-krakowa\/"]}]},{"@type":"BreadcrumbList","@id":"https:\/\/heritagehubkrakow.org\/pl\/project\/dziedzictwo-europy-srodkowej-widziane-z-krakowa\/#breadcrumb","itemListElement":[{"@type":"ListItem","position":1,"name":"Homepage","item":"https:\/\/heritagehubkrakow.org\/pl\/"},{"@type":"ListItem","position":2,"name":"Dziedzictwo Europy \u015arodkowej widziane z Krakowa"}]},{"@type":"WebSite","@id":"https:\/\/heritagehubkrakow.org\/pl\/#website","url":"https:\/\/heritagehubkrakow.org\/pl\/","name":"Europa Nostra","description":"Heritage Hub for Central and Eastern Europe","publisher":{"@id":"https:\/\/heritagehubkrakow.org\/pl\/#organization"},"potentialAction":[{"@type":"SearchAction","target":{"@type":"EntryPoint","urlTemplate":"https:\/\/heritagehubkrakow.org\/pl\/?s={search_term_string}"},"query-input":{"@type":"PropertyValueSpecification","valueRequired":true,"valueName":"search_term_string"}}],"inLanguage":"pl-PL"},{"@type":"Organization","@id":"https:\/\/heritagehubkrakow.org\/pl\/#organization","name":"Europa Nostra","url":"https:\/\/heritagehubkrakow.org\/pl\/","logo":{"@type":"ImageObject","inLanguage":"pl-PL","@id":"https:\/\/heritagehubkrakow.org\/pl\/#\/schema\/logo\/image\/","url":"https:\/\/heritagehubkrakow.org\/wp-content\/uploads\/2023\/01\/europa-logo.png","contentUrl":"https:\/\/heritagehubkrakow.org\/wp-content\/uploads\/2023\/01\/europa-logo.png","width":218,"height":237,"caption":"Europa Nostra"},"image":{"@id":"https:\/\/heritagehubkrakow.org\/pl\/#\/schema\/logo\/image\/"}}]}},"_links":{"self":[{"href":"https:\/\/heritagehubkrakow.org\/pl\/wp-json\/wp\/v2\/project\/3248","targetHints":{"allow":["GET"]}}],"collection":[{"href":"https:\/\/heritagehubkrakow.org\/pl\/wp-json\/wp\/v2\/project"}],"about":[{"href":"https:\/\/heritagehubkrakow.org\/pl\/wp-json\/wp\/v2\/types\/project"}],"wp:attachment":[{"href":"https:\/\/heritagehubkrakow.org\/pl\/wp-json\/wp\/v2\/media?parent=3248"}],"wp:term":[{"taxonomy":"category","embeddable":true,"href":"https:\/\/heritagehubkrakow.org\/pl\/wp-json\/wp\/v2\/categories?post=3248"},{"taxonomy":"post_tag","embeddable":true,"href":"https:\/\/heritagehubkrakow.org\/pl\/wp-json\/wp\/v2\/tags?post=3248"}],"curies":[{"name":"wp","href":"https:\/\/api.w.org\/{rel}","templated":true}]}}