{"id":3473,"date":"2023-11-30T16:45:14","date_gmt":"2023-11-30T16:45:14","guid":{"rendered":"https:\/\/heritagehubkrakow.org\/project\/europa-nostra-ma-60-lat\/"},"modified":"2023-12-28T23:27:22","modified_gmt":"2023-12-28T23:27:22","slug":"europa-nostra-ma-60-lat","status":"publish","type":"project","link":"https:\/\/heritagehubkrakow.org\/pl\/project\/europa-nostra-ma-60-lat\/","title":{"rendered":"Europa Nostra ma 60 lat &#8211; Przesz\u0142o\u015b\u0107"},"content":{"rendered":"<div class=\"is-style-section-container, has-white-text is-style-section-container wp-block-group alignfull has-red-background-color has-background eplus-wrapper is-layout-constrained wp-block-group-is-layout-constrained eplus-styles-uid-6f219c\"><div class=\"is-style-section-container wp-block-group alignfull eplus-wrapper is-layout-constrained wp-block-group-is-layout-constrained eplus-styles-uid-38b380\"><div class=\"has-white-text wp-block-group alignfull has-white-color has-text-color eplus-wrapper is-layout-constrained wp-block-group-is-layout-constrained eplus-styles-uid-0ed7c1\"><h1 class=\" wp-block-heading has-text-align-center eplus-wrapper eplus-styles-uid-49faf1\"><strong><strong>Europa Nostra ma 60 lat &#8211; Przesz\u0142o\u015b\u0107<\/strong><\/strong><\/h1>\n\n<div class=\"yoast-breadcrumbs\"><span><span><a href=\"https:\/\/heritagehubkrakow.org\/pl\/\">Homepage<\/a><\/span> &#8211; <span class=\"breadcrumb_last\" aria-current=\"page\">Europa Nostra ma 60 lat \u2013 Przesz\u0142o\u015b\u0107<\/span><\/span><\/div><\/div><\/div><\/div><div class=\"is-style-section-container wp-block-group alignfull has-green-dark-background-color has-background eplus-wrapper is-layout-constrained wp-block-group-is-layout-constrained eplus-styles-uid-4c6cdd\"><div class=\"wp-block-group alignfull eplus-wrapper is-layout-constrained wp-block-group-is-layout-constrained eplus-styles-uid-24f6f4\">\n<div class=\"wp-block-group eplus-wrapper is-layout-constrained wp-block-group-is-layout-constrained\"><div class=\"wp-block-group eplus-wrapper is-content-justification-center is-layout-flex wp-container-core-group-is-layout-8ee2ad45 wp-block-group-is-layout-flex eplus-styles-uid-117bd0\"><div class=\"article-date wp-block-post-date\"><time datetime=\"2023-11-30T16:45:14+00:00\">30 listopada 2023<\/time><\/div><\/div>\n\n<div class=\"wp-block-group eplus-wrapper is-layout-constrained wp-block-group-is-layout-constrained eplus-styles-uid-ba2e4b\"><div class=\"taxonomy-post_tag has-text-align-center article-tags wp-block-post-terms eplus-styles-uid-d35575\"><a href=\"https:\/\/heritagehubkrakow.org\/pl\/tag\/jubileusz\/\" rel=\"tag\">Jubileusz<\/a><span class=\"wp-block-post-terms__separator\"> <\/span><a href=\"https:\/\/heritagehubkrakow.org\/pl\/tag\/podcast-pl\/\" rel=\"tag\">Podcast<\/a><\/div><\/div>\n\n\n<h3 class=\" wp-block-heading has-text-align-center eplus-wrapper\"><strong><strong>Europa Nostra ma 60 lat &#8211; Przesz\u0142o\u015b\u0107<\/strong><\/strong><\/h3>\n\n\n\n<div style=\"height:30px\" aria-hidden=\"true\" class=\" wp-block-spacer eplus-wrapper\"><\/div>\n\n\n\n<p class=\" eplus-wrapper\"><\/p>\n\n\n\n<p class=\" eplus-wrapper\"><\/p>\n\n\n\n<p class=\" eplus-wrapper\">Historia <a href=\"https:\/\/www.europanostra.org\/\">Europa Nostra<\/a> zacz\u0119\u0142a si\u0119 29 listopada 1963 roku w siedzibie Rady Europy w Pary\u017cu. Poczynaj\u0105c od jedenastu cz\u0142onk\u00f3w za\u0142o\u017cycieli, sta\u0142a si\u0119 najwi\u0119ksz\u0105 sieci\u0105 spo\u0142ecze\u0144stwa obywatelskiego zajmuj\u0105c\u0105 si\u0119 dziedzictwem kulturowym w Europie. Dzi\u015b daje g\u0142os ponad trzystu organizacjom z ca\u0142ej Europy i spoza niej. Z tej okazji powsta\u0142a seria podcast\u00f3w prezentuj\u0105cych histori\u0119 organizacji, aktualne projekty i plany na przysz\u0142o\u015b\u0107.<\/p>\n\n\n\n<p class=\" eplus-wrapper\">W tym podca\u015bcie przypominamy histori\u0119 Europa Nostra i osoby, kt\u00f3re j\u0105 kszta\u0142towa\u0142y na przestrzeni lat. <\/p>\n\n\n\n<p class=\" eplus-wrapper\">Producent audio i dziennikarz John Beauchamp z <a href=\"https:\/\/freerangeproductions.eu\/\">Free Range Productions<\/a> bra\u0142 udzia\u0142 w wydarzeniach <a href=\"https:\/\/www.europanostra.org\/european-heritage-summit\/\">Szczytu Dziedzictwa Europejskiego w Wenecji<\/a> we wrze\u015bniu 2023 roku, gdzie zebra\u0142 mozaik\u0119 g\u0142os\u00f3w \u015bwi\u0119tuj\u0105cych dzia\u0142alno\u015b\u0107 Europa Nostra na przestrzeni dziesi\u0119cioleci. Europa Nostra Heritage Hub z zaanga\u017cowaniem pomaga\u0142 w produkcji nagra\u0144.<\/p>\n\n\n\n<p class=\" eplus-wrapper\">W tym odcinku pos\u0142ucha\u0107 mo\u017cna nast\u0119puj\u0105cych os\u00f3b: <\/p>\n\n\n\n<p class=\" eplus-wrapper\"><strong>Sne\u0161ka Quaedvlieg-Mihailovi\u0107<\/strong> (Secretary General of Europa Nostra)<\/p>\n\n\n\n<p class=\" eplus-wrapper\"><strong>Luisella Pavan-Woolfe<\/strong> (Director of the Council of Europe Office in Venice)<\/p>\n\n\n\n<p class=\" eplus-wrapper\"><strong>Lydia Carras<\/strong> (Council Member of Europa Nostra and President of ELLINIKI ETAIRIA \u2013 Society for the Environment and Cultural Heritage ELLET)<\/p>\n\n\n\n<p class=\" eplus-wrapper\"><strong>Androulla Vassiliou<\/strong> (Vice-President of Europa and former European Commissioner for Education, Culture, Multilingualism, Youth and Sport)<\/p>\n\n\n\n<p class=\" eplus-wrapper\"><strong>Guy Clausse<\/strong> (Executive Vice-President of Europa Nostra, co-founder of the 7 Most Endangered programme and former Dean of the European Investment Bank Institute)<\/p>\n\n\n\n<p class=\" eplus-wrapper\"><strong>Prof. Jacek Purcha<\/strong> (Vice-President of Europa Nostra and former Director of International Cultural Centre (ICC) in Krak\u00f3w).<\/p>\n\n\n\n<p class=\" eplus-wrapper\"><em><em>Produkcja i promocja tej serii podcast\u00f3w otrzyma\u0142a hojne wsparcie finansowe <em>partnera Europa Nostra<\/em> <a href=\"http:\/\/fondationhippocrene.eu\/\" target=\"_blank\" rel=\"noreferrer noopener\">La Fondation Hippocr\u00e8ne<\/a>. Podcast \u201eEuropa Nostra ma 60 lat\u201d jest cz\u0119\u015bci\u0105 sieciowego projektu Europa Nostra <a href=\"https:\/\/www.europanostra.org\/agora\/\" target=\"_blank\" rel=\"noreferrer noopener\">European Cultural Heritage Agora<\/a> wsp\u00f3\u0142finansowanego przez Uni\u0119 Europejsk\u0105.<\/em><\/em><\/p>\n\n\n<ul class=\"eplus-wrapper wp-block-list eplus-styles-uid-a833a0\">\n<li class=\" eplus-wrapper\">\n<\/li><\/ul>\n\n\n<div class=\"wp-block-buttons eplus-wrapper is-layout-flex wp-block-buttons-is-layout-flex\"><\/div>\n<\/div>\n\n\n\n<div class=\"wp-block-group eplus-wrapper is-layout-constrained wp-block-group-is-layout-constrained\">\n<iframe loading=\"lazy\" height=\"200px\" width=\"100%\" frameborder=\"no\" scrolling=\"no\" seamless=\"\" src=\"https:\/\/player.simplecast.com\/0078ae22-87d9-456c-9eac-4a02d1ab15ca?dark=true\"><\/iframe>\n\n\n\n<div style=\"height:48px\" aria-hidden=\"true\" class=\" wp-block-spacer eplus-wrapper\"><\/div>\n\n\n\n<div class=\"wp-block-buttons eplus-wrapper is-layout-flex wp-block-buttons-is-layout-flex\"><div class=\" wp-block-button eplus-wrapper eplus-styles-uid-295b01\"><a class=\"wp-block-button__link wp-element-button\" href=\"https:\/\/heritagehubkrakow.org\/pl\/holistic-heritage\/\">Holistic Heritage Podcasty<\/a><\/div><\/div>\n\n\n\n<div style=\"height:42px\" aria-hidden=\"true\" class=\" wp-block-spacer eplus-wrapper\"><\/div>\n<\/div>\n\n\n\n<div class=\"wp-block-buttons eplus-wrapper is-layout-flex wp-block-buttons-is-layout-flex\"><div class=\" wp-block-button eplus-wrapper eplus-styles-uid-c29913\"><a class=\"wp-block-button__link wp-element-button\" href=\"https:\/\/open.spotify.com\/show\/6TmfshJuoQNzr91xwuCgJj\" target=\"_blank\" rel=\"noreferrer noopener\">\u015aled\u017a nas na SPOTIFY<\/a><\/div><\/div>\n<\/div><\/div><div class=\"is-style-section-container wp-block-group alignfull has-blue-light-background-color has-background eplus-wrapper is-layout-constrained wp-block-group-is-layout-constrained eplus-styles-uid-4c6cdd\"><div class=\"wp-block-group alignfull eplus-wrapper is-layout-constrained wp-block-group-is-layout-constrained eplus-styles-uid-6cd479\">\n<div class=\"wp-block-group eplus-wrapper is-layout-constrained wp-block-group-is-layout-constrained\"><h3 class=\" wp-block-heading has-text-align-center eplus-wrapper eplus-styles-uid-0581b0\"><\/h3><\/div>\n<\/div><\/div>","protected":false},"excerpt":{"rendered":"<p>Historia Europa Nostra zacz\u0119\u0142a si\u0119 29 listopada 1963 roku w siedzibie Rady Europy w Pary\u017cu. Poczynaj\u0105c od jedenastu cz\u0142onk\u00f3w za\u0142o\u017cycieli, sta\u0142a si\u0119 najwi\u0119ksz\u0105 sieci\u0105 spo\u0142ecze\u0144stwa obywatelskiego zajmuj\u0105c\u0105 si\u0119 dziedzictwem kulturowym w Europie. Dzi\u015b daje g\u0142os ponad trzystu organizacjom z ca\u0142ej Europy i spoza niej. W tym podca\u015bcie przypominamy histori\u0119 Europa Nostra i osoby, kt\u00f3re j\u0105 kszta\u0142towa\u0142y na przestrzeni lat.<\/p>\n","protected":false},"featured_media":0,"template":"","meta":{"_acf_changed":false,"editor_plus_copied_stylings":"{}"},"categories":[111],"tags":[103,109],"class_list":["post-3473","project","type-project","status-publish","hentry","category-podcast-pl","tag-jubileusz","tag-podcast-pl"],"acf":false,"yoast_head":"<!-- This site is optimized with the Yoast SEO plugin v23.8 - https:\/\/yoast.com\/wordpress\/plugins\/seo\/ -->\n<title>Europa Nostra ma 60 lat - Przesz\u0142o\u015b\u0107 - Europa Nostra<\/title>\n<meta name=\"description\" content=\"Historia Europa Nostra zacz\u0119\u0142a si\u0119 29 listopada 1963 roku w siedzibie Rady Europy w Pary\u017cu. Poczynaj\u0105c od jedenastu cz\u0142onk\u00f3w za\u0142o\u017cycieli, sta\u0142a si\u0119 najwi\u0119ksz\u0105 sieci\u0105 spo\u0142ecze\u0144stwa obywatelskiego zajmuj\u0105c\u0105 si\u0119 dziedzictwem kulturowym w Europie. Dzi\u015b daje g\u0142os ponad trzystu organizacjom z ca\u0142ej Europy i spoza niej. W tym podca\u015bcie przypominamy histori\u0119 Europa Nostra i osoby, kt\u00f3re j\u0105 kszta\u0142towa\u0142y na przestrzeni lat.\" \/>\n<meta name=\"robots\" content=\"index, follow, max-snippet:-1, max-image-preview:large, max-video-preview:-1\" \/>\n<link rel=\"canonical\" href=\"https:\/\/heritagehubkrakow.org\/pl\/project\/europa-nostra-ma-60-lat\/\" \/>\n<meta property=\"og:locale\" content=\"pl_PL\" \/>\n<meta property=\"og:type\" content=\"article\" \/>\n<meta property=\"og:title\" content=\"Europa Nostra ma 60 lat - Przesz\u0142o\u015b\u0107 - Europa Nostra\" \/>\n<meta property=\"og:description\" content=\"Historia Europa Nostra zacz\u0119\u0142a si\u0119 29 listopada 1963 roku w siedzibie Rady Europy w Pary\u017cu. Poczynaj\u0105c od jedenastu cz\u0142onk\u00f3w za\u0142o\u017cycieli, sta\u0142a si\u0119 najwi\u0119ksz\u0105 sieci\u0105 spo\u0142ecze\u0144stwa obywatelskiego zajmuj\u0105c\u0105 si\u0119 dziedzictwem kulturowym w Europie. Dzi\u015b daje g\u0142os ponad trzystu organizacjom z ca\u0142ej Europy i spoza niej. W tym podca\u015bcie przypominamy histori\u0119 Europa Nostra i osoby, kt\u00f3re j\u0105 kszta\u0142towa\u0142y na przestrzeni lat.\" \/>\n<meta property=\"og:url\" content=\"https:\/\/heritagehubkrakow.org\/pl\/project\/europa-nostra-ma-60-lat\/\" \/>\n<meta property=\"og:site_name\" content=\"Europa Nostra\" \/>\n<meta property=\"article:modified_time\" content=\"2023-12-28T23:27:22+00:00\" \/>\n<meta property=\"og:image\" content=\"https:\/\/heritagehubkrakow.org\/wp-content\/uploads\/2023\/11\/Europa-Nostra-at-60-PAST.jpg\" \/>\n\t<meta property=\"og:image:width\" content=\"1200\" \/>\n\t<meta property=\"og:image:height\" content=\"1200\" \/>\n\t<meta property=\"og:image:type\" content=\"image\/jpeg\" \/>\n<meta name=\"twitter:card\" content=\"summary_large_image\" \/>\n<meta name=\"twitter:label1\" content=\"Szacowany czas czytania\" \/>\n\t<meta name=\"twitter:data1\" content=\"2 minuty\" \/>\n<script type=\"application\/ld+json\" class=\"yoast-schema-graph\">{\"@context\":\"https:\/\/schema.org\",\"@graph\":[{\"@type\":\"WebPage\",\"@id\":\"https:\/\/heritagehubkrakow.org\/pl\/project\/europa-nostra-ma-60-lat\/\",\"url\":\"https:\/\/heritagehubkrakow.org\/pl\/project\/europa-nostra-ma-60-lat\/\",\"name\":\"Europa Nostra ma 60 lat - Przesz\u0142o\u015b\u0107 - Europa Nostra\",\"isPartOf\":{\"@id\":\"https:\/\/heritagehubkrakow.org\/pl\/#website\"},\"datePublished\":\"2023-11-30T16:45:14+00:00\",\"dateModified\":\"2023-12-28T23:27:22+00:00\",\"description\":\"Historia Europa Nostra zacz\u0119\u0142a si\u0119 29 listopada 1963 roku w siedzibie Rady Europy w Pary\u017cu. Poczynaj\u0105c od jedenastu cz\u0142onk\u00f3w za\u0142o\u017cycieli, sta\u0142a si\u0119 najwi\u0119ksz\u0105 sieci\u0105 spo\u0142ecze\u0144stwa obywatelskiego zajmuj\u0105c\u0105 si\u0119 dziedzictwem kulturowym w Europie. Dzi\u015b daje g\u0142os ponad trzystu organizacjom z ca\u0142ej Europy i spoza niej. W tym podca\u015bcie przypominamy histori\u0119 Europa Nostra i osoby, kt\u00f3re j\u0105 kszta\u0142towa\u0142y na przestrzeni lat.\",\"breadcrumb\":{\"@id\":\"https:\/\/heritagehubkrakow.org\/pl\/project\/europa-nostra-ma-60-lat\/#breadcrumb\"},\"inLanguage\":\"pl-PL\",\"potentialAction\":[{\"@type\":\"ReadAction\",\"target\":[\"https:\/\/heritagehubkrakow.org\/pl\/project\/europa-nostra-ma-60-lat\/\"]}]},{\"@type\":\"BreadcrumbList\",\"@id\":\"https:\/\/heritagehubkrakow.org\/pl\/project\/europa-nostra-ma-60-lat\/#breadcrumb\",\"itemListElement\":[{\"@type\":\"ListItem\",\"position\":1,\"name\":\"Homepage\",\"item\":\"https:\/\/heritagehubkrakow.org\/pl\/\"},{\"@type\":\"ListItem\",\"position\":2,\"name\":\"Europa Nostra ma 60 lat &#8211; Przesz\u0142o\u015b\u0107\"}]},{\"@type\":\"WebSite\",\"@id\":\"https:\/\/heritagehubkrakow.org\/pl\/#website\",\"url\":\"https:\/\/heritagehubkrakow.org\/pl\/\",\"name\":\"Europa Nostra\",\"description\":\"Heritage Hub for Central and Eastern Europe\",\"publisher\":{\"@id\":\"https:\/\/heritagehubkrakow.org\/pl\/#organization\"},\"potentialAction\":[{\"@type\":\"SearchAction\",\"target\":{\"@type\":\"EntryPoint\",\"urlTemplate\":\"https:\/\/heritagehubkrakow.org\/pl\/?s={search_term_string}\"},\"query-input\":{\"@type\":\"PropertyValueSpecification\",\"valueRequired\":true,\"valueName\":\"search_term_string\"}}],\"inLanguage\":\"pl-PL\"},{\"@type\":\"Organization\",\"@id\":\"https:\/\/heritagehubkrakow.org\/pl\/#organization\",\"name\":\"Europa Nostra\",\"url\":\"https:\/\/heritagehubkrakow.org\/pl\/\",\"logo\":{\"@type\":\"ImageObject\",\"inLanguage\":\"pl-PL\",\"@id\":\"https:\/\/heritagehubkrakow.org\/pl\/#\/schema\/logo\/image\/\",\"url\":\"https:\/\/heritagehubkrakow.org\/wp-content\/uploads\/2023\/01\/europa-logo.png\",\"contentUrl\":\"https:\/\/heritagehubkrakow.org\/wp-content\/uploads\/2023\/01\/europa-logo.png\",\"width\":218,\"height\":237,\"caption\":\"Europa Nostra\"},\"image\":{\"@id\":\"https:\/\/heritagehubkrakow.org\/pl\/#\/schema\/logo\/image\/\"}}]}<\/script>\n<!-- \/ Yoast SEO plugin. -->","yoast_head_json":{"title":"Europa Nostra ma 60 lat - Przesz\u0142o\u015b\u0107 - Europa Nostra","description":"Historia Europa Nostra zacz\u0119\u0142a si\u0119 29 listopada 1963 roku w siedzibie Rady Europy w Pary\u017cu. Poczynaj\u0105c od jedenastu cz\u0142onk\u00f3w za\u0142o\u017cycieli, sta\u0142a si\u0119 najwi\u0119ksz\u0105 sieci\u0105 spo\u0142ecze\u0144stwa obywatelskiego zajmuj\u0105c\u0105 si\u0119 dziedzictwem kulturowym w Europie. Dzi\u015b daje g\u0142os ponad trzystu organizacjom z ca\u0142ej Europy i spoza niej. W tym podca\u015bcie przypominamy histori\u0119 Europa Nostra i osoby, kt\u00f3re j\u0105 kszta\u0142towa\u0142y na przestrzeni lat.","robots":{"index":"index","follow":"follow","max-snippet":"max-snippet:-1","max-image-preview":"max-image-preview:large","max-video-preview":"max-video-preview:-1"},"canonical":"https:\/\/heritagehubkrakow.org\/pl\/project\/europa-nostra-ma-60-lat\/","og_locale":"pl_PL","og_type":"article","og_title":"Europa Nostra ma 60 lat - Przesz\u0142o\u015b\u0107 - Europa Nostra","og_description":"Historia Europa Nostra zacz\u0119\u0142a si\u0119 29 listopada 1963 roku w siedzibie Rady Europy w Pary\u017cu. Poczynaj\u0105c od jedenastu cz\u0142onk\u00f3w za\u0142o\u017cycieli, sta\u0142a si\u0119 najwi\u0119ksz\u0105 sieci\u0105 spo\u0142ecze\u0144stwa obywatelskiego zajmuj\u0105c\u0105 si\u0119 dziedzictwem kulturowym w Europie. Dzi\u015b daje g\u0142os ponad trzystu organizacjom z ca\u0142ej Europy i spoza niej. W tym podca\u015bcie przypominamy histori\u0119 Europa Nostra i osoby, kt\u00f3re j\u0105 kszta\u0142towa\u0142y na przestrzeni lat.","og_url":"https:\/\/heritagehubkrakow.org\/pl\/project\/europa-nostra-ma-60-lat\/","og_site_name":"Europa Nostra","article_modified_time":"2023-12-28T23:27:22+00:00","og_image":[{"width":1200,"height":1200,"url":"https:\/\/heritagehubkrakow.org\/wp-content\/uploads\/2023\/11\/Europa-Nostra-at-60-PAST.jpg","type":"image\/jpeg"}],"twitter_card":"summary_large_image","twitter_misc":{"Szacowany czas czytania":"2 minuty"},"schema":{"@context":"https:\/\/schema.org","@graph":[{"@type":"WebPage","@id":"https:\/\/heritagehubkrakow.org\/pl\/project\/europa-nostra-ma-60-lat\/","url":"https:\/\/heritagehubkrakow.org\/pl\/project\/europa-nostra-ma-60-lat\/","name":"Europa Nostra ma 60 lat - Przesz\u0142o\u015b\u0107 - Europa Nostra","isPartOf":{"@id":"https:\/\/heritagehubkrakow.org\/pl\/#website"},"datePublished":"2023-11-30T16:45:14+00:00","dateModified":"2023-12-28T23:27:22+00:00","description":"Historia Europa Nostra zacz\u0119\u0142a si\u0119 29 listopada 1963 roku w siedzibie Rady Europy w Pary\u017cu. Poczynaj\u0105c od jedenastu cz\u0142onk\u00f3w za\u0142o\u017cycieli, sta\u0142a si\u0119 najwi\u0119ksz\u0105 sieci\u0105 spo\u0142ecze\u0144stwa obywatelskiego zajmuj\u0105c\u0105 si\u0119 dziedzictwem kulturowym w Europie. Dzi\u015b daje g\u0142os ponad trzystu organizacjom z ca\u0142ej Europy i spoza niej. W tym podca\u015bcie przypominamy histori\u0119 Europa Nostra i osoby, kt\u00f3re j\u0105 kszta\u0142towa\u0142y na przestrzeni lat.","breadcrumb":{"@id":"https:\/\/heritagehubkrakow.org\/pl\/project\/europa-nostra-ma-60-lat\/#breadcrumb"},"inLanguage":"pl-PL","potentialAction":[{"@type":"ReadAction","target":["https:\/\/heritagehubkrakow.org\/pl\/project\/europa-nostra-ma-60-lat\/"]}]},{"@type":"BreadcrumbList","@id":"https:\/\/heritagehubkrakow.org\/pl\/project\/europa-nostra-ma-60-lat\/#breadcrumb","itemListElement":[{"@type":"ListItem","position":1,"name":"Homepage","item":"https:\/\/heritagehubkrakow.org\/pl\/"},{"@type":"ListItem","position":2,"name":"Europa Nostra ma 60 lat &#8211; Przesz\u0142o\u015b\u0107"}]},{"@type":"WebSite","@id":"https:\/\/heritagehubkrakow.org\/pl\/#website","url":"https:\/\/heritagehubkrakow.org\/pl\/","name":"Europa Nostra","description":"Heritage Hub for Central and Eastern Europe","publisher":{"@id":"https:\/\/heritagehubkrakow.org\/pl\/#organization"},"potentialAction":[{"@type":"SearchAction","target":{"@type":"EntryPoint","urlTemplate":"https:\/\/heritagehubkrakow.org\/pl\/?s={search_term_string}"},"query-input":{"@type":"PropertyValueSpecification","valueRequired":true,"valueName":"search_term_string"}}],"inLanguage":"pl-PL"},{"@type":"Organization","@id":"https:\/\/heritagehubkrakow.org\/pl\/#organization","name":"Europa Nostra","url":"https:\/\/heritagehubkrakow.org\/pl\/","logo":{"@type":"ImageObject","inLanguage":"pl-PL","@id":"https:\/\/heritagehubkrakow.org\/pl\/#\/schema\/logo\/image\/","url":"https:\/\/heritagehubkrakow.org\/wp-content\/uploads\/2023\/01\/europa-logo.png","contentUrl":"https:\/\/heritagehubkrakow.org\/wp-content\/uploads\/2023\/01\/europa-logo.png","width":218,"height":237,"caption":"Europa Nostra"},"image":{"@id":"https:\/\/heritagehubkrakow.org\/pl\/#\/schema\/logo\/image\/"}}]}},"_links":{"self":[{"href":"https:\/\/heritagehubkrakow.org\/pl\/wp-json\/wp\/v2\/project\/3473","targetHints":{"allow":["GET"]}}],"collection":[{"href":"https:\/\/heritagehubkrakow.org\/pl\/wp-json\/wp\/v2\/project"}],"about":[{"href":"https:\/\/heritagehubkrakow.org\/pl\/wp-json\/wp\/v2\/types\/project"}],"wp:attachment":[{"href":"https:\/\/heritagehubkrakow.org\/pl\/wp-json\/wp\/v2\/media?parent=3473"}],"wp:term":[{"taxonomy":"category","embeddable":true,"href":"https:\/\/heritagehubkrakow.org\/pl\/wp-json\/wp\/v2\/categories?post=3473"},{"taxonomy":"post_tag","embeddable":true,"href":"https:\/\/heritagehubkrakow.org\/pl\/wp-json\/wp\/v2\/tags?post=3473"}],"curies":[{"name":"wp","href":"https:\/\/api.w.org\/{rel}","templated":true}]}}