{"id":3728,"date":"2023-12-29T15:13:19","date_gmt":"2023-12-29T15:13:19","guid":{"rendered":"https:\/\/heritagehubkrakow.org\/?post_type=project&#038;p=3728"},"modified":"2023-12-29T22:39:39","modified_gmt":"2023-12-29T22:39:39","slug":"potrojna-transformacja-dla-dziedzictwa-zielona-cyfrowa-spoleczna","status":"publish","type":"project","link":"https:\/\/heritagehubkrakow.org\/pl\/project\/potrojna-transformacja-dla-dziedzictwa-zielona-cyfrowa-spoleczna\/","title":{"rendered":"Potr\u00f3jna transformacja dla dziedzictwa: zielona-cyfrowa-spo\u0142eczna"},"content":{"rendered":"<div class=\"is-style-section-container, has-white-text is-style-section-container wp-block-group alignfull has-red-background-color has-background eplus-wrapper is-layout-constrained wp-block-group-is-layout-constrained eplus-styles-uid-6f219c\"><div class=\"is-style-section-container wp-block-group alignfull eplus-wrapper is-layout-constrained wp-block-group-is-layout-constrained eplus-styles-uid-38b380\"><div class=\"has-white-text wp-block-group alignfull has-white-color has-text-color eplus-wrapper is-layout-constrained wp-block-group-is-layout-constrained eplus-styles-uid-0ed7c1\"><h1 class=\" wp-block-heading has-text-align-center eplus-wrapper eplus-styles-uid-49faf1\"><strong><strong><strong>Potr\u00f3jna transformacja dla dziedzictwa: zielona-cyfrowa-spo\u0142eczna<\/strong><\/strong><\/strong><\/h1>\n\n<div class=\"yoast-breadcrumbs\"><span><span><a href=\"https:\/\/heritagehubkrakow.org\/pl\/\">Homepage<\/a><\/span> &#8211; <span class=\"breadcrumb_last\" aria-current=\"page\">Potr\u00f3jna transformacja dla dziedzictwa: zielona-cyfrowa-spo\u0142eczna<\/span><\/span><\/div><\/div><\/div><\/div>\n\n<div class=\"is-style-section-container wp-block-group alignfull has-green-dark-background-color has-background eplus-wrapper is-layout-constrained wp-block-group-is-layout-constrained eplus-styles-uid-4c6cdd\"><div class=\"wp-block-group alignfull eplus-wrapper is-layout-constrained wp-block-group-is-layout-constrained eplus-styles-uid-24f6f4\">\n<h3 class=\" wp-block-heading has-text-align-center eplus-wrapper\"><strong>Panel dyskusyjny<\/strong><\/h3>\n\n\n\n<h3 class=\" wp-block-heading has-text-align-center eplus-wrapper\"><strong>Potr\u00f3jna transformacja dla dziedzictwa: zielona-cyfrowa-spo\u0142eczna<\/strong><\/h3>\n\n\n\n<h3 class=\" wp-block-heading has-text-align-center eplus-wrapper\">w ramach <a href=\"https:\/\/www.europanostra.org\/meet-the-european-heritage-hub-and-engage-on-social-media\/\">European Heritage Hub<\/a><\/h3>\n\n\n\n<div style=\"height:34px\" aria-hidden=\"true\" class=\" wp-block-spacer eplus-wrapper\"><\/div>\n\n\n\n<p class=\" eplus-wrapper\">\u017bycie w Europie podlega przemianom. Paliwa kopalne, kt\u00f3re spalamy w \u017cyciu codziennym, powoduj\u0105 niebezpieczne zmiany klimatyczne \u2013 dlatego konieczna jest ekologiczna transformacja w kierunku gospodarki postemisyjnej i bardziej odpornych spo\u0142eczno\u015bci. Technologia cyfrowa zmienia spos\u00f3b \u017cycia i pracy. Spo\u0142ecze\u0144stwo Europy ulega przemianom w wyniku mobilno\u015bci w obr\u0119bie kontynentu, globalizacji i r\u00f3\u017cnorodnych migracji. Te trzy elementy \u2013 Potr\u00f3jna Transformacja \u2013 s\u0105 ze sob\u0105 powi\u0105zane w z\u0142o\u017cony spos\u00f3b. Idea Potr\u00f3jnej Transformacji le\u017cy u podstaw najwi\u0119kszych aspiracji Europy, w tym Europejskiego Zielonego \u0141adu (European Green Deal), Nowego Europejskiego Bauhausu (New European Bauhaus) i cel\u00f3w Europejskiej Dekady Cyfrowej (Europe\u2019s Digital Decade).<\/p>\n\n\n\n<p class=\" eplus-wrapper\">Dziedzictwo kulturowe to co\u015b wi\u0119cej ni\u017c tylko sektor, pe\u0142ni rol\u0119 wektora, kt\u00f3ry mo\u017ce kierowa\u0107 zmianami, przeciwstawia\u0107 si\u0119 im lub je nap\u0119dza\u0107. Dziedzictwo ma moc umocowania transformacji w strategiach opartych na miejscu, prawach i skoncentrowanych na ludziach oraz zakorzenienia ich w europejskich warto\u015bciach r\u00f3\u017cnorodno\u015bci kulturowej, prawach cz\u0142owieka i demokracji uczestnicz\u0105cej. Wsp\u00f3lne dziedzictwo kulturowe stanowi fundament, na kt\u00f3rym zbudowana jest Europa. A zatem w jaki spos\u00f3b ten fundament b\u0119dzie s\u0142u\u017cy\u0107 Europie w trakcie Potr\u00f3jnej Transformacji?<\/p>\n\n\n\n<p class=\" eplus-wrapper\">Tematy te stanowi\u0105 sedno du\u017cego mi\u0119dzynarodowego projektu finansowanego przez Komisj\u0119 Europejsk\u0105 \u2013 Hub Dziedzictwa Europejskiego (European Heritage Hub) \u2013 kierowanego przez Europa Nostra w konsorcjum z wiod\u0105cymi organizacjami odpowiedzialnymi za dziedzictwo w ca\u0142ej Europie, w tym z Hubem Dziedzictwa Europa Nostra w Krakowie. Panel ten zapoznaje uczestnik\u00f3w z koncepcj\u0105 potr\u00f3jnej transformacji oraz przedstawia cele projektu zmierzaj\u0105ce do podniesienia potencja\u0142u europejskiego ekosystemu dziedzictwa w zakresie w\u0142\u0105czenia spo\u0142ecznego i sprawiedliwej transformacji, zr\u00f3wnowa\u017conej transformacji cyfrowej, a tak\u017ce adaptacji i rozwoju w obliczu skutk\u00f3w zmiany klimatycznej.<\/p>\n\n\n\n<div style=\"height:34px\" aria-hidden=\"true\" class=\" wp-block-spacer eplus-wrapper\"><\/div>\n\n\n\n<p class=\" eplus-wrapper\"><strong>Paneli\u015bci:<\/strong><\/p>\n\n\n\n<p class=\" eplus-wrapper\">Dr Katarzyna Jagodzi\u0144ska, Kierowniczka Europa Nostra Heritage Hub w Krakowie<\/p>\n\n\n\n<p class=\" eplus-wrapper\">Dr Aleksandra Janus, Wsp\u00f3\u0142dyrektorka i cz\u0142onkini zarz\u0105du Centrum Cyfrowego, Warszawa<\/p>\n\n\n\n<p class=\" eplus-wrapper\">Robert Piaskowski, Pe\u0142nomocnik Prezydenta Miasta Krakowa ds. Kultury<\/p>\n\n\n\n<p class=\" eplus-wrapper\">Andrew Potts, Doradca ds. dziedzictwa i dzia\u0142a\u0144 klimatycznych w Europa Nostra<\/p>\n\n\n\n<p class=\" eplus-wrapper\">Prowadzenie: Sne\u0161ka Quaedvlieg-Mihailovic, Sekretarz Generalna Europa Nostra<\/p>\n\n\n\n<div style=\"height:34px\" aria-hidden=\"true\" class=\" wp-block-spacer eplus-wrapper\"><\/div>\n\n\n\n<p class=\" eplus-wrapper\"><strong>Noty biograficzne<\/strong><\/p>\n\n\n\n<p class=\" eplus-wrapper\"><strong>Dr Katarzyna Jagodzi\u0144ska<\/strong> jest adiunktk\u0105 w Instytucie Studi\u00f3w Europejskich Uniwersytetu Jagiello\u0144skiego w Krakowie, kierowniczk\u0105 Europa Nostra Heritage Hub w Krakowie i pierwsz\u0105 dyrektork\u0105 ds. programowych w Muzeum Zabawek w Krakowie. Wcze\u015bniej pracowa\u0142a na r\u00f3\u017cnych stanowiskach w Mi\u0119dzynarodowym Centrum Kultury w Krakowie. Jest historyczk\u0105 sztuki i dziennikark\u0105, specjalizuje si\u0119 w muzealnictwie i dziedzictwie kulturowym. Jej obecny projekt badawczy dotyczy partycypacji i demokratyzacji muze\u00f3w. Autorka pi\u0119ciu ksi\u0105\u017cek o muzeach (m.in. \u201eMuseums and Centers of Contemporary Art in Central Europe after 1989\u201d, Routledge, 2020) oraz wsp\u00f3\u0142autorka raportu Europa Nostra \u201eCultural Heritage Counts for Europe\u201d.<\/p>\n\n\n\n<p class=\" eplus-wrapper\"><strong>Dr Aleksandra Janus<\/strong> jest doktork\u0105 antropologii, badaczk\u0105, inicjatork\u0105 wielu projekt\u00f3w artystycznych i kulturalnych, wsp\u00f3\u0142dyrektork\u0105 i cz\u0142onkini\u0105 zarz\u0105du Centrum Cyfrowego, prezesk\u0105 Fundacji Zapomniane, kuratork\u0105 programu \u201eExercising modernity\u201d. Jest wsp\u00f3\u0142pracowniczk\u0105 O\u015brodka Bada\u0144 nad Kulturami Pami\u0119ci UJ oraz mi\u0119dzynarodowego projektu \u201eThinking Through the Museum\u201d. W swojej pracy akademickiej i tw\u00f3rczej zajmuje si\u0119 badaniem kultur pami\u0119ci, strategii upami\u0119tniania oraz roli instytucji w procesie instytucjonalizacji dyskurs\u00f3w na temat przesz\u0142o\u015bci, a tak\u017ce interwencjami we wsp\u00f3\u0142czesne krajobrazy pami\u0119ci. Wsp\u00f3\u0142za\u0142o\u017cycielka dw\u00f3ch inicjatyw na rzecz dzia\u0142a\u0144 muze\u00f3w w obliczu kryzysu klimatycznego: grupy Muzea dla Klimatu oraz kolektywu Kultura dla Klimatu.<\/p>\n\n\n\n<p class=\" eplus-wrapper\"><strong>Robert Piaskowski<\/strong> jest Pe\u0142nomocnikiem Prezydenta Miasta Krakowa ds. Kultury, dyrektorem ds. rozwoju strategicznego w Wydziale Kultury i Dziedzictwa Narodowego Urz\u0119du Miasta Krakowa, menad\u017cerem, animatorem kultury i socjologiem. Studiowa\u0142 literatur\u0119, socjologi\u0119, nauki spo\u0142eczne i dyplomacj\u0119 kulturaln\u0105 na Uniwersytecie Jagiello\u0144skim, University of Provence Aix-Marseille oraz w Collegium Civitas w Warszawie. Jest wsp\u00f3\u0142autorem Polityki Kulturalnej Krakowa i odpowiada za realizacj\u0119 sztandarowych program\u00f3w bran\u017cowych dla poszczeg\u00f3lnych sektor\u00f3w kultury. W imieniu Prezydenta Miasta Krakowa odpowiada za wspieranie krakowskiego sektora kulturalnego na rzecz ogarni\u0119tej wojn\u0105 Ukrainy i jej dziedzictwa kulturowego.<\/p>\n\n\n\n<p class=\" eplus-wrapper\"><strong>Andrew Potts<\/strong> jest doradc\u0105 ds. dziedzictwa i dzia\u0142a\u0144 klimatycznych w Europa Nostra i Europejskiego Hubu Dziedzictwa. Przed do\u0142\u0105czeniem do Europa Nostra Andrew koordynowa\u0142 Sekretariatem Sieci Dziedzictwa Klimatycznego (Climate Heritage Network). Jego wsp\u00f3\u0142praca z sieci\u0105 jest kontynuowana w Europa Nostra, kt\u00f3ra wsp\u00f3\u0142przewodniczy europejskiej Sieci Dziedzictwa Klimatycznego. Wcze\u015bniej Andrew by\u0142 koordynatorem Grupy Roboczej ICOMOS ds. Zmian Klimatu i Dziedzictwa. Z wykszta\u0142cenia prawnik, jego praktyka prawnicza pocz\u0105tkowo skupia\u0142a si\u0119 na organizowaniu finans\u00f3w publicznych i prywatnych na potrzeby adaptacji budynk\u00f3w historycznych do nowych funkcji.<\/p>\n\n\n\n<p class=\" eplus-wrapper\"><strong>Sne\u0161ka Quaedvlieg-Mihailovic<\/strong> po\u015bwi\u0119ci\u0142a swoje \u017cycie obronie wsp\u00f3lnych warto\u015bci i dziedzictwa kulturowego Europy. Od ponad trzydziestu lat pracuje dla Europa Nostra, a w 2000 r. zosta\u0142a mianowana Sekretarz Generaln\u0105 tej organizacji. Regularnie wsp\u00f3\u0142pracuje ze wszystkimi instytucjami Unii Europejskiej, Rad\u0105 Europy, UNESCO oraz licznymi podmiotami publicznymi i prywatnymi zaanga\u017cowanymi w dziedzictwo kulturowe. Anga\u017cuje si\u0119 tak\u017ce w dzia\u0142ania na rzecz klimatu, b\u0119d\u0105c regionaln\u0105 wsp\u00f3\u0142przewodnicz\u0105c\u0105 Sieci Dziedzictwa Klimatycznego (Climate Heritage Network). Absolwentka prawa mi\u0119dzynarodowego (Belgrad) oraz studi\u00f3w podyplomowych z zakresu prawa europejskiego i polityki (Nancy).<\/p>\n<\/div><\/div>\n\n<div class=\"is-style-section-container wp-block-group alignfull has-blue-light-background-color has-background eplus-wrapper is-layout-constrained wp-block-group-is-layout-constrained eplus-styles-uid-4c6cdd\"><div class=\"wp-block-group alignfull eplus-wrapper is-layout-constrained wp-block-group-is-layout-constrained eplus-styles-uid-6cd479\">\n<div class=\"wp-block-group eplus-wrapper is-layout-constrained wp-block-group-is-layout-constrained\"><h3 class=\" wp-block-heading has-text-align-center eplus-wrapper eplus-styles-uid-0581b0\"><a href=\"https:\/\/www.youtube.com\/watch?v=HXxjKmztewA\" data-rel=\"lightbox-video-0\">Ogl\u0105daj tutaj<\/a><\/h3><\/div>\n<\/div><\/div>","protected":false},"excerpt":{"rendered":"<p>Panel zorganizowany w ramach mi\u0119dzynarodowego projektu European Heritage Hub zapoznaje uczestnik\u00f3w z koncepcj\u0105 potr\u00f3jnej transformacji oraz przedstawia cele projektu zmierzaj\u0105ce do podniesienia potencja\u0142u europejskiego ekosystemu dziedzictwa w zakresie w\u0142\u0105czenia spo\u0142ecznego i sprawiedliwej transformacji, zr\u00f3wnowa\u017conej transformacji cyfrowej, a tak\u017ce adaptacji i rozwoju w obliczu skutk\u00f3w zmiany klimatycznej.<\/p>\n","protected":false},"featured_media":642,"template":"","meta":{"_acf_changed":false,"editor_plus_copied_stylings":"{}"},"categories":[125,98],"tags":[34],"class_list":["post-3728","project","type-project","status-publish","has-post-thumbnail","hentry","category-heritage-conversations-pl","category-lekcje","tag-dyskusja"],"acf":false,"yoast_head":"<!-- This site is optimized with the Yoast SEO plugin v23.8 - https:\/\/yoast.com\/wordpress\/plugins\/seo\/ -->\n<title>Potr\u00f3jna transformacja dla dziedzictwa: zielona-cyfrowa-spo\u0142eczna - Europa Nostra<\/title>\n<meta name=\"description\" content=\"Panel zorganizowany w ramach mi\u0119dzynarodowego projektu European Heritage Hub zapoznaje uczestnik\u00f3w z koncepcj\u0105 potr\u00f3jnej transformacji oraz przedstawia cele projektu zmierzaj\u0105ce do podniesienia potencja\u0142u europejskiego ekosystemu dziedzictwa w zakresie w\u0142\u0105czenia spo\u0142ecznego i sprawiedliwej transformacji, zr\u00f3wnowa\u017conej transformacji cyfrowej, a tak\u017ce adaptacji i rozwoju w obliczu skutk\u00f3w zmiany klimatycznej.\" \/>\n<meta name=\"robots\" content=\"index, follow, max-snippet:-1, max-image-preview:large, max-video-preview:-1\" \/>\n<link rel=\"canonical\" href=\"https:\/\/heritagehubkrakow.org\/pl\/project\/potrojna-transformacja-dla-dziedzictwa-zielona-cyfrowa-spoleczna\/\" \/>\n<meta property=\"og:locale\" content=\"pl_PL\" \/>\n<meta property=\"og:type\" content=\"article\" \/>\n<meta property=\"og:title\" content=\"Potr\u00f3jna transformacja dla dziedzictwa: zielona-cyfrowa-spo\u0142eczna - Europa Nostra\" \/>\n<meta property=\"og:description\" content=\"Panel zorganizowany w ramach mi\u0119dzynarodowego projektu European Heritage Hub zapoznaje uczestnik\u00f3w z koncepcj\u0105 potr\u00f3jnej transformacji oraz przedstawia cele projektu zmierzaj\u0105ce do podniesienia potencja\u0142u europejskiego ekosystemu dziedzictwa w zakresie w\u0142\u0105czenia spo\u0142ecznego i sprawiedliwej transformacji, zr\u00f3wnowa\u017conej transformacji cyfrowej, a tak\u017ce adaptacji i rozwoju w obliczu skutk\u00f3w zmiany klimatycznej.\" \/>\n<meta property=\"og:url\" content=\"https:\/\/heritagehubkrakow.org\/pl\/project\/potrojna-transformacja-dla-dziedzictwa-zielona-cyfrowa-spoleczna\/\" \/>\n<meta property=\"og:site_name\" content=\"Europa Nostra\" \/>\n<meta property=\"article:modified_time\" content=\"2023-12-29T22:39:39+00:00\" \/>\n<meta property=\"og:image\" content=\"https:\/\/heritagehubkrakow.org\/wp-content\/uploads\/2023\/01\/photo6.jpg\" \/>\n\t<meta property=\"og:image:width\" content=\"480\" \/>\n\t<meta property=\"og:image:height\" content=\"480\" \/>\n\t<meta property=\"og:image:type\" content=\"image\/jpeg\" \/>\n<meta name=\"twitter:card\" content=\"summary_large_image\" \/>\n<meta name=\"twitter:label1\" content=\"Szacowany czas czytania\" \/>\n\t<meta name=\"twitter:data1\" content=\"4 minuty\" \/>\n<script type=\"application\/ld+json\" class=\"yoast-schema-graph\">{\"@context\":\"https:\/\/schema.org\",\"@graph\":[{\"@type\":\"WebPage\",\"@id\":\"https:\/\/heritagehubkrakow.org\/pl\/project\/potrojna-transformacja-dla-dziedzictwa-zielona-cyfrowa-spoleczna\/\",\"url\":\"https:\/\/heritagehubkrakow.org\/pl\/project\/potrojna-transformacja-dla-dziedzictwa-zielona-cyfrowa-spoleczna\/\",\"name\":\"Potr\u00f3jna transformacja dla dziedzictwa: zielona-cyfrowa-spo\u0142eczna - Europa Nostra\",\"isPartOf\":{\"@id\":\"https:\/\/heritagehubkrakow.org\/pl\/#website\"},\"primaryImageOfPage\":{\"@id\":\"https:\/\/heritagehubkrakow.org\/pl\/project\/potrojna-transformacja-dla-dziedzictwa-zielona-cyfrowa-spoleczna\/#primaryimage\"},\"image\":{\"@id\":\"https:\/\/heritagehubkrakow.org\/pl\/project\/potrojna-transformacja-dla-dziedzictwa-zielona-cyfrowa-spoleczna\/#primaryimage\"},\"thumbnailUrl\":\"https:\/\/heritagehubkrakow.org\/wp-content\/uploads\/2023\/01\/photo6.jpg\",\"datePublished\":\"2023-12-29T15:13:19+00:00\",\"dateModified\":\"2023-12-29T22:39:39+00:00\",\"description\":\"Panel zorganizowany w ramach mi\u0119dzynarodowego projektu European Heritage Hub zapoznaje uczestnik\u00f3w z koncepcj\u0105 potr\u00f3jnej transformacji oraz przedstawia cele projektu zmierzaj\u0105ce do podniesienia potencja\u0142u europejskiego ekosystemu dziedzictwa w zakresie w\u0142\u0105czenia spo\u0142ecznego i sprawiedliwej transformacji, zr\u00f3wnowa\u017conej transformacji cyfrowej, a tak\u017ce adaptacji i rozwoju w obliczu skutk\u00f3w zmiany klimatycznej.\",\"breadcrumb\":{\"@id\":\"https:\/\/heritagehubkrakow.org\/pl\/project\/potrojna-transformacja-dla-dziedzictwa-zielona-cyfrowa-spoleczna\/#breadcrumb\"},\"inLanguage\":\"pl-PL\",\"potentialAction\":[{\"@type\":\"ReadAction\",\"target\":[\"https:\/\/heritagehubkrakow.org\/pl\/project\/potrojna-transformacja-dla-dziedzictwa-zielona-cyfrowa-spoleczna\/\"]}]},{\"@type\":\"ImageObject\",\"inLanguage\":\"pl-PL\",\"@id\":\"https:\/\/heritagehubkrakow.org\/pl\/project\/potrojna-transformacja-dla-dziedzictwa-zielona-cyfrowa-spoleczna\/#primaryimage\",\"url\":\"https:\/\/heritagehubkrakow.org\/wp-content\/uploads\/2023\/01\/photo6.jpg\",\"contentUrl\":\"https:\/\/heritagehubkrakow.org\/wp-content\/uploads\/2023\/01\/photo6.jpg\",\"width\":480,\"height\":480},{\"@type\":\"BreadcrumbList\",\"@id\":\"https:\/\/heritagehubkrakow.org\/pl\/project\/potrojna-transformacja-dla-dziedzictwa-zielona-cyfrowa-spoleczna\/#breadcrumb\",\"itemListElement\":[{\"@type\":\"ListItem\",\"position\":1,\"name\":\"Homepage\",\"item\":\"https:\/\/heritagehubkrakow.org\/pl\/\"},{\"@type\":\"ListItem\",\"position\":2,\"name\":\"Potr\u00f3jna transformacja dla dziedzictwa: zielona-cyfrowa-spo\u0142eczna\"}]},{\"@type\":\"WebSite\",\"@id\":\"https:\/\/heritagehubkrakow.org\/pl\/#website\",\"url\":\"https:\/\/heritagehubkrakow.org\/pl\/\",\"name\":\"Europa Nostra\",\"description\":\"Heritage Hub for Central and Eastern Europe\",\"publisher\":{\"@id\":\"https:\/\/heritagehubkrakow.org\/pl\/#organization\"},\"potentialAction\":[{\"@type\":\"SearchAction\",\"target\":{\"@type\":\"EntryPoint\",\"urlTemplate\":\"https:\/\/heritagehubkrakow.org\/pl\/?s={search_term_string}\"},\"query-input\":{\"@type\":\"PropertyValueSpecification\",\"valueRequired\":true,\"valueName\":\"search_term_string\"}}],\"inLanguage\":\"pl-PL\"},{\"@type\":\"Organization\",\"@id\":\"https:\/\/heritagehubkrakow.org\/pl\/#organization\",\"name\":\"Europa Nostra\",\"url\":\"https:\/\/heritagehubkrakow.org\/pl\/\",\"logo\":{\"@type\":\"ImageObject\",\"inLanguage\":\"pl-PL\",\"@id\":\"https:\/\/heritagehubkrakow.org\/pl\/#\/schema\/logo\/image\/\",\"url\":\"https:\/\/heritagehubkrakow.org\/wp-content\/uploads\/2023\/01\/europa-logo.png\",\"contentUrl\":\"https:\/\/heritagehubkrakow.org\/wp-content\/uploads\/2023\/01\/europa-logo.png\",\"width\":218,\"height\":237,\"caption\":\"Europa Nostra\"},\"image\":{\"@id\":\"https:\/\/heritagehubkrakow.org\/pl\/#\/schema\/logo\/image\/\"}}]}<\/script>\n<!-- \/ Yoast SEO plugin. -->","yoast_head_json":{"title":"Potr\u00f3jna transformacja dla dziedzictwa: zielona-cyfrowa-spo\u0142eczna - Europa Nostra","description":"Panel zorganizowany w ramach mi\u0119dzynarodowego projektu European Heritage Hub zapoznaje uczestnik\u00f3w z koncepcj\u0105 potr\u00f3jnej transformacji oraz przedstawia cele projektu zmierzaj\u0105ce do podniesienia potencja\u0142u europejskiego ekosystemu dziedzictwa w zakresie w\u0142\u0105czenia spo\u0142ecznego i sprawiedliwej transformacji, zr\u00f3wnowa\u017conej transformacji cyfrowej, a tak\u017ce adaptacji i rozwoju w obliczu skutk\u00f3w zmiany klimatycznej.","robots":{"index":"index","follow":"follow","max-snippet":"max-snippet:-1","max-image-preview":"max-image-preview:large","max-video-preview":"max-video-preview:-1"},"canonical":"https:\/\/heritagehubkrakow.org\/pl\/project\/potrojna-transformacja-dla-dziedzictwa-zielona-cyfrowa-spoleczna\/","og_locale":"pl_PL","og_type":"article","og_title":"Potr\u00f3jna transformacja dla dziedzictwa: zielona-cyfrowa-spo\u0142eczna - Europa Nostra","og_description":"Panel zorganizowany w ramach mi\u0119dzynarodowego projektu European Heritage Hub zapoznaje uczestnik\u00f3w z koncepcj\u0105 potr\u00f3jnej transformacji oraz przedstawia cele projektu zmierzaj\u0105ce do podniesienia potencja\u0142u europejskiego ekosystemu dziedzictwa w zakresie w\u0142\u0105czenia spo\u0142ecznego i sprawiedliwej transformacji, zr\u00f3wnowa\u017conej transformacji cyfrowej, a tak\u017ce adaptacji i rozwoju w obliczu skutk\u00f3w zmiany klimatycznej.","og_url":"https:\/\/heritagehubkrakow.org\/pl\/project\/potrojna-transformacja-dla-dziedzictwa-zielona-cyfrowa-spoleczna\/","og_site_name":"Europa Nostra","article_modified_time":"2023-12-29T22:39:39+00:00","og_image":[{"width":480,"height":480,"url":"https:\/\/heritagehubkrakow.org\/wp-content\/uploads\/2023\/01\/photo6.jpg","type":"image\/jpeg"}],"twitter_card":"summary_large_image","twitter_misc":{"Szacowany czas czytania":"4 minuty"},"schema":{"@context":"https:\/\/schema.org","@graph":[{"@type":"WebPage","@id":"https:\/\/heritagehubkrakow.org\/pl\/project\/potrojna-transformacja-dla-dziedzictwa-zielona-cyfrowa-spoleczna\/","url":"https:\/\/heritagehubkrakow.org\/pl\/project\/potrojna-transformacja-dla-dziedzictwa-zielona-cyfrowa-spoleczna\/","name":"Potr\u00f3jna transformacja dla dziedzictwa: zielona-cyfrowa-spo\u0142eczna - Europa Nostra","isPartOf":{"@id":"https:\/\/heritagehubkrakow.org\/pl\/#website"},"primaryImageOfPage":{"@id":"https:\/\/heritagehubkrakow.org\/pl\/project\/potrojna-transformacja-dla-dziedzictwa-zielona-cyfrowa-spoleczna\/#primaryimage"},"image":{"@id":"https:\/\/heritagehubkrakow.org\/pl\/project\/potrojna-transformacja-dla-dziedzictwa-zielona-cyfrowa-spoleczna\/#primaryimage"},"thumbnailUrl":"https:\/\/heritagehubkrakow.org\/wp-content\/uploads\/2023\/01\/photo6.jpg","datePublished":"2023-12-29T15:13:19+00:00","dateModified":"2023-12-29T22:39:39+00:00","description":"Panel zorganizowany w ramach mi\u0119dzynarodowego projektu European Heritage Hub zapoznaje uczestnik\u00f3w z koncepcj\u0105 potr\u00f3jnej transformacji oraz przedstawia cele projektu zmierzaj\u0105ce do podniesienia potencja\u0142u europejskiego ekosystemu dziedzictwa w zakresie w\u0142\u0105czenia spo\u0142ecznego i sprawiedliwej transformacji, zr\u00f3wnowa\u017conej transformacji cyfrowej, a tak\u017ce adaptacji i rozwoju w obliczu skutk\u00f3w zmiany klimatycznej.","breadcrumb":{"@id":"https:\/\/heritagehubkrakow.org\/pl\/project\/potrojna-transformacja-dla-dziedzictwa-zielona-cyfrowa-spoleczna\/#breadcrumb"},"inLanguage":"pl-PL","potentialAction":[{"@type":"ReadAction","target":["https:\/\/heritagehubkrakow.org\/pl\/project\/potrojna-transformacja-dla-dziedzictwa-zielona-cyfrowa-spoleczna\/"]}]},{"@type":"ImageObject","inLanguage":"pl-PL","@id":"https:\/\/heritagehubkrakow.org\/pl\/project\/potrojna-transformacja-dla-dziedzictwa-zielona-cyfrowa-spoleczna\/#primaryimage","url":"https:\/\/heritagehubkrakow.org\/wp-content\/uploads\/2023\/01\/photo6.jpg","contentUrl":"https:\/\/heritagehubkrakow.org\/wp-content\/uploads\/2023\/01\/photo6.jpg","width":480,"height":480},{"@type":"BreadcrumbList","@id":"https:\/\/heritagehubkrakow.org\/pl\/project\/potrojna-transformacja-dla-dziedzictwa-zielona-cyfrowa-spoleczna\/#breadcrumb","itemListElement":[{"@type":"ListItem","position":1,"name":"Homepage","item":"https:\/\/heritagehubkrakow.org\/pl\/"},{"@type":"ListItem","position":2,"name":"Potr\u00f3jna transformacja dla dziedzictwa: zielona-cyfrowa-spo\u0142eczna"}]},{"@type":"WebSite","@id":"https:\/\/heritagehubkrakow.org\/pl\/#website","url":"https:\/\/heritagehubkrakow.org\/pl\/","name":"Europa Nostra","description":"Heritage Hub for Central and Eastern Europe","publisher":{"@id":"https:\/\/heritagehubkrakow.org\/pl\/#organization"},"potentialAction":[{"@type":"SearchAction","target":{"@type":"EntryPoint","urlTemplate":"https:\/\/heritagehubkrakow.org\/pl\/?s={search_term_string}"},"query-input":{"@type":"PropertyValueSpecification","valueRequired":true,"valueName":"search_term_string"}}],"inLanguage":"pl-PL"},{"@type":"Organization","@id":"https:\/\/heritagehubkrakow.org\/pl\/#organization","name":"Europa Nostra","url":"https:\/\/heritagehubkrakow.org\/pl\/","logo":{"@type":"ImageObject","inLanguage":"pl-PL","@id":"https:\/\/heritagehubkrakow.org\/pl\/#\/schema\/logo\/image\/","url":"https:\/\/heritagehubkrakow.org\/wp-content\/uploads\/2023\/01\/europa-logo.png","contentUrl":"https:\/\/heritagehubkrakow.org\/wp-content\/uploads\/2023\/01\/europa-logo.png","width":218,"height":237,"caption":"Europa Nostra"},"image":{"@id":"https:\/\/heritagehubkrakow.org\/pl\/#\/schema\/logo\/image\/"}}]}},"_links":{"self":[{"href":"https:\/\/heritagehubkrakow.org\/pl\/wp-json\/wp\/v2\/project\/3728","targetHints":{"allow":["GET"]}}],"collection":[{"href":"https:\/\/heritagehubkrakow.org\/pl\/wp-json\/wp\/v2\/project"}],"about":[{"href":"https:\/\/heritagehubkrakow.org\/pl\/wp-json\/wp\/v2\/types\/project"}],"wp:featuredmedia":[{"embeddable":true,"href":"https:\/\/heritagehubkrakow.org\/pl\/wp-json\/wp\/v2\/media\/642"}],"wp:attachment":[{"href":"https:\/\/heritagehubkrakow.org\/pl\/wp-json\/wp\/v2\/media?parent=3728"}],"wp:term":[{"taxonomy":"category","embeddable":true,"href":"https:\/\/heritagehubkrakow.org\/pl\/wp-json\/wp\/v2\/categories?post=3728"},{"taxonomy":"post_tag","embeddable":true,"href":"https:\/\/heritagehubkrakow.org\/pl\/wp-json\/wp\/v2\/tags?post=3728"}],"curies":[{"name":"wp","href":"https:\/\/api.w.org\/{rel}","templated":true}]}}