{"id":4063,"date":"2024-02-15T13:54:43","date_gmt":"2024-02-15T13:54:43","guid":{"rendered":"https:\/\/heritagehubkrakow.org\/project\/vyshyvanka-ukrainski-haftowany-aktywizm\/"},"modified":"2024-02-29T14:51:17","modified_gmt":"2024-02-29T14:51:17","slug":"vyshyvanka-ukrainski-haftowany-aktywizm","status":"publish","type":"project","link":"https:\/\/heritagehubkrakow.org\/pl\/project\/vyshyvanka-ukrainski-haftowany-aktywizm\/","title":{"rendered":"Vyshyvanka: ukrai\u0144ski haftowany aktywizm"},"content":{"rendered":"<div class=\"is-style-section-container, has-white-text is-style-section-container wp-block-group alignfull has-red-background-color has-background eplus-wrapper is-layout-constrained wp-block-group-is-layout-constrained eplus-styles-uid-6f219c\"><div class=\"is-style-section-container wp-block-group alignfull eplus-wrapper is-layout-constrained wp-block-group-is-layout-constrained eplus-styles-uid-38b380\"><div class=\"has-white-text wp-block-group alignfull has-white-color has-text-color eplus-wrapper is-layout-constrained wp-block-group-is-layout-constrained eplus-styles-uid-0ed7c1\"><h1 class=\" wp-block-heading has-text-align-center eplus-wrapper eplus-styles-uid-49faf1\"><strong>Vyshyvanka: ukrai\u0144ski haftowany aktywizm<\/strong><\/h1>\n\n<div class=\"yoast-breadcrumbs\"><span><span><a href=\"https:\/\/heritagehubkrakow.org\/pl\/\">Homepage<\/a><\/span> &#8211; <span class=\"breadcrumb_last\" aria-current=\"page\">Vyshyvanka: ukrai\u0144ski haftowany aktywizm<\/span><\/span><\/div><\/div><\/div><\/div><div class=\"is-style-section-container wp-block-group alignfull has-green-dark-background-color has-background eplus-wrapper is-layout-constrained wp-block-group-is-layout-constrained eplus-styles-uid-4c6cdd\"><div class=\"wp-block-group alignfull eplus-wrapper is-layout-constrained wp-block-group-is-layout-constrained eplus-styles-uid-24f6f4\">\n<div class=\"wp-block-group eplus-wrapper is-layout-constrained wp-block-group-is-layout-constrained\"><div class=\"wp-block-group eplus-wrapper is-content-justification-center is-layout-flex wp-container-core-group-is-layout-8ee2ad45 wp-block-group-is-layout-flex eplus-styles-uid-117bd0\"><div class=\"article-date wp-block-post-date\"><time datetime=\"2024-02-15T13:54:43+00:00\">15 lutego 2024<\/time><\/div><\/div>\n\n<div class=\"wp-block-group eplus-wrapper is-layout-constrained wp-block-group-is-layout-constrained eplus-styles-uid-ba2e4b\"><div class=\"taxonomy-post_tag has-text-align-center article-tags wp-block-post-terms eplus-styles-uid-d35575\"><a href=\"https:\/\/heritagehubkrakow.org\/pl\/tag\/podcast-pl\/\" rel=\"tag\">Podcast<\/a><span class=\"wp-block-post-terms__separator\"> <\/span><a href=\"https:\/\/heritagehubkrakow.org\/pl\/tag\/ukraine-pl\/\" rel=\"tag\">Ukraina<\/a><\/div><\/div>\n\n\n<h3 class=\" wp-block-heading has-text-align-center eplus-wrapper\"><strong><strong>Ukraine Heritage Spotlight 0<\/strong><\/strong>3 <\/h3>\n\n\n\n<p class=\" eplus-wrapper\"><\/p>\n\n\n\n<div style=\"height:30px\" aria-hidden=\"true\" class=\" wp-block-spacer eplus-wrapper\"><\/div>\n\n\n\n<h3 class=\" wp-block-heading has-text-align-center eplus-wrapper\"><strong>Vyshyvanka: ukrai\u0144ski haftowany aktywizm<\/strong><\/h3>\n\n\n\n<div style=\"height:30px\" aria-hidden=\"true\" class=\" wp-block-spacer eplus-wrapper\"><\/div>\n\n\n\n<p class=\" eplus-wrapper\"><strong>Vyshyvanka to tradycyjny haft ukrai\u0144ski. Kolorowe wzory na koszulach i innych elementach odzie\u017cy to jednak co\u015b wi\u0119cej ni\u017c tylko pi\u0119kny ornament i wysokie umiej\u0119tno\u015bci rzemie\u015blnicze. W naszym najnowszym podca\u015bcie \u2013 d\u017awi\u0119kowym reporta\u017cu przygl\u0105damy si\u0119, w jaki spos\u00f3b wyszywanki nabra\u0142y obecnie g\u0142\u0119bszej symboliki.<\/strong><\/p>\n\n\n\n<p class=\" eplus-wrapper\">Wyszywanki zawsze mia\u0142y znaczenie symboliczne, odnosz\u0105ce si\u0119 do dobrobytu, szcz\u0119\u015bcia i ochrony. Aktualnie, w czasie wojny z Rosj\u0105, ich symbolika sta\u0142a si\u0119 jeszcze g\u0142\u0119bsza \u2013 oznaczaj\u0105 kontynuacj\u0119 ukrai\u0144skiej kultury w obliczu niszczenia dziedzictwa kulturowego.<\/p>\n\n\n\n<p class=\" eplus-wrapper\">Ukrai\u0144cy wierz\u0105, \u017ce wyszywanki maj\u0105 magiczn\u0105 moc, dlatego zabieraj\u0105 je ze sob\u0105 jako znak ochrony. Podobnie \u017co\u0142nierze, kt\u00f3rzy id\u0105 w haftowanych koszulach na wojn\u0119. Wojna wprowadzi\u0142a nowe wojskowe tkaniny i wzory \u2013 obok motyw\u00f3w geometrycznych i ro\u015blinnych zacz\u0119\u0142y pojawia\u0107 si\u0119 r\u00f3wnie\u017c wzory czo\u0142g\u00f3w, dron\u00f3w i bomb.<\/p>\n\n\n\n<p class=\" eplus-wrapper\">Naszym przewodnikiem pomagaj\u0105cym nam odkrywa\u0107 znaczenie i warto\u015bci tego cennego niematerialnego dziedzictwa Ukrainy jest dr Lesia Voroniuk, prezeska organizacji pozarz\u0105dowej <strong><a target=\"_blank\" href=\"https:\/\/www.denvyshyvanky.com\/\" rel=\"noreferrer noopener\">\u015awiatowy Dzie\u0144 Wyszywanki<\/a><\/strong> oraz wsp\u00f3\u0142tw\u00f3rczyni Muzeum Ukrai\u0144skiej Haftowanej Koszuli w Czerniowcach. \u015awiatowy Dzie\u0144 Wyszywanki w 2022 roku otrzyma\u0142 <strong><a target=\"_blank\" href=\"https:\/\/www.europanostra.org\/world-vyshyvanka-day-celebrates-their-european-heritage-award-europa-nostra-award-in-chernivtsi-ukraine\/\" rel=\"noreferrer noopener\">Europejsk\u0105 Nagrod\u0119 Dziedzictwa | Nagrod\u0119 Europa Nostra<\/a><\/strong>. Znacz\u0105co zwi\u0119kszy\u0142o to jego rozpoznawalno\u015b\u0107 w Europie.<\/p>\n\n\n\n<p class=\" eplus-wrapper\"><\/p>\n\n\n\n<p class=\" eplus-wrapper\"><\/p>\n\n\n\n<p class=\" eplus-wrapper\"><\/p>\n\n\n\n<p class=\" eplus-wrapper\"><\/p>\n\n\n\n<p class=\" eplus-wrapper\"><\/p>\n\n\n\n<p class=\" eplus-wrapper\"><em><em>Produkcja i prowadzenie John Beauchamp, wsp\u00f3\u0142produkcja: Dr Katarzyna Jagodzi\u0144ska, kierowniczka Europa Nostra Heritage Hub w Krakowie.<\/em><\/em><\/p>\n\n\n\n<div style=\"height:30px\" aria-hidden=\"true\" class=\" wp-block-spacer eplus-wrapper\"><\/div>\n\n\n\n<p class=\" eplus-wrapper\">Jednocze\u015bnie zapraszamy do <a href=\"https:\/\/heritagehubkrakow.org\/pl\/project\/vyshyvanka-haftowany-aktywizm\/\">obejrzenia rozmowy<\/a> z dr Lesi\u0105 Voroniuk, kt\u00f3r\u0105 go\u015bcili\u015bmy u nas w Hubie 15 grudnia 2023 roku. Podczas spotkania rozmawiali\u015bmy na podobny temat umiejscawiaj\u0105c wyszywank\u0119 w szerszym kontek\u015bcie kulturowym, spo\u0142ecznym i artystycznym. Spotkaniu towarzyszy\u0142a promocja etnograficznego albumu fotograficznego <strong>&#8222;Imperishable. Ukrainian state symbols in the folk embroidery and weaving&#8221;.<\/strong>.<\/p>\n\n\n\n<div class=\"wp-block-buttons eplus-wrapper is-layout-flex wp-block-buttons-is-layout-flex\"><\/div>\n<\/div>\n\n\n\n<div class=\"wp-block-group eplus-wrapper is-layout-constrained wp-block-group-is-layout-constrained\">\n<iframe loading=\"lazy\" height=\"200px\" width=\"100%\" frameborder=\"no\" scrolling=\"no\" seamless=\"\" src=\"https:\/\/player.simplecast.com\/3d5756e3-305c-4ea7-b435-4fb9ef64dec5?dark=false\"><\/iframe>\n\n\n\n<div style=\"height:48px\" aria-hidden=\"true\" class=\" wp-block-spacer eplus-wrapper\"><\/div>\n\n\n\n<div class=\"wp-block-buttons eplus-wrapper is-layout-flex wp-block-buttons-is-layout-flex\"><div class=\" wp-block-button eplus-wrapper eplus-styles-uid-0b6953\"><a class=\"wp-block-button__link wp-element-button\" href=\"https:\/\/heritagehubkrakow.org\/pl\/holistic-heritage\/\">Holistic Heritage Podcasty<\/a><\/div><\/div>\n\n\n\n<div style=\"height:42px\" aria-hidden=\"true\" class=\" wp-block-spacer eplus-wrapper\"><\/div>\n<\/div>\n\n\n\n<div class=\"wp-block-buttons eplus-wrapper is-layout-flex wp-block-buttons-is-layout-flex\"><div class=\" wp-block-button eplus-wrapper eplus-styles-uid-05e847\"><a class=\"wp-block-button__link wp-element-button\" href=\"https:\/\/open.spotify.com\/show\/6TmfshJuoQNzr91xwuCgJj\" target=\"_blank\" rel=\"noreferrer noopener\">\u015aled\u017a nas na SPOTIFY<\/a><\/div><\/div>\n<\/div><\/div><div class=\"is-style-section-container wp-block-group alignfull has-blue-light-background-color has-background eplus-wrapper is-layout-constrained wp-block-group-is-layout-constrained eplus-styles-uid-4c6cdd\"><div class=\"wp-block-group alignfull eplus-wrapper is-layout-constrained wp-block-group-is-layout-constrained eplus-styles-uid-6cd479\">\n<div class=\"wp-block-group eplus-wrapper is-layout-constrained wp-block-group-is-layout-constrained\"><h3 class=\" wp-block-heading has-text-align-center eplus-wrapper eplus-styles-uid-0581b0\"><\/h3><\/div>\n<\/div><\/div>","protected":false},"excerpt":{"rendered":"<p>Vyshyvanka to tradycyjny haft ukrai\u0144ski. Kolorowe wzory na koszulach i innych elementach odzie\u017cy to jednak co\u015b wi\u0119cej ni\u017c tylko pi\u0119kny ornament i wysokie umiej\u0119tno\u015bci rzemie\u015blnicze. W naszym najnowszym podca\u015bcie \u2013 d\u017awi\u0119kowym reporta\u017cu przygl\u0105damy si\u0119, w jaki spos\u00f3b wyszywanki nabra\u0142y obecnie g\u0142\u0119bszej symboliki.<\/p>\n","protected":false},"featured_media":0,"template":"","meta":{"_acf_changed":false,"editor_plus_copied_stylings":"{}"},"categories":[111],"tags":[109,117],"class_list":["post-4063","project","type-project","status-publish","hentry","category-podcast-pl","tag-podcast-pl","tag-ukraine-pl"],"acf":false,"yoast_head":"<!-- This site is optimized with the Yoast SEO plugin v23.8 - https:\/\/yoast.com\/wordpress\/plugins\/seo\/ -->\n<title>Vyshyvanka: ukrai\u0144ski haftowany aktywizm - Europa Nostra<\/title>\n<meta name=\"description\" content=\"Jak wygl\u0105da sytuacja wsp\u00f3\u0142czesnego \u015bwiata artystycznego na Ukrainie w czasie wojny? Czy wojna widoczna jest we wsp\u00f3\u0142czesnej praktyce artystycznej w przestrzeni publicznej? Artur Wabik, artysta wizualny specjalizuj\u0105cy si\u0119 w muralach i graffiti, kurator, menad\u017cer projekt\u00f3w kulturalnych realizowanych w Krakowie, dzieli si\u0119 swoim spojrzeniem na ukrai\u0144skie instytucje, wystawy, projekty i kariery artystyczne podkre\u015blaj\u0105c to jak wygl\u0105daj\u0105 one dzisiaj.\" \/>\n<meta name=\"robots\" content=\"index, follow, max-snippet:-1, max-image-preview:large, max-video-preview:-1\" \/>\n<link rel=\"canonical\" href=\"https:\/\/heritagehubkrakow.org\/pl\/project\/vyshyvanka-ukrainski-haftowany-aktywizm\/\" \/>\n<meta property=\"og:locale\" content=\"pl_PL\" \/>\n<meta property=\"og:type\" content=\"article\" \/>\n<meta property=\"og:title\" content=\"Vyshyvanka: ukrai\u0144ski haftowany aktywizm - Europa Nostra\" \/>\n<meta property=\"og:description\" content=\"Jak wygl\u0105da sytuacja wsp\u00f3\u0142czesnego \u015bwiata artystycznego na Ukrainie w czasie wojny? Czy wojna widoczna jest we wsp\u00f3\u0142czesnej praktyce artystycznej w przestrzeni publicznej? Artur Wabik, artysta wizualny specjalizuj\u0105cy si\u0119 w muralach i graffiti, kurator, menad\u017cer projekt\u00f3w kulturalnych realizowanych w Krakowie, dzieli si\u0119 swoim spojrzeniem na ukrai\u0144skie instytucje, wystawy, projekty i kariery artystyczne podkre\u015blaj\u0105c to jak wygl\u0105daj\u0105 one dzisiaj.\" \/>\n<meta property=\"og:url\" content=\"https:\/\/heritagehubkrakow.org\/pl\/project\/vyshyvanka-ukrainski-haftowany-aktywizm\/\" \/>\n<meta property=\"og:site_name\" content=\"Europa Nostra\" \/>\n<meta property=\"article:modified_time\" content=\"2024-02-29T14:51:17+00:00\" \/>\n<meta property=\"og:image\" content=\"https:\/\/heritagehubkrakow.org\/wp-content\/uploads\/2024\/02\/TMHiZK_podcast_sociale-03.jpg\" \/>\n\t<meta property=\"og:image:width\" content=\"1200\" \/>\n\t<meta property=\"og:image:height\" content=\"1200\" \/>\n\t<meta property=\"og:image:type\" content=\"image\/jpeg\" \/>\n<meta name=\"twitter:card\" content=\"summary_large_image\" \/>\n<meta name=\"twitter:label1\" content=\"Szacowany czas czytania\" \/>\n\t<meta name=\"twitter:data1\" content=\"2 minuty\" \/>\n<script type=\"application\/ld+json\" class=\"yoast-schema-graph\">{\"@context\":\"https:\/\/schema.org\",\"@graph\":[{\"@type\":\"WebPage\",\"@id\":\"https:\/\/heritagehubkrakow.org\/pl\/project\/vyshyvanka-ukrainski-haftowany-aktywizm\/\",\"url\":\"https:\/\/heritagehubkrakow.org\/pl\/project\/vyshyvanka-ukrainski-haftowany-aktywizm\/\",\"name\":\"Vyshyvanka: ukrai\u0144ski haftowany aktywizm - Europa Nostra\",\"isPartOf\":{\"@id\":\"https:\/\/heritagehubkrakow.org\/pl\/#website\"},\"datePublished\":\"2024-02-15T13:54:43+00:00\",\"dateModified\":\"2024-02-29T14:51:17+00:00\",\"description\":\"Jak wygl\u0105da sytuacja wsp\u00f3\u0142czesnego \u015bwiata artystycznego na Ukrainie w czasie wojny? Czy wojna widoczna jest we wsp\u00f3\u0142czesnej praktyce artystycznej w przestrzeni publicznej? Artur Wabik, artysta wizualny specjalizuj\u0105cy si\u0119 w muralach i graffiti, kurator, menad\u017cer projekt\u00f3w kulturalnych realizowanych w Krakowie, dzieli si\u0119 swoim spojrzeniem na ukrai\u0144skie instytucje, wystawy, projekty i kariery artystyczne podkre\u015blaj\u0105c to jak wygl\u0105daj\u0105 one dzisiaj.\",\"breadcrumb\":{\"@id\":\"https:\/\/heritagehubkrakow.org\/pl\/project\/vyshyvanka-ukrainski-haftowany-aktywizm\/#breadcrumb\"},\"inLanguage\":\"pl-PL\",\"potentialAction\":[{\"@type\":\"ReadAction\",\"target\":[\"https:\/\/heritagehubkrakow.org\/pl\/project\/vyshyvanka-ukrainski-haftowany-aktywizm\/\"]}]},{\"@type\":\"BreadcrumbList\",\"@id\":\"https:\/\/heritagehubkrakow.org\/pl\/project\/vyshyvanka-ukrainski-haftowany-aktywizm\/#breadcrumb\",\"itemListElement\":[{\"@type\":\"ListItem\",\"position\":1,\"name\":\"Homepage\",\"item\":\"https:\/\/heritagehubkrakow.org\/pl\/\"},{\"@type\":\"ListItem\",\"position\":2,\"name\":\"Vyshyvanka: ukrai\u0144ski haftowany aktywizm\"}]},{\"@type\":\"WebSite\",\"@id\":\"https:\/\/heritagehubkrakow.org\/pl\/#website\",\"url\":\"https:\/\/heritagehubkrakow.org\/pl\/\",\"name\":\"Europa Nostra\",\"description\":\"Heritage Hub for Central and Eastern Europe\",\"publisher\":{\"@id\":\"https:\/\/heritagehubkrakow.org\/pl\/#organization\"},\"potentialAction\":[{\"@type\":\"SearchAction\",\"target\":{\"@type\":\"EntryPoint\",\"urlTemplate\":\"https:\/\/heritagehubkrakow.org\/pl\/?s={search_term_string}\"},\"query-input\":{\"@type\":\"PropertyValueSpecification\",\"valueRequired\":true,\"valueName\":\"search_term_string\"}}],\"inLanguage\":\"pl-PL\"},{\"@type\":\"Organization\",\"@id\":\"https:\/\/heritagehubkrakow.org\/pl\/#organization\",\"name\":\"Europa Nostra\",\"url\":\"https:\/\/heritagehubkrakow.org\/pl\/\",\"logo\":{\"@type\":\"ImageObject\",\"inLanguage\":\"pl-PL\",\"@id\":\"https:\/\/heritagehubkrakow.org\/pl\/#\/schema\/logo\/image\/\",\"url\":\"https:\/\/heritagehubkrakow.org\/wp-content\/uploads\/2023\/01\/europa-logo.png\",\"contentUrl\":\"https:\/\/heritagehubkrakow.org\/wp-content\/uploads\/2023\/01\/europa-logo.png\",\"width\":218,\"height\":237,\"caption\":\"Europa Nostra\"},\"image\":{\"@id\":\"https:\/\/heritagehubkrakow.org\/pl\/#\/schema\/logo\/image\/\"}}]}<\/script>\n<!-- \/ Yoast SEO plugin. -->","yoast_head_json":{"title":"Vyshyvanka: ukrai\u0144ski haftowany aktywizm - Europa Nostra","description":"Jak wygl\u0105da sytuacja wsp\u00f3\u0142czesnego \u015bwiata artystycznego na Ukrainie w czasie wojny? Czy wojna widoczna jest we wsp\u00f3\u0142czesnej praktyce artystycznej w przestrzeni publicznej? Artur Wabik, artysta wizualny specjalizuj\u0105cy si\u0119 w muralach i graffiti, kurator, menad\u017cer projekt\u00f3w kulturalnych realizowanych w Krakowie, dzieli si\u0119 swoim spojrzeniem na ukrai\u0144skie instytucje, wystawy, projekty i kariery artystyczne podkre\u015blaj\u0105c to jak wygl\u0105daj\u0105 one dzisiaj.","robots":{"index":"index","follow":"follow","max-snippet":"max-snippet:-1","max-image-preview":"max-image-preview:large","max-video-preview":"max-video-preview:-1"},"canonical":"https:\/\/heritagehubkrakow.org\/pl\/project\/vyshyvanka-ukrainski-haftowany-aktywizm\/","og_locale":"pl_PL","og_type":"article","og_title":"Vyshyvanka: ukrai\u0144ski haftowany aktywizm - Europa Nostra","og_description":"Jak wygl\u0105da sytuacja wsp\u00f3\u0142czesnego \u015bwiata artystycznego na Ukrainie w czasie wojny? Czy wojna widoczna jest we wsp\u00f3\u0142czesnej praktyce artystycznej w przestrzeni publicznej? Artur Wabik, artysta wizualny specjalizuj\u0105cy si\u0119 w muralach i graffiti, kurator, menad\u017cer projekt\u00f3w kulturalnych realizowanych w Krakowie, dzieli si\u0119 swoim spojrzeniem na ukrai\u0144skie instytucje, wystawy, projekty i kariery artystyczne podkre\u015blaj\u0105c to jak wygl\u0105daj\u0105 one dzisiaj.","og_url":"https:\/\/heritagehubkrakow.org\/pl\/project\/vyshyvanka-ukrainski-haftowany-aktywizm\/","og_site_name":"Europa Nostra","article_modified_time":"2024-02-29T14:51:17+00:00","og_image":[{"width":1200,"height":1200,"url":"https:\/\/heritagehubkrakow.org\/wp-content\/uploads\/2024\/02\/TMHiZK_podcast_sociale-03.jpg","type":"image\/jpeg"}],"twitter_card":"summary_large_image","twitter_misc":{"Szacowany czas czytania":"2 minuty"},"schema":{"@context":"https:\/\/schema.org","@graph":[{"@type":"WebPage","@id":"https:\/\/heritagehubkrakow.org\/pl\/project\/vyshyvanka-ukrainski-haftowany-aktywizm\/","url":"https:\/\/heritagehubkrakow.org\/pl\/project\/vyshyvanka-ukrainski-haftowany-aktywizm\/","name":"Vyshyvanka: ukrai\u0144ski haftowany aktywizm - Europa Nostra","isPartOf":{"@id":"https:\/\/heritagehubkrakow.org\/pl\/#website"},"datePublished":"2024-02-15T13:54:43+00:00","dateModified":"2024-02-29T14:51:17+00:00","description":"Jak wygl\u0105da sytuacja wsp\u00f3\u0142czesnego \u015bwiata artystycznego na Ukrainie w czasie wojny? Czy wojna widoczna jest we wsp\u00f3\u0142czesnej praktyce artystycznej w przestrzeni publicznej? Artur Wabik, artysta wizualny specjalizuj\u0105cy si\u0119 w muralach i graffiti, kurator, menad\u017cer projekt\u00f3w kulturalnych realizowanych w Krakowie, dzieli si\u0119 swoim spojrzeniem na ukrai\u0144skie instytucje, wystawy, projekty i kariery artystyczne podkre\u015blaj\u0105c to jak wygl\u0105daj\u0105 one dzisiaj.","breadcrumb":{"@id":"https:\/\/heritagehubkrakow.org\/pl\/project\/vyshyvanka-ukrainski-haftowany-aktywizm\/#breadcrumb"},"inLanguage":"pl-PL","potentialAction":[{"@type":"ReadAction","target":["https:\/\/heritagehubkrakow.org\/pl\/project\/vyshyvanka-ukrainski-haftowany-aktywizm\/"]}]},{"@type":"BreadcrumbList","@id":"https:\/\/heritagehubkrakow.org\/pl\/project\/vyshyvanka-ukrainski-haftowany-aktywizm\/#breadcrumb","itemListElement":[{"@type":"ListItem","position":1,"name":"Homepage","item":"https:\/\/heritagehubkrakow.org\/pl\/"},{"@type":"ListItem","position":2,"name":"Vyshyvanka: ukrai\u0144ski haftowany aktywizm"}]},{"@type":"WebSite","@id":"https:\/\/heritagehubkrakow.org\/pl\/#website","url":"https:\/\/heritagehubkrakow.org\/pl\/","name":"Europa Nostra","description":"Heritage Hub for Central and Eastern Europe","publisher":{"@id":"https:\/\/heritagehubkrakow.org\/pl\/#organization"},"potentialAction":[{"@type":"SearchAction","target":{"@type":"EntryPoint","urlTemplate":"https:\/\/heritagehubkrakow.org\/pl\/?s={search_term_string}"},"query-input":{"@type":"PropertyValueSpecification","valueRequired":true,"valueName":"search_term_string"}}],"inLanguage":"pl-PL"},{"@type":"Organization","@id":"https:\/\/heritagehubkrakow.org\/pl\/#organization","name":"Europa Nostra","url":"https:\/\/heritagehubkrakow.org\/pl\/","logo":{"@type":"ImageObject","inLanguage":"pl-PL","@id":"https:\/\/heritagehubkrakow.org\/pl\/#\/schema\/logo\/image\/","url":"https:\/\/heritagehubkrakow.org\/wp-content\/uploads\/2023\/01\/europa-logo.png","contentUrl":"https:\/\/heritagehubkrakow.org\/wp-content\/uploads\/2023\/01\/europa-logo.png","width":218,"height":237,"caption":"Europa Nostra"},"image":{"@id":"https:\/\/heritagehubkrakow.org\/pl\/#\/schema\/logo\/image\/"}}]}},"_links":{"self":[{"href":"https:\/\/heritagehubkrakow.org\/pl\/wp-json\/wp\/v2\/project\/4063","targetHints":{"allow":["GET"]}}],"collection":[{"href":"https:\/\/heritagehubkrakow.org\/pl\/wp-json\/wp\/v2\/project"}],"about":[{"href":"https:\/\/heritagehubkrakow.org\/pl\/wp-json\/wp\/v2\/types\/project"}],"wp:attachment":[{"href":"https:\/\/heritagehubkrakow.org\/pl\/wp-json\/wp\/v2\/media?parent=4063"}],"wp:term":[{"taxonomy":"category","embeddable":true,"href":"https:\/\/heritagehubkrakow.org\/pl\/wp-json\/wp\/v2\/categories?post=4063"},{"taxonomy":"post_tag","embeddable":true,"href":"https:\/\/heritagehubkrakow.org\/pl\/wp-json\/wp\/v2\/tags?post=4063"}],"curies":[{"name":"wp","href":"https:\/\/api.w.org\/{rel}","templated":true}]}}