{"id":4269,"date":"2024-03-14T11:55:42","date_gmt":"2024-03-14T11:55:42","guid":{"rendered":"https:\/\/heritagehubkrakow.org\/project\/europejski-hub-dziedzictwa-laczac-dziedzictwo-w-calej-europie\/"},"modified":"2024-03-14T14:26:44","modified_gmt":"2024-03-14T14:26:44","slug":"europejski-hub-dziedzictwa","status":"publish","type":"project","link":"https:\/\/heritagehubkrakow.org\/pl\/project\/europejski-hub-dziedzictwa\/","title":{"rendered":"Europejski Hub Dziedzictwa"},"content":{"rendered":"<div class=\"is-style-section-container, has-white-text is-style-section-container wp-block-group alignfull has-red-background-color has-background eplus-wrapper is-layout-constrained wp-block-group-is-layout-constrained eplus-styles-uid-6f219c\"><div class=\"is-style-section-container wp-block-group alignfull eplus-wrapper is-layout-constrained wp-block-group-is-layout-constrained eplus-styles-uid-38b380\"><div class=\"has-white-text wp-block-group alignfull has-white-color has-text-color eplus-wrapper is-layout-constrained wp-block-group-is-layout-constrained eplus-styles-uid-0ed7c1\"><h1 class=\" wp-block-heading has-text-align-center eplus-wrapper eplus-styles-uid-49faf1\"><strong>Europejski Hub Dziedzictwa<\/strong><\/h1>\n\n<div class=\"yoast-breadcrumbs\"><span><span><a href=\"https:\/\/heritagehubkrakow.org\/pl\/\">Homepage<\/a><\/span> &#8211; <span class=\"breadcrumb_last\" aria-current=\"page\">Europejski Hub Dziedzictwa<\/span><\/span><\/div><\/div><\/div><\/div>\n\n<div class=\"is-style-section-container wp-block-group alignfull has-green-dark-background-color has-background eplus-wrapper is-layout-constrained wp-block-group-is-layout-constrained eplus-styles-uid-4c6cdd\"><div class=\"wp-block-group alignfull eplus-wrapper is-layout-constrained wp-block-group-is-layout-constrained eplus-styles-uid-24f6f4\">\n<div class=\"wp-block-group eplus-wrapper is-layout-constrained wp-block-group-is-layout-constrained\"><div class=\"wp-block-group eplus-wrapper is-content-justification-center is-layout-flex wp-container-core-group-is-layout-8ee2ad45 wp-block-group-is-layout-flex eplus-styles-uid-117bd0\"><div class=\"article-date wp-block-post-date\"><time datetime=\"2024-03-14T11:55:42+00:00\">14 marca 2024<\/time><\/div><\/div>\n\n<div class=\"wp-block-group eplus-wrapper is-layout-constrained wp-block-group-is-layout-constrained eplus-styles-uid-ba2e4b\"><div class=\"taxonomy-post_tag has-text-align-center article-tags wp-block-post-terms eplus-styles-uid-d35575\"><a href=\"https:\/\/heritagehubkrakow.org\/pl\/tag\/podcast-pl\/\" rel=\"tag\">Podcast<\/a><span class=\"wp-block-post-terms__separator\"> <\/span><a href=\"https:\/\/heritagehubkrakow.org\/pl\/tag\/projekt-pl\/\" rel=\"tag\">Projekt<\/a><\/div><\/div>\n\n\n<h3 class=\" wp-block-heading has-text-align-center eplus-wrapper\"><\/h3>\n\n\n\n<p class=\" eplus-wrapper\"><\/p>\n\n\n\n<div style=\"height:30px\" aria-hidden=\"true\" class=\" wp-block-spacer eplus-wrapper\"><\/div>\n\n\n\n<h3 class=\" wp-block-heading has-text-align-center eplus-wrapper\"><strong>Europejski Hub Dziedzictwa<\/strong><\/h3>\n\n\n\n<div style=\"height:30px\" aria-hidden=\"true\" class=\" wp-block-spacer eplus-wrapper\"><\/div>\n\n\n\n<p class=\" eplus-wrapper\"><strong><strong><strong>Europejski Hub Dziedzictwa [European Heritage Hub] to jeden z najwi\u0119kszych projekt\u00f3w w zakresie dziedzictwa kulturowego obejmuj\u0105cy swym zasi\u0119giem ca\u0142\u0105 Europ\u0119, kt\u00f3rego celem jest wsparcie zielonej, spo\u0142ecznej i cyfrowej transformacji. Najnowszy podcast opowiada o kulisach, za\u0142o\u017ceniach i znaczeniu tego projektu dla ca\u0142ej Europy.<\/strong><\/strong><\/strong><\/p>\n\n\n\n<p class=\" eplus-wrapper\">Realizowany od maja 2023 r. przez konsorcjum dwudziestu partner\u00f3w pod przewodnictwem Europa Nostra i wsp\u00f3\u0142finansowany przez Uni\u0119 Europejsk\u0105 projekt, skupia interesariuszy i inicjatywy w obszarze dziedzictwa, odpowiadaj\u0105c na potrzeb\u0119 bardziej zorganizowanej wsp\u00f3\u0142pracy i koordynacji na rzecz dziedzictwa w ca\u0142ej Europie i poza ni\u0105.<\/p>\n\n\n\n<p class=\" eplus-wrapper\">W tym odcinku podcastu udajemy si\u0119 do Wenecji, gdzie Hub zorganizowa\u0142 swoje pierwsze publiczne Forum zatytu\u0142owane \u201eWyobra\u017cenie antropocenu na nowo: kultura i dziedzictwo w centrum dzia\u0142a\u0144 na rzecz klimatu\u201d. Z pluskiem wody uderzaj\u0105cej o weneckie nabrze\u017ce i d\u017awi\u0119kiem silnika vaporetto w tle, o misji Huba, jego priorytetach, nadchodz\u0105cych dzia\u0142aniach oraz o nierozerwalnych powi\u0105zaniach mi\u0119dzy dziedzictwem kulturowym a sprawiedliwo\u015bci\u0105 klimatyczn\u0105 opowiadaj\u0105 liderzy i partnerzy Europejskiego Huba Dziedzictwa oraz prelegenci Forum.<\/p>\n\n\n\n<p class=\" eplus-wrapper\">W tym odcinku wypowiadaj\u0105 si\u0119 nast\u0119puj\u0105ce osoby:<\/p>\n\n\n\n<p class=\" eplus-wrapper\"><\/p>\n\n\n\n<p class=\" eplus-wrapper\"><\/p>\n\n\n\n<p class=\" eplus-wrapper\">\u2022 <strong>Sne\u0161ka Quaedvlieg-Mihailovi\u0107<\/strong>, liderka projektu European Heritage Hub i Sekretarz Generalna Europa Nostra;<br>\u2022 <strong>Carla Toffolo<\/strong>, kierowniczka programu European Heritage Hub;<br>\u2022 <strong>Andrew Potts<\/strong>, doradca ds. dziedzictwa i dzia\u0142a\u0144 w dziedzinie klimatu w Europa Nostra;<br>\u2022 <strong>Catherine Magnant<\/strong>, kierowniczka Dzia\u0142u Polityki Kulturalnej w Komisji Europejskiej;<br>\u2022 <strong>Lorena Aldana<\/strong>, kierowniczka ds. stosunk\u00f3w zewn\u0119trznych i rzecznictwa w Fundacji Europeana;<br>\u2022 <strong>Bastien Varoutsikos<\/strong>, dyrektor ds. rozwoju strategicznego w Fundacji ALIPH;<br>\u2022 <strong>Adam Klups<\/strong>, M\u0142odzie\u017cowy Ambasador Dziedzictwa Europejskiego; oraz<br>\u2022 <strong>Marshall Marcus<\/strong>, dyrektor wykonawczy i artystyczny M\u0142odzie\u017cowej Orkiestry Unii Europejskiej.<\/p>\n\n\n\n<div style=\"height:30px\" aria-hidden=\"true\" class=\" wp-block-spacer eplus-wrapper\"><\/div>\n\n\n\n<p class=\" eplus-wrapper\">Podcast zosta\u0142 wyprodukowany dla Europa Nostra przez <a href=\"https:\/\/freerangeproductions.eu\/\" target=\"_blank\" rel=\"noreferrer noopener\"><strong>Free Range Productions<\/strong><\/a>, we wsp\u00f3\u0142pracy z <a href=\"https:\/\/heritagehubkrakow.org\/\" target=\"_blank\" rel=\"noreferrer noopener\">Europa Nostra Heritage Hub w Krakowie<\/a>. Produkcja i promocja podcastu otrzyma\u0142a wsparcie finansowe <strong>Unii Europejskiej<\/strong> i <a href=\"http:\/\/fondationhippocrene.eu\/\" target=\"_blank\" rel=\"noreferrer noopener\"><strong>La Fondation Hippocr\u00e8ne<\/strong><\/a>, partnera Europa Nostra.<\/p>\n\n\n\n<p class=\" eplus-wrapper\"><\/p>\n\n\n\n<p class=\" eplus-wrapper\"><\/p>\n\n\n\n<p class=\" eplus-wrapper\"><\/p>\n\n\n\n<p class=\" eplus-wrapper\"><\/p>\n\n\n\n<p class=\" eplus-wrapper\"><\/p>\n\n\n\n<p class=\" eplus-wrapper\"><\/p>\n\n\n\n<p class=\" eplus-wrapper\"><\/p>\n\n\n\n<div style=\"height:30px\" aria-hidden=\"true\" class=\" wp-block-spacer eplus-wrapper\"><\/div>\n\n\n\n<p class=\" eplus-wrapper\"><\/p>\n\n\n\n<div class=\"wp-block-buttons eplus-wrapper is-layout-flex wp-block-buttons-is-layout-flex\"><\/div>\n<\/div>\n\n\n\n<div class=\"wp-block-group eplus-wrapper is-layout-constrained wp-block-group-is-layout-constrained\">\n<iframe loading=\"lazy\" height=\"200px\" width=\"100%\" frameborder=\"no\" scrolling=\"no\" seamless=\"\" src=\"https:\/\/player.simplecast.com\/a824f88c-f170-407b-b40d-78b68c84e4d3?dark=false\"><\/iframe>\n\n\n\n<div style=\"height:48px\" aria-hidden=\"true\" class=\" wp-block-spacer eplus-wrapper\"><\/div>\n\n\n\n<div class=\"wp-block-buttons eplus-wrapper is-layout-flex wp-block-buttons-is-layout-flex\"><div class=\" wp-block-button eplus-wrapper eplus-styles-uid-c14ebf\"><a class=\"wp-block-button__link wp-element-button\" href=\"https:\/\/heritagehubkrakow.org\/pl\/holistic-heritage\/\">Holistic Heritage Podcasty<\/a><\/div><\/div>\n\n\n\n<div style=\"height:42px\" aria-hidden=\"true\" class=\" wp-block-spacer eplus-wrapper\"><\/div>\n<\/div>\n\n\n\n<div class=\"wp-block-buttons eplus-wrapper is-layout-flex wp-block-buttons-is-layout-flex\"><div class=\" wp-block-button eplus-wrapper eplus-styles-uid-e3dab5\"><a class=\"wp-block-button__link wp-element-button\" href=\"https:\/\/open.spotify.com\/show\/6TmfshJuoQNzr91xwuCgJj\" target=\"_blank\" rel=\"noreferrer noopener\">\u015aled\u017a nas na SPOTIFY<\/a><\/div><\/div>\n<\/div><\/div>\n\n<div class=\"is-style-section-container wp-block-group alignfull has-blue-light-background-color has-background eplus-wrapper is-layout-constrained wp-block-group-is-layout-constrained eplus-styles-uid-4c6cdd\"><div class=\"wp-block-group alignfull eplus-wrapper is-layout-constrained wp-block-group-is-layout-constrained eplus-styles-uid-6cd479\">\n<div class=\"wp-block-group eplus-wrapper is-layout-constrained wp-block-group-is-layout-constrained\"><h3 class=\" wp-block-heading has-text-align-center eplus-wrapper eplus-styles-uid-0581b0\"><\/h3><\/div>\n<\/div><\/div>","protected":false},"excerpt":{"rendered":"<p>Europejski Hub Dziedzictwa [European Heritage Hub] to jeden z najwi\u0119kszych projekt\u00f3w w zakresie dziedzictwa kulturowego obejmuj\u0105cy swym zasi\u0119giem ca\u0142\u0105 Europ\u0119, kt\u00f3rego celem jest wsparcie zielonej, spo\u0142ecznej i cyfrowej transformacji. Najnowszy podcast opowiada o kulisach, za\u0142o\u017ceniach i znaczeniu tego projektu dla ca\u0142ej Europy.<\/p>\n","protected":false},"featured_media":0,"template":"","meta":{"_acf_changed":false,"editor_plus_copied_stylings":"{}"},"categories":[111],"tags":[109,77],"class_list":["post-4269","project","type-project","status-publish","hentry","category-podcast-pl","tag-podcast-pl","tag-projekt-pl"],"acf":false,"yoast_head":"<!-- This site is optimized with the Yoast SEO plugin v23.8 - https:\/\/yoast.com\/wordpress\/plugins\/seo\/ -->\n<title>Europejski Hub Dziedzictwa - Europa Nostra<\/title>\n<meta name=\"description\" content=\"Europejski Hub Dziedzictwa [European Heritage Hub] to jeden z najwi\u0119kszych projekt\u00f3w w zakresie dziedzictwa kulturowego obejmuj\u0105cy swym zasi\u0119giem ca\u0142\u0105 Europ\u0119, kt\u00f3rego celem jest wsparcie zielonej, spo\u0142ecznej i cyfrowej transformacji. Najnowszy podcast opowiada o kulisach, za\u0142o\u017ceniach i znaczeniu tego projektu dla ca\u0142ej Europy.\" \/>\n<meta name=\"robots\" content=\"index, follow, max-snippet:-1, max-image-preview:large, max-video-preview:-1\" \/>\n<link rel=\"canonical\" href=\"https:\/\/heritagehubkrakow.org\/pl\/project\/europejski-hub-dziedzictwa\/\" \/>\n<meta property=\"og:locale\" content=\"pl_PL\" \/>\n<meta property=\"og:type\" content=\"article\" \/>\n<meta property=\"og:title\" content=\"Europejski Hub Dziedzictwa - Europa Nostra\" \/>\n<meta property=\"og:description\" content=\"Europejski Hub Dziedzictwa [European Heritage Hub] to jeden z najwi\u0119kszych projekt\u00f3w w zakresie dziedzictwa kulturowego obejmuj\u0105cy swym zasi\u0119giem ca\u0142\u0105 Europ\u0119, kt\u00f3rego celem jest wsparcie zielonej, spo\u0142ecznej i cyfrowej transformacji. Najnowszy podcast opowiada o kulisach, za\u0142o\u017ceniach i znaczeniu tego projektu dla ca\u0142ej Europy.\" \/>\n<meta property=\"og:url\" content=\"https:\/\/heritagehubkrakow.org\/pl\/project\/europejski-hub-dziedzictwa\/\" \/>\n<meta property=\"og:site_name\" content=\"Europa Nostra\" \/>\n<meta property=\"article:modified_time\" content=\"2024-03-14T14:26:44+00:00\" \/>\n<meta property=\"og:image\" content=\"https:\/\/heritagehubkrakow.org\/wp-content\/uploads\/2024\/03\/European-Heritage-Hub_podcast.jpg\" \/>\n\t<meta property=\"og:image:width\" content=\"1200\" \/>\n\t<meta property=\"og:image:height\" content=\"1200\" \/>\n\t<meta property=\"og:image:type\" content=\"image\/jpeg\" \/>\n<meta name=\"twitter:card\" content=\"summary_large_image\" \/>\n<meta name=\"twitter:label1\" content=\"Szacowany czas czytania\" \/>\n\t<meta name=\"twitter:data1\" content=\"2 minuty\" \/>\n<script type=\"application\/ld+json\" class=\"yoast-schema-graph\">{\"@context\":\"https:\/\/schema.org\",\"@graph\":[{\"@type\":\"WebPage\",\"@id\":\"https:\/\/heritagehubkrakow.org\/pl\/project\/europejski-hub-dziedzictwa\/\",\"url\":\"https:\/\/heritagehubkrakow.org\/pl\/project\/europejski-hub-dziedzictwa\/\",\"name\":\"Europejski Hub Dziedzictwa - Europa Nostra\",\"isPartOf\":{\"@id\":\"https:\/\/heritagehubkrakow.org\/pl\/#website\"},\"datePublished\":\"2024-03-14T11:55:42+00:00\",\"dateModified\":\"2024-03-14T14:26:44+00:00\",\"description\":\"Europejski Hub Dziedzictwa [European Heritage Hub] to jeden z najwi\u0119kszych projekt\u00f3w w zakresie dziedzictwa kulturowego obejmuj\u0105cy swym zasi\u0119giem ca\u0142\u0105 Europ\u0119, kt\u00f3rego celem jest wsparcie zielonej, spo\u0142ecznej i cyfrowej transformacji. Najnowszy podcast opowiada o kulisach, za\u0142o\u017ceniach i znaczeniu tego projektu dla ca\u0142ej Europy.\",\"breadcrumb\":{\"@id\":\"https:\/\/heritagehubkrakow.org\/pl\/project\/europejski-hub-dziedzictwa\/#breadcrumb\"},\"inLanguage\":\"pl-PL\",\"potentialAction\":[{\"@type\":\"ReadAction\",\"target\":[\"https:\/\/heritagehubkrakow.org\/pl\/project\/europejski-hub-dziedzictwa\/\"]}]},{\"@type\":\"BreadcrumbList\",\"@id\":\"https:\/\/heritagehubkrakow.org\/pl\/project\/europejski-hub-dziedzictwa\/#breadcrumb\",\"itemListElement\":[{\"@type\":\"ListItem\",\"position\":1,\"name\":\"Homepage\",\"item\":\"https:\/\/heritagehubkrakow.org\/pl\/\"},{\"@type\":\"ListItem\",\"position\":2,\"name\":\"Europejski Hub Dziedzictwa\"}]},{\"@type\":\"WebSite\",\"@id\":\"https:\/\/heritagehubkrakow.org\/pl\/#website\",\"url\":\"https:\/\/heritagehubkrakow.org\/pl\/\",\"name\":\"Europa Nostra\",\"description\":\"Heritage Hub for Central and Eastern Europe\",\"publisher\":{\"@id\":\"https:\/\/heritagehubkrakow.org\/pl\/#organization\"},\"potentialAction\":[{\"@type\":\"SearchAction\",\"target\":{\"@type\":\"EntryPoint\",\"urlTemplate\":\"https:\/\/heritagehubkrakow.org\/pl\/?s={search_term_string}\"},\"query-input\":{\"@type\":\"PropertyValueSpecification\",\"valueRequired\":true,\"valueName\":\"search_term_string\"}}],\"inLanguage\":\"pl-PL\"},{\"@type\":\"Organization\",\"@id\":\"https:\/\/heritagehubkrakow.org\/pl\/#organization\",\"name\":\"Europa Nostra\",\"url\":\"https:\/\/heritagehubkrakow.org\/pl\/\",\"logo\":{\"@type\":\"ImageObject\",\"inLanguage\":\"pl-PL\",\"@id\":\"https:\/\/heritagehubkrakow.org\/pl\/#\/schema\/logo\/image\/\",\"url\":\"https:\/\/heritagehubkrakow.org\/wp-content\/uploads\/2023\/01\/europa-logo.png\",\"contentUrl\":\"https:\/\/heritagehubkrakow.org\/wp-content\/uploads\/2023\/01\/europa-logo.png\",\"width\":218,\"height\":237,\"caption\":\"Europa Nostra\"},\"image\":{\"@id\":\"https:\/\/heritagehubkrakow.org\/pl\/#\/schema\/logo\/image\/\"}}]}<\/script>\n<!-- \/ Yoast SEO plugin. -->","yoast_head_json":{"title":"Europejski Hub Dziedzictwa - Europa Nostra","description":"Europejski Hub Dziedzictwa [European Heritage Hub] to jeden z najwi\u0119kszych projekt\u00f3w w zakresie dziedzictwa kulturowego obejmuj\u0105cy swym zasi\u0119giem ca\u0142\u0105 Europ\u0119, kt\u00f3rego celem jest wsparcie zielonej, spo\u0142ecznej i cyfrowej transformacji. Najnowszy podcast opowiada o kulisach, za\u0142o\u017ceniach i znaczeniu tego projektu dla ca\u0142ej Europy.","robots":{"index":"index","follow":"follow","max-snippet":"max-snippet:-1","max-image-preview":"max-image-preview:large","max-video-preview":"max-video-preview:-1"},"canonical":"https:\/\/heritagehubkrakow.org\/pl\/project\/europejski-hub-dziedzictwa\/","og_locale":"pl_PL","og_type":"article","og_title":"Europejski Hub Dziedzictwa - Europa Nostra","og_description":"Europejski Hub Dziedzictwa [European Heritage Hub] to jeden z najwi\u0119kszych projekt\u00f3w w zakresie dziedzictwa kulturowego obejmuj\u0105cy swym zasi\u0119giem ca\u0142\u0105 Europ\u0119, kt\u00f3rego celem jest wsparcie zielonej, spo\u0142ecznej i cyfrowej transformacji. Najnowszy podcast opowiada o kulisach, za\u0142o\u017ceniach i znaczeniu tego projektu dla ca\u0142ej Europy.","og_url":"https:\/\/heritagehubkrakow.org\/pl\/project\/europejski-hub-dziedzictwa\/","og_site_name":"Europa Nostra","article_modified_time":"2024-03-14T14:26:44+00:00","og_image":[{"width":1200,"height":1200,"url":"https:\/\/heritagehubkrakow.org\/wp-content\/uploads\/2024\/03\/European-Heritage-Hub_podcast.jpg","type":"image\/jpeg"}],"twitter_card":"summary_large_image","twitter_misc":{"Szacowany czas czytania":"2 minuty"},"schema":{"@context":"https:\/\/schema.org","@graph":[{"@type":"WebPage","@id":"https:\/\/heritagehubkrakow.org\/pl\/project\/europejski-hub-dziedzictwa\/","url":"https:\/\/heritagehubkrakow.org\/pl\/project\/europejski-hub-dziedzictwa\/","name":"Europejski Hub Dziedzictwa - Europa Nostra","isPartOf":{"@id":"https:\/\/heritagehubkrakow.org\/pl\/#website"},"datePublished":"2024-03-14T11:55:42+00:00","dateModified":"2024-03-14T14:26:44+00:00","description":"Europejski Hub Dziedzictwa [European Heritage Hub] to jeden z najwi\u0119kszych projekt\u00f3w w zakresie dziedzictwa kulturowego obejmuj\u0105cy swym zasi\u0119giem ca\u0142\u0105 Europ\u0119, kt\u00f3rego celem jest wsparcie zielonej, spo\u0142ecznej i cyfrowej transformacji. Najnowszy podcast opowiada o kulisach, za\u0142o\u017ceniach i znaczeniu tego projektu dla ca\u0142ej Europy.","breadcrumb":{"@id":"https:\/\/heritagehubkrakow.org\/pl\/project\/europejski-hub-dziedzictwa\/#breadcrumb"},"inLanguage":"pl-PL","potentialAction":[{"@type":"ReadAction","target":["https:\/\/heritagehubkrakow.org\/pl\/project\/europejski-hub-dziedzictwa\/"]}]},{"@type":"BreadcrumbList","@id":"https:\/\/heritagehubkrakow.org\/pl\/project\/europejski-hub-dziedzictwa\/#breadcrumb","itemListElement":[{"@type":"ListItem","position":1,"name":"Homepage","item":"https:\/\/heritagehubkrakow.org\/pl\/"},{"@type":"ListItem","position":2,"name":"Europejski Hub Dziedzictwa"}]},{"@type":"WebSite","@id":"https:\/\/heritagehubkrakow.org\/pl\/#website","url":"https:\/\/heritagehubkrakow.org\/pl\/","name":"Europa Nostra","description":"Heritage Hub for Central and Eastern Europe","publisher":{"@id":"https:\/\/heritagehubkrakow.org\/pl\/#organization"},"potentialAction":[{"@type":"SearchAction","target":{"@type":"EntryPoint","urlTemplate":"https:\/\/heritagehubkrakow.org\/pl\/?s={search_term_string}"},"query-input":{"@type":"PropertyValueSpecification","valueRequired":true,"valueName":"search_term_string"}}],"inLanguage":"pl-PL"},{"@type":"Organization","@id":"https:\/\/heritagehubkrakow.org\/pl\/#organization","name":"Europa Nostra","url":"https:\/\/heritagehubkrakow.org\/pl\/","logo":{"@type":"ImageObject","inLanguage":"pl-PL","@id":"https:\/\/heritagehubkrakow.org\/pl\/#\/schema\/logo\/image\/","url":"https:\/\/heritagehubkrakow.org\/wp-content\/uploads\/2023\/01\/europa-logo.png","contentUrl":"https:\/\/heritagehubkrakow.org\/wp-content\/uploads\/2023\/01\/europa-logo.png","width":218,"height":237,"caption":"Europa Nostra"},"image":{"@id":"https:\/\/heritagehubkrakow.org\/pl\/#\/schema\/logo\/image\/"}}]}},"_links":{"self":[{"href":"https:\/\/heritagehubkrakow.org\/pl\/wp-json\/wp\/v2\/project\/4269","targetHints":{"allow":["GET"]}}],"collection":[{"href":"https:\/\/heritagehubkrakow.org\/pl\/wp-json\/wp\/v2\/project"}],"about":[{"href":"https:\/\/heritagehubkrakow.org\/pl\/wp-json\/wp\/v2\/types\/project"}],"wp:attachment":[{"href":"https:\/\/heritagehubkrakow.org\/pl\/wp-json\/wp\/v2\/media?parent=4269"}],"wp:term":[{"taxonomy":"category","embeddable":true,"href":"https:\/\/heritagehubkrakow.org\/pl\/wp-json\/wp\/v2\/categories?post=4269"},{"taxonomy":"post_tag","embeddable":true,"href":"https:\/\/heritagehubkrakow.org\/pl\/wp-json\/wp\/v2\/tags?post=4269"}],"curies":[{"name":"wp","href":"https:\/\/api.w.org\/{rel}","templated":true}]}}