{"id":4643,"date":"2023-02-02T09:02:48","date_gmt":"2023-02-02T09:02:48","guid":{"rendered":"https:\/\/heritagehubkrakow.org\/project\/nagrody\/"},"modified":"2024-10-31T20:05:08","modified_gmt":"2024-10-31T20:05:08","slug":"nagrody","status":"publish","type":"project","link":"https:\/\/heritagehubkrakow.org\/pl\/project\/nagrody\/","title":{"rendered":"Nagrody"},"content":{"rendered":"<div class=\"is-style-section-container, has-white-text is-style-section-container wp-block-group alignfull has-red-background-color has-background eplus-wrapper is-layout-constrained wp-block-group-is-layout-constrained eplus-styles-uid-6f219c\"><div class=\"is-style-section-container wp-block-group alignfull eplus-wrapper is-layout-constrained wp-block-group-is-layout-constrained eplus-styles-uid-38b380\"><div class=\"has-white-text wp-block-group alignfull has-white-color has-text-color eplus-wrapper is-layout-constrained wp-block-group-is-layout-constrained eplus-styles-uid-0ed7c1\"><h1 class=\" wp-block-heading has-text-align-center eplus-wrapper eplus-styles-uid-49faf1\">NAGRODY | AWARDS<\/h1>\n\n<div class=\"yoast-breadcrumbs\"><span><span><a href=\"https:\/\/heritagehubkrakow.org\/pl\/\">Homepage<\/a><\/span> &#8211; <span class=\"breadcrumb_last\" aria-current=\"page\">Nagrody<\/span><\/span><\/div><\/div><\/div><\/div>\n\n<div class=\"is-style-section-container wp-block-group alignfull has-green-dark-background-color has-background eplus-wrapper is-layout-constrained wp-block-group-is-layout-constrained eplus-styles-uid-4c6cdd\">\n<div class=\"wp-block-group alignfull eplus-wrapper is-layout-constrained wp-block-group-is-layout-constrained\"><div class=\"wp-block-group alignfull eplus-wrapper is-layout-constrained wp-block-group-is-layout-constrained eplus-styles-uid-24f6f4\">\n<div class=\"wp-block-group eplus-wrapper is-layout-constrained wp-block-group-is-layout-constrained\">\n<h3 class=\" wp-block-heading eplus-wrapper\"><strong>Nagrody Dziedzictwa Europejskiego | Nagrody Europa Nostra zosta\u0142y ustanowione w 2002 roku przez Komisj\u0119 Europejsk\u0105. Koordynowane s\u0105 przez Europa Nostra. W 2023 roku obchodzona by\u0142a ich 20. rocznica.<\/strong><\/h3>\n\n\n\n<p class=\" eplus-wrapper\">Nagrody Dziedzictwa Europejskiego | Nagrody Europa Nostra rozpoznaj\u0105 i promuj\u0105 najlepsze praktyki w zakresie ochrony i utrwalania materialnego i niematerialnego dziedzictwa kulturowego, stymuluj\u0105 transgraniczn\u0105 wymian\u0119 wiedzy w ca\u0142ej Europie, zwi\u0119kszaj\u0105 \u015bwiadomo\u015b\u0107 spo\u0142eczn\u0105 oraz uznanie dla europejskiego dziedzictwa kulturowego a poprzez si\u0142\u0119 przyk\u0142adu zach\u0119caj\u0105 do tworzenia kolejnych wspania\u0142ych inicjatyw.<\/p>\n\n\n\n<p class=\" eplus-wrapper\">Ka\u017cdego roku uhonorowanych zostaje do 30 wybitnych osi\u0105gni\u0119\u0107 w dziedzinie dziedzictwa, w tym do pi\u0119ciu Grand Prix. Ka\u017cdy zdobywca Grand Prix otrzymuje nagrod\u0119 pieni\u0119\u017cn\u0105 w wysoko\u015bci 10 000 euro. Ponadto, w wyniku g\u0142osowania internetowego przeprowadzonego przez Europa Nostra, jednemu z wybranych laureat\u00f3w przyznawana jest Nagroda Publiczno\u015bci.<\/p>\n\n\n\n<p class=\" eplus-wrapper\"><\/p>\n\n\n\n<div style=\"height:42px\" aria-hidden=\"true\" class=\" wp-block-spacer eplus-wrapper\"><\/div>\n\n\n\n<div class=\"wp-block-buttons eplus-wrapper is-layout-flex wp-block-buttons-is-layout-flex\"><div class=\" wp-block-button eplus-wrapper eplus-styles-uid-8e146c\"><a class=\"wp-block-button__link wp-element-button\" href=\"https:\/\/www.europeanheritageawards.eu\/\" target=\"_blank\" rel=\"noreferrer noopener\">Dowiedz si\u0119 wi\u0119cej <\/a><\/div><\/div>\n\n\n\n<div class=\"wp-block-group eplus-wrapper is-layout-constrained wp-block-group-is-layout-constrained\">\n<div style=\"height:42px\" aria-hidden=\"true\" class=\" wp-block-spacer eplus-wrapper\"><\/div>\n<\/div>\n\n\n\n<h4 class=\" wp-block-heading alignfull has-text-align-center eplus-wrapper\" id=\"we-re-a-studio-in-berlin-with-an-international-practice-in-architecture-urban-planning-and-interior-design-we-believe-in-sharing-knowledge-and-promoting-dialogue-to-increase-the-creative-potential-of-collaboration\" style=\"font-size:48px;line-height:1.1\">Projekty oraz osoby nagrodzone w Europie \u015arodkowo-Wschodniej<\/h4>\n\n\n<div class=\"wp-block-columns is-not-stacked-on-mobile eplus-wrapper is-layout-flex wp-container-core-columns-is-layout-9d6595d7 wp-block-columns-is-layout-flex eplus-styles-uid-be4150\"><div class=\"wp-block-column eplus-wrapper is-layout-flow wp-block-column-is-layout-flow eplus-styles-uid-e280e2\" style=\"padding-top:0;padding-right:0;padding-bottom:0;padding-left:0\"><h3 class=\" wp-block-heading eplus-wrapper eplus-styles-uid-dc95e1\">BIA\u0141ORU\u015a<\/h3>\n\n<h4 class=\" wp-block-heading eplus-wrapper eplus-styles-uid-ca65a2\">Nie\u015bwie\u017c<\/h4>\n\n<h5 class=\" wp-block-heading eplus-wrapper eplus-styles-uid-bac4d8\">National Historical and Cultural Museum-Reserve \u201cNiasvizh\u201d [Narodowe Muzeum-Rezerwat Historyczno-Kulturalny \u201eNie\u015bwie\u017c\u201d]<\/h5>\n\n<div class=\"wp-block-group alignfull eplus-wrapper is-content-justification-center is-layout-constrained wp-block-group-is-layout-constrained eplus-styles-uid-c47afc\">\n<figure class=\" wp-block-image alignfull size-full eplus-wrapper\"><img decoding=\"async\" src=\"https:\/\/heritagehubkrakow.org\/wp-content\/uploads\/2023\/02\/25933935792_ea11697e08_k.jpg\" alt=\"\" class=\"wp-image-1656\"><\/figure>\n<\/div>\n\n<h5 class=\" wp-block-heading eplus-wrapper eplus-styles-uid-b7770b\">Rok: 2016<\/h5>\n\n<h5 class=\" wp-block-heading eplus-wrapper eplus-styles-uid-b7770b\">Kategoria: S\u0142u\u017cba zaanga\u017cowana<\/h5>\n\n\n<p class=\" eplus-wrapper\">Muzeum Narodowe przygotowuje i go\u015bci od dziesi\u0119ciu do czternastu wystaw rocznie. W\u015br\u00f3d nich znajduj\u0105 si\u0119 mi\u0119dzynarodowe wystawy podr\u00f3\u017cnicze, z kt\u00f3rych wiele zorganizowanych zosta\u0142o we wsp\u00f3\u0142pracy z jednymi z najwi\u0119kszych i najbardziej wp\u0142ywowych muze\u00f3w na \u015bwiecie. Ponowne otwarcie muzeum dla publiczno\u015bci po jego renowacji oraz wysi\u0142ki podejmowane w celu zdobycia mi\u0119dzynarodowego znaczenia w sektorze kultury przynios\u0142y ogromne korzy\u015bci dla ca\u0142ego regionu.  To niew\u0105tpliwa zas\u0142uga pracownik\u00f3w muzeum.<\/p>\n\n\n\n<p class=\" eplus-wrapper\"><br>Kuratorzy i badacze chroni\u0105cy niniejszy zabytek oraz zajmuj\u0105cy si\u0119 dziedzictwem tego miejsca pozostaj\u0105 wierni jego przesz\u0142o\u015bci. Na uwag\u0119 zas\u0142uguje fakt, \u017ce muzeum nawi\u0105za\u0142o kontakt z poprzednimi w\u0142a\u015bcicielami budynku, rodzin\u0105 Radziwi\u0142\u0142\u00f3w, kt\u00f3ra by\u0142a jego w\u0142a\u015bcicielem od pocz\u0105tku XVI wieku. Obecny pa\u0142ac uko\u0144czony zosta\u0142 w latach 1599-1604. Potomkowie Radziwi\u0142\u0142\u00f3w mieszkaj\u0105 obecnie w Wielkiej Brytanii. Ich rodzina zosta\u0142a wygnana z Nie\u015bwie\u017ca na pocz\u0105tku II wojny \u015bwiatowej. Nawi\u0105zanie relacji z potomkami rodziny umo\u017cliwi\u0142o badaczom muzeum dost\u0119p do ich osobistych archiw\u00f3w, zwi\u0119kszaj\u0105c w ten spos\u00f3b wra\u017cenia os\u00f3b odwiedzaj\u0105cych posiad\u0142o\u015b\u0107 oraz zapewniaj\u0105c, \u017ce jego bogata historia zostanie zachowana.<\/p>\n\n\n<div class=\"wp-block-buttons eplus-wrapper is-layout-flex wp-block-buttons-is-layout-flex eplus-styles-uid-517b32\"><div class=\" wp-block-button eplus-wrapper eplus-styles-uid-234f28\"><a class=\"wp-block-button__link wp-element-button\" href=\"https:\/\/niasvizh.by\/en\/\" target=\"_blank\" rel=\"noreferrer noopener\">Czytaj wi\u0119cej<\/a><\/div><\/div>\n\n<figure class=\"wp-embed-aspect-16-9 wp-has-aspect-ratio wp-block-embed alignfull is-type-video is-provider-youtube wp-block-embed-youtube eplus-wrapper eplus-styles-uid-283d4e\"><div class=\"wp-block-embed__wrapper\">\n<iframe loading=\"lazy\" title='National Historical and Cultural Museum-Reserve \"Niasvizh\", Niasvizh, BELARUS' width=\"500\" height=\"281\" src=\"https:\/\/www.youtube.com\/embed\/m8NE9C5F9Nk?feature=oembed\" frameborder=\"0\" allow=\"accelerometer; autoplay; clipboard-write; encrypted-media; gyroscope; picture-in-picture; web-share\" referrerpolicy=\"strict-origin-when-cross-origin\" allowfullscreen><\/iframe>\n<\/div><\/figure><\/div><\/div>\n\n<div class=\"wp-block-columns is-not-stacked-on-mobile eplus-wrapper is-layout-flex wp-container-core-columns-is-layout-9d6595d7 wp-block-columns-is-layout-flex eplus-styles-uid-4b0e30\"><div class=\"wp-block-column eplus-wrapper is-layout-flow wp-block-column-is-layout-flow eplus-styles-uid-e280e2\" style=\"padding-top:0;padding-right:0;padding-bottom:0;padding-left:0\"><h3 class=\" wp-block-heading eplus-wrapper eplus-styles-uid-dc95e1\">CZECHY<\/h3>\n\n<h4 class=\" wp-block-heading eplus-wrapper eplus-styles-uid-ca65a2\">Czeski Krumlov<\/h4>\n\n<h5 class=\" wp-block-heading eplus-wrapper eplus-styles-uid-bac4d8\">Collections of the Castle Theatre in \u010cesk\u00fd Krumlov [Zbiory Teatru Zamkowego w Czeskim Krumlowie]<\/h5>\n\n<div class=\"wp-block-group alignfull eplus-wrapper is-content-justification-center is-layout-constrained wp-block-group-is-layout-constrained eplus-styles-uid-c47afc\"><figure class=\" wp-block-image alignfull size-full lightbox-on eplus-wrapper eplus-styles-uid-475e71\" href=\"https:\/\/heritagehubkrakow.org\/wp-content\/uploads\/2023\/04\/7082246067_0dcd614be7_o.jpg\"><img decoding=\"async\" src=\"https:\/\/heritagehubkrakow.org\/wp-content\/uploads\/2023\/04\/7082246067_0dcd614be7_o.jpg\" alt=\"\" class=\"wp-image-1670\"><\/figure><\/div>\n\n<h5 class=\" wp-block-heading eplus-wrapper eplus-styles-uid-b7770b\">Rok: 2002<\/h5>\n\n<h5 class=\" wp-block-heading eplus-wrapper eplus-styles-uid-b7770b\">Kategoria: Konserwacja<\/h5>\n\n\n<p class=\" eplus-wrapper\">Renowacja i konserwacja unikatowego ruchomego wyposa\u017cenia barokowego Teatru Zamkowego. Teatr Zamkowy, zbudowany w latach 1766-1767, reprezentuje obecnie jeden z zaledwie dw\u00f3ch teatr\u00f3w w Europie \u015bwiadcz\u0105cych o przepychu i z\u0142o\u017cono\u015bci barokowej kultury teatralnej. Sporadyczne projekty renowacji budowli rozpocz\u0119\u0142y si\u0119 ju\u017c w latach 80-tych XX wieku niemniej jednak nowy plan konserwatorski powsta\u0142 dopiero po Aksamitnej rewolucji oraz odrodzeniu si\u0119 umiej\u0119tno\u015bci rzemie\u015blniczych w sektorze prywatnym. G\u0142\u00f3wnym celem by\u0142o zachowanie teatru jako \u017cywej, autentycznej jednostki. Rekwizyty, o\u015bwietlenie i kostiumy zosta\u0142y odrestaurowane i umieszczone w nowym magazynie.<\/p>\n\n\n\n<p class=\" eplus-wrapper\">Pa\u0144stwowy Zamek w Czeskim Krumlovie, wraz ze swoim standardem architektonicznym, tradycj\u0105 kulturow\u0105 oraz otoczeniem, zaliczany jest do najwa\u017cniejszych zabytk\u00f3w w regionie Europy \u015arodkowej. Zmieniaj\u0105ca si\u0119 od XIV do XIX wieku zabudowa jest dobrze zachowana zar\u00f3wno je\u015bli chodzi o oryginalne rozplanowanie, struktur\u0119 materialn\u0105, jak i wyposa\u017cenie wn\u0119trz oraz w detale architektoniczne. W 1963 roku miasto zosta\u0142o uznane za Miejski Rezerwat Przyrody, w 1989 roku zamek sta\u0142 si\u0119 Pomnikiem Narodowym, a w 1992 roku ca\u0142y kompleks zosta\u0142 wpisany na List\u0119 Zabytk\u00f3w \u015awiatowego Dziedzictwa Kulturowego UNESCO.<\/p>\n\n\n<div class=\"wp-block-buttons eplus-wrapper is-layout-flex wp-block-buttons-is-layout-flex eplus-styles-uid-517b32\"><div class=\" wp-block-button eplus-wrapper eplus-styles-uid-7f1a20\"><a class=\"wp-block-button__link wp-element-button\" href=\"https:\/\/castle.ckrumlov.cz\/docs\/en\/zamek_oinf_nadace.xml\" target=\"_blank\" rel=\"noreferrer noopener\">Czytaj wi\u0119cej<\/a><\/div><\/div><\/div><\/div>\n\n<div class=\"wp-block-columns is-not-stacked-on-mobile eplus-wrapper is-layout-flex wp-container-core-columns-is-layout-9d6595d7 wp-block-columns-is-layout-flex eplus-styles-uid-5c57a4\"><div class=\"wp-block-column eplus-wrapper is-layout-flow wp-block-column-is-layout-flow eplus-styles-uid-e280e2\" style=\"padding-top:0;padding-right:0;padding-bottom:0;padding-left:0\"><h5 class=\" wp-block-heading eplus-wrapper eplus-styles-uid-bac4d8\">Po\u0142udniowa fasada zamku Horn\u00ed Hrad w Czeskim Krumlowie<\/h5>\n\n<div class=\"wp-block-group alignfull eplus-wrapper is-content-justification-center is-layout-constrained wp-block-group-is-layout-constrained eplus-styles-uid-c47afc\"><figure class=\" wp-block-image alignfull size-large lightbox-on eplus-wrapper eplus-styles-uid-475e71\" href=\"https:\/\/heritagehubkrakow.org\/wp-content\/uploads\/2023\/05\/Cesky-Krumlov-836x1024.jpg\"><img decoding=\"async\" src=\"https:\/\/heritagehubkrakow.org\/wp-content\/uploads\/2023\/05\/Cesky-Krumlov-836x1024.jpg\" alt=\"\" class=\"wp-image-1874\"><\/figure><\/div>\n\n<h5 class=\" wp-block-heading eplus-wrapper eplus-styles-uid-b7770b\">Rok: 2008<\/h5>\n\n<h5 class=\" wp-block-heading eplus-wrapper eplus-styles-uid-b7770b\">Kategoria: Konserwacja<\/h5>\n\n\n<p class=\" eplus-wrapper\">Projekt zapocz\u0105tkowa\u0142 nowy trend w czeskiej opiece nad zabytkami i uwa\u017cany jest za doskona\u0142y przyk\u0142ad w podej\u015bciu do konserwacji zabytk\u00f3w w Europie. Oryginalna tkanka historycznego budynku zosta\u0142a uznana za dokumentacj\u0119 historyczn\u0105 jako niezast\u0105piony no\u015bnik autentyczno\u015bci. Podej\u015bcie to przenosi etyk\u0119 i metodologi\u0119 konserwatorsk\u0105 stosowan\u0105 wcze\u015bniej jedynie w przypadku dzie\u0142 sztuki na skal\u0119 ca\u0142ej fasady, a nawet ca\u0142ego krajobrazu miejskiego, w kt\u00f3rym fasada jest bardzo wa\u017cnym elementem. Projekt zosta\u0142 zrealizowany przy u\u017cyciu wszelkich \u015brodk\u00f3w do wykorzystania i ponownego u\u017cycia historycznych rzemie\u015blniczych umiej\u0119tno\u015bci budowlanych oraz materia\u0142\u00f3w tradycyjnych.<\/p>\n\n\n\n<p class=\" eplus-wrapper\">Pa\u0144stwowy Zamek w Czeskim Krumlovie, wraz ze swoim standardem architektonicznym, tradycj\u0105 kulturow\u0105 oraz otoczeniem, zaliczany jest do najwa\u017cniejszych zabytk\u00f3w w regionie Europy \u015arodkowej. Zmieniaj\u0105ca si\u0119 od XIV do XIX wieku zabudowa jest dobrze zachowana zar\u00f3wno je\u015bli chodzi o oryginalne rozplanowanie, struktur\u0119 materialn\u0105, jak i wyposa\u017cenie wn\u0119trz oraz w detale architektoniczne. W 1963 roku miasto zosta\u0142o uznane za Miejski Rezerwat Przyrody, w 1989 roku zamek sta\u0142 si\u0119 Pomnikiem Narodowym, a w 1992 roku ca\u0142y kompleks zosta\u0142 wpisany na List\u0119 Zabytk\u00f3w \u015awiatowego Dziedzictwa Kulturowego UNESCO.<\/p>\n\n\n<div class=\"wp-block-buttons eplus-wrapper is-layout-flex wp-block-buttons-is-layout-flex eplus-styles-uid-517b32\"><div class=\" wp-block-button eplus-wrapper eplus-styles-uid-385d32\"><a class=\"wp-block-button__link wp-element-button\" href=\"https:\/\/castle.ckrumlov.cz\/docs\/en\/zamek_oinf_sthrza.xml\" target=\"_blank\" rel=\"noreferrer noopener\">Czytaj wi\u0119cej<\/a><\/div><\/div><\/div><\/div>\n\n<div class=\"wp-block-columns is-not-stacked-on-mobile eplus-wrapper is-layout-flex wp-container-core-columns-is-layout-9d6595d7 wp-block-columns-is-layout-flex eplus-styles-uid-982976\"><div class=\"wp-block-column eplus-wrapper is-layout-flow wp-block-column-is-layout-flow eplus-styles-uid-e280e2\" style=\"padding-top:0;padding-right:0;padding-bottom:0;padding-left:0\"><h4 class=\" wp-block-heading eplus-wrapper eplus-styles-uid-ca65a2\">O\u0142omuniec<\/h4>\n\n<h5 class=\" wp-block-heading eplus-wrapper eplus-styles-uid-bac4d8\">Seria pi\u0119ciu katalog\u00f3w konserwatorskich Muzeum Sztuki w O\u0142omu\u0144cu z lat 2004-2008<\/h5>\n\n<div class=\"wp-block-group alignfull eplus-wrapper is-content-justification-center is-layout-constrained wp-block-group-is-layout-constrained eplus-styles-uid-c47afc\"><figure class=\" wp-block-image alignfull size-large lightbox-on eplus-wrapper eplus-styles-uid-475e71\" href=\"https:\/\/heritagehubkrakow.org\/wp-content\/uploads\/2023\/05\/Olomouc-1024x563.jpg\"><img decoding=\"async\" src=\"https:\/\/heritagehubkrakow.org\/wp-content\/uploads\/2023\/05\/Olomouc-1024x563.jpg\" alt=\"\" class=\"wp-image-1876\"><\/figure><\/div>\n\n<h5 class=\" wp-block-heading eplus-wrapper eplus-styles-uid-b7770b\">Rok: 2009<\/h5>\n\n<h5 class=\" wp-block-heading eplus-wrapper eplus-styles-uid-b7770b\">Kategoria: Badania<\/h5>\n\n\n<p class=\" eplus-wrapper\">Unikalne w Republice Czeskiej Muzeum Archidiecezjalne w O\u0142omu\u0144cu, wchodz\u0105ce w sk\u0142ad tamtejszego Muzeum Sztuki, zajmuje si\u0119 renowacj\u0105 wybranych dzie\u0142 sztuki sakralnej od 2004 roku. Muzeum po\u015bwi\u0119ci\u0142o si\u0119 ich renowacji i konserwacji ze wzgl\u0119du na to, \u017ce dzie\u0142a te popad\u0142y w zaniedbanie w czasach re\u017cimu komunistycznego. W ramach ca\u0142ego projektu w 2004 r. rozpocz\u0119to publiczn\u0105 kampani\u0119 informacyjn\u0105. Katalogi sta\u0142y si\u0119 integraln\u0105 cz\u0119\u015bci\u0105 ich dzia\u0142alno\u015bci. Ka\u017cdego roku wyr\u00f3\u017cniane jest jedno dzie\u0142o sztuki i opracowywany jest katalog, kt\u00f3ry zawiera historyczne znaczenie i analiz\u0119 artystyczn\u0105 dzie\u0142a oraz jasno i dok\u0142adnie wyja\u015bnia wysi\u0142ki zwi\u0105zane z renowacj\u0105. Podobnego spektrum tak szerokich dzia\u0142a\u0144 w zakresie restauracji dzie\u0142 sztuki nie mo\u017cna znale\u017a\u0107 w \u017cadnej innej instytucji w Republice Czeskiej.<\/p>\n\n\n\n<p class=\" eplus-wrapper\">Muzeum Sztuki w O\u0142omu\u0144cu (dawna Galeria Sztuk Pi\u0119knych) zosta\u0142o za\u0142o\u017cone 5 kwietnia 1951 roku jako cz\u0119\u015b\u0107 Muzeum Regionalnego w O\u0142omu\u0144cu. Po 1989 roku sta\u0142a si\u0119 niezale\u017cn\u0105 instytucj\u0105, a jej dzia\u0142alno\u015b\u0107 (wystawy, spektakle, edukacja) jest obecnie prowadzona w trzech r\u00f3\u017cnych lokalizacjach. Muzeum posiada ponad 91 608 eksponat\u00f3w (obrazy, rze\u017aby, rysunki, grafiki, fotografie, sztuk\u0119 u\u017cytkow\u0105 i projekty architektoniczne), co czyni je trzeci\u0105 co do wielko\u015bci instytucj\u0105 tego typu w Republice Czeskiej.<\/p>\n\n\n\n<p class=\" eplus-wrapper\">Muzeum Archidiecezjalne w O\u0142omu\u0144cu zosta\u0142o za\u0142o\u017cone w 1998 roku we wsp\u00f3\u0142pracy z Arcybiskupstwem O\u0142omunieckim jako pierwsze muzeum w Republice Czeskiej po\u015bwi\u0119cone kulturze duchowej. Na jego terenie znajduje si\u0119 r\u00f3wnie\u017c roma\u0144ski Pa\u0142ac Biskup\u00f3w Morawskich, kt\u00f3y usytuowany jest w pobli\u017cu Bazyliki \u015bw. Wac\u0142awa na Zamku Przemy\u015blid\u00f3w w O\u0142omu\u0144cu. Od 1999 roku p\u00f3\u0142nocna cz\u0119\u015b\u0107 dawnego Zamku by\u0142a stopniowo przebudowywana na potrzeby Muzeum. Zamek zosta\u0142 otwarty dla publiczno\u015bci 1 czerwca 2006 roku.<\/p>\n\n\n<div class=\"wp-block-buttons eplus-wrapper is-layout-flex wp-block-buttons-is-layout-flex eplus-styles-uid-517b32\"><div class=\" wp-block-button eplus-wrapper eplus-styles-uid-0738b8\"><a class=\"wp-block-button__link wp-element-button\" href=\"https:\/\/www.muo.cz\/en\/\" target=\"_blank\" rel=\"noreferrer noopener\">Czytaj wi\u0119cej<\/a><\/div><\/div><\/div><\/div>\n\n<div class=\"wp-block-columns is-not-stacked-on-mobile eplus-wrapper is-layout-flex wp-container-core-columns-is-layout-9d6595d7 wp-block-columns-is-layout-flex eplus-styles-uid-287843\"><div class=\"wp-block-column eplus-wrapper is-layout-flow wp-block-column-is-layout-flow eplus-styles-uid-e280e2\" style=\"padding-top:0;padding-right:0;padding-bottom:0;padding-left:0\"><h4 class=\" wp-block-heading eplus-wrapper eplus-styles-uid-ca65a2\">Be\u010dov<\/h4>\n\n<h5 class=\" wp-block-heading eplus-wrapper eplus-styles-uid-bac4d8\">Studium renowacji Pa\u0144stwowego Zamku Horn\u00ed hrad w Be\u010dovie<\/h5>\n\n<div class=\"wp-block-group alignfull eplus-wrapper is-content-justification-center is-layout-constrained wp-block-group-is-layout-constrained eplus-styles-uid-c47afc\"><figure class=\" wp-block-image alignfull size-full lightbox-on eplus-wrapper eplus-styles-uid-475e71\" href=\"https:\/\/heritagehubkrakow.org\/wp-content\/uploads\/2023\/05\/5059012825_152d7a2be8_b.jpg\"><img decoding=\"async\" src=\"https:\/\/heritagehubkrakow.org\/wp-content\/uploads\/2023\/05\/5059012825_152d7a2be8_b.jpg\" alt=\"\" class=\"wp-image-1878\"><\/figure><\/div>\n\n<h5 class=\" wp-block-heading eplus-wrapper eplus-styles-uid-b7770b\">Rok: 2010<\/h5>\n\n<h5 class=\" wp-block-heading eplus-wrapper eplus-styles-uid-b7770b\">Kategoria: Badania<\/h5>\n\n\n<p class=\" eplus-wrapper\">Innowacyjny projekt konserwacji Zamku Be\u010dov przeprowadzony zosta\u0142 z wielk\u0105 wra\u017cliwo\u015bci\u0105 i zachowaniem autentyczno\u015bci. Projekt ten stanowi ogromn\u0105 inspiracj\u0119 dla podobnych przedsi\u0119wzi\u0119\u0107 w przysz\u0142o\u015bci.<\/p>\n\n\n\n<p class=\" eplus-wrapper\">\u015aredniowieczny zamek Be\u010dov zosta\u0142 za\u0142o\u017cony w pierwszej po\u0142owie XIV wieku. Pierwsza wiarygodna wzmianka o zamku pochodzi z 1349 roku, kiedy to \u00f3wcze\u015bni w\u0142a\u015bciciele posiad\u0142o\u015bci Be\u010dov, r\u00f3d pan\u00f3w z Osek, a p\u00f3\u017aniej z R\u00fdzmburka, wydali akt po\u015bwiadczaj\u0105cy istnienie zamku. Budowa zamku sk\u0142ada\u0142a si\u0119 z kilku etap\u00f3w. Najpierw w miejscu dzisiejszego zamku g\u00f3rnego zbudowano wie\u017c\u0119 obronn\u0105 i pa\u0142ac mieszkalny. Po 1352 roku rozpocz\u0119to budow\u0119 wie\u017cy, kt\u00f3ra pierwotnie mia\u0142a pe\u0142ni\u0107 funkcj\u0119 mieszkaln\u0105. Plan zosta\u0142 jednak zmieniony i w przestrzeni trzech pi\u0119ter wie\u017cy powsta\u0142a kaplica Nawiedzenia Naj\u015bwi\u0119tszej Maryi Panny. W zamku zachowa\u0142 si\u0119 unikalny zestaw malowide\u0142 \u015bciennych al secco (malowanie na suchym tynku) pochodz\u0105cych z oko\u0142o 1360 roku. Po 1356 r. w pobli\u017cu wie\u017cy kaplicy wybudowano reprezentacyjn\u0105 wie\u017c\u0119 mieszkaln\u0105, tzw. don\u017con (jeden z najwi\u0119kszych w Czechach). \u015aciany prywatnej komnaty w\u0142adcy zamku pokryte by\u0142y p\u00f3\u017anogotyckimi malowid\u0142ami.<\/p>\n\n\n\n<p class=\" eplus-wrapper\">Po II wojnie \u015bwiatowej zamek by\u0142 wykorzystywany jako szko\u0142a. W 1969 roku ca\u0142a dzielnica zamkowo-pa\u0142acowa zosta\u0142a przekazana Pilskiemu Instytutowi Historycznemu i rozpocz\u0119\u0142a si\u0119 stopniowa rekonstrukcja. Kulminacja prac nast\u0105pi\u0142a w 1996 roku, kiedy to barokowy zamek zosta\u0142 otwarty dla zwiedzaj\u0105cych. Na pocz\u0105tku we wn\u0119trzach prezentowana by\u0142a wystawa zachodnioczeskiego gotyku. Nast\u0119pnie stworzono ekspozycj\u0119 sta\u0142\u0105 ze zwr\u00f3conego wyposa\u017cenia wn\u0119trza. Obecnie ekspozycja zosta\u0142a przeniesiona na drugie pi\u0119tro. Na pierwszym pi\u0119trze znajduje si\u0119 bowiem unikalna prezentacja &#8222;znaleziska stulecia&#8221; &#8211; roma\u0144skiego relikwiarza \u015bw. Maura. <\/p>\n\n\n<div class=\"wp-block-buttons eplus-wrapper is-layout-flex wp-block-buttons-is-layout-flex eplus-styles-uid-517b32\"><div class=\" wp-block-button eplus-wrapper eplus-styles-uid-4d211d\"><a class=\"wp-block-button__link wp-element-button\" href=\"https:\/\/www.zamek-becov.cz\/en\" target=\"_blank\" rel=\"noreferrer noopener\">Czytaj wi\u0119cej<\/a><\/div><\/div><\/div><\/div>\n\n<div class=\"wp-block-columns is-not-stacked-on-mobile eplus-wrapper is-layout-flex wp-container-core-columns-is-layout-9d6595d7 wp-block-columns-is-layout-flex eplus-styles-uid-9b40c5\"><div class=\"wp-block-column eplus-wrapper is-layout-flow wp-block-column-is-layout-flow eplus-styles-uid-e280e2\" style=\"padding-top:0;padding-right:0;padding-bottom:0;padding-left:0\"><h4 class=\" wp-block-heading eplus-wrapper eplus-styles-uid-ca65a2\">Praga<\/h4>\n\n<h5 class=\" wp-block-heading eplus-wrapper eplus-styles-uid-bac4d8\">Europejskie ko\u015bcio\u0142y drewniane i dzwonnice<\/h5>\n\n<div class=\"wp-block-group alignfull eplus-wrapper is-content-justification-center is-layout-constrained wp-block-group-is-layout-constrained eplus-styles-uid-c47afc\"><figure class=\" wp-block-image alignfull size-large lightbox-on eplus-wrapper eplus-styles-uid-475e71\" href=\"https:\/\/heritagehubkrakow.org\/wp-content\/uploads\/2023\/05\/5568108142_25719eedb6_h-1024x696.jpg\"><img decoding=\"async\" src=\"https:\/\/heritagehubkrakow.org\/wp-content\/uploads\/2023\/05\/5568108142_25719eedb6_h-1024x696.jpg\" alt=\"\" class=\"wp-image-1880\"><\/figure><\/div>\n\n<h5 class=\" wp-block-heading eplus-wrapper eplus-styles-uid-b7770b\">Rok: 2011<\/h5>\n\n<h5 class=\" wp-block-heading eplus-wrapper eplus-styles-uid-b7770b\">Kategoria: Badania<\/h5>\n\n\n<p class=\" eplus-wrapper\">Zakres dwutomowego opracowania na temat drewnianych ko\u015bcio\u0142\u00f3w i wie\u017c odgrywa znacz\u0105c\u0105 rol\u0119 w ochronie dziedzictwa, kt\u00f3re omawia. Drewniane ko\u015bcio\u0142y i dzwonnice s\u0105 silnie reprezentatywne dla rozwoju kultury i architektury w wi\u0119kszo\u015bci kraj\u00f3w europejskich. W tym kompleksowym badaniu z ca\u0142ej Europy autorzy przeanalizowali prawie 2000 ko\u015bcio\u0142\u00f3w i ponad 3000 dzwonnic. Pierwszy tom pozwala czytelnikowi spojrze\u0107 na drewniane konstrukcje ko\u015bcielne z wielu punkt\u00f3w widzenia, wyja\u015bniaj\u0105c i por\u00f3wnuj\u0105c ich aspekty ideologiczne, architektoniczne i strukturalne. Studium stara si\u0119 pokaza\u0107 g\u0142\u00f3wn\u0105 form\u0119 ka\u017cdego ko\u015bcio\u0142a, a tak\u017ce relacje mi\u0119dzy r\u00f3\u017cnymi stylami architektonicznymi. Drugi tom, stanowi\u0105cy pierwszy przegl\u0105d europejskich dzwonnic drewnianych, przedstawia wszystkie typy i odmiany w poszczeg\u00f3lnych regionach historycznych oraz bada typologi\u0119 konstrukcji i relacje mi\u0119dzy technikami budowlanymi a stylami architektonicznymi. Bezprecedensowe w swoim zakresie i bogato ilustrowane 2500 fotografiami i rysunkami, jest to g\u0142\u00f3wne studium drewnianej architektury ko\u015bcielnej zar\u00f3wno w Europie Zachodniej, jak i Wschodniej. Stanowi ona wa\u017cny wk\u0142ad w wysi\u0142ki maj\u0105ce na celu lepsze zrozumienie i zachowanie tej wyj\u0105tkowej cz\u0119\u015bci europejskiego dziedzictwa kulturowego.<\/p>\n\n\n<div class=\"wp-block-buttons eplus-wrapper is-layout-flex wp-block-buttons-is-layout-flex eplus-styles-uid-517b32\"><div class=\" wp-block-button eplus-wrapper eplus-styles-uid-76e37f\"><a class=\"wp-block-button__link wp-element-button\" href=\"http:\/\/www.woodenchurch.eu\/\" target=\"_blank\" rel=\"noreferrer noopener\">Czytaj wi\u0119cej<\/a><\/div><\/div>\n\n\n<figure class=\"wp-embed-aspect-16-9 wp-has-aspect-ratio wp-block-embed is-type-video is-provider-youtube wp-block-embed-youtube eplus-wrapper\"><div class=\"wp-block-embed__wrapper\">\n<iframe loading=\"lazy\" title=\"Wooden churches and bell towers of Europe, Prague CZECH REPUBLIC\" width=\"500\" height=\"281\" src=\"https:\/\/www.youtube.com\/embed\/X-Wy8EDqM4s?feature=oembed\" frameborder=\"0\" allow=\"accelerometer; autoplay; clipboard-write; encrypted-media; gyroscope; picture-in-picture; web-share\" referrerpolicy=\"strict-origin-when-cross-origin\" allowfullscreen><\/iframe>\n<\/div><\/figure>\n<\/div><\/div>\n\n<div class=\"wp-block-columns is-not-stacked-on-mobile eplus-wrapper is-layout-flex wp-container-core-columns-is-layout-9d6595d7 wp-block-columns-is-layout-flex eplus-styles-uid-e43226\"><div class=\"wp-block-column eplus-wrapper is-layout-flow wp-block-column-is-layout-flow eplus-styles-uid-e280e2\" style=\"padding-top:0;padding-right:0;padding-bottom:0;padding-left:0\"><h5 class=\" wp-block-heading eplus-wrapper eplus-styles-uid-bac4d8\">Profesor Tom\u00e1\u0161 Durd\u00edk<\/h5>\n\n<div class=\"wp-block-group alignfull eplus-wrapper is-content-justification-center is-layout-constrained wp-block-group-is-layout-constrained eplus-styles-uid-c47afc\"><figure class=\" wp-block-image alignfull size-large lightbox-on eplus-wrapper eplus-styles-uid-475e71\" href=\"https:\/\/heritagehubkrakow.org\/wp-content\/uploads\/2023\/05\/5531115861_f78df2b8b8_h-1024x768.jpg\"><img decoding=\"async\" src=\"https:\/\/heritagehubkrakow.org\/wp-content\/uploads\/2023\/05\/5531115861_f78df2b8b8_h-1024x768.jpg\" alt=\"\" class=\"wp-image-1882\"><\/figure><\/div>\n\n<h5 class=\" wp-block-heading eplus-wrapper eplus-styles-uid-b7770b\">Rok: 2011<\/h5>\n\n<h5 class=\" wp-block-heading eplus-wrapper eplus-styles-uid-b7770b\">Kategoria: S\u0142u\u017cba zaanga\u017cowana<\/h5>\n\n\n<p class=\" eplus-wrapper\">Profesor Tom\u00e1\u0161 Durd\u00edk (1951-2012) wni\u00f3s\u0142 niezwyk\u0142y wk\u0142ad w badania, konserwacj\u0119 i ochron\u0119 zamk\u00f3w i fortyfikacji, kt\u00f3re stanowi\u0105 cz\u0119\u015b\u0107 dziedzictwa narodowego Republiki Czeskiej, jak i by\u0142ej Czechos\u0142owacji. Profesor opracowa\u0142 wyj\u0105tkowe holistyczne podej\u015bcie do tej pracy, analizuj\u0105c histori\u0119, form\u0119 architektoniczn\u0105 i typologi\u0119 tych zabytk\u00f3w, a tak\u017ce ich znaczenie polityczne i spo\u0142eczne oraz walory artystyczne i znaczenie symboliczne. Wykorzysta\u0142 swoj\u0105 rozleg\u0142\u0105 wiedz\u0119 nie tylko do informowania innych specjalist\u00f3w w tej dziedzinie, ale tak\u017ce do rozwijania entuzjazmu pokole\u0144 student\u00f3w i podnoszenia og\u00f3lnej \u015bwiadomo\u015bci spo\u0142ecznej na temat znaczenia zachowania autentyczno\u015bci zamk\u00f3w i fortyfikacji. Profesor Tom\u00e1\u0161 Durd\u00edk przeprowadzi\u0142 intensywne i kompleksowe badania czeskich zamk\u00f3w, kt\u00f3re s\u0105 wysoko cenione w kr\u0119gach og\u00f3lnoeuropejskich. Odrzucaj\u0105c dotychczasowe jednostronne podej\u015bcie do bada\u0144 nad zamkami, Durd\u00edk stworzy\u0142 z\u0142o\u017con\u0105 interdyscyplinarn\u0105 metodologi\u0119, umo\u017cliwiaj\u0105c znacznie bli\u017cszy wgl\u0105d w rzeczywisto\u015b\u0107 okresu \u015bredniowiecza i umieszczaj\u0105c swoje odkrycia w ich kontek\u015bcie europejskim. Zaanga\u017cowany by\u0142 w 1000 prac na miejscu, w tym 25 du\u017cych archeologicznych projekt\u00f3w badawczych, takich jak zamki T\u00fd\u0159ov, K\u0159ivokl\u00e1t, Jind\u0159ich\u016fv Hradec, Vimperk, Po\u0159e\u0161\u00edn, Kam\u00fdk nad Vltavou, Zlenice i Orl\u00edk u Humpolce. Swoje odkrycia i du\u017ce ilo\u015bci \u017ar\u00f3de\u0142 historycznych opublikowa\u0142 w ponad 400 artyku\u0142ach i ksi\u0105\u017ckach. Profesor Durd\u00edk pracuje w Instytucie Archeologicznym Czeskiej Akademii Nauk w Pradze, wyk\u0142ada na czterech czeskich uniwersytetac, jest r\u00f3wnie\u017c cz\u0142onkiem wielu krajowych i europejskich komitet\u00f3w eksperckich oraz innych cia\u0142 doradczych. Zaanga\u017cowany jest w opiek\u0119 nad zabytkami i dziedzictwem historycznym.<\/p>\n\n\n\n<p class=\" eplus-wrapper\"><\/p>\n\n\n<div class=\"wp-block-buttons eplus-wrapper is-layout-flex wp-block-buttons-is-layout-flex eplus-styles-uid-517b32\"><div class=\" wp-block-button eplus-wrapper eplus-styles-uid-8cb6a7\"><a class=\"wp-block-button__link wp-element-button\" href=\"https:\/\/www.arup.cas.cz\/kontakty\/personalia\/emeritni-pracovnici\/durdik-tomas\/\" target=\"_blank\" rel=\"noreferrer noopener\">Czytaj wi\u0119cej<\/a><\/div><\/div><\/div><\/div>\n\n<div class=\"wp-block-columns is-not-stacked-on-mobile eplus-wrapper is-layout-flex wp-container-core-columns-is-layout-9d6595d7 wp-block-columns-is-layout-flex eplus-styles-uid-f00c52\"><div class=\"wp-block-column eplus-wrapper is-layout-flow wp-block-column-is-layout-flow eplus-styles-uid-e280e2\" style=\"padding-top:0;padding-right:0;padding-bottom:0;padding-left:0\"><h4 class=\" wp-block-heading eplus-wrapper eplus-styles-uid-ca65a2\">Telc, region Vyso\u010dina<\/h4>\n\n<h5 class=\" wp-block-heading eplus-wrapper eplus-styles-uid-bac4d8\">Program edukacyjny dotycz\u0105cy czeskiego dziedzictwa kulturowego<\/h5>\n\n<div class=\"wp-block-group alignfull eplus-wrapper is-content-justification-center is-layout-constrained wp-block-group-is-layout-constrained eplus-styles-uid-c47afc\"><figure class=\" wp-block-image alignfull size-large lightbox-on eplus-wrapper eplus-styles-uid-475e71\" href=\"https:\/\/heritagehubkrakow.org\/wp-content\/uploads\/2023\/05\/33682634105_32d0726598_k-1024x683.jpg\"><img decoding=\"async\" src=\"https:\/\/heritagehubkrakow.org\/wp-content\/uploads\/2023\/05\/33682634105_32d0726598_k-1024x683.jpg\" alt=\"\" class=\"wp-image-1884\"><\/figure><\/div>\n\n<h5 class=\" wp-block-heading eplus-wrapper eplus-styles-uid-b7770b\">Rok: 2017<\/h5>\n\n<h5 class=\" wp-block-heading eplus-wrapper eplus-styles-uid-b7770b\">Kategoria: Edukacja, szkolenia i podnoszenie \u015bwiadomo\u015bci<\/h5>\n\n\n<p class=\" eplus-wrapper\">Efektem projektu, kt\u00f3ry zosta\u0142 oparty na badaniach jest kompleksowy system program\u00f3w edukacyjnych, w zakresie nieruchomego i ruchomego dziedzictwa kulturowego, skierowanych do r\u00f3\u017cnych grup docelowych. Mo\u017cliwe to by\u0142o dzi\u0119ki \u015bcis\u0142ej wsp\u00f3\u0142pracy z partnerami uniwersyteckimi z wydzia\u0142\u00f3w pedagogicznych w zakresie wielopoziomowej edukacji nieformalnej bazuj\u0105cej na silnym podej\u015bciu metodologicznym. Wyniki projektu zosta\u0142y szeroko rozpowszechnione zar\u00f3wno w kraju, jak i za granic\u0105. <\/p>\n\n\n\n<p class=\" eplus-wrapper\">Projekt zosta\u0142 sfinansowany przez<strong> <\/strong>Ministerstwo Kultury w celu stworzenia wysokiej jako\u015bci systemu edukacji i nauki o dziedzictwie kulturowym w Republice Czeskiej. Programy edukacyjne umo\u017cliwi\u0142y optymalne wykorzystanie blisko 100 pa\u0144stwowych miejsc i obiekt\u00f3w dziedzictwa kulturowego, przy czym wi\u0119kszo\u015b\u0107 program\u00f3w zosta\u0142a zrealizowana w otoczeniu obiekt\u00f3w dziedzictwa kulturowego. Do tej pory programy dotar\u0142y do oko\u0142o 31 000 uczestnik\u00f3w z r\u00f3\u017cnych \u015brodowisk. Projekt zosta\u0142 zrealizowany przy u\u017cyciu kilku podej\u015b\u0107 metodologicznych. W szczeg\u00f3lno\u015bci wykorzystanie projekt\u00f3w pilota\u017cowych, kt\u00f3re opiera\u0142y si\u0119 na udziale wszystkich zaanga\u017cowanych stron, tj. badaczy i grup docelowych samych projekt\u00f3w, tworz\u0105c przestrze\u0144 interakcji niezb\u0119dn\u0105 do rozwoju programu. Zaowocowa\u0142o to intensywn\u0105 wsp\u00f3\u0142prac\u0105 badaczy z uczestnikami ze szk\u00f3\u0142 i innych instytucji edukacyjnych. Program odni\u00f3s\u0142 znacz\u0105cy sukces w podnoszeniu \u015bwiadomo\u015bci i docenieniu czeskiego dziedzictwa kulturowego, co z kolei przyczynia si\u0119 do pog\u0142\u0119bienia zrozumienia w\u015br\u00f3d uczestnik\u00f3w i wi\u0119kszej ch\u0119ci ochrony tego dziedzictwa. Projekt odzwierciedla\u0142 zagraniczne trendy w edukacji o dziedzictwie kulturowym, ale by\u0142 r\u00f3wnie skuteczny w tworzeniu w\u0142asnych innowacyjnych strategii, kt\u00f3re zosta\u0142y pozytywnie przyj\u0119te za granic\u0105 i w kr\u0119gach akademickich.<\/p>\n\n\n<div class=\"wp-block-buttons eplus-wrapper is-layout-flex wp-block-buttons-is-layout-flex eplus-styles-uid-517b32\"><div class=\" wp-block-button eplus-wrapper eplus-styles-uid-b428e2\"><a class=\"wp-block-button__link wp-element-button\" href=\"https:\/\/www.pamatkynasbavi.cz\/cs\" target=\"_blank\" rel=\"noreferrer noopener\">Czytaj wi\u0119cej<\/a><\/div><\/div>\n\n\n<figure class=\"wp-embed-aspect-16-9 wp-has-aspect-ratio wp-block-embed is-type-video is-provider-youtube wp-block-embed-youtube eplus-wrapper\"><div class=\"wp-block-embed__wrapper\">\n<iframe loading=\"lazy\" title=\"Educational programme for Czech cultural heritage, Telc, Vyso\u010dina region, CZECH REPUBLIC\" width=\"500\" height=\"281\" src=\"https:\/\/www.youtube.com\/embed\/al9ZBjXDxEk?feature=oembed\" frameborder=\"0\" allow=\"accelerometer; autoplay; clipboard-write; encrypted-media; gyroscope; picture-in-picture; web-share\" referrerpolicy=\"strict-origin-when-cross-origin\" allowfullscreen><\/iframe>\n<\/div><\/figure>\n<\/div><\/div>\n\n<div class=\"wp-block-columns is-not-stacked-on-mobile eplus-wrapper is-layout-flex wp-container-core-columns-is-layout-9d6595d7 wp-block-columns-is-layout-flex eplus-styles-uid-d0f544\"><div class=\"wp-block-column eplus-wrapper is-layout-flow wp-block-column-is-layout-flow eplus-styles-uid-e280e2\" style=\"padding-top:0;padding-right:0;padding-bottom:0;padding-left:0\"><h4 class=\" wp-block-heading eplus-wrapper eplus-styles-uid-ca65a2\">Kuks<\/h4>\n\n<h5 class=\" wp-block-heading eplus-wrapper eplus-styles-uid-bac4d8\">Kompleks barokowy i ogrody w Kuks<\/h5>\n\n<div class=\"wp-block-group alignfull eplus-wrapper is-content-justification-center is-layout-constrained wp-block-group-is-layout-constrained eplus-styles-uid-c47afc\"><figure class=\" wp-block-image alignfull size-large lightbox-on eplus-wrapper eplus-styles-uid-475e71\" href=\"https:\/\/heritagehubkrakow.org\/wp-content\/uploads\/2023\/05\/32866771583_a3e7edccb6_h-1024x683.jpg\"><img decoding=\"async\" src=\"https:\/\/heritagehubkrakow.org\/wp-content\/uploads\/2023\/05\/32866771583_a3e7edccb6_h-1024x683.jpg\" alt=\"\" class=\"wp-image-1886\"><\/figure><\/div>\n\n<h5 class=\" wp-block-heading eplus-wrapper eplus-styles-uid-b7770b\">Rok: 2017<\/h5>\n\n<h5 class=\" wp-block-heading eplus-wrapper eplus-styles-uid-b7770b\">Kategoria: Konserwacja<\/h5>\n\n\n<p class=\" eplus-wrapper\">&#8222;Kuks &#8211; Pomegranate &#8211; prace renowacyjne szpitala Kuks, zintegrowany projekt konserwacji budynku i krajobrazu, koordynowany by\u0142o przez <strong>Narodowy Instytut Dziedzictwa<\/strong> w Republice Czeskiej przy wsparciu <strong>Europejskiego Funduszu Rozwoju Regionalnego<\/strong>. Zbudowany na pocz\u0105tku XVIII wieku obiekt sk\u0142ada si\u0119 z rezydencji Franza Antona von Sporcka, zbudowanej w pobli\u017cu leczniczych \u017ar\u00f3de\u0142 pobliskiej rzeki \u0141aby oraz ze spa, szpitala, ko\u015bcio\u0142a, cmentarza, apteki i rozleg\u0142ych ogrod\u00f3w z ogr\u00f3dkiem zio\u0142owym i fontannami. Znaczna cz\u0119\u015b\u0107 kompleksu znajdowa\u0142a si\u0119 w op\u0142akanym stanie, a wi\u0119kszo\u015b\u0107 budynk\u00f3w zupe\u0142nie nie nadawa\u0142a si\u0119 do u\u017cytku. Kompleks reprezentuje wybitny przyk\u0142ad barokowej architektury i dekoracji wn\u0119trz oraz uciele\u015bnia barokowe idea\u0142y w swoim symbolicznym uk\u0142adzie fizycznym. Barokowa fascynacja przeciwie\u0144stwami, \u017cyciem i \u015bmierci\u0105 jest widoczna w sposobie, w jaki budynki po\u015bwi\u0119cone m\u0142odo\u015bci i \u017cyciu, czyli zamek, teatr i spa, znajduj\u0105 si\u0119 po jednej stronie doliny, podczas gdy te po\u015bwi\u0119cone duchowo\u015bci, starzeniu si\u0119 i \u015bmierci, takie jak szpital, ko\u015bci\u00f3\u0142 i cmentarz, znajduj\u0105 si\u0119 na przeciwleg\u0142ym brzegu.<\/p>\n\n\n\n<p class=\" eplus-wrapper\">Szpital i apteka mia\u0142y niezwyk\u0142\u0105 histori\u0119, funkcjonuj\u0105c jako takie od 1743 roku a\u017c do okupacji terytorium Czechos\u0142owacji w 1938 roku. Kuks to ma\u0142a wioska po\u0142o\u017cona we wschodnich Czechach. W 1684 r. hrabia Franz Anton von Sporck sta\u0142 si\u0119 w\u0142a\u015bcicielem wszystkich okolicznych d\u00f3br, w tym Kuks. W tym czasie Kuks by\u0142 znany jedynie ze swoich \u017ar\u00f3de\u0142, kt\u00f3re wed\u0142ug miejscowej ludno\u015bci mia\u0142y w\u0142a\u015bciwo\u015bci lecznicze. Sporck postawi\u0142 sobie bardzo ambitny cel &#8211; zmieni\u0107 Kuks w \u015bwiatowej s\u0142awy spa. Po 1938 r. utworzono tam okr\u0119gowy zak\u0142ad karny dla niemieckich nieletnich ch\u0142opc\u00f3w. W drugiej po\u0142owie XX wieku w budynku mie\u015bci\u0142 si\u0119 szpital dla przewlekle chorych oraz oddzia\u0142 regionalnego archiwum. Celem projektu Kuks &#8211; Granat (nazwa pochodzi od apteki) by\u0142a budowa centrum edukacyjnego skupiaj\u0105cego si\u0119 na fascynuj\u0105cej historii kompleksu, dzia\u0142alno\u015bci szpitalnej, prezentacji historycznej oraz wsp\u00f3\u0142czesnej apteki, jak r\u00f3wnie\u017c kulturalnych i artystycznych aspektach budynku.<\/p>\n\n\n<div class=\"wp-block-buttons eplus-wrapper is-layout-flex wp-block-buttons-is-layout-flex eplus-styles-uid-517b32\"><div class=\" wp-block-button eplus-wrapper eplus-styles-uid-23130c\"><a class=\"wp-block-button__link wp-element-button\" href=\"https:\/\/www.hospital-kuks.cz\/en\" target=\"_blank\" rel=\"noreferrer noopener\">Czytaj wi\u0119cej<\/a><\/div><\/div>\n\n\n<figure class=\"wp-embed-aspect-16-9 wp-has-aspect-ratio wp-block-embed is-type-video is-provider-youtube wp-block-embed-youtube eplus-wrapper\"><div class=\"wp-block-embed__wrapper\">\n<iframe loading=\"lazy\" title=\"Baroque Complex and Gardens in Kuks, Hradec Kr\u00e1lov\u00e9 region, CZECH REPUBLIC\" width=\"500\" height=\"281\" src=\"https:\/\/www.youtube.com\/embed\/kgUKF0k7pvI?feature=oembed\" frameborder=\"0\" allow=\"accelerometer; autoplay; clipboard-write; encrypted-media; gyroscope; picture-in-picture; web-share\" referrerpolicy=\"strict-origin-when-cross-origin\" allowfullscreen><\/iframe>\n<\/div><\/figure>\n<\/div><\/div>\n\n<div class=\"wp-block-columns is-not-stacked-on-mobile eplus-wrapper is-layout-flex wp-container-core-columns-is-layout-9d6595d7 wp-block-columns-is-layout-flex eplus-styles-uid-e7a026\"><div class=\"wp-block-column eplus-wrapper is-layout-flow wp-block-column-is-layout-flow eplus-styles-uid-e280e2\" style=\"padding-top:0;padding-right:0;padding-bottom:0;padding-left:0\"><h4 class=\" wp-block-heading eplus-wrapper eplus-styles-uid-ca65a2\">Praga<\/h4>\n\n<h5 class=\" wp-block-heading eplus-wrapper eplus-styles-uid-bac4d8\">Rotunda \u015bw. Wac\u0142awa<\/h5>\n\n<div class=\"wp-block-group alignfull eplus-wrapper is-content-justification-center is-layout-constrained wp-block-group-is-layout-constrained eplus-styles-uid-c47afc\"><figure class=\" wp-block-image alignfull size-large lightbox-on eplus-wrapper eplus-styles-uid-475e71\" href=\"https:\/\/heritagehubkrakow.org\/wp-content\/uploads\/2023\/05\/26357572807_409cf44bb9_k-1024x683.jpg\"><img decoding=\"async\" src=\"https:\/\/heritagehubkrakow.org\/wp-content\/uploads\/2023\/05\/26357572807_409cf44bb9_k-1024x683.jpg\" alt=\"\" class=\"wp-image-1888\"><\/figure><\/div>\n\n<h5 class=\" wp-block-heading eplus-wrapper eplus-styles-uid-b7770b\">Rok: 2018<\/h5>\n\n<h5 class=\" wp-block-heading eplus-wrapper eplus-styles-uid-b7770b\">Kategoria: Konserwacja<\/h5>\n\n\n<p class=\" eplus-wrapper\">Projekt jest doskona\u0142ym przyk\u0142adem konserwacji <em>in situ<\/em>. W ramach projektu odrestaurowano i poddano konserwacji pochodz\u0105c\u0105 z ko\u0144ca XI wieku naw\u0119 roma\u0144skiej rotundy, kt\u00f3ra ukazuje pocz\u0105tki miasta Pragi. Szcz\u0105tki zosta\u0142y odkryte we wewn\u0105trz budynku Uniwersytetu Karola (wpisanego na list\u0119 \u015bwiatowego dziedzictwa UNESCO). Prace renowacyjne opiera\u0142y si\u0119 na za\u0142o\u017ceniu zminimalizowania wszelkich widocznych ingerencji. Projekt, prowadzony przez zesp\u00f3\u0142 z Uniwersytetu Karola w Pradze, by\u0142 wspierany przez granty EEA\/Norwegia i prywatnych darczy\u0144c\u00f3w. Projekt stanowi przyk\u0142ad wsp\u00f3\u0142pracy interdyscyplinarnej w praktyce. By sprosta\u0107 wymaganiom tego z\u0142o\u017conego projektu, wsp\u00f3\u0142pracowali ze sob\u0105 geodeci, geolodzy, chemicy, matematycy, fizycy, konserwatorzy, archeolodzy i arty\u015bci. Dzi\u0119ki temu uzyskano unikalny wgl\u0105d w projekt i technologie konstrukcyjne stosowane w \u015bredniowiecznych rotundach, maj\u0105ce zastosowanie do ca\u0142ej cywilizacji europejskiej tego okresu.<\/p>\n\n\n\n<p class=\" eplus-wrapper\">Pierwsza pisemna wzmianka o rotundzie pojawia si\u0119 na pocz\u0105tku XIII wieku i wskazuje na \u015bcis\u0142y zwi\u0105zek z patronem Czech, \u015bwi\u0119tym Wac\u0142awem. Kaplica znikn\u0119\u0142a wraz z budow\u0105 nowych budynk\u00f3w i zosta\u0142a uznana za zaginion\u0105. Pozosta\u0142o\u015bci budynku zosta\u0142y ponownie odkryte podczas prac budowlanych w 2004 roku. Obecny typ sze\u015bciok\u0105tnych wyt\u0142aczanych p\u0142ytek nie zosta\u0142 odkryty nigdzie indziej w Europie. Odkrycie struktury sakralnej z po\u0142owy X wieku ma ogromne znaczenie dla historii chrze\u015bcija\u0144stwa i jego architektury w Europie \u015arodkowej. Struktura pokazuje powi\u0105zania mi\u0119dzyetniczne oraz dostarcza materia\u0142u do oceny por\u00f3wnawczej.<\/p>\n\n\n<div class=\"wp-block-buttons eplus-wrapper is-layout-flex wp-block-buttons-is-layout-flex eplus-styles-uid-517b32\"><div class=\" wp-block-button eplus-wrapper eplus-styles-uid-3e56ca\"><a class=\"wp-block-button__link wp-element-button\" href=\"www.nase-rotunda.cz\/en\" target=\"_blank\" rel=\"noreferrer noopener\">Czytaj wi\u0119cej<\/a><\/div><\/div>\n\n\n<figure class=\"wp-embed-aspect-16-9 wp-has-aspect-ratio wp-block-embed is-type-video is-provider-youtube wp-block-embed-youtube eplus-wrapper\"><div class=\"wp-block-embed__wrapper\">\n<iframe loading=\"lazy\" title=\"St. Wenceslas Rotunda, Prague, CZECH REPUBLIC\" width=\"500\" height=\"281\" src=\"https:\/\/www.youtube.com\/embed\/HAeOUB9Lv64?feature=oembed\" frameborder=\"0\" allow=\"accelerometer; autoplay; clipboard-write; encrypted-media; gyroscope; picture-in-picture; web-share\" referrerpolicy=\"strict-origin-when-cross-origin\" allowfullscreen><\/iframe>\n<\/div><\/figure>\n<\/div><\/div>\n\n<div class=\"wp-block-columns is-not-stacked-on-mobile eplus-wrapper is-layout-flex wp-container-core-columns-is-layout-9d6595d7 wp-block-columns-is-layout-flex eplus-styles-uid-c51fe1\"><div class=\"wp-block-column eplus-wrapper is-layout-flow wp-block-column-is-layout-flow eplus-styles-uid-e280e2\" style=\"padding-top:0;padding-right:0;padding-bottom:0;padding-left:0\"><h4 class=\" wp-block-heading eplus-wrapper eplus-styles-uid-ca65a2\">Praga<\/h4>\n\n<h5 class=\" wp-block-heading eplus-wrapper eplus-styles-uid-bac4d8\">Wsp\u00f3\u0142praca transgraniczna na rzecz europejskiej muzyki klasycznej<\/h5>\n\n<div class=\"wp-block-group alignfull eplus-wrapper is-content-justification-center is-layout-constrained wp-block-group-is-layout-constrained eplus-styles-uid-c47afc\"><figure class=\" wp-block-image alignfull size-large lightbox-on eplus-wrapper eplus-styles-uid-475e71\" href=\"https:\/\/heritagehubkrakow.org\/wp-content\/uploads\/2023\/05\/49784042236_b3f5ff8958_k-1024x683.jpg\"><img decoding=\"async\" src=\"https:\/\/heritagehubkrakow.org\/wp-content\/uploads\/2023\/05\/49784042236_b3f5ff8958_k-1024x683.jpg\" alt=\"\" class=\"wp-image-1890\"><\/figure><\/div>\n\n<h5 class=\" wp-block-heading eplus-wrapper eplus-styles-uid-b7770b\">Rok: 2020<\/h5>\n\n<h5 class=\" wp-block-heading eplus-wrapper eplus-styles-uid-b7770b\">Kategoria: Edukacja, szkolenia i podnoszenie \u015bwiadomo\u015bci<\/h5>\n\n\n<p class=\" eplus-wrapper\">To doskona\u0142y przyk\u0142ad innowacji technologicznej zastosowanej do dziedzictwa muzycznego<em>.<\/em> Muzyka klasyczna stanowi wa\u017cn\u0105 cz\u0119\u015b\u0107 niematerialnego dziedzictwa kulturowego Europy. Komunikacja mi\u0119dzy muzykami w ca\u0142ej Europie ma ogromne znaczenie dla zachowania tego dziedzictwa, dzielenia si\u0119 r\u00f3\u017cnymi pogl\u0105dami i wzbogacania do\u015bwiadcze\u0144 muzycznych. Technologia opracowana przez <strong>stowarzyszenie CESNET<\/strong> pozwala muzykom gra\u0107 razem na du\u017ce odleg\u0142o\u015bci z zaledwie kilkumilisekundowym op\u00f3\u017anieniem. Rozwi\u0105zanie opiera si\u0119 na technologii transmisji sieciowej o bardzo niskich op\u00f3\u017anieniach dla audio i wideo, kt\u00f3ra wykorzystuje programowalne tablice bramek (FPGA). Niskie op\u00f3\u017anienie \u0142\u0105czy si\u0119 z jako\u015bci\u0105 obrazu telewizyjnego w wysokiej rozdzielczo\u015bci, w tym z mo\u017cliwo\u015bci\u0105 prze\u0142\u0105czania wideo na \u017cywo z wielu kamer. <\/p>\n\n\n\n<p class=\" eplus-wrapper\">Modular Video Transmission Platform (MVTP) wprowadza nowe mo\u017cliwo\u015bci do promocji muzyki klasycznej, wsp\u00f3\u0142pracy, edukacji i interpretacji. To z kolei umo\u017cliwia szersz\u0105 wsp\u00f3\u0142prac\u0119 mi\u0119dzy artystami, nauczycielami i studentami na poziomie europejskim oraz wspiera nowe sposoby wymiany kulturalnej mi\u0119dzy krajami. Przyk\u0142ady wykorzystania tej technologii obejmuj\u0105 umo\u017cliwienie studentom zdawania egzamin\u00f3w na \u017cywo na odleg\u0142o\u015b\u0107 lub \u0142atwiejsz\u0105 wymian\u0119 wiedzy mi\u0119dzy akademiami muzycznymi posiadaj\u0105cymi do\u015bwiadczenie w okre\u015blonych dziedzinach. Technologia ta stwarza muzykom specjalne \u015brodowisko do wsp\u00f3lnej gry na odleg\u0142o\u015b\u0107 przy jednoczesnej spektakularnej jako\u015bci obrazu i d\u017awi\u0119ku dla publiczno\u015bci. Ta muzyczna wymiana pomaga promowa\u0107 tradycj\u0119 europejskiej muzyki klasycznej ponad podzia\u0142ami i granicami.<\/p>\n\n\n<div class=\"wp-block-buttons eplus-wrapper is-layout-flex wp-block-buttons-is-layout-flex eplus-styles-uid-517b32\"><div class=\" wp-block-button eplus-wrapper eplus-styles-uid-4df2c1\"><a class=\"wp-block-button__link wp-element-button\" href=\"https:\/\/mvtp.cesnet.cz\/\" target=\"_blank\" rel=\"noreferrer noopener\">Czytaj wi\u0119cej<\/a><\/div><\/div>\n\n\n<figure class=\"wp-embed-aspect-16-9 wp-has-aspect-ratio wp-block-embed is-type-video is-provider-youtube wp-block-embed-youtube eplus-wrapper\"><div class=\"wp-block-embed__wrapper\">\n<iframe loading=\"lazy\" title=\"Cross border Collaboration for European Classical Music, CZECH REPUBLIC\" width=\"500\" height=\"281\" src=\"https:\/\/www.youtube.com\/embed\/O4iDuJTpq6k?feature=oembed\" frameborder=\"0\" allow=\"accelerometer; autoplay; clipboard-write; encrypted-media; gyroscope; picture-in-picture; web-share\" referrerpolicy=\"strict-origin-when-cross-origin\" allowfullscreen><\/iframe>\n<\/div><\/figure>\n<\/div><\/div>\n\n\n<figure class=\"wp-embed-aspect-16-9 wp-has-aspect-ratio wp-block-embed is-type-video is-provider-youtube wp-block-embed-youtube eplus-wrapper\"><div class=\"wp-block-embed__wrapper\">\n<iframe loading=\"lazy\" title=\"Excellence Fair 2020 - Cross border Collaboration for European Classical Music\" width=\"500\" height=\"281\" src=\"https:\/\/www.youtube.com\/embed\/dCjPD40mHQ4?feature=oembed\" frameborder=\"0\" allow=\"accelerometer; autoplay; clipboard-write; encrypted-media; gyroscope; picture-in-picture; web-share\" referrerpolicy=\"strict-origin-when-cross-origin\" allowfullscreen><\/iframe>\n<\/div><\/figure>\n\n\n\n<div style=\"height:53px\" aria-hidden=\"true\" class=\" wp-block-spacer eplus-wrapper\"><\/div>\n\n\n\n<h5 class=\" wp-block-heading eplus-wrapper\">Lobe\u010d<\/h5>\n\n\n\n<div style=\"height:53px\" aria-hidden=\"true\" class=\" wp-block-spacer eplus-wrapper\"><\/div>\n\n\n\n<h5 class=\" wp-block-heading eplus-wrapper\"><strong>Browar Parowy<\/strong><\/h5>\n\n\n\n<p class=\" has-text-align-center eplus-wrapper\"><img decoding=\"async\" class=\"wp-image-2358\" style=\"width: 1200px;\" src=\"https:\/\/heritagehubkrakow.org\/wp-content\/uploads\/2023\/06\/52926700652_cd7f876b59_k.jpg\" alt=\"\"><\/p>\n\n\n\n<h5 class=\" wp-block-heading eplus-wrapper\">Rok: 2023<\/h5>\n\n\n\n<h5 class=\" wp-block-heading eplus-wrapper\">Kategoria: Konserwacja <strong>i adaptacja <\/strong><\/h5>\n\n\n\n<p class=\" eplus-wrapper\">Browar w Lobesz w Czechach to cenny zabytek z bogat\u0105 histori\u0105 si\u0119gaj\u0105c\u0105 1586 roku. Browar po\u0142o\u017cony jest w malowniczej miejscowo\u015bci licz\u0105cej 140 mieszka\u0144c\u00f3w znajduj\u0105cej si\u0119 w chronionym obszarze krajobrazowym Kokosznsko. D\u0142ugofalowy projekt odbudowy browaru o\u017cywi\u0142 ma\u0142\u0105 wiosk\u0119 sprawiaj\u0105c jednocze\u015bnie, \u017ce cieszy\u0107 si\u0119 nim b\u0119d\u0105 mog\u0142y kolejne pokolenia mieszka\u0144c\u00f3w.<\/p>\n\n\n\n<p class=\" eplus-wrapper\">Projekt zosta\u0142 sfinansowany w wi\u0119kszo\u015bci z w\u0142asnych \u015brodk\u00f3w finansowych w\u0142a\u015bcicieli obiektu, przy wsparciu rz\u0105du czeskiego w ramach <strong>Programu opieki nad wiejskimi rezerwatami Ministerstwa Kultury,<\/strong>jak r\u00f3wnie\u017c <strong>Programu Kultury dla Regionu Centralnego<\/strong> oraz <strong>Programu \u201eZielone Oszcz\u0119dno\u015bci\u201d Ministerstwa \u015arodowiska.<\/strong>. Ponadto odbudow\u0119 pom\u00f3g\u0142 sfinansowa\u0107 r\u00f3wnie\u017c <strong>Program Rozwoju Obszar\u00f3w Wiejskich Unii Europejskiej<\/strong>.<\/p>\n\n\n\n<p class=\" eplus-wrapper\">Browar i dom s\u0142odowy dzia\u0142a\u0142y nieprzerwanie od XVI wieku, ich wsp\u00f3\u0142czesna struktura natomiast datowana jest na pierwsz\u0105 po\u0142ow\u0119 XVII wieku. W latach dziewi\u0119\u0107dziesi\u0105tych XIX wieku browar zosta\u0142 zmodernizowany i przekszta\u0142cony w browar przemys\u0142owy z silnikiem parowym. Produkcja zako\u0144czy\u0142a si\u0119 w 1943 roku. Sam teren opuszczono w latch 80. XX wieku i od tego czasu zacz\u0105\u0142 popada\u0107 w ruin\u0119.<\/p>\n\n\n\n<p class=\" eplus-wrapper\">Gdy architekci <strong>Jana i Pavel Prouza<\/strong> odkryli zapomniany browar mieli 30 lat. Nad renowacj\u0105 i o\u017cywieniem zabytku pracowali ponad 15 lat realizuj\u0105c tym samym swoje marzenie o \u017cyciu w obiekcie zabytkowym i jednoczesnym rozwijaniu w nim dzia\u0142alno\u015bci kulturalnej na rzecz wsi i jej spo\u0142eczno\u015bci.<\/p>\n\n\n\n<p class=\" eplus-wrapper\">Pocz\u0105tkowa faza renowacji koncentrowa\u0142a si\u0119 na fizycznej konserwacji terenu, kolejna za\u015b na starannej renowacji strukturalnej. W 2014 r. obiekt zosta\u0142 otwarty dla publiczno\u015bci a jego dzia\u0142alno\u015b\u0107 &#8211; celu zapewnienia przysz\u0142ego zr\u00f3wnowa\u017conego rozwoju &#8211; od pocz\u0105tku \u0142\u0105czy\u0142a wymiar kulturalny i biznesowy. Zosta\u0142a przywr\u00f3cona pierwotna funkcja obiektu, w kt\u00f3rym rozpocz\u0105\u0107 dzia\u0142alno\u015b\u0107 ma\u0142y browar rzemie\u015blniczy.<\/p>\n\n\n\n<p class=\" eplus-wrapper\">Projekt uwypukla aspekt odpowiedzialno\u015bci za \u015brodowisko m.in. poprzez wykorzystywanie w obiekcie systemu cz\u0119\u015bciowych pomp ciep\u0142a oraz energii geotermalnej do jego ogrzewania. Projekt mo\u017ce mie\u0107 szerszy wp\u0142yw na praktyk\u0119 ochrony dziedzictwa kulturowego stanowi\u0105c udany przyk\u0142ad zarz\u0105dzania projektami z ograniczonymi zasobami finansowymi.<\/p>\n\n\n\n<p class=\" eplus-wrapper\">Odrodzenie browaru przywr\u00f3ci\u0142o wiosce nowe \u017cycie, kt\u00f3rego wyrazem jest m.in. nap\u0142yw nowych mieszka\u0144c\u00f3w. Wioska prze\u017cywa spo\u0142eczny rozkwit: browar, lokalny zamek oraz aktywno\u015b\u0107 mieszka\u0144c\u00f3w sprawiaj\u0105, \u017ce zaczyna by\u0107 postrzegana jako miejscem warte odwiedzenia. Spo\u0142eczno\u015b\u0107 lokalna zaczyna by\u0107 na nowo dumna ze swojego w\u0142asnego browaru. Browar do\u0142\u0105czy\u0142 do <strong>ERIH \u2013 Europejskiego Szlaku Dziedzictwa Przemys\u0142owego<\/strong>. Pozwoli\u0142o to podnie\u015b\u0107 jego rozpoznawalno\u015b\u0107 na poziomie europejskim.<\/p>\n\n\n\n<div class=\"wp-block-buttons eplus-wrapper is-layout-flex wp-block-buttons-is-layout-flex\"><div class=\" wp-block-button eplus-wrapper eplus-styles-uid-c99c58\"><a class=\"wp-block-button__link wp-element-button\" href=\"https:\/\/www.lobec.cz\/en\">Czytaj wi\u0119cej<\/a><\/div><\/div>\n\n\n\n<div style=\"height:53px\" aria-hidden=\"true\" class=\" wp-block-spacer eplus-wrapper\"><\/div>\n\n\n\n<figure class=\"wp-embed-aspect-16-9 wp-has-aspect-ratio wp-block-embed alignfull is-type-video is-provider-vimeo wp-block-embed-vimeo eplus-wrapper\"><div class=\"wp-block-embed__wrapper\">\n<iframe loading=\"lazy\" title=\"Steam Engine Brewery, Lobe\u010d, CZECHIA\" src=\"https:\/\/player.vimeo.com\/video\/833949016?dnt=1&amp;app_id=122963\" width=\"500\" height=\"281\" frameborder=\"0\" allow=\"autoplay; fullscreen; picture-in-picture; clipboard-write\"><\/iframe>\n<\/div><\/figure>\n\n\n<div class=\"wp-block-columns is-not-stacked-on-mobile eplus-wrapper is-layout-flex wp-container-core-columns-is-layout-9d6595d7 wp-block-columns-is-layout-flex eplus-styles-uid-ae4d21\"><div class=\"wp-block-column eplus-wrapper is-layout-flow wp-block-column-is-layout-flow eplus-styles-uid-e280e2\" style=\"padding-top:0;padding-right:0;padding-bottom:0;padding-left:0\"><h3 class=\" wp-block-heading eplus-wrapper eplus-styles-uid-dc95e1\">ESTONIA<\/h3>\n\n<h4 class=\" wp-block-heading eplus-wrapper eplus-styles-uid-ca65a2\">Tallinn<\/h4>\n\n<h5 class=\" wp-block-heading eplus-wrapper eplus-styles-uid-bac4d8\">Port wodnosamolot\u00f3w w Tallinie<\/h5>\n\n<div class=\"wp-block-group alignfull eplus-wrapper is-content-justification-center is-layout-constrained wp-block-group-is-layout-constrained eplus-styles-uid-c47afc\"><figure class=\" wp-block-image alignfull size-large lightbox-on eplus-wrapper eplus-styles-uid-475e71\" href=\"https:\/\/heritagehubkrakow.org\/wp-content\/uploads\/2023\/05\/8534710788_afdcdd6edb_3k-1024x724.jpg\"><img decoding=\"async\" src=\"https:\/\/heritagehubkrakow.org\/wp-content\/uploads\/2023\/05\/8534710788_afdcdd6edb_3k-1024x724.jpg\" alt=\"\" class=\"wp-image-1894\"><\/figure><\/div>\n\n<h5 class=\" wp-block-heading eplus-wrapper eplus-styles-uid-b7770b\">Rok: 2013<\/h5>\n\n<h5 class=\" wp-block-heading eplus-wrapper eplus-styles-uid-b7770b\">Kategoria: Konserwacja<\/h5>\n\n\n<p class=\" eplus-wrapper\">Hangary w porcie wodnosamolot\u00f3w w Tallinie s\u0105 najwa\u017cniejszym obiektem in\u017cynieryjnym w regionie. Uwa\u017ca si\u0119, \u017ce jest to pierwsza na \u015bwiecie wielkoskalowa \u017celbetowa konstrukcja skorupowa. Port wodnosamolot\u00f3w zosta\u0142 zbudowany jako cz\u0119\u015b\u0107 twierdzy morskiej Piotra Wielkiego 100 lat temu na rozkaz rosyjskiego cesarza Miko\u0142aja II. Architektura Hangaru jest niezwyk\u0142a, z pierwszymi na \u015bwiecie bezkolumnowymi kopu\u0142ami z cienkiej skorupy betonowej o takiej obj\u0119to\u015bci. Budynek by\u0142 wykorzystywany przez wodnosamoloty a\u017c do II wojny \u015bwiatowej. Kiedy hangary zosta\u0142y zbudowane po raz pierwszy, brytyjskie czasopismo architektoniczne The Builder por\u00f3wna\u0142o je do Hagia Sophia w Stambule. W okresie sowieckim port wodnosamolot\u00f3w znajdowa\u0142 si\u0119 w r\u0119kach wojska, a zaniedbane hangary szybko niszcza\u0142y. Do czasu rozpocz\u0119cia prac renowacyjnych w 2009 roku, budynek by\u0142 w strasznej ruinie i znajdowa\u0142 si\u0119 na skraju zawalenia. Szybkie dzia\u0142ania przeprowadzone przez do\u015bwiadczony zesp\u00f3\u0142 pomog\u0142y uratowa\u0107 i odnowi\u0107 konstrukcj\u0119. W latach 2010-2012 przysta\u0144 wodnosamolot\u00f3w zosta\u0142a odnowiona i przekszta\u0142cona w muzeum morskie, kt\u00f3re zosta\u0142o otwarte w maju 2012 roku. Od tego czasu sta\u0142o si\u0119 najcz\u0119\u015bciej odwiedzan\u0105 atrakcj\u0105 Tallina po Starym Mie\u015bcie i najcz\u0119\u015bciej odwiedzanym muzeum w Estonii.<\/p>\n\n\n<div class=\"wp-block-buttons eplus-wrapper is-layout-flex wp-block-buttons-is-layout-flex eplus-styles-uid-517b32\"><div class=\" wp-block-button eplus-wrapper eplus-styles-uid-13c18f\"><a class=\"wp-block-button__link wp-element-button\" href=\"https:\/\/meremuuseum.ee\/lennusadam\/en\/\" target=\"_blank\" rel=\"noreferrer noopener\">Czytaj wi\u0119cej<\/a><\/div><\/div>\n\n\n<figure class=\"wp-embed-aspect-16-9 wp-has-aspect-ratio wp-block-embed is-type-video is-provider-youtube wp-block-embed-youtube eplus-wrapper\"><div class=\"wp-block-embed__wrapper\">\n<iframe loading=\"lazy\" title=\"Tallinn Seaplane Harbour, ESTONIA\" width=\"500\" height=\"281\" src=\"https:\/\/www.youtube.com\/embed\/FKgKrpWQdy0?feature=oembed\" frameborder=\"0\" allow=\"accelerometer; autoplay; clipboard-write; encrypted-media; gyroscope; picture-in-picture; web-share\" referrerpolicy=\"strict-origin-when-cross-origin\" allowfullscreen><\/iframe>\n<\/div><\/figure>\n<\/div><\/div>\n\n<div class=\"wp-block-columns is-not-stacked-on-mobile eplus-wrapper is-layout-flex wp-container-core-columns-is-layout-9d6595d7 wp-block-columns-is-layout-flex eplus-styles-uid-2926cd\"><div class=\"wp-block-column eplus-wrapper is-layout-flow wp-block-column-is-layout-flow eplus-styles-uid-e280e2\" style=\"padding-top:0;padding-right:0;padding-bottom:0;padding-left:0\"><h4 class=\" wp-block-heading eplus-wrapper eplus-styles-uid-ca65a2\">Tallinn<\/h4>\n\n<h5 class=\" wp-block-heading eplus-wrapper eplus-styles-uid-bac4d8\">Program dla w\u0142a\u015bcicieli budynk\u00f3w wiejskich w Estonii<\/h5>\n\n<div class=\"wp-block-group alignfull eplus-wrapper is-content-justification-center is-layout-constrained wp-block-group-is-layout-constrained eplus-styles-uid-c47afc\"><figure class=\" wp-block-image alignfull size-large lightbox-on eplus-wrapper eplus-styles-uid-475e71\" href=\"https:\/\/heritagehubkrakow.org\/wp-content\/uploads\/2023\/05\/16597941888_e66c7528b4_4k-1024x685.jpg\"><img decoding=\"async\" src=\"https:\/\/heritagehubkrakow.org\/wp-content\/uploads\/2023\/05\/16597941888_e66c7528b4_4k-1024x685.jpg\" alt=\"\" class=\"wp-image-1896\"><\/figure><\/div>\n\n<h5 class=\" wp-block-heading eplus-wrapper eplus-styles-uid-b7770b\">Rok: 2015<\/h5>\n\n<h5 class=\" wp-block-heading eplus-wrapper eplus-styles-uid-b7770b\">Kategoria: Edukacja, szkolenia i podnoszenie \u015bwiadomo\u015bci<\/h5>\n\n\n<p class=\" eplus-wrapper\">Esto\u0144ski skansen zosta\u0142 za\u0142o\u017cony w 1957 roku w jednym miejscu w pobli\u017cu Tallina, z rekonstrukcj\u0105 XVIII-wiecznej wioski wiejskiej\/rybackiej, wraz z ko\u015bcio\u0142em, karczm\u0105, budynkiem szkolnym, kilkoma m\u0142ynami i kolekcj\u0105 budynk\u00f3w gospodarczych z ca\u0142ego kraju. Jednak w 2008 roku Muzeum postanowi\u0142o radykalnie poszerzy\u0107 swoje horyzonty: rozpocz\u0119\u0142o program szkole\u0144 dla w\u0142a\u015bcicieli zabytkowych budynk\u00f3w wiejskich w ca\u0142ym kraju. Wi\u0119kszo\u015b\u0107 esto\u0144skich obiekt\u00f3w architektury wiejskiej nie znajduje si\u0119 na li\u015bcie zabytk\u00f3w, a ich zachowanie pozostaje wy\u0142\u0105cznie w gestii w\u0142a\u015bcicieli. Mieszka\u0144cy obszar\u00f3w wiejskich potrzebuj\u0105 praktycznych porad, z przyk\u0142adami do na\u015bladowania, jak odnowi\u0107 swoje stare wiejskie nieruchomo\u015bci. Organizuj\u0105c r\u00f3\u017cne kursy szkoleniowe i podobne dzia\u0142ania, muzeum rozros\u0142o si\u0119 z pierwotnego terytorium i rozszerzy\u0142o swoj\u0105 dzia\u0142alno\u015b\u0107 na ca\u0142y kraj. Specjalne kursy opieraj\u0105 si\u0119 na studiach przypadk\u00f3w, w kt\u00f3rych uczestnicy mog\u0105 uczy\u0107 si\u0119 poprzez dzia\u0142anie, a tym samym przyczynia\u0107 si\u0119 swoj\u0105 prac\u0105 do zachowania i przysz\u0142ej konserwacji tradycyjnej architektury r\u00f3\u017cnych region\u00f3w. Od momentu powstania Muzeum zorganizowa\u0142o ponad 80 praktycznych kurs\u00f3w szkoleniowych dla ponad 1700 uczestnik\u00f3w.<\/p>\n\n\n<div class=\"wp-block-buttons eplus-wrapper is-layout-flex wp-block-buttons-is-layout-flex eplus-styles-uid-517b32\"><div class=\" wp-block-button eplus-wrapper eplus-styles-uid-e94095\"><a class=\"wp-block-button__link wp-element-button\" href=\"https:\/\/evm.ee\/\" target=\"_blank\" rel=\"noreferrer noopener\">Czytaj wi\u0119cej<\/a><\/div><\/div>\n\n\n<figure class=\"wp-embed-aspect-16-9 wp-has-aspect-ratio wp-block-embed is-type-video is-provider-youtube wp-block-embed-youtube eplus-wrapper\"><div class=\"wp-block-embed__wrapper\">\n<iframe loading=\"lazy\" title=\"Programme for Owners of Rural Buildings in Estonia, Tallinn, ESTONIA\" width=\"500\" height=\"281\" src=\"https:\/\/www.youtube.com\/embed\/DbiJ-XMCFXM?feature=oembed\" frameborder=\"0\" allow=\"accelerometer; autoplay; clipboard-write; encrypted-media; gyroscope; picture-in-picture; web-share\" referrerpolicy=\"strict-origin-when-cross-origin\" allowfullscreen><\/iframe>\n<\/div><\/figure>\n<\/div><\/div>\n\n<div class=\"wp-block-columns is-not-stacked-on-mobile eplus-wrapper is-layout-flex wp-container-core-columns-is-layout-9d6595d7 wp-block-columns-is-layout-flex eplus-styles-uid-5751e7\"><div class=\"wp-block-column eplus-wrapper is-layout-flow wp-block-column-is-layout-flow eplus-styles-uid-e280e2\" style=\"padding-top:0;padding-right:0;padding-bottom:0;padding-left:0\"><h4 class=\" wp-block-heading eplus-wrapper eplus-styles-uid-ca65a2\">Tallinn<\/h4>\n\n<h5 class=\" wp-block-heading eplus-wrapper eplus-styles-uid-bac4d8\"><a href=\"http:\/\/rode.ekm.ee\/index.html\" target=\"_blank\" rel=\"noreferrer noopener\">Projekt bada\u0144 i konserwacji o\u0142tarza Rode<\/a><\/h5>\n\n<div class=\"wp-block-group alignfull eplus-wrapper is-content-justification-center is-layout-constrained wp-block-group-is-layout-constrained eplus-styles-uid-c47afc\"><figure class=\" wp-block-image alignfull size-large lightbox-on eplus-wrapper eplus-styles-uid-475e71\" href=\"https:\/\/heritagehubkrakow.org\/wp-content\/uploads\/2023\/05\/32838628624_8dbd6d8eab_o-1024x724.jpg\"><img decoding=\"async\" src=\"https:\/\/heritagehubkrakow.org\/wp-content\/uploads\/2023\/05\/32838628624_8dbd6d8eab_o-1024x724.jpg\" alt=\"\" class=\"wp-image-1898\"><\/figure><\/div>\n\n<h5 class=\" wp-block-heading eplus-wrapper eplus-styles-uid-b7770b\">Rok: 2017<\/h5>\n\n<h5 class=\" wp-block-heading eplus-wrapper eplus-styles-uid-b7770b\">Kategoria: Badania<\/h5>\n\n\n<p class=\" eplus-wrapper\">W 2013 roku Muzeum Sztuki Estonii zainicjowa\u0142o zakrojony na szerok\u0105 skal\u0119 projekt, kt\u00f3rego celem by\u0142o zbadanie i konserwacja o\u0142tarza g\u0142\u00f3wnego ko\u015bcio\u0142a \u015bw. Miko\u0142aja w Tallinie przy wsparciu funduszy UE. O\u0142tarz zosta\u0142 uko\u0144czony w warsztacie znanego lubeckiego mistrza Hermana Rode i jest jednym z najbardziej imponuj\u0105cych przyk\u0142ad\u00f3w p\u00f3\u017ano\u015bredniowiecznej sztuki hanzeatyckiej w Europie, zw\u0142aszcza ze wzgl\u0119du na swoje ogromne rozmiary, wynosz\u0105ce oko\u0142o 6 x 3,5 metra. Szeroko zakrojone prace konserwatorskie nad o\u0142tarzem mia\u0142y miejsce w latach 1975-1992, jednak zosta\u0142y przerwane przez wydarzenia polityczne, kt\u00f3re mia\u0142y miejsce w Estonii i Zwi\u0105zku Radzieckim w tym czasie. Cho\u0107 znaczna cz\u0119\u015b\u0107 prac zosta\u0142a wykonana pomy\u015blnie, rze\u017abiarskie elementy o\u0142tarza wci\u0105\u017c wymaga\u0142y oczyszczenia, dlatego rozpocz\u0119to projekt maj\u0105cy na celu doko\u0144czenie tego przedsi\u0119wzi\u0119cia.<\/p>\n\n\n\n<p class=\" eplus-wrapper\">Projekt ten jest szczeg\u00f3lny ze wzgl\u0119du na oparty na wsp\u00f3\u0142pracy charakter bada\u0144. Opr\u00f3cz zbadania i odrestaurowania o\u0142tarza, kolejnym celem badania by\u0142o zebranie specjalistycznych zasob\u00f3w naukowych bada\u0144 technicznych w Estonii. W ramach projektu Rode interdyscyplinarna grupa badaczy z dziedziny nauk \u015bcis\u0142ych i humanistycznych \u015bci\u015ble ze sob\u0105 wsp\u00f3\u0142pracowa\u0142a i stworzy\u0142a cenn\u0105 now\u0105 wiedz\u0119 na temat jednego z najwa\u017cniejszych dzie\u0142 sztuki Estonii. Uwzgl\u0119dniono r\u00f3wnie\u017c badania por\u00f3wnawcze innych prac przypisywanych warsztatowi Rode. Nowa wiedza, kt\u00f3ra wy\u0142oni\u0142a si\u0119 z tych bada\u0144, stanowi podstaw\u0119 do dalszego rozwoju w dziedzinie dziedzictwa w Estonii, Europie i poza ni\u0105. Wyniki prac zosta\u0142y zebrane w internetowym portalu medialnym na temat o\u0142tarzy w Talinn i Lubece, kt\u00f3ry zawiera fotografie obrazu w wysokiej rozdzielczo\u015bci i w podczerwieni. Prezentacja online zapewnia, \u017ce wyniki badania s\u0105 otwarte i dost\u0119pne dla og\u00f3\u0142u spo\u0142ecze\u0144stwa i specjalist\u00f3w na ca\u0142ym \u015bwiecie.<\/p>\n\n\n<div class=\"wp-block-buttons eplus-wrapper is-layout-flex wp-block-buttons-is-layout-flex eplus-styles-uid-517b32\"><div class=\" wp-block-button eplus-wrapper eplus-styles-uid-798c64\"><a class=\"wp-block-button__link wp-element-button\" href=\"https:\/\/nigulistemuuseum.ekm.ee\/en\/research-and-conservation-project-rode-altarpiece-in-close-up\/\" target=\"_blank\" rel=\"noreferrer noopener\">Czytaj wi\u0119cej<\/a><\/div><\/div>\n\n\n<figure class=\"wp-embed-aspect-16-9 wp-has-aspect-ratio wp-block-embed is-type-video is-provider-youtube wp-block-embed-youtube eplus-wrapper\"><div class=\"wp-block-embed__wrapper\">\n<iframe loading=\"lazy\" title=\"Rode Altarpiece Research and Conservation Project, Tallinn, ESTONIA\" width=\"500\" height=\"281\" src=\"https:\/\/www.youtube.com\/embed\/8NBCJ79ybGg?feature=oembed\" frameborder=\"0\" allow=\"accelerometer; autoplay; clipboard-write; encrypted-media; gyroscope; picture-in-picture; web-share\" referrerpolicy=\"strict-origin-when-cross-origin\" allowfullscreen><\/iframe>\n<\/div><\/figure>\n\n\n\n<figure class=\"wp-embed-aspect-16-9 wp-has-aspect-ratio wp-block-embed is-type-video is-provider-youtube wp-block-embed-youtube eplus-wrapper\"><div class=\"wp-block-embed__wrapper\">\n<iframe loading=\"lazy\" title=\"RODE RTI\" width=\"500\" height=\"281\" src=\"https:\/\/www.youtube.com\/embed\/_Mng6nU7GMc?feature=oembed\" frameborder=\"0\" allow=\"accelerometer; autoplay; clipboard-write; encrypted-media; gyroscope; picture-in-picture; web-share\" referrerpolicy=\"strict-origin-when-cross-origin\" allowfullscreen><\/iframe>\n<\/div><\/figure>\n<\/div><\/div>\n\n<div class=\"wp-block-columns is-not-stacked-on-mobile eplus-wrapper is-layout-flex wp-container-core-columns-is-layout-9d6595d7 wp-block-columns-is-layout-flex eplus-styles-uid-3da707\"><div class=\"wp-block-column eplus-wrapper is-layout-flow wp-block-column-is-layout-flow eplus-styles-uid-e280e2\" style=\"padding-top:0;padding-right:0;padding-bottom:0;padding-left:0\"><h3 class=\" wp-block-heading eplus-wrapper eplus-styles-uid-dc95e1\">W\u0118GRY<\/h3>\n\n<h4 class=\" wp-block-heading eplus-wrapper eplus-styles-uid-ca65a2\">Devecser, Doba<\/h4>\n\n<h5 class=\" wp-block-heading eplus-wrapper eplus-styles-uid-bac4d8\">Plan ochrony parku Soml\u00f3v\u00e1r na W\u0119grzech<\/h5>\n\n<div class=\"wp-block-group alignfull eplus-wrapper is-content-justification-center is-layout-constrained wp-block-group-is-layout-constrained eplus-styles-uid-c47afc\"><figure class=\" wp-block-image alignfull size-large lightbox-on eplus-wrapper eplus-styles-uid-475e71\" href=\"https:\/\/heritagehubkrakow.org\/wp-content\/uploads\/2023\/05\/6858377094_a3abf7fe12_3k-1024x645.jpg\"><img decoding=\"async\" src=\"https:\/\/heritagehubkrakow.org\/wp-content\/uploads\/2023\/05\/6858377094_a3abf7fe12_3k-1024x645.jpg\" alt=\"\" class=\"wp-image-1900\"><\/figure><\/div>\n\n<h5 class=\" wp-block-heading eplus-wrapper eplus-styles-uid-b7770b\">Rok: 2008<\/h5>\n\n<h5 class=\" wp-block-heading eplus-wrapper eplus-styles-uid-b7770b\">Kategoria: Badania<\/h5>\n\n\n<p class=\" eplus-wrapper\">Zamek Soml\u00f3 (Soml\u00f3-v\u00e1r) znajduje si\u0119 w pobli\u017cu miejscowo\u015bci Doba, po p\u00f3\u0142nocnej stronie bazaltowej g\u00f3ry Soml\u00f3, w g\u0119stym lesie. &#8222;Plan ochrony parku Soml\u00f3v\u00e1r&#8221; uwa\u017cany jest za pierwsze dog\u0142\u0119bne studium tego wa\u017cnego ogrodu. Czterotomowy plan ochrony bazuj\u0105cy na dog\u0142\u0119bnych badaniach i szczeg\u00f3\u0142owych materia\u0142ach badawczych odkrywa histori\u0119 Parku Soml\u00f3v\u00e1r w zachodnich W\u0119grzech, kt\u00f3ry stanowi przyk\u0142ad miejsca zagro\u017conego o znaczeniu europejskim. W oparciu o ten materia\u0142 i holistyczn\u0105 ocen\u0119 warto\u015bci parku, przedstawiono szczeg\u00f3\u0142owe zalecenia dotycz\u0105ce jego ochrony i konserwacji. Zgodnie z t\u0105 metodologi\u0105 jest to pierwszy eksperyment maj\u0105cy na celu przyj\u0119cie i dostosowanie metodologii planu ochrony dobrze ugruntowanego w Wielkiej Brytanii i ca\u0142ej Europie, z wyj\u0105tkiem tej cz\u0119\u015bci kontynentu. Sam park, zaprojektowany przez s\u0142ynnego wiede\u0144skiego francuskiego architekta Charlesa Moreau, by\u0142 jednym z najczystszych przyk\u0142ad\u00f3w klasycznego angielskiego parku krajobrazowego w ca\u0142ym regionie.<\/p>\n\n\n<div class=\"wp-block-buttons eplus-wrapper is-layout-flex wp-block-buttons-is-layout-flex eplus-styles-uid-517b32\"><div class=\" wp-block-button eplus-wrapper eplus-styles-uid-07ae73\"><a class=\"wp-block-button__link wp-element-button\" href=\"http:\/\/somloiborut.hu\/gyogyintezet-erdody-kastely\/\" target=\"_blank\" rel=\"noreferrer noopener\">Czytaj wi\u0119cej<\/a><\/div><\/div><\/div><\/div>\n\n<div class=\"wp-block-columns is-not-stacked-on-mobile eplus-wrapper is-layout-flex wp-container-core-columns-is-layout-9d6595d7 wp-block-columns-is-layout-flex eplus-styles-uid-2c172b\"><div class=\"wp-block-column eplus-wrapper is-layout-flow wp-block-column-is-layout-flow eplus-styles-uid-e280e2\" style=\"padding-top:0;padding-right:0;padding-bottom:0;padding-left:0\"><h4 class=\" wp-block-heading eplus-wrapper eplus-styles-uid-ca65a2\">Gy\u00f6ngy\u00f6s<\/h4>\n\n<h5 class=\" wp-block-heading eplus-wrapper eplus-styles-uid-bac4d8\">Muzeum M\u00e1tra w Gy\u00f6ngy\u00f6s<\/h5>\n\n<div class=\"wp-block-group alignfull eplus-wrapper is-content-justification-center is-layout-constrained wp-block-group-is-layout-constrained eplus-styles-uid-c47afc\"><figure class=\" wp-block-image alignfull size-large lightbox-on eplus-wrapper eplus-styles-uid-475e71\" href=\"https:\/\/heritagehubkrakow.org\/wp-content\/uploads\/2023\/05\/6873059631_c96001aef1_3k-1024x686.jpg\"><img decoding=\"async\" src=\"https:\/\/heritagehubkrakow.org\/wp-content\/uploads\/2023\/05\/6873059631_c96001aef1_3k-1024x686.jpg\" alt=\"\" class=\"wp-image-1902\"><\/figure><\/div>\n\n<h5 class=\" wp-block-heading eplus-wrapper eplus-styles-uid-b7770b\">Rok: 2009<\/h5>\n\n<h5 class=\" wp-block-heading eplus-wrapper eplus-styles-uid-b7770b\">Kategoria: Konserwacja<\/h5>\n\n\n<p class=\" eplus-wrapper\">Muzeum M\u00e1tra mie\u015bci si\u0119 w dawnej rezydencji rodziny Orczy i otoczone jest zabytkowym ogrodem o powierzchni 2 hektar\u00f3w w mie\u015bcie Gy\u00f6ngy\u00f6s na W\u0119grzech. Ta barokowa i klasycystyczna rezydencja zosta\u0142a zbudowana w XVIII i XIX wieku i w pewnym momencie mie\u015bci\u0142a bibliotek\u0119 dla franciszkan\u00f3w, a nast\u0119pnie bibliotek\u0119 lokaln\u0105. Podczas gdy muzeum zawsze by\u0142o dobrze znanym i odwiedzanym miejscem na W\u0119grzech, budynek rezydencji i towarzysz\u0105cy mu ogr\u00f3d wymaga\u0142y pilnej renowacji. Inicjatywa, wsp\u00f3\u0142finansowana przez Uni\u0119 Europejsk\u0105, zosta\u0142a przeprowadzona w dw\u00f3ch etapach. Pierwsza faza koncentrowa\u0142a si\u0119 na ulepszeniach strukturalnych i budowie szklanego dachu nad dziedzi\u0144cem, kt\u00f3ry s\u0142u\u017cy teraz jako nowa strefa powitalna dla go\u015bci. Druga faza mia\u0142a na celu budow\u0119 nowego Pawilonu Nauk Przyrodniczych i rewitalizacj\u0119 ogrodu, kt\u00f3ry ma znacz\u0105c\u0105 warto\u015b\u0107 botaniczn\u0105. Projekty renowacyjne i budowlane zwi\u0119kszy\u0142y do\u015bwiadczenie muzeum, kt\u00f3re obecnie mo\u017ce przyj\u0105\u0107 200 000 odwiedzaj\u0105cych rocznie.<\/p>\n\n\n\n<p class=\" eplus-wrapper\">Korzystaj\u0105c ze swoich zbior\u00f3w historii naturalnej i historii lokalnej z W\u0119gier i p\u00f3\u0142nocnych W\u0119gier, M\u00e1tra, kt\u00f3ra jest cz\u0119\u015bci\u0105 dziedzictwa narodowego, zapewnia kompleksowe do\u015bwiadczenie muzealne w formie wystaw, program\u00f3w publicznych i publikacji dla wszystkich grup spo\u0142ecznych, zw\u0142aszcza tych mieszkaj\u0105cych w regionie. Zwi\u0119ksza to sp\u00f3jno\u015b\u0107 spo\u0142eczno\u015bci regionu i jego zaanga\u017cowanie w ochron\u0119 w\u0142asnego dziedzictwa naturalnego i kulturowego, jak r\u00f3wnie\u017c liczb\u0119 os\u00f3b uczestnicz\u0105cych w kulturze i ekoturystyce regionu. Poprzez swoje badania i dzielenie si\u0119 wiedz\u0105 przyczynia si\u0119 do poznania i zachowania wiejskiej bior\u00f3\u017cnorodno\u015bci i geor\u00f3\u017cnorodno\u015bci p\u00f3\u0142nocnych W\u0119gier i M\u00e1tra, a tak\u017ce historycznych warto\u015bci miasta Gy\u00f6ngy\u00f6s.<\/p>\n\n\n<div class=\"wp-block-buttons eplus-wrapper is-layout-flex wp-block-buttons-is-layout-flex eplus-styles-uid-517b32\"><div class=\" wp-block-button eplus-wrapper eplus-styles-uid-c017f6\"><a class=\"wp-block-button__link wp-element-button\" href=\"https:\/\/matramuzeum.nhmus.hu\/en\" target=\"_blank\" rel=\"noreferrer noopener\">Czytaj wi\u0119cej<\/a><\/div><\/div><\/div><\/div>\n\n<div class=\"wp-block-columns is-not-stacked-on-mobile eplus-wrapper is-layout-flex wp-container-core-columns-is-layout-9d6595d7 wp-block-columns-is-layout-flex eplus-styles-uid-e3119c\"><div class=\"wp-block-column eplus-wrapper is-layout-flow wp-block-column-is-layout-flow eplus-styles-uid-e280e2\" style=\"padding-top:0;padding-right:0;padding-bottom:0;padding-left:0\"><h4 class=\" wp-block-heading eplus-wrapper eplus-styles-uid-ca65a2\">Als\u00f3bog\u00e1t<\/h4>\n\n<h5 class=\" wp-block-heading eplus-wrapper eplus-styles-uid-bac4d8\">Zamek Festetich<\/h5>\n\n<div class=\"wp-block-group alignfull eplus-wrapper is-content-justification-center is-layout-constrained wp-block-group-is-layout-constrained eplus-styles-uid-c47afc\"><figure class=\" wp-block-image alignfull size-large lightbox-on eplus-wrapper eplus-styles-uid-475e71\" href=\"https:\/\/heritagehubkrakow.org\/wp-content\/uploads\/2023\/05\/8533724415_483d3f784a_4k-1024x683.jpg\"><img decoding=\"async\" src=\"https:\/\/heritagehubkrakow.org\/wp-content\/uploads\/2023\/05\/8533724415_483d3f784a_4k-1024x683.jpg\" alt=\"\" class=\"wp-image-1904\"><\/figure><\/div>\n\n<h5 class=\" wp-block-heading eplus-wrapper eplus-styles-uid-b7770b\">Rok: 2013<\/h5>\n\n<h5 class=\" wp-block-heading eplus-wrapper eplus-styles-uid-b7770b\">Kategoria: Konserwacja<\/h5>\n\n\n<p class=\" eplus-wrapper\">Przez sze\u015b\u0107 dekad posiad\u0142o\u015b\u0107 le\u017c\u0105ca na malowniczych zboczach Somogy pe\u0142ni\u0142a rol\u0119 niegodn\u0105 jej wybitnej przesz\u0142o\u015bci. Marietta So\u00f3ky i jej m\u0105\u017c Csaba Nagyh\u00e1zi, w\u0142a\u015bciciele galerii z Budapesztu, odkryli pi\u0119kno tego obiektu i ocalili go od zapomnienia. Marzyli o tym, by mie\u0107 tu letni\u0105 rezydencj\u0119 swojej rodziny. Cz\u0119\u015bciowo podpiwniczony, jednopi\u0119trowy p\u00f3\u017anobarokowy zamek na planie prostok\u0105ta zosta\u0142 zbudowany oko\u0142o 1760-80 roku. Oryginalne wn\u0119trza i fasady zosta\u0142y ca\u0142kowicie odrestaurowane, a p\u00f3\u017aniejsze dodatki do wn\u0119trz zosta\u0142y wyeliminowane. Wyposa\u017cenie wsp\u00f3\u0142gra r\u00f3wnie\u017c z otoczeniem (nowi w\u0142a\u015bciciele s\u0105 kolekcjonerami). Znacz\u0105c\u0105 niespodziank\u0105 w procesie konserwacji by\u0142o odkrycie malowide\u0142 \u015bciennych autorstwa Stephana Dorffmaistera (1729-97) w wi\u0119kszo\u015bci pomieszcze\u0144. Obrazy te zosta\u0142y odrestaurowane przez wybitnych specjalist\u00f3w. Charakterystyczne dekoracje zewn\u0119trzne, odkrycie nieznanej dot\u0105d kolekcji fresk\u00f3w Dorffmaister i powr\u00f3t do pierwotnego u\u017cytku mieszkalnego sprawiaj\u0105, \u017ce ta renowacja zamku jest wyj\u0105tkowa w Europie.<\/p>\n\n\n<div class=\"wp-block-buttons eplus-wrapper is-layout-flex wp-block-buttons-is-layout-flex eplus-styles-uid-517b32\"><div class=\" wp-block-button eplus-wrapper eplus-styles-uid-c16a66\"><a class=\"wp-block-button__link wp-element-button\" href=\"https:\/\/alsobogat.com\/\" target=\"_blank\" rel=\"noreferrer noopener\">Czytaj wi\u0119cej<\/a><\/div><\/div>\n\n\n<figure class=\"wp-embed-aspect-16-9 wp-has-aspect-ratio wp-block-embed is-type-video is-provider-youtube wp-block-embed-youtube eplus-wrapper\"><div class=\"wp-block-embed__wrapper\">\n<iframe loading=\"lazy\" title=\"Festetich Castle, Als\u00f3bog\u00e1t, HUNGARY\" width=\"500\" height=\"281\" src=\"https:\/\/www.youtube.com\/embed\/WoCrfw61XG8?feature=oembed\" frameborder=\"0\" allow=\"accelerometer; autoplay; clipboard-write; encrypted-media; gyroscope; picture-in-picture; web-share\" referrerpolicy=\"strict-origin-when-cross-origin\" allowfullscreen><\/iframe>\n<\/div><\/figure>\n<\/div><\/div>\n\n<div class=\"wp-block-columns is-not-stacked-on-mobile eplus-wrapper is-layout-flex wp-container-core-columns-is-layout-9d6595d7 wp-block-columns-is-layout-flex eplus-styles-uid-b79157\"><div class=\"wp-block-column eplus-wrapper is-layout-flow wp-block-column-is-layout-flow eplus-styles-uid-e280e2\" style=\"padding-top:0;padding-right:0;padding-bottom:0;padding-left:0\"><h4 class=\" wp-block-heading eplus-wrapper eplus-styles-uid-ca65a2\">Budapeszt<\/h4>\n\n<h5 class=\" wp-block-heading eplus-wrapper eplus-styles-uid-bac4d8\">Transylwa\u0144skie ogrody zamkowe<\/h5>\n\n<div class=\"wp-block-group alignfull eplus-wrapper is-content-justification-center is-layout-constrained wp-block-group-is-layout-constrained eplus-styles-uid-c47afc\"><figure class=\" wp-block-image alignfull size-large lightbox-on eplus-wrapper eplus-styles-uid-475e71\" href=\"https:\/\/heritagehubkrakow.org\/wp-content\/uploads\/2023\/05\/13058947975_0e4f38fe80_k-1024x738.jpg\"><img decoding=\"async\" src=\"https:\/\/heritagehubkrakow.org\/wp-content\/uploads\/2023\/05\/13058947975_0e4f38fe80_k-1024x738.jpg\" alt=\"\" class=\"wp-image-1906\"><\/figure><\/div>\n\n<h5 class=\" wp-block-heading eplus-wrapper eplus-styles-uid-b7770b\">Rok: 2014<\/h5>\n\n<h5 class=\" wp-block-heading eplus-wrapper eplus-styles-uid-b7770b\">Kategoria: Badania<\/h5>\n\n\n<p class=\" eplus-wrapper\">To w\u0119gierskie studium 93 ogrod\u00f3w zamkowych w Transylwanii. Badania zosta\u0142y podj\u0119te przez znaczn\u0105 liczb\u0119 student\u00f3w, nauczycieli i profesjonalist\u00f3w pracuj\u0105cych pod kierunkiem dr Alberta Fekete na Wydziale Architektury Krajobrazu Uniwersytetu Korwina w Budapeszcie. Celem by\u0142o zbadanie i udokumentowanie ocala\u0142ych cz\u0119\u015bci ogrod\u00f3w i posiad\u0142o\u015bci w wybranych lokalizacjach, o ile nadal istniej\u0105 dowody, aby uzupe\u0142ni\u0107 brakuj\u0105cy rozdzia\u0142 w historii ogrod\u00f3w europejskich. Zebrano wszystkie dost\u0119pne materia\u0142y historyczne, przeprowadzono badania terenu i sporz\u0105dzono pe\u0142n\u0105 dokumentacj\u0119. Tam, gdzie by\u0142o to mo\u017cliwe, udzielono pomocy w przywr\u00f3ceniu lub, w razie potrzeby, rekonstrukcji danych ogrod\u00f3w. Rezultatem jest kompleksowy przegl\u0105d 400-letniej historii ogrod\u00f3w w regionie, zwi\u0119kszaj\u0105cy zrozumienie cel\u00f3w transylwa\u0144skiej arystokracji, odnosz\u0105cy je do szerszych trend\u00f3w historycznych na tym obszarze (w tym okres\u00f3w okupacji osma\u0144skiej) i ludzkiego wykorzystania szerszego krajobrazu. Dzia\u0142a r\u00f3wnie\u017c jako inwentaryzacja obecnego stanu ogrod\u00f3w, umo\u017cliwiaj\u0105c wprowadzenie plan\u00f3w odnowy i konserwacji.<\/p>\n\n\n<div class=\"wp-block-buttons eplus-wrapper is-layout-flex wp-block-buttons-is-layout-flex eplus-styles-uid-517b32\"><div class=\" wp-block-button eplus-wrapper eplus-styles-uid-c1bc8a\"><a class=\"wp-block-button__link wp-element-button\" href=\"https:\/\/landscapearchitecture.uni-corvinus.hu\/\" target=\"_blank\" rel=\"noreferrer noopener\">Czytaj wi\u0119cej<\/a><\/div><\/div>\n\n\n<figure class=\"wp-embed-aspect-16-9 wp-has-aspect-ratio wp-block-embed is-type-video is-provider-youtube wp-block-embed-youtube eplus-wrapper\"><div class=\"wp-block-embed__wrapper\">\n<iframe loading=\"lazy\" title=\"Transylvanian Castle Gardens, Budapest (HUNGARY)\" width=\"500\" height=\"281\" src=\"https:\/\/www.youtube.com\/embed\/agNZqCUBq88?feature=oembed\" frameborder=\"0\" allow=\"accelerometer; autoplay; clipboard-write; encrypted-media; gyroscope; picture-in-picture; web-share\" referrerpolicy=\"strict-origin-when-cross-origin\" allowfullscreen><\/iframe>\n<\/div><\/figure>\n<\/div><\/div>\n\n<div class=\"wp-block-columns is-not-stacked-on-mobile eplus-wrapper is-layout-flex wp-container-core-columns-is-layout-9d6595d7 wp-block-columns-is-layout-flex eplus-styles-uid-34f8ed\"><div class=\"wp-block-column eplus-wrapper is-layout-flow wp-block-column-is-layout-flow eplus-styles-uid-e280e2\" style=\"padding-top:0;padding-right:0;padding-bottom:0;padding-left:0\"><h4 class=\" wp-block-heading eplus-wrapper eplus-styles-uid-ca65a2\">Miszkolc<\/h4>\n\n<h5 class=\" wp-block-heading eplus-wrapper eplus-styles-uid-bac4d8\">Przej\u015bcie: Od zardzewia\u0142ego miasta do nowego Miszkolca<\/h5>\n\n<div class=\"wp-block-group alignfull eplus-wrapper is-content-justification-center is-layout-constrained wp-block-group-is-layout-constrained eplus-styles-uid-c47afc\"><figure class=\" wp-block-image alignfull size-large lightbox-on eplus-wrapper eplus-styles-uid-475e71\" href=\"https:\/\/heritagehubkrakow.org\/wp-content\/uploads\/2023\/05\/13059696145_7ea94a93e9_6k-1024x576.jpg\"><img decoding=\"async\" src=\"https:\/\/heritagehubkrakow.org\/wp-content\/uploads\/2023\/05\/13059696145_7ea94a93e9_6k-1024x576.jpg\" alt=\"\" class=\"wp-image-1908\"><\/figure><\/div>\n\n<h5 class=\" wp-block-heading eplus-wrapper eplus-styles-uid-b7770b\">Rok: 2014<\/h5>\n\n<h5 class=\" wp-block-heading eplus-wrapper eplus-styles-uid-b7770b\">Kategoria: Edukacja, szkolenia i podnoszenie \u015bwiadomo\u015bci<\/h5>\n\n\n<p class=\" eplus-wrapper\">Miszkolc to miasto w p\u00f3\u0142nocnych W\u0119grzech, z dumn\u0105 histori\u0105 si\u0119gaj\u0105c\u0105 czas\u00f3w \u015bredniowiecza. Znacz\u0105cy rozkwit zawdzi\u0119cza rozwojowi przemys\u0142u ci\u0119\u017ckiego, kt\u00f3y nast\u0105pi\u0142 w latach trzydziestych XX wieku. Wszystko to zmieni\u0142o si\u0119 w latach 90-tych, wraz z nowym re\u017cimem politycznym i gwa\u0142townym upadkiem przemys\u0142u. W ramach <strong>projektu Atjaro (Passage)<\/strong> wprowadzono szeroko zakrojony program ochrony dziedzictwa kulturowego. Program koncentruje si\u0119 na zachowaniu, uznaniu i podnoszeniu \u015bwiadomo\u015bci kulturowej i przemys\u0142owej przesz\u0142o\u015bci Miszkolca oraz na rewitalizacji i ponownej prezentacji zachowanego dziedzictwa budowlanego. Podj\u0119te zosta\u0142y liczne inicjatywy maj\u0105ce na celu zbadanie i, w stosownych przypadkach, ochron\u0119 pozosta\u0142o\u015bci dawnych sposob\u00f3w \u017cycia w Miszkolcu oraz w s\u0105siednich Pereces. Obejmowa\u0142y one identyfikacj\u0119 i nagrywanie historii m\u00f3wionych, zbieranie artefakt\u00f3w, tworzenie kr\u00f3tkich film\u00f3w oraz kompilacj\u0119 archiw\u00f3w. Celem projektu jest promowanie odnowionego poczucia to\u017csamo\u015bci miejskiej, maj\u0105cej zrekompensowa\u0107, a je\u015bli to mo\u017cliwe, r\u00f3wnie\u017c zapobiec emigracji m\u0142odych ludzi na du\u017c\u0105 skal\u0119; odtwarzaj\u0105c jednocze\u015bnie poczucie lokalnej dumy i przynale\u017cno\u015bci, kt\u00f3rej efektem b\u0119dzie przewarto\u015bciowanie przesz\u0142o\u015bci miasta oraz zintegrowanie jej z poczuciem w\u0142asnej warto\u015bci w tera\u017aniejszo\u015bci.<\/p>\n\n\n<div class=\"wp-block-buttons eplus-wrapper is-layout-flex wp-block-buttons-is-layout-flex eplus-styles-uid-517b32\"><div class=\" wp-block-button eplus-wrapper eplus-styles-uid-fe571d\"><a class=\"wp-block-button__link wp-element-button\" href=\"https:\/\/atjarokhe.hu\/english\/\" target=\"_blank\" rel=\"noreferrer noopener\">Czytaj wi\u0119cej<\/a><\/div><\/div>\n\n\n<figure class=\"wp-embed-aspect-16-9 wp-has-aspect-ratio wp-block-embed is-type-video is-provider-youtube wp-block-embed-youtube eplus-wrapper\"><div class=\"wp-block-embed__wrapper\">\n<iframe loading=\"lazy\" title=\"Passage: From a Rusty City to a New Miskolc (HUNGARY)\" width=\"500\" height=\"281\" src=\"https:\/\/www.youtube.com\/embed\/4asV2K514X8?start=1&amp;feature=oembed\" frameborder=\"0\" allow=\"accelerometer; autoplay; clipboard-write; encrypted-media; gyroscope; picture-in-picture; web-share\" referrerpolicy=\"strict-origin-when-cross-origin\" allowfullscreen><\/iframe>\n<\/div><\/figure>\n<\/div><\/div>\n\n<div class=\"wp-block-columns is-not-stacked-on-mobile eplus-wrapper is-layout-flex wp-container-core-columns-is-layout-9d6595d7 wp-block-columns-is-layout-flex eplus-styles-uid-d5c9d8\"><div class=\"wp-block-column eplus-wrapper is-layout-flow wp-block-column-is-layout-flow eplus-styles-uid-e280e2\" style=\"padding-top:0;padding-right:0;padding-bottom:0;padding-left:0\"><h4 class=\" wp-block-heading eplus-wrapper eplus-styles-uid-ca65a2\">Budapeszt<\/h4>\n\n<h5 class=\" wp-block-heading eplus-wrapper eplus-styles-uid-bac4d8\">Akademia Muzyczna im. Ferenca Liszta w Budapeszcie<\/h5>\n\n<div class=\"wp-block-group alignfull eplus-wrapper is-content-justification-center is-layout-constrained wp-block-group-is-layout-constrained eplus-styles-uid-c47afc\"><figure class=\" wp-block-image alignfull size-large lightbox-on eplus-wrapper eplus-styles-uid-475e71\" href=\"https:\/\/heritagehubkrakow.org\/wp-content\/uploads\/2023\/05\/16163561644_419c55511c_6k-1024x678.jpg\"><img decoding=\"async\" src=\"https:\/\/heritagehubkrakow.org\/wp-content\/uploads\/2023\/05\/16163561644_419c55511c_6k-1024x678.jpg\" alt=\"\" class=\"wp-image-1910\"><\/figure><\/div>\n\n<h5 class=\" wp-block-heading eplus-wrapper eplus-styles-uid-b7770b\">Rok: 2015<\/h5>\n\n<h5 class=\" wp-block-heading eplus-wrapper eplus-styles-uid-b7770b\">Kategoria: Konserwacja<\/h5>\n\n\n<p class=\" eplus-wrapper\">W 1907 roku Akademia Liszta przenios\u0142a si\u0119 do nowego budynku, zaprojektowanego przez Fl\u00f3risa Korba i K\u00e1lm\u00e1na Giergla na rogu ulicy Kir\u00e1ly i placu Ferenca Liszta. Budynek s\u0142u\u017cy jako centrum szkolnictwa wy\u017cszego, szkolenia muzycznego oraz jako sala koncertowa. Jego secesyjny styl sprawia, \u017ce jest to jedna z najbardziej znanych budowli w Budapeszcie. Fasada jest zdominowana przez pomnik Liszta (autorstwa Alajosa Str\u00f3bla). Jednak\u017ce po ponad stu latach u\u017cytkowania, by sprosta\u0107 wsp\u00f3\u0142czesnym najwy\u017cszym standardom jakich wymagaj\u0105 zar\u00f3wno dzisiejsze wyst\u0119py muzyczne, jak i prowadzona w tym zakresie edukacja, budynek musia\u0142 zosta\u0107 poddany pilnej rekonstrukcji i konserwacji. Budynek nie tylko straci\u0142 sw\u00f3j pierwotny blask, ale jego systemy konstrukcyjne i mechaniczne sta\u0142y si\u0119 przestarza\u0142e, ca\u0142kowicie nieadekwatne do wsp\u00f3\u0142czesnych standard\u00f3w. Sale koncertowe i inne wn\u0119trza zosta\u0142y znacz\u0105co przebudowane w latach 50-tych XX wieku. Po wzmocnieniu konstrukcji zainstalowano nowoczesne systemy mechaniczne, elektryczne i klimatyzacyjne, wykorzystuj\u0105c oryginalne zasady wentylacji oraz istniej\u0105ce pionowe szyby i otwory. Szczeg\u00f3\u0142owa analiza zdj\u0119\u0107 archiwalnych i szeroko zakrojone badania na miejscu ujawni\u0142y oryginalne pi\u0119kno motyw\u00f3w architektonicznych, materia\u0142\u00f3w, tekstur i kolor\u00f3w. Wszystkie z nich zosta\u0142y starannie odrestaurowane.<\/p>\n\n\n<div class=\"wp-block-buttons eplus-wrapper is-layout-flex wp-block-buttons-is-layout-flex eplus-styles-uid-517b32\"><div class=\" wp-block-button eplus-wrapper eplus-styles-uid-7641f9\"><a class=\"wp-block-button__link wp-element-button\" href=\"https:\/\/uni.lisztacademy.hu\/en\" target=\"_blank\" rel=\"noreferrer noopener\">Czytaj wi\u0119cej<\/a><\/div><\/div>\n\n\n<figure class=\"wp-embed-aspect-16-9 wp-has-aspect-ratio wp-block-embed is-type-video is-provider-youtube wp-block-embed-youtube eplus-wrapper\"><div class=\"wp-block-embed__wrapper\">\n<iframe loading=\"lazy\" title=\"Liszt Academy of Music in Budapest, HUNGARY\" width=\"500\" height=\"281\" src=\"https:\/\/www.youtube.com\/embed\/xwAnMpgWDY8?feature=oembed\" frameborder=\"0\" allow=\"accelerometer; autoplay; clipboard-write; encrypted-media; gyroscope; picture-in-picture; web-share\" referrerpolicy=\"strict-origin-when-cross-origin\" allowfullscreen><\/iframe>\n<\/div><\/figure>\n<\/div><\/div>\n\n<div class=\"wp-block-columns is-not-stacked-on-mobile eplus-wrapper is-layout-flex wp-container-core-columns-is-layout-9d6595d7 wp-block-columns-is-layout-flex eplus-styles-uid-9f1e25\"><div class=\"wp-block-column eplus-wrapper is-layout-flow wp-block-column-is-layout-flow eplus-styles-uid-e280e2\" style=\"padding-top:0;padding-right:0;padding-bottom:0;padding-left:0\"><h4 class=\" wp-block-heading eplus-wrapper eplus-styles-uid-ca65a2\">Budapeszt, Pecz, Miszkolc, \u00d3zd<\/h4>\n\n<h5 class=\" wp-block-heading eplus-wrapper eplus-styles-uid-bac4d8\">Nieformalna Fundacja Edukacyjna Uccu Roma<\/h5>\n\n<div class=\"wp-block-group alignfull eplus-wrapper is-content-justification-center is-layout-constrained wp-block-group-is-layout-constrained eplus-styles-uid-c47afc\"><figure class=\" wp-block-image alignfull size-large lightbox-on eplus-wrapper eplus-styles-uid-475e71\" href=\"https:\/\/heritagehubkrakow.org\/wp-content\/uploads\/2023\/05\/49783503673_46094b1d72_k-1024x591.jpg\"><img decoding=\"async\" src=\"https:\/\/heritagehubkrakow.org\/wp-content\/uploads\/2023\/05\/49783503673_46094b1d72_k-1024x591.jpg\" alt=\"\" class=\"wp-image-1912\"><\/figure><\/div>\n\n<h5 class=\" wp-block-heading eplus-wrapper eplus-styles-uid-b7770b\">Rok: 2020<\/h5>\n\n<h5 class=\" wp-block-heading eplus-wrapper eplus-styles-uid-b7770b\">Kategoria: Edukacja, szkolenia i podnoszenie \u015bwiadomo\u015bci<\/h5>\n\n\n<p class=\" eplus-wrapper\">Romowie s\u0105 najwi\u0119ksz\u0105 grup\u0105 mniejszo\u015bciow\u0105 na W\u0119grzech i w Europie. Pomimo wielowiekowego wsp\u00f3lnego dziedzictwa, dyskryminacja i nietolerancja nadal powa\u017cnie dotykaj\u0105 t\u0119 grup\u0119. G\u0142\u00f3wn\u0105 przyczyn\u0105 nietolerancji, zar\u00f3wno na W\u0119grzech, jak i w innych krajach europejskich, jest brak interakcji mi\u0119dzy spo\u0142eczno\u015bciami oraz wiedzy na temat historii i dziedzictwa kulturowego Rom\u00f3w. By rozwi\u0105za\u0107 ten powszechny problem, Romska Nieformalna Fundacja Edukacyjna postanowi\u0142a przeprowadzi\u0107 na W\u0119grzech kilka warsztat\u00f3w edukacyjnych koncentruj\u0105c si\u0119 na czterech miastach Budapeszcie, Peczu, Miszkolcu i \u00d3zd. Fundacja oferuje osiem r\u00f3\u017cnych modu\u0142\u00f3w edukacyjnych zwi\u0105zanych z wra\u017cliwo\u015bci\u0105 mi\u0119dzykulturow\u0105 oraz niematerialnym dziedzictwem kulturowym i histori\u0105 Rom\u00f3w. Najpopularniejsz\u0105 w\u015br\u00f3d powy\u017cszych aktywno\u015bci jest spacer, kt\u00f3ry odbywa si\u0119 w 8. dzielnicy Budapesztu oraz w mie\u015bcie Pecz. W przesz\u0142o\u015bci 8. dzielnica Budapesztu by\u0142a zamieszkiwana przez Rom\u00f3w i cz\u0119sto by\u0142a uwa\u017cana za niebezpieczn\u0105 przez osoby nieb\u0119d\u0105ce Romami. Interaktywne spacery &#8211; w j\u0119zyku angielskim i w\u0119gierskim &#8211; zapraszaj\u0105 uczestnik\u00f3w do odkrywania dzielnicy oraz zwi\u0105zk\u00f3w z dziedzictwem kulturowym Rom\u00f3w. Sukces pieszych wycieczek doprowadzi\u0142 do tego, \u017ce sta\u0142y si\u0119 one pierwszym przedsi\u0119wzi\u0119ciem z zakresu przedsi\u0119biorczo\u015bci spo\u0142ecznej jakie znalaz\u0142o si\u0119 w portfolio Fundacji Uccu. Ponadto pracownicy Fundacji szkol\u0105 w zakresie moderowania i prowadzenia warsztat\u00f3w r\u00f3wnie\u017c m\u0142odych cz\u0142onk\u00f3w spo\u0142eczno\u015bci romskiej, w wieku 18-35 lat, z szk\u00f3\u0142 podstawowych i \u015brednich w ca\u0142ego kraju. By wyeliminowa\u0107 b\u0142\u0119dne przekonania moderator w ka\u017cdym przypadku zach\u0119ca do otwartego dialogu mi\u0119dzykulturowego mi\u0119dzy uczestnikami i wprowadza ich w kultur\u0119 romsk\u0105 poprzez jej histori\u0119, sztuk\u0119 i dziedzictwo. Jednym z najwa\u017cniejszych d\u0142ugoterminowych skutk\u00f3w inicjatywy jest rozw\u00f3j osobisty m\u0142odych romskich wolontariuszy. Program k\u0142adzie nacisk na zapewnienie m\u0142odym Romom przydatnego do\u015bwiadczenia zawodowego i zach\u0119ca ich do poczucia dumy ze swojego bogatego dziedzictwa, co z kolei buduje ich poczucie w\u0142asnej warto\u015bci.<\/p>\n\n\n<div class=\"wp-block-buttons eplus-wrapper is-layout-flex wp-block-buttons-is-layout-flex eplus-styles-uid-517b32\"><div class=\" wp-block-button eplus-wrapper eplus-styles-uid-16ca6b\"><a class=\"wp-block-button__link wp-element-button\" href=\"https:\/\/www.uccusetak.hu\/en\/\" target=\"_blank\" rel=\"noreferrer noopener\">Czytaj wi\u0119cej<\/a><\/div><\/div>\n\n\n<figure class=\"wp-embed-aspect-16-9 wp-has-aspect-ratio wp-block-embed is-type-video is-provider-youtube wp-block-embed-youtube eplus-wrapper\"><div class=\"wp-block-embed__wrapper\">\n<iframe loading=\"lazy\" title=\"Uccu Roma Informal Educational Foundation, HUNGARY\" width=\"500\" height=\"281\" src=\"https:\/\/www.youtube.com\/embed\/7A70HVwgQew?feature=oembed\" frameborder=\"0\" allow=\"accelerometer; autoplay; clipboard-write; encrypted-media; gyroscope; picture-in-picture; web-share\" referrerpolicy=\"strict-origin-when-cross-origin\" allowfullscreen><\/iframe>\n<\/div><\/figure>\n\n\n\n<figure class=\"wp-embed-aspect-16-9 wp-has-aspect-ratio wp-block-embed is-type-video is-provider-youtube wp-block-embed-youtube eplus-wrapper\"><div class=\"wp-block-embed__wrapper\">\n<iframe loading=\"lazy\" title=\"Excellence Fair 2020 - Uccu Roma Informal Educational Foundation\" width=\"500\" height=\"281\" src=\"https:\/\/www.youtube.com\/embed\/46bGMZPI2gw?feature=oembed\" frameborder=\"0\" allow=\"accelerometer; autoplay; clipboard-write; encrypted-media; gyroscope; picture-in-picture; web-share\" referrerpolicy=\"strict-origin-when-cross-origin\" allowfullscreen><\/iframe>\n<\/div><\/figure>\n<\/div><\/div>\n\n<div class=\"wp-block-columns is-not-stacked-on-mobile eplus-wrapper is-layout-flex wp-container-core-columns-is-layout-9d6595d7 wp-block-columns-is-layout-flex eplus-styles-uid-7570bd\"><div class=\"wp-block-column eplus-wrapper is-layout-flow wp-block-column-is-layout-flow eplus-styles-uid-e280e2\" style=\"padding-top:0;padding-right:0;padding-bottom:0;padding-left:0\"><h4 class=\" wp-block-heading eplus-wrapper eplus-styles-uid-ca65a2\">G\u00f6d\u00f6ll\u0151<\/h4>\n\n<h5 class=\" wp-block-heading eplus-wrapper eplus-styles-uid-bac4d8\">Sekretne \u017cycie pa\u0142acu<\/h5>\n\n<div class=\"wp-block-group alignfull eplus-wrapper is-content-justification-center is-layout-constrained wp-block-group-is-layout-constrained eplus-styles-uid-c47afc\"><figure class=\" wp-block-image alignfull size-large lightbox-on eplus-wrapper eplus-styles-uid-475e71\" href=\"https:\/\/heritagehubkrakow.org\/wp-content\/uploads\/2023\/05\/49784365792_d4379e823e_6k-1024x683.jpg\"><img decoding=\"async\" src=\"https:\/\/heritagehubkrakow.org\/wp-content\/uploads\/2023\/05\/49784365792_d4379e823e_6k-1024x683.jpg\" alt=\"\" class=\"wp-image-1930\"><\/figure><\/div>\n\n<h5 class=\" wp-block-heading eplus-wrapper eplus-styles-uid-b7770b\">Rok: 2020<\/h5>\n\n<h5 class=\" wp-block-heading eplus-wrapper eplus-styles-uid-b7770b\">Kategoria: Edukacja, szkolenia i podnoszenie \u015bwiadomo\u015bci<\/h5>\n\n\n<p class=\" eplus-wrapper\">Projekt podni\u00f3s\u0142 \u015bwiadomo\u015b\u0107 na temat mniej znanej historii Pa\u0142acu Kr\u00f3lewskiego w mie\u015bcie G\u00f6d\u00f6ll\u0151. Od lat 50. do upadku w\u0119gierskiego rz\u0105du socjalistycznego w 1990 r. Pa\u0142ac podzielony by\u0142 na dwie cz\u0119\u015bci: jedna przeznaczona zosta\u0142a na Metropolitalny Dom Pomocy Spo\u0142ecznej, podczas gdy w drugiej znajdowa\u0142y si\u0119 koszary armii radzieckiej, z kilkoma mieszkaniami dla niekt\u00f3rych oficer\u00f3w armii i ich rodzin. Ten ambitny projekt edukacyjny maj\u0105cy r\u00f3wnie\u017c na celu budzenie \u015bwiadomo\u015bci anga\u017cowa\u0142 grup\u0119 m\u0142odych uczni\u00f3w w wieku od 12 do 18 lat. Przyczynili si\u0119 oni do opracowania koncepcji, zbadania historii Pa\u0142acu oraz zaprojektowania, zbudowania i wprowadzenia wystawy na rynek. Projekt zosta\u0142 w ca\u0142o\u015bci sfinansowany przez <strong>Pa\u0142ac Kr\u00f3lewski w G\u00f6d\u00f6ll\u0151<\/strong>.<\/p>\n\n\n\n<p class=\" eplus-wrapper\">W okresie po II wojnie \u015bwiatowej rozleg\u0142y XVIII-wieczny pa\u0142ac szybko podupad\u0142. W 1990 roku, po zamkni\u0119ciu domu opieki i wycofaniu si\u0119 wojsk radzieckich, szybko rozpocz\u0105\u0142 si\u0119 okres renowacji i odbudowy maj\u0105cy na celu przywr\u00f3cenie Pa\u0142acowi Kr\u00f3lewskiemu jego dawnej \u015bwietno\u015bci zacieraj\u0105cy jednocze\u015bnie wiele \u015blad\u00f3w jego XX-wiecznej historii. Aby na nowo odkry\u0107 \u00f3w zatarty okres historii tego miejsca, muzeum wraz z grup\u0105 zaanga\u017cowanych student\u00f3w rozpocz\u0119\u0142o zbieranie wspomnie\u0144 okolicznej spo\u0142eczno\u015bci, przeprowadzaj\u0105c i nagrywaj\u0105c wywiady. Mieszka\u0144cy, nale\u017c\u0105cy w wi\u0119kszo\u015bci do starszego pokolenia, pytani byli przez student\u00f3w m.in. o relacje z \u017co\u0142nierzami radzieckimi i mieszka\u0144cami domu opieki, do\u015bwiadczenia zwi\u0105zane z prac\u0105 w tym miejscu oraz o lokalne zwyczaje i specjalne wydarzenia jakie si\u0119 tam odbywa\u0142y. Ku zaskoczeniu student\u00f3w wielu mieszka\u0144c\u00f3w posiada\u0142o dobre wspomnienia z tego okresu wspominaj\u0105c przyja\u017anie z \u017co\u0142nierzami radzieckimi, z kt\u00f3rych niekt\u00f3re przetrwa\u0142y d\u0142ugo po odej\u015bciu armii. Ta ustna historia zosta\u0142a zachowana na przysz\u0142o\u015b\u0107. Ponadto studenci przeszli podstawowe szkolenie w zakresie planowania wystaw oraz prowadznia poszukiwa\u0144 w archiwach wojskowych. Wzi\u0119li r\u00f3wnie\u017c udzia\u0142 w wykopaliskach archeologicznych w piwnicy pa\u0142acu, odkrywaj\u0105c i czyszcz\u0105c niekt\u00f3re artefakty. Wystawa sk\u0142ada\u0142a si\u0119 z szeregu pomieszcze\u0144, kt\u00f3re zosta\u0142y odtworzone tak, aby przypomina\u0142y wygl\u0105d koszar, mieszka\u0144 i domu opieki, uzupe\u0142nia\u0142y je za\u015b historie m\u00f3wione i artefakty. Studenci pe\u0142nili rol\u0119 przewodnik\u00f3w po wystawie oraz organizowali imprezy tematyczne. Zapewniaj\u0105c wgl\u0105d w okres powojenny na poziomie lokalnym wystawa ma szczeg\u00f3lne znaczenie europejskie. Wielu student\u00f3w zaanga\u017cowanych w projekt kontynuuje prac\u0119 w muzeum i zamierza rozpocz\u0105\u0107 karier\u0119 zawodow\u0105 w tej dziedzinie.<\/p>\n\n\n<div class=\"wp-block-buttons eplus-wrapper is-layout-flex wp-block-buttons-is-layout-flex eplus-styles-uid-517b32\"><div class=\" wp-block-button eplus-wrapper eplus-styles-uid-db90a9\"><a class=\"wp-block-button__link wp-element-button\" href=\"https:\/\/kiralyikastely.hu\/royal-palace-of-godollo.html\" target=\"_blank\" rel=\"noreferrer noopener\">Czytaj wi\u0119cej<\/a><\/div><\/div>\n\n\n<figure class=\"wp-embed-aspect-16-9 wp-has-aspect-ratio wp-block-embed is-type-video is-provider-youtube wp-block-embed-youtube eplus-wrapper\"><div class=\"wp-block-embed__wrapper\">\n<iframe loading=\"lazy\" title=\"The Secret Life of a Palace, G\u00f6d\u00f6ll\u0151, HUNGARY\" width=\"500\" height=\"281\" src=\"https:\/\/www.youtube.com\/embed\/1ldRbCg8lqo?feature=oembed\" frameborder=\"0\" allow=\"accelerometer; autoplay; clipboard-write; encrypted-media; gyroscope; picture-in-picture; web-share\" referrerpolicy=\"strict-origin-when-cross-origin\" allowfullscreen><\/iframe>\n<\/div><\/figure>\n\n\n\n<figure class=\"wp-embed-aspect-16-9 wp-has-aspect-ratio wp-block-embed is-type-video is-provider-youtube wp-block-embed-youtube eplus-wrapper\"><div class=\"wp-block-embed__wrapper\">\n<iframe loading=\"lazy\" title=\"Excellence Fair 2020 - The Secret Life of a Palace\" width=\"500\" height=\"281\" src=\"https:\/\/www.youtube.com\/embed\/VnDvSwDpg4E?feature=oembed\" frameborder=\"0\" allow=\"accelerometer; autoplay; clipboard-write; encrypted-media; gyroscope; picture-in-picture; web-share\" referrerpolicy=\"strict-origin-when-cross-origin\" allowfullscreen><\/iframe>\n<\/div><\/figure>\n<\/div><\/div>\n\n<div class=\"wp-block-columns is-not-stacked-on-mobile eplus-wrapper is-layout-flex wp-container-core-columns-is-layout-9d6595d7 wp-block-columns-is-layout-flex eplus-styles-uid-5a2ea5\"><div class=\"wp-block-column eplus-wrapper is-layout-flow wp-block-column-is-layout-flow eplus-styles-uid-e280e2\" style=\"padding-top:0;padding-right:0;padding-bottom:0;padding-left:0\"><h4 class=\" wp-block-heading eplus-wrapper eplus-styles-uid-ca65a2\">Budapeszt<\/h4>\n\n<h5 class=\" wp-block-heading eplus-wrapper eplus-styles-uid-bac4d8\"><a href=\"https:\/\/www.mfab.hu\/\" target=\"_blank\" rel=\"noreferrer noopener\">Muzeum Sztuk Pi\u0119knych<\/a><\/h5>\n\n<div class=\"wp-block-group alignfull eplus-wrapper is-content-justification-center is-layout-constrained wp-block-group-is-layout-constrained eplus-styles-uid-c47afc\"><figure class=\" wp-block-image alignfull size-large lightbox-on eplus-wrapper eplus-styles-uid-475e71\" href=\"https:\/\/heritagehubkrakow.org\/wp-content\/uploads\/2023\/05\/49784031806_b3f33f5428_6k-1024x742.jpg\"><img decoding=\"async\" src=\"https:\/\/heritagehubkrakow.org\/wp-content\/uploads\/2023\/05\/49784031806_b3f33f5428_6k-1024x742.jpg\" alt=\"\" class=\"wp-image-1932\"><\/figure><\/div>\n\n<h5 class=\" wp-block-heading eplus-wrapper eplus-styles-uid-b7770b\">Rok: 2020<\/h5>\n\n<h5 class=\" wp-block-heading eplus-wrapper eplus-styles-uid-b7770b\">Kategoria: Konserwacja<\/h5>\n\n\n<p class=\" eplus-wrapper\">Budynek Muzeum Sztuk Pi\u0119knych znajduje si\u0119 na H\u0151s\u00f6k tere (Placu Bohater\u00f3w) w Budapeszcie. Obszar ten ma du\u017ce znaczenie dla historii W\u0119gier. Muzeum zosta\u0142o zbudowane w latach 1900-1906 wedle plan\u00f3w architekt\u00f3w Alberta Schickedanza i F\u00fcl\u00f6pa Herzoga. Do po\u0142owy XX wieku muzeum przesz\u0142o szereg nieodpowiednich zmian w swoim uk\u0142adzie, co by\u0142o bezpo\u015brednim wynikiem zmieniaj\u0105cych si\u0119 postaw i trend\u00f3w w zakresie dziedzictwa w tym doceniania architektury. Spowodowa\u0142o to szereg d\u0142ugoterminowych kwestii zwi\u0105zanych z ochron\u0105. Projekt przywr\u00f3cenia uk\u0142adu i dekoracji muzeum to wynik wsp\u00f3\u0142pracy <strong>Muzeum Sztuk Pi\u0119knych<\/strong>, architekta <strong>Istv\u00e1na M\u00e1nyiego<\/strong> i firmy budowlanej <strong>Magyar \u00c9p\u00edt\u0151 Zrt<\/strong>. Projekt zosta\u0142 sfinansowany przez <strong>rz\u0105d W\u0119gier<\/strong>.<\/p>\n\n\n\n<p class=\" eplus-wrapper\">Muzeum Sztuk Pi\u0119knych posiadaj\u0105ce bogate zbiory, w\u015br\u00f3d kt\u00f3rych znajduje si\u0119 wiele arcydzie\u0142 jest jednym z najbardziej znanych w Europie. Muzeum jest rzadkim przyk\u0142adem eklektycznej architektury, b\u0119d\u0105c nie tylko muzeum, ale tak\u017ce parad\u0105 historii architektury obejmuj\u0105c\u0105 g\u0142\u00f3wne style. Budynek, podobny w typie do XIX-wiecznych muze\u00f3w europejskich, obejmuje du\u017cy dziedziniec z arkadami, sal\u0119 renesansow\u0105 z komnatami jo\u0144skimi i doryckimi znajduj\u0105cymi si\u0119 po obu stronach, sal\u0119 roma\u0144sk\u0105, sal\u0119 barokow\u0105 oraz komnat\u0119 Micha\u0142a Anio\u0142a. Ka\u017cda z sal zosta\u0142a zaprojektowana tak, aby przywo\u0142ywa\u0107 r\u00f3\u017cne style architektoniczne i ozdobiona kolorowymi kafelkami i malowid\u0142ami \u015bciennymi. Zabieg ten mia\u0142 na celu pog\u0142\u0119bienie dydaktycznej funkcji muzeum, style te by\u0142y bowiem na W\u0119grzech albo nieobecne albo utracone. Mamy tu zatem do czynienia z przyk\u0142adem trend\u00f3w muzealnych z XIX i na pocz\u0105tku XX wieku, kiedy to powszechne by\u0142o tworzenie kolekcji kopii \u015bredniowiecznych i arcydzie\u0142 renesansowych. Muzeum zosta\u0142 otwarte ponownie w 2018 roku, po zako\u0144czeniu procesu naprawiania szk\u00f3d spowodowanych niew\u0142a\u015bciwymi zmianami i integracji nowych obiekt\u00f3w w celu zaspokojenia potrzeb nowoczesnego muzeum. kt\u00f3re trwa\u0142y trzy dekady. Przez ca\u0142y ten okres muzeum dzia\u0142a\u0142o. Obecnie odwiedzaj\u0105cy mog\u0105 jednak do\u015bwiadcza\u0107 go zgodnie z pierwotnymi za\u0142o\u017ceniami jego projektant\u00f3w.<\/p>\n\n\n<div class=\"wp-block-buttons eplus-wrapper is-layout-flex wp-block-buttons-is-layout-flex eplus-styles-uid-517b32\"><div class=\" wp-block-button eplus-wrapper eplus-styles-uid-619f7b\"><a class=\"wp-block-button__link wp-element-button\" href=\"https:\/\/www.manyistudio.hu\/en\" target=\"_blank\" rel=\"noreferrer noopener\">Czytaj wi\u0119cej<\/a><\/div><\/div>\n\n\n<figure class=\"wp-embed-aspect-16-9 wp-has-aspect-ratio wp-block-embed is-type-video is-provider-youtube wp-block-embed-youtube eplus-wrapper\"><div class=\"wp-block-embed__wrapper\">\n<iframe loading=\"lazy\" title=\"The Museum of Fine Arts, Budapest, HUNGARY\" width=\"500\" height=\"281\" src=\"https:\/\/www.youtube.com\/embed\/9YnUrFaQ5W0?feature=oembed\" frameborder=\"0\" allow=\"accelerometer; autoplay; clipboard-write; encrypted-media; gyroscope; picture-in-picture; web-share\" referrerpolicy=\"strict-origin-when-cross-origin\" allowfullscreen><\/iframe>\n<\/div><\/figure>\n\n\n\n<div style=\"height:45px\" aria-hidden=\"true\" class=\" wp-block-spacer eplus-wrapper\"><\/div>\n\n\n<h5 class=\" wp-block-heading eplus-wrapper eplus-styles-uid-b7770b\"><strong>Budapeszt<\/strong><\/h5>\n\n<h5 class=\" wp-block-heading eplus-wrapper eplus-styles-uid-b7770b\"><strong>Budapest<\/strong>100<\/h5><\/div><\/div>\n\n\n<p class=\" has-text-align-center eplus-wrapper\"><img decoding=\"async\" class=\"wp-image-2364\" style=\"width: 1200px;\" src=\"https:\/\/heritagehubkrakow.org\/wp-content\/uploads\/2023\/06\/52937420253_30c8a28aab_k.jpg\" alt=\"\"><\/p>\n\n\n\n<p class=\" eplus-wrapper\"><\/p>\n\n\n\n<p class=\" eplus-wrapper\"><\/p>\n\n\n\n<p class=\" eplus-wrapper\"><strong>Rok: 2023<\/strong><\/p>\n\n\n\n<p class=\" eplus-wrapper\"><strong>Kategoria: Zaanga\u017cowanie obywateli i podnoszenie \u015bwiadomo\u015bci<\/strong><\/p>\n\n\n\n<p class=\" eplus-wrapper\">Budapest100 to coroczny weekendowy festiwal, kt\u00f3ry prezentuje i celebruje dziedzictwo architektoniczne stolicy W\u0119gier. W odr\u00f3\u017cnieniu od innych inicjatyw prezentuj\u0105cych architektur\u0119 budynk\u00f3w u\u017cyteczno\u015bci publicznej, Budapest100 podkre\u015bla wewn\u0119trzn\u0105 warto\u015b\u0107 ka\u017cdego domu, niezale\u017cnie od wyj\u0105tkowych walor\u00f3w architektonicznych czy ochrony prawnej. Zwiedzaj\u0105cy i mieszka\u0144cy, poprzez wizyty w domach oraz anga\u017cuj\u0105ce wystawy, dziel\u0105 si\u0119 historiami, wiedz\u0105 i do\u015bwiadczeniami, wzmacniaj\u0105c wi\u0119zi i wzajemne zrozumienie.<\/p>\n\n\n\n<p class=\" eplus-wrapper\">Budapest100, zainicjowany w 2011 roku przez <strong>Open Society Archives<\/strong> oraz <strong>W\u0119gierskie Centrum Architektury Wsp\u00f3\u0142czesnej,<\/strong> szybko ewoluowa\u0142 w ciesz\u0105cy si\u0119 niezwyk\u0142\u0105 popularno\u015bci\u0105 coroczny festiwal miejski, maj\u0105cy na celu upami\u0119tnienie i celebracj\u0119 budynk\u00f3w, kt\u00f3re w danym roku festiwalu obchodzi\u0142y stulecie swojego istnienia. Znaczne zniszczenia b\u0119d\u0105ce wynikiem I wojny \u015bwiatowej sprawi\u0142y jednak, \u017ce od 2015 roku, coroczne obchody 100-letnich budynk\u00f3w sta\u0142y si\u0119 nierealne. W zamian za to organizatorzy festiwalu co roku wybieraj\u0105 inn\u0105 tematyk\u0119 przewodni\u0105, np. stulecie <strong>ruchu Bauhaus<\/strong> czy 150. rocznic\u0119 zjednoczenia miasta. Fundamentalne za\u0142o\u017cenie festiwalu pozostaje jednak niezmienne co ma swoje odzwierciedlenie w jego motto: ka\u017cdy budynek jest interesuj\u0105cy.<\/p>\n\n\n\n<p class=\" eplus-wrapper\">Festiwal finansowany jest przez<strong>Narodowy Fundusz Kultury<\/strong>, <strong>Miasto Budapeszt<\/strong> oraz s\u0105siednie gminy. Wsparcie finansowe uzyskiwane jest w ramach mi\u0119dzynarodowej wsp\u00f3\u0142pracy i nagr\u00f3d, ponadto zapewniaj\u0105 je r\u00f3wnie\u017c sponsorzy prywatni. Podkre\u015bla to zaanga\u017cowanie instytucji publicznych w sukces i trwa\u0142o\u015b\u0107 tego wa\u017cnego wydarzenia kulturalnego.<\/p>\n\n\n\n<p class=\" eplus-wrapper\">Podczas festiwalowego weekendu, mieszka\u0144cy, otwieraj\u0105 swoje domy dla zwiedzaj\u0105cych prezentuj\u0105c programy, kt\u00f3re sami przygotowali. Odwiedzaj\u0105cy maj\u0105 mo\u017cliwo\u015b\u0107 pozna\u0107 histori\u0119 dom\u00f3w z tzw. pierwszej r\u0119ki tj. poprzez wystawy spo\u0142eczne oraz osobiste opowie\u015bci mieszka\u0144c\u00f3w. Interakcje te stymuluj\u0105c rozmowy pomi\u0119dzy uczestnikami, w tym z s\u0105siadami, buduj\u0105 i umacniaj\u0105 wi\u0119zi w obr\u0119bie spo\u0142eczno\u015bci. Odwiedzaj\u0105cy poznaj\u0105 i do\u015bwiadczaj\u0105 swoje miasto ze nowej perspektywy, a mieszka\u0144cy pog\u0142\u0119biaj\u0105 wi\u0119zi ze swoimi domami i sob\u0105 nawzajem.<\/p>\n\n\n\n<p class=\" eplus-wrapper\">Obok imponuj\u0105cych wynik\u00f3w ilo\u015bciowych (ponad 600 otwartych budynk\u00f3w, 2000 zaanga\u017cowanych wolontariuszy oraz oko\u0142o 160 000 odwiedzaj\u0105cych), niezwykle wa\u017cny jest rezultat jako\u015bciowy festiwalu. Obejmuje on m.in. trwa\u0142o\u015b\u0107 inicjatyw realizowanych przez spo\u0142eczno\u015b\u0107 polegaj\u0105c\u0105 na tym, \u017ce mieszka\u0144cy po zako\u0144czeniu festiwalu nadal organizuj\u0105 spotkania w obr\u0119bie powsta\u0142ej spo\u0142eczno\u015bci. Z kolei ci z festiwalowych wolontariuszy, kt\u00f3rzy rozwin\u0119li cenne umiej\u0119tno\u015bci i osi\u0105gn\u0119li wi\u0119ksz\u0105 niezale\u017cno\u015b\u0107, zaczynaj\u0105 realizowa\u0107 w\u0142asne inicjatywy w r\u00f3\u017cnorodnych wymiarach \u017cycia osobistego i zawodowego. Ponadto, wp\u0142yw festiwalu rozci\u0105ga si\u0119 na sektor renowacji i rewitalizacji, poniewa\u017c uczestnicz\u0105ce w nim domy motywowane s\u0105 do ubiegania si\u0119 o dotacje. Staj\u0105 si\u0119 r\u00f3wnie\u017c \u017ar\u00f3d\u0142em wsparcia proces\u00f3w decyzyjnych na poziomach miejskiego planowania urbanistycznego.<\/p>\n\n\n\n<div class=\"wp-block-buttons eplus-wrapper is-layout-flex wp-block-buttons-is-layout-flex\"><div class=\" wp-block-button eplus-wrapper eplus-styles-uid-8c0552\"><a class=\"wp-block-button__link wp-element-button\" href=\"https:\/\/www.budapest100.hu\/\" target=\"_blank\" rel=\"noreferrer noopener\">Czytaj wi\u0119cej<\/a><\/div><\/div>\n\n\n\n<div style=\"height:45px\" aria-hidden=\"true\" class=\" wp-block-spacer eplus-wrapper\"><\/div>\n\n\n\n<figure class=\"wp-embed-aspect-16-9 wp-has-aspect-ratio wp-block-embed is-type-video is-provider-vimeo wp-block-embed-vimeo eplus-wrapper\"><div class=\"wp-block-embed__wrapper\">\n<iframe loading=\"lazy\" title=\"Budapest100, HUNGARY\" src=\"https:\/\/player.vimeo.com\/video\/836162653?dnt=1&amp;app_id=122963\" width=\"500\" height=\"281\" frameborder=\"0\" allow=\"autoplay; fullscreen; picture-in-picture; clipboard-write\"><\/iframe>\n<\/div><\/figure>\n\n\n<div class=\"wp-block-columns is-not-stacked-on-mobile eplus-wrapper is-layout-flex wp-container-core-columns-is-layout-9d6595d7 wp-block-columns-is-layout-flex eplus-styles-uid-bd7a68\"><div class=\"wp-block-column eplus-wrapper is-layout-flow wp-block-column-is-layout-flow eplus-styles-uid-e280e2\" style=\"padding-top:0;padding-right:0;padding-bottom:0;padding-left:0\"><h3 class=\" wp-block-heading eplus-wrapper eplus-styles-uid-dc95e1\">\u0141OTWA<\/h3>\n\n<h4 class=\" wp-block-heading eplus-wrapper eplus-styles-uid-ca65a2\">Kuldiga<\/h4>\n\n<h5 class=\" wp-block-heading eplus-wrapper eplus-styles-uid-bac4d8\">Drewniana zabudowa na starym mie\u015bcie w Kuldidze<\/h5>\n\n<div class=\"wp-block-group alignfull eplus-wrapper is-content-justification-center is-layout-constrained wp-block-group-is-layout-constrained eplus-styles-uid-c47afc\"><figure class=\" wp-block-image alignfull size-large lightbox-on eplus-wrapper eplus-styles-uid-475e71\" href=\"https:\/\/heritagehubkrakow.org\/wp-content\/uploads\/2023\/05\/8536670082_506b43224e_5k-1024x768.jpg\"><img decoding=\"async\" src=\"https:\/\/heritagehubkrakow.org\/wp-content\/uploads\/2023\/05\/8536670082_506b43224e_5k-1024x768.jpg\" alt=\"\" class=\"wp-image-1934\"><\/figure><\/div>\n\n<h5 class=\" wp-block-heading eplus-wrapper eplus-styles-uid-b7770b\">Rok: 2013<\/h5>\n\n<h5 class=\" wp-block-heading eplus-wrapper eplus-styles-uid-b7770b\">Kategoria: Edukacja, szkolenia i podnoszenie \u015bwiadomo\u015bci<\/h5>\n\n\n<p class=\" eplus-wrapper\">Od 2008 roku Centrum Odnowy Kuldigi wdra\u017ca program podnoszenia \u015bwiadomo\u015bci w zakresie zachowania starego miasta Kuldigi. G\u0142\u00f3wne efekty projektu to: laboratoria dziedzictwa kulturowego, akcja Art Spawn oraz inicjatywa regularnej konserwacji okien. Miastu szczeg\u00f3lny charakter nadaje charakterystyczna zabudowa, na kt\u00f3r\u0105 sk\u0142ada si\u0119 ponad 400 drewnianych dom\u00f3w, zbudowanych mi\u0119dzy XVII a XIX wiekiem. Stare miasto zamieszkiwane jest od pokole\u0144 jednak charakterystyczny dla okresu sowieckiego brak w\u0142asno\u015bci prywatnej przyczyni\u0142 si\u0119 do zjawiska oboj\u0119tno\u015bci wobec utrzymania znajduj\u0105cych si\u0119 tam budynk\u00f3w. Ludzie do\u015b\u0107 powszechnie rozumiej\u0105, \u017ce muzea, ko\u015bcio\u0142y czy zamki s\u0105 obiektami dziedzictwa niemniej jednak to, \u017ce s\u0105 nimi r\u00f3wnie\u017c stare domy, w kt\u00f3rych mieszkali od urodzenia oraz, \u017ce one r\u00f3wnie\u017c wymagaj\u0105 regularnej opieki i konserwacji cz\u0119sto nie jest ju\u017c dla nich a\u017c tak oczywiste. Aby zaradzi\u0107 tej sytuacji, Centrum Odnowy zainicjowa\u0142o dzia\u0142ania skierowane bezpo\u015brednio do lokalnych mieszka\u0144c\u00f3w. Projekt dedykowany przede wszystkim mieszka\u0144com starego miasta &#8211; w\u0142a\u015bcicielom budynk\u00f3w, lokalnym rzemie\u015blnikom i architektom &#8211; przyczyni\u0142 si\u0119 do lepszego zrozumienia dziedzictwa kulturowego, a tak\u017ce wzmocnienia lokalnej to\u017csamo\u015bci.<\/p>\n\n\n<div class=\"wp-block-buttons eplus-wrapper is-layout-flex wp-block-buttons-is-layout-flex eplus-styles-uid-517b32\"><div class=\" wp-block-button eplus-wrapper eplus-styles-uid-d5314d\"><a class=\"wp-block-button__link wp-element-button\" href=\"https:\/\/www.kuldiga.lv\/en\/\" target=\"_blank\" rel=\"noreferrer noopener\">Czytaj wi\u0119cej<\/a><\/div><\/div>\n\n\n<figure class=\"wp-embed-aspect-16-9 wp-has-aspect-ratio wp-block-embed is-type-video is-provider-youtube wp-block-embed-youtube eplus-wrapper\"><div class=\"wp-block-embed__wrapper\">\n<iframe loading=\"lazy\" title=\"Wooden housing in Kuldiga old town, Kuldiga, LATVIA\" width=\"500\" height=\"281\" src=\"https:\/\/www.youtube.com\/embed\/XlSkNYvdiKo?feature=oembed\" frameborder=\"0\" allow=\"accelerometer; autoplay; clipboard-write; encrypted-media; gyroscope; picture-in-picture; web-share\" referrerpolicy=\"strict-origin-when-cross-origin\" allowfullscreen><\/iframe>\n<\/div><\/figure>\n<\/div><\/div>\n\n\n<figure class=\"wp-embed-aspect-16-9 wp-has-aspect-ratio wp-block-embed is-type-video is-provider-youtube wp-block-embed-youtube eplus-wrapper\"><div class=\"wp-block-embed__wrapper\">\n<iframe loading=\"lazy\" title=\"Kuld\u012bga - pils\u0113ta ar dv\u0113seli!\" width=\"500\" height=\"281\" src=\"https:\/\/www.youtube.com\/embed\/fQeUl9r1EdE?feature=oembed\" frameborder=\"0\" allow=\"accelerometer; autoplay; clipboard-write; encrypted-media; gyroscope; picture-in-picture; web-share\" referrerpolicy=\"strict-origin-when-cross-origin\" allowfullscreen><\/iframe>\n<\/div><\/figure>\n\n\n<div class=\"wp-block-columns is-not-stacked-on-mobile eplus-wrapper is-layout-flex wp-container-core-columns-is-layout-9d6595d7 wp-block-columns-is-layout-flex eplus-styles-uid-3cb72d\"><div class=\"wp-block-column eplus-wrapper is-layout-flow wp-block-column-is-layout-flow eplus-styles-uid-e280e2\" style=\"padding-top:0;padding-right:0;padding-bottom:0;padding-left:0\"><h3 class=\" wp-block-heading eplus-wrapper eplus-styles-uid-dc95e1\">LITWA<\/h3>\n\n<h4 class=\" wp-block-heading eplus-wrapper eplus-styles-uid-ca65a2\">Liubavas<\/h4>\n\n<h5 class=\" wp-block-heading eplus-wrapper eplus-styles-uid-bac4d8\">Muzeum m\u0142yna wodnego Liubavas Manor<\/h5>\n\n<div class=\"wp-block-group alignfull eplus-wrapper is-content-justification-center is-layout-constrained wp-block-group-is-layout-constrained eplus-styles-uid-c47afc\"><figure class=\" wp-block-image alignfull size-large lightbox-on eplus-wrapper eplus-styles-uid-475e71\" href=\"https:\/\/heritagehubkrakow.org\/wp-content\/uploads\/2023\/05\/6964037651_bb7770f0e6_5k-1024x683.jpg\"><img decoding=\"async\" src=\"https:\/\/heritagehubkrakow.org\/wp-content\/uploads\/2023\/05\/6964037651_bb7770f0e6_5k-1024x683.jpg\" alt=\"\" class=\"wp-image-1936\"><\/figure><\/div>\n\n<h5 class=\" wp-block-heading eplus-wrapper eplus-styles-uid-b7770b\">Rok: 2012<\/h5>\n\n<h5 class=\" wp-block-heading eplus-wrapper eplus-styles-uid-b7770b\">Kategoria: Konserwacja<\/h5>\n\n\n<p class=\" eplus-wrapper\">M\u0142yn wodny Liubavas jest jednym z niewielu budynk\u00f3w jakie pozosta\u0142y po dawnym dworze Liubavas. G\u0142\u00f3wnym celem projektu by\u0142o zachowanie m\u0142yna wodnego oraz udost\u0119pnienie go publiczno\u015bci poprzez adaptacj\u0119 na muzeum. M\u0142yn wodny, zbudowany z kamienia \u0142upanego w 1902 roku. Wyr\u00f3\u017cnia go architektura, in\u017cynieria oraz walory estetyczne. Budynkowi, kt\u00f3ry nie by\u0142 u\u017cywany od wielu lat grozi\u0142a ca\u0142kowita ruina. Wymaga\u0142 pilnych i z\u0142o\u017conych dzia\u0142a\u0144 konserwatorskich i restauratorskich. By zachowa\u0107 autentyczne warto\u015bci m\u0142yna wodnego, budynek zosta\u0142 gruntownie odrestaurowany wraz z jego wyposa\u017cenieniem technologicznym oraz z uwzgl\u0119dnieniem specyficznych cech krajobrazu. W tym celu zastosowane zosta\u0142y techniki oraz materia\u0142y typowe dla okresu budowy budynku. Dok\u0142adne badania pozwoli\u0142y osi\u0105gn\u0105\u0107 maksymalny poziom autentyczno\u015bci. Ponadto dostarczy\u0142y materia\u0142\u00f3w na wystaw\u0119, kt\u00f3ra zwie\u0144czy\u0142a ca\u0142y projekt.<\/p>\n\n\n<div class=\"wp-block-buttons eplus-wrapper is-layout-flex wp-block-buttons-is-layout-flex eplus-styles-uid-517b32\"><div class=\" wp-block-button eplus-wrapper eplus-styles-uid-6ebb6d\"><a class=\"wp-block-button__link wp-element-button\" href=\"https:\/\/www.liubavas.lt\/home-en\" target=\"_blank\" rel=\"noreferrer noopener\">Czytaj wi\u0119cej<\/a><\/div><\/div>\n\n\n<figure class=\"wp-embed-aspect-16-9 wp-has-aspect-ratio wp-block-embed is-type-video is-provider-youtube wp-block-embed-youtube eplus-wrapper\"><div class=\"wp-block-embed__wrapper\">\n<iframe loading=\"lazy\" title=\"Liubavas Manor Watermill Museum, Liubavas, Vilnius, LITHUANIA\" width=\"500\" height=\"281\" src=\"https:\/\/www.youtube.com\/embed\/N_nAe6X1SWQ?feature=oembed\" frameborder=\"0\" allow=\"accelerometer; autoplay; clipboard-write; encrypted-media; gyroscope; picture-in-picture; web-share\" referrerpolicy=\"strict-origin-when-cross-origin\" allowfullscreen><\/iframe>\n<\/div><\/figure>\n<\/div><\/div>\n\n\n<div style=\"height:25px\" aria-hidden=\"true\" class=\" wp-block-spacer eplus-wrapper\"><\/div>\n\n\n\n<p class=\" eplus-wrapper\"><strong>Wilno<\/strong><\/p>\n\n\n\n<p class=\" eplus-wrapper\"><strong>Muzeum Miejskiej Architektury Drewnianej<\/strong><\/p>\n\n\n\n<p class=\" has-text-align-center eplus-wrapper\"><img decoding=\"async\" class=\"wp-image-2360\" style=\"width: 1200px;\" src=\"https:\/\/heritagehubkrakow.org\/wp-content\/uploads\/2023\/06\/52927670500_13f4f27e0a_k.jpg\" alt=\"\"><\/p>\n\n\n\n<p class=\" eplus-wrapper\"><strong>Rok: 2023<\/strong><\/p>\n\n\n\n<p class=\" eplus-wrapper\"><strong>Konserwacja i adaptacja<\/strong><\/p>\n\n\n\n<p class=\" eplus-wrapper\">Ten XIX-wieczny drewniany budynek odrestaurowany zosta\u0142 przy u\u017cyciu wysokiej klasy rzemios\u0142a i tradycyjnych technik. Obecnie mie\u015bci si\u0119 w nim muzeum i dom kultury, stanowi\u0105ce przyk\u0142ad dla innych podobnych budynk\u00f3w w Wilnie i poza nim.<\/p>\n\n\n\n<p class=\" eplus-wrapper\">Obiekt jest skarbem historycznej architektury drewnianej Wilna. Budynek, pomimo swojego pi\u0119kna przez dziesi\u0119ciolecia pozostawa\u0142 opuszczony, co doprowadzi\u0142o do jego znacznego zniszczenia. W 2019 roku <strong>Urz\u0105d Miasta Wilna<\/strong> postanowi\u0142 przywr\u00f3ci\u0107 tej pere\u0142ce architektury dawnej \u015bwietno\u015b\u0107 i podj\u0105\u0142 decyzj\u0119 o utworzeniu w budynku Muzeum Miejskiej Architektury Drewnianej. Projekt utworzenia muzeum po\u0142\u0105czonego z renowacj\u0105 budynku sfinansowany zosta\u0142 przez <strong>Uni\u0119 Europejsk\u0105<\/strong> i <strong>Urz\u0105d Miasta Wilna<\/strong>.<\/p>\n\n\n\n<p class=\" eplus-wrapper\">Muzeum prezentuje przesz\u0142o\u015b\u0107, tera\u017aniejszo\u015b\u0107 i przysz\u0142o\u015b\u0107 miejskiej architektury drewnianej, ukazuj\u0105c, w jaki spos\u00f3b jest ona integraln\u0105 cz\u0119\u015bci\u0105 zr\u00f3wnowa\u017conego i przyjaznego \u015brodowisku miasta. Ponadto w muzeum utworzone zosta\u0142o centrum konsultacyjne, kt\u00f3rego zadaniem jest pomaganie w\u0142a\u015bcicielom i mieszka\u0144com drewnianych wile\u0144skich budynk\u00f3w w zdobywaniu wiedzy, jak utrzymywa\u0107 i konserwowa\u0107 swoje domy w spos\u00f3b zr\u00f3wnowa\u017cony i uwzgl\u0119dniaj\u0105cy histori\u0119.<\/p>\n\n\n\n<p class=\" eplus-wrapper\">Od chwili otwarcia, muzeum sta\u0142o si\u0119 miejscem spotka\u0144 mieszka\u0144c\u00f3w z regionu. Podejmowane inicjatywy promuj\u0105 i podnosz\u0105 \u015bwiadomo\u015b\u0107 lokalnej spo\u0142eczno\u015bci w zakresie ochrony dziedzictwa drewnianego. Ze wspacia centrum konsultacyjnego w zakresie konserwacji i restauracji budynk\u00f3w drewnianych skorzysta\u0142o ju\u017c oko\u0142o 100 mieszka\u0144com. Na terenie muzeum znajduje si\u0119 r\u00f3wnie\u017c warsztat, w kt\u00f3rym mieszka\u0144cy mog\u0105 samodzielnie pracowa\u0107 nad elementami architektonicznymi swoich drewnianych dom\u00f3w. Centrum utworzy\u0142o baz\u0119 kontaktow\u0105 rzemie\u015blnik\u00f3w i mistrz\u00f3w rzemios\u0142a zajmuj\u0105cych si\u0119 budownictwem drewnianym, wyda\u0142o katalog architektonicznych element\u00f3w drewnianych Wilna oraz zorganizowa\u0142o mi\u0119dzynarodow\u0105 konferencj\u0119 po\u015bwi\u0119con\u0105 zagadnieniom wsp\u00f3\u0142czesnej architektury drewnianej.<\/p>\n\n\n\n<div class=\"wp-block-buttons eplus-wrapper is-layout-flex wp-block-buttons-is-layout-flex\"><div class=\" wp-block-button eplus-wrapper eplus-styles-uid-d0564d\"><a class=\"wp-block-button__link wp-element-button\" href=\"https:\/\/mmam.lt\/\" target=\"_blank\" rel=\"noreferrer noopener\">Czytaj wi\u0119cej<\/a><\/div><\/div>\n\n\n\n<div style=\"height:45px\" aria-hidden=\"true\" class=\" wp-block-spacer eplus-wrapper\"><\/div>\n\n\n\n<figure class=\"wp-embed-aspect-16-9 wp-has-aspect-ratio wp-block-embed aligncenter is-type-video is-provider-vimeo wp-block-embed-vimeo eplus-wrapper\"><div class=\"wp-block-embed__wrapper\">\n<iframe loading=\"lazy\" title=\"Museum of Urban Wooden Architecture, Vilnius, LITHUANIA\" src=\"https:\/\/player.vimeo.com\/video\/833942027?dnt=1&amp;app_id=122963\" width=\"500\" height=\"281\" frameborder=\"0\" allow=\"autoplay; fullscreen; picture-in-picture; clipboard-write\"><\/iframe>\n<\/div><\/figure>\n\n\n<div class=\"wp-block-columns is-not-stacked-on-mobile eplus-wrapper is-layout-flex wp-container-core-columns-is-layout-9d6595d7 wp-block-columns-is-layout-flex eplus-styles-uid-66c51e\"><div class=\"wp-block-column eplus-wrapper is-layout-flow wp-block-column-is-layout-flow eplus-styles-uid-e280e2\" style=\"padding-top:0;padding-right:0;padding-bottom:0;padding-left:0\"><h3 class=\" wp-block-heading eplus-wrapper eplus-styles-uid-dc95e1\">POLSKA<\/h3>\n\n<h4 class=\" wp-block-heading eplus-wrapper eplus-styles-uid-ca65a2\">Gda\u0144sk<\/h4>\n\n<h5 class=\" wp-block-heading eplus-wrapper eplus-styles-uid-bac4d8\">Spichlerz &#8222;B\u0142\u0119kitny Baranek&#8221;<\/h5>\n\n<div class=\"wp-block-group alignfull eplus-wrapper is-content-justification-center is-layout-constrained wp-block-group-is-layout-constrained eplus-styles-uid-c47afc\"><figure class=\" wp-block-image alignfull size-large lightbox-on eplus-wrapper eplus-styles-uid-475e71\" href=\"https:\/\/heritagehubkrakow.org\/wp-content\/uploads\/2023\/05\/5529081420_dabc9012a9_o-577x1024.jpg\"><img decoding=\"async\" src=\"https:\/\/heritagehubkrakow.org\/wp-content\/uploads\/2023\/05\/5529081420_dabc9012a9_o-577x1024.jpg\" alt=\"\" class=\"wp-image-1938\"><\/figure><\/div>\n\n<h5 class=\" wp-block-heading eplus-wrapper eplus-styles-uid-b7770b\">Rok: 2011<\/h5>\n\n<h5 class=\" wp-block-heading eplus-wrapper eplus-styles-uid-b7770b\">Kategoria: Konserwacja<\/h5>\n\n\n<p class=\" eplus-wrapper\">Spichlerz &#8222;B\u0142\u0119kitny Baranek&#8221; w Gda\u0144sku datowany jest na XVI wiek. Mi\u0119dzy XVI a XIX wiekiem kilka razy poddawany by\u0142 przebudowie. Przed 1945 rokiem nad Mot\u0142aw\u0105 znajdowa\u0142o si\u0119 setki podobnych spichlerzy. Po licznych wojnach, po\u017carach oraz bombardowaniu jakie mia\u0142o miejsce w 1945 roku, &#8222;B\u0142\u0119kitny Baranek&#8221; zosta\u0142 jedynym spichlerzem, kt\u00f3ry zachowa\u0142 nie tylko swoj\u0105 fasad\u0119, ale tak\u017ce oryginaln\u0105 drewnian\u0105 konstrukcj\u0119 wewn\u0119trzn\u0105.<\/p>\n\n\n\n<p class=\" eplus-wrapper\">Projekt, realizowany przez Muzeum Archeologiczne w Gda\u0144sku, obejmowa\u0142 badania historyczne i techniczne, prace projektowe, konserwacj\u0119 konstrukcji no\u015bnej i elewacji budynku, remont dachu, konserwacj\u0119 wn\u0119trza budynku oraz jego adaptacj\u0119 na muzeum &#8211; Centrum Edukacji Archeologicznej. Projekt przyczynia si\u0119 do zachowania europejskiego dziedzictwa historycznego podkre\u015blaj\u0105c, \u017ce handel by\u0142 na tych terenach znacz\u0105cym promotorem bogactwa, wymiany idei i stosunk\u00f3w mi\u0119dzynarodowych. Ze wzgl\u0119d\u00f3w historycznych, kulturowych i edukacyjnych wa\u017cne jest, aby zachowa\u0107 przyk\u0142ad tej oryginalnej architektury.<\/p>\n\n\n<div class=\"wp-block-buttons eplus-wrapper is-layout-flex wp-block-buttons-is-layout-flex eplus-styles-uid-517b32\"><div class=\" wp-block-button eplus-wrapper eplus-styles-uid-91df2e\"><a class=\"wp-block-button__link wp-element-button\" href=\"https:\/\/archeologia.pl\/en\/\" target=\"_blank\" rel=\"noreferrer noopener\">Czytaj wi\u0119cej<\/a><\/div><\/div>\n\n\n<figure class=\"wp-embed-aspect-16-9 wp-has-aspect-ratio wp-block-embed is-type-video is-provider-youtube wp-block-embed-youtube eplus-wrapper\"><div class=\"wp-block-embed__wrapper\">\n<iframe loading=\"lazy\" title=\"The Blue Lamb Granary, Gda\u0144sk POLAND\" width=\"500\" height=\"281\" src=\"https:\/\/www.youtube.com\/embed\/2-zsg92BLNY?feature=oembed\" frameborder=\"0\" allow=\"accelerometer; autoplay; clipboard-write; encrypted-media; gyroscope; picture-in-picture; web-share\" referrerpolicy=\"strict-origin-when-cross-origin\" allowfullscreen><\/iframe>\n<\/div><\/figure>\n<\/div><\/div>\n\n<div class=\"wp-block-columns is-not-stacked-on-mobile eplus-wrapper is-layout-flex wp-container-core-columns-is-layout-9d6595d7 wp-block-columns-is-layout-flex eplus-styles-uid-8210e0\"><div class=\"wp-block-column eplus-wrapper is-layout-flow wp-block-column-is-layout-flow eplus-styles-uid-e280e2\" style=\"padding-top:0;padding-right:0;padding-bottom:0;padding-left:0\"><h4 class=\" wp-block-heading eplus-wrapper eplus-styles-uid-ca65a2\">Nowica, U\u015bcie Gorlickie<\/h4>\n\n<h5 class=\" wp-block-heading eplus-wrapper eplus-styles-uid-bac4d8\">Szymon Modrzejewski<\/h5>\n\n<div class=\"wp-block-group alignfull eplus-wrapper is-content-justification-center is-layout-constrained wp-block-group-is-layout-constrained eplus-styles-uid-c47afc\"><figure class=\" wp-block-image alignfull size-large lightbox-on eplus-wrapper eplus-styles-uid-475e71\" href=\"https:\/\/heritagehubkrakow.org\/wp-content\/uploads\/2023\/05\/5531729968_cad9ee2ff9_h-1024x718.jpg\"><img decoding=\"async\" src=\"https:\/\/heritagehubkrakow.org\/wp-content\/uploads\/2023\/05\/5531729968_cad9ee2ff9_h-1024x718.jpg\" alt=\"\" class=\"wp-image-1942\"><\/figure><\/div>\n\n<h5 class=\" wp-block-heading eplus-wrapper eplus-styles-uid-b7770b\">Rok: 2011<\/h5>\n\n<h5 class=\" wp-block-heading eplus-wrapper eplus-styles-uid-b7770b\">Kategoria: S\u0142u\u017cba zaanga\u017cowana<\/h5>\n\n\n<p class=\" eplus-wrapper\">Szymon Modrzejewski 25 lat temu spontanicznie postanowi\u0142 po\u015bwi\u0119ci\u0107 swoje \u017cycie ochronie opuszczonych cmentarzy w Polsce i na Ukrainie. Wraz z m\u0142odymi wolontariuszami odrestaurowa\u0142 prawie 1500 obiekt\u00f3w &#8211; pomnik\u00f3w przydro\u017cnej architektury sakralnej i nagrobk\u00f3w mieszcz\u0105cych si\u0119 na ponad 110 g\u0142\u00f3wnie wiejskich cmentarzach (ukrai\u0144skich, polskich, \u017cydowskich i niemieckich). D\u0105\u017cy do ujawnienia warto\u015bci, kt\u00f3re reprezentuj\u0105, jako milcz\u0105cy \u015bwiadkowie historii, w kt\u00f3rej konflikty etniczne lub religijne zniszczy\u0142y wielokulturowe spo\u0142eczno\u015bci. Szymon, kt\u00f3ry sam zaczyna\u0142 jako zwyk\u0142y wolontariusz, przeszkoli\u0142 ponad 450 m\u0142odych ludzi, z kt\u00f3rych wielu powraca na jego <a href=\"https:\/\/rohatynjewishheritage.org\/2016\/05\/training-with-stowarzyszenie-magurycz\/\">letnie obozy<\/a>. Inni pomogli za\u0142o\u017cy\u0107 Stowarzyszenie Magurycz, kt\u00f3re obecnie wspiera jego prac\u0119.<\/p>\n\n\n\n<p class=\" eplus-wrapper\">Szymon Modrzejewski zajmuje si\u0119 &#8211; spo\u0142ecznie i komercyjnie &#8211; renowacj\u0105 kamiennych nagrobk\u00f3w na cmentarzach wszystkich wyzna\u0144 i religii a tak\u017ce innych zabytk\u00f3w kultury materialnej na terenie Bieszczad\u00f3w, Beskidu Niskiego, G\u00f3r Sanocko-Turcza\u0144skich, Roztocza, Zachodniej Ukrainy i Dolnego \u015al\u0105ska.<\/p>\n\n\n<div class=\"wp-block-buttons eplus-wrapper is-layout-flex wp-block-buttons-is-layout-flex eplus-styles-uid-517b32\"><div class=\" wp-block-button eplus-wrapper eplus-styles-uid-88517b\"><a class=\"wp-block-button__link wp-element-button\" href=\"https:\/\/www.facebook.com\/StowarzyszenieMagurycz\/\" target=\"_blank\" rel=\"noreferrer noopener\">Czytaj wi\u0119cej<\/a><\/div><\/div>\n\n\n<figure class=\"wp-embed-aspect-16-9 wp-has-aspect-ratio wp-block-embed is-type-video is-provider-youtube wp-block-embed-youtube eplus-wrapper\"><div class=\"wp-block-embed__wrapper\">\n<iframe loading=\"lazy\" title=\"Szymon Modrzejewski, Nowica POLAND\" width=\"500\" height=\"281\" src=\"https:\/\/www.youtube.com\/embed\/rg5AmSEYILs?feature=oembed\" frameborder=\"0\" allow=\"accelerometer; autoplay; clipboard-write; encrypted-media; gyroscope; picture-in-picture; web-share\" referrerpolicy=\"strict-origin-when-cross-origin\" allowfullscreen><\/iframe>\n<\/div><\/figure>\n<\/div><\/div>\n\n<div class=\"wp-block-columns is-not-stacked-on-mobile eplus-wrapper is-layout-flex wp-container-core-columns-is-layout-9d6595d7 wp-block-columns-is-layout-flex eplus-styles-uid-d041b3\"><div class=\"wp-block-column eplus-wrapper is-layout-flow wp-block-column-is-layout-flow eplus-styles-uid-e280e2\" style=\"padding-top:0;padding-right:0;padding-bottom:0;padding-left:0\"><h4 class=\" wp-block-heading eplus-wrapper eplus-styles-uid-ca65a2\">\u0141\u00f3d\u017a<\/h4>\n\n<h5 class=\" wp-block-heading eplus-wrapper eplus-styles-uid-bac4d8\">Miasta zak\u0142adowe w europejskim przemy\u015ble w\u0142\u00f3kienniczym w latach 1771-1914<\/h5>\n\n<div class=\"wp-block-group alignfull eplus-wrapper is-content-justification-center is-layout-constrained wp-block-group-is-layout-constrained eplus-styles-uid-c47afc\"><figure class=\"is-style-fit-container wp-block-image alignfull size-large lightbox-on eplus-wrapper eplus-styles-uid-475e71\" href=\"https:\/\/heritagehubkrakow.org\/wp-content\/uploads\/2023\/05\/8575556634_08a65fb86c_h-1024x673.jpg\"><img decoding=\"async\" src=\"https:\/\/heritagehubkrakow.org\/wp-content\/uploads\/2023\/05\/8575556634_08a65fb86c_h-1024x673.jpg\" alt=\"\" class=\"wp-image-1944\"><\/figure><\/div>\n\n<h5 class=\" wp-block-heading eplus-wrapper eplus-styles-uid-b7770b\">Rok: 2013<\/h5>\n\n<h5 class=\" wp-block-heading eplus-wrapper eplus-styles-uid-b7770b\">Kategoria: Badania<\/h5>\n\n\n<p class=\" eplus-wrapper\">Miasta zak\u0142adowe by\u0142y integraln\u0105 cz\u0119\u015bci\u0105 XIX-wiecznego europejskiego krajobrazu. Miejsca tego typu ukszta\u0142towa\u0142y charakterystyczny wizerunek wielu miast i wsi staj\u0105c si\u0119 \u015bwiadectwem proces\u00f3w, kt\u00f3re sta\u0142y si\u0119 powszechne w trakcie industrializacji Europy. Miasta-firmy s\u0105 zatem wa\u017cn\u0105 cz\u0119\u015bci\u0105 lokalnego dziedzictwa w wielu regionach. Celem bada\u0144 habilitacyjnych prowadzonych przez Bartosza M. Walczaka z Politechniki \u0141\u00f3dzkiej (Wydzia\u0142 Budownictwa, Architektury i In\u017cynierii \u015arodowiska) by\u0142a analiza zagadnie\u0144 zwi\u0105zanych z rozwojem tego typu kompleks\u00f3w przemys\u0142owych, zintegrowanych z zabudow\u0105 robotnicz\u0105, w europejskim przemy\u015ble w\u0142\u00f3kienniczym na przestrzeni lat 1771-1914.<\/p>\n\n\n\n<p class=\" eplus-wrapper\">Kompleksowe badania prowadzone w ca\u0142ej Europie obejmowa\u0142y wieloaspektow\u0105 analiz\u0119 por\u00f3wnawcz\u0105 uwzgl\u0119dniaj\u0105c\u0105 kwestie funkcjonalne, przestrzenne i architektoniczne 283 miejsc (r\u00f3\u017cnych miast zak\u0142adowych po\u015bwi\u0119conych produkcji tekstyli\u00f3w). Nale\u017cy podkre\u015bli\u0107, \u017ce badania nie ogranicza\u0142y si\u0119 jedynie do polskich osi\u0105gni\u0119\u0107 w kontek\u015bcie europejskim, ale uwzgl\u0119dnia\u0142y r\u00f3wnie\u017c szersz\u0105, mi\u0119dzynarodow\u0105 panoram\u0119 kompleks\u00f3w przemys\u0142owych. Wyniki tych bada\u0144 mog\u0105 przyczyni\u0107 si\u0119 do zwi\u0119kszenia wiedzy, lepszego zrozumienia, a w konsekwencji lepszej ochrony i regeneracji miast zak\u0142adowych.<\/p>\n\n\n<div class=\"wp-block-buttons eplus-wrapper is-layout-flex wp-block-buttons-is-layout-flex eplus-styles-uid-517b32\"><div class=\" wp-block-button eplus-wrapper eplus-styles-uid-d58776\"><a class=\"wp-block-button__link wp-element-button\" href=\"https:\/\/repozytorium.p.lodz.pl\/handle\/11652\/3023?show=full\" target=\"_blank\" rel=\"noreferrer noopener\">Czytaj wi\u0119cej<\/a><\/div><\/div>\n\n\n<figure class=\"wp-embed-aspect-16-9 wp-has-aspect-ratio wp-block-embed is-type-video is-provider-youtube wp-block-embed-youtube eplus-wrapper\"><div class=\"wp-block-embed__wrapper\">\n<iframe loading=\"lazy\" title=\"Company Towns in European Textile Industry 1771-1914, Lodz, POLAND\" width=\"500\" height=\"281\" src=\"https:\/\/www.youtube.com\/embed\/dMF-7hOvuXA?feature=oembed\" frameborder=\"0\" allow=\"accelerometer; autoplay; clipboard-write; encrypted-media; gyroscope; picture-in-picture; web-share\" referrerpolicy=\"strict-origin-when-cross-origin\" allowfullscreen><\/iframe>\n<\/div><\/figure>\n<\/div><\/div>\n\n<div class=\"wp-block-columns is-not-stacked-on-mobile eplus-wrapper is-layout-flex wp-container-core-columns-is-layout-9d6595d7 wp-block-columns-is-layout-flex eplus-styles-uid-47f1ff\"><div class=\"wp-block-column eplus-wrapper is-layout-flow wp-block-column-is-layout-flow eplus-styles-uid-e280e2\" style=\"padding-top:0;padding-right:0;padding-bottom:0;padding-left:0\"><h4 class=\" wp-block-heading eplus-wrapper eplus-styles-uid-ca65a2\">Warszawa<\/h4>\n\n<h5 class=\" wp-block-heading eplus-wrapper eplus-styles-uid-bac4d8\">\u017bydowskie dziedzictwo kulturowe: Program edukacyjny<\/h5>\n\n<div class=\"wp-block-group alignfull eplus-wrapper is-content-justification-center is-layout-constrained wp-block-group-is-layout-constrained eplus-styles-uid-c47afc\"><figure class=\"is-style-fit-container wp-block-image alignfull size-large lightbox-on eplus-wrapper eplus-styles-uid-475e71\" href=\"https:\/\/heritagehubkrakow.org\/wp-content\/uploads\/2023\/05\/32840082264_5f25167d02_4k-1024x683.jpg\"><img decoding=\"async\" src=\"https:\/\/heritagehubkrakow.org\/wp-content\/uploads\/2023\/05\/32840082264_5f25167d02_4k-1024x683.jpg\" alt=\"\" class=\"wp-image-1987\"><\/figure><\/div>\n\n<h5 class=\" wp-block-heading eplus-wrapper eplus-styles-uid-b7770b\">Rok: 2017<\/h5>\n\n<h5 class=\" wp-block-heading eplus-wrapper eplus-styles-uid-b7770b\">Kategoria: Edukacja, szkolenia i podnoszenie \u015bwiadomo\u015bci<\/h5>\n\n\n<p class=\" eplus-wrapper\"><strong>Muzeum Historii \u017byd\u00f3w Polskich POLIN<\/strong> w Warszawie, otwieraj\u0105c swoje podwoje w 2013 r., w ramach partnerstwa norweskiego, rozpocz\u0119\u0142o realizacj\u0119 ambitnego projektu edukacyjnego pt. &#8222;\u017bydowskie dziedzictwo kulturowe. Polsko-norweskie dzia\u0142ania dwustronne&#8221; (2013-2017). Program, wspierany przez <strong>fundusze EOG i fundusze norweskie<\/strong>, obj\u0105 szeroki zakres dzia\u0142a\u0144 maj\u0105cych na celu zaanga\u017cowanie przedstawicieli r\u00f3\u017cnych grup spo\u0142ecznych w odkrywanie i omawianie przesz\u0142o\u015bci polskiej spo\u0142eczno\u015bci \u017cydowskiej oraz jej zwi\u0105zk\u00f3w z Norwegi\u0105. Program zosta\u0142 zrealizowany we wsp\u00f3\u0142pracy z nast\u0119puj\u0105cymi norweskimi instytucjami: <strong>Centrum Studi\u00f3w nad Holokaustem i Mniejszo\u015bciami Religijnymi (HL-Senteret)<\/strong>, <strong>Centrum Pami\u0119ci i Praw Cz\u0142owieka Falstad (Falstad Center)<\/strong>, <strong>Europejskim Centrum Wergeland<\/strong> oraz <strong>muzeami \u017cydowskimi w Oslo i Trondheim<\/strong>. Projekt mia\u0142 na celu promowanie i ochron\u0119 dziedzictwa \u017cydowskiego, zwalczanie rasizmu i ksenofobii oraz budowanie szacunku dla r\u00f3\u017cnorodno\u015bci etnicznej, religijnej i kulturowej.<\/p>\n\n\n\n<p class=\" eplus-wrapper\">W ramach programu \u017bydowskie Dziedzictwo Kulturowe, muzeum zorganizowa\u0142o 3200 zaj\u0119\u0107 dla 445 000 uczestnik\u00f3w w 240 miejscowo\u015bciach, g\u0142\u00f3wnie w Polsce, a tak\u017ce w Norwegii. Podobny sukces odnios\u0142a wirtualna ods\u0142ona projektu, w ramach kt\u00f3rej zgromadzone i opracowane zosta\u0142y liczne zasoby online umieszczone na portalach internetowych projektu, kt\u00f3re odnotowa\u0142y 5 200 000 sesji internaut\u00f3w i 500 000 wy\u015bwietle\u0144 film\u00f3w edukacyjnych. Liczby te doskonale pokazuj\u0105, jak projektowi uda\u0142o si\u0119 dotrze\u0107 do ludzi. Jeszcze bardziej wymowne s\u0105 wyniki ewaluacji wskazuj\u0105ce na umiej\u0119tn\u0105 komunikacj\u0119. 82% ankietowanych student\u00f3w zadeklarowa\u0142o, \u017ce zdobyli now\u0105 lub pog\u0142\u0119bili dotychczasow\u0105 wiedz\u0119 w zakresie temat\u00f3w, kt\u00f3re porusza\u0142 projekt. Skupiaj\u0105c si\u0119 nad zachowaniem historii i dziedzictwa \u017byd\u00f3w w Polsce, projekt mia\u0142 na celu zach\u0119cenie do dialogu i \u015bwiadomego zaanga\u017cowania w trudn\u0105 przesz\u0142o\u015b\u0107 a poprzez to wspiera\u0107 szacunek i wzajemne zrozumienie.<\/p>\n\n\n<div class=\"wp-block-buttons eplus-wrapper is-layout-flex wp-block-buttons-is-layout-flex eplus-styles-uid-517b32\"><div class=\" wp-block-button eplus-wrapper eplus-styles-uid-e0a614\"><a class=\"wp-block-button__link wp-element-button\" href=\"https:\/\/www.polin.pl\/en\/heritage\" target=\"_blank\" rel=\"noreferrer noopener\">Czytaj wi\u0119cej<\/a><\/div><\/div>\n\n\n<figure class=\"wp-embed-aspect-16-9 wp-has-aspect-ratio wp-block-embed is-type-video is-provider-youtube wp-block-embed-youtube eplus-wrapper\"><div class=\"wp-block-embed__wrapper\">\n<iframe loading=\"lazy\" title=\"Jewish Cultural Heritage: Educational programme, Warsaw, POLAND\" width=\"500\" height=\"281\" src=\"https:\/\/www.youtube.com\/embed\/5SGdFxLi4IY?feature=oembed\" frameborder=\"0\" allow=\"accelerometer; autoplay; clipboard-write; encrypted-media; gyroscope; picture-in-picture; web-share\" referrerpolicy=\"strict-origin-when-cross-origin\" allowfullscreen><\/iframe>\n<\/div><\/figure>\n<\/div><\/div>\n\n\n<figure class=\"wp-embed-aspect-16-9 wp-has-aspect-ratio wp-block-embed is-type-video is-provider-youtube wp-block-embed-youtube eplus-wrapper\"><div class=\"wp-block-embed__wrapper\">\n<iframe loading=\"lazy\" title=\"\u017bydowskie Dziedzictwo Kulturowe\" width=\"500\" height=\"281\" src=\"https:\/\/www.youtube.com\/embed\/oNGKWvP3cwY?feature=oembed\" frameborder=\"0\" allow=\"accelerometer; autoplay; clipboard-write; encrypted-media; gyroscope; picture-in-picture; web-share\" referrerpolicy=\"strict-origin-when-cross-origin\" allowfullscreen><\/iframe>\n<\/div><\/figure>\n\n\n<div class=\"wp-block-columns is-not-stacked-on-mobile eplus-wrapper is-layout-flex wp-container-core-columns-is-layout-9d6595d7 wp-block-columns-is-layout-flex eplus-styles-uid-279dcc\"><div class=\"wp-block-column eplus-wrapper is-layout-flow wp-block-column-is-layout-flow eplus-styles-uid-e280e2\" style=\"padding-top:0;padding-right:0;padding-bottom:0;padding-left:0\"><h4 class=\" wp-block-heading eplus-wrapper eplus-styles-uid-ca65a2\">Warszawa<\/h4>\n\n<h5 class=\" wp-block-heading eplus-wrapper eplus-styles-uid-bac4d8\">Miejsce przy kr\u00f3lewskim stole, Warszawa, POLSKA<\/h5>\n\n<div class=\"wp-block-group alignfull eplus-wrapper is-content-justification-center is-layout-constrained wp-block-group-is-layout-constrained eplus-styles-uid-c47afc\"><figure class=\"is-style-fit-container  wp-block-image alignfull size-large lightbox-on eplus-wrapper eplus-styles-uid-475e71\" href=\"https:\/\/heritagehubkrakow.org\/wp-content\/uploads\/2023\/05\/46811952104_f1b59c71cf_3k-1024x683.jpg\"><img decoding=\"async\" src=\"https:\/\/heritagehubkrakow.org\/wp-content\/uploads\/2023\/05\/46811952104_f1b59c71cf_3k-1024x683.jpg\" alt=\"\" class=\"wp-image-1989\"><\/figure><\/div>\n\n<h5 class=\" wp-block-heading eplus-wrapper eplus-styles-uid-b7770b\">Rok: 2019<\/h5>\n\n<h5 class=\" wp-block-heading eplus-wrapper eplus-styles-uid-b7770b\">Kategoria: Edukacja, szkolenia i podnoszenie \u015bwiadomo\u015bci<\/h5>\n\n\n<p class=\" eplus-wrapper\"><strong>&#8222;Miejsce przy kr\u00f3lewskim stole&#8221; <\/strong> to inicjatywa Muzeum Pa\u0142acu Kr\u00f3la Jana III w Wilanowie maj\u0105ca na celu szerzenie wiedzy i do\u015bwiadczenia na temat kulinarnej historii dwor\u00f3w kr\u00f3lewskich. Zamys\u0142em organizator\u00f3w by\u0142o podnoszenie \u015bwiadomo\u015bci na temat tradycji kulinarnych oraz zwyczaj\u00f3w europejskich dwor\u00f3w poprzez warsztaty, zaj\u0119cia plenerowe i konferencje naukowe. Projekt zosta\u0142 zrealizowany w ramach <strong>Europejskiego Roku Dziedzictwa Kulturowego 2018. <\/strong>Ponadto, w ramach <strong><a href=\"http:\/\/www.europeanroyalresidences.eu\/\">Sieci Europejskich Rezydencji Kr\u00f3lewskich<\/a><\/strong>, podobne dzia\u0142ania odbywaj\u0105 si\u0119 w r\u00f3\u017cnych pa\u0142acach kr\u00f3lewskich w ca\u0142ej Europie.<\/p>\n\n\n\n<p class=\" eplus-wrapper\">Rezultaty inicjatywy s\u0105 niezwyk\u0142e: w 2018 r. odby\u0142o si\u0119 ponad 200 warsztat\u00f3w po\u015bwi\u0119conych dziedzictwu kulinarnemu. Obejmowa\u0142y one zaj\u0119cia kulinarne dla wszystkich grup wiekowych, a tak\u017ce warsztaty z historycznego ogrodnictwa i pszczelarstwa. W dzia\u0142aniach organizowanych przez Muzeum Pa\u0142acu Kr\u00f3la Jana III zacie\u015bniaj\u0105cych relacje z lokaln\u0105 spo\u0142eczno\u015bci\u0105 poprzez upowszechnianie wiedzy na temat kulinarnego dziedzictwa Europy udzia\u0142 wzi\u0119\u0142o oko\u0142o 5000 os\u00f3b. W pa\u017adzierniku 2018 r. odby\u0142a si\u0119 r\u00f3wnie\u017c dwudniowa mi\u0119dzynarodowa konferencja zatytu\u0142owana &#8222;The Power of Taste&#8221;. &#8222;Europa przy kr\u00f3lewskim stole&#8221; zgromadzi\u0142a historyk\u00f3w, badaczy \u017cywno\u015bci, kurator\u00f3w muze\u00f3w, szef\u00f3w kuchni i przedstawicieli instytucji promuj\u0105cych \u017cywno\u015b\u0107 tradycyjn\u0105. O kulturowym znaczeniu \u017cywno\u015bci, zar\u00f3wno w przesz\u0142o\u015bci, jak i w tera\u017aniejszo\u015bci dyskutowali zar\u00f3wno dziennikarze kulinarni, jak i producenci \u017cywno\u015bci. Pod okiem szef\u00f3w kuchni i specjalist\u00f3w zorganizowano kulinarne sesje rekonstrukcyjne, podczas kt\u00f3rych zwiedzaj\u0105cy mogli spr\u00f3bowa\u0107 swoich si\u0142 w XVII-XVIII-wiecznych polskich przepisach pochodz\u0105cych z siedmiu ksi\u0105\u017cek kucharskich wydanych przez muzeum w latach poprzednich.<\/p>\n\n\n<div class=\"wp-block-buttons eplus-wrapper is-layout-flex wp-block-buttons-is-layout-flex eplus-styles-uid-517b32\"><div class=\" wp-block-button eplus-wrapper eplus-styles-uid-090dd9\"><a class=\"wp-block-button__link wp-element-button\" href=\"https:\/\/www.wilanow-palac.pl\/historic_culinary_re_enactment_programme.html\" target=\"_blank\" rel=\"noreferrer noopener\">Czytaj wi\u0119cej<\/a><\/div><\/div>\n\n\n<figure class=\"wp-embed-aspect-16-9 wp-has-aspect-ratio wp-block-embed is-type-video is-provider-youtube wp-block-embed-youtube eplus-wrapper\"><div class=\"wp-block-embed__wrapper\">\n<iframe loading=\"lazy\" title=\"A Place at the Royal Table, Warsaw, POLAND\" width=\"500\" height=\"281\" src=\"https:\/\/www.youtube.com\/embed\/G69gnrNO7uI?feature=oembed\" frameborder=\"0\" allow=\"accelerometer; autoplay; clipboard-write; encrypted-media; gyroscope; picture-in-picture; web-share\" referrerpolicy=\"strict-origin-when-cross-origin\" allowfullscreen><\/iframe>\n<\/div><\/figure>\n<\/div><\/div>\n\n<div class=\"wp-block-columns is-not-stacked-on-mobile eplus-wrapper is-layout-flex wp-container-core-columns-is-layout-9d6595d7 wp-block-columns-is-layout-flex eplus-styles-uid-0764dc\"><div class=\"wp-block-column eplus-wrapper is-layout-flow wp-block-column-is-layout-flow eplus-styles-uid-e280e2\" style=\"padding-top:0;padding-right:0;padding-bottom:0;padding-left:0\"><h4 class=\" wp-block-heading eplus-wrapper eplus-styles-uid-ca65a2\">Zabrze<\/h4>\n\n<h5 class=\" wp-block-heading eplus-wrapper eplus-styles-uid-bac4d8\">Kompleks sztolni Kr\u00f3lowa Luiza<\/h5>\n\n<div class=\"wp-block-group alignfull eplus-wrapper is-content-justification-center is-layout-constrained wp-block-group-is-layout-constrained eplus-styles-uid-c47afc\"><figure class=\"is-style-fit-container wp-block-image alignfull size-large lightbox-on eplus-wrapper eplus-styles-uid-475e71\" href=\"https:\/\/heritagehubkrakow.org\/wp-content\/uploads\/2023\/05\/32592039487_f565c51e0c_4k-1024x684.jpg\"><img decoding=\"async\" src=\"https:\/\/heritagehubkrakow.org\/wp-content\/uploads\/2023\/05\/32592039487_f565c51e0c_4k-1024x684.jpg\" alt=\"\" class=\"wp-image-1991\"><\/figure><\/div>\n\n<h5 class=\" wp-block-heading eplus-wrapper eplus-styles-uid-b7770b\">Rok: 2019<\/h5>\n\n<h5 class=\" wp-block-heading eplus-wrapper eplus-styles-uid-b7770b\">Kategoria: Konserwacja<\/h5>\n\n\n<p class=\" eplus-wrapper\">Rewitalizacja kompleksu wydobywczego <strong>Sztolni Kr\u00f3lowa Luiza<\/strong> by\u0142a procesem niezwykle d\u0142ugotrwa\u0142ym. <strong><a href=\"https:\/\/muzeumgornictwa.pl\/\">Muzeum G\u00f3rnictwa W\u0119glowego w Zabrzu<\/a><\/strong>, b\u0119d\u0105ce w\u0142a\u015bcicielem i operatorem kompleksu, zrealizowa\u0142o projekt w \u015bcis\u0142ej wsp\u00f3\u0142pracy z w\u0142adzami lokalnymi i regionalnymi. G\u0142\u00f3wnym celem tego ambitnego projektu by\u0142o zachowanie g\u00f3rniczego dziedzictwa regionu poprzez adaptacj\u0119 i rewitalizacj\u0119 obszaru do cel\u00f3w kulturalnych, edukacyjnych i turystycznych. Projekt zosta\u0142 sfinansowany z dotacji Unii Europejskiej, Gminy Zabrze, Wojew\u00f3dztwa \u015al\u0105skiego, Narodowego Funduszu Ochrony \u015arodowiska oraz ze \u015brodk\u00f3w w\u0142asnych Muzeum G\u00f3rnictwa W\u0119glowego w Zabrzu.<\/p>\n\n\n\n<p class=\" eplus-wrapper\">Kopalnia Kr\u00f3lowa Luiza, otwarta w 1791 roku by\u0142a pierwsz\u0105 prusk\u0105 pa\u0144stwow\u0105 kopalni\u0105 w\u0119gla na G\u00f3rnym \u015al\u0105sku. Dzi\u0119ki jej dzia\u0142alno\u015bci Zabrze z ma\u0142ej osady przekszta\u0142ci\u0142o si\u0119 w du\u017ce miasto. Kopalnia Kr\u00f3lowa Luiza pe\u0142ni wyj\u0105tkowe znaczenie w historii rozwoju przemys\u0142u na \u015al\u0105sku i w Europie. Ogromna infrastruktura pokopalniana zosta\u0142a odrestaurowana i przystosowana do nowych funkcji. Ca\u0142y projekt trwa\u0142 prawie 15 lat. Obejmowa\u0142 on rewitalizacj\u0119 zar\u00f3wno infrastruktury naziemnej, obejmuj\u0105cej oko\u0142o 30 budynk\u00f3w z XIX wieku, jak i konserwacj\u0119 \u0142\u0105cz\u0105cych je pi\u0119ciokilometrowych podziemnych korytarzy. Efektem renowacji kopalni jest wyeliminowanie szkodliwych emisji, kt\u00f3re generowane by\u0142y przez historyczne praktyki g\u00f3rnicze. Dzi\u0119ki temu obiekt jest bezpieczny dla turyst\u00f3w oraz dla prowadzenia dzia\u0142alno\u015bci kulturalnej. Trzy centra przeznaczone dla zwiedzaj\u0105cych, kt\u00f3re po cz\u0119\u015bci zosta\u0142y zaadaptowane z istniej\u0105cych budynk\u00f3w a po cz\u0119\u015bci zbudowane od nowa, zawieraj\u0105 eksponaty interpretacyjne i artefakty, kt\u00f3re ilustruj\u0105 histori\u0119 tego miejsca.<\/p>\n\n\n<div class=\"wp-block-buttons eplus-wrapper is-layout-flex wp-block-buttons-is-layout-flex eplus-styles-uid-517b32\"><div class=\" wp-block-button eplus-wrapper eplus-styles-uid-2a31b3\"><a class=\"wp-block-button__link wp-element-button\" href=\"www.sztolnialuiza.pl\" target=\"_blank\" rel=\"noreferrer noopener\">Czytaj wi\u0119cej<\/a><\/div><\/div>\n\n\n<figure class=\"wp-embed-aspect-16-9 wp-has-aspect-ratio wp-block-embed is-type-video is-provider-youtube wp-block-embed-youtube eplus-wrapper\"><div class=\"wp-block-embed__wrapper\">\n<iframe loading=\"lazy\" title=\"The Queen Louise Adit Complex, Zabrze, POLAND\" width=\"500\" height=\"281\" src=\"https:\/\/www.youtube.com\/embed\/VFQFVlpZ5A8?feature=oembed\" frameborder=\"0\" allow=\"accelerometer; autoplay; clipboard-write; encrypted-media; gyroscope; picture-in-picture; web-share\" referrerpolicy=\"strict-origin-when-cross-origin\" allowfullscreen><\/iframe>\n<\/div><\/figure>\n<\/div><\/div>\n\n<div class=\"wp-block-columns is-not-stacked-on-mobile eplus-wrapper is-layout-flex wp-container-core-columns-is-layout-9d6595d7 wp-block-columns-is-layout-flex eplus-styles-uid-525610\"><div class=\"wp-block-column eplus-wrapper is-layout-flow wp-block-column-is-layout-flow eplus-styles-uid-e280e2\" style=\"padding-top:0;padding-right:0;padding-bottom:0;padding-left:0\"><h4 class=\" wp-block-heading eplus-wrapper eplus-styles-uid-ca65a2\">Gda\u0144sk<\/h4>\n\n<h5 class=\" wp-block-heading eplus-wrapper eplus-styles-uid-bac4d8\">Europejskie Centrum Solidarno\u015bci &#8211; wystawa sta\u0142a<\/h5>\n\n<div class=\"wp-block-group alignfull eplus-wrapper is-content-justification-center is-layout-constrained wp-block-group-is-layout-constrained eplus-styles-uid-c47afc\"><figure class=\"is-style-fit-container wp-block-image alignfull size-large lightbox-on eplus-wrapper eplus-styles-uid-475e71\" href=\"https:\/\/heritagehubkrakow.org\/wp-content\/uploads\/2023\/05\/51185339189_1ab60fcb9d_6k-1024x673.jpg\"><img decoding=\"async\" src=\"https:\/\/heritagehubkrakow.org\/wp-content\/uploads\/2023\/05\/51185339189_1ab60fcb9d_6k-1024x673.jpg\" alt=\"\" class=\"wp-image-1993\"><\/figure><\/div>\n\n<h5 class=\" wp-block-heading eplus-wrapper eplus-styles-uid-b7770b\">Rok: 2021<\/h5>\n\n<h5 class=\" wp-block-heading eplus-wrapper eplus-styles-uid-b7770b\">Kategoria: Edukacja, szkolenia i podnoszenie \u015bwiadomo\u015bci<\/h5>\n\n\n<p class=\" eplus-wrapper\">W sierpniu 1980 r. pracownicy najwi\u0119kszej wsp\u00f3\u0142czesnej stoczni w Polsce rozpocz\u0119li strajk, domagaj\u0105c si\u0119 wi\u0119kszych swob\u00f3d obywatelskich. Po d\u0142ugich negocjacjach mi\u0119dzy strajkuj\u0105cymi a w\u0142adzami podpisano Porozumienie Gda\u0144skie, na mocy kt\u00f3rego powsta\u0142a <em>Solidarno\u015b\u0107<\/em>, pierwszy niezale\u017cny zwi\u0105zek zawodowy w bloku wschodnim. By\u0142 to pocz\u0105tek pokojowej rewolucji, kt\u00f3ra niemal dekad\u0119 p\u00f3\u017aniej zako\u0144czy\u0142a si\u0119 upadkiem komunizmu w Europie Wschodniej i \u015arodkowej. Nowa siedziba <strong>Europejskiego Centrum Solidarno\u015bci [Europejskie Centrum Solidarno\u015bci \u2013 ECS]zosta\u0142a sfinansowana przez <strong>Ministerstwo Kultury i Dziedzictwa Narodowego<\/strong>, <strong>Miasto Gda\u0144sk<\/strong> i <strong>Wojew\u00f3dztwo Pomorskie<\/strong>, a jej wystawa sta\u0142a zosta\u0142a otwarta dla publiczno\u015bci w 2014 roku. Od tego czasu upami\u0119tnia, chroni i zwi\u0119ksza \u015bwiadomo\u015b\u0107 dziedzictwa Solidarno\u015bci zar\u00f3wno w Polsce, jak i w innych krajach. W 2014 r. historyczna Stocznia Gda\u0144ska, miejsce narodzin Solidarno\u015bci, kt\u00f3rej administratorem jest ECS, otrzyma\u0142a <strong><a href=\"https:\/\/culture.ec.europa.eu\/cultural-heritage\/initiatives-and-success-stories\/european-heritage-label\/european-heritage-label-sites\/the-historic-gdansk-shipyard-poland\">Znak Dziedzictwa Europejskiego<\/a><\/strong>podkre\u015blaj\u0105cy znaczenie Solidarno\u015bci w szerszej historii Europy.<\/strong><\/p>\n\n\n\n<p class=\" eplus-wrapper\">Wystawa jest zwie\u0144czeniem interdyscyplinarnego wysi\u0142ku historyk\u00f3w, badaczy spo\u0142ecznych, muzealnik\u00f3w, projektant\u00f3w i in\u017cynier\u00f3w. Opiera si\u0119 na materia\u0142ach uzyskanych od sze\u015b\u0107dziesi\u0119ciu muze\u00f3w, archiw\u00f3w, lokalnych historyk\u00f3w oraz by\u0142ych opozycjonist\u00f3w z ca\u0142ej Europy \u015arodkowej i Wschodniej, w tym Bu\u0142garii, Czech, Estonii, Litwy, \u0141otwy, Rosji, Rumunii, S\u0142owacji, Ukrainy i W\u0119gier. Pozwoli\u0142o to wzbogaci\u0107 wystaw\u0119 i wzmocni\u0107 jej mi\u0119dzynarodowy zasi\u0119g. Sekcja Edukacji ECS zaprasza uczni\u00f3w z r\u00f3\u017cnych \u015brodowisk edukacyjnych, w tym z klas integracyjnych, do udzia\u0142u w warsztatach edukacyjnych promuj\u0105cych zaanga\u017cowanie obywatelskie. Do tej pory wzi\u0119\u0142o w nich udzia\u0142 oko\u0142o 73 000 student\u00f3w. Ponadto zrealizowanych zosta\u0142o ponad 140 &#8222;subiektywnych wycieczek&#8221;, kt\u00f3rym przewodzili \u015bwiadkowie i uczestnicy przedstawionych wydarze\u0144. Znaczenie misji ECS zosta\u0142o podkre\u015blone w 2016 r., kiedy instytucja zosta\u0142a uhonorowana <strong><a href=\"https:\/\/www.europeanforum.museum\/en\/winners\/council-of-europe-museum-prize\/\">Nagrod\u0105 Muzealn\u0105 Rady Europy<\/a><\/strong>. Od 2019 r. Europejskie Centrum Solidarno\u015bci wspiera starania Ministerstwa Kultury i Dziedzictwa Narodowego o wpisanie historycznej Stoczni Gda\u0144skiej na <strong>List\u0119 \u015awiatowego Dziedzictwa UNESCO<\/strong>. Odbywa si\u0119 to poprzez organizowanie debat i wyk\u0142ad\u00f3w oraz prowadzenie dzia\u0142alno\u015bci wydawniczej i edukacyjnej maj\u0105cej na celu dalsze rozpowszechnianie mi\u0119dzynarodowego znaczenia miejsca narodzin Solidarno\u015bci oraz promowanie pokojowego rzecznictwa w zakresie praw cz\u0142owieka i godno\u015bci.<\/p>\n\n\n<div class=\"wp-block-buttons eplus-wrapper is-layout-flex wp-block-buttons-is-layout-flex eplus-styles-uid-517b32\"><div class=\" wp-block-button eplus-wrapper eplus-styles-uid-592969\"><a class=\"wp-block-button__link wp-element-button\" href=\"https:\/\/ecs.gda.pl\/\" target=\"_blank\" rel=\"noreferrer noopener\">Czytaj wi\u0119cej<\/a><\/div><\/div>\n\n\n<figure class=\"wp-embed-aspect-16-9 wp-has-aspect-ratio wp-block-embed is-type-video is-provider-youtube wp-block-embed-youtube eplus-wrapper\"><div class=\"wp-block-embed__wrapper\">\n<iframe loading=\"lazy\" title=\"European Solidarity Centre - Permanent Exhibition, Gda\u0144sk, POLAND\" width=\"500\" height=\"281\" src=\"https:\/\/www.youtube.com\/embed\/0eGwbGHRrhY?feature=oembed\" frameborder=\"0\" allow=\"accelerometer; autoplay; clipboard-write; encrypted-media; gyroscope; picture-in-picture; web-share\" referrerpolicy=\"strict-origin-when-cross-origin\" allowfullscreen><\/iframe>\n<\/div><\/figure>\n\n\n\n<figure class=\"wp-embed-aspect-16-9 wp-has-aspect-ratio wp-block-embed is-type-video is-provider-vimeo wp-block-embed-vimeo eplus-wrapper\"><div class=\"wp-block-embed__wrapper\">\n<iframe loading=\"lazy\" title=\"European Solidarity Centre - Permanent Exhibition, Gda\u0144sk, POLAND\" src=\"https:\/\/player.vimeo.com\/video\/552442490?dnt=1&amp;app_id=122963\" width=\"500\" height=\"281\" frameborder=\"0\" allow=\"autoplay; fullscreen; picture-in-picture; clipboard-write\"><\/iframe>\n<\/div><\/figure>\n<\/div><\/div>\n\n<div class=\"wp-block-columns is-not-stacked-on-mobile eplus-wrapper is-layout-flex wp-container-core-columns-is-layout-9d6595d7 wp-block-columns-is-layout-flex eplus-styles-uid-ed2903\"><div class=\"wp-block-column eplus-wrapper is-layout-flow wp-block-column-is-layout-flow eplus-styles-uid-e280e2\" style=\"padding-top:0;padding-right:0;padding-bottom:0;padding-left:0\"><h4 class=\" wp-block-heading eplus-wrapper eplus-styles-uid-ca65a2\">Z\u0142oty Stok<\/h4>\n\n<h5 class=\" wp-block-heading eplus-wrapper eplus-styles-uid-bac4d8\">El\u017cbieta Szumska<\/h5>\n\n<div class=\"wp-block-group alignfull eplus-wrapper is-content-justification-center is-layout-constrained wp-block-group-is-layout-constrained eplus-styles-uid-c47afc\"><figure class=\"is-style-fit-container wp-block-image alignfull size-large lightbox-on eplus-wrapper eplus-styles-uid-475e71\" href=\"https:\/\/heritagehubkrakow.org\/wp-content\/uploads\/2023\/05\/52164834653_9bfc981f6d_5k-1024x683.jpg\"><img decoding=\"async\" src=\"https:\/\/heritagehubkrakow.org\/wp-content\/uploads\/2023\/05\/52164834653_9bfc981f6d_5k-1024x683.jpg\" alt=\"\" class=\"wp-image-1995\"><\/figure><\/div>\n\n<h5 class=\" wp-block-heading eplus-wrapper eplus-styles-uid-b7770b\">Rok: 2022<\/h5>\n\n<h5 class=\" wp-block-heading eplus-wrapper eplus-styles-uid-b7770b\">Kategoria: Mistrzowie Dziedzictwa<\/h5>\n\n\n<p class=\" eplus-wrapper\">Dzi\u0119ki swojemu niestrudzonemu po\u015bwi\u0119ceniu El\u017cbieta Szumska pomog\u0142a przekszta\u0142ci\u0107 dawn\u0105 <strong>kopalni\u0119 z\u0142ota[Kopalnia Z\u0142ota]<\/strong>, po\u0142o\u017con\u0105 w ma\u0142ym miasteczku Z\u0142oty Stok, w jedn\u0105 z najbardziej znanych atrakcji turystycznych w Polsce. Podziemne Muzeum Kopalni zosta\u0142o otwarte dla zwiedzaj\u0105cych w 1996 roku. El\u017cbieta Szumska zacz\u0119\u0142a tam prac\u0119 w charakterze przewodnika g\u0142\u0119boko doceniaj\u0105c dziedzictwo i histori\u0119 kopalni. W 2001 r. sta\u0142a si\u0119 g\u0142\u00f3wnym udzia\u0142owcem Kopalni i wyruszy\u0142a w d\u0142ug\u0105 i inspiruj\u0105c\u0105 podr\u00f3\u017c odnowy ca\u0142ego obszaru.<\/p>\n\n\n\n<p class=\" eplus-wrapper\">Dzi\u0119ki swoim badaniom El\u017cbieta Szumska odnalaz\u0142a trzy zaginione sztolnie &#8211; wej\u015bcia do kopalni &#8211; kt\u00f3re odrestaurowa\u0142a i udost\u0119pni\u0142a zwiedzaj\u0105cym. W 2014 r. za\u0142o\u017cy\u0142a &#8222;Izb\u0119 Pami\u0119ci&#8221;, muzeum prezentuj\u0105ce tysi\u0105ce przedmiot\u00f3w o warto\u015bci historycznej, kt\u00f3re zosta\u0142o akredytowane przez polskie Ministerstwo Kultury i Dziedzictwa Narodowego. Cz\u0119\u015b\u0107 artefakt\u00f3w odnalaz\u0142a sama El\u017cbieta Szumska, inne przekazali mieszka\u0144cy Z\u0142otego Stoku oraz osoby, kt\u00f3re w okresie powojennym wyjecha\u0142y za granic\u0119. Do najcenniejszych eksponat\u00f3w nale\u017c\u0105 oryginalne z\u0142ote monety pochodz\u0105ce z XVI wieku. Uda\u0142o si\u0119 jej r\u00f3wnie\u017c odnale\u017a\u0107 ostatniego \u017cyj\u0105cego potomka ostatnich niemieckich w\u0142a\u015bcicieli kopalni, 92-letni\u0105 Barbar\u0119 Guttler. Doprowadzi\u0142o to do odkrycia nieznanych wcze\u015bniej historii, pami\u0105tek i fotografii, z kt\u00f3rych ka\u017cda jest bezcenna dla historii miasta.<\/p>\n\n\n\n<p class=\" eplus-wrapper\">Ponadto El\u017cbieta Szumska przyczyni\u0142a si\u0119 &#8211; zar\u00f3wno osobi\u015bcie, jak i finansowo &#8211; do renowacji wielu lokalnych zabytk\u00f3w, wyda\u0142a kilka ksi\u0105\u017cek o historii regionu oraz nawi\u0105za\u0142a owocne kontakty z organizacjami filantropijnymi w Polsce oraz w Niemczech. By\u0142a fundatork\u0105 oraz doradczyni\u0105 m.in. w projektach renowacji kaplicy \u015bw. Tr\u00f3jcy na dawnym cmentarzu niemieckim, kaplicy \u015bw. Anny w G\u00f3rze Krzy\u017cowej oraz mauzoleum rodziny Guttler\u00f3w. Odegra\u0142a r\u00f3wnie\u017c wiod\u0105c\u0105 rol\u0119 w o\u017cywieniu opuszczonego cmentarza niemieckiego, kt\u00f3ry co roku, z okazji 1 listopada, o\u015bwietlany jest tysi\u0105cami \u015bwiec, kt\u00f3rych p\u0142omienie \u015bwiec\u0105 na ka\u017cdym z grob\u00f3w.<\/p>\n\n\n<div class=\"wp-block-buttons eplus-wrapper is-layout-flex wp-block-buttons-is-layout-flex eplus-styles-uid-517b32\"><div class=\" wp-block-button eplus-wrapper eplus-styles-uid-a01858\"><a class=\"wp-block-button__link wp-element-button\" href=\"https:\/\/kopalniazlota.pl\/en\/homepage\/\" target=\"_blank\" rel=\"noreferrer noopener\">Czytaj wi\u0119cej<\/a><\/div><\/div>\n\n\n<figure class=\"wp-embed-aspect-16-9 wp-has-aspect-ratio wp-block-embed is-type-video is-provider-youtube wp-block-embed-youtube eplus-wrapper\"><div class=\"wp-block-embed__wrapper\">\n<iframe loading=\"lazy\" title=\"El\u017cbieta Szumska, Z\u0142oty Stok, POLAND\" width=\"500\" height=\"281\" src=\"https:\/\/www.youtube.com\/embed\/XywpjL9-Jpg?feature=oembed\" frameborder=\"0\" allow=\"accelerometer; autoplay; clipboard-write; encrypted-media; gyroscope; picture-in-picture; web-share\" referrerpolicy=\"strict-origin-when-cross-origin\" allowfullscreen><\/iframe>\n<\/div><\/figure>\n\n\n\n<figure class=\"wp-embed-aspect-16-9 wp-has-aspect-ratio wp-block-embed is-type-video is-provider-vimeo wp-block-embed-vimeo eplus-wrapper\"><div class=\"wp-block-embed__wrapper\">\n<iframe loading=\"lazy\" title=\"El\u017cbieta Szumska, Z\u0142oty Stok, POLAND\" src=\"https:\/\/player.vimeo.com\/video\/738279778?dnt=1&amp;app_id=122963\" width=\"500\" height=\"281\" frameborder=\"0\" allow=\"autoplay; fullscreen; picture-in-picture; clipboard-write\"><\/iframe>\n<\/div><\/figure>\n<\/div><\/div>\n\n<div class=\"wp-block-columns is-not-stacked-on-mobile eplus-wrapper is-layout-flex wp-container-core-columns-is-layout-9d6595d7 wp-block-columns-is-layout-flex eplus-styles-uid-1b3763\"><div class=\"wp-block-column eplus-wrapper is-layout-flow wp-block-column-is-layout-flow eplus-styles-uid-e280e2\" style=\"padding-top:0;padding-right:0;padding-bottom:0;padding-left:0\"><h4 class=\" wp-block-heading eplus-wrapper eplus-styles-uid-ca65a2\">Warszawa<\/h4>\n\n<h5 class=\" wp-block-heading eplus-wrapper eplus-styles-uid-bac4d8\">Festiwal \u017bydowskiego Jedzenia TISH<\/h5>\n\n<div class=\"wp-block-group alignfull eplus-wrapper is-content-justification-center is-layout-constrained wp-block-group-is-layout-constrained eplus-styles-uid-c47afc\"><figure class=\"is-style-fit-container wp-block-image alignfull size-large lightbox-on eplus-wrapper eplus-styles-uid-475e71\" href=\"https:\/\/heritagehubkrakow.org\/wp-content\/uploads\/2023\/05\/52163764652_7e6a1e086e_5k-1024x683.jpg\"><img decoding=\"async\" src=\"https:\/\/heritagehubkrakow.org\/wp-content\/uploads\/2023\/05\/52163764652_7e6a1e086e_5k-1024x683.jpg\" alt=\"\" class=\"wp-image-1997\"><\/figure><\/div>\n\n<h5 class=\" wp-block-heading eplus-wrapper eplus-styles-uid-b7770b\">Rok: 2022<\/h5>\n\n<h5 class=\" wp-block-heading eplus-wrapper eplus-styles-uid-b7770b\">Kategoria: Edukacja, szkolenia oraz zdobywanie umiej\u0119tno\u015bci<\/h5>\n\n\n<p class=\" eplus-wrapper\"><strong>Festiwal \u017bydowskiego Jedzenia TISH<\/strong> to wyj\u0105tkowe wydarzenie, kt\u00f3re prezentuje kultur\u0119 i histori\u0119 polskich \u017byd\u00f3w poprzez celebracj\u0119 \u017cydowskiego dziedzictwa kulinarnego. Podczas Festiwalu, organizowanego przez <strong><a href=\"https:\/\/www.polin.pl\/en\">Muzeum POLIN<\/a><\/strong>, jedzenie wykorzystywane jest jako narz\u0119dzie umo\u017cliwiaj\u0105ce uczestnikom rozmow\u0119 o wsp\u00f3lnej historii oraz pomagaj\u0105ce zwalcza\u0107 stereotypy i prze\u0142amywa\u0107 bariery. Dwie pierwsze edycje Festiwalu, w 2018 i 2019 roku, sfinansowane zosta\u0142y przez <strong><a href=\"https:\/\/szih.org.pl\/en\/strona-glowna-en-translation\/\">Stowarzyszenie \u017bydowski Instytut Historyczny w Polsce<\/a><\/strong> oraz przez <strong>darczy\u0144c\u00f3w<\/strong>. W 2020 i 2021 r. Muzeum otrzyma\u0142o dotacje z <strong>Holenderskiego \u017bydowskiego Funduszu Humanitarnego<\/strong> oraz <strong>Ambasady Holandii<\/strong> i <strong>Ambasady Izraela<\/strong>.<\/p>\n\n\n\n<p class=\" eplus-wrapper\">Kompleksowe badania prowadzone w ca\u0142ej Europie obejmowa\u0142y wieloaspektow\u0105 analiz\u0119 por\u00f3wnawcz\u0105 uwzgl\u0119dniaj\u0105c\u0105 kwestie funkcjonalne, przestrzenne i architektoniczne 283 miejsc (r\u00f3\u017cnych miast zak\u0142adowych po\u015bwi\u0119conych produkcji tekstyli\u00f3w). Nale\u017cy podkre\u015bli\u0107, \u017ce badania nie ogranicza\u0142y si\u0119 jedynie do polskich osi\u0105gni\u0119\u0107 w kontek\u015bcie europejskim, ale uwzgl\u0119dnia\u0142y r\u00f3wnie\u017c szersz\u0105, mi\u0119dzynarodow\u0105 panoram\u0119 kompleks\u00f3w przemys\u0142owych. Wyniki tych bada\u0144 mog\u0105 przyczyni\u0107 si\u0119 do zwi\u0119kszenia wiedzy, lepszego zrozumienia, a w konsekwencji lepszej ochrony i regeneracji miast zak\u0142adowych.<\/p>\n\n\n<div class=\"wp-block-buttons eplus-wrapper is-layout-flex wp-block-buttons-is-layout-flex eplus-styles-uid-517b32\"><div class=\" wp-block-button eplus-wrapper eplus-styles-uid-c75b39\"><a class=\"wp-block-button__link wp-element-button\" href=\"https:\/\/www.polin.pl\/en\/tishfestival\" target=\"_blank\" rel=\"noreferrer noopener\">Czytaj wi\u0119cej<\/a><\/div><\/div>\n\n\n<figure class=\"wp-embed-aspect-16-9 wp-has-aspect-ratio wp-block-embed is-type-video is-provider-youtube wp-block-embed-youtube eplus-wrapper\"><div class=\"wp-block-embed__wrapper\">\n<iframe loading=\"lazy\" title=\"TISH Jewish Food Festival, Warsaw, POLAND\" width=\"500\" height=\"281\" src=\"https:\/\/www.youtube.com\/embed\/ZqwqW-ZD26U?feature=oembed\" frameborder=\"0\" allow=\"accelerometer; autoplay; clipboard-write; encrypted-media; gyroscope; picture-in-picture; web-share\" referrerpolicy=\"strict-origin-when-cross-origin\" allowfullscreen><\/iframe>\n<\/div><\/figure>\n\n\n\n<figure class=\"wp-embed-aspect-16-9 wp-has-aspect-ratio wp-block-embed is-type-video is-provider-vimeo wp-block-embed-vimeo eplus-wrapper\"><div class=\"wp-block-embed__wrapper\">\n<iframe loading=\"lazy\" title=\"TISH Jewish Food Festival, Warsaw, POLAND\" src=\"https:\/\/player.vimeo.com\/video\/738266602?dnt=1&amp;app_id=122963\" width=\"500\" height=\"281\" frameborder=\"0\" allow=\"autoplay; fullscreen; picture-in-picture; clipboard-write\"><\/iframe>\n<\/div><\/figure>\n<\/div><\/div>\n\n\n<div style=\"height:24px\" aria-hidden=\"true\" class=\" wp-block-spacer eplus-wrapper\"><\/div>\n\n\n\n<p class=\" eplus-wrapper\"><strong>Polska | W\u0142ochy | Cypr | Wielka Brytania<\/strong><\/p>\n\n\n\n<p class=\" eplus-wrapper\"><strong>| Projekt mi\u0119dzynarodowy<\/strong><\/p>\n\n\n\n<p class=\" eplus-wrapper\"><strong>Mo\u017cliwo\u015bci dziedzictwa w ramach mega-wydarze\u0144 w Europie (HOMEE)<\/strong><\/p>\n\n\n\n<p class=\" has-text-align-center eplus-wrapper\"><img decoding=\"async\" class=\"wp-image-4660\" style=\"width: 1200px;\" src=\"https:\/\/heritagehubkrakow.org\/wp-content\/uploads\/2023\/02\/52161516647_5d08902972_o-scaled.jpg\" alt=\"\"><\/p>\n\n\n\n<p class=\" eplus-wrapper\"><strong>Rok: 2022<\/strong><\/p>\n\n\n\n<p class=\" eplus-wrapper\"><strong>Kategoria: Badania<\/strong><\/p>\n\n\n\n<p class=\" eplus-wrapper\">Projekt HOMEE zintegrowa\u0142 wiod\u0105ce o\u015brodki badawcze zajmuj\u0105ce si\u0119 ochron\u0105 dziedzictwa kulturowego i planowaniem mega-event\u00f3w by zbada\u0107 w jaki spos\u00f3b miasta wykorzystuj\u0105 tego typu wydarzenia do wspierania rozwoju gospodarczego. Projekt, finansowany przez <strong>Europejsk\u0105 Inicjatyw\u0119 Wsp\u00f3lnego Planowania na rzecz Dziedzictwa Kulturowego<\/strong>, zaanga\u017cowa\u0142 kluczowe instytucje i urz\u0119dnik\u00f3w specjalizuj\u0105cych si\u0119 w polityce dotycz\u0105cej dziedzictwa kulturowego oraz w planowaniu i wdra\u017caniu mega-wydarze\u0144 w Europie. W jego ramach opracowano Kart\u0119 megawydarze\u0144 w miastach bogatych w dziedzictwo maj\u0105c\u0105 na celu pomoc decydentom i podmiotom odpowiedzialnym za dziedzictwo stawi\u0107 czo\u0142a pojawiaj\u0105cym si\u0119 wyzwaniom.<\/p>\n\n\n\n<p class=\" eplus-wrapper\">Zrealizowany zosta\u0142 wsp\u00f3lnie przez naukowc\u00f3w z <strong>Politechniki Mediola\u0144skiej<\/strong> (W\u0142ochy), <strong>Uniwersytetu w Hull<\/strong> (Wielka Brytania), <strong>Uniwersytetu Neapolis w Pafos <\/strong> (Cypr) i <strong>Mi\u0119dzynarodowego Centrum Kultury w Krakowie <\/strong> (Polska). W projekcie uczestniczy\u0142o \u0142\u0105cznie 16 partner\u00f3w stowarzyszonych, w tym krajowe i lokalne instytucje oraz organizacje non-profit zajmuj\u0105ce si\u0119 dziedzictwem i mega-wydarzeniami z ca\u0142ej Europy, takie jak <strong>Italian Ministry for Cultural Heritage and the Arts<\/strong>, <strong>UK Heritage Lottery Fund<\/strong>, <strong>Narodowy Instytut Dziedzictwa w Polsce<\/strong>, <strong>Matera-Basilicata 2019 ECoC Foundation<\/strong>, <strong>City of Milan<\/strong>, <strong>District of Pafos<\/strong>, <strong>ENCATC<\/strong>oraz<strong>University Network of the European Capitals of Culture (UNeECC)<\/strong>.<\/p>\n\n\n\n<p class=\" eplus-wrapper\">W przesz\u0142o\u015bci wiele miast wykorzystywa\u0142o wielkie wydarzenia do wspierania realizacji swoich projekt\u00f3w inwestycyjnych, rozwijania turystyki czy budowania konkurencyjno\u015bci. Jeszcze do niedawna nacisk k\u0142adziono przede wszystkim na tworzenie nowej infrastruktury sportowej lub kulturalnej, gdzie przedsi\u0119wzi\u0119cia mia\u0142aby si\u0119 odbywa\u0107. Dzi\u015b w wi\u0119kszym stopniu organizatorzy mega event\u00f3w stawiaj\u0105 na wykorzystanie ju\u017c istniej\u0105cych obiekt\u00f3w, ich rewitalizacj\u0119 b\u0105d\u017a ewentualn\u0105 adaptacj\u0119 do nowych potrzeb. Dla miast historycznych, bogatych w zasoby dziedzictwa ta zmiana (spowodowana z jednej strony ci\u0119ciami w bud\u017cetach miast, a z drugiej ni\u017cszym tempem ekspansji miast) stanowi tak szanse rozwoju, jak i zagro\u017cenia dla posiadanych zasob\u00f3w dziedzictwa.<\/p>\n\n\n\n<p class=\" eplus-wrapper\">Projekt HOMEE pozwala na zdobycie nowej, znacz\u0105cej wiedzy na temat przeci\u0119cia si\u0119 planowania megawydarze\u0144 z dziedzictwem kulturowym. G\u0142\u00f3wne rezultaty projektu obejmuj\u0105: przegl\u0105d najnowocze\u015bniejszej literatury dotycz\u0105cej powi\u0105za\u0144 mi\u0119dzy dziedzictwem kulturowym a megawydarzeniami; publikacj\u0119 zatytu\u0142owana \u201eMega-wydarzenia i dziedzictwo: do\u015bwiadczenie pi\u0119ciu miast europejskich\u201d, kt\u00f3ra dokumentuje studia przypadk\u00f3w pi\u0119ciu megawydarze\u0144 w miastach bogatych w dziedzictwo (Mediolan 2015, Genua 2004, Hull 2017, Pafos 2017, Wroc\u0142aw 2016); raporty \u201eDziedzictwo miejskie i megawydarzenia: przypadek Europejskiej Stolicy Kultury Matera-Bazylikata 2019\u201d; \u201eWydarzenia w obliczu pandemii Covid-19: Dowody z Europy\u201d; wydanie specjalne \u201eMega-wydarzenia kulturalne i dziedzictwo kulturowe: wyzwania dla miast europejskich\u201d opublikowane przez czasopismo European Planning Studies w marcu 2022 r.; oraz Kart\u0119 Mega-wydarze\u0144 w miastach bogatych w dziedzictwo.<\/p>\n\n\n\n<div class=\"wp-block-buttons eplus-wrapper is-layout-flex wp-block-buttons-is-layout-flex\"><div class=\" wp-block-button eplus-wrapper eplus-styles-uid-5aa24f\"><a class=\"wp-block-button__link wp-element-button\" href=\"https:\/\/mck.krakow.pl\/homee-about-the-project\" target=\"_blank\" rel=\"noreferrer noopener\">Czytaj wi\u0119cej<\/a><\/div><\/div>\n\n\n\n<div style=\"height:39px\" aria-hidden=\"true\" class=\" wp-block-spacer eplus-wrapper\"><\/div>\n\n\n\n<figure class=\"wp-embed-aspect-16-9 wp-has-aspect-ratio wp-block-embed aligncenter is-type-video is-provider-vimeo wp-block-embed-vimeo eplus-wrapper\"><div class=\"wp-block-embed__wrapper\">\n<iframe loading=\"lazy\" src=\"https:\/\/player.vimeo.com\/video\/738234802?dnt=1&amp;app_id=122963\" width=\"500\" height=\"281\" frameborder=\"0\" allow=\"autoplay; fullscreen; picture-in-picture; clipboard-write\"><\/iframe>\n<\/div><\/figure>\n<\/div>\n\n\n\n<figure class=\"wp-embed-aspect-16-9 wp-has-aspect-ratio wp-block-embed aligncenter is-type-video is-provider-youtube wp-block-embed-youtube eplus-wrapper\"><div class=\"wp-block-embed__wrapper\">\n<iframe loading=\"lazy\" title=\"Heritage Opportunities\/threats within Mega-Events in Europe (HOMEE), CYPRUS \/ ITALY \/ POLAND \/ UK\" width=\"500\" height=\"281\" src=\"https:\/\/www.youtube.com\/embed\/HaS-XPWPSbo?feature=oembed\" frameborder=\"0\" allow=\"accelerometer; autoplay; clipboard-write; encrypted-media; gyroscope; picture-in-picture; web-share\" referrerpolicy=\"strict-origin-when-cross-origin\" allowfullscreen><\/iframe>\n<\/div><\/figure>\n\n\n\n<p class=\" eplus-wrapper\"><\/p>\n\n\n\n<p class=\" eplus-wrapper\"><\/p>\n\n\n\n<div style=\"height:22px\" aria-hidden=\"true\" class=\" wp-block-spacer eplus-wrapper\"><\/div>\n\n\n\n<p class=\" eplus-wrapper\"><strong>Hiszpania | Francja | Niemcy | W\u0142ochy | Polska | S\u0142owenia<\/strong><\/p>\n\n\n\n<p class=\" eplus-wrapper\"><strong>| Projekt mi\u0119dzynarodowy<\/strong><\/p>\n\n\n\n<p class=\" eplus-wrapper\"><strong>SILKNOW<\/strong><\/p>\n\n\n\n<p class=\" has-text-align-center eplus-wrapper\"><img decoding=\"async\" class=\"wp-image-4663\" style=\"width: 1200px;\" src=\"https:\/\/heritagehubkrakow.org\/wp-content\/uploads\/2023\/02\/52162548296_30d9cffce8_o-scaled.jpg\" alt=\"\"><\/p>\n\n\n\n<p class=\" eplus-wrapper\"><strong>Rok: 2022<\/strong><\/p>\n\n\n\n<p class=\" eplus-wrapper\"><strong>Kategoria: Badania<\/strong><\/p>\n\n\n\n<p class=\" eplus-wrapper\">SILKNOW to projekt realizowany w ramach programu <strong>\u201eHoryzont 2020\u201d<\/strong>, dzi\u0119ki kt\u00f3remu stworzono inteligentny, wykraczaj\u0105cy poza obecne technologie system obliczeniowy maj\u0105cy na celu pog\u0142\u0119bienie wiedzy na temat europejskiego dziedzictwa jedwabiu. By zaspokoi\u0107 potrzeby u\u017cytkownik\u00f3w z r\u00f3\u017cnych dziedzin, takich jak muzea, edukacja, turystyka, przemys\u0142 kulturalny i kreatywny, w projekcie zastosowano nowej generacji badania ICT (z zakresu technologii informacyjno-komunikacyjnych).<\/p>\n\n\n\n<p class=\" eplus-wrapper\">SILKNOW wykorzystuj\u0105c istniej\u0105ce wcze\u015bniej cyfrowe informacje o jedwabiu do bada\u0144, prezentacji i konserwacji cyfrowych kolekcji jedwabiu, pomaga chroni\u0107 niematerialne dziedzictwo staro\u017cytnych technik tkackich. U\u017cytkownicy mog\u0105 uzyska\u0107 dost\u0119p do zbior\u00f3w za po\u015brednictwem eksploracyjnej wyszukiwarki, map czasoprzestrzennych oraz wizualnych i namacalnych symulacji 3D. Takie szerokie podej\u015bcie mo\u017cliwe jest dzi\u0119ki \u015bcis\u0142ej wsp\u00f3\u0142pracy multidyscyplinarnego zespo\u0142u o szerokim zakresie wiedzy specjalistycznej.<\/p>\n\n\n\n<p class=\" eplus-wrapper\">Zgromadzone dane przeanalizowano i przetworzono przy u\u017cyciu zaawansowanej analizy tekstu i technik g\u0142\u0119bokiego uczenia si\u0119 opartych na obrazach ujednolicaj\u0105cych ich tre\u015bci, automatycznego pobierania informacji semantycznych, uzupe\u0142niania s\u0142abo oznakowanych danych i t\u0142umaczenia tekstu na cztery j\u0119zyki. Dost\u0119p do danych jest otwarty. Przeszukiwa\u0107 je mo\u017ce ka\u017cdy, dzi\u0119ki czemu informacje s\u0105 \u0142atwe do znalezienia i dost\u0119pne.<\/p>\n\n\n\n<p class=\" eplus-wrapper\">Jednym z najwa\u017cniejszych efekt\u00f3w projektu jest wieloj\u0119zyczny tezaurus umo\u017cliwiaj\u0105cy u\u017cytkownikom u\u017cywanie w wyszukiwanych has\u0142ach lokalnych termin\u00f3w i wyra\u017ce\u0144, pomagaj\u0105c w ich ujednoliceniu. Kolejny to Virtual Loom, prze\u0142omowe narz\u0119dzie, kt\u00f3re tworzy tr\u00f3jwymiarowe reprezentacje tkanin na poziomie prz\u0119dzy i zachowuje historyczne techniki tkackie, z kt\u00f3rych wi\u0119kszo\u015b\u0107 jest znana jedynie rzemie\u015blnikom, kt\u00f3rzy zazwyczaj przekazuj\u0105 swoj\u0105 wiedz\u0119 ustnie. ADASilk (Advanced Data Analysis for Silk Heritage) natomiast \u0142\u0105czy w sobie eksploracyjn\u0105 wyszukiwark\u0119 oraz map\u0119 przestrzenno-czasow\u0105 zbudowan\u0105 na podstawie wykresu wiedzy SILKNOW zawieraj\u0105cego prawie 40 000 wpis\u00f3w dotycz\u0105cych tkanin wraz z obrazami oraz ich opisami. Dodatkowo opracowano specjalny zestaw materia\u0142\u00f3w edukacyjnych La Ruta de la Seda, dzi\u0119ki kt\u00f3rym podczas nauki na temat historii jedwabiu w Europie u\u017cytkownicy mog\u0105 jednocze\u015bnie uczy\u0107 si\u0119 j\u0119zyka hiszpa\u0144skiego.<\/p>\n\n\n\n<div class=\"wp-block-buttons eplus-wrapper is-layout-flex wp-block-buttons-is-layout-flex\"><div class=\" wp-block-button eplus-wrapper eplus-styles-uid-58eee7\"><a class=\"wp-block-button__link wp-element-button\" href=\"https:\/\/www.silknow.eu\/\" target=\"_blank\" rel=\"noreferrer noopener\">Czytaj wi\u0119cej<\/a><\/div><\/div>\n\n\n\n<div style=\"height:39px\" aria-hidden=\"true\" class=\" wp-block-spacer eplus-wrapper\"><\/div>\n\n\n\n<figure class=\"wp-embed-aspect-16-9 wp-has-aspect-ratio wp-block-embed is-type-video is-provider-vimeo wp-block-embed-vimeo eplus-wrapper\"><div class=\"wp-block-embed__wrapper\">\n<iframe loading=\"lazy\" title=\"SILKNOW, FRANCE \/ GERMANY \/ ITALY \/ POLAND \/ SLOVENIA \/ SPAIN\" src=\"https:\/\/player.vimeo.com\/video\/738247304?dnt=1&amp;app_id=122963\" width=\"500\" height=\"281\" frameborder=\"0\" allow=\"autoplay; fullscreen; picture-in-picture; clipboard-write\"><\/iframe>\n<\/div><\/figure>\n<\/div>\n\n\n<p class=\" eplus-wrapper\"><strong>Krak\u00f3w<\/strong><\/p>\n\n\n\n<p class=\" eplus-wrapper\"><strong>O\u0142tarz Wita Stwosza w Bazylice Mariackiej<\/strong><\/p>\n\n\n\n<p class=\" has-text-align-center eplus-wrapper\"><img decoding=\"async\" class=\"wp-image-2362\" style=\"width: 1200px;\" src=\"https:\/\/heritagehubkrakow.org\/wp-content\/uploads\/2023\/06\/52927441709_d29deb508f_k.jpg\" alt=\"\"><\/p>\n\n\n\n<p class=\" eplus-wrapper\"><strong>Rok: 2023<\/strong><\/p>\n\n\n\n<p class=\" eplus-wrapper\"><strong>Kategoria: Konserwacja, adaptacyjne i ponowne wykorzystanie<\/strong><\/p>\n\n\n\n<p class=\" eplus-wrapper\">Wyrze\u017abiony w latach 1477\u20131489 przez przyby\u0142ego z Norymbergii artyst\u0119 o\u0142tarz jest powszechnie uznawany za arcydzie\u0142o sztuki gotyckiej. Jego drobiazgowa konserwacja, oparta na pog\u0142\u0119bionych badaniach, by\u0142a prowadzona <em>in situ<\/em> przez ponad 1000 dni i anga\u017cowa\u0142a zesp\u00f3\u0142 najlepszych specjalist\u00f3w z ca\u0142ej Europy.<\/p>\n\n\n\n<p class=\" eplus-wrapper\">Projekt zosta\u0142 dofinansowany przez <strong>Spo\u0142eczny Komitet Odnowy Zabytk\u00f3w Krakowa (SKOZK)<\/strong>, <strong>Ministerstwo Kultury i Dziedzictwa Narodowego<\/strong>, <strong>Urz\u0105d Miasta Krakowa<\/strong> oraz <strong>Parafi\u0119 Wniebowzi\u0119cia Naj\u015bwi\u0119tszej Maryi Panny<\/strong>.<\/p>\n\n\n\n<p class=\" eplus-wrapper\">O\u0142tarz Mariacki, kt\u00f3ry powstawa\u0142 przez 12 lat, jest dzisiaj najwi\u0119kszym zachowanym p\u00f3\u017anogotyckim retabulum szafiastym. Jego pierwotne wymiary to 18 metr\u00f3w wysoko\u015bci i 11 szeroko\u015bci. Bohaterk\u0105 o\u0142tarza jest Maria, patronka ko\u015bcio\u0142a. Po\u015brodku postacie wysokie na niemal 3 metry charakteryzuje realizm, dynamika uk\u0142adu cia\u0142a i ekspresja, z jak\u0105 przedstawione zosta\u0142y draperie. Za modeli pos\u0142u\u017cyli Witowi Stwoszowi mieszka\u0144cy \u015bredniowiecznego Krakowa \u2013 przedstawieni w naturalistyczny spos\u00f3b z r\u00f3\u017cnymi u\u0142omno\u015bciami i defektami. O\u0142tarz jest z\u0142o\u017conym wyk\u0142adem teologicznym, arcydzie\u0142em sztuki rze\u017abiarskiej i dokumentacj\u0105 epoki, w kt\u00f3rej powsta\u0142. Do dzi\u015b jest \u017ar\u00f3d\u0142em wiedzy o kulturze, obyczajach i historii miasta, kluczem do zrozumienia jego mieszka\u0144c\u00f3w, ich wyobra\u017ce\u0144 oraz religijno\u015bci.<\/p>\n\n\n\n<p class=\" eplus-wrapper\">Konserwacja przeprowadzona przez ekspert\u00f3w z <strong>Akademii Sztuk Pi\u0119knych w Krakowie<\/strong> obj\u0119\u0142a pe\u0142ne spektrum mo\u017cliwo\u015bci naukowych. Drewno struktury o\u0142tarza zosta\u0142o skonsolidowane, wszelkie ubytki zosta\u0142y uzupe\u0142nione zgodnie z poszanowaniem pierwotnie zastosowanych technologii. Usuni\u0119to p\u00f3\u017aniejsze przemalowania polichromii, skorygowano uk\u0142ad poszczeg\u00f3lnych element\u00f3w takich jak: anio\u0142y, gloria i mikroarchitektura na korpusie oraz predelli. W rezultacie prac ods\u0142oni\u0119to pierwotn\u0105, gotyck\u0105 karnacj\u0119 postaci i obramowa\u0144, co aktualnie przybli\u017ca odbiorc\u00f3w do oryginalnych zamys\u0142\u00f3w pracowni mistrza. Badania i analizy pos\u0142u\u017cy\u0142y r\u00f3wnie\u017c do opracowania wytycznych dotycz\u0105cych zapobiegania po\u017carom i ewakuacji.<\/p>\n\n\n\n<p class=\" eplus-wrapper\">Istotnym elementem projektu by\u0142y szeroko zakrojone konsultacje mi\u0119dzynarodowe, w kt\u00f3rych uczestniczyli znawcy konserwacji rze\u017aby gotyckiej z Polski i Europy, kt\u00f3rzy wymieniali si\u0119 wiedz\u0105 i pomys\u0142ami, co zaowocowa\u0142o wieloma nowymi odkryciami.<\/p>\n\n\n<div class=\"wp-block-group alignfull eplus-wrapper is-layout-constrained wp-block-group-is-layout-constrained eplus-styles-uid-24f6f4\">\n<div class=\"wp-block-group eplus-wrapper is-layout-constrained wp-block-group-is-layout-constrained\">\n<div class=\"wp-block-buttons eplus-wrapper is-layout-flex wp-block-buttons-is-layout-flex\"><div class=\" wp-block-button eplus-wrapper eplus-styles-uid-3b50f7\"><a class=\"wp-block-button__link wp-element-button\" href=\"https:\/\/mariacki.com\/en\/\" target=\"_blank\" rel=\"noreferrer noopener\">Czytaj wi\u0119cej<\/a><\/div><\/div>\n\n\n\n<div style=\"height:39px\" aria-hidden=\"true\" class=\" wp-block-spacer eplus-wrapper\"><\/div>\n\n\n\n<figure class=\"wp-embed-aspect-16-9 wp-has-aspect-ratio wp-block-embed aligncenter is-type-video is-provider-vimeo wp-block-embed-vimeo eplus-wrapper\"><div class=\"wp-block-embed__wrapper\">\n<iframe loading=\"lazy\" title=\"Wit Stwosz Altarpiece in St. Mary\u2019s Basilica, Krak\u00f3w, POLAND\" src=\"https:\/\/player.vimeo.com\/video\/833949332?dnt=1&amp;app_id=122963\" width=\"500\" height=\"281\" frameborder=\"0\" allow=\"autoplay; fullscreen; picture-in-picture; clipboard-write\"><\/iframe>\n<\/div><\/figure>\n\n\n\n<p class=\" eplus-wrapper\"><\/p>\n\n\n\n<p class=\" eplus-wrapper\"><\/p>\n\n\n<div class=\"wp-block-columns is-not-stacked-on-mobile eplus-wrapper is-layout-flex wp-container-core-columns-is-layout-9d6595d7 wp-block-columns-is-layout-flex eplus-styles-uid-a9203a\"><div class=\"wp-block-column eplus-wrapper is-layout-flow wp-block-column-is-layout-flow eplus-styles-uid-e280e2\" style=\"padding-top:0;padding-right:0;padding-bottom:0;padding-left:0\"><h4 class=\" wp-block-heading eplus-wrapper eplus-styles-uid-ca65a2\">Rybnik<\/h4>\n\n<h4 class=\" wp-block-heading eplus-wrapper eplus-styles-uid-ca65a2\">Zabytkowa Kopalnia Ignacy<\/h4>\n\n\n<p class=\" has-text-align-center eplus-wrapper\"><img decoding=\"async\" class=\"wp-image-5059\" style=\"width: 1200px;\" src=\"https:\/\/heritagehubkrakow.org\/wp-content\/uploads\/2023\/02\/53709576425_32c1ab8943_o.png\" alt=\"\"><\/p>\n\n\n<h4 class=\" wp-block-heading eplus-wrapper eplus-styles-uid-ca65a2\">Rok: 2024<\/h4>\n\n<h4 class=\" wp-block-heading eplus-wrapper eplus-styles-uid-ca65a2\">Kategoria: Konserwacja, adaptacyjne i ponowne wykorzystanie<\/h4>\n\n\n<p class=\" eplus-wrapper\">To wyj\u0105tkowy projekt renowacyjny na terenie dawnej kopalni w\u0119gla kamiennego, jednej z najstarszych w Polsce, za\u0142o\u017conej w 1792 roku. Dzi\u0119ki wsp\u00f3lnym wysi\u0142kom by\u0142ych g\u00f3rnik\u00f3w, <strong>miasta Rybnik<\/strong>, <strong>pa\u0144stwa polskiego<\/strong> i <strong>funduszy unijnych<\/strong>, kompleks zamkni\u0119ty w latach 2006\u20132008 zosta\u0142 ostatecznie zachowany i zaadaptowany dla cel\u00f3w centrum kulturalno-rekreacyjnego. <\/p>\n\n\n\n<p class=\" eplus-wrapper\">Restauracja kopalni rozpocz\u0119\u0142a si\u0119 w 2018 roku. Przy\u015bwieca\u0142y jej trzy g\u0142\u00f3wne cele. Po pierwsze, zachowano g\u0142\u00f3wny kompleks i jego unikalne wyposa\u017cenie. Wykonane prace obj\u0119\u0142y kompleksow\u0105 renowacj\u0119 istniej\u0105cej struktury budynk\u00f3w oraz modernizacj\u0119 instalacji sanitarnej i elektrycznej, aby dostosowa\u0107 miejsce do nowych funkcji. Zbudowano budynek \u0142\u0105cz\u0105cy jako wej\u015bcie do kompleksu z recepcj\u0105 i punktem informacyjnym. Najbardziej niezwyk\u0142\u0105 cz\u0119\u015bci\u0105 by\u0142a renowacja stuletniej maszyny parowej, kt\u00f3ra teraz dzia\u0142a pe\u0142n\u0105 moc\u0105.<\/p>\n\n\n\n<p class=\" eplus-wrapper\">Ponadto projekt mia\u0142 r\u00f3wnie\u017c na celu stworzenie przestrzeni do zaanga\u017cowania spo\u0142ecznego i rekreacji. Budynek dawnej elektrowni, przekszta\u0142cony w sal\u0119 spotka\u0144, s\u0142u\u017cy obecnie jako miejsce spotka\u0144 spo\u0142eczno\u015bci lokalnej, w tym stowarzysze\u0144 emerytowanych g\u00f3rnik\u00f3w. Projekt mia\u0142 znacz\u0105cy wp\u0142yw spo\u0142eczny na otaczaj\u0105c\u0105 spo\u0142eczno\u015b\u0107.<\/p>\n\n\n\n<p class=\" eplus-wrapper\">Wreszcie, projekt otworzy\u0142 Zabytkow\u0105 Kopalni\u0119 Ignacy dla turyst\u00f3w. Zwiedzaj\u0105cy mog\u0105 teraz odkrywa\u0107 interaktywn\u0105 wystaw\u0119 mieszcz\u0105c\u0105 si\u0119 w budynkach szybu Ko\u015bciuszko, zag\u0142\u0119biaj\u0105c si\u0119 w korzenie rewolucji przemys\u0142owej i znaczenie wynalazk\u00f3w, takich jak maszyna parowa, w kszta\u0142towaniu globalnego wp\u0142ywu Europy.<\/p>\n\n\n\n<div class=\"wp-block-buttons eplus-wrapper is-layout-flex wp-block-buttons-is-layout-flex\"><div class=\" wp-block-button eplus-wrapper eplus-styles-uid-43aac0\"><a class=\"wp-block-button__link wp-element-button\" href=\"https:\/\/www.kopalniaignacy.pl\/en\/\" target=\"_blank\" rel=\"noreferrer noopener\">Czytaj wi\u0119cej<\/a><\/div><\/div>\n\n\n\n<div style=\"height:40px\" aria-hidden=\"true\" class=\" wp-block-spacer eplus-wrapper\"><\/div>\n\n\n\n<figure class=\"wp-embed-aspect-16-9 wp-has-aspect-ratio wp-block-embed alignfull is-type-video is-provider-vimeo wp-block-embed-vimeo eplus-wrapper\"><div class=\"wp-block-embed__wrapper\">\n<iframe loading=\"lazy\" title=\"Ignacy Historic Mine, Rybnik, POLAND\" src=\"https:\/\/player.vimeo.com\/video\/948638574?dnt=1&amp;app_id=122963\" width=\"500\" height=\"281\" frameborder=\"0\" allow=\"autoplay; fullscreen; picture-in-picture; clipboard-write\"><\/iframe>\n<\/div><\/figure>\n\n\n<h4 class=\" wp-block-heading eplus-wrapper eplus-styles-uid-ca65a2\">Cieszyn<\/h4>\n\n<h4 class=\" wp-block-heading eplus-wrapper eplus-styles-uid-ca65a2\">Model rewitalizacji rzemios\u0142a Serfenta<\/h4>\n\n\n<p class=\" has-text-align-center eplus-wrapper\"><img decoding=\"async\" class=\"wp-image-5061\" style=\"width: 1200px;\" src=\"https:\/\/heritagehubkrakow.org\/wp-content\/uploads\/2023\/02\/53709437858_2a66bf06fa_o.jpg\" alt=\"\"><\/p>\n\n\n<h4 class=\" wp-block-heading eplus-wrapper eplus-styles-uid-ca65a2\">Rok: 2024<\/h4>\n\n<h4 class=\" wp-block-heading eplus-wrapper eplus-styles-uid-ca65a2\">Kategoria: Edukacja, szkolenia oraz zdobywanie umiej\u0119tno\u015bci<\/h4>\n\n\n<p class=\" eplus-wrapper\">Model rewitalizacji dziedzictwa opracowany i wdro\u017cony przez Stowarzyszenie Serfenta by\u0142 rozwijany przez ponad pi\u0119tna\u015bcie lat, a jego fundamentem by\u0142o rzemios\u0142o koszykarskie. W latach 2008\u20132016 zesp\u00f3\u0142 Serfenty przeprowadzi\u0142 wywiady etnograficzne z tradycyjnymi plecionkarzami w Polsce, Norwegii, Ukrainie, Niemczech, Islandii i Czechach. Ich celem by\u0142o zebranie wiedzy zwi\u0105zanej z technikami plecionkarskimi oraz naturalnymi materia\u0142ami u\u017cywanymi przez rzemie\u015blnik\u00f3w.<\/p>\n\n\n\n<p class=\" eplus-wrapper\">We wsp\u00f3\u0142pracy z rzemie\u015blnikami, projektantami i osobami w ka\u017cdym wieku, zesp\u00f3\u0142 Serfenty testowa\u0142 nowe sposoby przekazywania tego dziedzictwa wsp\u00f3\u0142czesnemu \u015bwiatu. Testowano to poprzez oferowanie r\u00f3\u017cnych rodzaj\u00f3w warsztat\u00f3w i odkrywanie tego, co by\u0142o najbardziej interesuj\u0105ce dla wsp\u00f3\u0142czesnych uczestnik\u00f3w. Nast\u0119pnie zrealizowane zosta\u0142y dalsze warsztaty, studyjne wyjazdy rzemie\u015blnicze, kampanie medialne, sklep internetowy z produktami rzemie\u015blnik\u00f3w, opracowane zosta\u0142y ksi\u0105\u017cki i narz\u0119dzia oraz stworzony dost\u0119p do naturalnych, tradycyjnych materia\u0142\u00f3w tkackich.<\/p>\n\n\n\n<p class=\" eplus-wrapper\">Dzi\u0119ki tym dzia\u0142aniom ponad 100 rzemie\u015blnik\u00f3w zosta\u0142o zaproszonych do wsp\u00f3\u0142pracy w ca\u0142ej Polsce i innych krajach europejskich. Opracowano nowe systemy nauczania dotycz\u0105ce 10 tradycyjnych technik koszykarstwa i 11 naturalnych materia\u0142\u00f3w, a wok\u00f3\u0142 Modelu zosta\u0142a zbudowana sie\u0107 wsp\u00f3\u0142pracuj\u0105cych instytucji i partner\u00f3w z dziedziny kultury i biznesu. Serfenta zrealizowa\u0142a 30 projekt\u00f3w po\u015bwi\u0119conych ochronie i promocji koszykarstwa, z kt\u00f3rych po\u0142owa mia\u0142a zasi\u0119g mi\u0119dzynarodowy.<\/p>\n\n\n\n<div class=\"wp-block-buttons eplus-wrapper is-layout-flex wp-block-buttons-is-layout-flex\"><div class=\" wp-block-button eplus-wrapper eplus-styles-uid-a1f442\"><a class=\"wp-block-button__link wp-element-button\" href=\"https:\/\/serfenta.pl\/en\/\" target=\"_blank\" rel=\"noreferrer noopener\">Czytaj wi\u0119cej<\/a><\/div><\/div>\n\n\n\n<div style=\"height:40px\" aria-hidden=\"true\" class=\" wp-block-spacer eplus-wrapper\"><\/div>\n\n\n\n<figure class=\"wp-embed-aspect-16-9 wp-has-aspect-ratio wp-block-embed alignfull is-type-video is-provider-vimeo wp-block-embed-vimeo eplus-wrapper\"><div class=\"wp-block-embed__wrapper\">\n<iframe loading=\"lazy\" title=\"Serfenta Crafts Revitalisation Model, Cieszyn, POLAND\" src=\"https:\/\/player.vimeo.com\/video\/946165535?dnt=1&amp;app_id=122963\" width=\"500\" height=\"281\" frameborder=\"0\" allow=\"autoplay; fullscreen; picture-in-picture; clipboard-write\"><\/iframe>\n<\/div><\/figure>\n\n\n<h4 class=\" wp-block-heading eplus-wrapper eplus-styles-uid-ca65a2\">Wroc\u0142aw<\/h4>\n\n<h4 class=\" wp-block-heading eplus-wrapper eplus-styles-uid-ca65a2\">Dr Piotr Gerber<\/h4>\n\n\n<p class=\" has-text-align-center eplus-wrapper\"><img decoding=\"async\" class=\"wp-image-5063\" style=\"width: 1200px;\" src=\"https:\/\/heritagehubkrakow.org\/wp-content\/uploads\/2023\/02\/53708353722_55ea5ea5aa_o-scaled.jpg\" alt=\"\"><\/p>\n\n\n<h4 class=\" wp-block-heading eplus-wrapper eplus-styles-uid-ca65a2\">Rok: 2024<\/h4>\n\n<h4 class=\" wp-block-heading eplus-wrapper eplus-styles-uid-ca65a2\">Kategoria: Mistrzowie Dziedzictwa<\/h4>\n\n\n<p class=\" eplus-wrapper\">Dr Piotr Gerber po\u015bwi\u0119ci\u0142 swoje \u017cycie zawodowe ochronie dziedzictwa poprzemys\u0142owego. Zar\u00f3wno w Polsce, jak i za granic\u0105, odegra\u0142 znacz\u0105c\u0105 rol\u0119 w podnoszeniu publicznej \u015bwiadomo\u015bci i zrozumienia dla znaczenia rozwoju technicznego i technologicznego.<\/p>\n\n\n\n<p class=\" eplus-wrapper\">W 2007 roku Piotr Gerber za\u0142o\u017cy\u0142 Fundacj\u0119 Ochrony Dziedzictwa Przemys\u0142owego, kt\u00f3ra bada histori\u0119 przemys\u0142u na Dolnym i G\u00f3rnym \u015al\u0105sku, chroni materialne dziedzictwo przemys\u0142owe oraz edukuje w zakresie rozwoju przemys\u0142owego poprzez dziedzictwo. Jednym z najbardziej znacz\u0105cych osi\u0105gni\u0119\u0107 Gerbera jest zakup siedmiu budynk\u00f3w przemys\u0142owych na \u015al\u0105sku, najwi\u0119kszym regionie wydobycia w\u0119gla w Europie. Po zakupie budynki przesz\u0142y gruntown\u0105 konserwacj\u0119 i zosta\u0142y przekszta\u0142cone w muzea, zabezpieczaj\u0105c tym samym ich przysz\u0142o\u015b\u0107 i wzbogacaj\u0105c \u017cycie kulturalne okolicznych spo\u0142eczno\u015bci.<\/p>\n\n\n\n<p class=\" eplus-wrapper\">Piotr Gerber k\u0142adzie szczeg\u00f3lny nacisk na autentyczno\u015b\u0107 \u2013 zachowanie oryginalnej struktury architektonicznej i u\u017cywanie oryginalnych maszyn do prezentacji historycznego procesu technologicznego. Wszystkie obiekty, kt\u00f3re uratowa\u0142, posiadaj\u0105 nadal dzia\u0142aj\u0105ce maszyny, kt\u00f3re s\u0105 konserwowane przez by\u0142ych pracownik\u00f3w tych zak\u0142ad\u00f3w przemys\u0142owych. <\/p>\n\n\n\n<p class=\" eplus-wrapper\">Gerber mia\u0142 r\u00f3wnie\u017c znacz\u0105cy wp\u0142yw na popraw\u0119 legislacji dotycz\u0105cej dziedzictwa przemys\u0142owego i jest wsp\u00f3\u0142autorem wytycznych konserwatorskich dla d\u00f3br dziedzictwa poprzemys\u0142owego, kt\u00f3re s\u0105 wdra\u017cane przez Ministerstwo Kultury i Dziedzictwa Narodowego.<\/p>\n\n\n\n<div class=\"wp-block-buttons eplus-wrapper is-layout-flex wp-block-buttons-is-layout-flex\"><div class=\" wp-block-button eplus-wrapper eplus-styles-uid-cf4a2f\"><a class=\"wp-block-button__link wp-element-button\">Czytaj wi\u0119cej<\/a><\/div><\/div>\n\n\n\n<div style=\"height:41px\" aria-hidden=\"true\" class=\" wp-block-spacer eplus-wrapper\"><\/div>\n\n\n\n<figure class=\"wp-embed-aspect-16-9 wp-has-aspect-ratio wp-block-embed alignfull is-type-video is-provider-vimeo wp-block-embed-vimeo eplus-wrapper\"><div class=\"wp-block-embed__wrapper\">\n<iframe loading=\"lazy\" title=\"Piotr Gerber PhD, Wroc\u0142aw, POLAND\" src=\"https:\/\/player.vimeo.com\/video\/951095226?dnt=1&amp;app_id=122963\" width=\"500\" height=\"281\" frameborder=\"0\" allow=\"autoplay; fullscreen; picture-in-picture; clipboard-write\"><\/iframe>\n<\/div><\/figure>\n\n\n\n<div style=\"height:40px\" aria-hidden=\"true\" class=\" wp-block-spacer eplus-wrapper\"><\/div>\n\n\n<h3 class=\" wp-block-heading eplus-wrapper eplus-styles-uid-dc95e1\">S\u0141OWACJA<\/h3>\n\n<h4 class=\" wp-block-heading eplus-wrapper eplus-styles-uid-ca65a2\">Sv\u00e4t\u00fd Jur<\/h4>\n\n<h5 class=\" wp-block-heading eplus-wrapper eplus-styles-uid-bac4d8\">Akademia Istropolitana Nova w \u015awi\u0119tym Juracie<\/h5>\n\n<div class=\"wp-block-group alignfull eplus-wrapper is-content-justification-center is-layout-constrained wp-block-group-is-layout-constrained eplus-styles-uid-c47afc\"><figure class=\"is-style-fit-container wp-block-image alignfull size-large lightbox-on eplus-wrapper eplus-styles-uid-475e71\" href=\"https:\/\/heritagehubkrakow.org\/wp-content\/uploads\/2023\/05\/6881802005_fe2ffe6cbc_3k-1024x685.jpg\"><img decoding=\"async\" src=\"https:\/\/heritagehubkrakow.org\/wp-content\/uploads\/2023\/05\/6881802005_fe2ffe6cbc_3k-1024x685.jpg\" alt=\"\" class=\"wp-image-1999\"><\/figure><\/div>\n\n<h5 class=\" wp-block-heading eplus-wrapper eplus-styles-uid-b7770b\">Rok: 2009<\/h5>\n\n<h5 class=\" wp-block-heading eplus-wrapper eplus-styles-uid-b7770b\">Kategoria: Edukacja, szkolenia i podnoszenie \u015bwiadomo\u015bci<\/h5>\n\n\n<p class=\" eplus-wrapper\">Akademia Istropolitana Nova (AINova), pozarz\u0105dowa organizacja non-profit, jest o\u015brodkiem edukacyjnym i szkoleniowym w zakresie studi\u00f3w interdyscyplinarnych, dzia\u0142aj\u0105cym r\u00f3wnie\u017c w dziedzinie ochrony dziedzictwa kulturowego. AINova zosta\u0142a za\u0142o\u017cona w 1997 roku jako pochodna Akademii Istropolitana, otwartej w 1990 roku, wkr\u00f3tce po zmianach politycznych jakie mia\u0142y miejsce w Europie \u015arodkowej. Od samego pocz\u0105tku inicjatywa ta by\u0142a mo\u017cliwa dzi\u0119ki wsparciu s\u0142owackiego rz\u0105du, mi\u0119dzynarodowych i prywatnych funduszy oraz entuzjazmu wielu os\u00f3b.<\/p>\n\n\n\n<p class=\" eplus-wrapper\">Jej misj\u0105 by\u0142o zapewnienie podyplomowych program\u00f3w interdyscyplinarnych w dziedzinie, kt\u00f3ra w przesz\u0142o\u015bci by\u0142a w du\u017cej mierze zaniedbywana. Studenci mieli dost\u0119p do wyk\u0142ad\u00f3w prowadzonych przez uznanych ekspert\u00f3w, a tak\u017ce mo\u017cliwo\u015b\u0107 poznania m\u0142odych profesjonalist\u00f3w oraz rozwini\u0119cia i poszerzenia swojej sieci kontakt\u00f3w zawodowych. Program dziedzictwa kulturowego prowadzony w Akademii kontynuuje realizacj\u0119 swojej misji wdra\u017caj\u0105c nowe dzia\u0142ania, takie jak specjalistyczne kursy szkoleniowe, badania stosowane oraz wsparcie i doradztwo.<\/p>\n\n\n<div class=\"wp-block-buttons eplus-wrapper is-layout-flex wp-block-buttons-is-layout-flex eplus-styles-uid-517b32\"><div class=\" wp-block-button eplus-wrapper eplus-styles-uid-2fd66c\"><a class=\"wp-block-button__link wp-element-button\" href=\"https:\/\/ainova.sk\/en\/\" target=\"_blank\" rel=\"noreferrer noopener\">Czytaj wi\u0119cej<\/a><\/div><\/div><\/div><\/div>\n\n<div class=\"wp-block-columns is-not-stacked-on-mobile eplus-wrapper is-layout-flex wp-container-core-columns-is-layout-9d6595d7 wp-block-columns-is-layout-flex eplus-styles-uid-34242f\"><div class=\"wp-block-column eplus-wrapper is-layout-flow wp-block-column-is-layout-flow eplus-styles-uid-e280e2\" style=\"padding-top:0;padding-right:0;padding-bottom:0;padding-left:0\"><h3 class=\" wp-block-heading eplus-wrapper eplus-styles-uid-dc95e1\">UKRAINA<\/h3>\n\n<h4 class=\" wp-block-heading eplus-wrapper eplus-styles-uid-ca65a2\">Czerniowce, Kij\u00f3w<\/h4>\n\n<h5 class=\" wp-block-heading eplus-wrapper eplus-styles-uid-bac4d8\">\u015awiatowy Dzie\u0144 Wyszywanki<\/h5>\n\n<div class=\"wp-block-group alignfull eplus-wrapper is-content-justification-center is-layout-constrained wp-block-group-is-layout-constrained eplus-styles-uid-c47afc\"><figure class=\"is-style-fit-container wp-block-image alignfull size-large lightbox-on eplus-wrapper eplus-styles-uid-475e71\" href=\"https:\/\/heritagehubkrakow.org\/wp-content\/uploads\/2023\/05\/52164826858_3b3af9301a_5k-1024x683.jpg\"><img decoding=\"async\" src=\"https:\/\/heritagehubkrakow.org\/wp-content\/uploads\/2023\/05\/52164826858_3b3af9301a_5k-1024x683.jpg\" alt=\"\" class=\"wp-image-2001\"><\/figure><\/div>\n\n<h5 class=\" wp-block-heading eplus-wrapper eplus-styles-uid-b7770b\">Rok: 2022<\/h5>\n\n<h5 class=\" wp-block-heading eplus-wrapper eplus-styles-uid-b7770b\">Kategoria: Zaanga\u017cowanie obywateli i podnoszenie \u015bwiadomo\u015bci<\/h5>\n\n\n<p class=\" eplus-wrapper\">\u015awiatowy Dzie\u0144 Wyszywanki to mi\u0119dzynarodowe \u015bwi\u0119to po\u015bwi\u0119cone zachowaniu ukrai\u0144skiej haftowanej koszuli (znanej jako \u201evyshyvanka\u201d) jako symbolu materialnego i duchowego dziedzictwa narodu ukrai\u0144skiego. Inicjatywa rozpocz\u0119\u0142a si\u0119 w Czerniowcach w 2006 roku jako ma\u0142y studencki flash mob. Coroczne obchody doprowadzi\u0142y do ustanowienia w 2015 roku organizacji pozarz\u0105dowej pod nazw\u0105 \u015awiatowy Dzie\u0144 Wyszywanki. Co roku w trzeci czwartek maja Ukrai\u0144cy i przyjaciele Ukrainy z ponad stu kraj\u00f3w nosz\u0105 vyshyvanki w celu uczczenia tego dziedzictwa. Organizacja pozarz\u0105dowa \u015awiatowy Dzie\u0144 Wyszywanki [World Vyshyvanka Day] realizuje swoje dzia\u0142ania poprzez granty i aktywno\u015b\u0107 crowdfundingow\u0105.<\/p>\n\n\n\n<p class=\" eplus-wrapper\">W\u015br\u00f3d szerokiego grona ukrai\u0144skich partner\u00f3w znajduj\u0105 si\u0119 <strong>Ministerstwo Spraw Zagranicznych Ukrainy<\/strong>, <strong>Ministerstwo Kultury i Polityki Informacyjnej Ukrainy<\/strong>, <strong>Ukrai\u0144ska Fundacja Kultury<\/strong>, <strong>Rada Najwy\u017csza Ukrainy<\/strong>, <strong>Ukrai\u0144ska Akademia Przyw\u00f3dztwa<\/strong>, <strong>Fundacja &#8222;Kraschim Buty&#8221;<\/strong>, muzea, uniwersytety, organizacje publiczne, firmy i marki biznesowe. Organizacja ma wielu partner\u00f3w, w\u015br\u00f3d kt\u00f3rych znajduj\u0105 si\u0119 wydawnictwa, firmy transportowe i logistyczne oraz firmy zajmuj\u0105ce si\u0119 produkcj\u0105 wideo, kt\u00f3re wspieraj\u0105 jej projekty poprzez bezp\u0142atne \u015bwiadczenie swoich us\u0142ug. World Vyshyvanka Day dzia\u0142a przez ca\u0142y rok i do tej pory zrealizowa\u0142a ponad 70 du\u017cych projekt\u00f3w na Ukrainie i za granic\u0105. S\u0105 to flashmoby, wystawy, wyk\u0142ady, filmy dokumentalne, festiwale, publikacje ksi\u0105\u017ckowe, instalacje pomnik\u00f3w czy akcje nadawania nazw ulicom.<\/p>\n\n\n\n<p class=\" eplus-wrapper\">\u015awiatowy Dzie\u0144 Wyszywanki o\u017cywi\u0142 i szeroko spopularyzowa\u0142 tradycyjn\u0105 ukrai\u0144sk\u0105 haftowan\u0105 koszul\u0119 w\u015br\u00f3d ludno\u015bci ukrai\u0144skiej. Co roku w inicjatywie bior\u0105 udzia\u0142 dzieci z przedszkoli i szk\u00f3\u0142, studenci, przedstawiciele r\u00f3\u017cnych zawod\u00f3w, pos\u0142owie, ministrowie i prezydenci. Organizacja za\u0142o\u017cy\u0142a r\u00f3wnie\u017c grup\u0119 hafciarek tworz\u0105cych repliki dawnych tradycyjnych koszul oraz stworzy\u0142a i rozwin\u0119\u0142a szerok\u0105 sie\u0107 badaczy i mistrz\u00f3w haftu pochodz\u0105cych z r\u00f3\u017cnych region\u00f3w Ukrainy. Obchody \u015awiatowego Dnia Wyszywanki pomog\u0142y zbudowa\u0107 relacje z partnerami w Europie i poza ni\u0105, poprzez wymian\u0119 kultur. Pomog\u0142o to rozwin\u0105\u0107, zar\u00f3wno na Ukrainie, jak i poza jej granicami, now\u0105 \u015bwiadomo\u015b\u0107 to\u017csamo\u015bci Ukrai\u0144c\u00f3w jako narodu o wielowiekowych tradycjach.<\/p>\n\n\n<div class=\"wp-block-buttons eplus-wrapper is-layout-flex wp-block-buttons-is-layout-flex eplus-styles-uid-517b32\"><div class=\" wp-block-button eplus-wrapper eplus-styles-uid-a9ce68\"><a class=\"wp-block-button__link wp-element-button\" href=\"https:\/\/www.denvyshyvanky.com\/\" target=\"_blank\" rel=\"noreferrer noopener\">Czytaj wi\u0119cej<\/a><\/div><\/div>\n\n\n<figure class=\"wp-embed-aspect-16-9 wp-has-aspect-ratio wp-block-embed is-type-video is-provider-youtube wp-block-embed-youtube eplus-wrapper\"><div class=\"wp-block-embed__wrapper\">\n<iframe loading=\"lazy\" title=\"World Vyshyvanka Day, UKRAINE\" width=\"500\" height=\"281\" src=\"https:\/\/www.youtube.com\/embed\/8ALOXwsqtwM?feature=oembed\" frameborder=\"0\" allow=\"accelerometer; autoplay; clipboard-write; encrypted-media; gyroscope; picture-in-picture; web-share\" referrerpolicy=\"strict-origin-when-cross-origin\" allowfullscreen><\/iframe>\n<\/div><\/figure>\n\n\n\n<figure class=\"wp-embed-aspect-16-9 wp-has-aspect-ratio wp-block-embed is-type-video is-provider-youtube wp-block-embed-youtube eplus-wrapper\"><div class=\"wp-block-embed__wrapper\">\n<iframe loading=\"lazy\" title=\"World Vyshyvanka Day 19\/05\/2022\" width=\"500\" height=\"281\" src=\"https:\/\/www.youtube.com\/embed\/v7IxVmtq4aA?feature=oembed\" frameborder=\"0\" allow=\"accelerometer; autoplay; clipboard-write; encrypted-media; gyroscope; picture-in-picture; web-share\" referrerpolicy=\"strict-origin-when-cross-origin\" allowfullscreen><\/iframe>\n<\/div><\/figure>\n\n\n\n<figure class=\"wp-embed-aspect-16-9 wp-has-aspect-ratio wp-block-embed is-type-video is-provider-vimeo wp-block-embed-vimeo eplus-wrapper\"><div class=\"wp-block-embed__wrapper\">\n<iframe loading=\"lazy\" title=\"World Vyshyvanka Day, UKRAINE\" src=\"https:\/\/player.vimeo.com\/video\/738275677?dnt=1&amp;app_id=122963\" width=\"500\" height=\"281\" frameborder=\"0\" allow=\"autoplay; fullscreen; picture-in-picture; clipboard-write\"><\/iframe>\n<\/div><\/figure>\n<\/div><\/div>\n\n<div class=\"wp-block-columns is-not-stacked-on-mobile eplus-wrapper is-layout-flex wp-container-core-columns-is-layout-9d6595d7 wp-block-columns-is-layout-flex eplus-styles-uid-3514c8\"><div class=\"wp-block-column eplus-wrapper is-layout-flow wp-block-column-is-layout-flow eplus-styles-uid-e280e2\" style=\"padding-top:0;padding-right:0;padding-bottom:0;padding-left:0\"><h4 class=\" wp-block-heading eplus-wrapper eplus-styles-uid-ca65a2\">Kij\u00f3w<\/h4>\n\n<h5 class=\" wp-block-heading eplus-wrapper eplus-styles-uid-bac4d8\">Ko\u015bci\u00f3\u0142 \u015bw. Andrzeja<\/h5>\n\n<div class=\"wp-block-group alignfull eplus-wrapper is-content-justification-center is-layout-constrained wp-block-group-is-layout-constrained eplus-styles-uid-c47afc\"><figure class=\"is-style-fit-container wp-block-image alignfull size-large lightbox-on eplus-wrapper eplus-styles-uid-475e71\" href=\"https:\/\/heritagehubkrakow.org\/wp-content\/uploads\/2023\/05\/52162511796_cf281aec6f_5k-1024x683.jpg\"><img decoding=\"async\" src=\"https:\/\/heritagehubkrakow.org\/wp-content\/uploads\/2023\/05\/52162511796_cf281aec6f_5k-1024x683.jpg\" alt=\"\" class=\"wp-image-2004\"><\/figure><\/div>\n\n<h5 class=\" wp-block-heading eplus-wrapper eplus-styles-uid-b7770b\">Rok: 2022<\/h5>\n\n<h5 class=\" wp-block-heading eplus-wrapper eplus-styles-uid-b7770b\">Kategoria: Konserwacja, adaptacyjne i ponowne wykorzystanie<\/h5>\n\n\n<p class=\" eplus-wrapper\">Ko\u015bci\u00f3\u0142 \u015bw. Andrzeja, po\u0142o\u017cony na Wzg\u00f3rzu Starokijowskim, w historycznym centrum Kijowa, zaprojektowany zosta\u0142 w drugiej po\u0142owie XVIII wieku przez architekta F.B. Rastrellego a nast\u0119pnie wybudowany przez czo\u0142owych europejskich i lokalnych rzemie\u015blnik\u00f3w. Zbudowany jako ko\u015bci\u00f3\u0142 pa\u0142acowy dla kijowskiej rezydencji Romanow\u00f3w, stanowi niezr\u00f3wnany przyk\u0142ad wn\u0119trza cerkiewnego w stylu barokowym. Ko\u015bci\u00f3\u0142 zosta\u0142 gruntownie odrestaurowany przez pa\u0144stwow\u0105 organizacj\u0119 <strong>Narodowy Obszar Ochrony &#8222;\u015aw. Zofii Kijowskiej&#8221;<\/strong> i obecnie funkcjonuje jako muzeum. Odbywaj\u0105 si\u0119 wydarzenia naukowe i edukacyjne, koncerty muzyki kameralnej, jak i nabo\u017ce\u0144stwa. Projekt, kt\u00f3ry opiera\u0142 si\u0119 na wynikach dziesi\u0119cioletniego monitoringu naukowego i technicznego prowadzonego przez <strong> Narodowy Obszar Ochrony we wsp\u00f3\u0142pracy z wiod\u0105cymi instytutami badawczymi Ukrainy<\/strong>, zosta\u0142 w ca\u0142o\u015bci sfinansowany przez <strong>Ministerstwo Kultury i Polityki Informacyjnej Ukrainy.<\/strong><\/p>\n\n\n\n<p class=\" eplus-wrapper\">Przed renowacj\u0105 teren, na kt\u00f3rym zbudowano ko\u015bci\u00f3\u0142 \u015bw. Andrzeja, cierpia\u0142 z powodu zaawansowanej erozji gleby. W 2007 r. rosn\u0105ce ryzyko osuni\u0119\u0107 ziemi zagrozi\u0142o stabilno\u015bci fundament\u00f3w ko\u015bcio\u0142a. Wymaga\u0142o to podj\u0119cia pilnych dzia\u0142a\u0144 w celu wzmocnienia wzg\u00f3rza i odbudowy budynku. Renowacja, kt\u00f3ra mia\u0142a miejsce w latach 2008-2020, rozpocz\u0119\u0142a si\u0119 od gruntownej konsolidacji pod\u0142o\u017ca wzg\u00f3rza, wzmocnienia fundament\u00f3w ko\u015bcio\u0142a i stylobatu oraz wdro\u017cenia nowego systemu odwadniaj\u0105cego. Rosn\u0105ce na zboczu zaro\u015bla zosta\u0142y usuni\u0119te, otwieraj\u0105c panoramiczny widok na dolin\u0119 Dniepru i lewy brzeg Kijowa. Podczas renowacji zewn\u0119trznej cz\u0119\u015bci ko\u015bcio\u0142a wykorzystano tradycyjne materia\u0142y i techniki budowlane. \u017b\u00f3\u0142te ceg\u0142y, kt\u00f3re zosta\u0142y rozebrane ze starych budynk\u00f3w zosta\u0142y ponownie wykorzystane do renowacji mur\u00f3w. Aby zako\u0144czy\u0107 renowacj\u0119 \u017celiwnych schod\u00f3w prowadz\u0105cych na werand\u0119, zastosowano sprawdzon\u0105 metod\u0119 polegaj\u0105c\u0105 na pokryciu \u017celaza tradycyjnym mastyksem na bazie wosku pszczelego. Wewn\u0105trz ko\u015bcio\u0142a odtworzono oryginalne XVIII-wieczne kolory \u015bcian oraz odrestaurowano malowid\u0142a. Badania archiwalne i ikonograficzne doprowadzi\u0142y do ustalenia prawid\u0142owego rozmieszczenia ikon w ikonostasie, oferuj\u0105c odwiedzaj\u0105cym mo\u017cliwo\u015b\u0107 do\u015bwiadczenia XVIII-wiecznego barokowego wn\u0119trza, tak jak zosta\u0142o to zaplanowane przez architekta <strong>Rastrellego<\/strong>.<\/p>\n\n\n<div class=\"wp-block-buttons eplus-wrapper is-layout-flex wp-block-buttons-is-layout-flex eplus-styles-uid-517b32\"><div class=\" wp-block-button eplus-wrapper eplus-styles-uid-ae2a0b\"><a class=\"wp-block-button__link wp-element-button\" href=\"https:\/\/st-sophia.org.ua\/en\/museums-en\/st-andrews-church\/st-andrews-church\/\" target=\"_blank\" rel=\"noreferrer noopener\">Czytaj wi\u0119cej<\/a><\/div><\/div>\n\n\n<figure class=\"wp-embed-aspect-16-9 wp-has-aspect-ratio wp-block-embed is-type-video is-provider-youtube wp-block-embed-youtube eplus-wrapper\"><div class=\"wp-block-embed__wrapper\">\n<iframe loading=\"lazy\" title=\"St. Andrew\u2019s Church, Kyiv, UKRAINE\" width=\"500\" height=\"281\" src=\"https:\/\/www.youtube.com\/embed\/XOyAq9myTYo?feature=oembed\" frameborder=\"0\" allow=\"accelerometer; autoplay; clipboard-write; encrypted-media; gyroscope; picture-in-picture; web-share\" referrerpolicy=\"strict-origin-when-cross-origin\" allowfullscreen><\/iframe>\n<\/div><\/figure>\n\n\n\n<figure class=\"wp-embed-aspect-16-9 wp-has-aspect-ratio wp-block-embed is-type-video is-provider-vimeo wp-block-embed-vimeo eplus-wrapper\"><div class=\"wp-block-embed__wrapper\">\n<iframe loading=\"lazy\" title=\"St. Andrew\u2019s Church, Kyiv, UKRAINE\" src=\"https:\/\/player.vimeo.com\/video\/738217666?dnt=1&amp;app_id=122963\" width=\"500\" height=\"281\" frameborder=\"0\" allow=\"autoplay; fullscreen; picture-in-picture; clipboard-write\"><\/iframe>\n<\/div><\/figure>\n<\/div><\/div><\/div>\n<\/div>\n\n\n<p class=\" eplus-wrapper\"><strong>Un-archiving Post-industry<\/strong><\/p>\n\n\n\n<p class=\" has-text-align-center eplus-wrapper\"><img decoding=\"async\" class=\"wp-image-2366\" style=\"width: 1200px;\" src=\"https:\/\/heritagehubkrakow.org\/wp-content\/uploads\/2023\/06\/52936385032_7a9a01ddfb_k.jpg\" alt=\"\"><\/p>\n\n\n\n<p class=\" eplus-wrapper\"><strong>Rok: 2023<\/strong><\/p>\n\n\n\n<p class=\" eplus-wrapper\"><strong>Kategoria: Zaanga\u017cowanie obywateli i podnoszenie \u015bwiadomo\u015bci<\/strong><\/p>\n\n\n\n<p class=\" eplus-wrapper\">Ten inteligentny i wieloaspektowy projekt zapewnia cyfrow\u0105 ochron\u0119 zagro\u017conych kolekcji dziedzictwa przemys\u0142owego we wschodniej cz\u0119\u015bci Ukrainy. Anga\u017cuje spo\u0142eczno\u015bci lokalne na Ukrainie i w Wielkiej Brytanii do aktywno\u015bci na rzecz tego dziedzictwa oraz sprzyja ich wzajemnej integracji.<\/p>\n\n\n\n<p class=\" eplus-wrapper\"><\/p>\n\n\n\n<div style=\"height:39px\" aria-hidden=\"true\" class=\" wp-block-spacer eplus-wrapper\"><\/div>\n\n\n\n<div class=\"wp-block-buttons eplus-wrapper is-layout-flex wp-block-buttons-is-layout-flex\"><div class=\" wp-block-button eplus-wrapper eplus-styles-uid-01c2a2\"><a class=\"wp-block-button__link wp-element-button\" href=\"https:\/\/uma.lvivcenter.org\/en\" target=\"_blank\" rel=\"noreferrer noopener\">Czytaj wi\u0119cej<\/a><\/div><\/div>\n\n\n\n<div style=\"height:55px\" aria-hidden=\"true\" class=\" wp-block-spacer eplus-wrapper\"><\/div>\n\n\n\n<figure class=\"wp-embed-aspect-16-9 wp-has-aspect-ratio wp-block-embed aligncenter is-type-video is-provider-vimeo wp-block-embed-vimeo eplus-wrapper\"><div class=\"wp-block-embed__wrapper\">\n<iframe loading=\"lazy\" title=\"Un-archiving Post-industry, UKRAINE\" src=\"https:\/\/player.vimeo.com\/video\/834661192?dnt=1&amp;app_id=122963\" width=\"500\" height=\"281\" frameborder=\"0\" allow=\"autoplay; fullscreen; picture-in-picture; clipboard-write\"><\/iframe>\n<\/div><\/figure>\n\n\n\n<div style=\"height:26px\" aria-hidden=\"true\" class=\" wp-block-spacer eplus-wrapper\"><\/div>\n\n\n\n<p class=\" eplus-wrapper\"><strong>Ratowanie ukrai\u0144skiego dziedzictwa kulturowego online (SUCHO) <\/strong><\/p>\n\n\n\n<p class=\" eplus-wrapper\"><strong>| Projekt mi\u0119dzynarodowy<\/strong><\/p>\n\n\n\n<p class=\" eplus-wrapper\"><\/p>\n\n\n\n<p class=\" has-text-align-center eplus-wrapper\"><img decoding=\"async\" class=\"wp-image-2368\" style=\"width: 1200px;\" src=\"https:\/\/heritagehubkrakow.org\/wp-content\/uploads\/2023\/06\/52937137704_5b16f4023a_k.jpg\" alt=\"\"><\/p>\n\n\n\n<p class=\" eplus-wrapper\"><strong>Rok: 2023<\/strong><\/p>\n\n\n\n<p class=\" eplus-wrapper\"><strong>Kategoria:<\/strong> <strong>Mistrzowie Dziedzictwa<\/strong><\/p>\n\n\n\n<p class=\" eplus-wrapper\">Ratowanie ukrai\u0144skiego dziedzictwa kulturowego online (SUCHO) to niezwyk\u0142a inicjatywa maj\u0105ca na celu ochron\u0119 cyfrowego dziedzictwa kulturowego Ukrainy w obliczu trwaj\u0105cej rosyjskiej inwazji. <strong>Anna Kijas (Uniwersytet Tufts, USA), Quinn Dombrowski (Uniwersytet Stanforda, USA) i Sebastian Majstorovic (Europejski Instytut Uniwersytecki, W\u0142ochy)<\/strong> zainicjowali inicjatyw\u0119 1 marca 2022 r. SUCHO po pierwszym tygodniu od jego uruchomienia zyska\u0142o wsparcie oko\u0142o 1000 wolontariuszy. W odr\u00f3\u017cnieniu od innych projekt\u00f3w szybkiego reagowania, SUCHO wyr\u00f3\u017cnia si\u0119 niezwyk\u0142\u0105 skal\u0105 i zasi\u0119giem.<\/p>\n\n\n\n<p class=\" eplus-wrapper\">Du\u017ce zainteresowanie medi\u00f3w ochron\u0105 fizycznego dziedzictwa kulturowego na Ukrainie sprawi\u0142o jednocze\u015bnie, \u017ce coraz bardziej zacz\u0119to dostrzega\u0107 r\u00f3wnie\u017c krucho\u015b\u0107 ukrai\u0144skiego cyfrowego dziedzictwa kulturowego. Zdigitalizowane tre\u015bci i materia\u0142y powsta\u0142e w formie cyfrowej, w tym zdj\u0119cia i inne pliki przechowywane na serwerach, zosta\u0142y nara\u017cone na ryzyko zniszczenia lub uszkodzenia podczas atak\u00f3w lub przerw w dostawie pr\u0105du. Zagro\u017cone by\u0142y nawet strony internetowe hostowane poza Ukrain\u0105 ze wzgl\u0119du na to, \u017ce w\u0142a\u015bciciele witryn nie byli w stanie pokry\u0107 koszt\u00f3w hostingu. W zwi\u0105zku z tym nadrz\u0119dnym celem SUCHO od pocz\u0105tku by\u0142a ochrona cyfrowego dziedzictwa kulturowego Ukrainy w trakcie wojny przy za\u0142o\u017ceniu, \u017ce zachowane pliki i dane zostan\u0105 zwr\u00f3cone ich pierwotnym instytucjom po jej zako\u0144czeniu.<\/p>\n\n\n\n<p class=\" eplus-wrapper\">Do czerwca 2022 r. wolontariusze SUCHO pomy\u015blnie zarchiwizowali online ponad 50 TB danych obejmuj\u0105cych ponad 5000 stron internetowych. Ogromna kolekcja zawiera bogat\u0105 i r\u00f3\u017cnorodn\u0105 reprezentacj\u0119 materialnego i niematerialnego dziedzictwa kulturowego Ukrainy.<\/p>\n\n\n\n<p class=\" eplus-wrapper\">Zarchiwizowane strony internetowe obejmuj\u0105 szerok\u0105 gam\u0119 instytucji, od lokalnych muze\u00f3w, akademii muzycznych i teatr\u00f3w po klasztory, archiwa, biblioteki i programy po\u015bwi\u0119cone historii dzieci i historii lokalnej. Ponadto w ramach projektu SUCHO wybrane materia\u0142y zosta\u0142y wyeksponowane w publicznie dost\u0119pnej galerii, gromadz\u0105cej jednocze\u015bnie kolekcj\u0119 mem\u00f3w zwi\u0105zanych z wojn\u0105 i wzbogacon\u0105 metadanymi na potrzeby przysz\u0142ych bada\u0144 historycznych.<\/p>\n\n\n\n<p class=\" eplus-wrapper\">Oddolny efekt projektu SUCHO polega na zaanga\u017cowaniu wolontariuszy oraz oparciu go o narz\u0119dzia opracowane przez spo\u0142eczno\u015b\u0107 open source. W ramach inicjatywy nawi\u0105zane zosta\u0142y krytyczne partnerstwa z organizacjami i instytucjami zapewniaj\u0105cymi wsparcie technologiczne i finansowe. Kolejnym sukcesem SUCHO jest pozyskanie znacznych funduszy pozwalaj\u0105cych zaopatrzy\u0107 instytucji dziedzictwa kulturowego na Ukrainie w stacjonarny sprz\u0119t do digitalizacji. Stanowi to odpowied\u017a na piln\u0105 potrzeb\u0119 digitalizacji obiekt\u00f3w zagro\u017conych uszkodzeniem lub spl\u0105drowaniem. Projekt umo\u017cliwi\u0142 ponadto tworzenie materia\u0142\u00f3w szkoleniowych kompiluj\u0105c m.in. istniej\u0105ce zasoby w j\u0119zyku ukrai\u0144skim lub z ukrai\u0144skimi napisami, zapewniaj\u0105c tym samym efektywne wykorzystanie sprz\u0119tu digitalizacyjnego w sytuacjach awaryjnych.<\/p>\n\n\n\n<div class=\"wp-block-buttons eplus-wrapper is-layout-flex wp-block-buttons-is-layout-flex\"><div class=\" wp-block-button eplus-wrapper eplus-styles-uid-b30cbf\"><a class=\"wp-block-button__link wp-element-button\" href=\"https:\/\/www.sucho.org\/\" target=\"_blank\" rel=\"noreferrer noopener\">Czytaj wi\u0119cej<\/a><\/div><\/div>\n\n\n\n<div style=\"height:48px\" aria-hidden=\"true\" class=\" wp-block-spacer eplus-wrapper\"><\/div>\n\n\n\n<figure class=\"wp-embed-aspect-16-9 wp-has-aspect-ratio wp-block-embed aligncenter is-type-video is-provider-vimeo wp-block-embed-vimeo eplus-wrapper\"><div class=\"wp-block-embed__wrapper\">\n<iframe loading=\"lazy\" title=\"Saving Ukrainian Cultural Heritage Online (SUCHO), INTERNATIONAL PROJECT\/UKRAINE\" src=\"https:\/\/player.vimeo.com\/video\/835691996?dnt=1&amp;app_id=122963\" width=\"500\" height=\"281\" frameborder=\"0\" allow=\"autoplay; fullscreen; picture-in-picture; clipboard-write\"><\/iframe>\n<\/div><\/figure>\n\n\n\n<p class=\" eplus-wrapper\"><\/p>\n\n\n\n<p class=\" eplus-wrapper\"><\/p>\n\n\n\n<p class=\" eplus-wrapper\"><\/p>\n<\/div>\n<\/div>\n\n<div class=\"is-style-section-container wp-block-group alignfull has-orange-background-color has-background eplus-wrapper is-layout-constrained wp-block-group-is-layout-constrained eplus-styles-uid-4c6cdd\"><div class=\"wp-block-group alignfull has-orange-background-color has-background eplus-wrapper is-layout-constrained wp-block-group-is-layout-constrained eplus-styles-uid-20b295\"><figure class=\"wp-block-gallery alignfull has-nested-images columns-4 is-cropped eplus-wrapper wp-block-gallery-1 eplus-styles-uid-7becfb\"><figure class=\"is-style-default wp-block-image size-full eplus-wrapper eplus-styles-uid-74e231\"><img loading=\"lazy\" decoding=\"async\" width=\"720\" height=\"720\" data-id=\"518\" src=\"https:\/\/heritagehubkrakow.org\/wp-content\/uploads\/2023\/01\/photo9.jpg\" alt=\"\" class=\"wp-image-518\" srcset=\"https:\/\/heritagehubkrakow.org\/wp-content\/uploads\/2023\/01\/photo9.jpg 720w, https:\/\/heritagehubkrakow.org\/wp-content\/uploads\/2023\/01\/photo9-300x300.jpg 300w, https:\/\/heritagehubkrakow.org\/wp-content\/uploads\/2023\/01\/photo9-150x150.jpg 150w\" sizes=\"auto, (max-width: 720px) 100vw, 720px\" \/><\/figure>\n\n<figure class=\"is-style-default wp-block-image size-full eplus-wrapper eplus-styles-uid-74e231\"><img loading=\"lazy\" decoding=\"async\" width=\"720\" height=\"720\" data-id=\"520\" src=\"https:\/\/heritagehubkrakow.org\/wp-content\/uploads\/2023\/01\/photo8.jpg\" alt=\"\" class=\"wp-image-520\" srcset=\"https:\/\/heritagehubkrakow.org\/wp-content\/uploads\/2023\/01\/photo8.jpg 720w, https:\/\/heritagehubkrakow.org\/wp-content\/uploads\/2023\/01\/photo8-300x300.jpg 300w, https:\/\/heritagehubkrakow.org\/wp-content\/uploads\/2023\/01\/photo8-150x150.jpg 150w\" sizes=\"auto, (max-width: 720px) 100vw, 720px\" \/><\/figure>\n\n<figure class=\" wp-block-image size-full eplus-wrapper eplus-styles-uid-eea178\"><img loading=\"lazy\" decoding=\"async\" width=\"720\" height=\"720\" data-id=\"519\" src=\"https:\/\/heritagehubkrakow.org\/wp-content\/uploads\/2023\/01\/photo7.jpg\" alt=\"\" class=\"wp-image-519\" srcset=\"https:\/\/heritagehubkrakow.org\/wp-content\/uploads\/2023\/01\/photo7.jpg 720w, https:\/\/heritagehubkrakow.org\/wp-content\/uploads\/2023\/01\/photo7-300x300.jpg 300w, https:\/\/heritagehubkrakow.org\/wp-content\/uploads\/2023\/01\/photo7-150x150.jpg 150w\" sizes=\"auto, (max-width: 720px) 100vw, 720px\" \/><\/figure>\n\n<figure class=\" wp-block-image size-full eplus-wrapper eplus-styles-uid-74e231\"><img loading=\"lazy\" decoding=\"async\" width=\"480\" height=\"480\" data-id=\"441\" src=\"https:\/\/heritagehubkrakow.org\/wp-content\/uploads\/2023\/01\/photo6.jpg\" alt=\"\" class=\"wp-image-441\" srcset=\"https:\/\/heritagehubkrakow.org\/wp-content\/uploads\/2023\/01\/photo6.jpg 480w, https:\/\/heritagehubkrakow.org\/wp-content\/uploads\/2023\/01\/photo6-300x300.jpg 300w, https:\/\/heritagehubkrakow.org\/wp-content\/uploads\/2023\/01\/photo6-150x150.jpg 150w\" sizes=\"auto, (max-width: 480px) 100vw, 480px\" \/><\/figure><\/figure><\/div><\/div>","protected":false},"excerpt":{"rendered":"<p>Europejskie Nagrody Dziedzictwa | Nagrody Europa Nostra zosta\u0142y ustanowione w 2002 roku przez Komisj\u0119 Europejsk\u0105. Koordynowane s\u0105 przez Europa Nostra. W 2023 roku obchodzona by\u0142a ich 20. rocznica.<\/p>\n","protected":false},"featured_media":627,"template":"","meta":{"_acf_changed":false,"editor_plus_copied_stylings":"{}"},"categories":[90],"tags":[],"class_list":["post-4643","project","type-project","status-publish","has-post-thumbnail","hentry","category-main-pl"],"acf":false,"yoast_head":"<!-- This site is optimized with the Yoast SEO plugin v23.8 - https:\/\/yoast.com\/wordpress\/plugins\/seo\/ -->\n<title>Nagrody - Europa Nostra<\/title>\n<meta name=\"robots\" content=\"index, follow, max-snippet:-1, max-image-preview:large, max-video-preview:-1\" \/>\n<link rel=\"canonical\" href=\"https:\/\/heritagehubkrakow.org\/pl\/project\/nagrody\/\" \/>\n<meta property=\"og:locale\" content=\"pl_PL\" \/>\n<meta property=\"og:type\" content=\"article\" \/>\n<meta property=\"og:title\" content=\"Nagrody - Europa Nostra\" \/>\n<meta property=\"og:description\" content=\"Europejskie Nagrody Dziedzictwa | Nagrody Europa Nostra zosta\u0142y ustanowione w 2002 roku przez Komisj\u0119 Europejsk\u0105. Koordynowane s\u0105 przez Europa Nostra. W 2023 roku obchodzona by\u0142a ich 20. rocznica.\" \/>\n<meta property=\"og:url\" content=\"https:\/\/heritagehubkrakow.org\/pl\/project\/nagrody\/\" \/>\n<meta property=\"og:site_name\" content=\"Europa Nostra\" \/>\n<meta property=\"article:modified_time\" content=\"2024-10-31T20:05:08+00:00\" \/>\n<meta property=\"og:image\" content=\"https:\/\/heritagehubkrakow.org\/wp-content\/uploads\/2023\/01\/photo1.png\" \/>\n\t<meta property=\"og:image:width\" content=\"960\" \/>\n\t<meta property=\"og:image:height\" content=\"809\" \/>\n\t<meta property=\"og:image:type\" content=\"image\/png\" \/>\n<meta name=\"twitter:card\" content=\"summary_large_image\" \/>\n<meta name=\"twitter:label1\" content=\"Szacowany czas czytania\" \/>\n\t<meta name=\"twitter:data1\" content=\"60 minut\" \/>\n<script type=\"application\/ld+json\" class=\"yoast-schema-graph\">{\"@context\":\"https:\/\/schema.org\",\"@graph\":[{\"@type\":\"WebPage\",\"@id\":\"https:\/\/heritagehubkrakow.org\/pl\/project\/nagrody\/\",\"url\":\"https:\/\/heritagehubkrakow.org\/pl\/project\/nagrody\/\",\"name\":\"Nagrody - Europa Nostra\",\"isPartOf\":{\"@id\":\"https:\/\/heritagehubkrakow.org\/pl\/#website\"},\"primaryImageOfPage\":{\"@id\":\"https:\/\/heritagehubkrakow.org\/pl\/project\/nagrody\/#primaryimage\"},\"image\":{\"@id\":\"https:\/\/heritagehubkrakow.org\/pl\/project\/nagrody\/#primaryimage\"},\"thumbnailUrl\":\"https:\/\/heritagehubkrakow.org\/wp-content\/uploads\/2023\/01\/photo1.png\",\"datePublished\":\"2023-02-02T09:02:48+00:00\",\"dateModified\":\"2024-10-31T20:05:08+00:00\",\"breadcrumb\":{\"@id\":\"https:\/\/heritagehubkrakow.org\/pl\/project\/nagrody\/#breadcrumb\"},\"inLanguage\":\"pl-PL\",\"potentialAction\":[{\"@type\":\"ReadAction\",\"target\":[\"https:\/\/heritagehubkrakow.org\/pl\/project\/nagrody\/\"]}]},{\"@type\":\"ImageObject\",\"inLanguage\":\"pl-PL\",\"@id\":\"https:\/\/heritagehubkrakow.org\/pl\/project\/nagrody\/#primaryimage\",\"url\":\"https:\/\/heritagehubkrakow.org\/wp-content\/uploads\/2023\/01\/photo1.png\",\"contentUrl\":\"https:\/\/heritagehubkrakow.org\/wp-content\/uploads\/2023\/01\/photo1.png\",\"width\":960,\"height\":809},{\"@type\":\"BreadcrumbList\",\"@id\":\"https:\/\/heritagehubkrakow.org\/pl\/project\/nagrody\/#breadcrumb\",\"itemListElement\":[{\"@type\":\"ListItem\",\"position\":1,\"name\":\"Homepage\",\"item\":\"https:\/\/heritagehubkrakow.org\/pl\/\"},{\"@type\":\"ListItem\",\"position\":2,\"name\":\"Nagrody\"}]},{\"@type\":\"WebSite\",\"@id\":\"https:\/\/heritagehubkrakow.org\/pl\/#website\",\"url\":\"https:\/\/heritagehubkrakow.org\/pl\/\",\"name\":\"Europa Nostra\",\"description\":\"Heritage Hub for Central and Eastern Europe\",\"publisher\":{\"@id\":\"https:\/\/heritagehubkrakow.org\/pl\/#organization\"},\"potentialAction\":[{\"@type\":\"SearchAction\",\"target\":{\"@type\":\"EntryPoint\",\"urlTemplate\":\"https:\/\/heritagehubkrakow.org\/pl\/?s={search_term_string}\"},\"query-input\":{\"@type\":\"PropertyValueSpecification\",\"valueRequired\":true,\"valueName\":\"search_term_string\"}}],\"inLanguage\":\"pl-PL\"},{\"@type\":\"Organization\",\"@id\":\"https:\/\/heritagehubkrakow.org\/pl\/#organization\",\"name\":\"Europa Nostra\",\"url\":\"https:\/\/heritagehubkrakow.org\/pl\/\",\"logo\":{\"@type\":\"ImageObject\",\"inLanguage\":\"pl-PL\",\"@id\":\"https:\/\/heritagehubkrakow.org\/pl\/#\/schema\/logo\/image\/\",\"url\":\"https:\/\/heritagehubkrakow.org\/wp-content\/uploads\/2023\/01\/europa-logo.png\",\"contentUrl\":\"https:\/\/heritagehubkrakow.org\/wp-content\/uploads\/2023\/01\/europa-logo.png\",\"width\":218,\"height\":237,\"caption\":\"Europa Nostra\"},\"image\":{\"@id\":\"https:\/\/heritagehubkrakow.org\/pl\/#\/schema\/logo\/image\/\"}}]}<\/script>\n<!-- \/ Yoast SEO plugin. -->","yoast_head_json":{"title":"Nagrody - Europa Nostra","robots":{"index":"index","follow":"follow","max-snippet":"max-snippet:-1","max-image-preview":"max-image-preview:large","max-video-preview":"max-video-preview:-1"},"canonical":"https:\/\/heritagehubkrakow.org\/pl\/project\/nagrody\/","og_locale":"pl_PL","og_type":"article","og_title":"Nagrody - Europa Nostra","og_description":"Europejskie Nagrody Dziedzictwa | Nagrody Europa Nostra zosta\u0142y ustanowione w 2002 roku przez Komisj\u0119 Europejsk\u0105. Koordynowane s\u0105 przez Europa Nostra. W 2023 roku obchodzona by\u0142a ich 20. rocznica.","og_url":"https:\/\/heritagehubkrakow.org\/pl\/project\/nagrody\/","og_site_name":"Europa Nostra","article_modified_time":"2024-10-31T20:05:08+00:00","og_image":[{"width":960,"height":809,"url":"https:\/\/heritagehubkrakow.org\/wp-content\/uploads\/2023\/01\/photo1.png","type":"image\/png"}],"twitter_card":"summary_large_image","twitter_misc":{"Szacowany czas czytania":"60 minut"},"schema":{"@context":"https:\/\/schema.org","@graph":[{"@type":"WebPage","@id":"https:\/\/heritagehubkrakow.org\/pl\/project\/nagrody\/","url":"https:\/\/heritagehubkrakow.org\/pl\/project\/nagrody\/","name":"Nagrody - Europa Nostra","isPartOf":{"@id":"https:\/\/heritagehubkrakow.org\/pl\/#website"},"primaryImageOfPage":{"@id":"https:\/\/heritagehubkrakow.org\/pl\/project\/nagrody\/#primaryimage"},"image":{"@id":"https:\/\/heritagehubkrakow.org\/pl\/project\/nagrody\/#primaryimage"},"thumbnailUrl":"https:\/\/heritagehubkrakow.org\/wp-content\/uploads\/2023\/01\/photo1.png","datePublished":"2023-02-02T09:02:48+00:00","dateModified":"2024-10-31T20:05:08+00:00","breadcrumb":{"@id":"https:\/\/heritagehubkrakow.org\/pl\/project\/nagrody\/#breadcrumb"},"inLanguage":"pl-PL","potentialAction":[{"@type":"ReadAction","target":["https:\/\/heritagehubkrakow.org\/pl\/project\/nagrody\/"]}]},{"@type":"ImageObject","inLanguage":"pl-PL","@id":"https:\/\/heritagehubkrakow.org\/pl\/project\/nagrody\/#primaryimage","url":"https:\/\/heritagehubkrakow.org\/wp-content\/uploads\/2023\/01\/photo1.png","contentUrl":"https:\/\/heritagehubkrakow.org\/wp-content\/uploads\/2023\/01\/photo1.png","width":960,"height":809},{"@type":"BreadcrumbList","@id":"https:\/\/heritagehubkrakow.org\/pl\/project\/nagrody\/#breadcrumb","itemListElement":[{"@type":"ListItem","position":1,"name":"Homepage","item":"https:\/\/heritagehubkrakow.org\/pl\/"},{"@type":"ListItem","position":2,"name":"Nagrody"}]},{"@type":"WebSite","@id":"https:\/\/heritagehubkrakow.org\/pl\/#website","url":"https:\/\/heritagehubkrakow.org\/pl\/","name":"Europa Nostra","description":"Heritage Hub for Central and Eastern Europe","publisher":{"@id":"https:\/\/heritagehubkrakow.org\/pl\/#organization"},"potentialAction":[{"@type":"SearchAction","target":{"@type":"EntryPoint","urlTemplate":"https:\/\/heritagehubkrakow.org\/pl\/?s={search_term_string}"},"query-input":{"@type":"PropertyValueSpecification","valueRequired":true,"valueName":"search_term_string"}}],"inLanguage":"pl-PL"},{"@type":"Organization","@id":"https:\/\/heritagehubkrakow.org\/pl\/#organization","name":"Europa Nostra","url":"https:\/\/heritagehubkrakow.org\/pl\/","logo":{"@type":"ImageObject","inLanguage":"pl-PL","@id":"https:\/\/heritagehubkrakow.org\/pl\/#\/schema\/logo\/image\/","url":"https:\/\/heritagehubkrakow.org\/wp-content\/uploads\/2023\/01\/europa-logo.png","contentUrl":"https:\/\/heritagehubkrakow.org\/wp-content\/uploads\/2023\/01\/europa-logo.png","width":218,"height":237,"caption":"Europa Nostra"},"image":{"@id":"https:\/\/heritagehubkrakow.org\/pl\/#\/schema\/logo\/image\/"}}]}},"_links":{"self":[{"href":"https:\/\/heritagehubkrakow.org\/pl\/wp-json\/wp\/v2\/project\/4643","targetHints":{"allow":["GET"]}}],"collection":[{"href":"https:\/\/heritagehubkrakow.org\/pl\/wp-json\/wp\/v2\/project"}],"about":[{"href":"https:\/\/heritagehubkrakow.org\/pl\/wp-json\/wp\/v2\/types\/project"}],"wp:featuredmedia":[{"embeddable":true,"href":"https:\/\/heritagehubkrakow.org\/pl\/wp-json\/wp\/v2\/media\/627"}],"wp:attachment":[{"href":"https:\/\/heritagehubkrakow.org\/pl\/wp-json\/wp\/v2\/media?parent=4643"}],"wp:term":[{"taxonomy":"category","embeddable":true,"href":"https:\/\/heritagehubkrakow.org\/pl\/wp-json\/wp\/v2\/categories?post=4643"},{"taxonomy":"post_tag","embeddable":true,"href":"https:\/\/heritagehubkrakow.org\/pl\/wp-json\/wp\/v2\/tags?post=4643"}],"curies":[{"name":"wp","href":"https:\/\/api.w.org\/{rel}","templated":true}]}}