{"id":6011,"date":"2024-10-01T05:54:34","date_gmt":"2024-10-01T05:54:34","guid":{"rendered":"https:\/\/heritagehubkrakow.org\/project\/via-transilvanica-romanian-heritage-step-by-step\/"},"modified":"2024-11-19T09:09:10","modified_gmt":"2024-11-19T09:09:10","slug":"via-transilvanica-romanian-heritage-step-by-step","status":"publish","type":"project","link":"https:\/\/heritagehubkrakow.org\/pl\/project\/via-transilvanica-romanian-heritage-step-by-step\/","title":{"rendered":"Via Transilvanica: rumu\u0144skie dziedzictwo krok po kroku"},"content":{"rendered":"<div class=\"is-style-section-container, has-white-text is-style-section-container wp-block-group alignfull has-red-background-color has-background eplus-wrapper is-layout-constrained wp-block-group-is-layout-constrained eplus-styles-uid-6f219c\"><div class=\"is-style-section-container wp-block-group alignfull eplus-wrapper is-layout-constrained wp-block-group-is-layout-constrained eplus-styles-uid-38b380\"><div style=\"background-image:url('https:\/\/heritagehubkrakow.org\/wp-content\/uploads\/2024\/06\/H_5-1-1.png');background-size:cover;\" class=\"has-white-text wp-block-group alignfull has-white-color has-text-color eplus-wrapper is-layout-constrained wp-block-group-is-layout-constrained has-background eplus-styles-uid-0ed7c1\"><h1 class=\" wp-block-heading has-text-align-center eplus-wrapper eplus-styles-uid-49faf1\"><strong>Via Transilvanica: rumu\u0144skie dziedzictwo krok po kroku<\/strong><\/h1>\n\n<div class=\"yoast-breadcrumbs\"><span><span><a href=\"https:\/\/heritagehubkrakow.org\/pl\/\">Homepage<\/a><\/span> &#8211; <span class=\"breadcrumb_last\" aria-current=\"page\">Via Transilvanica: rumu\u0144skie dziedzictwo krok po kroku<\/span><\/span><\/div><\/div><\/div><\/div>\n\n<div class=\"is-style-section-container wp-block-group alignfull has-green-dark-background-color has-background eplus-wrapper is-layout-constrained wp-block-group-is-layout-constrained eplus-styles-uid-4c6cdd\"><div class=\"wp-block-group alignfull has-green-light-background-color has-background eplus-wrapper is-layout-constrained wp-block-group-is-layout-constrained eplus-styles-uid-24f6f4\">\n<div class=\"wp-block-group eplus-wrapper is-layout-constrained wp-block-group-is-layout-constrained\"><div class=\"wp-block-group eplus-wrapper is-content-justification-center is-layout-flex wp-container-core-group-is-layout-8ee2ad45 wp-block-group-is-layout-flex eplus-styles-uid-117bd0\"><div class=\"article-date wp-block-post-date\"><time datetime=\"2024-10-01T05:54:34+00:00\">01 pa\u017adziernika 2024<\/time><\/div><\/div>\n\n<div class=\"wp-block-group eplus-wrapper is-layout-constrained wp-block-group-is-layout-constrained eplus-styles-uid-ba2e4b\"><div class=\"taxonomy-post_tag has-text-align-center article-tags wp-block-post-terms eplus-styles-uid-d35575\"><a href=\"https:\/\/heritagehubkrakow.org\/pl\/tag\/holistic-heritage-pl\/\" rel=\"tag\">Holistic Heritage<\/a><span class=\"wp-block-post-terms__separator\"> <\/span><a href=\"https:\/\/heritagehubkrakow.org\/pl\/tag\/podcast-pl\/\" rel=\"tag\">Podcast<\/a><\/div><\/div>\n\n\n<h3 class=\" wp-block-heading has-text-align-center eplus-wrapper\"><strong>Via Transilvanica: rumu\u0144skie dziedzictwo krok po kroku<\/strong><\/h3>\n\n\n\n<div style=\"height:30px\" aria-hidden=\"true\" class=\" wp-block-spacer eplus-wrapper\"><\/div>\n\n\n\n<p class=\" eplus-wrapper\">W kolejnym odcinku podcastu ,,Holistic Heritage&#8221; przenosimy si\u0119 do Rumunii, gdzie w\u0119drujemy szlakiem <a href=\"https:\/\/www.viatransilvanica.com\/en\">Via Transilvanica<\/a>. Nasz\u0105 przewodniczk\u0105 jest Ana Szekely, jedna z os\u00f3b odpowiedzialnych za wytyczenie tej drogi.<\/p>\n\n\n\n<p class=\" eplus-wrapper\">To w\u0142a\u015bnie Ana stoi za sukcesem Via Transilvanica \u2013 najd\u0142u\u017cszego szlaku pieszego w Rumunii, uznawanego przez wielu za jeden z najpi\u0119kniejszych na \u015bwiecie. Trasa, licz\u0105ca 1400 kilometr\u00f3w, prowadzi przez siedem region\u00f3w kraju, oferuj\u0105c nie tylko zapieraj\u0105ce dech w piersiach widoki, ale tak\u017ce spotkania z r\u00f3\u017cnorodnymi wsp\u00f3lnotami etnicznymi, kt\u00f3re wzbogacaj\u0105 rumu\u0144sk\u0105 kultur\u0119.<\/p>\n\n\n\n<p class=\" eplus-wrapper\"><a href=\"https:\/\/www.europeanheritageawards.eu\/winners\/via-transilvanica\/\">W 2023 roku Via Transilvanica zosta\u0142a wyr\u00f3\u017cniona\u00a0Nagrod\u0105 Dziedzictwa\u00a0Europejskiego\u00a0\/ Nagrod\u0105 Europa Nostra <\/a>\u2013 najwa\u017cniejszym wyr\u00f3\u017cnieniem przyznawanym projektom dziedzictwa przez Komisj\u0119 Europejsk\u0105 i Europa Nostra.<\/p>\n\n\n\n<p class=\" eplus-wrapper\"><\/p>\n\n\n\n<figure class=\"wp-block-gallery has-nested-images columns-default is-cropped eplus-wrapper wp-block-gallery-1\">\n<figure class=\"wp-block-image size-large eplus-wrapper\"><img loading=\"lazy\" decoding=\"async\" width=\"1024\" height=\"768\" data-id=\"6262\" src=\"https:\/\/heritagehubkrakow.org\/wp-content\/uploads\/2024\/11\/461925285_523393347314610_2848709045548138480_n-1024x768.jpg\" alt=\"\" class=\"wp-image-6262\" srcset=\"https:\/\/heritagehubkrakow.org\/wp-content\/uploads\/2024\/11\/461925285_523393347314610_2848709045548138480_n-1024x768.jpg 1024w, https:\/\/heritagehubkrakow.org\/wp-content\/uploads\/2024\/11\/461925285_523393347314610_2848709045548138480_n-300x225.jpg 300w, https:\/\/heritagehubkrakow.org\/wp-content\/uploads\/2024\/11\/461925285_523393347314610_2848709045548138480_n-768x576.jpg 768w, https:\/\/heritagehubkrakow.org\/wp-content\/uploads\/2024\/11\/461925285_523393347314610_2848709045548138480_n-1536x1152.jpg 1536w, https:\/\/heritagehubkrakow.org\/wp-content\/uploads\/2024\/11\/461925285_523393347314610_2848709045548138480_n.jpg 2048w\" sizes=\"auto, (max-width: 1024px) 100vw, 1024px\" \/><\/figure>\n\n\n\n<figure class=\"wp-block-image size-large eplus-wrapper\"><img loading=\"lazy\" decoding=\"async\" width=\"604\" height=\"893\" data-id=\"6260\" src=\"https:\/\/heritagehubkrakow.org\/wp-content\/uploads\/2024\/11\/462194668_523781120609166_1878706934353476713_n.jpg\" alt=\"\" class=\"wp-image-6260\" srcset=\"https:\/\/heritagehubkrakow.org\/wp-content\/uploads\/2024\/11\/462194668_523781120609166_1878706934353476713_n.jpg 604w, https:\/\/heritagehubkrakow.org\/wp-content\/uploads\/2024\/11\/462194668_523781120609166_1878706934353476713_n-203x300.jpg 203w\" sizes=\"auto, (max-width: 604px) 100vw, 604px\" \/><\/figure>\n\n\n\n<figure class=\"wp-block-image size-large eplus-wrapper\"><img loading=\"lazy\" decoding=\"async\" width=\"500\" height=\"445\" data-id=\"6258\" src=\"https:\/\/heritagehubkrakow.org\/wp-content\/uploads\/2024\/11\/csm_Europa_Nostra_Award_a9e1ab92c3-1.jpg\" alt=\"\" class=\"wp-image-6258\" srcset=\"https:\/\/heritagehubkrakow.org\/wp-content\/uploads\/2024\/11\/csm_Europa_Nostra_Award_a9e1ab92c3-1.jpg 500w, https:\/\/heritagehubkrakow.org\/wp-content\/uploads\/2024\/11\/csm_Europa_Nostra_Award_a9e1ab92c3-1-300x267.jpg 300w\" sizes=\"auto, (max-width: 500px) 100vw, 500px\" \/><\/figure>\n<\/figure>\n\n\n\n<figure class=\"wp-block-gallery has-nested-images columns-default is-cropped eplus-wrapper wp-block-gallery-2\">\n<figure class=\" wp-block-image size-large eplus-wrapper\"><img loading=\"lazy\" decoding=\"async\" width=\"1024\" height=\"768\" data-id=\"6004\" src=\"https:\/\/heritagehubkrakow.org\/wp-content\/uploads\/2024\/10\/20240809_155745-1024x768.jpg\" alt=\"\" class=\"wp-image-6004\" srcset=\"https:\/\/heritagehubkrakow.org\/wp-content\/uploads\/2024\/10\/20240809_155745-1024x768.jpg 1024w, https:\/\/heritagehubkrakow.org\/wp-content\/uploads\/2024\/10\/20240809_155745-300x225.jpg 300w, https:\/\/heritagehubkrakow.org\/wp-content\/uploads\/2024\/10\/20240809_155745-768x576.jpg 768w, https:\/\/heritagehubkrakow.org\/wp-content\/uploads\/2024\/10\/20240809_155745-1536x1152.jpg 1536w, https:\/\/heritagehubkrakow.org\/wp-content\/uploads\/2024\/10\/20240809_155745-2048x1536.jpg 2048w\" sizes=\"auto, (max-width: 1024px) 100vw, 1024px\" \/><\/figure>\n\n\n\n<figure class=\" wp-block-image size-large eplus-wrapper\"><img loading=\"lazy\" decoding=\"async\" width=\"1024\" height=\"768\" data-id=\"6002\" src=\"https:\/\/heritagehubkrakow.org\/wp-content\/uploads\/2024\/10\/20240809_191930-1024x768.jpg\" alt=\"\" class=\"wp-image-6002\" srcset=\"https:\/\/heritagehubkrakow.org\/wp-content\/uploads\/2024\/10\/20240809_191930-1024x768.jpg 1024w, https:\/\/heritagehubkrakow.org\/wp-content\/uploads\/2024\/10\/20240809_191930-300x225.jpg 300w, https:\/\/heritagehubkrakow.org\/wp-content\/uploads\/2024\/10\/20240809_191930-768x576.jpg 768w, https:\/\/heritagehubkrakow.org\/wp-content\/uploads\/2024\/10\/20240809_191930-1536x1152.jpg 1536w, https:\/\/heritagehubkrakow.org\/wp-content\/uploads\/2024\/10\/20240809_191930-2048x1536.jpg 2048w\" sizes=\"auto, (max-width: 1024px) 100vw, 1024px\" \/><\/figure>\n\n\n\n<figure class=\" wp-block-image size-large justify-content-center-mobile eplus-wrapper\"><img loading=\"lazy\" decoding=\"async\" width=\"1024\" height=\"768\" data-id=\"6006\" src=\"https:\/\/heritagehubkrakow.org\/wp-content\/uploads\/2024\/10\/20240809_195116-1024x768.jpg\" alt=\"\" class=\"wp-image-6006\" srcset=\"https:\/\/heritagehubkrakow.org\/wp-content\/uploads\/2024\/10\/20240809_195116-1024x768.jpg 1024w, https:\/\/heritagehubkrakow.org\/wp-content\/uploads\/2024\/10\/20240809_195116-300x225.jpg 300w, https:\/\/heritagehubkrakow.org\/wp-content\/uploads\/2024\/10\/20240809_195116-768x576.jpg 768w, https:\/\/heritagehubkrakow.org\/wp-content\/uploads\/2024\/10\/20240809_195116-1536x1152.jpg 1536w, https:\/\/heritagehubkrakow.org\/wp-content\/uploads\/2024\/10\/20240809_195116-2048x1536.jpg 2048w\" sizes=\"auto, (max-width: 1024px) 100vw, 1024px\" \/><\/figure>\n<\/figure>\n\n\n\n<p class=\" eplus-wrapper\"><\/p>\n\n\n\n<p class=\" eplus-wrapper\">Rok p\u00f3\u017aniej, w sierpniu 2024 roku, dr Katarzyna Jagodzi\u0144ska i John Beauchamp z Europa Nostra Heritage Hub w Krakowie wyruszyli na po\u0142udnie do Piatra F\u00e2nt\u00e2nele, siedziby stowarzyszenia <a href=\"https:\/\/www.tasuleasasocial.ro\/en\/\">T\u0103\u0219uleasa Social<\/a>. Zaopatrzeni w wygodne buty, byli gotowi odkrywa\u0107 rumu\u0144skie dziedzictwo.<\/p>\n\n\n\n<p class=\" eplus-wrapper\">Na szlaku mo\u017cna spotka\u0107 fascynuj\u0105cych ludzi, co potwierdzi\u0142o si\u0119 tak\u017ce tym razem! Podczas w\u0119dr\u00f3wki\u00a0niedaleko bazy T\u0103\u0219uleasa\u00a0poznali\u015bmy <a href=\"https:\/\/ewachwalko.pl\/\">Ew\u0119 Chwa\u0142ko,<\/a> do\u015bwiadczon\u0105 polsk\u0105 w\u0119drowniczk\u0119 i pisark\u0119, kt\u00f3ra przemierza\u0142a tras\u0119, zaczynaj\u0105c od ko\u0144ca.<\/p>\n\n\n\n<p class=\" eplus-wrapper\">Szczeg\u00f3lne podzi\u0119kowania kierujemy r\u00f3wnie\u017c do rodziny i pracownik\u00f3w punktu gastronomicznego <a href=\"https:\/\/maps.app.goo.gl\/vmCdZQwqG9GNHgNF6\">La c\u0103su\u021ba din p\u0103dure<\/a> za serdeczn\u0105 go\u015bcinno\u015b\u0107 i wy\u015bmienit\u0105 zup\u0119 z klopsikami! Poft\u0103 bun\u0103!<\/p>\n\n\n\n<p class=\" eplus-wrapper\"><\/p>\n\n\n\n<div class=\"wp-block-buttons eplus-wrapper is-layout-flex wp-block-buttons-is-layout-flex\"><\/div>\n<\/div>\n\n\n\n<div class=\"wp-block-group eplus-wrapper is-layout-constrained wp-block-group-is-layout-constrained\">\n<iframe loading=\"lazy\" height=\"200px\" width=\"100%\" frameborder=\"no\" scrolling=\"no\" seamless src=\"https:\/\/player.simplecast.com\/0b7d8afc-d5c0-435d-9ee7-69a2b9b686d9?dark=false\"><\/iframe>\n\n\n\n<div style=\"height:48px\" aria-hidden=\"true\" class=\" wp-block-spacer eplus-wrapper\"><\/div>\n\n\n\n<div class=\"wp-block-buttons eplus-wrapper is-layout-flex wp-block-buttons-is-layout-flex\"><div class=\" wp-block-button eplus-wrapper eplus-styles-uid-729d23\"><a class=\"wp-block-button__link wp-element-button\" href=\"https:\/\/heritagehubkrakow.org\/pl\/holistic-heritage\/\">Holistic Heritage Podcasts<\/a><\/div><\/div>\n\n\n\n<div style=\"height:42px\" aria-hidden=\"true\" class=\" wp-block-spacer eplus-wrapper\"><\/div>\n<\/div>\n\n\n\n<div class=\"wp-block-buttons eplus-wrapper is-layout-flex wp-block-buttons-is-layout-flex\"><div class=\" wp-block-button eplus-wrapper eplus-styles-uid-4e509f\"><a class=\"wp-block-button__link wp-element-button\" href=\"https:\/\/open.spotify.com\/show\/6TmfshJuoQNzr91xwuCgJj\" target=\"_blank\" rel=\"noreferrer noopener\">Follow us on SPOTIFY<\/a><\/div><\/div>\n<\/div><\/div>\n\n<div class=\"is-style-section-container wp-block-group alignfull has-blue-light-background-color has-background eplus-wrapper is-layout-constrained wp-block-group-is-layout-constrained eplus-styles-uid-4c6cdd\"><div class=\"wp-block-group alignfull eplus-wrapper is-layout-constrained wp-block-group-is-layout-constrained eplus-styles-uid-6cd479\">\n<div class=\"wp-block-group eplus-wrapper is-layout-constrained wp-block-group-is-layout-constrained\"><h3 class=\" wp-block-heading has-text-align-center eplus-wrapper eplus-styles-uid-0581b0\"><\/h3><\/div>\n<\/div><\/div>","protected":false},"excerpt":{"rendered":"<p>\u201eVia Transilvanica: rumu\u0144skie dziedzictwo krok po kroku\u201d \u2013 to tytu\u0142 najnowszego odcinka podcastu \u201eHolistic Heritage\u201d! Aby go nagra\u0107, sam mikrofon nie wystarczy\u0142 \u2013 musieli\u015bmy za\u0142o\u017cy\u0107 wygodne buty i zarzuci\u0107 na plecy kilka kilogram\u00f3w ekwipunku. Do najd\u0142u\u017cszego szlaku pieszego w Rumunii trzeba przecie\u017c podej\u015b\u0107 z nale\u017cyt\u0105 powag\u0105.<\/p>\n","protected":false},"featured_media":6001,"template":"","meta":{"_acf_changed":false,"editor_plus_copied_stylings":"{}"},"categories":[111],"tags":[156,109],"class_list":["post-6011","project","type-project","status-publish","has-post-thumbnail","hentry","category-podcast-pl","tag-holistic-heritage-pl","tag-podcast-pl"],"acf":false,"yoast_head":"<!-- This site is optimized with the Yoast SEO plugin v23.8 - https:\/\/yoast.com\/wordpress\/plugins\/seo\/ -->\n<title>Via Transilvanica: rumu\u0144skie dziedzictwo krok po kroku - Europa Nostra<\/title>\n<meta name=\"description\" content=\"\u201eVia Transilvanica: rumu\u0144skie dziedzictwo krok po kroku\u201d \u2013 to tytu\u0142 najnowszego odcinka podcastu \u201eHolistic Heritage\u201d! Aby go nagra\u0107, sam mikrofon nie wystarczy\u0142 \u2013 musieli\u015bmy za\u0142o\u017cy\u0107 wygodne buty i zarzuci\u0107 na plecy kilka kilogram\u00f3w ekwipunku. Do najd\u0142u\u017cszego szlaku pieszego w Rumunii trzeba przecie\u017c podej\u015b\u0107 z nale\u017cyt\u0105 powag\u0105.\" \/>\n<meta name=\"robots\" content=\"index, follow, max-snippet:-1, max-image-preview:large, max-video-preview:-1\" \/>\n<link rel=\"canonical\" href=\"https:\/\/heritagehubkrakow.org\/pl\/project\/via-transilvanica-romanian-heritage-step-by-step\/\" \/>\n<meta property=\"og:locale\" content=\"pl_PL\" \/>\n<meta property=\"og:type\" content=\"article\" \/>\n<meta property=\"og:title\" content=\"Via Transilvanica: rumu\u0144skie dziedzictwo krok po kroku - Europa Nostra\" \/>\n<meta property=\"og:description\" content=\"\u201eVia Transilvanica: rumu\u0144skie dziedzictwo krok po kroku\u201d \u2013 to tytu\u0142 najnowszego odcinka podcastu \u201eHolistic Heritage\u201d! Aby go nagra\u0107, sam mikrofon nie wystarczy\u0142 \u2013 musieli\u015bmy za\u0142o\u017cy\u0107 wygodne buty i zarzuci\u0107 na plecy kilka kilogram\u00f3w ekwipunku. Do najd\u0142u\u017cszego szlaku pieszego w Rumunii trzeba przecie\u017c podej\u015b\u0107 z nale\u017cyt\u0105 powag\u0105.\" \/>\n<meta property=\"og:url\" content=\"https:\/\/heritagehubkrakow.org\/pl\/project\/via-transilvanica-romanian-heritage-step-by-step\/\" \/>\n<meta property=\"og:site_name\" content=\"Europa Nostra\" \/>\n<meta property=\"article:modified_time\" content=\"2024-11-19T09:09:10+00:00\" \/>\n<meta property=\"og:image\" content=\"https:\/\/heritagehubkrakow.org\/wp-content\/uploads\/2024\/10\/TMHiZK_podcast_Holistic_spotify-07.jpg\" \/>\n\t<meta property=\"og:image:width\" content=\"1200\" \/>\n\t<meta property=\"og:image:height\" content=\"1200\" \/>\n\t<meta property=\"og:image:type\" content=\"image\/jpeg\" \/>\n<meta name=\"twitter:card\" content=\"summary_large_image\" \/>\n<meta name=\"twitter:label1\" content=\"Szacowany czas czytania\" \/>\n\t<meta name=\"twitter:data1\" content=\"3 minuty\" \/>\n<script type=\"application\/ld+json\" class=\"yoast-schema-graph\">{\"@context\":\"https:\/\/schema.org\",\"@graph\":[{\"@type\":\"WebPage\",\"@id\":\"https:\/\/heritagehubkrakow.org\/pl\/project\/via-transilvanica-romanian-heritage-step-by-step\/\",\"url\":\"https:\/\/heritagehubkrakow.org\/pl\/project\/via-transilvanica-romanian-heritage-step-by-step\/\",\"name\":\"Via Transilvanica: rumu\u0144skie dziedzictwo krok po kroku - Europa Nostra\",\"isPartOf\":{\"@id\":\"https:\/\/heritagehubkrakow.org\/pl\/#website\"},\"primaryImageOfPage\":{\"@id\":\"https:\/\/heritagehubkrakow.org\/pl\/project\/via-transilvanica-romanian-heritage-step-by-step\/#primaryimage\"},\"image\":{\"@id\":\"https:\/\/heritagehubkrakow.org\/pl\/project\/via-transilvanica-romanian-heritage-step-by-step\/#primaryimage\"},\"thumbnailUrl\":\"https:\/\/heritagehubkrakow.org\/wp-content\/uploads\/2024\/10\/TMHiZK_podcast_Holistic_spotify-07.jpg\",\"datePublished\":\"2024-10-01T05:54:34+00:00\",\"dateModified\":\"2024-11-19T09:09:10+00:00\",\"description\":\"\u201eVia Transilvanica: rumu\u0144skie dziedzictwo krok po kroku\u201d \u2013 to tytu\u0142 najnowszego odcinka podcastu \u201eHolistic Heritage\u201d! Aby go nagra\u0107, sam mikrofon nie wystarczy\u0142 \u2013 musieli\u015bmy za\u0142o\u017cy\u0107 wygodne buty i zarzuci\u0107 na plecy kilka kilogram\u00f3w ekwipunku. Do najd\u0142u\u017cszego szlaku pieszego w Rumunii trzeba przecie\u017c podej\u015b\u0107 z nale\u017cyt\u0105 powag\u0105.\",\"breadcrumb\":{\"@id\":\"https:\/\/heritagehubkrakow.org\/pl\/project\/via-transilvanica-romanian-heritage-step-by-step\/#breadcrumb\"},\"inLanguage\":\"pl-PL\",\"potentialAction\":[{\"@type\":\"ReadAction\",\"target\":[\"https:\/\/heritagehubkrakow.org\/pl\/project\/via-transilvanica-romanian-heritage-step-by-step\/\"]}]},{\"@type\":\"ImageObject\",\"inLanguage\":\"pl-PL\",\"@id\":\"https:\/\/heritagehubkrakow.org\/pl\/project\/via-transilvanica-romanian-heritage-step-by-step\/#primaryimage\",\"url\":\"https:\/\/heritagehubkrakow.org\/wp-content\/uploads\/2024\/10\/TMHiZK_podcast_Holistic_spotify-07.jpg\",\"contentUrl\":\"https:\/\/heritagehubkrakow.org\/wp-content\/uploads\/2024\/10\/TMHiZK_podcast_Holistic_spotify-07.jpg\",\"width\":1200,\"height\":1200},{\"@type\":\"BreadcrumbList\",\"@id\":\"https:\/\/heritagehubkrakow.org\/pl\/project\/via-transilvanica-romanian-heritage-step-by-step\/#breadcrumb\",\"itemListElement\":[{\"@type\":\"ListItem\",\"position\":1,\"name\":\"Homepage\",\"item\":\"https:\/\/heritagehubkrakow.org\/pl\/\"},{\"@type\":\"ListItem\",\"position\":2,\"name\":\"Via Transilvanica: rumu\u0144skie dziedzictwo krok po kroku\"}]},{\"@type\":\"WebSite\",\"@id\":\"https:\/\/heritagehubkrakow.org\/pl\/#website\",\"url\":\"https:\/\/heritagehubkrakow.org\/pl\/\",\"name\":\"Europa Nostra\",\"description\":\"Heritage Hub for Central and Eastern Europe\",\"publisher\":{\"@id\":\"https:\/\/heritagehubkrakow.org\/pl\/#organization\"},\"potentialAction\":[{\"@type\":\"SearchAction\",\"target\":{\"@type\":\"EntryPoint\",\"urlTemplate\":\"https:\/\/heritagehubkrakow.org\/pl\/?s={search_term_string}\"},\"query-input\":{\"@type\":\"PropertyValueSpecification\",\"valueRequired\":true,\"valueName\":\"search_term_string\"}}],\"inLanguage\":\"pl-PL\"},{\"@type\":\"Organization\",\"@id\":\"https:\/\/heritagehubkrakow.org\/pl\/#organization\",\"name\":\"Europa Nostra\",\"url\":\"https:\/\/heritagehubkrakow.org\/pl\/\",\"logo\":{\"@type\":\"ImageObject\",\"inLanguage\":\"pl-PL\",\"@id\":\"https:\/\/heritagehubkrakow.org\/pl\/#\/schema\/logo\/image\/\",\"url\":\"https:\/\/heritagehubkrakow.org\/wp-content\/uploads\/2023\/01\/europa-logo.png\",\"contentUrl\":\"https:\/\/heritagehubkrakow.org\/wp-content\/uploads\/2023\/01\/europa-logo.png\",\"width\":218,\"height\":237,\"caption\":\"Europa Nostra\"},\"image\":{\"@id\":\"https:\/\/heritagehubkrakow.org\/pl\/#\/schema\/logo\/image\/\"}}]}<\/script>\n<!-- \/ Yoast SEO plugin. -->","yoast_head_json":{"title":"Via Transilvanica: rumu\u0144skie dziedzictwo krok po kroku - Europa Nostra","description":"\u201eVia Transilvanica: rumu\u0144skie dziedzictwo krok po kroku\u201d \u2013 to tytu\u0142 najnowszego odcinka podcastu \u201eHolistic Heritage\u201d! Aby go nagra\u0107, sam mikrofon nie wystarczy\u0142 \u2013 musieli\u015bmy za\u0142o\u017cy\u0107 wygodne buty i zarzuci\u0107 na plecy kilka kilogram\u00f3w ekwipunku. Do najd\u0142u\u017cszego szlaku pieszego w Rumunii trzeba przecie\u017c podej\u015b\u0107 z nale\u017cyt\u0105 powag\u0105.","robots":{"index":"index","follow":"follow","max-snippet":"max-snippet:-1","max-image-preview":"max-image-preview:large","max-video-preview":"max-video-preview:-1"},"canonical":"https:\/\/heritagehubkrakow.org\/pl\/project\/via-transilvanica-romanian-heritage-step-by-step\/","og_locale":"pl_PL","og_type":"article","og_title":"Via Transilvanica: rumu\u0144skie dziedzictwo krok po kroku - Europa Nostra","og_description":"\u201eVia Transilvanica: rumu\u0144skie dziedzictwo krok po kroku\u201d \u2013 to tytu\u0142 najnowszego odcinka podcastu \u201eHolistic Heritage\u201d! Aby go nagra\u0107, sam mikrofon nie wystarczy\u0142 \u2013 musieli\u015bmy za\u0142o\u017cy\u0107 wygodne buty i zarzuci\u0107 na plecy kilka kilogram\u00f3w ekwipunku. Do najd\u0142u\u017cszego szlaku pieszego w Rumunii trzeba przecie\u017c podej\u015b\u0107 z nale\u017cyt\u0105 powag\u0105.","og_url":"https:\/\/heritagehubkrakow.org\/pl\/project\/via-transilvanica-romanian-heritage-step-by-step\/","og_site_name":"Europa Nostra","article_modified_time":"2024-11-19T09:09:10+00:00","og_image":[{"width":1200,"height":1200,"url":"https:\/\/heritagehubkrakow.org\/wp-content\/uploads\/2024\/10\/TMHiZK_podcast_Holistic_spotify-07.jpg","type":"image\/jpeg"}],"twitter_card":"summary_large_image","twitter_misc":{"Szacowany czas czytania":"3 minuty"},"schema":{"@context":"https:\/\/schema.org","@graph":[{"@type":"WebPage","@id":"https:\/\/heritagehubkrakow.org\/pl\/project\/via-transilvanica-romanian-heritage-step-by-step\/","url":"https:\/\/heritagehubkrakow.org\/pl\/project\/via-transilvanica-romanian-heritage-step-by-step\/","name":"Via Transilvanica: rumu\u0144skie dziedzictwo krok po kroku - Europa Nostra","isPartOf":{"@id":"https:\/\/heritagehubkrakow.org\/pl\/#website"},"primaryImageOfPage":{"@id":"https:\/\/heritagehubkrakow.org\/pl\/project\/via-transilvanica-romanian-heritage-step-by-step\/#primaryimage"},"image":{"@id":"https:\/\/heritagehubkrakow.org\/pl\/project\/via-transilvanica-romanian-heritage-step-by-step\/#primaryimage"},"thumbnailUrl":"https:\/\/heritagehubkrakow.org\/wp-content\/uploads\/2024\/10\/TMHiZK_podcast_Holistic_spotify-07.jpg","datePublished":"2024-10-01T05:54:34+00:00","dateModified":"2024-11-19T09:09:10+00:00","description":"\u201eVia Transilvanica: rumu\u0144skie dziedzictwo krok po kroku\u201d \u2013 to tytu\u0142 najnowszego odcinka podcastu \u201eHolistic Heritage\u201d! Aby go nagra\u0107, sam mikrofon nie wystarczy\u0142 \u2013 musieli\u015bmy za\u0142o\u017cy\u0107 wygodne buty i zarzuci\u0107 na plecy kilka kilogram\u00f3w ekwipunku. Do najd\u0142u\u017cszego szlaku pieszego w Rumunii trzeba przecie\u017c podej\u015b\u0107 z nale\u017cyt\u0105 powag\u0105.","breadcrumb":{"@id":"https:\/\/heritagehubkrakow.org\/pl\/project\/via-transilvanica-romanian-heritage-step-by-step\/#breadcrumb"},"inLanguage":"pl-PL","potentialAction":[{"@type":"ReadAction","target":["https:\/\/heritagehubkrakow.org\/pl\/project\/via-transilvanica-romanian-heritage-step-by-step\/"]}]},{"@type":"ImageObject","inLanguage":"pl-PL","@id":"https:\/\/heritagehubkrakow.org\/pl\/project\/via-transilvanica-romanian-heritage-step-by-step\/#primaryimage","url":"https:\/\/heritagehubkrakow.org\/wp-content\/uploads\/2024\/10\/TMHiZK_podcast_Holistic_spotify-07.jpg","contentUrl":"https:\/\/heritagehubkrakow.org\/wp-content\/uploads\/2024\/10\/TMHiZK_podcast_Holistic_spotify-07.jpg","width":1200,"height":1200},{"@type":"BreadcrumbList","@id":"https:\/\/heritagehubkrakow.org\/pl\/project\/via-transilvanica-romanian-heritage-step-by-step\/#breadcrumb","itemListElement":[{"@type":"ListItem","position":1,"name":"Homepage","item":"https:\/\/heritagehubkrakow.org\/pl\/"},{"@type":"ListItem","position":2,"name":"Via Transilvanica: rumu\u0144skie dziedzictwo krok po kroku"}]},{"@type":"WebSite","@id":"https:\/\/heritagehubkrakow.org\/pl\/#website","url":"https:\/\/heritagehubkrakow.org\/pl\/","name":"Europa Nostra","description":"Heritage Hub for Central and Eastern Europe","publisher":{"@id":"https:\/\/heritagehubkrakow.org\/pl\/#organization"},"potentialAction":[{"@type":"SearchAction","target":{"@type":"EntryPoint","urlTemplate":"https:\/\/heritagehubkrakow.org\/pl\/?s={search_term_string}"},"query-input":{"@type":"PropertyValueSpecification","valueRequired":true,"valueName":"search_term_string"}}],"inLanguage":"pl-PL"},{"@type":"Organization","@id":"https:\/\/heritagehubkrakow.org\/pl\/#organization","name":"Europa Nostra","url":"https:\/\/heritagehubkrakow.org\/pl\/","logo":{"@type":"ImageObject","inLanguage":"pl-PL","@id":"https:\/\/heritagehubkrakow.org\/pl\/#\/schema\/logo\/image\/","url":"https:\/\/heritagehubkrakow.org\/wp-content\/uploads\/2023\/01\/europa-logo.png","contentUrl":"https:\/\/heritagehubkrakow.org\/wp-content\/uploads\/2023\/01\/europa-logo.png","width":218,"height":237,"caption":"Europa Nostra"},"image":{"@id":"https:\/\/heritagehubkrakow.org\/pl\/#\/schema\/logo\/image\/"}}]}},"_links":{"self":[{"href":"https:\/\/heritagehubkrakow.org\/pl\/wp-json\/wp\/v2\/project\/6011","targetHints":{"allow":["GET"]}}],"collection":[{"href":"https:\/\/heritagehubkrakow.org\/pl\/wp-json\/wp\/v2\/project"}],"about":[{"href":"https:\/\/heritagehubkrakow.org\/pl\/wp-json\/wp\/v2\/types\/project"}],"wp:featuredmedia":[{"embeddable":true,"href":"https:\/\/heritagehubkrakow.org\/pl\/wp-json\/wp\/v2\/media\/6001"}],"wp:attachment":[{"href":"https:\/\/heritagehubkrakow.org\/pl\/wp-json\/wp\/v2\/media?parent=6011"}],"wp:term":[{"taxonomy":"category","embeddable":true,"href":"https:\/\/heritagehubkrakow.org\/pl\/wp-json\/wp\/v2\/categories?post=6011"},{"taxonomy":"post_tag","embeddable":true,"href":"https:\/\/heritagehubkrakow.org\/pl\/wp-json\/wp\/v2\/tags?post=6011"}],"curies":[{"name":"wp","href":"https:\/\/api.w.org\/{rel}","templated":true}]}}