{"id":6144,"date":"2024-10-22T06:12:53","date_gmt":"2024-10-22T06:12:53","guid":{"rendered":"https:\/\/heritagehubkrakow.org\/?post_type=project&#038;p=6144"},"modified":"2024-10-22T06:45:20","modified_gmt":"2024-10-22T06:45:20","slug":"kowno-modernistyczna-architektura-modernizmu","status":"publish","type":"project","link":"https:\/\/heritagehubkrakow.org\/pl\/project\/kowno-modernistyczna-architektura-modernizmu\/","title":{"rendered":"Kowno: modernistyczna architektura modernizmu"},"content":{"rendered":"<div class=\"is-style-section-container, has-white-text is-style-section-container wp-block-group alignfull has-red-background-color has-background eplus-wrapper is-layout-constrained wp-block-group-is-layout-constrained eplus-styles-uid-6f219c\"><div class=\"is-style-section-container wp-block-group alignfull eplus-wrapper is-layout-constrained wp-block-group-is-layout-constrained eplus-styles-uid-38b380\"><div style=\"background-image:url('https:\/\/heritagehubkrakow.org\/wp-content\/uploads\/2024\/06\/H_5-1-1.png');background-size:cover;\" class=\"has-white-text wp-block-group alignfull has-white-color has-text-color eplus-wrapper is-layout-constrained wp-block-group-is-layout-constrained has-background eplus-styles-uid-0ed7c1\"><h1 class=\" wp-block-heading has-text-align-center eplus-wrapper eplus-styles-uid-49faf1\"><strong>KOWNO: MODERNISTYCZNA ARCHITEKTURA OPTYMIZMU<\/strong><\/h1>\n\n\n<p class=\" has-text-align-center eplus-wrapper\"><\/p>\n\n\n<div class=\"yoast-breadcrumbs\"><span><span><a href=\"https:\/\/heritagehubkrakow.org\/pl\/\">Homepage<\/a><\/span> &#8211; <span class=\"breadcrumb_last\" aria-current=\"page\">Kowno: modernistyczna architektura modernizmu<\/span><\/span><\/div><\/div><\/div><\/div>\n\n<div class=\"is-style-section-container wp-block-group alignfull has-green-dark-background-color has-background eplus-wrapper is-layout-constrained wp-block-group-is-layout-constrained eplus-styles-uid-4c6cdd\"><div class=\"wp-block-group alignfull has-green-dark-background-color has-background eplus-wrapper is-layout-constrained wp-block-group-is-layout-constrained eplus-styles-uid-24f6f4\">\n<div class=\"wp-block-group eplus-wrapper is-layout-constrained wp-block-group-is-layout-constrained\"><div class=\"wp-block-group eplus-wrapper is-content-justification-center is-layout-flex wp-container-core-group-is-layout-8ee2ad45 wp-block-group-is-layout-flex eplus-styles-uid-117bd0\"><div class=\"article-date wp-block-post-date\"><time datetime=\"2024-10-22T06:12:53+00:00\">22 pa\u017adziernika 2024<\/time><\/div><\/div>\n\n<div class=\"wp-block-group eplus-wrapper is-layout-constrained wp-block-group-is-layout-constrained eplus-styles-uid-ba2e4b\"><div class=\"taxonomy-post_tag has-text-align-center article-tags wp-block-post-terms eplus-styles-uid-d35575\"><a href=\"https:\/\/heritagehubkrakow.org\/pl\/tag\/holistic-heritage-pl\/\" rel=\"tag\">Holistic Heritage<\/a><span class=\"wp-block-post-terms__separator\"> <\/span><a href=\"https:\/\/heritagehubkrakow.org\/pl\/tag\/podcast-pl\/\" rel=\"tag\">Podcast<\/a><\/div><\/div>\n\n\n<h3 class=\" wp-block-heading has-text-align-center eplus-wrapper\">Kowno: modernistyczna architektura optymizmu<\/h3>\n\n\n\n<p class=\" has-text-align-center eplus-wrapper\"><\/p>\n\n\n\n<div style=\"height:30px\" aria-hidden=\"true\" class=\" wp-block-spacer eplus-wrapper\"><\/div>\n\n\n\n<p class=\" eplus-wrapper\">W kolejnym odcinku podcastu z serii \u201eHolistic Heritage\u201d przenosimy si\u0119 na Litw\u0119, a dok\u0142adniej do Kowna. Wszystko po to, aby dowiedzie\u0107 si\u0119 wi\u0119cej o architektonicznych skarbach miasta, kt\u00f3re w 2022 roku dzier\u017cy\u0142o zaszczytny tytu\u0142 Europejskiej Stolicy Kultury, a niedawno odnotowa\u0142o kolejny sukces \u2013 zosta\u0142o wpisane na <a href=\"https:\/\/www.unesco.pl\/kultura\/dziedzictwo-kulturowe\/swiatowe-dziedzictwo\/lista-swiatowego-dziedzictwa\/\">List\u0119 \u015bwiatowego dziedzictwa UNESCO<\/a> pod tytu\u0142em \u201eModernistyczne Kowno: architektura optymizmu, 1919-1939\u201d.<\/p>\n\n\n\n<p class=\" eplus-wrapper\">Rozm\u00f3wc\u0105 dr Katarzyny Jagodzi\u0144skiej i Johna Beauchampa jest Vaidas Petrulis, historyk architektury z <a href=\"https:\/\/en.ktu.edu\/\">Uniwersytetu Technicznego w Kownie<\/a>. Przybli\u017ca on specyfik\u0119 modernistycznej architektury miasta w kontek\u015bcie jej ochrony i uznania. Opowiada r\u00f3wnie\u017c o jej znaczeniu dla narodu litewskiego w okresie mi\u0119dzywojennym, kiedy \u201eprawdziwa\u201d litewska stolica \u2013 Wilno \u2013 by\u0142a cz\u0119\u015bci\u0105\u00a0Polski.<\/p>\n\n\n\n<p class=\" eplus-wrapper\">Zas\u0142uchaj si\u0119 w dziedzictwo! Dowiedz si\u0119 wi\u0119cej, jakie znaczenie dla rozwoju Kowna mia\u0142o zdobycie przez niego tytu\u0142u Europejskiej Stolicy Kultury oraz niedawny wpis na List\u0119 \u015bwiatowego dziedzictwa UNESCO! \u00a0<\/p>\n\n\n\n<p class=\" eplus-wrapper\"><\/p>\n\n\n\n<figure class=\"wp-block-gallery aligncenter has-nested-images columns-default is-cropped eplus-wrapper wp-block-gallery-1\">\n<figure class=\" wp-block-image size-large eplus-wrapper\"><img loading=\"lazy\" decoding=\"async\" width=\"1024\" height=\"576\" data-id=\"6142\" src=\"https:\/\/heritagehubkrakow.org\/wp-content\/uploads\/2024\/10\/TMHiZK_podcast_Holistic_spotify-1024x576.jpg\" alt=\"\" class=\"wp-image-6142\" srcset=\"https:\/\/heritagehubkrakow.org\/wp-content\/uploads\/2024\/10\/TMHiZK_podcast_Holistic_spotify-1024x576.jpg 1024w, https:\/\/heritagehubkrakow.org\/wp-content\/uploads\/2024\/10\/TMHiZK_podcast_Holistic_spotify-300x169.jpg 300w, https:\/\/heritagehubkrakow.org\/wp-content\/uploads\/2024\/10\/TMHiZK_podcast_Holistic_spotify-768x432.jpg 768w, https:\/\/heritagehubkrakow.org\/wp-content\/uploads\/2024\/10\/TMHiZK_podcast_Holistic_spotify-1536x864.jpg 1536w, https:\/\/heritagehubkrakow.org\/wp-content\/uploads\/2024\/10\/TMHiZK_podcast_Holistic_spotify.jpg 1920w\" sizes=\"auto, (max-width: 1024px) 100vw, 1024px\" \/><\/figure>\n<\/figure>\n\n\n\n<p class=\" eplus-wrapper\"><\/p>\n\n\n\n<div class=\"wp-block-buttons eplus-wrapper is-layout-flex wp-block-buttons-is-layout-flex\"><\/div>\n<\/div>\n\n\n\n<div class=\"wp-block-group eplus-wrapper is-layout-constrained wp-block-group-is-layout-constrained\">\n<iframe loading=\"lazy\" height=\"200px\" width=\"100%\" frameborder=\"no\" scrolling=\"no\" seamless src=\"https:\/\/player.simplecast.com\/3465e307-97f0-470f-a9e8-743dacc68cee?dark=false\"><\/iframe>\n\n\n\n<div style=\"height:48px\" aria-hidden=\"true\" class=\" wp-block-spacer eplus-wrapper\"><\/div>\n\n\n\n<div class=\"wp-block-buttons eplus-wrapper is-layout-flex wp-block-buttons-is-layout-flex\"><div class=\" wp-block-button eplus-wrapper eplus-styles-uid-3302e4\"><a class=\"wp-block-button__link wp-element-button\" href=\"https:\/\/heritagehubkrakow.org\/pl\/holistic-heritage\/\">Holistic Heritage Podcasts<\/a><\/div><\/div>\n\n\n\n<div style=\"height:42px\" aria-hidden=\"true\" class=\" wp-block-spacer eplus-wrapper\"><\/div>\n<\/div>\n\n\n\n<div class=\"wp-block-buttons eplus-wrapper is-layout-flex wp-block-buttons-is-layout-flex\"><div class=\" wp-block-button eplus-wrapper eplus-styles-uid-a1740e\"><a class=\"wp-block-button__link wp-element-button\" href=\"https:\/\/open.spotify.com\/show\/6TmfshJuoQNzr91xwuCgJj\" target=\"_blank\" rel=\"noreferrer noopener\">Follow us on SPOTIFY<\/a><\/div><\/div>\n<\/div><\/div>\n\n<div class=\"is-style-section-container wp-block-group alignfull has-blue-light-background-color has-background eplus-wrapper is-layout-constrained wp-block-group-is-layout-constrained eplus-styles-uid-4c6cdd\"><div class=\"wp-block-group alignfull eplus-wrapper is-layout-constrained wp-block-group-is-layout-constrained eplus-styles-uid-6cd479\">\n<div class=\"wp-block-group eplus-wrapper is-layout-constrained wp-block-group-is-layout-constrained\"><h3 class=\" wp-block-heading has-text-align-center eplus-wrapper eplus-styles-uid-0581b0\"><\/h3><\/div>\n<\/div><\/div>","protected":false},"excerpt":{"rendered":"<p>W najnowszym odcinku podcastu \u201eHolistic Heritage\u201d zabieramy Was do Kowna! To drugie pod wzgl\u0119dem liczby mieszka\u0144c\u00f3w miasto Litwy oczarowa\u0142o ca\u0142\u0105 Europ\u0119, dzi\u0119ki czemu otrzyma\u0142o tytu\u0142 Europejskiej Stolicy Kultury 2022. Dowodem na to, \u017ce szcz\u0119\u015bcia te\u017c chodz\u0105 parami, jest niedawne wpisanie Kowna na List\u0119 \u015bwiatowego dziedzictwa UNESCO pod tytu\u0142em \u201eModernistyczne Kowno: architektura optymizmu, 1919-1939\u201d!<\/p>\n","protected":false},"featured_media":6141,"template":"","meta":{"_acf_changed":false,"editor_plus_copied_stylings":"{}"},"categories":[111],"tags":[156,109],"class_list":["post-6144","project","type-project","status-publish","has-post-thumbnail","hentry","category-podcast-pl","tag-holistic-heritage-pl","tag-podcast-pl"],"acf":false,"yoast_head":"<!-- This site is optimized with the Yoast SEO plugin v23.8 - https:\/\/yoast.com\/wordpress\/plugins\/seo\/ -->\n<title>Kowno: modernistyczna architektura modernizmu - Europa Nostra<\/title>\n<meta name=\"description\" content=\"W najnowszym odcinku podcastu \u201eHolistic Heritage\u201d zabieramy Was do Kowna! To drugie pod wzgl\u0119dem liczby mieszka\u0144c\u00f3w miasto Litwy oczarowa\u0142o ca\u0142\u0105 Europ\u0119, dzi\u0119ki czemu otrzyma\u0142o tytu\u0142 Europejskiej Stolicy Kultury 2022. Dowodem na to, \u017ce szcz\u0119\u015bcia te\u017c chodz\u0105 parami, jest niedawne wpisanie Kowna na List\u0119 \u015bwiatowego dziedzictwa UNESCO pod tytu\u0142em \u201eModernistyczne Kowno: architektura optymizmu, 1919-1939\u201d!\" \/>\n<meta name=\"robots\" content=\"index, follow, max-snippet:-1, max-image-preview:large, max-video-preview:-1\" \/>\n<link rel=\"canonical\" href=\"https:\/\/heritagehubkrakow.org\/pl\/project\/kowno-modernistyczna-architektura-modernizmu\/\" \/>\n<meta property=\"og:locale\" content=\"pl_PL\" \/>\n<meta property=\"og:type\" content=\"article\" \/>\n<meta property=\"og:title\" content=\"Kowno: modernistyczna architektura modernizmu - Europa Nostra\" \/>\n<meta property=\"og:description\" content=\"W najnowszym odcinku podcastu \u201eHolistic Heritage\u201d zabieramy Was do Kowna! To drugie pod wzgl\u0119dem liczby mieszka\u0144c\u00f3w miasto Litwy oczarowa\u0142o ca\u0142\u0105 Europ\u0119, dzi\u0119ki czemu otrzyma\u0142o tytu\u0142 Europejskiej Stolicy Kultury 2022. Dowodem na to, \u017ce szcz\u0119\u015bcia te\u017c chodz\u0105 parami, jest niedawne wpisanie Kowna na List\u0119 \u015bwiatowego dziedzictwa UNESCO pod tytu\u0142em \u201eModernistyczne Kowno: architektura optymizmu, 1919-1939\u201d!\" \/>\n<meta property=\"og:url\" content=\"https:\/\/heritagehubkrakow.org\/pl\/project\/kowno-modernistyczna-architektura-modernizmu\/\" \/>\n<meta property=\"og:site_name\" content=\"Europa Nostra\" \/>\n<meta property=\"article:modified_time\" content=\"2024-10-22T06:45:20+00:00\" \/>\n<meta property=\"og:image\" content=\"https:\/\/heritagehubkrakow.org\/wp-content\/uploads\/2024\/10\/TMHiZK_podcast_Holistic_spotify-08-1.jpg\" \/>\n\t<meta property=\"og:image:width\" content=\"1200\" \/>\n\t<meta property=\"og:image:height\" content=\"1200\" \/>\n\t<meta property=\"og:image:type\" content=\"image\/jpeg\" \/>\n<meta name=\"twitter:card\" content=\"summary_large_image\" \/>\n<meta name=\"twitter:label1\" content=\"Szacowany czas czytania\" \/>\n\t<meta name=\"twitter:data1\" content=\"2 minuty\" \/>\n<script type=\"application\/ld+json\" class=\"yoast-schema-graph\">{\"@context\":\"https:\/\/schema.org\",\"@graph\":[{\"@type\":\"WebPage\",\"@id\":\"https:\/\/heritagehubkrakow.org\/pl\/project\/kowno-modernistyczna-architektura-modernizmu\/\",\"url\":\"https:\/\/heritagehubkrakow.org\/pl\/project\/kowno-modernistyczna-architektura-modernizmu\/\",\"name\":\"Kowno: modernistyczna architektura modernizmu - Europa Nostra\",\"isPartOf\":{\"@id\":\"https:\/\/heritagehubkrakow.org\/pl\/#website\"},\"primaryImageOfPage\":{\"@id\":\"https:\/\/heritagehubkrakow.org\/pl\/project\/kowno-modernistyczna-architektura-modernizmu\/#primaryimage\"},\"image\":{\"@id\":\"https:\/\/heritagehubkrakow.org\/pl\/project\/kowno-modernistyczna-architektura-modernizmu\/#primaryimage\"},\"thumbnailUrl\":\"https:\/\/heritagehubkrakow.org\/wp-content\/uploads\/2024\/10\/TMHiZK_podcast_Holistic_spotify-08-1.jpg\",\"datePublished\":\"2024-10-22T06:12:53+00:00\",\"dateModified\":\"2024-10-22T06:45:20+00:00\",\"description\":\"W najnowszym odcinku podcastu \u201eHolistic Heritage\u201d zabieramy Was do Kowna! To drugie pod wzgl\u0119dem liczby mieszka\u0144c\u00f3w miasto Litwy oczarowa\u0142o ca\u0142\u0105 Europ\u0119, dzi\u0119ki czemu otrzyma\u0142o tytu\u0142 Europejskiej Stolicy Kultury 2022. Dowodem na to, \u017ce szcz\u0119\u015bcia te\u017c chodz\u0105 parami, jest niedawne wpisanie Kowna na List\u0119 \u015bwiatowego dziedzictwa UNESCO pod tytu\u0142em \u201eModernistyczne Kowno: architektura optymizmu, 1919-1939\u201d!\",\"breadcrumb\":{\"@id\":\"https:\/\/heritagehubkrakow.org\/pl\/project\/kowno-modernistyczna-architektura-modernizmu\/#breadcrumb\"},\"inLanguage\":\"pl-PL\",\"potentialAction\":[{\"@type\":\"ReadAction\",\"target\":[\"https:\/\/heritagehubkrakow.org\/pl\/project\/kowno-modernistyczna-architektura-modernizmu\/\"]}]},{\"@type\":\"ImageObject\",\"inLanguage\":\"pl-PL\",\"@id\":\"https:\/\/heritagehubkrakow.org\/pl\/project\/kowno-modernistyczna-architektura-modernizmu\/#primaryimage\",\"url\":\"https:\/\/heritagehubkrakow.org\/wp-content\/uploads\/2024\/10\/TMHiZK_podcast_Holistic_spotify-08-1.jpg\",\"contentUrl\":\"https:\/\/heritagehubkrakow.org\/wp-content\/uploads\/2024\/10\/TMHiZK_podcast_Holistic_spotify-08-1.jpg\",\"width\":1200,\"height\":1200},{\"@type\":\"BreadcrumbList\",\"@id\":\"https:\/\/heritagehubkrakow.org\/pl\/project\/kowno-modernistyczna-architektura-modernizmu\/#breadcrumb\",\"itemListElement\":[{\"@type\":\"ListItem\",\"position\":1,\"name\":\"Homepage\",\"item\":\"https:\/\/heritagehubkrakow.org\/pl\/\"},{\"@type\":\"ListItem\",\"position\":2,\"name\":\"Kowno: modernistyczna architektura modernizmu\"}]},{\"@type\":\"WebSite\",\"@id\":\"https:\/\/heritagehubkrakow.org\/pl\/#website\",\"url\":\"https:\/\/heritagehubkrakow.org\/pl\/\",\"name\":\"Europa Nostra\",\"description\":\"Heritage Hub for Central and Eastern Europe\",\"publisher\":{\"@id\":\"https:\/\/heritagehubkrakow.org\/pl\/#organization\"},\"potentialAction\":[{\"@type\":\"SearchAction\",\"target\":{\"@type\":\"EntryPoint\",\"urlTemplate\":\"https:\/\/heritagehubkrakow.org\/pl\/?s={search_term_string}\"},\"query-input\":{\"@type\":\"PropertyValueSpecification\",\"valueRequired\":true,\"valueName\":\"search_term_string\"}}],\"inLanguage\":\"pl-PL\"},{\"@type\":\"Organization\",\"@id\":\"https:\/\/heritagehubkrakow.org\/pl\/#organization\",\"name\":\"Europa Nostra\",\"url\":\"https:\/\/heritagehubkrakow.org\/pl\/\",\"logo\":{\"@type\":\"ImageObject\",\"inLanguage\":\"pl-PL\",\"@id\":\"https:\/\/heritagehubkrakow.org\/pl\/#\/schema\/logo\/image\/\",\"url\":\"https:\/\/heritagehubkrakow.org\/wp-content\/uploads\/2023\/01\/europa-logo.png\",\"contentUrl\":\"https:\/\/heritagehubkrakow.org\/wp-content\/uploads\/2023\/01\/europa-logo.png\",\"width\":218,\"height\":237,\"caption\":\"Europa Nostra\"},\"image\":{\"@id\":\"https:\/\/heritagehubkrakow.org\/pl\/#\/schema\/logo\/image\/\"}}]}<\/script>\n<!-- \/ Yoast SEO plugin. -->","yoast_head_json":{"title":"Kowno: modernistyczna architektura modernizmu - Europa Nostra","description":"W najnowszym odcinku podcastu \u201eHolistic Heritage\u201d zabieramy Was do Kowna! To drugie pod wzgl\u0119dem liczby mieszka\u0144c\u00f3w miasto Litwy oczarowa\u0142o ca\u0142\u0105 Europ\u0119, dzi\u0119ki czemu otrzyma\u0142o tytu\u0142 Europejskiej Stolicy Kultury 2022. Dowodem na to, \u017ce szcz\u0119\u015bcia te\u017c chodz\u0105 parami, jest niedawne wpisanie Kowna na List\u0119 \u015bwiatowego dziedzictwa UNESCO pod tytu\u0142em \u201eModernistyczne Kowno: architektura optymizmu, 1919-1939\u201d!","robots":{"index":"index","follow":"follow","max-snippet":"max-snippet:-1","max-image-preview":"max-image-preview:large","max-video-preview":"max-video-preview:-1"},"canonical":"https:\/\/heritagehubkrakow.org\/pl\/project\/kowno-modernistyczna-architektura-modernizmu\/","og_locale":"pl_PL","og_type":"article","og_title":"Kowno: modernistyczna architektura modernizmu - Europa Nostra","og_description":"W najnowszym odcinku podcastu \u201eHolistic Heritage\u201d zabieramy Was do Kowna! To drugie pod wzgl\u0119dem liczby mieszka\u0144c\u00f3w miasto Litwy oczarowa\u0142o ca\u0142\u0105 Europ\u0119, dzi\u0119ki czemu otrzyma\u0142o tytu\u0142 Europejskiej Stolicy Kultury 2022. Dowodem na to, \u017ce szcz\u0119\u015bcia te\u017c chodz\u0105 parami, jest niedawne wpisanie Kowna na List\u0119 \u015bwiatowego dziedzictwa UNESCO pod tytu\u0142em \u201eModernistyczne Kowno: architektura optymizmu, 1919-1939\u201d!","og_url":"https:\/\/heritagehubkrakow.org\/pl\/project\/kowno-modernistyczna-architektura-modernizmu\/","og_site_name":"Europa Nostra","article_modified_time":"2024-10-22T06:45:20+00:00","og_image":[{"width":1200,"height":1200,"url":"https:\/\/heritagehubkrakow.org\/wp-content\/uploads\/2024\/10\/TMHiZK_podcast_Holistic_spotify-08-1.jpg","type":"image\/jpeg"}],"twitter_card":"summary_large_image","twitter_misc":{"Szacowany czas czytania":"2 minuty"},"schema":{"@context":"https:\/\/schema.org","@graph":[{"@type":"WebPage","@id":"https:\/\/heritagehubkrakow.org\/pl\/project\/kowno-modernistyczna-architektura-modernizmu\/","url":"https:\/\/heritagehubkrakow.org\/pl\/project\/kowno-modernistyczna-architektura-modernizmu\/","name":"Kowno: modernistyczna architektura modernizmu - Europa Nostra","isPartOf":{"@id":"https:\/\/heritagehubkrakow.org\/pl\/#website"},"primaryImageOfPage":{"@id":"https:\/\/heritagehubkrakow.org\/pl\/project\/kowno-modernistyczna-architektura-modernizmu\/#primaryimage"},"image":{"@id":"https:\/\/heritagehubkrakow.org\/pl\/project\/kowno-modernistyczna-architektura-modernizmu\/#primaryimage"},"thumbnailUrl":"https:\/\/heritagehubkrakow.org\/wp-content\/uploads\/2024\/10\/TMHiZK_podcast_Holistic_spotify-08-1.jpg","datePublished":"2024-10-22T06:12:53+00:00","dateModified":"2024-10-22T06:45:20+00:00","description":"W najnowszym odcinku podcastu \u201eHolistic Heritage\u201d zabieramy Was do Kowna! To drugie pod wzgl\u0119dem liczby mieszka\u0144c\u00f3w miasto Litwy oczarowa\u0142o ca\u0142\u0105 Europ\u0119, dzi\u0119ki czemu otrzyma\u0142o tytu\u0142 Europejskiej Stolicy Kultury 2022. Dowodem na to, \u017ce szcz\u0119\u015bcia te\u017c chodz\u0105 parami, jest niedawne wpisanie Kowna na List\u0119 \u015bwiatowego dziedzictwa UNESCO pod tytu\u0142em \u201eModernistyczne Kowno: architektura optymizmu, 1919-1939\u201d!","breadcrumb":{"@id":"https:\/\/heritagehubkrakow.org\/pl\/project\/kowno-modernistyczna-architektura-modernizmu\/#breadcrumb"},"inLanguage":"pl-PL","potentialAction":[{"@type":"ReadAction","target":["https:\/\/heritagehubkrakow.org\/pl\/project\/kowno-modernistyczna-architektura-modernizmu\/"]}]},{"@type":"ImageObject","inLanguage":"pl-PL","@id":"https:\/\/heritagehubkrakow.org\/pl\/project\/kowno-modernistyczna-architektura-modernizmu\/#primaryimage","url":"https:\/\/heritagehubkrakow.org\/wp-content\/uploads\/2024\/10\/TMHiZK_podcast_Holistic_spotify-08-1.jpg","contentUrl":"https:\/\/heritagehubkrakow.org\/wp-content\/uploads\/2024\/10\/TMHiZK_podcast_Holistic_spotify-08-1.jpg","width":1200,"height":1200},{"@type":"BreadcrumbList","@id":"https:\/\/heritagehubkrakow.org\/pl\/project\/kowno-modernistyczna-architektura-modernizmu\/#breadcrumb","itemListElement":[{"@type":"ListItem","position":1,"name":"Homepage","item":"https:\/\/heritagehubkrakow.org\/pl\/"},{"@type":"ListItem","position":2,"name":"Kowno: modernistyczna architektura modernizmu"}]},{"@type":"WebSite","@id":"https:\/\/heritagehubkrakow.org\/pl\/#website","url":"https:\/\/heritagehubkrakow.org\/pl\/","name":"Europa Nostra","description":"Heritage Hub for Central and Eastern Europe","publisher":{"@id":"https:\/\/heritagehubkrakow.org\/pl\/#organization"},"potentialAction":[{"@type":"SearchAction","target":{"@type":"EntryPoint","urlTemplate":"https:\/\/heritagehubkrakow.org\/pl\/?s={search_term_string}"},"query-input":{"@type":"PropertyValueSpecification","valueRequired":true,"valueName":"search_term_string"}}],"inLanguage":"pl-PL"},{"@type":"Organization","@id":"https:\/\/heritagehubkrakow.org\/pl\/#organization","name":"Europa Nostra","url":"https:\/\/heritagehubkrakow.org\/pl\/","logo":{"@type":"ImageObject","inLanguage":"pl-PL","@id":"https:\/\/heritagehubkrakow.org\/pl\/#\/schema\/logo\/image\/","url":"https:\/\/heritagehubkrakow.org\/wp-content\/uploads\/2023\/01\/europa-logo.png","contentUrl":"https:\/\/heritagehubkrakow.org\/wp-content\/uploads\/2023\/01\/europa-logo.png","width":218,"height":237,"caption":"Europa Nostra"},"image":{"@id":"https:\/\/heritagehubkrakow.org\/pl\/#\/schema\/logo\/image\/"}}]}},"_links":{"self":[{"href":"https:\/\/heritagehubkrakow.org\/pl\/wp-json\/wp\/v2\/project\/6144","targetHints":{"allow":["GET"]}}],"collection":[{"href":"https:\/\/heritagehubkrakow.org\/pl\/wp-json\/wp\/v2\/project"}],"about":[{"href":"https:\/\/heritagehubkrakow.org\/pl\/wp-json\/wp\/v2\/types\/project"}],"wp:featuredmedia":[{"embeddable":true,"href":"https:\/\/heritagehubkrakow.org\/pl\/wp-json\/wp\/v2\/media\/6141"}],"wp:attachment":[{"href":"https:\/\/heritagehubkrakow.org\/pl\/wp-json\/wp\/v2\/media?parent=6144"}],"wp:term":[{"taxonomy":"category","embeddable":true,"href":"https:\/\/heritagehubkrakow.org\/pl\/wp-json\/wp\/v2\/categories?post=6144"},{"taxonomy":"post_tag","embeddable":true,"href":"https:\/\/heritagehubkrakow.org\/pl\/wp-json\/wp\/v2\/tags?post=6144"}],"curies":[{"name":"wp","href":"https:\/\/api.w.org\/{rel}","templated":true}]}}