{"id":6294,"date":"2024-11-05T11:54:47","date_gmt":"2024-11-05T11:54:47","guid":{"rendered":"https:\/\/heritagehubkrakow.org\/?post_type=project&#038;p=6294"},"modified":"2024-11-07T18:10:07","modified_gmt":"2024-11-07T18:10:07","slug":"europejskie-oscary-dziedzictwa-kulturowego","status":"publish","type":"project","link":"https:\/\/heritagehubkrakow.org\/pl\/project\/europejskie-oscary-dziedzictwa-kulturowego\/","title":{"rendered":"Europejskie \u201eOscary\u201d dziedzictwa kulturowego"},"content":{"rendered":"<div class=\"is-style-section-container, has-white-text is-style-section-container wp-block-group alignfull has-red-background-color has-background eplus-wrapper is-layout-constrained wp-block-group-is-layout-constrained eplus-styles-uid-6f219c\"><div class=\"is-style-section-container wp-block-group alignfull eplus-wrapper is-layout-constrained wp-block-group-is-layout-constrained eplus-styles-uid-38b380\"><div style=\"background-image:url('https:\/\/heritagehubkrakow.org\/wp-content\/uploads\/2024\/06\/H_5-1-1.png');background-size:cover;\" class=\"has-white-text wp-block-group alignfull has-white-color has-text-color eplus-wrapper is-layout-constrained wp-block-group-is-layout-constrained has-background eplus-styles-uid-0ed7c1\"><h1 class=\" wp-block-heading has-text-align-center eplus-wrapper eplus-styles-uid-49faf1\"><strong>Europejskie \u201eOscary\u201d dziedzictwa kulturowego<\/strong><\/h1>\n\n<div class=\"yoast-breadcrumbs\"><span><span><a href=\"https:\/\/heritagehubkrakow.org\/pl\/\">Homepage<\/a><\/span> &#8211; <span class=\"breadcrumb_last\" aria-current=\"page\">Europejskie \u201eOscary\u201d dziedzictwa kulturowego<\/span><\/span><\/div><\/div><\/div><\/div>\n\n<div class=\"is-style-section-container wp-block-group alignfull has-green-dark-background-color has-background eplus-wrapper is-layout-constrained wp-block-group-is-layout-constrained eplus-styles-uid-4c6cdd\"><div class=\"wp-block-group alignfull has-green-dark-background-color has-background eplus-wrapper is-layout-constrained wp-block-group-is-layout-constrained eplus-styles-uid-24f6f4\">\n<div class=\"wp-block-group eplus-wrapper is-layout-constrained wp-block-group-is-layout-constrained\"><div class=\"wp-block-group eplus-wrapper is-content-justification-center is-layout-flex wp-container-core-group-is-layout-8ee2ad45 wp-block-group-is-layout-flex eplus-styles-uid-117bd0\"><div class=\"article-date wp-block-post-date\"><time datetime=\"2024-11-05T11:54:47+00:00\">05 listopada 2024<\/time><\/div><\/div>\n\n<div class=\"wp-block-group eplus-wrapper is-layout-constrained wp-block-group-is-layout-constrained eplus-styles-uid-ba2e4b\"><div class=\"taxonomy-post_tag has-text-align-center article-tags wp-block-post-terms eplus-styles-uid-d35575\"><a href=\"https:\/\/heritagehubkrakow.org\/pl\/tag\/holistic-heritage-pl\/\" rel=\"tag\">Holistic Heritage<\/a><span class=\"wp-block-post-terms__separator\"> <\/span><a href=\"https:\/\/heritagehubkrakow.org\/pl\/tag\/podcast-pl\/\" rel=\"tag\">Podcast<\/a><\/div><\/div>\n\n\n<h3 class=\" wp-block-heading has-text-align-center eplus-wrapper\"><strong>Europejskie \u201eOscary\u201d dziedzictwa kulturowego<\/strong><\/h3>\n\n\n\n<div style=\"height:30px\" aria-hidden=\"true\" class=\" wp-block-spacer eplus-wrapper\"><\/div>\n\n\n\n<p class=\" eplus-wrapper\"><strong>Nagrody Dziedzictwa Europejskiego \/ Nagrody Europa Nostra doceniaj\u0105 bogactwo kulturowe naszego kontynentu ju\u017c od ponad dw\u00f3ch dekad. W najnowszym podca\u015bcie z serii ,,Holistic Heritage\u201d John Beauchamp bierze udzia\u0142 w European Cultural Heritage Summit 2024 w Bukareszcie, gdzie dopytuje o znaczenie i wp\u0142yw na dzia\u0142alno\u015b\u0107 organizacji i instytucji tych najbardziej presti\u017cowych wyr\u00f3\u017cnie\u0144 w Europie w obszarze dziedzictwa.<\/strong><\/p>\n\n\n\n<p class=\" eplus-wrapper\">Od 2002 roku Nagrody Dziedzictwa Europejskiego \/ Nagrody Europa Nostra promuj\u0105 najlepsze inicjatywy zwi\u0105zane z dziedzictwem kulturowym z ca\u0142ej Europy \u2013 \u0142\u0105czenie we wszystkich edycjach zg\u0142oszono niemal 4 000 projekt\u00f3w z 46 kraj\u00f3w! Sk\u0105d bierze si\u0119 tak du\u017ca popularno\u015b\u0107 tych nagr\u00f3d? Jaki wp\u0142yw maj\u0105 te wyr\u00f3\u017cnienia na nagrodzone projekty oraz organizacje, instytucje i osoby, kt\u00f3re je realizuj\u0105? Dlaczego warto aplikowa\u0107 i w ten spos\u00f3b wypromowa\u0107 sw\u00f3j projekt w spo\u0142eczno\u015bci mi\u0119dzynarodowej?<\/p>\n\n\n\n<p class=\" eplus-wrapper\">W podca\u015bcie us\u0142yszymy prof. Jacka Purchl\u0119, wiceprezydenta Europa Nostra i przewodnicz\u0105cego jury nagr\u00f3d w 2024 roku. Swoimi refleksjami dziel\u0105 si\u0119 r\u00f3wnie\u017c Agata W\u0105sowska-Pawlik, cz\u0142onkini zarz\u0105du Europa Nostra i dyrektorka Mi\u0119dzynarodowego Centrum Kultury w Krakowie, oraz Elena Bianchi, mened\u017cerka programu European Heritage Awards, kt\u00f3ra przybli\u017ca zasady przyznawania nagr\u00f3d.<\/p>\n\n\n\n<p class=\" eplus-wrapper\"><\/p>\n\n\n\n<blockquote class=\"wp-block-quote eplus-wrapper is-layout-flow wp-block-quote-is-layout-flow\">\n<p class=\" eplus-wrapper\"><em>Nagrody Dziedzictwa Europejskiego \/ Nagrody Europa Nostra wzbudzaj\u0105 ogromne zainteresowanie w ca\u0142ej Europie! Program ten jest po\u015bwi\u0119cony zar\u00f3wno dziedzictwu materialnemu, jak i niematerialnemu, obejmuj\u0105c projekty ma\u0142e, \u015brednie i du\u017ce, a tak\u017ce r\u00f3\u017cnorodnych wnioskodawc\u00f3w. W\u015br\u00f3d aplikuj\u0105cych znajduj\u0105 si\u0119 zar\u00f3wno wolontariusze, jak i znani architekci. To w\u0142a\u015bnie pi\u0119kno tych nagr\u00f3d<\/em>, <em>s\u0105 one demokratyczne i otwarte dla wszystkich<\/em>! &#8211; podkre\u015bla Elena Bianchi.<\/p>\n<\/blockquote>\n\n\n\n<p class=\" eplus-wrapper\">Rozm\u00f3wcami Johna Beauchampa s\u0105 tak\u017ce nagrodzeni przed laty: Eugen Vaida, tegoroczny cz\u0142onek jury, kt\u00f3rego projekt \u201eAmbulans dla zabytk\u00f3w\u201d nagrodzony w 2020 roku ratuje historyczne budynki w Rumunii, Anna Szekely z Via Transilvanica w Rumunii (2023), Francesca Moncada z Le Dimore del Quartetto (2019), a tak\u017ce tegoroczni laureaci: \u0141ucja Cie\u015blar i Paulina Adamska ze Stowarzyszenia Serfenta w Cieszynie, Marek Go\u0142osz z Zabytkowej Kopalni Ignacy w Rybniku oraz Caroline Fernolend z Fundacji Mihai Eminescu (Rumunia).<\/p>\n\n\n\n<p class=\" eplus-wrapper\">Czy jeste\u015b zaanga\u017cowana \/ zaanga\u017cowany w projekt w obszarze dziedzictwa, kt\u00f3ry zas\u0142uguje na europejskie uznanie? Pracujesz nad nim jako osoba indywidualna, a mo\u017ce w ramach organizacji? Zach\u0119camy do przesy\u0142ania zg\u0142osze\u0144 do tegorocznej edycji Nagr\u00f3d Dziedzictwa Europejskiego \/ Nagr\u00f3d Europa Nostra! Termin zg\u0142osze\u0144 up\u0142ywa 20 listopada 2024 roku.<\/p>\n\n\n\n<p class=\" eplus-wrapper\"><strong><a href=\"https:\/\/www.europanostra.org\/european-heritage-awards-europa-nostra-awards-2025-submit-your-application-by-20-november-2024\/\">Wi\u0119cej informacji znajdziesz TUTAJ.<\/a><\/strong><\/p>\n\n\n\n<p class=\" eplus-wrapper\"><\/p>\n\n\n\n<div class=\"wp-block-buttons eplus-wrapper is-layout-flex wp-block-buttons-is-layout-flex\"><\/div>\n<\/div>\n\n\n\n<div class=\"wp-block-group eplus-wrapper is-layout-constrained wp-block-group-is-layout-constrained\">\n<iframe loading=\"lazy\" height=\"200px\" width=\"100%\" frameborder=\"no\" scrolling=\"no\" seamless=\"\" src=\"https:\/\/player.simplecast.com\/b1b85e38-dbe8-4a30-b224-f5b7060caaf5?dark=false\"><\/iframe>\n\n\n\n<div style=\"height:48px\" aria-hidden=\"true\" class=\" wp-block-spacer eplus-wrapper\"><\/div>\n\n\n\n<div class=\"wp-block-buttons eplus-wrapper is-layout-flex wp-block-buttons-is-layout-flex\"><div class=\" wp-block-button eplus-wrapper eplus-styles-uid-f58656\"><a class=\"wp-block-button__link wp-element-button\" href=\"https:\/\/heritagehubkrakow.org\/pl\/holistic-heritage\/\">Holistic Heritage Podcasts<\/a><\/div><\/div>\n\n\n\n<div style=\"height:42px\" aria-hidden=\"true\" class=\" wp-block-spacer eplus-wrapper\"><\/div>\n<\/div>\n\n\n\n<div class=\"wp-block-buttons eplus-wrapper is-layout-flex wp-block-buttons-is-layout-flex\"><div class=\" wp-block-button eplus-wrapper eplus-styles-uid-232b26\"><a class=\"wp-block-button__link wp-element-button\" href=\"https:\/\/open.spotify.com\/show\/6TmfshJuoQNzr91xwuCgJj\" target=\"_blank\" rel=\"noreferrer noopener\">Follow us on SPOTIFY<\/a><\/div><\/div>\n<\/div><\/div>\n\n<div class=\"is-style-section-container wp-block-group alignfull has-blue-light-background-color has-background eplus-wrapper is-layout-constrained wp-block-group-is-layout-constrained eplus-styles-uid-4c6cdd\"><div class=\"wp-block-group alignfull eplus-wrapper is-layout-constrained wp-block-group-is-layout-constrained eplus-styles-uid-6cd479\">\n<div class=\"wp-block-group eplus-wrapper is-layout-constrained wp-block-group-is-layout-constrained\"><h3 class=\" wp-block-heading has-text-align-center eplus-wrapper eplus-styles-uid-0581b0\"><\/h3><\/div>\n<\/div><\/div>","protected":false},"excerpt":{"rendered":"<p>Nagrody Dziedzictwa Europejskiego \/ Nagrody Europa Nostra doceniaj\u0105 bogactwo kulturowe naszego kontynentu ju\u017c od ponad dw\u00f3ch dekad. W najnowszym podca\u015bcie z serii ,,Holistic Heritage\u201d John Beauchamp bierze udzia\u0142 w European Cultural Heritage Summit 2024 w Bukareszcie, gdzie dopytuje o znaczenie i wp\u0142yw na dzia\u0142alno\u015b\u0107 organizacji i instytucji tych najbardziej presti\u017cowych wyr\u00f3\u017cnie\u0144 w Europie w obszarze dziedzictwa.<\/p>\n","protected":false},"featured_media":6290,"template":"","meta":{"_acf_changed":false,"editor_plus_copied_stylings":"{}"},"categories":[111],"tags":[156,109],"class_list":["post-6294","project","type-project","status-publish","has-post-thumbnail","hentry","category-podcast-pl","tag-holistic-heritage-pl","tag-podcast-pl"],"acf":false,"yoast_head":"<!-- This site is optimized with the Yoast SEO plugin v23.8 - https:\/\/yoast.com\/wordpress\/plugins\/seo\/ -->\n<title>Europejskie \u201eOscary\u201d dziedzictwa kulturowego - Europa Nostra<\/title>\n<meta name=\"description\" content=\"Nagrody Dziedzictwa Europejskiego \/ Nagrody Europa Nostra doceniaj\u0105 bogactwo kulturowe naszego kontynentu ju\u017c od ponad dw\u00f3ch dekad. W najnowszym podca\u015bcie z serii ,,Holistic Heritage\u201d John Beauchamp bierze udzia\u0142 w European Cultural Heritage Summit 2024 w Bukareszcie, gdzie dopytuje o znaczenie i wp\u0142yw na dzia\u0142alno\u015b\u0107 organizacji i instytucji tych najbardziej presti\u017cowych wyr\u00f3\u017cnie\u0144 w Europie w obszarze dziedzictwa.\" \/>\n<meta name=\"robots\" content=\"index, follow, max-snippet:-1, max-image-preview:large, max-video-preview:-1\" \/>\n<link rel=\"canonical\" href=\"https:\/\/heritagehubkrakow.org\/pl\/project\/europejskie-oscary-dziedzictwa-kulturowego\/\" \/>\n<meta property=\"og:locale\" content=\"pl_PL\" \/>\n<meta property=\"og:type\" content=\"article\" \/>\n<meta property=\"og:title\" content=\"Europejskie \u201eOscary\u201d dziedzictwa kulturowego - Europa Nostra\" \/>\n<meta property=\"og:description\" content=\"Nagrody Dziedzictwa Europejskiego \/ Nagrody Europa Nostra doceniaj\u0105 bogactwo kulturowe naszego kontynentu ju\u017c od ponad dw\u00f3ch dekad. W najnowszym podca\u015bcie z serii ,,Holistic Heritage\u201d John Beauchamp bierze udzia\u0142 w European Cultural Heritage Summit 2024 w Bukareszcie, gdzie dopytuje o znaczenie i wp\u0142yw na dzia\u0142alno\u015b\u0107 organizacji i instytucji tych najbardziej presti\u017cowych wyr\u00f3\u017cnie\u0144 w Europie w obszarze dziedzictwa.\" \/>\n<meta property=\"og:url\" content=\"https:\/\/heritagehubkrakow.org\/pl\/project\/europejskie-oscary-dziedzictwa-kulturowego\/\" \/>\n<meta property=\"og:site_name\" content=\"Europa Nostra\" \/>\n<meta property=\"article:modified_time\" content=\"2024-11-07T18:10:07+00:00\" \/>\n<meta property=\"og:image\" content=\"https:\/\/heritagehubkrakow.org\/wp-content\/uploads\/2024\/11\/TMHiZK_podcast_Holistic_spotify-09.jpg\" \/>\n\t<meta property=\"og:image:width\" content=\"1200\" \/>\n\t<meta property=\"og:image:height\" content=\"1200\" \/>\n\t<meta property=\"og:image:type\" content=\"image\/jpeg\" \/>\n<meta name=\"twitter:card\" content=\"summary_large_image\" \/>\n<meta name=\"twitter:label1\" content=\"Szacowany czas czytania\" \/>\n\t<meta name=\"twitter:data1\" content=\"2 minuty\" \/>\n<script type=\"application\/ld+json\" class=\"yoast-schema-graph\">{\"@context\":\"https:\/\/schema.org\",\"@graph\":[{\"@type\":\"WebPage\",\"@id\":\"https:\/\/heritagehubkrakow.org\/pl\/project\/europejskie-oscary-dziedzictwa-kulturowego\/\",\"url\":\"https:\/\/heritagehubkrakow.org\/pl\/project\/europejskie-oscary-dziedzictwa-kulturowego\/\",\"name\":\"Europejskie \u201eOscary\u201d dziedzictwa kulturowego - Europa Nostra\",\"isPartOf\":{\"@id\":\"https:\/\/heritagehubkrakow.org\/pl\/#website\"},\"primaryImageOfPage\":{\"@id\":\"https:\/\/heritagehubkrakow.org\/pl\/project\/europejskie-oscary-dziedzictwa-kulturowego\/#primaryimage\"},\"image\":{\"@id\":\"https:\/\/heritagehubkrakow.org\/pl\/project\/europejskie-oscary-dziedzictwa-kulturowego\/#primaryimage\"},\"thumbnailUrl\":\"https:\/\/heritagehubkrakow.org\/wp-content\/uploads\/2024\/11\/TMHiZK_podcast_Holistic_spotify-09.jpg\",\"datePublished\":\"2024-11-05T11:54:47+00:00\",\"dateModified\":\"2024-11-07T18:10:07+00:00\",\"description\":\"Nagrody Dziedzictwa Europejskiego \/ Nagrody Europa Nostra doceniaj\u0105 bogactwo kulturowe naszego kontynentu ju\u017c od ponad dw\u00f3ch dekad. W najnowszym podca\u015bcie z serii ,,Holistic Heritage\u201d John Beauchamp bierze udzia\u0142 w European Cultural Heritage Summit 2024 w Bukareszcie, gdzie dopytuje o znaczenie i wp\u0142yw na dzia\u0142alno\u015b\u0107 organizacji i instytucji tych najbardziej presti\u017cowych wyr\u00f3\u017cnie\u0144 w Europie w obszarze dziedzictwa.\",\"breadcrumb\":{\"@id\":\"https:\/\/heritagehubkrakow.org\/pl\/project\/europejskie-oscary-dziedzictwa-kulturowego\/#breadcrumb\"},\"inLanguage\":\"pl-PL\",\"potentialAction\":[{\"@type\":\"ReadAction\",\"target\":[\"https:\/\/heritagehubkrakow.org\/pl\/project\/europejskie-oscary-dziedzictwa-kulturowego\/\"]}]},{\"@type\":\"ImageObject\",\"inLanguage\":\"pl-PL\",\"@id\":\"https:\/\/heritagehubkrakow.org\/pl\/project\/europejskie-oscary-dziedzictwa-kulturowego\/#primaryimage\",\"url\":\"https:\/\/heritagehubkrakow.org\/wp-content\/uploads\/2024\/11\/TMHiZK_podcast_Holistic_spotify-09.jpg\",\"contentUrl\":\"https:\/\/heritagehubkrakow.org\/wp-content\/uploads\/2024\/11\/TMHiZK_podcast_Holistic_spotify-09.jpg\",\"width\":1200,\"height\":1200},{\"@type\":\"BreadcrumbList\",\"@id\":\"https:\/\/heritagehubkrakow.org\/pl\/project\/europejskie-oscary-dziedzictwa-kulturowego\/#breadcrumb\",\"itemListElement\":[{\"@type\":\"ListItem\",\"position\":1,\"name\":\"Homepage\",\"item\":\"https:\/\/heritagehubkrakow.org\/pl\/\"},{\"@type\":\"ListItem\",\"position\":2,\"name\":\"Europejskie \u201eOscary\u201d dziedzictwa kulturowego\"}]},{\"@type\":\"WebSite\",\"@id\":\"https:\/\/heritagehubkrakow.org\/pl\/#website\",\"url\":\"https:\/\/heritagehubkrakow.org\/pl\/\",\"name\":\"Europa Nostra\",\"description\":\"Heritage Hub for Central and Eastern Europe\",\"publisher\":{\"@id\":\"https:\/\/heritagehubkrakow.org\/pl\/#organization\"},\"potentialAction\":[{\"@type\":\"SearchAction\",\"target\":{\"@type\":\"EntryPoint\",\"urlTemplate\":\"https:\/\/heritagehubkrakow.org\/pl\/?s={search_term_string}\"},\"query-input\":{\"@type\":\"PropertyValueSpecification\",\"valueRequired\":true,\"valueName\":\"search_term_string\"}}],\"inLanguage\":\"pl-PL\"},{\"@type\":\"Organization\",\"@id\":\"https:\/\/heritagehubkrakow.org\/pl\/#organization\",\"name\":\"Europa Nostra\",\"url\":\"https:\/\/heritagehubkrakow.org\/pl\/\",\"logo\":{\"@type\":\"ImageObject\",\"inLanguage\":\"pl-PL\",\"@id\":\"https:\/\/heritagehubkrakow.org\/pl\/#\/schema\/logo\/image\/\",\"url\":\"https:\/\/heritagehubkrakow.org\/wp-content\/uploads\/2023\/01\/europa-logo.png\",\"contentUrl\":\"https:\/\/heritagehubkrakow.org\/wp-content\/uploads\/2023\/01\/europa-logo.png\",\"width\":218,\"height\":237,\"caption\":\"Europa Nostra\"},\"image\":{\"@id\":\"https:\/\/heritagehubkrakow.org\/pl\/#\/schema\/logo\/image\/\"}}]}<\/script>\n<!-- \/ Yoast SEO plugin. -->","yoast_head_json":{"title":"Europejskie \u201eOscary\u201d dziedzictwa kulturowego - Europa Nostra","description":"Nagrody Dziedzictwa Europejskiego \/ Nagrody Europa Nostra doceniaj\u0105 bogactwo kulturowe naszego kontynentu ju\u017c od ponad dw\u00f3ch dekad. W najnowszym podca\u015bcie z serii ,,Holistic Heritage\u201d John Beauchamp bierze udzia\u0142 w European Cultural Heritage Summit 2024 w Bukareszcie, gdzie dopytuje o znaczenie i wp\u0142yw na dzia\u0142alno\u015b\u0107 organizacji i instytucji tych najbardziej presti\u017cowych wyr\u00f3\u017cnie\u0144 w Europie w obszarze dziedzictwa.","robots":{"index":"index","follow":"follow","max-snippet":"max-snippet:-1","max-image-preview":"max-image-preview:large","max-video-preview":"max-video-preview:-1"},"canonical":"https:\/\/heritagehubkrakow.org\/pl\/project\/europejskie-oscary-dziedzictwa-kulturowego\/","og_locale":"pl_PL","og_type":"article","og_title":"Europejskie \u201eOscary\u201d dziedzictwa kulturowego - Europa Nostra","og_description":"Nagrody Dziedzictwa Europejskiego \/ Nagrody Europa Nostra doceniaj\u0105 bogactwo kulturowe naszego kontynentu ju\u017c od ponad dw\u00f3ch dekad. W najnowszym podca\u015bcie z serii ,,Holistic Heritage\u201d John Beauchamp bierze udzia\u0142 w European Cultural Heritage Summit 2024 w Bukareszcie, gdzie dopytuje o znaczenie i wp\u0142yw na dzia\u0142alno\u015b\u0107 organizacji i instytucji tych najbardziej presti\u017cowych wyr\u00f3\u017cnie\u0144 w Europie w obszarze dziedzictwa.","og_url":"https:\/\/heritagehubkrakow.org\/pl\/project\/europejskie-oscary-dziedzictwa-kulturowego\/","og_site_name":"Europa Nostra","article_modified_time":"2024-11-07T18:10:07+00:00","og_image":[{"width":1200,"height":1200,"url":"https:\/\/heritagehubkrakow.org\/wp-content\/uploads\/2024\/11\/TMHiZK_podcast_Holistic_spotify-09.jpg","type":"image\/jpeg"}],"twitter_card":"summary_large_image","twitter_misc":{"Szacowany czas czytania":"2 minuty"},"schema":{"@context":"https:\/\/schema.org","@graph":[{"@type":"WebPage","@id":"https:\/\/heritagehubkrakow.org\/pl\/project\/europejskie-oscary-dziedzictwa-kulturowego\/","url":"https:\/\/heritagehubkrakow.org\/pl\/project\/europejskie-oscary-dziedzictwa-kulturowego\/","name":"Europejskie \u201eOscary\u201d dziedzictwa kulturowego - Europa Nostra","isPartOf":{"@id":"https:\/\/heritagehubkrakow.org\/pl\/#website"},"primaryImageOfPage":{"@id":"https:\/\/heritagehubkrakow.org\/pl\/project\/europejskie-oscary-dziedzictwa-kulturowego\/#primaryimage"},"image":{"@id":"https:\/\/heritagehubkrakow.org\/pl\/project\/europejskie-oscary-dziedzictwa-kulturowego\/#primaryimage"},"thumbnailUrl":"https:\/\/heritagehubkrakow.org\/wp-content\/uploads\/2024\/11\/TMHiZK_podcast_Holistic_spotify-09.jpg","datePublished":"2024-11-05T11:54:47+00:00","dateModified":"2024-11-07T18:10:07+00:00","description":"Nagrody Dziedzictwa Europejskiego \/ Nagrody Europa Nostra doceniaj\u0105 bogactwo kulturowe naszego kontynentu ju\u017c od ponad dw\u00f3ch dekad. W najnowszym podca\u015bcie z serii ,,Holistic Heritage\u201d John Beauchamp bierze udzia\u0142 w European Cultural Heritage Summit 2024 w Bukareszcie, gdzie dopytuje o znaczenie i wp\u0142yw na dzia\u0142alno\u015b\u0107 organizacji i instytucji tych najbardziej presti\u017cowych wyr\u00f3\u017cnie\u0144 w Europie w obszarze dziedzictwa.","breadcrumb":{"@id":"https:\/\/heritagehubkrakow.org\/pl\/project\/europejskie-oscary-dziedzictwa-kulturowego\/#breadcrumb"},"inLanguage":"pl-PL","potentialAction":[{"@type":"ReadAction","target":["https:\/\/heritagehubkrakow.org\/pl\/project\/europejskie-oscary-dziedzictwa-kulturowego\/"]}]},{"@type":"ImageObject","inLanguage":"pl-PL","@id":"https:\/\/heritagehubkrakow.org\/pl\/project\/europejskie-oscary-dziedzictwa-kulturowego\/#primaryimage","url":"https:\/\/heritagehubkrakow.org\/wp-content\/uploads\/2024\/11\/TMHiZK_podcast_Holistic_spotify-09.jpg","contentUrl":"https:\/\/heritagehubkrakow.org\/wp-content\/uploads\/2024\/11\/TMHiZK_podcast_Holistic_spotify-09.jpg","width":1200,"height":1200},{"@type":"BreadcrumbList","@id":"https:\/\/heritagehubkrakow.org\/pl\/project\/europejskie-oscary-dziedzictwa-kulturowego\/#breadcrumb","itemListElement":[{"@type":"ListItem","position":1,"name":"Homepage","item":"https:\/\/heritagehubkrakow.org\/pl\/"},{"@type":"ListItem","position":2,"name":"Europejskie \u201eOscary\u201d dziedzictwa kulturowego"}]},{"@type":"WebSite","@id":"https:\/\/heritagehubkrakow.org\/pl\/#website","url":"https:\/\/heritagehubkrakow.org\/pl\/","name":"Europa Nostra","description":"Heritage Hub for Central and Eastern Europe","publisher":{"@id":"https:\/\/heritagehubkrakow.org\/pl\/#organization"},"potentialAction":[{"@type":"SearchAction","target":{"@type":"EntryPoint","urlTemplate":"https:\/\/heritagehubkrakow.org\/pl\/?s={search_term_string}"},"query-input":{"@type":"PropertyValueSpecification","valueRequired":true,"valueName":"search_term_string"}}],"inLanguage":"pl-PL"},{"@type":"Organization","@id":"https:\/\/heritagehubkrakow.org\/pl\/#organization","name":"Europa Nostra","url":"https:\/\/heritagehubkrakow.org\/pl\/","logo":{"@type":"ImageObject","inLanguage":"pl-PL","@id":"https:\/\/heritagehubkrakow.org\/pl\/#\/schema\/logo\/image\/","url":"https:\/\/heritagehubkrakow.org\/wp-content\/uploads\/2023\/01\/europa-logo.png","contentUrl":"https:\/\/heritagehubkrakow.org\/wp-content\/uploads\/2023\/01\/europa-logo.png","width":218,"height":237,"caption":"Europa Nostra"},"image":{"@id":"https:\/\/heritagehubkrakow.org\/pl\/#\/schema\/logo\/image\/"}}]}},"_links":{"self":[{"href":"https:\/\/heritagehubkrakow.org\/pl\/wp-json\/wp\/v2\/project\/6294","targetHints":{"allow":["GET"]}}],"collection":[{"href":"https:\/\/heritagehubkrakow.org\/pl\/wp-json\/wp\/v2\/project"}],"about":[{"href":"https:\/\/heritagehubkrakow.org\/pl\/wp-json\/wp\/v2\/types\/project"}],"wp:featuredmedia":[{"embeddable":true,"href":"https:\/\/heritagehubkrakow.org\/pl\/wp-json\/wp\/v2\/media\/6290"}],"wp:attachment":[{"href":"https:\/\/heritagehubkrakow.org\/pl\/wp-json\/wp\/v2\/media?parent=6294"}],"wp:term":[{"taxonomy":"category","embeddable":true,"href":"https:\/\/heritagehubkrakow.org\/pl\/wp-json\/wp\/v2\/categories?post=6294"},{"taxonomy":"post_tag","embeddable":true,"href":"https:\/\/heritagehubkrakow.org\/pl\/wp-json\/wp\/v2\/tags?post=6294"}],"curies":[{"name":"wp","href":"https:\/\/api.w.org\/{rel}","templated":true}]}}