{"id":7756,"date":"2025-05-12T06:11:05","date_gmt":"2025-05-12T06:11:05","guid":{"rendered":"https:\/\/heritagehubkrakow.org\/project\/participation-and-the-post-museum\/"},"modified":"2025-05-12T07:17:56","modified_gmt":"2025-05-12T07:17:56","slug":"partycypacja-i-postmuzeum","status":"publish","type":"project","link":"https:\/\/heritagehubkrakow.org\/pl\/project\/partycypacja-i-postmuzeum\/","title":{"rendered":"Partycypacja i postmuzeum"},"content":{"rendered":"<div class=\"is-style-section-container, has-white-text is-style-section-container wp-block-group alignfull has-red-background-color has-background eplus-wrapper is-layout-constrained wp-block-group-is-layout-constrained eplus-styles-uid-6f219c\"><div class=\"is-style-section-container wp-block-group alignfull eplus-wrapper is-layout-constrained wp-block-group-is-layout-constrained eplus-styles-uid-38b380\"><div style=\"background-image:url('https:\/\/heritagehubkrakow.org\/wp-content\/uploads\/2024\/06\/H_5-1-1.png');background-size:cover;\" class=\"has-white-text wp-block-group alignfull has-white-color has-text-color eplus-wrapper is-layout-constrained wp-block-group-is-layout-constrained has-background eplus-styles-uid-0ed7c1\"><h1 class=\" wp-block-heading has-text-align-center eplus-wrapper eplus-styles-uid-49faf1\"><strong><strong>Partycypacja i postmuzeum<\/strong><\/strong><\/h1>\n\n<div class=\"yoast-breadcrumbs\"><span><span><a href=\"https:\/\/heritagehubkrakow.org\/pl\/\">Homepage<\/a><\/span> &#8211; <span class=\"breadcrumb_last\" aria-current=\"page\">Partycypacja i postmuzeum<\/span><\/span><\/div><\/div><\/div><\/div>\n\n<div class=\"is-style-section-container wp-block-group alignfull has-green-dark-background-color has-background eplus-wrapper is-layout-constrained wp-block-group-is-layout-constrained eplus-styles-uid-4c6cdd\"><div class=\"wp-block-group alignfull has-green-dark-background-color has-background eplus-wrapper is-layout-constrained wp-block-group-is-layout-constrained eplus-styles-uid-24f6f4\">\n<div class=\"wp-block-group eplus-wrapper is-layout-constrained wp-block-group-is-layout-constrained\"><div class=\"wp-block-group eplus-wrapper is-content-justification-center is-layout-flex wp-container-core-group-is-layout-8ee2ad45 wp-block-group-is-layout-flex eplus-styles-uid-117bd0\"><div class=\"article-date wp-block-post-date\"><time datetime=\"2025-05-12T06:11:05+00:00\">12 maja 2025<\/time><\/div><\/div>\n\n<div class=\"wp-block-group eplus-wrapper is-layout-constrained wp-block-group-is-layout-constrained eplus-styles-uid-ba2e4b\"><div class=\"taxonomy-post_tag has-text-align-center article-tags wp-block-post-terms eplus-styles-uid-d35575\"><a href=\"https:\/\/heritagehubkrakow.org\/pl\/tag\/holistic-heritage-pl\/\" rel=\"tag\">Holistic Heritage<\/a><span class=\"wp-block-post-terms__separator\"> <\/span><a href=\"https:\/\/heritagehubkrakow.org\/pl\/tag\/podcast-pl\/\" rel=\"tag\">Podcast<\/a><\/div><\/div>\n\n\n<h3 class=\" wp-block-heading has-text-align-center eplus-wrapper\"><\/h3>\n\n\n\n<div style=\"height:30px\" aria-hidden=\"true\" class=\" wp-block-spacer eplus-wrapper\"><\/div>\n\n\n\n<p class=\" eplus-wrapper\"><strong>W najnowszym podca\u015bcie z serii \u201eHolistic Heritage\u201d John Beauchamp rozmawia z dr Katarzyn\u0105 Jagodzi\u0144sk\u0105 o jej najnowszej ksi\u0105\u017cce, kt\u00f3ra porusza temat partycypacji i koncepcji \u201epostmuzeum\u201d. Sceneri\u0105 dla dyskusji jest malowniczy zabytkowy ogr\u00f3d Muzeum \u0141azienki Kr\u00f3lewskie w sercu Warszawy.<\/strong><\/p>\n\n\n\n<p class=\" eplus-wrapper\">Czym w\u0142a\u015bciwie jest postmuzeum? Czy muzea rzeczywi\u015bcie tak cz\u0119sto si\u0119gaj\u0105 po narz\u0119dzia partycypacyjne, jak si\u0119 to przedstawia? Jak muzea \u2014 b\u0119d\u0105ce stra\u017cnikami wiedzy \u2014 mog\u0105 otworzy\u0107 swoje zbiory i w\u0142\u0105cza\u0107 publiczno\u015b\u0107 do wsp\u00f3\u0142dzia\u0142ania? A mo\u017ce wcale nie powinny tego robi\u0107?<\/p>\n\n\n\n<p class=\" eplus-wrapper\">\u201eW ksi\u0105\u017cce pokazuj\u0119, \u017ce muzea nadu\u017cywaj\u0105 terminu partycypacja, zapraszaj\u0105c do wsp\u00f3\u0142pracy, a jednocze\u015bnie utrzymuj\u0105c swoj\u0105 autorytarn\u0105 pozycj\u0119\u201d \u2014 zauwa\u017ca dr Jagodzi\u0144ska i dodaje: \u201eNiemniej jednak, to wspaniale, \u017ce coraz wi\u0119cej muze\u00f3w decyduje si\u0119 na otwarcie, porzucaj\u0105c tradycyjne metody dzia\u0142ania, wychodz\u0105c poza swoje fizyczne mury\u201d.<\/p>\n\n\n\n<figure class=\"wp-block-gallery has-nested-images columns-default is-cropped eplus-wrapper wp-block-gallery-1\">\n<figure class=\" wp-block-image size-large eplus-wrapper\"><img loading=\"lazy\" decoding=\"async\" width=\"1024\" height=\"768\" data-id=\"7749\" src=\"https:\/\/heritagehubkrakow.org\/wp-content\/uploads\/2025\/05\/20250427_124102-1024x768.jpg\" alt=\"\" class=\"wp-image-7749\" srcset=\"https:\/\/heritagehubkrakow.org\/wp-content\/uploads\/2025\/05\/20250427_124102-1024x768.jpg 1024w, https:\/\/heritagehubkrakow.org\/wp-content\/uploads\/2025\/05\/20250427_124102-300x225.jpg 300w, https:\/\/heritagehubkrakow.org\/wp-content\/uploads\/2025\/05\/20250427_124102-768x576.jpg 768w, https:\/\/heritagehubkrakow.org\/wp-content\/uploads\/2025\/05\/20250427_124102-1536x1152.jpg 1536w, https:\/\/heritagehubkrakow.org\/wp-content\/uploads\/2025\/05\/20250427_124102-2048x1536.jpg 2048w\" sizes=\"auto, (max-width: 1024px) 100vw, 1024px\" \/><\/figure>\n\n\n\n<figure class=\" wp-block-image size-large eplus-wrapper\"><img loading=\"lazy\" decoding=\"async\" width=\"1024\" height=\"768\" data-id=\"7747\" src=\"https:\/\/heritagehubkrakow.org\/wp-content\/uploads\/2025\/05\/20250427_123940-1024x768.jpg\" alt=\"\" class=\"wp-image-7747\" srcset=\"https:\/\/heritagehubkrakow.org\/wp-content\/uploads\/2025\/05\/20250427_123940-1024x768.jpg 1024w, https:\/\/heritagehubkrakow.org\/wp-content\/uploads\/2025\/05\/20250427_123940-300x225.jpg 300w, https:\/\/heritagehubkrakow.org\/wp-content\/uploads\/2025\/05\/20250427_123940-768x576.jpg 768w, https:\/\/heritagehubkrakow.org\/wp-content\/uploads\/2025\/05\/20250427_123940-1536x1152.jpg 1536w, https:\/\/heritagehubkrakow.org\/wp-content\/uploads\/2025\/05\/20250427_123940-2048x1536.jpg 2048w\" sizes=\"auto, (max-width: 1024px) 100vw, 1024px\" \/><\/figure>\n<\/figure>\n\n\n\n<p class=\" eplus-wrapper\">Dyskusja na temat praktyk wsp\u00f3\u0142pracy z publiczno\u015bci\u0105 \u2013 wsp\u00f3\u0142tworzenia i wsp\u00f3\u0142decydowania \u2013 prowadzona jest na przyk\u0142adach kilkudziesi\u0119ciu polskich muze\u00f3w: sztuki, historycznych, etnograficznych, uniwersalnych. Jest te\u017c mowa o tym, w jaki spos\u00f3b same muzea partycypuj\u0105 w \u017cyciu publicznym, zabieraj\u0105c g\u0142os i realizuj\u0105c dzia\u0142ania na rzecz pozytywnych zmian w otoczeniu. Dr Jagodzi\u0144ska wskazuje, \u017ce taka metoda dzia\u0142ania nastawiona na wsp\u00f3\u0142prac\u0119 i zaanga\u017cowanie, kt\u00f3r\u0105 podj\u0119\u0142a w kontek\u015bcie muze\u00f3w, mo\u017ce z powodzeniem by\u0107 stosowana tak\u017ce przez r\u00f3\u017cnego typu obiekty zabytkowe, instytucje i organizacje kultury.<\/p>\n\n\n\n<p class=\" eplus-wrapper\">Ksi\u0105\u017cka zosta\u0142a opublikowana w presti\u017cowym brytyjskim wydawnictwie Routledge w 2025 roku i w najbli\u017cszych tygodniach odb\u0119dzie si\u0119 jej premiera w trzech ods\u0142onach. Spotkania zaplanowano w muzeach, kt\u00f3re s\u0105 szeroko obecne w publikacji. Pierwsze z nich zaplanowano na 15 maja 2025 o godz. 18:00 w Muzeum Historii \u017byd\u00f3w Polskich POLIN w Warszawie, kolejne 28 maja 2025 w Muzeum Podg\u00f3rza \/ Muzeum Krakowa oraz 5 czerwca 2025 w Muzeum Sztuki w \u0141odzi. Serdecznie zach\u0119camy do udzia\u0142u!<\/p>\n\n\n\n<div class=\"wp-block-buttons eplus-wrapper is-layout-flex wp-block-buttons-is-layout-flex\"><\/div>\n<\/div>\n\n\n\n<div class=\"wp-block-group eplus-wrapper is-layout-constrained wp-block-group-is-layout-constrained\">\n<iframe loading=\"lazy\" height=\"200px\" width=\"100%\" frameborder=\"no\" scrolling=\"no\" seamless src=\"https:\/\/player.simplecast.com\/16c15f8c-0be7-40f3-a820-2f02213f1d84?dark=false\"><\/iframe>\n\n\n\n<div style=\"height:48px\" aria-hidden=\"true\" class=\" wp-block-spacer eplus-wrapper\"><\/div>\n\n\n\n<div class=\"wp-block-buttons eplus-wrapper is-layout-flex wp-block-buttons-is-layout-flex\"><div class=\" wp-block-button eplus-wrapper eplus-styles-uid-5c7ed4\"><a class=\"wp-block-button__link wp-element-button\" href=\"https:\/\/heritagehubkrakow.org\/pl\/holistic-heritage\/\">Holistic Heritage Podcasts<\/a><\/div><\/div>\n\n\n\n<div style=\"height:42px\" aria-hidden=\"true\" class=\" wp-block-spacer eplus-wrapper\"><\/div>\n<\/div>\n\n\n\n<div class=\"wp-block-buttons eplus-wrapper is-layout-flex wp-block-buttons-is-layout-flex\"><div class=\" wp-block-button eplus-wrapper eplus-styles-uid-df540a\"><a class=\"wp-block-button__link wp-element-button\" href=\"https:\/\/open.spotify.com\/show\/6TmfshJuoQNzr91xwuCgJj\" target=\"_blank\" rel=\"noreferrer noopener\">Follow us on SPOTIFY<\/a><\/div><\/div>\n<\/div><\/div>\n\n<div class=\"is-style-section-container wp-block-group alignfull has-blue-light-background-color has-background eplus-wrapper is-layout-constrained wp-block-group-is-layout-constrained eplus-styles-uid-4c6cdd\"><div class=\"wp-block-group alignfull eplus-wrapper is-layout-constrained wp-block-group-is-layout-constrained eplus-styles-uid-6cd479\">\n<div class=\"wp-block-group eplus-wrapper is-layout-constrained wp-block-group-is-layout-constrained\"><h3 class=\" wp-block-heading has-text-align-center eplus-wrapper eplus-styles-uid-0581b0\"><\/h3><\/div>\n<\/div><\/div>","protected":false},"excerpt":{"rendered":"<p>Czym w\u0142a\u015bciwie jest postmuzeum? Jak muzea \u2014 b\u0119d\u0105ce stra\u017cnikami wiedzy \u2014 mog\u0105 otworzy\u0107 swoje zbiory i w\u0142\u0105cza\u0107 publiczno\u015b\u0107 do wsp\u00f3\u0142dzia\u0142ania? A mo\u017ce wcale nie powinny tego robi\u0107? W kolejnym odcinku podcastu \u201eHolistic Heritage\u201d John Beauchamp rozmawia z dr Katarzyn\u0105 Jagodzi\u0144sk\u0105 o jej najnowszej ksi\u0105\u017cce, kt\u00f3ra porusza temat partycypacji i koncepcji \u201epostmuzeum\u201d. Sceneri\u0105 dla dyskusji jest malowniczy zabytkowy ogr\u00f3d Muzeum \u0141azienki Kr\u00f3lewskie w sercu Warszawy.<\/p>\n","protected":false},"featured_media":7755,"template":"","meta":{"_acf_changed":false,"editor_plus_copied_stylings":"{}"},"categories":[111],"tags":[156,109],"class_list":["post-7756","project","type-project","status-publish","has-post-thumbnail","hentry","category-podcast-pl","tag-holistic-heritage-pl","tag-podcast-pl"],"acf":false,"yoast_head":"<!-- This site is optimized with the Yoast SEO plugin v23.8 - https:\/\/yoast.com\/wordpress\/plugins\/seo\/ -->\n<title>Partycypacja i postmuzeum - Europa Nostra<\/title>\n<meta name=\"description\" content=\"Czym w\u0142a\u015bciwie jest postmuzeum? Jak muzea \u2014 b\u0119d\u0105ce stra\u017cnikami wiedzy \u2014 mog\u0105 otworzy\u0107 swoje zbiory i w\u0142\u0105cza\u0107 publiczno\u015b\u0107 do wsp\u00f3\u0142dzia\u0142ania? A mo\u017ce wcale nie powinny tego robi\u0107? W kolejnym odcinku podcastu \u201eHolistic Heritage\u201d John Beauchamp rozmawia z dr Katarzyn\u0105 Jagodzi\u0144sk\u0105 o jej najnowszej ksi\u0105\u017cce, kt\u00f3ra porusza temat partycypacji i koncepcji \u201epostmuzeum\u201d. Sceneri\u0105 dla dyskusji jest malowniczy zabytkowy ogr\u00f3d Muzeum \u0141azienki Kr\u00f3lewskie w sercu Warszawy.\" \/>\n<meta name=\"robots\" content=\"index, follow, max-snippet:-1, max-image-preview:large, max-video-preview:-1\" \/>\n<link rel=\"canonical\" href=\"https:\/\/heritagehubkrakow.org\/pl\/project\/partycypacja-i-postmuzeum\/\" \/>\n<meta property=\"og:locale\" content=\"pl_PL\" \/>\n<meta property=\"og:type\" content=\"article\" \/>\n<meta property=\"og:title\" content=\"Partycypacja i postmuzeum - Europa Nostra\" \/>\n<meta property=\"og:description\" content=\"Czym w\u0142a\u015bciwie jest postmuzeum? Jak muzea \u2014 b\u0119d\u0105ce stra\u017cnikami wiedzy \u2014 mog\u0105 otworzy\u0107 swoje zbiory i w\u0142\u0105cza\u0107 publiczno\u015b\u0107 do wsp\u00f3\u0142dzia\u0142ania? A mo\u017ce wcale nie powinny tego robi\u0107? W kolejnym odcinku podcastu \u201eHolistic Heritage\u201d John Beauchamp rozmawia z dr Katarzyn\u0105 Jagodzi\u0144sk\u0105 o jej najnowszej ksi\u0105\u017cce, kt\u00f3ra porusza temat partycypacji i koncepcji \u201epostmuzeum\u201d. Sceneri\u0105 dla dyskusji jest malowniczy zabytkowy ogr\u00f3d Muzeum \u0141azienki Kr\u00f3lewskie w sercu Warszawy.\" \/>\n<meta property=\"og:url\" content=\"https:\/\/heritagehubkrakow.org\/pl\/project\/partycypacja-i-postmuzeum\/\" \/>\n<meta property=\"og:site_name\" content=\"Europa Nostra\" \/>\n<meta property=\"article:modified_time\" content=\"2025-05-12T07:17:56+00:00\" \/>\n<meta property=\"og:image\" content=\"https:\/\/heritagehubkrakow.org\/wp-content\/uploads\/2025\/05\/TMHiZK_podcast_Holistic_spotify-16.jpg\" \/>\n\t<meta property=\"og:image:width\" content=\"1200\" \/>\n\t<meta property=\"og:image:height\" content=\"1200\" \/>\n\t<meta property=\"og:image:type\" content=\"image\/jpeg\" \/>\n<meta name=\"twitter:card\" content=\"summary_large_image\" \/>\n<meta name=\"twitter:label1\" content=\"Szacowany czas czytania\" \/>\n\t<meta name=\"twitter:data1\" content=\"2 minuty\" \/>\n<script type=\"application\/ld+json\" class=\"yoast-schema-graph\">{\"@context\":\"https:\/\/schema.org\",\"@graph\":[{\"@type\":\"WebPage\",\"@id\":\"https:\/\/heritagehubkrakow.org\/pl\/project\/partycypacja-i-postmuzeum\/\",\"url\":\"https:\/\/heritagehubkrakow.org\/pl\/project\/partycypacja-i-postmuzeum\/\",\"name\":\"Partycypacja i postmuzeum - Europa Nostra\",\"isPartOf\":{\"@id\":\"https:\/\/heritagehubkrakow.org\/pl\/#website\"},\"primaryImageOfPage\":{\"@id\":\"https:\/\/heritagehubkrakow.org\/pl\/project\/partycypacja-i-postmuzeum\/#primaryimage\"},\"image\":{\"@id\":\"https:\/\/heritagehubkrakow.org\/pl\/project\/partycypacja-i-postmuzeum\/#primaryimage\"},\"thumbnailUrl\":\"https:\/\/heritagehubkrakow.org\/wp-content\/uploads\/2025\/05\/TMHiZK_podcast_Holistic_spotify-16.jpg\",\"datePublished\":\"2025-05-12T06:11:05+00:00\",\"dateModified\":\"2025-05-12T07:17:56+00:00\",\"description\":\"Czym w\u0142a\u015bciwie jest postmuzeum? Jak muzea \u2014 b\u0119d\u0105ce stra\u017cnikami wiedzy \u2014 mog\u0105 otworzy\u0107 swoje zbiory i w\u0142\u0105cza\u0107 publiczno\u015b\u0107 do wsp\u00f3\u0142dzia\u0142ania? A mo\u017ce wcale nie powinny tego robi\u0107? W kolejnym odcinku podcastu \u201eHolistic Heritage\u201d John Beauchamp rozmawia z dr Katarzyn\u0105 Jagodzi\u0144sk\u0105 o jej najnowszej ksi\u0105\u017cce, kt\u00f3ra porusza temat partycypacji i koncepcji \u201epostmuzeum\u201d. Sceneri\u0105 dla dyskusji jest malowniczy zabytkowy ogr\u00f3d Muzeum \u0141azienki Kr\u00f3lewskie w sercu Warszawy.\",\"breadcrumb\":{\"@id\":\"https:\/\/heritagehubkrakow.org\/pl\/project\/partycypacja-i-postmuzeum\/#breadcrumb\"},\"inLanguage\":\"pl-PL\",\"potentialAction\":[{\"@type\":\"ReadAction\",\"target\":[\"https:\/\/heritagehubkrakow.org\/pl\/project\/partycypacja-i-postmuzeum\/\"]}]},{\"@type\":\"ImageObject\",\"inLanguage\":\"pl-PL\",\"@id\":\"https:\/\/heritagehubkrakow.org\/pl\/project\/partycypacja-i-postmuzeum\/#primaryimage\",\"url\":\"https:\/\/heritagehubkrakow.org\/wp-content\/uploads\/2025\/05\/TMHiZK_podcast_Holistic_spotify-16.jpg\",\"contentUrl\":\"https:\/\/heritagehubkrakow.org\/wp-content\/uploads\/2025\/05\/TMHiZK_podcast_Holistic_spotify-16.jpg\",\"width\":1200,\"height\":1200},{\"@type\":\"BreadcrumbList\",\"@id\":\"https:\/\/heritagehubkrakow.org\/pl\/project\/partycypacja-i-postmuzeum\/#breadcrumb\",\"itemListElement\":[{\"@type\":\"ListItem\",\"position\":1,\"name\":\"Homepage\",\"item\":\"https:\/\/heritagehubkrakow.org\/pl\/\"},{\"@type\":\"ListItem\",\"position\":2,\"name\":\"Partycypacja i postmuzeum\"}]},{\"@type\":\"WebSite\",\"@id\":\"https:\/\/heritagehubkrakow.org\/pl\/#website\",\"url\":\"https:\/\/heritagehubkrakow.org\/pl\/\",\"name\":\"Europa Nostra\",\"description\":\"Heritage Hub for Central and Eastern Europe\",\"publisher\":{\"@id\":\"https:\/\/heritagehubkrakow.org\/pl\/#organization\"},\"potentialAction\":[{\"@type\":\"SearchAction\",\"target\":{\"@type\":\"EntryPoint\",\"urlTemplate\":\"https:\/\/heritagehubkrakow.org\/pl\/?s={search_term_string}\"},\"query-input\":{\"@type\":\"PropertyValueSpecification\",\"valueRequired\":true,\"valueName\":\"search_term_string\"}}],\"inLanguage\":\"pl-PL\"},{\"@type\":\"Organization\",\"@id\":\"https:\/\/heritagehubkrakow.org\/pl\/#organization\",\"name\":\"Europa Nostra\",\"url\":\"https:\/\/heritagehubkrakow.org\/pl\/\",\"logo\":{\"@type\":\"ImageObject\",\"inLanguage\":\"pl-PL\",\"@id\":\"https:\/\/heritagehubkrakow.org\/pl\/#\/schema\/logo\/image\/\",\"url\":\"https:\/\/heritagehubkrakow.org\/wp-content\/uploads\/2023\/01\/europa-logo.png\",\"contentUrl\":\"https:\/\/heritagehubkrakow.org\/wp-content\/uploads\/2023\/01\/europa-logo.png\",\"width\":218,\"height\":237,\"caption\":\"Europa Nostra\"},\"image\":{\"@id\":\"https:\/\/heritagehubkrakow.org\/pl\/#\/schema\/logo\/image\/\"}}]}<\/script>\n<!-- \/ Yoast SEO plugin. -->","yoast_head_json":{"title":"Partycypacja i postmuzeum - Europa Nostra","description":"Czym w\u0142a\u015bciwie jest postmuzeum? Jak muzea \u2014 b\u0119d\u0105ce stra\u017cnikami wiedzy \u2014 mog\u0105 otworzy\u0107 swoje zbiory i w\u0142\u0105cza\u0107 publiczno\u015b\u0107 do wsp\u00f3\u0142dzia\u0142ania? A mo\u017ce wcale nie powinny tego robi\u0107? W kolejnym odcinku podcastu \u201eHolistic Heritage\u201d John Beauchamp rozmawia z dr Katarzyn\u0105 Jagodzi\u0144sk\u0105 o jej najnowszej ksi\u0105\u017cce, kt\u00f3ra porusza temat partycypacji i koncepcji \u201epostmuzeum\u201d. Sceneri\u0105 dla dyskusji jest malowniczy zabytkowy ogr\u00f3d Muzeum \u0141azienki Kr\u00f3lewskie w sercu Warszawy.","robots":{"index":"index","follow":"follow","max-snippet":"max-snippet:-1","max-image-preview":"max-image-preview:large","max-video-preview":"max-video-preview:-1"},"canonical":"https:\/\/heritagehubkrakow.org\/pl\/project\/partycypacja-i-postmuzeum\/","og_locale":"pl_PL","og_type":"article","og_title":"Partycypacja i postmuzeum - Europa Nostra","og_description":"Czym w\u0142a\u015bciwie jest postmuzeum? Jak muzea \u2014 b\u0119d\u0105ce stra\u017cnikami wiedzy \u2014 mog\u0105 otworzy\u0107 swoje zbiory i w\u0142\u0105cza\u0107 publiczno\u015b\u0107 do wsp\u00f3\u0142dzia\u0142ania? A mo\u017ce wcale nie powinny tego robi\u0107? W kolejnym odcinku podcastu \u201eHolistic Heritage\u201d John Beauchamp rozmawia z dr Katarzyn\u0105 Jagodzi\u0144sk\u0105 o jej najnowszej ksi\u0105\u017cce, kt\u00f3ra porusza temat partycypacji i koncepcji \u201epostmuzeum\u201d. Sceneri\u0105 dla dyskusji jest malowniczy zabytkowy ogr\u00f3d Muzeum \u0141azienki Kr\u00f3lewskie w sercu Warszawy.","og_url":"https:\/\/heritagehubkrakow.org\/pl\/project\/partycypacja-i-postmuzeum\/","og_site_name":"Europa Nostra","article_modified_time":"2025-05-12T07:17:56+00:00","og_image":[{"width":1200,"height":1200,"url":"https:\/\/heritagehubkrakow.org\/wp-content\/uploads\/2025\/05\/TMHiZK_podcast_Holistic_spotify-16.jpg","type":"image\/jpeg"}],"twitter_card":"summary_large_image","twitter_misc":{"Szacowany czas czytania":"2 minuty"},"schema":{"@context":"https:\/\/schema.org","@graph":[{"@type":"WebPage","@id":"https:\/\/heritagehubkrakow.org\/pl\/project\/partycypacja-i-postmuzeum\/","url":"https:\/\/heritagehubkrakow.org\/pl\/project\/partycypacja-i-postmuzeum\/","name":"Partycypacja i postmuzeum - Europa Nostra","isPartOf":{"@id":"https:\/\/heritagehubkrakow.org\/pl\/#website"},"primaryImageOfPage":{"@id":"https:\/\/heritagehubkrakow.org\/pl\/project\/partycypacja-i-postmuzeum\/#primaryimage"},"image":{"@id":"https:\/\/heritagehubkrakow.org\/pl\/project\/partycypacja-i-postmuzeum\/#primaryimage"},"thumbnailUrl":"https:\/\/heritagehubkrakow.org\/wp-content\/uploads\/2025\/05\/TMHiZK_podcast_Holistic_spotify-16.jpg","datePublished":"2025-05-12T06:11:05+00:00","dateModified":"2025-05-12T07:17:56+00:00","description":"Czym w\u0142a\u015bciwie jest postmuzeum? Jak muzea \u2014 b\u0119d\u0105ce stra\u017cnikami wiedzy \u2014 mog\u0105 otworzy\u0107 swoje zbiory i w\u0142\u0105cza\u0107 publiczno\u015b\u0107 do wsp\u00f3\u0142dzia\u0142ania? A mo\u017ce wcale nie powinny tego robi\u0107? W kolejnym odcinku podcastu \u201eHolistic Heritage\u201d John Beauchamp rozmawia z dr Katarzyn\u0105 Jagodzi\u0144sk\u0105 o jej najnowszej ksi\u0105\u017cce, kt\u00f3ra porusza temat partycypacji i koncepcji \u201epostmuzeum\u201d. Sceneri\u0105 dla dyskusji jest malowniczy zabytkowy ogr\u00f3d Muzeum \u0141azienki Kr\u00f3lewskie w sercu Warszawy.","breadcrumb":{"@id":"https:\/\/heritagehubkrakow.org\/pl\/project\/partycypacja-i-postmuzeum\/#breadcrumb"},"inLanguage":"pl-PL","potentialAction":[{"@type":"ReadAction","target":["https:\/\/heritagehubkrakow.org\/pl\/project\/partycypacja-i-postmuzeum\/"]}]},{"@type":"ImageObject","inLanguage":"pl-PL","@id":"https:\/\/heritagehubkrakow.org\/pl\/project\/partycypacja-i-postmuzeum\/#primaryimage","url":"https:\/\/heritagehubkrakow.org\/wp-content\/uploads\/2025\/05\/TMHiZK_podcast_Holistic_spotify-16.jpg","contentUrl":"https:\/\/heritagehubkrakow.org\/wp-content\/uploads\/2025\/05\/TMHiZK_podcast_Holistic_spotify-16.jpg","width":1200,"height":1200},{"@type":"BreadcrumbList","@id":"https:\/\/heritagehubkrakow.org\/pl\/project\/partycypacja-i-postmuzeum\/#breadcrumb","itemListElement":[{"@type":"ListItem","position":1,"name":"Homepage","item":"https:\/\/heritagehubkrakow.org\/pl\/"},{"@type":"ListItem","position":2,"name":"Partycypacja i postmuzeum"}]},{"@type":"WebSite","@id":"https:\/\/heritagehubkrakow.org\/pl\/#website","url":"https:\/\/heritagehubkrakow.org\/pl\/","name":"Europa Nostra","description":"Heritage Hub for Central and Eastern Europe","publisher":{"@id":"https:\/\/heritagehubkrakow.org\/pl\/#organization"},"potentialAction":[{"@type":"SearchAction","target":{"@type":"EntryPoint","urlTemplate":"https:\/\/heritagehubkrakow.org\/pl\/?s={search_term_string}"},"query-input":{"@type":"PropertyValueSpecification","valueRequired":true,"valueName":"search_term_string"}}],"inLanguage":"pl-PL"},{"@type":"Organization","@id":"https:\/\/heritagehubkrakow.org\/pl\/#organization","name":"Europa Nostra","url":"https:\/\/heritagehubkrakow.org\/pl\/","logo":{"@type":"ImageObject","inLanguage":"pl-PL","@id":"https:\/\/heritagehubkrakow.org\/pl\/#\/schema\/logo\/image\/","url":"https:\/\/heritagehubkrakow.org\/wp-content\/uploads\/2023\/01\/europa-logo.png","contentUrl":"https:\/\/heritagehubkrakow.org\/wp-content\/uploads\/2023\/01\/europa-logo.png","width":218,"height":237,"caption":"Europa Nostra"},"image":{"@id":"https:\/\/heritagehubkrakow.org\/pl\/#\/schema\/logo\/image\/"}}]}},"_links":{"self":[{"href":"https:\/\/heritagehubkrakow.org\/pl\/wp-json\/wp\/v2\/project\/7756","targetHints":{"allow":["GET"]}}],"collection":[{"href":"https:\/\/heritagehubkrakow.org\/pl\/wp-json\/wp\/v2\/project"}],"about":[{"href":"https:\/\/heritagehubkrakow.org\/pl\/wp-json\/wp\/v2\/types\/project"}],"wp:featuredmedia":[{"embeddable":true,"href":"https:\/\/heritagehubkrakow.org\/pl\/wp-json\/wp\/v2\/media\/7755"}],"wp:attachment":[{"href":"https:\/\/heritagehubkrakow.org\/pl\/wp-json\/wp\/v2\/media?parent=7756"}],"wp:term":[{"taxonomy":"category","embeddable":true,"href":"https:\/\/heritagehubkrakow.org\/pl\/wp-json\/wp\/v2\/categories?post=7756"},{"taxonomy":"post_tag","embeddable":true,"href":"https:\/\/heritagehubkrakow.org\/pl\/wp-json\/wp\/v2\/tags?post=7756"}],"curies":[{"name":"wp","href":"https:\/\/api.w.org\/{rel}","templated":true}]}}