{"id":8233,"date":"2025-07-03T15:30:42","date_gmt":"2025-07-03T15:30:42","guid":{"rendered":"https:\/\/heritagehubkrakow.org\/?post_type=project&#038;p=8233"},"modified":"2025-12-03T20:08:03","modified_gmt":"2025-12-03T20:08:03","slug":"centralne-muzeum-wlokiennictwa-w-lodzi","status":"publish","type":"project","link":"https:\/\/heritagehubkrakow.org\/pl\/project\/centralne-muzeum-wlokiennictwa-w-lodzi\/","title":{"rendered":"Centralne Muzeum W\u0142\u00f3kiennictwa w \u0141odzi"},"content":{"rendered":"<div class=\"is-style-section-container, has-white-text is-style-section-container wp-block-group alignfull has-red-background-color has-background eplus-wrapper is-layout-constrained wp-block-group-is-layout-constrained eplus-styles-uid-6f219c\"><div class=\"is-style-section-container wp-block-group alignfull eplus-wrapper is-layout-constrained wp-block-group-is-layout-constrained eplus-styles-uid-38b380\"><div style=\"background-image:url('https:\/\/heritagehubkrakow.org\/wp-content\/uploads\/2024\/06\/H_5-1-1.png');background-size:cover;\" class=\"has-white-text wp-block-group alignfull has-white-color has-text-color eplus-wrapper is-layout-constrained wp-block-group-is-layout-constrained has-background eplus-styles-uid-0ed7c1\">\n<div class=\"wp-block-group eplus-wrapper is-nowrap is-layout-flex wp-container-core-group-is-layout-ad2f72ca wp-block-group-is-layout-flex\"><h1 class=\" wp-block-heading has-text-align-center eplus-wrapper eplus-styles-uid-49faf1\"><strong><strong>Centralne Muzeum W\u0142\u00f3kiennictwa w \u0141odzi<\/strong><\/strong><\/h1>\n\n\n<p class=\" eplus-wrapper\"><a href=\"https:\/\/heritagehubkrakow.org\/pl\/project\/centralne-muzeum-wlokiennictwa-w-lodzi\/\" rel=\"noreferrer noopener\" target=\"_blank\"><\/a><\/p>\n<\/div>\n\n\n\n<div class=\"wp-block-group eplus-wrapper is-nowrap is-layout-flex wp-container-core-group-is-layout-ad2f72ca wp-block-group-is-layout-flex\"><div class=\"yoast-breadcrumbs\"><span><span><a href=\"https:\/\/heritagehubkrakow.org\/pl\/\">Homepage<\/a><\/span> &#8211; <span class=\"breadcrumb_last\" aria-current=\"page\">Centralne Muzeum W\u0142\u00f3kiennictwa w \u0141odzi<\/span><\/span><\/div>\n\n\n<p class=\" eplus-wrapper\"><a href=\"https:\/\/heritagehubkrakow.org\/pl\/project\/centralne-muzeum-wlokiennictwa-w-lodzi\/\" rel=\"noreferrer noopener\" target=\"_blank\"><\/a><\/p>\n<\/div>\n<\/div><\/div><\/div>\n\n<div class=\"is-style-section-container wp-block-group alignfull has-green-dark-background-color has-background eplus-wrapper is-layout-constrained wp-block-group-is-layout-constrained eplus-styles-uid-4c6cdd\"><div class=\"wp-block-group alignfull has-green-dark-background-color has-background eplus-wrapper is-layout-constrained wp-block-group-is-layout-constrained eplus-styles-uid-24f6f4\">\n<div class=\"wp-block-group eplus-wrapper is-layout-constrained wp-block-group-is-layout-constrained\">\n<div class=\"wp-block-group eplus-wrapper is-layout-constrained wp-block-group-is-layout-constrained\"><div class=\"wp-block-columns eplus-wrapper is-layout-flex wp-container-core-columns-is-layout-9d6595d7 wp-block-columns-is-layout-flex eplus-styles-uid-7ecbe6\">\n<div class=\"wp-block-column eplus-wrapper is-layout-flow wp-block-column-is-layout-flow\">\n<!-- tekst-wprowadzajacy -->\n<div class=\"loom-description\" style=\"font-family: Arial, sans-serif; margin-bottom: 40px; color: #333;\">\n<p style=\"margin: 4px 0; color: #000;font-weight: bold;\">The Central Museum of Textiles in \u0141\u00f3d\u017a is a cornerstone of Poland\u2019s cultural heritage, preserving the city\u2019s industrial past while celebrating textile art as a global tradition.<\/p>\n\n<p style=\"margin: 4px 0; color: #000;\">Located in Ludwik Geyer\u2019s historic \u201cWhite Factory\u201d, the museum was established in 1960 and is recognised as the first textile museum in the world. It houses Europe\u2019s largest textile collection, with over 200,000 artifacts ranging from industrial machinery to contemporary fabric art. This makes it not only a repository of history but also a vibrant centre for innovation and creativity.<\/p>\n\n<p style=\"margin: 4px 0; color: #000;\">The museum\u2019s importance lies in its dual role: it documents the rise of \u0141\u00f3d\u017a as a textile powerhouse in the 19th century while also showcasing how fabrics shaped fashion, architecture, and everyday life.<\/p>\n\n<p style=\"margin: 4px 0; color: #000;\">The \u201cWhite Factory\u201d is part of the European Route of Industrial Heritage, underscoring its significance as a landmark of industrial culture. The museum ensures that textile traditions are not forgotten, but continually reinterpreted, making it a vital guardian of both local identity and international cultural exchange.<\/p>\n\n<p style=\"margin: 4px 0; color: #000;\">The recordings from the Central Museum of Textiles in \u0141\u00f3d\u017a cover a wide range of machines which were turned on especially for the Heritage Sound Register.<\/p>\n\n\n\n<\/div>\n<!-- \/tekst-wprowadzajacy -->\n\n\n\n<div class=\"loom-description\" style=\"max-width: 800px; font-family: Arial, sans-serif; color: #333;\">\n<p style=\"margin: 4px 0; color: #000; font-size: 42px;\">Fred Greenwood Mechanical Works, 1889<\/p>\n<p style=\"margin: 4px 0; color: #000;\">Loom for plain fabric<\/p>\n<\/div>\n<\/div>\n<\/div>\n\n\n<style>\n  .meta-inline {\n    display: flex;\n    flex-wrap: wrap;\n    gap: 12px;\n    justify-content: center;\n    max-width: 1000px;\n    margin: 25px auto;\n    margin-top: 20px;\n    font-family: Arial, sans-serif;\n    font-size: 15px;\n    color: #333;\n  }\n\n  .meta-inline .item {\n    display: flex;\n    align-items: center;\n    gap: 8px;\n    padding: 10px 14px;\n    background-color: #f8f8f8;\n    border-radius: 8px;\n    box-shadow: 0 1px 4px rgba(0,0,0,0.05);\n    white-space: nowrap;\n  }\n\n  .meta-inline .item i {\n    font-size: 16px;\n    color: #555;\n    width: 20px;\n    text-align: center;\n  }\n\n  .meta-inline .label {\n    font-weight: bold;\n    color: #666;\n  }\n<\/style>\n<!-- Pami\u0119taj o tym w <head>: -->\n<!-- <link rel=\"stylesheet\" href=\"https:\/\/cdnjs.cloudflare.com\/ajax\/libs\/font-awesome\/6.5.0\/css\/all.min.css\" \/> -->\n<div class=\"meta-inline\">\n<div class=\"item\">\n<i class=\"fas fa-tags\"><\/i>\n<span><span class=\"label\">Tags:<\/span> industrial<\/span>\n<\/div>\n<div class=\"item\">\n<i class=\"fas fa-flag\"><\/i>\n<span><span class=\"label\">Country:<\/span> PL<\/span>\n<\/div>\n<div class=\"item\">\n<i class=\"fas fa-map-marker-alt\"><\/i>\n<span><span class=\"label\">Location:<\/span> \u0141\u00f3d\u017a<\/span>\n<\/div>\n<div class=\"item\">\n<i class=\"fas fa-clock\"><\/i>\n<span><span class=\"label\">Duration:<\/span> 01:10<\/span>\n<\/div>\n<div class=\"item\">\n<i class=\"fas fa-calendar-alt\"><\/i>\n<span><span class=\"label\">Date:<\/span> 07.06.2025<\/span>\n<\/div>\n<div class=\"item\">\n<i class=\"fas fa-user\"><\/i>\n<span><span class=\"label\">Author:<\/span> John Beauchamp<\/span>\n<\/div>\n<\/div>\n\n<!-- tekst-wprowadzajacy -->\n<div class=\"loom-description\" style=\"max-width: 800px; font-family: Arial, sans-serif; color: #333;\">\n<p style=\"margin: 4px 0; color: #000;\">Tekst<\/p>\n<\/div>\n<!-- \/tekst-wprowadzajacy -->\n\n\n\n<figure class=\" wp-block-audio eplus-wrapper\"><audio controls src=\"https:\/\/heritagehubkrakow.org\/wp-content\/uploads\/2025\/07\/KHH-LODZ-001-WAV.wav\"><\/audio><\/figure>\n\n\n\n<style>\n  .custom-grid-gallery {\n    max-width: 1200px;\n    margin: 40px auto;\n    padding: 0 20px;\n  }\n\n  .row {\n    display: flex;\n    gap: 16px;\n    margin-bottom: 16px;\n    flex-wrap: wrap;\n  }\n\n  .row.top img {\n    height: 320px;\n    object-fit: cover;\n  }\n\n  .row.bottom img {\n    height: 180px;\n    object-fit: cover;\n  }\n\n  .row a {\n    flex: 1;\n    display: block;\n    border-radius: 8px;\n    overflow: hidden;\n    transition: transform 0.3s ease;\n    border: 2px solid #eee;\n  }\n\n  .row a:hover img {\n    transform: scale(1.03);\n  }\n\n  .row a img {\n    width: 100%;\n    transition: transform 0.3s ease;\n    display: block;\n  }\n\n  \/* Responsywno\u015b\u0107 *\/\n  @media (max-width: 768px) {\n    .row.top a,\n    .row.bottom a {\n      flex: 100%;\n    }\n\n    .row.top img {\n      height: auto;\n    }\n\n    .row.bottom img {\n      height: auto;\n    }\n  }\n<\/style>\n<div class=\"custom-grid-gallery\">\n<!-- G\u00f3rny rz\u0105d: 2 du\u017ce zdj\u0119cia -->\n<div class=\"row top\">\n<a href=\"https:\/\/heritagehubkrakow.org\/wp-content\/uploads\/2025\/07\/KKH-LODZ-P001-1024x576.jpg\" data-rel=\"lightbox-image-0\" data-imagelightbox=\"0\" data-rl_title=\"\" data-rl_caption=\"\" title=\"\">\n<img decoding=\"async\" alt=\"KKH-LODZ-P001\" src=\"https:\/\/heritagehubkrakow.org\/wp-content\/uploads\/2025\/07\/KKH-LODZ-P001-1024x576.jpg\">\n<\/a>\n<a href=\"https:\/\/heritagehubkrakow.org\/wp-content\/uploads\/2025\/07\/KKH-LODZ-P002-1024x576.jpg\" data-rel=\"lightbox-image-1\" data-imagelightbox=\"1\" data-rl_title=\"\" data-rl_caption=\"\" title=\"\">\n<img decoding=\"async\" alt=\"KKH-LODZ-P002\" src=\"https:\/\/heritagehubkrakow.org\/wp-content\/uploads\/2025\/07\/KKH-LODZ-P002-1024x576.jpg\">\n<\/a>\n<\/div>\n<!-- Dolny rz\u0105d: 3 mniejsze zdj\u0119cia -->\n<div class=\"row bottom\">\n<a href=\"https:\/\/heritagehubkrakow.org\/wp-content\/uploads\/2025\/07\/KKH-LODZ-P003-1024x576.jpg\" data-rel=\"lightbox-image-2\" data-imagelightbox=\"2\" data-rl_title=\"\" data-rl_caption=\"\" title=\"\">\n<img decoding=\"async\" alt=\"KKH-LODZ-P003\" src=\"https:\/\/heritagehubkrakow.org\/wp-content\/uploads\/2025\/07\/KKH-LODZ-P003-1024x576.jpg\">\n<\/a>\n<a href=\"https:\/\/heritagehubkrakow.org\/wp-content\/uploads\/2025\/07\/KKH-LODZ-P004-1024x576.jpg\" data-rel=\"lightbox-image-3\" data-imagelightbox=\"3\" data-rl_title=\"\" data-rl_caption=\"\" title=\"\">\n<img decoding=\"async\" alt=\"KKH-LODZ-P004\" src=\"https:\/\/heritagehubkrakow.org\/wp-content\/uploads\/2025\/07\/KKH-LODZ-P004-1024x576.jpg\">\n<\/a>\n<a href=\"https:\/\/heritagehubkrakow.org\/wp-content\/uploads\/2025\/07\/KKH-LODZ-P005-1024x576.jpg\" data-rel=\"lightbox-image-4\" data-imagelightbox=\"4\" data-rl_title=\"\" data-rl_caption=\"\" title=\"\">\n<img decoding=\"async\" alt=\"KKH-LODZ-P005\" src=\"https:\/\/heritagehubkrakow.org\/wp-content\/uploads\/2025\/07\/KKH-LODZ-P005-1024x576.jpg\">\n<\/a>\n<div class=\"custom-video-grid\" style=\"max-width: 1200px; margin: 40px auto; padding: 0 0px; display: grid; grid-template-columns: repeat(auto-fit, minmax(300px, 1fr)); gap: 20px;\">\n<video controls=\"\" style=\"width: 100%; border-radius: 12px; border: 2px solid #ccc;\">\n<source src=\"https:\/\/heritagehubkrakow.org\/wp-content\/uploads\/2025\/08\/KKH-LODZ-V001_lq.mp4\" type=\"video\/mp4\"><\/source>\n    Your browser does not support the video tag.\n  <\/video>\n<video controls=\"\" style=\"width: 100%; border-radius: 12px; border: 2px solid #ccc;\">\n<source src=\"https:\/\/heritagehubkrakow.org\/wp-content\/uploads\/2025\/08\/KKH-LODZ-V002_lq.mp4\" type=\"video\/mp4\"><\/source>\n    Your browser does not support the video tag.\n  <\/video>\n<\/div>\n<\/div>\n<\/div>\n\n\n\n<div style=\"height: 40px;\"><\/div>\n<\/div>\n\n\n\n<\/div>\n<div class=\"filter-section\" data-tags=\"Industrial, \u0141\u00f3d\u017a, John Beauchamp, Switzerland\">\n<div class=\"loom-description\" style=\"font-family: Arial, sans-serif; color: #000; text-align: left; margin: 20px 0;\">\n<h1 style=\"font-size: 42px; font-weight: bold; margin: 0;\">Shuttle narrow overpick loom<\/h1>\n<\/div>\n\n\n<div class=\"wp-block-columns eplus-wrapper is-layout-flex wp-container-core-columns-is-layout-9d6595d7 wp-block-columns-is-layout-flex eplus-styles-uid-5a011f\">\n<div class=\"wp-block-column eplus-wrapper is-layout-flow wp-block-column-is-layout-flow\">\n<div class=\"loom-description\" style=\"max-width: 800px; font-family: Arial, sans-serif; color: #333;\">\n<p style=\"margin: 4px 0; color: #000; font-size: 28px;\">Maschinenfabrik Ruti vormals Caspar Honegger A.-G. Switzerland, 1892<\/p>\n<p style=\"margin: 4px 0; color: #000;\">Loom for plain fabric<\/p>\n<\/div>\n<\/div>\n<\/div>\n\n\n<style>\n  .meta-inline {\n    display: flex;\n    flex-wrap: wrap;\n    gap: 12px;\n    justify-content: center;\n    max-width: 1000px;\n    margin: 25px auto;\n    margin-top: 20px;\n    font-family: Arial, sans-serif;\n    font-size: 15px;\n    color: #333;\n  }\n\n  .meta-inline .item {\n    display: flex;\n    align-items: center;\n    gap: 8px;\n    padding: 10px 14px;\n    background-color: #f8f8f8;\n    border-radius: 8px;\n    box-shadow: 0 1px 4px rgba(0,0,0,0.05);\n    white-space: nowrap;\n  }\n\n  .meta-inline .item i {\n    font-size: 16px;\n    color: #555;\n    width: 20px;\n    text-align: center;\n  }\n\n  .meta-inline .label {\n    font-weight: bold;\n    color: #666;\n  }\n<\/style>\n<!-- Pami\u0119taj o tym w <head>: -->\n<!-- <link rel=\"stylesheet\" href=\"https:\/\/cdnjs.cloudflare.com\/ajax\/libs\/font-awesome\/6.5.0\/css\/all.min.css\" \/> -->\n<div class=\"meta-inline\">\n<div class=\"item\">\n<i class=\"fas fa-tags\"><\/i>\n<span><span class=\"label\">Tags:<\/span> industrial<\/span>\n<\/div>\n<div class=\"item\">\n<i class=\"fas fa-flag\"><\/i>\n<span><span class=\"label\">Country:<\/span> PL<\/span>\n<\/div>\n<div class=\"item\">\n<i class=\"fas fa-map-marker-alt\"><\/i>\n<span><span class=\"label\">Location:<\/span> \u0141\u00f3d\u017a<\/span>\n<\/div>\n<div class=\"item\">\n<i class=\"fas fa-clock\"><\/i>\n<span><span class=\"label\">Duration:<\/span> 01:29<\/span>\n<\/div>\n<div class=\"item\">\n<i class=\"fas fa-calendar-alt\"><\/i>\n<span><span class=\"label\">Date:<\/span> 07.06.2025<\/span>\n<\/div>\n<div class=\"item\">\n<i class=\"fas fa-user\"><\/i>\n<span><span class=\"label\">Author:<\/span> John Beauchamp<\/span>\n<\/div>\n<\/div>\n\n<!-- tekst-wprowadzajacy -->\n<div class=\"loom-description\" style=\"max-width: 800px; font-family: Arial, sans-serif; color: #333;\">\n<p style=\"margin: 4px 0; color: #000;\">Tekst<\/p>\n<\/div>\n<!-- \/tekst-wprowadzajacy -->\n\n\n\n<figure class=\" wp-block-audio eplus-wrapper\"><audio controls src=\"https:\/\/heritagehubkrakow.org\/wp-content\/uploads\/2025\/07\/KKH-LODZ-002-MP3.mp3\"><\/audio><\/figure>\n\n\n\n<div style=\"height: 80px;\"><\/div>\n\n\n\n<\/div>\n<div class=\"filter-section\" data-tags=\"Industrial, \u0141\u00f3d\u017a, John Beauchamp, Switzerland\">\n<div class=\"loom-description\" style=\"font-family: Arial, sans-serif; color: #000; text-align: left; margin: 20px 0;\">\n<h1 style=\"font-size: 42px; font-weight: bold; margin: 0;\">Shuttle narrow overpick loom<\/h1>\n<\/div>\n\n\n<div class=\"wp-block-columns eplus-wrapper is-layout-flex wp-container-core-columns-is-layout-9d6595d7 wp-block-columns-is-layout-flex eplus-styles-uid-0d4d9a\">\n<div class=\"wp-block-column eplus-wrapper is-layout-flow wp-block-column-is-layout-flow\">\n<div class=\"loom-description\" style=\"max-width: 800px; font-family: Arial, sans-serif; color: #333;\">\n<p style=\"margin: 4px 0; color: #000; font-size: 28px;\">Maschinenfabrik Ruti vormals Caspar Honegger A.-G. Switzerland, 1892<\/p>\n<p style=\"margin: 4px 0; color: #000;\">Loom for plain fabric<\/p>\n<\/div>\n<\/div>\n<\/div>\n\n\n<style>\n  .meta-inline {\n    display: flex;\n    flex-wrap: wrap;\n    gap: 12px;\n    justify-content: center;\n    max-width: 1000px;\n    margin: 25px auto;\n    margin-top: 20px;\n    font-family: Arial, sans-serif;\n    font-size: 15px;\n    color: #333;\n  }\n\n  .meta-inline .item {\n    display: flex;\n    align-items: center;\n    gap: 8px;\n    padding: 10px 14px;\n    background-color: #f8f8f8;\n    border-radius: 8px;\n    box-shadow: 0 1px 4px rgba(0,0,0,0.05);\n    white-space: nowrap;\n  }\n\n  .meta-inline .item i {\n    font-size: 16px;\n    color: #555;\n    width: 20px;\n    text-align: center;\n  }\n\n  .meta-inline .label {\n    font-weight: bold;\n    color: #666;\n  }\n<\/style>\n<!-- Pami\u0119taj o tym w <head>: -->\n<!-- <link rel=\"stylesheet\" href=\"https:\/\/cdnjs.cloudflare.com\/ajax\/libs\/font-awesome\/6.5.0\/css\/all.min.css\" \/> -->\n<div class=\"meta-inline\">\n<div class=\"item\">\n<i class=\"fas fa-tags\"><\/i>\n<span><span class=\"label\">Tags:<\/span> industrial<\/span>\n<\/div>\n<div class=\"item\">\n<i class=\"fas fa-flag\"><\/i>\n<span><span class=\"label\">Country:<\/span> PL<\/span>\n<\/div>\n<div class=\"item\">\n<i class=\"fas fa-map-marker-alt\"><\/i>\n<span><span class=\"label\">Location:<\/span> \u0141\u00f3d\u017a<\/span>\n<\/div>\n<div class=\"item\">\n<i class=\"fas fa-clock\"><\/i>\n<span><span class=\"label\">Duration:<\/span> 01:13<\/span>\n<\/div>\n<div class=\"item\">\n<i class=\"fas fa-calendar-alt\"><\/i>\n<span><span class=\"label\">Date:<\/span> 07.06.2025<\/span>\n<\/div>\n<div class=\"item\">\n<i class=\"fas fa-user\"><\/i>\n<span><span class=\"label\">Author:<\/span> John Beauchamp<\/span>\n<\/div>\n<\/div>\n\n<!-- tekst-wprowadzajacy -->\n<div class=\"loom-description\" style=\"max-width: 800px; font-family: Arial, sans-serif; color: #333;\">\n<p style=\"margin: 4px 0; color: #000;\">Tekst<\/p>\n<\/div>\n<!-- \/tekst-wprowadzajacy -->\n\n\n\n<figure class=\" wp-block-audio eplus-wrapper\"><audio controls src=\"https:\/\/heritagehubkrakow.org\/wp-content\/uploads\/2025\/07\/KKH-LODZ-003-MP3.mp3\"><\/audio><\/figure>\n\n\n\n<div style=\"height: 80px;\"><\/div>\n\n\n\n<\/div>\n<div class=\"filter-section\" data-tags=\"Industrial, \u0141\u00f3d\u017a, John Beauchamp\">\n<div class=\"loom-description\" style=\"font-family: Arial, sans-serif; color: #000; text-align: left; margin: 20px 0;\">\n<h1 style=\"font-size: 42px; font-weight: bold; margin: 0;\">Shuttle half-wide overpick loom<\/h1>\n<\/div>\n\n\n<div class=\"wp-block-columns eplus-wrapper is-layout-flex wp-container-core-columns-is-layout-9d6595d7 wp-block-columns-is-layout-flex eplus-styles-uid-3744ce\">\n<div class=\"wp-block-column eplus-wrapper is-layout-flow wp-block-column-is-layout-flow\">\n<div class=\"loom-description\" style=\"max-width: 800px; font-family: Arial, sans-serif; color: #333;\">\n<p style=\"margin: 4px 0; color: #000; font-size: 28px;\">Maschinenfabrik Ruti vormals Caspar Honegger A.-G. Switzerland, 1892<\/p>\n<p style=\"margin: 4px 0; color: #000;\">Loom for plain fabric<\/p>\n<\/div>\n<\/div>\n<\/div>\n\n\n<style>\n  .meta-inline {\n    display: flex;\n    flex-wrap: wrap;\n    gap: 12px;\n    justify-content: center;\n    max-width: 1000px;\n    margin: 25px auto;\n    margin-top: 20px;\n    font-family: Arial, sans-serif;\n    font-size: 15px;\n    color: #333;\n  }\n\n  .meta-inline .item {\n    display: flex;\n    align-items: center;\n    gap: 8px;\n    padding: 10px 14px;\n    background-color: #f8f8f8;\n    border-radius: 8px;\n    box-shadow: 0 1px 4px rgba(0,0,0,0.05);\n    white-space: nowrap;\n  }\n\n  .meta-inline .item i {\n    font-size: 16px;\n    color: #555;\n    width: 20px;\n    text-align: center;\n  }\n\n  .meta-inline .label {\n    font-weight: bold;\n    color: #666;\n  }\n<\/style>\n<!-- Pami\u0119taj o tym w <head>: -->\n<!-- <link rel=\"stylesheet\" href=\"https:\/\/cdnjs.cloudflare.com\/ajax\/libs\/font-awesome\/6.5.0\/css\/all.min.css\" \/> -->\n<div class=\"meta-inline\">\n<div class=\"item\">\n<i class=\"fas fa-tags\"><\/i>\n<span><span class=\"label\">Tags:<\/span> industrial<\/span>\n<\/div>\n<div class=\"item\">\n<i class=\"fas fa-flag\"><\/i>\n<span><span class=\"label\">Country:<\/span> PL<\/span>\n<\/div>\n<div class=\"item\">\n<i class=\"fas fa-map-marker-alt\"><\/i>\n<span><span class=\"label\">Location:<\/span> \u0141\u00f3d\u017a<\/span>\n<\/div>\n<div class=\"item\">\n<i class=\"fas fa-clock\"><\/i>\n<span><span class=\"label\">Duration:<\/span> 01:05<\/span>\n<\/div>\n<div class=\"item\">\n<i class=\"fas fa-calendar-alt\"><\/i>\n<span><span class=\"label\">Date:<\/span> 07.06.2025<\/span>\n<\/div>\n<div class=\"item\">\n<i class=\"fas fa-user\"><\/i>\n<span><span class=\"label\">Author:<\/span> John Beauchamp<\/span>\n<\/div>\n<\/div>\n\n<!-- tekst-wprowadzajacy -->\n<div class=\"loom-description\" style=\"max-width: 800px; font-family: Arial, sans-serif; color: #333;\">\n<p style=\"margin: 4px 0; color: #000;\">Tekst<\/p>\n<\/div>\n<!-- \/tekst-wprowadzajacy -->\n\n\n\n<figure class=\" wp-block-audio eplus-wrapper\"><audio controls src=\"https:\/\/heritagehubkrakow.org\/wp-content\/uploads\/2025\/07\/KKH-LODZ-004-MP3.mp3\"><\/audio><\/figure>\n\n\n\n<div style=\"height: 80px;\"><\/div>\n\n\n\n<\/div>\n<div class=\"filter-section\" data-tags=\"Industrial, \u0141\u00f3d\u017a, John Beauchamp\">\n<div class=\"loom-description\" style=\"font-family: Arial, sans-serif; color: #000; text-align: left; margin: 20px 0;\">\n<h1 style=\"font-size: 42px; font-weight: bold; margin: 0;\">Three looms operational simulataneously<\/h1>\n<\/div>\n\n\n<div class=\"wp-block-columns eplus-wrapper is-layout-flex wp-container-core-columns-is-layout-9d6595d7 wp-block-columns-is-layout-flex eplus-styles-uid-7b2e27\">\n<div class=\"wp-block-column eplus-wrapper is-layout-flow wp-block-column-is-layout-flow\"><\/div>\n<\/div>\n\n\n<style>\n  .meta-inline {\n    display: flex;\n    flex-wrap: wrap;\n    gap: 12px;\n    justify-content: center;\n    max-width: 1000px;\n    margin: 25px auto;\n    margin-top: 20px;\n    font-family: Arial, sans-serif;\n    font-size: 15px;\n    color: #333;\n  }\n\n  .meta-inline .item {\n    display: flex;\n    align-items: center;\n    gap: 8px;\n    padding: 10px 14px;\n    background-color: #f8f8f8;\n    border-radius: 8px;\n    box-shadow: 0 1px 4px rgba(0,0,0,0.05);\n    white-space: nowrap;\n  }\n\n  .meta-inline .item i {\n    font-size: 16px;\n    color: #555;\n    width: 20px;\n    text-align: center;\n  }\n\n  .meta-inline .label {\n    font-weight: bold;\n    color: #666;\n  }\n<\/style>\n<!-- Pami\u0119taj o tym w <head>: -->\n<!-- <link rel=\"stylesheet\" href=\"https:\/\/cdnjs.cloudflare.com\/ajax\/libs\/font-awesome\/6.5.0\/css\/all.min.css\" \/> -->\n<div class=\"meta-inline\">\n<div class=\"item\">\n<i class=\"fas fa-tags\"><\/i>\n<span><span class=\"label\">Tags:<\/span> industrial<\/span>\n<\/div>\n<div class=\"item\">\n<i class=\"fas fa-flag\"><\/i>\n<span><span class=\"label\">Country:<\/span> PL<\/span>\n<\/div>\n<div class=\"item\">\n<i class=\"fas fa-map-marker-alt\"><\/i>\n<span><span class=\"label\">Location:<\/span> \u0141\u00f3d\u017a<\/span>\n<\/div>\n<div class=\"item\">\n<i class=\"fas fa-clock\"><\/i>\n<span><span class=\"label\">Duration:<\/span> 01:28<\/span>\n<\/div>\n<div class=\"item\">\n<i class=\"fas fa-calendar-alt\"><\/i>\n<span><span class=\"label\">Date:<\/span> 07.06.2025<\/span>\n<\/div>\n<div class=\"item\">\n<i class=\"fas fa-user\"><\/i>\n<span><span class=\"label\">Author:<\/span> John Beauchamp<\/span>\n<\/div>\n<\/div>\n\n<!-- tekst-wprowadzajacy -->\n<div class=\"loom-description\" style=\"max-width: 800px; font-family: Arial, sans-serif; color: #333;\">\n<p style=\"margin: 4px 0; color: #000;\">Tekst<\/p>\n<\/div>\n<!-- \/tekst-wprowadzajacy -->\n\n\n\n<figure class=\" wp-block-audio eplus-wrapper\"><audio controls src=\"https:\/\/heritagehubkrakow.org\/wp-content\/uploads\/2025\/07\/KKH-LODZ-005-MP3.mp3\"><\/audio><\/figure>\n\n\n\n<div style=\"height: 80px;\"><\/div>\n\n\n\n<\/div>\n<div class=\"filter-section\" data-tags=\"Industrial, \u0141\u00f3d\u017a, John Beauchamp\">\n<div class=\"loom-description\" style=\"font-family: Arial, sans-serif; color: #000; text-align: left; margin: 20px 0;\">\n<h1 style=\"font-size: 42px; font-weight: bold; margin: 0;\">Automatic conewinding frame<\/h1>\n<\/div>\n\n\n<div class=\"wp-block-columns eplus-wrapper is-layout-flex wp-container-core-columns-is-layout-9d6595d7 wp-block-columns-is-layout-flex eplus-styles-uid-8267bd\">\n<div class=\"wp-block-column eplus-wrapper is-layout-flow wp-block-column-is-layout-flow\">\n<div class=\"loom-description\" style=\"max-width: 800px; font-family: Arial, sans-serif; color: #333;\">\n<p style=\"margin: 4px 0; color: #000; font-size: 28px;\">Textil Chrastava<\/p>\n<p style=\"margin: 4px 0; color: #000; font-size: 28px;\">Ferdinand (Czechoslovakia), 1972<\/p>\n<p style=\"margin: 4px 0; color: #000;\">Device for winding weft on coils for shuttle<\/p>\n<\/div>\n<\/div>\n<\/div>\n\n\n<style>\n  .meta-inline {\n    display: flex;\n    flex-wrap: wrap;\n    gap: 12px;\n    justify-content: center;\n    max-width: 1000px;\n    margin: 25px auto;\n    margin-top: 20px;\n    font-family: Arial, sans-serif;\n    font-size: 15px;\n    color: #333;\n  }\n\n  .meta-inline .item {\n    display: flex;\n    align-items: center;\n    gap: 8px;\n    padding: 10px 14px;\n    background-color: #f8f8f8;\n    border-radius: 8px;\n    box-shadow: 0 1px 4px rgba(0,0,0,0.05);\n    white-space: nowrap;\n  }\n\n  .meta-inline .item i {\n    font-size: 16px;\n    color: #555;\n    width: 20px;\n    text-align: center;\n  }\n\n  .meta-inline .label {\n    font-weight: bold;\n    color: #666;\n  }\n<\/style>\n<!-- Pami\u0119taj o tym w <head>: -->\n<!-- <link rel=\"stylesheet\" href=\"https:\/\/cdnjs.cloudflare.com\/ajax\/libs\/font-awesome\/6.5.0\/css\/all.min.css\" \/> -->\n<div class=\"meta-inline\">\n<div class=\"item\">\n<i class=\"fas fa-tags\"><\/i>\n<span><span class=\"label\">Tags:<\/span> industrial<\/span>\n<\/div>\n<div class=\"item\">\n<i class=\"fas fa-flag\"><\/i>\n<span><span class=\"label\">Country:<\/span> PL<\/span>\n<\/div>\n<div class=\"item\">\n<i class=\"fas fa-map-marker-alt\"><\/i>\n<span><span class=\"label\">Location:<\/span> \u0141\u00f3d\u017a<\/span>\n<\/div>\n<div class=\"item\">\n<i class=\"fas fa-clock\"><\/i>\n<span><span class=\"label\">Duration:<\/span> 01:38<\/span>\n<\/div>\n<div class=\"item\">\n<i class=\"fas fa-calendar-alt\"><\/i>\n<span><span class=\"label\">Date:<\/span> 07.06.2025<\/span>\n<\/div>\n<div class=\"item\">\n<i class=\"fas fa-user\"><\/i>\n<span><span class=\"label\">Author:<\/span> John Beauchamp<\/span>\n<\/div>\n<\/div>\n\n<!-- tekst-wprowadzajacy -->\n<div class=\"loom-description\" style=\"max-width: 800px; font-family: Arial, sans-serif; color: #333;\">\n<p style=\"margin: 4px 0; color: #000;\">Tekst<\/p>\n<\/div>\n<!-- \/tekst-wprowadzajacy -->\n\n\n\n<figure class=\" wp-block-audio eplus-wrapper\"><audio controls src=\"https:\/\/heritagehubkrakow.org\/wp-content\/uploads\/2025\/07\/KKH-LODZ-006-MP3.mp3\"><\/audio><\/figure>\n\n\n\n<style>\n  .custom-single-image {\n    max-width: 800px;\n    margin: 40px auto;\n    padding: 0 20px;\n  }\n\n  .custom-single-image a {\n    display: block;\n    border-radius: 8px;\n    overflow: hidden;\n    border: 2px solid #eee;\n    transition: transform 0.3s ease;\n  }\n\n  .custom-single-image a:hover img {\n    transform: scale(1.03);\n  }\n\n  .custom-single-image img {\n    width: 100%;\n    height: auto;\n    display: block;\n    transition: transform 0.3s ease;\n    object-fit: cover;\n  }\n\n  @media (max-width: 768px) {\n    .custom-single-image img {\n      height: auto;\n    }\n  }\n<\/style>\n<div class=\"custom-single-image\">\n<a href=\"https:\/\/heritagehubkrakow.org\/wp-content\/uploads\/2025\/07\/KKH-LODZ-P006-1-1024x576.jpg\" target=\"_blank\" data-rel=\"lightbox-image-5\" data-imagelightbox=\"5\" data-rl_title=\"\" data-rl_caption=\"\" title=\"\">\n<img decoding=\"async\" alt=\"KKH-LODZ-P001\" src=\"https:\/\/heritagehubkrakow.org\/wp-content\/uploads\/2025\/07\/KKH-LODZ-P006-1-1024x576.jpg\">\n<\/a>\n<div class=\"custom-video-single\" style=\"max-width: 800px; margin: 40px auto; padding: 0 00px;\">\n<video controls=\"\" style=\"width: 100%; border-radius: 12px; border: 2px solid #ccc;\">\n<source src=\"https:\/\/heritagehubkrakow.org\/wp-content\/uploads\/2025\/08\/KKH-LODZ-V003_lq.mp4\" type=\"video\/mp4\"><\/source>\n    Your browser does not support the video tag.\n  <\/video>\n<\/div>\n<\/div>\n\n\n\n<div style=\"height: 80px;\"><\/div>\n\n\n\n<\/div>\n<div class=\"filter-section\" data-tags=\"Industrial, \u0141\u00f3d\u017a, John Beauchamp\">\n<div class=\"loom-description\" style=\"font-family: Arial, sans-serif; color: #000; text-align: left; margin: 20px 0;\">\n<h1 style=\"font-size: 42px; font-weight: bold; margin: 0;\">Rapier loom<\/h1>\n<\/div>\n\n\n<div class=\"wp-block-columns eplus-wrapper is-layout-flex wp-container-core-columns-is-layout-9d6595d7 wp-block-columns-is-layout-flex eplus-styles-uid-193fb6\">\n<div class=\"wp-block-column eplus-wrapper is-layout-flow wp-block-column-is-layout-flow\">\n<div class=\"loom-description\" style=\"max-width: 800px; font-family: Arial, sans-serif; color: #333;\">\n<p style=\"margin: 4px 0; color: #000; font-size: 28px;\">France, Soci\u00e9t\u00e9 Alsacienne de Constructions M\u00e9caniques, 1972<\/p>\n<\/div>\n<\/div>\n<\/div>\n\n\n<style>\n  .meta-inline {\n    display: flex;\n    flex-wrap: wrap;\n    gap: 12px;\n    justify-content: center;\n    max-width: 1000px;\n    margin: 25px auto;\n    margin-top: 20px;\n    font-family: Arial, sans-serif;\n    font-size: 15px;\n    color: #333;\n  }\n\n  .meta-inline .item {\n    display: flex;\n    align-items: center;\n    gap: 8px;\n    padding: 10px 14px;\n    background-color: #f8f8f8;\n    border-radius: 8px;\n    box-shadow: 0 1px 4px rgba(0,0,0,0.05);\n    white-space: nowrap;\n  }\n\n  .meta-inline .item i {\n    font-size: 16px;\n    color: #555;\n    width: 20px;\n    text-align: center;\n  }\n\n  .meta-inline .label {\n    font-weight: bold;\n    color: #666;\n  }\n<\/style>\n<!-- Pami\u0119taj o tym w <head>: -->\n<!-- <link rel=\"stylesheet\" href=\"https:\/\/cdnjs.cloudflare.com\/ajax\/libs\/font-awesome\/6.5.0\/css\/all.min.css\" \/> -->\n<div class=\"meta-inline\">\n<div class=\"item\">\n<i class=\"fas fa-tags\"><\/i>\n<span><span class=\"label\">Tags:<\/span> industrial<\/span>\n<\/div>\n<div class=\"item\">\n<i class=\"fas fa-flag\"><\/i>\n<span><span class=\"label\">Country:<\/span> PL<\/span>\n<\/div>\n<div class=\"item\">\n<i class=\"fas fa-map-marker-alt\"><\/i>\n<span><span class=\"label\">Location:<\/span> \u0141\u00f3d\u017a<\/span>\n<\/div>\n<div class=\"item\">\n<i class=\"fas fa-clock\"><\/i>\n<span><span class=\"label\">Duration:<\/span> 01:15<\/span>\n<\/div>\n<div class=\"item\">\n<i class=\"fas fa-calendar-alt\"><\/i>\n<span><span class=\"label\">Date:<\/span> 07.06.2025<\/span>\n<\/div>\n<div class=\"item\">\n<i class=\"fas fa-user\"><\/i>\n<span><span class=\"label\">Author:<\/span> John Beauchamp<\/span>\n<\/div>\n<\/div>\n\n<!-- tekst-wprowadzajacy -->\n<div class=\"loom-description\" style=\"max-width: 800px; font-family: Arial, sans-serif; color: #333;\">\n<p style=\"margin: 4px 0; color: #000;\">Tekst<\/p>\n<\/div>\n<!-- \/tekst-wprowadzajacy -->\n\n\n\n<figure class=\" wp-block-audio eplus-wrapper\"><audio controls src=\"https:\/\/heritagehubkrakow.org\/wp-content\/uploads\/2025\/07\/KKH-LODZ-007-MP3.mp3\"><\/audio><\/figure>\n\n\n\n<style>\n  .custom-grid-4 {\n    max-width: 1200px;\n    margin: 40px auto;\n    padding: 0 20px;\n    display: grid;\n    grid-template-columns: repeat(2, 1fr);\n    gap: 16px;\n  }\n\n  .custom-grid-4 a {\n    display: block;\n    border-radius: 8px;\n    overflow: hidden;\n    border: 2px solid #eee;\n    transition: transform 0.3s ease;\n  }\n\n  .custom-grid-4 a:hover img {\n    transform: scale(1.03);\n  }\n\n  .custom-grid-4 img {\n    width: 100%;\n    height: auto;\n    display: block;\n    transition: transform 0.3s ease;\n    object-fit: cover;\n  }\n\n  @media (max-width: 768px) {\n    .custom-grid-4 {\n      grid-template-columns: 1fr;\n    }\n  }\n<\/style>\n<div class=\"custom-grid-4\">\n<a href=\"https:\/\/heritagehubkrakow.org\/wp-content\/uploads\/2025\/07\/KKH-LODZ-P007-1024x768.jpg\" target=\"_blank\" data-rel=\"lightbox-image-6\" data-imagelightbox=\"6\" data-rl_title=\"\" data-rl_caption=\"\" title=\"\">\n<img decoding=\"async\" alt=\"KKH-LODZ-P007\" src=\"https:\/\/heritagehubkrakow.org\/wp-content\/uploads\/2025\/07\/KKH-LODZ-P007-1024x768.jpg\">\n<\/a>\n<a href=\"https:\/\/heritagehubkrakow.org\/wp-content\/uploads\/2025\/07\/KKH-LODZ-P008-1024x768.jpg\" target=\"_blank\" data-rel=\"lightbox-image-7\" data-imagelightbox=\"7\" data-rl_title=\"\" data-rl_caption=\"\" title=\"\">\n<img decoding=\"async\" alt=\"KKH-LODZ-P008\" src=\"https:\/\/heritagehubkrakow.org\/wp-content\/uploads\/2025\/07\/KKH-LODZ-P008-1024x768.jpg\">\n<\/a>\n<a href=\"https:\/\/heritagehubkrakow.org\/wp-content\/uploads\/2025\/07\/KKH-LODZ-P009-768x1024.jpg\" target=\"_blank\" data-rel=\"lightbox-image-8\" data-imagelightbox=\"8\" data-rl_title=\"\" data-rl_caption=\"\" title=\"\">\n<img decoding=\"async\" alt=\"KKH-LODZ-P009\" src=\"https:\/\/heritagehubkrakow.org\/wp-content\/uploads\/2025\/07\/KKH-LODZ-P009-768x1024.jpg\">\n<\/a>\n<a href=\"https:\/\/heritagehubkrakow.org\/wp-content\/uploads\/2025\/07\/KKH-LODZ-P010-768x1024.jpg\" target=\"_blank\" data-rel=\"lightbox-image-9\" data-imagelightbox=\"9\" data-rl_title=\"\" data-rl_caption=\"\" title=\"\">\n<img decoding=\"async\" alt=\"KKH-LODZ-P010\" src=\"https:\/\/heritagehubkrakow.org\/wp-content\/uploads\/2025\/07\/KKH-LODZ-P010-768x1024.jpg\">\n<\/a>\n<\/div>\n<div style=\"max-width: 1090px; margin: 40px auto;\">\n<video controls=\"\" style=\"width: 100%; border-radius: 12px; border: 2px solid #ccc;\">\n<source src=\"https:\/\/heritagehubkrakow.org\/wp-content\/uploads\/2025\/08\/KKH-LODZ-V004_lq.mp4\" type=\"video\/mp4\"><\/source>\n    Your browser does not support the video tag.\n  <\/video>\n<\/div>\n<\/div>\n<\/div><\/div>\n\n<div class=\"is-style-section-container wp-block-group alignfull has-blue-light-background-color has-background eplus-wrapper is-layout-constrained wp-block-group-is-layout-constrained eplus-styles-uid-4c6cdd\"><div class=\"wp-block-group alignfull eplus-wrapper is-layout-constrained wp-block-group-is-layout-constrained eplus-styles-uid-6cd479\">\n<div class=\"wp-block-group eplus-wrapper is-layout-constrained wp-block-group-is-layout-constrained\"><h3 class=\" wp-block-heading has-text-align-center eplus-wrapper eplus-styles-uid-0581b0\"><\/h3><\/div>\n<\/div><\/div>\n\n<\/div>","protected":false},"excerpt":{"rendered":"<p>Centralne Muzeum W\u0142\u00f3kiennictwa w \u0141odzi The Central Museum of Textiles in \u0141\u00f3d\u017a is a cornerstone of Poland\u2019s cultural heritage, preserving the city\u2019s industrial past while celebrating textile art as a global tradition. Located in Ludwik Geyer\u2019s historic \u201cWhite Factory\u201d, the museum was established in 1960 and is recognised as the first textile museum in the [&hellip;]<\/p>\n","protected":false},"featured_media":8236,"template":"","meta":{"_acf_changed":false,"editor_plus_copied_stylings":"{}"},"categories":[290,111],"tags":[291,109],"class_list":["post-8233","project","type-project","status-publish","has-post-thumbnail","hentry","category-bank-dzwiekow","category-podcast-pl","tag-bank-dzwiekow","tag-podcast-pl"],"acf":false,"yoast_head":"<!-- This site is optimized with the Yoast SEO plugin v23.8 - https:\/\/yoast.com\/wordpress\/plugins\/seo\/ -->\n<title>Centralne Muzeum W\u0142\u00f3kiennictwa w \u0141odzi - Europa Nostra<\/title>\n<meta name=\"description\" content=\"Tegoroczna edycja Ma\u0142opolskich Dni Dziedzictwa Kulturowego - laureata Nagrody Dziedzictwa Europejskiego \/ Nagrody Europa Nostra 2025 - odby\u0142a si\u0119 pod has\u0142em \u201e\u015awiat\u0142o\u201d. Uchwycenie mikrofonem jego zabytkowych refleks\u00f3w w zabytkach regionu to nie\u0142atwe zadanie, kt\u00f3rego podj\u0119\u0142a si\u0119 jednak dw\u00f3jka \u015bmia\u0142k\u00f3w z naszego Zespo\u0142u! John Beauchamp i dr Katarzyna Jagodzi\u0144ska, kierowniczka Heritage Hub odwiedzili trzy miejsca znajduj\u0105ce si\u0119 na trasie Ma\u0142opolskich Dni Dziedzictwa Kulturowego 2025 roku, o kt\u00f3rych us\u0142yszycie w najnowszym, 17. ju\u017c odcinku podcastu ,,Holistic Heritage\u201d!\" \/>\n<meta name=\"robots\" content=\"index, follow, max-snippet:-1, max-image-preview:large, max-video-preview:-1\" \/>\n<link rel=\"canonical\" href=\"https:\/\/heritagehubkrakow.org\/pl\/project\/centralne-muzeum-wlokiennictwa-w-lodzi\/\" \/>\n<meta property=\"og:locale\" content=\"pl_PL\" \/>\n<meta property=\"og:type\" content=\"article\" \/>\n<meta property=\"og:title\" content=\"Centralne Muzeum W\u0142\u00f3kiennictwa w \u0141odzi - Europa Nostra\" \/>\n<meta property=\"og:description\" content=\"Tegoroczna edycja Ma\u0142opolskich Dni Dziedzictwa Kulturowego - laureata Nagrody Dziedzictwa Europejskiego \/ Nagrody Europa Nostra 2025 - odby\u0142a si\u0119 pod has\u0142em \u201e\u015awiat\u0142o\u201d. Uchwycenie mikrofonem jego zabytkowych refleks\u00f3w w zabytkach regionu to nie\u0142atwe zadanie, kt\u00f3rego podj\u0119\u0142a si\u0119 jednak dw\u00f3jka \u015bmia\u0142k\u00f3w z naszego Zespo\u0142u! John Beauchamp i dr Katarzyna Jagodzi\u0144ska, kierowniczka Heritage Hub odwiedzili trzy miejsca znajduj\u0105ce si\u0119 na trasie Ma\u0142opolskich Dni Dziedzictwa Kulturowego 2025 roku, o kt\u00f3rych us\u0142yszycie w najnowszym, 17. ju\u017c odcinku podcastu ,,Holistic Heritage\u201d!\" \/>\n<meta property=\"og:url\" content=\"https:\/\/heritagehubkrakow.org\/pl\/project\/centralne-muzeum-wlokiennictwa-w-lodzi\/\" \/>\n<meta property=\"og:site_name\" content=\"Europa Nostra\" \/>\n<meta property=\"article:modified_time\" content=\"2025-12-03T20:08:03+00:00\" \/>\n<meta property=\"og:image\" content=\"https:\/\/heritagehubkrakow.org\/wp-content\/uploads\/2025\/07\/KKH-LODZ-P006.jpg\" \/>\n\t<meta property=\"og:image:width\" content=\"1200\" \/>\n\t<meta property=\"og:image:height\" content=\"1200\" \/>\n\t<meta property=\"og:image:type\" content=\"image\/jpeg\" \/>\n<meta name=\"twitter:card\" content=\"summary_large_image\" \/>\n<meta name=\"twitter:label1\" content=\"Szacowany czas czytania\" \/>\n\t<meta name=\"twitter:data1\" content=\"5 minut\" \/>\n<script type=\"application\/ld+json\" class=\"yoast-schema-graph\">{\"@context\":\"https:\/\/schema.org\",\"@graph\":[{\"@type\":\"WebPage\",\"@id\":\"https:\/\/heritagehubkrakow.org\/pl\/project\/centralne-muzeum-wlokiennictwa-w-lodzi\/\",\"url\":\"https:\/\/heritagehubkrakow.org\/pl\/project\/centralne-muzeum-wlokiennictwa-w-lodzi\/\",\"name\":\"Centralne Muzeum W\u0142\u00f3kiennictwa w \u0141odzi - Europa Nostra\",\"isPartOf\":{\"@id\":\"https:\/\/heritagehubkrakow.org\/pl\/#website\"},\"primaryImageOfPage\":{\"@id\":\"https:\/\/heritagehubkrakow.org\/pl\/project\/centralne-muzeum-wlokiennictwa-w-lodzi\/#primaryimage\"},\"image\":{\"@id\":\"https:\/\/heritagehubkrakow.org\/pl\/project\/centralne-muzeum-wlokiennictwa-w-lodzi\/#primaryimage\"},\"thumbnailUrl\":\"https:\/\/heritagehubkrakow.org\/wp-content\/uploads\/2025\/07\/KKH-LODZ-P006.jpg\",\"datePublished\":\"2025-07-03T15:30:42+00:00\",\"dateModified\":\"2025-12-03T20:08:03+00:00\",\"description\":\"Tegoroczna edycja Ma\u0142opolskich Dni Dziedzictwa Kulturowego - laureata Nagrody Dziedzictwa Europejskiego \/ Nagrody Europa Nostra 2025 - odby\u0142a si\u0119 pod has\u0142em \u201e\u015awiat\u0142o\u201d. Uchwycenie mikrofonem jego zabytkowych refleks\u00f3w w zabytkach regionu to nie\u0142atwe zadanie, kt\u00f3rego podj\u0119\u0142a si\u0119 jednak dw\u00f3jka \u015bmia\u0142k\u00f3w z naszego Zespo\u0142u! John Beauchamp i dr Katarzyna Jagodzi\u0144ska, kierowniczka Heritage Hub odwiedzili trzy miejsca znajduj\u0105ce si\u0119 na trasie Ma\u0142opolskich Dni Dziedzictwa Kulturowego 2025 roku, o kt\u00f3rych us\u0142yszycie w najnowszym, 17. ju\u017c odcinku podcastu ,,Holistic Heritage\u201d!\",\"breadcrumb\":{\"@id\":\"https:\/\/heritagehubkrakow.org\/pl\/project\/centralne-muzeum-wlokiennictwa-w-lodzi\/#breadcrumb\"},\"inLanguage\":\"pl-PL\",\"potentialAction\":[{\"@type\":\"ReadAction\",\"target\":[\"https:\/\/heritagehubkrakow.org\/pl\/project\/centralne-muzeum-wlokiennictwa-w-lodzi\/\"]}]},{\"@type\":\"ImageObject\",\"inLanguage\":\"pl-PL\",\"@id\":\"https:\/\/heritagehubkrakow.org\/pl\/project\/centralne-muzeum-wlokiennictwa-w-lodzi\/#primaryimage\",\"url\":\"https:\/\/heritagehubkrakow.org\/wp-content\/uploads\/2025\/07\/KKH-LODZ-P006.jpg\",\"contentUrl\":\"https:\/\/heritagehubkrakow.org\/wp-content\/uploads\/2025\/07\/KKH-LODZ-P006.jpg\",\"width\":1200,\"height\":1200},{\"@type\":\"BreadcrumbList\",\"@id\":\"https:\/\/heritagehubkrakow.org\/pl\/project\/centralne-muzeum-wlokiennictwa-w-lodzi\/#breadcrumb\",\"itemListElement\":[{\"@type\":\"ListItem\",\"position\":1,\"name\":\"Homepage\",\"item\":\"https:\/\/heritagehubkrakow.org\/pl\/\"},{\"@type\":\"ListItem\",\"position\":2,\"name\":\"Centralne Muzeum W\u0142\u00f3kiennictwa w \u0141odzi\"}]},{\"@type\":\"WebSite\",\"@id\":\"https:\/\/heritagehubkrakow.org\/pl\/#website\",\"url\":\"https:\/\/heritagehubkrakow.org\/pl\/\",\"name\":\"Europa Nostra\",\"description\":\"Heritage Hub for Central and Eastern Europe\",\"publisher\":{\"@id\":\"https:\/\/heritagehubkrakow.org\/pl\/#organization\"},\"potentialAction\":[{\"@type\":\"SearchAction\",\"target\":{\"@type\":\"EntryPoint\",\"urlTemplate\":\"https:\/\/heritagehubkrakow.org\/pl\/?s={search_term_string}\"},\"query-input\":{\"@type\":\"PropertyValueSpecification\",\"valueRequired\":true,\"valueName\":\"search_term_string\"}}],\"inLanguage\":\"pl-PL\"},{\"@type\":\"Organization\",\"@id\":\"https:\/\/heritagehubkrakow.org\/pl\/#organization\",\"name\":\"Europa Nostra\",\"url\":\"https:\/\/heritagehubkrakow.org\/pl\/\",\"logo\":{\"@type\":\"ImageObject\",\"inLanguage\":\"pl-PL\",\"@id\":\"https:\/\/heritagehubkrakow.org\/pl\/#\/schema\/logo\/image\/\",\"url\":\"https:\/\/heritagehubkrakow.org\/wp-content\/uploads\/2023\/01\/europa-logo.png\",\"contentUrl\":\"https:\/\/heritagehubkrakow.org\/wp-content\/uploads\/2023\/01\/europa-logo.png\",\"width\":218,\"height\":237,\"caption\":\"Europa Nostra\"},\"image\":{\"@id\":\"https:\/\/heritagehubkrakow.org\/pl\/#\/schema\/logo\/image\/\"}}]}<\/script>\n<!-- \/ Yoast SEO plugin. -->","yoast_head_json":{"title":"Centralne Muzeum W\u0142\u00f3kiennictwa w \u0141odzi - Europa Nostra","description":"Tegoroczna edycja Ma\u0142opolskich Dni Dziedzictwa Kulturowego - laureata Nagrody Dziedzictwa Europejskiego \/ Nagrody Europa Nostra 2025 - odby\u0142a si\u0119 pod has\u0142em \u201e\u015awiat\u0142o\u201d. Uchwycenie mikrofonem jego zabytkowych refleks\u00f3w w zabytkach regionu to nie\u0142atwe zadanie, kt\u00f3rego podj\u0119\u0142a si\u0119 jednak dw\u00f3jka \u015bmia\u0142k\u00f3w z naszego Zespo\u0142u! John Beauchamp i dr Katarzyna Jagodzi\u0144ska, kierowniczka Heritage Hub odwiedzili trzy miejsca znajduj\u0105ce si\u0119 na trasie Ma\u0142opolskich Dni Dziedzictwa Kulturowego 2025 roku, o kt\u00f3rych us\u0142yszycie w najnowszym, 17. ju\u017c odcinku podcastu ,,Holistic Heritage\u201d!","robots":{"index":"index","follow":"follow","max-snippet":"max-snippet:-1","max-image-preview":"max-image-preview:large","max-video-preview":"max-video-preview:-1"},"canonical":"https:\/\/heritagehubkrakow.org\/pl\/project\/centralne-muzeum-wlokiennictwa-w-lodzi\/","og_locale":"pl_PL","og_type":"article","og_title":"Centralne Muzeum W\u0142\u00f3kiennictwa w \u0141odzi - Europa Nostra","og_description":"Tegoroczna edycja Ma\u0142opolskich Dni Dziedzictwa Kulturowego - laureata Nagrody Dziedzictwa Europejskiego \/ Nagrody Europa Nostra 2025 - odby\u0142a si\u0119 pod has\u0142em \u201e\u015awiat\u0142o\u201d. Uchwycenie mikrofonem jego zabytkowych refleks\u00f3w w zabytkach regionu to nie\u0142atwe zadanie, kt\u00f3rego podj\u0119\u0142a si\u0119 jednak dw\u00f3jka \u015bmia\u0142k\u00f3w z naszego Zespo\u0142u! John Beauchamp i dr Katarzyna Jagodzi\u0144ska, kierowniczka Heritage Hub odwiedzili trzy miejsca znajduj\u0105ce si\u0119 na trasie Ma\u0142opolskich Dni Dziedzictwa Kulturowego 2025 roku, o kt\u00f3rych us\u0142yszycie w najnowszym, 17. ju\u017c odcinku podcastu ,,Holistic Heritage\u201d!","og_url":"https:\/\/heritagehubkrakow.org\/pl\/project\/centralne-muzeum-wlokiennictwa-w-lodzi\/","og_site_name":"Europa Nostra","article_modified_time":"2025-12-03T20:08:03+00:00","og_image":[{"width":1200,"height":1200,"url":"https:\/\/heritagehubkrakow.org\/wp-content\/uploads\/2025\/07\/KKH-LODZ-P006.jpg","type":"image\/jpeg"}],"twitter_card":"summary_large_image","twitter_misc":{"Szacowany czas czytania":"5 minut"},"schema":{"@context":"https:\/\/schema.org","@graph":[{"@type":"WebPage","@id":"https:\/\/heritagehubkrakow.org\/pl\/project\/centralne-muzeum-wlokiennictwa-w-lodzi\/","url":"https:\/\/heritagehubkrakow.org\/pl\/project\/centralne-muzeum-wlokiennictwa-w-lodzi\/","name":"Centralne Muzeum W\u0142\u00f3kiennictwa w \u0141odzi - Europa Nostra","isPartOf":{"@id":"https:\/\/heritagehubkrakow.org\/pl\/#website"},"primaryImageOfPage":{"@id":"https:\/\/heritagehubkrakow.org\/pl\/project\/centralne-muzeum-wlokiennictwa-w-lodzi\/#primaryimage"},"image":{"@id":"https:\/\/heritagehubkrakow.org\/pl\/project\/centralne-muzeum-wlokiennictwa-w-lodzi\/#primaryimage"},"thumbnailUrl":"https:\/\/heritagehubkrakow.org\/wp-content\/uploads\/2025\/07\/KKH-LODZ-P006.jpg","datePublished":"2025-07-03T15:30:42+00:00","dateModified":"2025-12-03T20:08:03+00:00","description":"Tegoroczna edycja Ma\u0142opolskich Dni Dziedzictwa Kulturowego - laureata Nagrody Dziedzictwa Europejskiego \/ Nagrody Europa Nostra 2025 - odby\u0142a si\u0119 pod has\u0142em \u201e\u015awiat\u0142o\u201d. Uchwycenie mikrofonem jego zabytkowych refleks\u00f3w w zabytkach regionu to nie\u0142atwe zadanie, kt\u00f3rego podj\u0119\u0142a si\u0119 jednak dw\u00f3jka \u015bmia\u0142k\u00f3w z naszego Zespo\u0142u! John Beauchamp i dr Katarzyna Jagodzi\u0144ska, kierowniczka Heritage Hub odwiedzili trzy miejsca znajduj\u0105ce si\u0119 na trasie Ma\u0142opolskich Dni Dziedzictwa Kulturowego 2025 roku, o kt\u00f3rych us\u0142yszycie w najnowszym, 17. ju\u017c odcinku podcastu ,,Holistic Heritage\u201d!","breadcrumb":{"@id":"https:\/\/heritagehubkrakow.org\/pl\/project\/centralne-muzeum-wlokiennictwa-w-lodzi\/#breadcrumb"},"inLanguage":"pl-PL","potentialAction":[{"@type":"ReadAction","target":["https:\/\/heritagehubkrakow.org\/pl\/project\/centralne-muzeum-wlokiennictwa-w-lodzi\/"]}]},{"@type":"ImageObject","inLanguage":"pl-PL","@id":"https:\/\/heritagehubkrakow.org\/pl\/project\/centralne-muzeum-wlokiennictwa-w-lodzi\/#primaryimage","url":"https:\/\/heritagehubkrakow.org\/wp-content\/uploads\/2025\/07\/KKH-LODZ-P006.jpg","contentUrl":"https:\/\/heritagehubkrakow.org\/wp-content\/uploads\/2025\/07\/KKH-LODZ-P006.jpg","width":1200,"height":1200},{"@type":"BreadcrumbList","@id":"https:\/\/heritagehubkrakow.org\/pl\/project\/centralne-muzeum-wlokiennictwa-w-lodzi\/#breadcrumb","itemListElement":[{"@type":"ListItem","position":1,"name":"Homepage","item":"https:\/\/heritagehubkrakow.org\/pl\/"},{"@type":"ListItem","position":2,"name":"Centralne Muzeum W\u0142\u00f3kiennictwa w \u0141odzi"}]},{"@type":"WebSite","@id":"https:\/\/heritagehubkrakow.org\/pl\/#website","url":"https:\/\/heritagehubkrakow.org\/pl\/","name":"Europa Nostra","description":"Heritage Hub for Central and Eastern Europe","publisher":{"@id":"https:\/\/heritagehubkrakow.org\/pl\/#organization"},"potentialAction":[{"@type":"SearchAction","target":{"@type":"EntryPoint","urlTemplate":"https:\/\/heritagehubkrakow.org\/pl\/?s={search_term_string}"},"query-input":{"@type":"PropertyValueSpecification","valueRequired":true,"valueName":"search_term_string"}}],"inLanguage":"pl-PL"},{"@type":"Organization","@id":"https:\/\/heritagehubkrakow.org\/pl\/#organization","name":"Europa Nostra","url":"https:\/\/heritagehubkrakow.org\/pl\/","logo":{"@type":"ImageObject","inLanguage":"pl-PL","@id":"https:\/\/heritagehubkrakow.org\/pl\/#\/schema\/logo\/image\/","url":"https:\/\/heritagehubkrakow.org\/wp-content\/uploads\/2023\/01\/europa-logo.png","contentUrl":"https:\/\/heritagehubkrakow.org\/wp-content\/uploads\/2023\/01\/europa-logo.png","width":218,"height":237,"caption":"Europa Nostra"},"image":{"@id":"https:\/\/heritagehubkrakow.org\/pl\/#\/schema\/logo\/image\/"}}]}},"_links":{"self":[{"href":"https:\/\/heritagehubkrakow.org\/pl\/wp-json\/wp\/v2\/project\/8233","targetHints":{"allow":["GET"]}}],"collection":[{"href":"https:\/\/heritagehubkrakow.org\/pl\/wp-json\/wp\/v2\/project"}],"about":[{"href":"https:\/\/heritagehubkrakow.org\/pl\/wp-json\/wp\/v2\/types\/project"}],"wp:featuredmedia":[{"embeddable":true,"href":"https:\/\/heritagehubkrakow.org\/pl\/wp-json\/wp\/v2\/media\/8236"}],"wp:attachment":[{"href":"https:\/\/heritagehubkrakow.org\/pl\/wp-json\/wp\/v2\/media?parent=8233"}],"wp:term":[{"taxonomy":"category","embeddable":true,"href":"https:\/\/heritagehubkrakow.org\/pl\/wp-json\/wp\/v2\/categories?post=8233"},{"taxonomy":"post_tag","embeddable":true,"href":"https:\/\/heritagehubkrakow.org\/pl\/wp-json\/wp\/v2\/tags?post=8233"}],"curies":[{"name":"wp","href":"https:\/\/api.w.org\/{rel}","templated":true}]}}