{"id":8485,"date":"2025-08-13T08:07:34","date_gmt":"2025-08-13T08:07:34","guid":{"rendered":"https:\/\/heritagehubkrakow.org\/project\/lodz-home-of-avant-garde-art\/"},"modified":"2025-08-13T08:13:40","modified_gmt":"2025-08-13T08:13:40","slug":"lodz-dom-awangardowej-sztuki","status":"publish","type":"project","link":"https:\/\/heritagehubkrakow.org\/pl\/project\/lodz-dom-awangardowej-sztuki\/","title":{"rendered":"\u0141\u00f3d\u017a: Dom awangardowej sztuki"},"content":{"rendered":"<div class=\"is-style-section-container, has-white-text is-style-section-container wp-block-group alignfull has-red-background-color has-background eplus-wrapper is-layout-constrained wp-block-group-is-layout-constrained eplus-styles-uid-6f219c\"><div class=\"is-style-section-container wp-block-group alignfull eplus-wrapper is-layout-constrained wp-block-group-is-layout-constrained eplus-styles-uid-38b380\"><div style=\"background-image:url('https:\/\/heritagehubkrakow.org\/wp-content\/uploads\/2024\/06\/H_5-1-1.png');background-size:cover;\" class=\"has-white-text wp-block-group alignfull has-white-color has-text-color eplus-wrapper is-layout-constrained wp-block-group-is-layout-constrained has-background eplus-styles-uid-0ed7c1\"><h1 class=\" wp-block-heading has-text-align-center eplus-wrapper eplus-styles-uid-49faf1\"><strong><strong><strong>\u0141\u00f3d\u017a: Dom awangardowej sztuki<\/strong><\/strong><\/strong><\/h1>\n\n<div class=\"yoast-breadcrumbs\"><span><span><a href=\"https:\/\/heritagehubkrakow.org\/pl\/\">Homepage<\/a><\/span> &#8211; <span class=\"breadcrumb_last\" aria-current=\"page\">\u0141\u00f3d\u017a: Dom awangardowej sztuki<\/span><\/span><\/div><\/div><\/div><\/div>\n\n<div class=\"is-style-section-container wp-block-group alignfull has-green-dark-background-color has-background eplus-wrapper is-layout-constrained wp-block-group-is-layout-constrained eplus-styles-uid-4c6cdd\"><div class=\"wp-block-group alignfull has-green-dark-background-color has-background eplus-wrapper is-layout-constrained wp-block-group-is-layout-constrained eplus-styles-uid-24f6f4\">\n<div class=\"wp-block-group eplus-wrapper is-layout-constrained wp-block-group-is-layout-constrained\"><div class=\"wp-block-group eplus-wrapper is-content-justification-center is-layout-flex wp-container-core-group-is-layout-8ee2ad45 wp-block-group-is-layout-flex eplus-styles-uid-117bd0\"><div class=\"article-date wp-block-post-date\"><time datetime=\"2025-08-13T08:07:34+00:00\">13 sierpnia 2025<\/time><\/div><\/div>\n\n<div class=\"wp-block-group eplus-wrapper is-layout-constrained wp-block-group-is-layout-constrained eplus-styles-uid-ba2e4b\"><div class=\"taxonomy-post_tag has-text-align-center article-tags wp-block-post-terms eplus-styles-uid-d35575\"><a href=\"https:\/\/heritagehubkrakow.org\/pl\/tag\/holistic-heritage-pl\/\" rel=\"tag\">Holistic Heritage<\/a><span class=\"wp-block-post-terms__separator\"> <\/span><a href=\"https:\/\/heritagehubkrakow.org\/pl\/tag\/podcast-pl\/\" rel=\"tag\">Podcast<\/a><\/div><\/div>\n\n\n<h3 class=\" wp-block-heading has-text-align-center eplus-wrapper\"><\/h3>\n\n\n\n<div style=\"height:30px\" aria-hidden=\"true\" class=\" wp-block-spacer eplus-wrapper\"><\/div>\n\n\n\n<p class=\" eplus-wrapper\"><strong>\u0141\u00f3d\u017a to miasto o przemys\u0142owym rodowodzie, kt\u00f3re od lat 30. XX wieku jest kojarzone z awangardow\u0105 i progresywn\u0105 sztuk\u0105. Zawdzi\u0119cza to znajduj\u0105cemu si\u0119 tam Muzeum Sztuki \u2013 jednemu z najstarszych muze\u00f3w sztuki wsp\u00f3\u0142czesnej na \u015bwiecie, zainicjowanemu przez wybitnego artyst\u0119 W\u0142adys\u0142awa Strzemi\u0144skiego. Jego powstanie zawdzi\u0119czamy stworzonej oddolnie kolekcji dzie\u0142 sztuki, przekazanych w\u00f3wczas przez czo\u0142owych artyst\u00f3w zwi\u0105zanych z Pary\u017cem.<\/strong><\/p>\n\n\n\n<p class=\" eplus-wrapper\">Na przestrzeni dekad muzeum rozwija\u0142o si\u0119, zajmuj\u0105c trzy budynki zwi\u0105zane z przemys\u0142em w\u0142\u00f3kienniczym, kt\u00f3ry zbudowa\u0142 bogactwo i to\u017csamo\u015b\u0107 \u0141odzi. Dzisiaj nadal jest jedn\u0105 z czo\u0142owych instytucji sztuki nowoczesnej i wsp\u00f3\u0142czesnej nie tylko w naszej cz\u0119\u015bci Europy, ale na \u015bwiecie.<\/p>\n\n\n\n<p class=\" eplus-wrapper\">W najnowszym odcinku \u201eHolistic Heritage\u201d, dr Katarzyna Jagodzi\u0144ska i John Beauchamp rozmawiaj\u0105 z dr Leszkiem Karczewskim, zast\u0119pc\u0105 dyrektora Muzeum Sztuki w \u0141odzi, odkrywaj\u0105c tajemnice wsp\u00f3\u0142istnienia tej &#8222;\u015bwi\u0105tyni sztuki&#8221; z t\u0119tni\u0105cym \u017cyciem (po)fabrycznym miastem w XX i XXI wieku.<\/p>\n\n\n\n<p class=\" eplus-wrapper\">T\u0142em dla rozmowy jest partycypacyjna wystawa \u201eJak dzia\u0142a Muzeum\u201d, 2025\/2026 \u2013 owoc wsp\u00f3\u0142pracy ca\u0142ego zespo\u0142u muzeum. Ekspozycja zosta\u0142a zainstalowana w MS1, pierwszym budynku muzealnym mieszcz\u0105cym si\u0119 w dawnym pa\u0142acu, b\u0119d\u0105cym niegdy\u015b rezydencj\u0105 w\u0142a\u015bcicieli pot\u0119gi przemys\u0142u tekstylnego \u2013 rodziny Pozna\u0144skich. Ca\u0142a nasza opowie\u015b\u0107 ma z kolei sw\u00f3j pocz\u0105tek i fina\u0142 w ogrodach Pa\u0142acu Herbsta, kt\u00f3ry jako cz\u0119\u015b\u0107 imperium Scheibler\u00f3w zyska\u0142 uznanie w postaci medalu Europa Nostra za konserwacj\u0119 w 1990 roku.<\/p>\n\n\n\n<p class=\" eplus-wrapper\"><\/p>\n\n\n\n<div class=\"wp-block-buttons eplus-wrapper is-layout-flex wp-block-buttons-is-layout-flex\"><\/div>\n<\/div>\n\n\n\n<div class=\"wp-block-group eplus-wrapper is-layout-constrained wp-block-group-is-layout-constrained\">\n<iframe loading=\"lazy\" height=\"200px\" width=\"100%\" frameborder=\"no\" scrolling=\"no\" seamless src=\"https:\/\/player.simplecast.com\/44ce4fc0-00ed-4aa9-90e4-d50898e67dda?dark=false\"><\/iframe>\n\n\n\n<div style=\"height:48px\" aria-hidden=\"true\" class=\" wp-block-spacer eplus-wrapper\"><\/div>\n\n\n\n<div class=\"wp-block-buttons eplus-wrapper is-layout-flex wp-block-buttons-is-layout-flex\"><div class=\" wp-block-button eplus-wrapper eplus-styles-uid-c7e5c2\"><a class=\"wp-block-button__link wp-element-button\" href=\"https:\/\/heritagehubkrakow.org\/pl\/holistic-heritage\/\">Holistic Heritage Podcasts<\/a><\/div><\/div>\n\n\n\n<div style=\"height:42px\" aria-hidden=\"true\" class=\" wp-block-spacer eplus-wrapper\"><\/div>\n<\/div>\n\n\n\n<div class=\"wp-block-buttons eplus-wrapper is-layout-flex wp-block-buttons-is-layout-flex\"><div class=\" wp-block-button eplus-wrapper eplus-styles-uid-c73b09\"><a class=\"wp-block-button__link wp-element-button\" href=\"https:\/\/open.spotify.com\/show\/6TmfshJuoQNzr91xwuCgJj\" target=\"_blank\" rel=\"noreferrer noopener\">Follow us on SPOTIFY<\/a><\/div><\/div>\n<\/div><\/div>\n\n<div class=\"is-style-section-container wp-block-group alignfull has-blue-light-background-color has-background eplus-wrapper is-layout-constrained wp-block-group-is-layout-constrained eplus-styles-uid-4c6cdd\"><div class=\"wp-block-group alignfull eplus-wrapper is-layout-constrained wp-block-group-is-layout-constrained eplus-styles-uid-6cd479\">\n<div class=\"wp-block-group eplus-wrapper is-layout-constrained wp-block-group-is-layout-constrained\"><h3 class=\" wp-block-heading has-text-align-center eplus-wrapper eplus-styles-uid-0581b0\"><\/h3><\/div>\n<\/div><\/div>","protected":false},"excerpt":{"rendered":"<p>W najnowszym odcinku \u201eHolistic Heritage\u201d, dr Katarzyna Jagodzi\u0144ska i John Beauchamp rozmawiaj\u0105 z dr Leszkiem Karczewskim, zast\u0119pc\u0105 dyrektora Muzeum Sztuki w \u0141odzi, odkrywaj\u0105c tajemnice wsp\u00f3\u0142istnienia tej &#8222;\u015bwi\u0105tyni sztuki&#8221; z t\u0119tni\u0105cym \u017cyciem (po)fabrycznym miastem w XX i XXI wieku.<\/p>\n","protected":false},"featured_media":8483,"template":"","meta":{"_acf_changed":false,"editor_plus_copied_stylings":"{}"},"categories":[111],"tags":[156,109],"class_list":["post-8485","project","type-project","status-publish","has-post-thumbnail","hentry","category-podcast-pl","tag-holistic-heritage-pl","tag-podcast-pl"],"acf":false,"yoast_head":"<!-- This site is optimized with the Yoast SEO plugin v23.8 - https:\/\/yoast.com\/wordpress\/plugins\/seo\/ -->\n<title>\u0141\u00f3d\u017a: Dom awangardowej sztuki - Europa Nostra<\/title>\n<meta name=\"description\" content=\"W najnowszym odcinku \u201eHolistic Heritage\u201d, dr Katarzyna Jagodzi\u0144ska i John Beauchamp rozmawiaj\u0105 z dr Leszkiem Karczewskim, zast\u0119pc\u0105 dyrektora Muzeum Sztuki w \u0141odzi, odkrywaj\u0105c tajemnice wsp\u00f3\u0142istnienia tej &quot;\u015bwi\u0105tyni sztuki&quot; z t\u0119tni\u0105cym \u017cyciem (po)fabrycznym miastem w XX i XXI wieku.\" \/>\n<meta name=\"robots\" content=\"index, follow, max-snippet:-1, max-image-preview:large, max-video-preview:-1\" \/>\n<link rel=\"canonical\" href=\"https:\/\/heritagehubkrakow.org\/pl\/project\/lodz-dom-awangardowej-sztuki\/\" \/>\n<meta property=\"og:locale\" content=\"pl_PL\" \/>\n<meta property=\"og:type\" content=\"article\" \/>\n<meta property=\"og:title\" content=\"\u0141\u00f3d\u017a: Dom awangardowej sztuki - Europa Nostra\" \/>\n<meta property=\"og:description\" content=\"W najnowszym odcinku \u201eHolistic Heritage\u201d, dr Katarzyna Jagodzi\u0144ska i John Beauchamp rozmawiaj\u0105 z dr Leszkiem Karczewskim, zast\u0119pc\u0105 dyrektora Muzeum Sztuki w \u0141odzi, odkrywaj\u0105c tajemnice wsp\u00f3\u0142istnienia tej &quot;\u015bwi\u0105tyni sztuki&quot; z t\u0119tni\u0105cym \u017cyciem (po)fabrycznym miastem w XX i XXI wieku.\" \/>\n<meta property=\"og:url\" content=\"https:\/\/heritagehubkrakow.org\/pl\/project\/lodz-dom-awangardowej-sztuki\/\" \/>\n<meta property=\"og:site_name\" content=\"Europa Nostra\" \/>\n<meta property=\"article:modified_time\" content=\"2025-08-13T08:13:40+00:00\" \/>\n<meta property=\"og:image\" content=\"https:\/\/heritagehubkrakow.org\/wp-content\/uploads\/2025\/08\/TMHiZK_podcast_Holistic_spotify-20.jpg\" \/>\n\t<meta property=\"og:image:width\" content=\"1200\" \/>\n\t<meta property=\"og:image:height\" content=\"1200\" \/>\n\t<meta property=\"og:image:type\" content=\"image\/jpeg\" \/>\n<meta name=\"twitter:card\" content=\"summary_large_image\" \/>\n<meta name=\"twitter:label1\" content=\"Szacowany czas czytania\" \/>\n\t<meta name=\"twitter:data1\" content=\"2 minuty\" \/>\n<script type=\"application\/ld+json\" class=\"yoast-schema-graph\">{\"@context\":\"https:\/\/schema.org\",\"@graph\":[{\"@type\":\"WebPage\",\"@id\":\"https:\/\/heritagehubkrakow.org\/pl\/project\/lodz-dom-awangardowej-sztuki\/\",\"url\":\"https:\/\/heritagehubkrakow.org\/pl\/project\/lodz-dom-awangardowej-sztuki\/\",\"name\":\"\u0141\u00f3d\u017a: Dom awangardowej sztuki - Europa Nostra\",\"isPartOf\":{\"@id\":\"https:\/\/heritagehubkrakow.org\/pl\/#website\"},\"primaryImageOfPage\":{\"@id\":\"https:\/\/heritagehubkrakow.org\/pl\/project\/lodz-dom-awangardowej-sztuki\/#primaryimage\"},\"image\":{\"@id\":\"https:\/\/heritagehubkrakow.org\/pl\/project\/lodz-dom-awangardowej-sztuki\/#primaryimage\"},\"thumbnailUrl\":\"https:\/\/heritagehubkrakow.org\/wp-content\/uploads\/2025\/08\/TMHiZK_podcast_Holistic_spotify-20.jpg\",\"datePublished\":\"2025-08-13T08:07:34+00:00\",\"dateModified\":\"2025-08-13T08:13:40+00:00\",\"description\":\"W najnowszym odcinku \u201eHolistic Heritage\u201d, dr Katarzyna Jagodzi\u0144ska i John Beauchamp rozmawiaj\u0105 z dr Leszkiem Karczewskim, zast\u0119pc\u0105 dyrektora Muzeum Sztuki w \u0141odzi, odkrywaj\u0105c tajemnice wsp\u00f3\u0142istnienia tej \\\"\u015bwi\u0105tyni sztuki\\\" z t\u0119tni\u0105cym \u017cyciem (po)fabrycznym miastem w XX i XXI wieku.\",\"breadcrumb\":{\"@id\":\"https:\/\/heritagehubkrakow.org\/pl\/project\/lodz-dom-awangardowej-sztuki\/#breadcrumb\"},\"inLanguage\":\"pl-PL\",\"potentialAction\":[{\"@type\":\"ReadAction\",\"target\":[\"https:\/\/heritagehubkrakow.org\/pl\/project\/lodz-dom-awangardowej-sztuki\/\"]}]},{\"@type\":\"ImageObject\",\"inLanguage\":\"pl-PL\",\"@id\":\"https:\/\/heritagehubkrakow.org\/pl\/project\/lodz-dom-awangardowej-sztuki\/#primaryimage\",\"url\":\"https:\/\/heritagehubkrakow.org\/wp-content\/uploads\/2025\/08\/TMHiZK_podcast_Holistic_spotify-20.jpg\",\"contentUrl\":\"https:\/\/heritagehubkrakow.org\/wp-content\/uploads\/2025\/08\/TMHiZK_podcast_Holistic_spotify-20.jpg\",\"width\":1200,\"height\":1200},{\"@type\":\"BreadcrumbList\",\"@id\":\"https:\/\/heritagehubkrakow.org\/pl\/project\/lodz-dom-awangardowej-sztuki\/#breadcrumb\",\"itemListElement\":[{\"@type\":\"ListItem\",\"position\":1,\"name\":\"Homepage\",\"item\":\"https:\/\/heritagehubkrakow.org\/pl\/\"},{\"@type\":\"ListItem\",\"position\":2,\"name\":\"\u0141\u00f3d\u017a: Dom awangardowej sztuki\"}]},{\"@type\":\"WebSite\",\"@id\":\"https:\/\/heritagehubkrakow.org\/pl\/#website\",\"url\":\"https:\/\/heritagehubkrakow.org\/pl\/\",\"name\":\"Europa Nostra\",\"description\":\"Heritage Hub for Central and Eastern Europe\",\"publisher\":{\"@id\":\"https:\/\/heritagehubkrakow.org\/pl\/#organization\"},\"potentialAction\":[{\"@type\":\"SearchAction\",\"target\":{\"@type\":\"EntryPoint\",\"urlTemplate\":\"https:\/\/heritagehubkrakow.org\/pl\/?s={search_term_string}\"},\"query-input\":{\"@type\":\"PropertyValueSpecification\",\"valueRequired\":true,\"valueName\":\"search_term_string\"}}],\"inLanguage\":\"pl-PL\"},{\"@type\":\"Organization\",\"@id\":\"https:\/\/heritagehubkrakow.org\/pl\/#organization\",\"name\":\"Europa Nostra\",\"url\":\"https:\/\/heritagehubkrakow.org\/pl\/\",\"logo\":{\"@type\":\"ImageObject\",\"inLanguage\":\"pl-PL\",\"@id\":\"https:\/\/heritagehubkrakow.org\/pl\/#\/schema\/logo\/image\/\",\"url\":\"https:\/\/heritagehubkrakow.org\/wp-content\/uploads\/2023\/01\/europa-logo.png\",\"contentUrl\":\"https:\/\/heritagehubkrakow.org\/wp-content\/uploads\/2023\/01\/europa-logo.png\",\"width\":218,\"height\":237,\"caption\":\"Europa Nostra\"},\"image\":{\"@id\":\"https:\/\/heritagehubkrakow.org\/pl\/#\/schema\/logo\/image\/\"}}]}<\/script>\n<!-- \/ Yoast SEO plugin. -->","yoast_head_json":{"title":"\u0141\u00f3d\u017a: Dom awangardowej sztuki - Europa Nostra","description":"W najnowszym odcinku \u201eHolistic Heritage\u201d, dr Katarzyna Jagodzi\u0144ska i John Beauchamp rozmawiaj\u0105 z dr Leszkiem Karczewskim, zast\u0119pc\u0105 dyrektora Muzeum Sztuki w \u0141odzi, odkrywaj\u0105c tajemnice wsp\u00f3\u0142istnienia tej \"\u015bwi\u0105tyni sztuki\" z t\u0119tni\u0105cym \u017cyciem (po)fabrycznym miastem w XX i XXI wieku.","robots":{"index":"index","follow":"follow","max-snippet":"max-snippet:-1","max-image-preview":"max-image-preview:large","max-video-preview":"max-video-preview:-1"},"canonical":"https:\/\/heritagehubkrakow.org\/pl\/project\/lodz-dom-awangardowej-sztuki\/","og_locale":"pl_PL","og_type":"article","og_title":"\u0141\u00f3d\u017a: Dom awangardowej sztuki - Europa Nostra","og_description":"W najnowszym odcinku \u201eHolistic Heritage\u201d, dr Katarzyna Jagodzi\u0144ska i John Beauchamp rozmawiaj\u0105 z dr Leszkiem Karczewskim, zast\u0119pc\u0105 dyrektora Muzeum Sztuki w \u0141odzi, odkrywaj\u0105c tajemnice wsp\u00f3\u0142istnienia tej \"\u015bwi\u0105tyni sztuki\" z t\u0119tni\u0105cym \u017cyciem (po)fabrycznym miastem w XX i XXI wieku.","og_url":"https:\/\/heritagehubkrakow.org\/pl\/project\/lodz-dom-awangardowej-sztuki\/","og_site_name":"Europa Nostra","article_modified_time":"2025-08-13T08:13:40+00:00","og_image":[{"width":1200,"height":1200,"url":"https:\/\/heritagehubkrakow.org\/wp-content\/uploads\/2025\/08\/TMHiZK_podcast_Holistic_spotify-20.jpg","type":"image\/jpeg"}],"twitter_card":"summary_large_image","twitter_misc":{"Szacowany czas czytania":"2 minuty"},"schema":{"@context":"https:\/\/schema.org","@graph":[{"@type":"WebPage","@id":"https:\/\/heritagehubkrakow.org\/pl\/project\/lodz-dom-awangardowej-sztuki\/","url":"https:\/\/heritagehubkrakow.org\/pl\/project\/lodz-dom-awangardowej-sztuki\/","name":"\u0141\u00f3d\u017a: Dom awangardowej sztuki - Europa Nostra","isPartOf":{"@id":"https:\/\/heritagehubkrakow.org\/pl\/#website"},"primaryImageOfPage":{"@id":"https:\/\/heritagehubkrakow.org\/pl\/project\/lodz-dom-awangardowej-sztuki\/#primaryimage"},"image":{"@id":"https:\/\/heritagehubkrakow.org\/pl\/project\/lodz-dom-awangardowej-sztuki\/#primaryimage"},"thumbnailUrl":"https:\/\/heritagehubkrakow.org\/wp-content\/uploads\/2025\/08\/TMHiZK_podcast_Holistic_spotify-20.jpg","datePublished":"2025-08-13T08:07:34+00:00","dateModified":"2025-08-13T08:13:40+00:00","description":"W najnowszym odcinku \u201eHolistic Heritage\u201d, dr Katarzyna Jagodzi\u0144ska i John Beauchamp rozmawiaj\u0105 z dr Leszkiem Karczewskim, zast\u0119pc\u0105 dyrektora Muzeum Sztuki w \u0141odzi, odkrywaj\u0105c tajemnice wsp\u00f3\u0142istnienia tej \"\u015bwi\u0105tyni sztuki\" z t\u0119tni\u0105cym \u017cyciem (po)fabrycznym miastem w XX i XXI wieku.","breadcrumb":{"@id":"https:\/\/heritagehubkrakow.org\/pl\/project\/lodz-dom-awangardowej-sztuki\/#breadcrumb"},"inLanguage":"pl-PL","potentialAction":[{"@type":"ReadAction","target":["https:\/\/heritagehubkrakow.org\/pl\/project\/lodz-dom-awangardowej-sztuki\/"]}]},{"@type":"ImageObject","inLanguage":"pl-PL","@id":"https:\/\/heritagehubkrakow.org\/pl\/project\/lodz-dom-awangardowej-sztuki\/#primaryimage","url":"https:\/\/heritagehubkrakow.org\/wp-content\/uploads\/2025\/08\/TMHiZK_podcast_Holistic_spotify-20.jpg","contentUrl":"https:\/\/heritagehubkrakow.org\/wp-content\/uploads\/2025\/08\/TMHiZK_podcast_Holistic_spotify-20.jpg","width":1200,"height":1200},{"@type":"BreadcrumbList","@id":"https:\/\/heritagehubkrakow.org\/pl\/project\/lodz-dom-awangardowej-sztuki\/#breadcrumb","itemListElement":[{"@type":"ListItem","position":1,"name":"Homepage","item":"https:\/\/heritagehubkrakow.org\/pl\/"},{"@type":"ListItem","position":2,"name":"\u0141\u00f3d\u017a: Dom awangardowej sztuki"}]},{"@type":"WebSite","@id":"https:\/\/heritagehubkrakow.org\/pl\/#website","url":"https:\/\/heritagehubkrakow.org\/pl\/","name":"Europa Nostra","description":"Heritage Hub for Central and Eastern Europe","publisher":{"@id":"https:\/\/heritagehubkrakow.org\/pl\/#organization"},"potentialAction":[{"@type":"SearchAction","target":{"@type":"EntryPoint","urlTemplate":"https:\/\/heritagehubkrakow.org\/pl\/?s={search_term_string}"},"query-input":{"@type":"PropertyValueSpecification","valueRequired":true,"valueName":"search_term_string"}}],"inLanguage":"pl-PL"},{"@type":"Organization","@id":"https:\/\/heritagehubkrakow.org\/pl\/#organization","name":"Europa Nostra","url":"https:\/\/heritagehubkrakow.org\/pl\/","logo":{"@type":"ImageObject","inLanguage":"pl-PL","@id":"https:\/\/heritagehubkrakow.org\/pl\/#\/schema\/logo\/image\/","url":"https:\/\/heritagehubkrakow.org\/wp-content\/uploads\/2023\/01\/europa-logo.png","contentUrl":"https:\/\/heritagehubkrakow.org\/wp-content\/uploads\/2023\/01\/europa-logo.png","width":218,"height":237,"caption":"Europa Nostra"},"image":{"@id":"https:\/\/heritagehubkrakow.org\/pl\/#\/schema\/logo\/image\/"}}]}},"_links":{"self":[{"href":"https:\/\/heritagehubkrakow.org\/pl\/wp-json\/wp\/v2\/project\/8485","targetHints":{"allow":["GET"]}}],"collection":[{"href":"https:\/\/heritagehubkrakow.org\/pl\/wp-json\/wp\/v2\/project"}],"about":[{"href":"https:\/\/heritagehubkrakow.org\/pl\/wp-json\/wp\/v2\/types\/project"}],"wp:featuredmedia":[{"embeddable":true,"href":"https:\/\/heritagehubkrakow.org\/pl\/wp-json\/wp\/v2\/media\/8483"}],"wp:attachment":[{"href":"https:\/\/heritagehubkrakow.org\/pl\/wp-json\/wp\/v2\/media?parent=8485"}],"wp:term":[{"taxonomy":"category","embeddable":true,"href":"https:\/\/heritagehubkrakow.org\/pl\/wp-json\/wp\/v2\/categories?post=8485"},{"taxonomy":"post_tag","embeddable":true,"href":"https:\/\/heritagehubkrakow.org\/pl\/wp-json\/wp\/v2\/tags?post=8485"}],"curies":[{"name":"wp","href":"https:\/\/api.w.org\/{rel}","templated":true}]}}