{"id":8678,"date":"2025-10-28T07:21:08","date_gmt":"2025-10-28T07:21:08","guid":{"rendered":"https:\/\/heritagehubkrakow.org\/?post_type=project&#038;p=8678"},"modified":"2025-10-28T10:16:07","modified_gmt":"2025-10-28T10:16:07","slug":"danubiana-swietuje-25-lecie","status":"publish","type":"project","link":"https:\/\/heritagehubkrakow.org\/pl\/project\/danubiana-swietuje-25-lecie\/","title":{"rendered":"Danubiana \u015bwi\u0119tuje 25-lecie!"},"content":{"rendered":"<div class=\"is-style-section-container, has-white-text is-style-section-container wp-block-group alignfull has-red-background-color has-background eplus-wrapper is-layout-constrained wp-block-group-is-layout-constrained eplus-styles-uid-6f219c\"><div class=\"is-style-section-container wp-block-group alignfull eplus-wrapper is-layout-constrained wp-block-group-is-layout-constrained eplus-styles-uid-38b380\"><div style=\"background-image:url('https:\/\/heritagehubkrakow.org\/wp-content\/uploads\/2024\/06\/H_5-1-1.png');background-size:cover;\" class=\"has-white-text wp-block-group alignfull has-white-color has-text-color eplus-wrapper is-layout-constrained wp-block-group-is-layout-constrained has-background eplus-styles-uid-0ed7c1\"><h1 class=\" wp-block-heading has-text-align-center eplus-wrapper eplus-styles-uid-49faf1\"><strong><strong><strong>Danubiana \u015bwi\u0119tuje 25-lecie!<\/strong><\/strong><\/strong><\/h1>\n\n<div class=\"yoast-breadcrumbs\"><span><span><a href=\"https:\/\/heritagehubkrakow.org\/pl\/\">Homepage<\/a><\/span> &#8211; <span class=\"breadcrumb_last\" aria-current=\"page\">Danubiana \u015bwi\u0119tuje 25-lecie!<\/span><\/span><\/div><\/div><\/div><\/div>\n\n<div class=\"is-style-section-container wp-block-group alignfull has-green-dark-background-color has-background eplus-wrapper is-layout-constrained wp-block-group-is-layout-constrained eplus-styles-uid-4c6cdd\"><div class=\"wp-block-group alignfull has-green-dark-background-color has-background eplus-wrapper is-layout-constrained wp-block-group-is-layout-constrained eplus-styles-uid-24f6f4\">\n<div class=\"wp-block-group eplus-wrapper is-layout-constrained wp-block-group-is-layout-constrained\"><div class=\"wp-block-group eplus-wrapper is-content-justification-center is-layout-flex wp-container-core-group-is-layout-8ee2ad45 wp-block-group-is-layout-flex eplus-styles-uid-117bd0\"><div class=\"article-date wp-block-post-date\"><time datetime=\"2025-10-28T07:21:08+00:00\">28 pa\u017adziernika 2025<\/time><\/div><\/div>\n\n<div class=\"wp-block-group eplus-wrapper is-layout-constrained wp-block-group-is-layout-constrained eplus-styles-uid-ba2e4b\"><div class=\"taxonomy-post_tag has-text-align-center article-tags wp-block-post-terms eplus-styles-uid-d35575\"><a href=\"https:\/\/heritagehubkrakow.org\/pl\/tag\/holistic-heritage-pl\/\" rel=\"tag\">Holistic Heritage<\/a><span class=\"wp-block-post-terms__separator\"> <\/span><a href=\"https:\/\/heritagehubkrakow.org\/pl\/tag\/podcast-pl\/\" rel=\"tag\">Podcast<\/a><\/div><\/div>\n\n\n<h3 class=\" wp-block-heading has-text-align-center eplus-wrapper\"><\/h3>\n\n\n\n<div style=\"height:30px\" aria-hidden=\"true\" class=\" wp-block-spacer eplus-wrapper\"><\/div>\n\n\n\n<p class=\" eplus-wrapper\">Muzeum Sztuki Danubiana Meulensteen jest zakotwiczone nad Dunajem, w pobli\u017cu miejsca, gdzie styka si\u0119 granica S\u0142owacji, W\u0119gier i Austrii oraz niedaleko stolicy S\u0142owacji \u2013 Bratys\u0142awy. Kompleks ten jest jednym z najbardziej niezwyk\u0142ych miejsc stworzonych specjalnie dla sztuki nowoczesnej i wsp\u00f3\u0142czesnej w XXI wieku w Europie \u015arodkowej! Muzeum powsta\u0142o dzi\u0119ki determinacji kolekcjonera sztuki Vincenta Polakovi\u010da oraz zaanga\u017cowaniu holenderskiego inwestora Gerarda Meulensteena. Budynek, przypominaj\u0105cy kszta\u0142tem galer\u0119 rzymsk\u0105 z wios\u0142ami, zosta\u0142 zaprojektowany przez s\u0142owackiego architekta Petra \u017dalmana.<\/p>\n\n\n\n<p class=\" eplus-wrapper\"><\/p>\n\n\n\n<figure class=\"wp-block-gallery has-nested-images columns-default is-cropped eplus-wrapper wp-block-gallery-1\">\n<figure class=\"wp-block-image size-large eplus-wrapper\"><img loading=\"lazy\" decoding=\"async\" width=\"1024\" height=\"768\" data-id=\"8694\" src=\"https:\/\/heritagehubkrakow.org\/wp-content\/uploads\/2025\/10\/20250726_152012-1024x768.jpg\" alt=\"\" class=\"wp-image-8694\" srcset=\"https:\/\/heritagehubkrakow.org\/wp-content\/uploads\/2025\/10\/20250726_152012-1024x768.jpg 1024w, https:\/\/heritagehubkrakow.org\/wp-content\/uploads\/2025\/10\/20250726_152012-300x225.jpg 300w, https:\/\/heritagehubkrakow.org\/wp-content\/uploads\/2025\/10\/20250726_152012-768x576.jpg 768w, https:\/\/heritagehubkrakow.org\/wp-content\/uploads\/2025\/10\/20250726_152012-1536x1152.jpg 1536w, https:\/\/heritagehubkrakow.org\/wp-content\/uploads\/2025\/10\/20250726_152012-2048x1536.jpg 2048w\" sizes=\"auto, (max-width: 1024px) 100vw, 1024px\" \/><\/figure>\n\n\n\n<figure class=\"wp-block-image size-large eplus-wrapper\"><img loading=\"lazy\" decoding=\"async\" width=\"1024\" height=\"768\" data-id=\"8690\" src=\"https:\/\/heritagehubkrakow.org\/wp-content\/uploads\/2025\/10\/20250726_154641-1024x768.jpg\" alt=\"\" class=\"wp-image-8690\" srcset=\"https:\/\/heritagehubkrakow.org\/wp-content\/uploads\/2025\/10\/20250726_154641-1024x768.jpg 1024w, https:\/\/heritagehubkrakow.org\/wp-content\/uploads\/2025\/10\/20250726_154641-300x225.jpg 300w, https:\/\/heritagehubkrakow.org\/wp-content\/uploads\/2025\/10\/20250726_154641-768x576.jpg 768w, https:\/\/heritagehubkrakow.org\/wp-content\/uploads\/2025\/10\/20250726_154641-1536x1152.jpg 1536w, https:\/\/heritagehubkrakow.org\/wp-content\/uploads\/2025\/10\/20250726_154641-2048x1536.jpg 2048w\" sizes=\"auto, (max-width: 1024px) 100vw, 1024px\" \/><\/figure>\n\n\n\n<figure class=\"wp-block-image size-large eplus-wrapper\"><img loading=\"lazy\" decoding=\"async\" width=\"1024\" height=\"768\" data-id=\"8692\" src=\"https:\/\/heritagehubkrakow.org\/wp-content\/uploads\/2025\/10\/20250726_153537-1024x768.jpg\" alt=\"\" class=\"wp-image-8692\" srcset=\"https:\/\/heritagehubkrakow.org\/wp-content\/uploads\/2025\/10\/20250726_153537-1024x768.jpg 1024w, https:\/\/heritagehubkrakow.org\/wp-content\/uploads\/2025\/10\/20250726_153537-300x225.jpg 300w, https:\/\/heritagehubkrakow.org\/wp-content\/uploads\/2025\/10\/20250726_153537-768x576.jpg 768w, https:\/\/heritagehubkrakow.org\/wp-content\/uploads\/2025\/10\/20250726_153537-1536x1152.jpg 1536w, https:\/\/heritagehubkrakow.org\/wp-content\/uploads\/2025\/10\/20250726_153537-2048x1536.jpg 2048w\" sizes=\"auto, (max-width: 1024px) 100vw, 1024px\" \/><\/figure>\n<\/figure>\n\n\n\n<p class=\" eplus-wrapper\">W kolejnym, 25. ju\u017c odcinku podcastu \u201eHolistic Heritage\u201d Katarzyna Jagodzi\u0144ska odwiedza muzeum w jubileuszowym, 2025 roku \u2013 \u0107wier\u0107 wieku od jego otwarcia \u2013 aby dowiedzie\u0107 si\u0119, jak\u00a0zakorzeni\u0142o si\u0119 ono w tym niezwyk\u0142ym krajobrazie przyrodniczo-kulturalnym. Jej przewodniczk\u0105 po tej naddunajskiej pere\u0142ce jest Michaela \u0160imonov\u00e1. Obiekt jest integraln\u0105 cz\u0119\u015bci\u0105 zielonego ekosystemu \u2013 nie tylko miejscem sztuki z zewn\u0119trznym parkiem rze\u017ab\u00a0\u2013 ale tak\u017ce przestrzeni\u0105 do relaksu, gdzie delektujemy si\u0119 pi\u0119knem Dunaju.<\/p>\n\n\n\n<p class=\" eplus-wrapper\"><\/p>\n\n\n\n<p class=\" eplus-wrapper\"><\/p>\n\n\n\n<div class=\"wp-block-buttons eplus-wrapper is-layout-flex wp-block-buttons-is-layout-flex\"><\/div>\n<\/div>\n\n\n\n<div class=\"wp-block-group eplus-wrapper is-layout-constrained wp-block-group-is-layout-constrained\">\n<iframe loading=\"lazy\" height=\"200px\" width=\"100%\" frameborder=\"no\" scrolling=\"no\" seamless src=\"https:\/\/player.simplecast.com\/2ef7ac64-9ff4-4e30-a1bb-d669e2410ac8?dark=false\"><\/iframe>\n\n\n\n<div style=\"height:48px\" aria-hidden=\"true\" class=\" wp-block-spacer eplus-wrapper\"><\/div>\n\n\n\n<div class=\"wp-block-buttons eplus-wrapper is-layout-flex wp-block-buttons-is-layout-flex\"><div class=\" wp-block-button eplus-wrapper eplus-styles-uid-da5b01\"><a class=\"wp-block-button__link wp-element-button\" href=\"https:\/\/heritagehubkrakow.org\/pl\/holistic-heritage\/\">Holistic Heritage Podcasts<\/a><\/div><\/div>\n\n\n\n<div style=\"height:42px\" aria-hidden=\"true\" class=\" wp-block-spacer eplus-wrapper\"><\/div>\n<\/div>\n\n\n\n<div class=\"wp-block-buttons eplus-wrapper is-layout-flex wp-block-buttons-is-layout-flex\"><div class=\" wp-block-button eplus-wrapper eplus-styles-uid-9d91e6\"><a class=\"wp-block-button__link wp-element-button\" href=\"https:\/\/open.spotify.com\/show\/6TmfshJuoQNzr91xwuCgJj\" target=\"_blank\" rel=\"noreferrer noopener\">Follow us on SPOTIFY<\/a><\/div><\/div>\n<\/div><\/div>\n\n<div class=\"is-style-section-container wp-block-group alignfull has-blue-light-background-color has-background eplus-wrapper is-layout-constrained wp-block-group-is-layout-constrained eplus-styles-uid-4c6cdd\"><div class=\"wp-block-group alignfull eplus-wrapper is-layout-constrained wp-block-group-is-layout-constrained eplus-styles-uid-6cd479\">\n<div class=\"wp-block-group eplus-wrapper is-layout-constrained wp-block-group-is-layout-constrained\"><h3 class=\" wp-block-heading has-text-align-center eplus-wrapper eplus-styles-uid-0581b0\"><\/h3><\/div>\n<\/div><\/div>","protected":false},"excerpt":{"rendered":"<p>Muzeum Sztuki Danubiana Meulensteen \u015bwi\u0119tuje 25-lecie! W kolejnym odcinku podcastu ,,Holistic Heritage\u201d dr Katarzyna Jagodzi\u0144ska odwiedza jedno z najbardziej niezwyk\u0142ych miejsc stworzonych specjalnie dla sztuki nowoczesnej i wsp\u00f3\u0142czesnej w XXI wieku w Europie \u015arodkowej, by przyjrze\u0107 i przys\u0142ucha\u0107 si\u0119 jak zakorzeni\u0142o si\u0119 ono w tym niezwyk\u0142ym krajobrazie przyrodniczo-kulturalnym. Jej przewodniczk\u0105 jest Michaela \u0160imonov\u00e1, kt\u00f3ra przybli\u017ca histori\u0119 i architektur\u0119 tej naddunajskiej pere\u0142ki.  <\/p>\n","protected":false},"featured_media":8677,"template":"","meta":{"_acf_changed":false,"editor_plus_copied_stylings":"{}"},"categories":[111],"tags":[156,109],"class_list":["post-8678","project","type-project","status-publish","has-post-thumbnail","hentry","category-podcast-pl","tag-holistic-heritage-pl","tag-podcast-pl"],"acf":false,"yoast_head":"<!-- This site is optimized with the Yoast SEO plugin v23.8 - https:\/\/yoast.com\/wordpress\/plugins\/seo\/ -->\n<title>Danubiana \u015bwi\u0119tuje 25-lecie! - Europa Nostra<\/title>\n<meta name=\"description\" content=\"Muzeum Sztuki Danubiana Meulensteen \u015bwi\u0119tuje 25-lecie! W kolejnym odcinku podcastu ,,Holistic Heritage\u201d dr Katarzyna Jagodzi\u0144ska odwiedza jedno z najbardziej niezwyk\u0142ych miejsc stworzonych specjalnie dla sztuki nowoczesnej i wsp\u00f3\u0142czesnej w XXI wieku w Europie \u015arodkowej, by przyjrze\u0107 i przys\u0142ucha\u0107 si\u0119 jak zakorzeni\u0142o si\u0119 ono w tym niezwyk\u0142ym krajobrazie przyrodniczo-kulturalnym. Jej przewodniczk\u0105 jest Michaela \u0160imonov\u00e1, kt\u00f3ra przybli\u017ca histori\u0119 i architektur\u0119 tej naddunajskiej pere\u0142ki.\" \/>\n<meta name=\"robots\" content=\"index, follow, max-snippet:-1, max-image-preview:large, max-video-preview:-1\" \/>\n<link rel=\"canonical\" href=\"https:\/\/heritagehubkrakow.org\/pl\/project\/danubiana-swietuje-25-lecie\/\" \/>\n<meta property=\"og:locale\" content=\"pl_PL\" \/>\n<meta property=\"og:type\" content=\"article\" \/>\n<meta property=\"og:title\" content=\"Danubiana \u015bwi\u0119tuje 25-lecie! - Europa Nostra\" \/>\n<meta property=\"og:description\" content=\"Muzeum Sztuki Danubiana Meulensteen \u015bwi\u0119tuje 25-lecie! W kolejnym odcinku podcastu ,,Holistic Heritage\u201d dr Katarzyna Jagodzi\u0144ska odwiedza jedno z najbardziej niezwyk\u0142ych miejsc stworzonych specjalnie dla sztuki nowoczesnej i wsp\u00f3\u0142czesnej w XXI wieku w Europie \u015arodkowej, by przyjrze\u0107 i przys\u0142ucha\u0107 si\u0119 jak zakorzeni\u0142o si\u0119 ono w tym niezwyk\u0142ym krajobrazie przyrodniczo-kulturalnym. Jej przewodniczk\u0105 jest Michaela \u0160imonov\u00e1, kt\u00f3ra przybli\u017ca histori\u0119 i architektur\u0119 tej naddunajskiej pere\u0142ki.\" \/>\n<meta property=\"og:url\" content=\"https:\/\/heritagehubkrakow.org\/pl\/project\/danubiana-swietuje-25-lecie\/\" \/>\n<meta property=\"og:site_name\" content=\"Europa Nostra\" \/>\n<meta property=\"article:modified_time\" content=\"2025-10-28T10:16:07+00:00\" \/>\n<meta property=\"og:image\" content=\"https:\/\/heritagehubkrakow.org\/wp-content\/uploads\/2025\/10\/1000054810-1-1.jpg\" \/>\n\t<meta property=\"og:image:width\" content=\"1200\" \/>\n\t<meta property=\"og:image:height\" content=\"1200\" \/>\n\t<meta property=\"og:image:type\" content=\"image\/jpeg\" \/>\n<meta name=\"twitter:card\" content=\"summary_large_image\" \/>\n<meta name=\"twitter:label1\" content=\"Szacowany czas czytania\" \/>\n\t<meta name=\"twitter:data1\" content=\"2 minuty\" \/>\n<script type=\"application\/ld+json\" class=\"yoast-schema-graph\">{\"@context\":\"https:\/\/schema.org\",\"@graph\":[{\"@type\":\"WebPage\",\"@id\":\"https:\/\/heritagehubkrakow.org\/pl\/project\/danubiana-swietuje-25-lecie\/\",\"url\":\"https:\/\/heritagehubkrakow.org\/pl\/project\/danubiana-swietuje-25-lecie\/\",\"name\":\"Danubiana \u015bwi\u0119tuje 25-lecie! - Europa Nostra\",\"isPartOf\":{\"@id\":\"https:\/\/heritagehubkrakow.org\/pl\/#website\"},\"primaryImageOfPage\":{\"@id\":\"https:\/\/heritagehubkrakow.org\/pl\/project\/danubiana-swietuje-25-lecie\/#primaryimage\"},\"image\":{\"@id\":\"https:\/\/heritagehubkrakow.org\/pl\/project\/danubiana-swietuje-25-lecie\/#primaryimage\"},\"thumbnailUrl\":\"https:\/\/heritagehubkrakow.org\/wp-content\/uploads\/2025\/10\/1000054810-1-1.jpg\",\"datePublished\":\"2025-10-28T07:21:08+00:00\",\"dateModified\":\"2025-10-28T10:16:07+00:00\",\"description\":\"Muzeum Sztuki Danubiana Meulensteen \u015bwi\u0119tuje 25-lecie! W kolejnym odcinku podcastu ,,Holistic Heritage\u201d dr Katarzyna Jagodzi\u0144ska odwiedza jedno z najbardziej niezwyk\u0142ych miejsc stworzonych specjalnie dla sztuki nowoczesnej i wsp\u00f3\u0142czesnej w XXI wieku w Europie \u015arodkowej, by przyjrze\u0107 i przys\u0142ucha\u0107 si\u0119 jak zakorzeni\u0142o si\u0119 ono w tym niezwyk\u0142ym krajobrazie przyrodniczo-kulturalnym. Jej przewodniczk\u0105 jest Michaela \u0160imonov\u00e1, kt\u00f3ra przybli\u017ca histori\u0119 i architektur\u0119 tej naddunajskiej pere\u0142ki.\",\"breadcrumb\":{\"@id\":\"https:\/\/heritagehubkrakow.org\/pl\/project\/danubiana-swietuje-25-lecie\/#breadcrumb\"},\"inLanguage\":\"pl-PL\",\"potentialAction\":[{\"@type\":\"ReadAction\",\"target\":[\"https:\/\/heritagehubkrakow.org\/pl\/project\/danubiana-swietuje-25-lecie\/\"]}]},{\"@type\":\"ImageObject\",\"inLanguage\":\"pl-PL\",\"@id\":\"https:\/\/heritagehubkrakow.org\/pl\/project\/danubiana-swietuje-25-lecie\/#primaryimage\",\"url\":\"https:\/\/heritagehubkrakow.org\/wp-content\/uploads\/2025\/10\/1000054810-1-1.jpg\",\"contentUrl\":\"https:\/\/heritagehubkrakow.org\/wp-content\/uploads\/2025\/10\/1000054810-1-1.jpg\",\"width\":1200,\"height\":1200},{\"@type\":\"BreadcrumbList\",\"@id\":\"https:\/\/heritagehubkrakow.org\/pl\/project\/danubiana-swietuje-25-lecie\/#breadcrumb\",\"itemListElement\":[{\"@type\":\"ListItem\",\"position\":1,\"name\":\"Homepage\",\"item\":\"https:\/\/heritagehubkrakow.org\/pl\/\"},{\"@type\":\"ListItem\",\"position\":2,\"name\":\"Danubiana \u015bwi\u0119tuje 25-lecie!\"}]},{\"@type\":\"WebSite\",\"@id\":\"https:\/\/heritagehubkrakow.org\/pl\/#website\",\"url\":\"https:\/\/heritagehubkrakow.org\/pl\/\",\"name\":\"Europa Nostra\",\"description\":\"Heritage Hub for Central and Eastern Europe\",\"publisher\":{\"@id\":\"https:\/\/heritagehubkrakow.org\/pl\/#organization\"},\"potentialAction\":[{\"@type\":\"SearchAction\",\"target\":{\"@type\":\"EntryPoint\",\"urlTemplate\":\"https:\/\/heritagehubkrakow.org\/pl\/?s={search_term_string}\"},\"query-input\":{\"@type\":\"PropertyValueSpecification\",\"valueRequired\":true,\"valueName\":\"search_term_string\"}}],\"inLanguage\":\"pl-PL\"},{\"@type\":\"Organization\",\"@id\":\"https:\/\/heritagehubkrakow.org\/pl\/#organization\",\"name\":\"Europa Nostra\",\"url\":\"https:\/\/heritagehubkrakow.org\/pl\/\",\"logo\":{\"@type\":\"ImageObject\",\"inLanguage\":\"pl-PL\",\"@id\":\"https:\/\/heritagehubkrakow.org\/pl\/#\/schema\/logo\/image\/\",\"url\":\"https:\/\/heritagehubkrakow.org\/wp-content\/uploads\/2023\/01\/europa-logo.png\",\"contentUrl\":\"https:\/\/heritagehubkrakow.org\/wp-content\/uploads\/2023\/01\/europa-logo.png\",\"width\":218,\"height\":237,\"caption\":\"Europa Nostra\"},\"image\":{\"@id\":\"https:\/\/heritagehubkrakow.org\/pl\/#\/schema\/logo\/image\/\"}}]}<\/script>\n<!-- \/ Yoast SEO plugin. -->","yoast_head_json":{"title":"Danubiana \u015bwi\u0119tuje 25-lecie! - Europa Nostra","description":"Muzeum Sztuki Danubiana Meulensteen \u015bwi\u0119tuje 25-lecie! W kolejnym odcinku podcastu ,,Holistic Heritage\u201d dr Katarzyna Jagodzi\u0144ska odwiedza jedno z najbardziej niezwyk\u0142ych miejsc stworzonych specjalnie dla sztuki nowoczesnej i wsp\u00f3\u0142czesnej w XXI wieku w Europie \u015arodkowej, by przyjrze\u0107 i przys\u0142ucha\u0107 si\u0119 jak zakorzeni\u0142o si\u0119 ono w tym niezwyk\u0142ym krajobrazie przyrodniczo-kulturalnym. Jej przewodniczk\u0105 jest Michaela \u0160imonov\u00e1, kt\u00f3ra przybli\u017ca histori\u0119 i architektur\u0119 tej naddunajskiej pere\u0142ki.","robots":{"index":"index","follow":"follow","max-snippet":"max-snippet:-1","max-image-preview":"max-image-preview:large","max-video-preview":"max-video-preview:-1"},"canonical":"https:\/\/heritagehubkrakow.org\/pl\/project\/danubiana-swietuje-25-lecie\/","og_locale":"pl_PL","og_type":"article","og_title":"Danubiana \u015bwi\u0119tuje 25-lecie! - Europa Nostra","og_description":"Muzeum Sztuki Danubiana Meulensteen \u015bwi\u0119tuje 25-lecie! W kolejnym odcinku podcastu ,,Holistic Heritage\u201d dr Katarzyna Jagodzi\u0144ska odwiedza jedno z najbardziej niezwyk\u0142ych miejsc stworzonych specjalnie dla sztuki nowoczesnej i wsp\u00f3\u0142czesnej w XXI wieku w Europie \u015arodkowej, by przyjrze\u0107 i przys\u0142ucha\u0107 si\u0119 jak zakorzeni\u0142o si\u0119 ono w tym niezwyk\u0142ym krajobrazie przyrodniczo-kulturalnym. Jej przewodniczk\u0105 jest Michaela \u0160imonov\u00e1, kt\u00f3ra przybli\u017ca histori\u0119 i architektur\u0119 tej naddunajskiej pere\u0142ki.","og_url":"https:\/\/heritagehubkrakow.org\/pl\/project\/danubiana-swietuje-25-lecie\/","og_site_name":"Europa Nostra","article_modified_time":"2025-10-28T10:16:07+00:00","og_image":[{"width":1200,"height":1200,"url":"https:\/\/heritagehubkrakow.org\/wp-content\/uploads\/2025\/10\/1000054810-1-1.jpg","type":"image\/jpeg"}],"twitter_card":"summary_large_image","twitter_misc":{"Szacowany czas czytania":"2 minuty"},"schema":{"@context":"https:\/\/schema.org","@graph":[{"@type":"WebPage","@id":"https:\/\/heritagehubkrakow.org\/pl\/project\/danubiana-swietuje-25-lecie\/","url":"https:\/\/heritagehubkrakow.org\/pl\/project\/danubiana-swietuje-25-lecie\/","name":"Danubiana \u015bwi\u0119tuje 25-lecie! - Europa Nostra","isPartOf":{"@id":"https:\/\/heritagehubkrakow.org\/pl\/#website"},"primaryImageOfPage":{"@id":"https:\/\/heritagehubkrakow.org\/pl\/project\/danubiana-swietuje-25-lecie\/#primaryimage"},"image":{"@id":"https:\/\/heritagehubkrakow.org\/pl\/project\/danubiana-swietuje-25-lecie\/#primaryimage"},"thumbnailUrl":"https:\/\/heritagehubkrakow.org\/wp-content\/uploads\/2025\/10\/1000054810-1-1.jpg","datePublished":"2025-10-28T07:21:08+00:00","dateModified":"2025-10-28T10:16:07+00:00","description":"Muzeum Sztuki Danubiana Meulensteen \u015bwi\u0119tuje 25-lecie! W kolejnym odcinku podcastu ,,Holistic Heritage\u201d dr Katarzyna Jagodzi\u0144ska odwiedza jedno z najbardziej niezwyk\u0142ych miejsc stworzonych specjalnie dla sztuki nowoczesnej i wsp\u00f3\u0142czesnej w XXI wieku w Europie \u015arodkowej, by przyjrze\u0107 i przys\u0142ucha\u0107 si\u0119 jak zakorzeni\u0142o si\u0119 ono w tym niezwyk\u0142ym krajobrazie przyrodniczo-kulturalnym. Jej przewodniczk\u0105 jest Michaela \u0160imonov\u00e1, kt\u00f3ra przybli\u017ca histori\u0119 i architektur\u0119 tej naddunajskiej pere\u0142ki.","breadcrumb":{"@id":"https:\/\/heritagehubkrakow.org\/pl\/project\/danubiana-swietuje-25-lecie\/#breadcrumb"},"inLanguage":"pl-PL","potentialAction":[{"@type":"ReadAction","target":["https:\/\/heritagehubkrakow.org\/pl\/project\/danubiana-swietuje-25-lecie\/"]}]},{"@type":"ImageObject","inLanguage":"pl-PL","@id":"https:\/\/heritagehubkrakow.org\/pl\/project\/danubiana-swietuje-25-lecie\/#primaryimage","url":"https:\/\/heritagehubkrakow.org\/wp-content\/uploads\/2025\/10\/1000054810-1-1.jpg","contentUrl":"https:\/\/heritagehubkrakow.org\/wp-content\/uploads\/2025\/10\/1000054810-1-1.jpg","width":1200,"height":1200},{"@type":"BreadcrumbList","@id":"https:\/\/heritagehubkrakow.org\/pl\/project\/danubiana-swietuje-25-lecie\/#breadcrumb","itemListElement":[{"@type":"ListItem","position":1,"name":"Homepage","item":"https:\/\/heritagehubkrakow.org\/pl\/"},{"@type":"ListItem","position":2,"name":"Danubiana \u015bwi\u0119tuje 25-lecie!"}]},{"@type":"WebSite","@id":"https:\/\/heritagehubkrakow.org\/pl\/#website","url":"https:\/\/heritagehubkrakow.org\/pl\/","name":"Europa Nostra","description":"Heritage Hub for Central and Eastern Europe","publisher":{"@id":"https:\/\/heritagehubkrakow.org\/pl\/#organization"},"potentialAction":[{"@type":"SearchAction","target":{"@type":"EntryPoint","urlTemplate":"https:\/\/heritagehubkrakow.org\/pl\/?s={search_term_string}"},"query-input":{"@type":"PropertyValueSpecification","valueRequired":true,"valueName":"search_term_string"}}],"inLanguage":"pl-PL"},{"@type":"Organization","@id":"https:\/\/heritagehubkrakow.org\/pl\/#organization","name":"Europa Nostra","url":"https:\/\/heritagehubkrakow.org\/pl\/","logo":{"@type":"ImageObject","inLanguage":"pl-PL","@id":"https:\/\/heritagehubkrakow.org\/pl\/#\/schema\/logo\/image\/","url":"https:\/\/heritagehubkrakow.org\/wp-content\/uploads\/2023\/01\/europa-logo.png","contentUrl":"https:\/\/heritagehubkrakow.org\/wp-content\/uploads\/2023\/01\/europa-logo.png","width":218,"height":237,"caption":"Europa Nostra"},"image":{"@id":"https:\/\/heritagehubkrakow.org\/pl\/#\/schema\/logo\/image\/"}}]}},"_links":{"self":[{"href":"https:\/\/heritagehubkrakow.org\/pl\/wp-json\/wp\/v2\/project\/8678","targetHints":{"allow":["GET"]}}],"collection":[{"href":"https:\/\/heritagehubkrakow.org\/pl\/wp-json\/wp\/v2\/project"}],"about":[{"href":"https:\/\/heritagehubkrakow.org\/pl\/wp-json\/wp\/v2\/types\/project"}],"wp:featuredmedia":[{"embeddable":true,"href":"https:\/\/heritagehubkrakow.org\/pl\/wp-json\/wp\/v2\/media\/8677"}],"wp:attachment":[{"href":"https:\/\/heritagehubkrakow.org\/pl\/wp-json\/wp\/v2\/media?parent=8678"}],"wp:term":[{"taxonomy":"category","embeddable":true,"href":"https:\/\/heritagehubkrakow.org\/pl\/wp-json\/wp\/v2\/categories?post=8678"},{"taxonomy":"post_tag","embeddable":true,"href":"https:\/\/heritagehubkrakow.org\/pl\/wp-json\/wp\/v2\/tags?post=8678"}],"curies":[{"name":"wp","href":"https:\/\/api.w.org\/{rel}","templated":true}]}}