{"id":8872,"date":"2025-12-05T09:46:00","date_gmt":"2025-12-05T09:46:00","guid":{"rendered":"https:\/\/heritagehubkrakow.org\/project\/sounds-of-heritage\/"},"modified":"2025-12-05T10:00:00","modified_gmt":"2025-12-05T10:00:00","slug":"dzwieki-dziedzictwa","status":"publish","type":"project","link":"https:\/\/heritagehubkrakow.org\/pl\/project\/dzwieki-dziedzictwa\/","title":{"rendered":"D\u017awi\u0119ki dziedzictwa"},"content":{"rendered":"<div class=\"is-style-section-container, has-white-text is-style-section-container wp-block-group alignfull has-red-background-color has-background eplus-wrapper is-layout-constrained wp-block-group-is-layout-constrained eplus-styles-uid-6f219c\"><div class=\"is-style-section-container wp-block-group alignfull eplus-wrapper is-layout-constrained wp-block-group-is-layout-constrained eplus-styles-uid-38b380\"><div style=\"background-image:url('https:\/\/heritagehubkrakow.org\/wp-content\/uploads\/2024\/06\/H_5-1-1.png');background-size:cover;\" class=\"has-white-text wp-block-group alignfull has-white-color has-text-color eplus-wrapper is-layout-constrained wp-block-group-is-layout-constrained has-background eplus-styles-uid-0ed7c1\"><h1 class=\" wp-block-heading has-text-align-center eplus-wrapper eplus-styles-uid-49faf1\"><strong><strong><strong>D\u0179WI\u0118KI DZIEDZICTWA<\/strong><\/strong><\/strong><\/h1>\n\n<div class=\"yoast-breadcrumbs\"><span><span><a href=\"https:\/\/heritagehubkrakow.org\/pl\/\">Homepage<\/a><\/span> &#8211; <span class=\"breadcrumb_last\" aria-current=\"page\">D\u017awi\u0119ki dziedzictwa<\/span><\/span><\/div><\/div><\/div><\/div>\n\n<div class=\"is-style-section-container wp-block-group alignfull has-green-dark-background-color has-background eplus-wrapper is-layout-constrained wp-block-group-is-layout-constrained eplus-styles-uid-4c6cdd\"><div class=\"wp-block-group alignfull has-green-dark-background-color has-background eplus-wrapper is-layout-constrained wp-block-group-is-layout-constrained eplus-styles-uid-24f6f4\">\n<div class=\"wp-block-group eplus-wrapper is-layout-constrained wp-block-group-is-layout-constrained\"><div class=\"wp-block-group eplus-wrapper is-content-justification-center is-layout-flex wp-container-core-group-is-layout-8ee2ad45 wp-block-group-is-layout-flex eplus-styles-uid-117bd0\"><div class=\"article-date wp-block-post-date\"><time datetime=\"2025-12-05T09:46:00+00:00\">05 grudnia 2025<\/time><\/div><\/div>\n\n<div class=\"wp-block-group eplus-wrapper is-layout-constrained wp-block-group-is-layout-constrained eplus-styles-uid-ba2e4b\"><div class=\"taxonomy-post_tag has-text-align-center article-tags wp-block-post-terms eplus-styles-uid-d35575\"><a href=\"https:\/\/heritagehubkrakow.org\/pl\/tag\/holistic-heritage-pl\/\" rel=\"tag\">Holistic Heritage<\/a><span class=\"wp-block-post-terms__separator\"> <\/span><a href=\"https:\/\/heritagehubkrakow.org\/pl\/tag\/podcast-pl\/\" rel=\"tag\">Podcast<\/a><\/div><\/div>\n\n\n<h3 class=\" wp-block-heading has-text-align-center eplus-wrapper\"><\/h3>\n\n\n\n<div style=\"height:30px\" aria-hidden=\"true\" class=\" wp-block-spacer eplus-wrapper\"><\/div>\n\n\n\n<p class=\" eplus-wrapper\"><strong>Czy d\u017awi\u0119k jest dziedzictwem? Zdecydowanie, chocia\u017c rzadko o nim my\u015blimy w tej kategorii! Tymczasem jest on nieod\u0142\u0105czn\u0105 cz\u0119\u015bci\u0105 ka\u017cdego budynku i obiektu. \u015awist przeciskaj\u0105cego si\u0119 przez drzwi ko\u015bcio\u0142a wiatru, gwar ludzi za\u0142atwiaj\u0105cych swoje sprawy na rynku czy zgrzyty i pomruki maszyn rolniczych zbieraj\u0105cych plony. To tylko przyk\u0142ady, ale gdy nadstawisz ucho na dziedzictwo &#8211; us\u0142yszysz du\u017co, du\u017co wi\u0119cej!<\/strong><\/p>\n\n\n\n<p class=\" eplus-wrapper\">W kolejnym, 24. ju\u017c odcinku podcastu Holistic Heritage John Beauchamp i dr Katarzyna Jagodzi\u0144ska wsp\u00f3lnie ze specjalistami ds. dziedzictwa i muzealnictwa przys\u0142uchuj\u0105 si\u0119 d\u017awi\u0119kom dziedzictwa w portugalskim Mafra \u2013 mie\u015bcie \u015bwiatowego dziedzictwa UNESCO. O roli d\u017awi\u0119ku w dziedzictwie i jego znaczeniu w komunikacji o przesz\u0142o\u015bci rozmawiaj\u0105 z:<\/p>\n\n\n\n<p class=\" eplus-wrapper\">&#8211; Alcin\u0105 Cortez, kuratork\u0105, badaczk\u0105 i konsultantk\u0105 d\u017awi\u0119ku w muzeach, za\u0142o\u017cycielk\u0105 i przewodnicz\u0105c\u0105 mi\u0119dzynarodowej konferencji \u201eD\u017awi\u0119k w muzeach\u201d;<\/p>\n\n\n\n<p class=\" eplus-wrapper\">&#8211; prof. Luis\u0105 Santos z Katolickiego Uniwersytetu Portugalskiego.<\/p>\n\n\n\n<figure class=\"wp-block-gallery has-nested-images columns-default is-cropped eplus-wrapper wp-block-gallery-1\">\n<figure class=\"wp-block-image size-large eplus-wrapper\"><img loading=\"lazy\" decoding=\"async\" width=\"1024\" height=\"768\" data-id=\"8885\" src=\"https:\/\/heritagehubkrakow.org\/wp-content\/uploads\/2025\/12\/20251016_134825-1024x768.jpg\" alt=\"\" class=\"wp-image-8885\" srcset=\"https:\/\/heritagehubkrakow.org\/wp-content\/uploads\/2025\/12\/20251016_134825-1024x768.jpg 1024w, https:\/\/heritagehubkrakow.org\/wp-content\/uploads\/2025\/12\/20251016_134825-300x225.jpg 300w, https:\/\/heritagehubkrakow.org\/wp-content\/uploads\/2025\/12\/20251016_134825-768x576.jpg 768w, https:\/\/heritagehubkrakow.org\/wp-content\/uploads\/2025\/12\/20251016_134825-1536x1152.jpg 1536w, https:\/\/heritagehubkrakow.org\/wp-content\/uploads\/2025\/12\/20251016_134825-2048x1536.jpg 2048w\" sizes=\"auto, (max-width: 1024px) 100vw, 1024px\" \/><\/figure>\n\n\n\n<figure class=\"wp-block-image size-large eplus-wrapper\"><img loading=\"lazy\" decoding=\"async\" width=\"1024\" height=\"768\" data-id=\"8884\" src=\"https:\/\/heritagehubkrakow.org\/wp-content\/uploads\/2025\/12\/20251019_112031-1-1024x768.jpg\" alt=\"\" class=\"wp-image-8884\" srcset=\"https:\/\/heritagehubkrakow.org\/wp-content\/uploads\/2025\/12\/20251019_112031-1-1024x768.jpg 1024w, https:\/\/heritagehubkrakow.org\/wp-content\/uploads\/2025\/12\/20251019_112031-1-300x225.jpg 300w, https:\/\/heritagehubkrakow.org\/wp-content\/uploads\/2025\/12\/20251019_112031-1-768x576.jpg 768w, https:\/\/heritagehubkrakow.org\/wp-content\/uploads\/2025\/12\/20251019_112031-1-1536x1152.jpg 1536w, https:\/\/heritagehubkrakow.org\/wp-content\/uploads\/2025\/12\/20251019_112031-1-2048x1536.jpg 2048w\" sizes=\"auto, (max-width: 1024px) 100vw, 1024px\" \/><\/figure>\n<\/figure>\n\n\n\n<p class=\" eplus-wrapper\">W ramach dzia\u0142a\u0144 Europa Nostra Heritage Hub w Krakowie chcemy zwi\u0119kszy\u0107 \u015bwiadomo\u015b\u0107 dotycz\u0105c\u0105 dziedzictwa d\u017awi\u0119kowego i upowszechnia\u0107 wiedz\u0119 na ten temat. Jeste\u015bmy w trakcie prac nad Heritage Sound Register \u2013 audiotek\u0105 d\u017awi\u0119k\u00f3w w wolnym dost\u0119pie. Chocia\u017c jest ona dopiero w pocz\u0105tkowej fazie, ju\u017c teraz mo\u017cna tam us\u0142ysze\u0107 szereg d\u017awi\u0119k\u00f3w \u2013 nieod\u0142\u0105czn\u0105 cz\u0119\u015b\u0107 dziedzictwa kulturowego Europy \u015arodkowej i Wschodniej.<\/p>\n\n\n\n<p class=\" eplus-wrapper\">W podca\u015bcie us\u0142yszymy przemys\u0142owy kompleks Vitkowice w Ostrawie, mechaniczne krosno w Centralnym Muzeum W\u0142\u00f3kiennictwa w \u0141odzi, kombajn g\u00f3rniczy w Sztolni Kr\u00f3lowej Luiza w Zabrzu oraz ostatni\u0105 w\u0105skotorow\u0105, le\u015bn\u0105, parow\u0105 kolej Moc\u0103ni\u021ba w Rumunii.<\/p>\n\n\n\n<p class=\" eplus-wrapper\"><\/p>\n\n\n\n<div class=\"wp-block-buttons eplus-wrapper is-layout-flex wp-block-buttons-is-layout-flex\"><\/div>\n<\/div>\n\n\n\n<div class=\"wp-block-group eplus-wrapper is-layout-constrained wp-block-group-is-layout-constrained\">\n<iframe loading=\"lazy\" height=\"200px\" width=\"100%\" frameborder=\"no\" scrolling=\"no\" seamless src=\"https:\/\/player.simplecast.com\/6c7fb38a-33c2-49b3-bac7-649511eddc3a?dark=false\"><\/iframe>\n\n\n\n<div style=\"height:48px\" aria-hidden=\"true\" class=\" wp-block-spacer eplus-wrapper\"><\/div>\n\n\n\n<div class=\"wp-block-buttons eplus-wrapper is-layout-flex wp-block-buttons-is-layout-flex\"><div class=\" wp-block-button eplus-wrapper eplus-styles-uid-98ef4f\"><a class=\"wp-block-button__link wp-element-button\" href=\"https:\/\/heritagehubkrakow.org\/pl\/holistic-heritage\/\">Holistic Heritage Podcasts<\/a><\/div><\/div>\n\n\n\n<div style=\"height:42px\" aria-hidden=\"true\" class=\" wp-block-spacer eplus-wrapper\"><\/div>\n<\/div>\n\n\n\n<div class=\"wp-block-buttons eplus-wrapper is-layout-flex wp-block-buttons-is-layout-flex\"><div class=\" wp-block-button eplus-wrapper eplus-styles-uid-e0bd85\"><a class=\"wp-block-button__link wp-element-button\" href=\"https:\/\/open.spotify.com\/show\/6TmfshJuoQNzr91xwuCgJj\" target=\"_blank\" rel=\"noreferrer noopener\">Follow us on SPOTIFY<\/a><\/div><\/div>\n<\/div><\/div>\n\n<div class=\"is-style-section-container wp-block-group alignfull has-blue-light-background-color has-background eplus-wrapper is-layout-constrained wp-block-group-is-layout-constrained eplus-styles-uid-4c6cdd\"><div class=\"wp-block-group alignfull eplus-wrapper is-layout-constrained wp-block-group-is-layout-constrained eplus-styles-uid-6cd479\">\n<div class=\"wp-block-group eplus-wrapper is-layout-constrained wp-block-group-is-layout-constrained\"><h3 class=\" wp-block-heading has-text-align-center eplus-wrapper eplus-styles-uid-0581b0\"><\/h3><\/div>\n<\/div><\/div>","protected":false},"excerpt":{"rendered":"<p>Czy d\u017awi\u0119k jest dziedzictwem? Zdecydowanie, chocia\u017c rzadko o nim my\u015blimy w tej kategorii! Tymczasem jest on nieod\u0142\u0105czn\u0105 cz\u0119\u015bci\u0105 ka\u017cdego budynku i obiektu. \u015awist przeciskaj\u0105cego si\u0119 przez drzwi ko\u015bcio\u0142a wiatru, gwar ludzi za\u0142atwiaj\u0105cych swoje sprawy na rynku czy zgrzyty i pomruki maszyn rolniczych zbieraj\u0105cych plony. To tylko przyk\u0142ady, ale gdy nadstawisz ucho na dziedzictwo &#8211; us\u0142yszysz du\u017co, du\u017co wi\u0119cej!<\/p>\n","protected":false},"featured_media":8871,"template":"","meta":{"_acf_changed":false,"editor_plus_copied_stylings":"{}"},"categories":[111],"tags":[156,109],"class_list":["post-8872","project","type-project","status-publish","has-post-thumbnail","hentry","category-podcast-pl","tag-holistic-heritage-pl","tag-podcast-pl"],"acf":false,"yoast_head":"<!-- This site is optimized with the Yoast SEO plugin v23.8 - https:\/\/yoast.com\/wordpress\/plugins\/seo\/ -->\n<title>D\u017awi\u0119ki dziedzictwa - Europa Nostra<\/title>\n<meta name=\"description\" content=\"Czy d\u017awi\u0119k jest dziedzictwem? Zdecydowanie, chocia\u017c rzadko o nim my\u015blimy w tej kategorii! Tymczasem jest on nieod\u0142\u0105czn\u0105 cz\u0119\u015bci\u0105 ka\u017cdego budynku i obiektu. \u015awist przeciskaj\u0105cego si\u0119 przez drzwi ko\u015bcio\u0142a wiatru, gwar ludzi za\u0142atwiaj\u0105cych swoje sprawy na rynku czy zgrzyty i pomruki maszyn rolniczych zbieraj\u0105cych plony. To tylko przyk\u0142ady, ale gdy nadstawisz ucho na dziedzictwo - us\u0142yszysz du\u017co, du\u017co wi\u0119cej!\" \/>\n<meta name=\"robots\" content=\"index, follow, max-snippet:-1, max-image-preview:large, max-video-preview:-1\" \/>\n<link rel=\"canonical\" href=\"https:\/\/heritagehubkrakow.org\/pl\/project\/dzwieki-dziedzictwa\/\" \/>\n<meta property=\"og:locale\" content=\"pl_PL\" \/>\n<meta property=\"og:type\" content=\"article\" \/>\n<meta property=\"og:title\" content=\"D\u017awi\u0119ki dziedzictwa - Europa Nostra\" \/>\n<meta property=\"og:description\" content=\"Czy d\u017awi\u0119k jest dziedzictwem? Zdecydowanie, chocia\u017c rzadko o nim my\u015blimy w tej kategorii! Tymczasem jest on nieod\u0142\u0105czn\u0105 cz\u0119\u015bci\u0105 ka\u017cdego budynku i obiektu. \u015awist przeciskaj\u0105cego si\u0119 przez drzwi ko\u015bcio\u0142a wiatru, gwar ludzi za\u0142atwiaj\u0105cych swoje sprawy na rynku czy zgrzyty i pomruki maszyn rolniczych zbieraj\u0105cych plony. To tylko przyk\u0142ady, ale gdy nadstawisz ucho na dziedzictwo - us\u0142yszysz du\u017co, du\u017co wi\u0119cej!\" \/>\n<meta property=\"og:url\" content=\"https:\/\/heritagehubkrakow.org\/pl\/project\/dzwieki-dziedzictwa\/\" \/>\n<meta property=\"og:site_name\" content=\"Europa Nostra\" \/>\n<meta property=\"article:modified_time\" content=\"2025-12-05T10:00:00+00:00\" \/>\n<meta property=\"og:image\" content=\"https:\/\/heritagehubkrakow.org\/wp-content\/uploads\/2025\/12\/TMHiZK_podcast-Holistic_next-gen5.jpg\" \/>\n\t<meta property=\"og:image:width\" content=\"1200\" \/>\n\t<meta property=\"og:image:height\" content=\"1200\" \/>\n\t<meta property=\"og:image:type\" content=\"image\/jpeg\" \/>\n<meta name=\"twitter:card\" content=\"summary_large_image\" \/>\n<meta name=\"twitter:label1\" content=\"Szacowany czas czytania\" \/>\n\t<meta name=\"twitter:data1\" content=\"2 minuty\" \/>\n<script type=\"application\/ld+json\" class=\"yoast-schema-graph\">{\"@context\":\"https:\/\/schema.org\",\"@graph\":[{\"@type\":\"WebPage\",\"@id\":\"https:\/\/heritagehubkrakow.org\/pl\/project\/dzwieki-dziedzictwa\/\",\"url\":\"https:\/\/heritagehubkrakow.org\/pl\/project\/dzwieki-dziedzictwa\/\",\"name\":\"D\u017awi\u0119ki dziedzictwa - Europa Nostra\",\"isPartOf\":{\"@id\":\"https:\/\/heritagehubkrakow.org\/pl\/#website\"},\"primaryImageOfPage\":{\"@id\":\"https:\/\/heritagehubkrakow.org\/pl\/project\/dzwieki-dziedzictwa\/#primaryimage\"},\"image\":{\"@id\":\"https:\/\/heritagehubkrakow.org\/pl\/project\/dzwieki-dziedzictwa\/#primaryimage\"},\"thumbnailUrl\":\"https:\/\/heritagehubkrakow.org\/wp-content\/uploads\/2025\/12\/TMHiZK_podcast-Holistic_next-gen5.jpg\",\"datePublished\":\"2025-12-05T09:46:00+00:00\",\"dateModified\":\"2025-12-05T10:00:00+00:00\",\"description\":\"Czy d\u017awi\u0119k jest dziedzictwem? Zdecydowanie, chocia\u017c rzadko o nim my\u015blimy w tej kategorii! Tymczasem jest on nieod\u0142\u0105czn\u0105 cz\u0119\u015bci\u0105 ka\u017cdego budynku i obiektu. \u015awist przeciskaj\u0105cego si\u0119 przez drzwi ko\u015bcio\u0142a wiatru, gwar ludzi za\u0142atwiaj\u0105cych swoje sprawy na rynku czy zgrzyty i pomruki maszyn rolniczych zbieraj\u0105cych plony. To tylko przyk\u0142ady, ale gdy nadstawisz ucho na dziedzictwo - us\u0142yszysz du\u017co, du\u017co wi\u0119cej!\",\"breadcrumb\":{\"@id\":\"https:\/\/heritagehubkrakow.org\/pl\/project\/dzwieki-dziedzictwa\/#breadcrumb\"},\"inLanguage\":\"pl-PL\",\"potentialAction\":[{\"@type\":\"ReadAction\",\"target\":[\"https:\/\/heritagehubkrakow.org\/pl\/project\/dzwieki-dziedzictwa\/\"]}]},{\"@type\":\"ImageObject\",\"inLanguage\":\"pl-PL\",\"@id\":\"https:\/\/heritagehubkrakow.org\/pl\/project\/dzwieki-dziedzictwa\/#primaryimage\",\"url\":\"https:\/\/heritagehubkrakow.org\/wp-content\/uploads\/2025\/12\/TMHiZK_podcast-Holistic_next-gen5.jpg\",\"contentUrl\":\"https:\/\/heritagehubkrakow.org\/wp-content\/uploads\/2025\/12\/TMHiZK_podcast-Holistic_next-gen5.jpg\",\"width\":1200,\"height\":1200},{\"@type\":\"BreadcrumbList\",\"@id\":\"https:\/\/heritagehubkrakow.org\/pl\/project\/dzwieki-dziedzictwa\/#breadcrumb\",\"itemListElement\":[{\"@type\":\"ListItem\",\"position\":1,\"name\":\"Homepage\",\"item\":\"https:\/\/heritagehubkrakow.org\/pl\/\"},{\"@type\":\"ListItem\",\"position\":2,\"name\":\"D\u017awi\u0119ki dziedzictwa\"}]},{\"@type\":\"WebSite\",\"@id\":\"https:\/\/heritagehubkrakow.org\/pl\/#website\",\"url\":\"https:\/\/heritagehubkrakow.org\/pl\/\",\"name\":\"Europa Nostra\",\"description\":\"Heritage Hub for Central and Eastern Europe\",\"publisher\":{\"@id\":\"https:\/\/heritagehubkrakow.org\/pl\/#organization\"},\"potentialAction\":[{\"@type\":\"SearchAction\",\"target\":{\"@type\":\"EntryPoint\",\"urlTemplate\":\"https:\/\/heritagehubkrakow.org\/pl\/?s={search_term_string}\"},\"query-input\":{\"@type\":\"PropertyValueSpecification\",\"valueRequired\":true,\"valueName\":\"search_term_string\"}}],\"inLanguage\":\"pl-PL\"},{\"@type\":\"Organization\",\"@id\":\"https:\/\/heritagehubkrakow.org\/pl\/#organization\",\"name\":\"Europa Nostra\",\"url\":\"https:\/\/heritagehubkrakow.org\/pl\/\",\"logo\":{\"@type\":\"ImageObject\",\"inLanguage\":\"pl-PL\",\"@id\":\"https:\/\/heritagehubkrakow.org\/pl\/#\/schema\/logo\/image\/\",\"url\":\"https:\/\/heritagehubkrakow.org\/wp-content\/uploads\/2023\/01\/europa-logo.png\",\"contentUrl\":\"https:\/\/heritagehubkrakow.org\/wp-content\/uploads\/2023\/01\/europa-logo.png\",\"width\":218,\"height\":237,\"caption\":\"Europa Nostra\"},\"image\":{\"@id\":\"https:\/\/heritagehubkrakow.org\/pl\/#\/schema\/logo\/image\/\"}}]}<\/script>\n<!-- \/ Yoast SEO plugin. -->","yoast_head_json":{"title":"D\u017awi\u0119ki dziedzictwa - Europa Nostra","description":"Czy d\u017awi\u0119k jest dziedzictwem? Zdecydowanie, chocia\u017c rzadko o nim my\u015blimy w tej kategorii! Tymczasem jest on nieod\u0142\u0105czn\u0105 cz\u0119\u015bci\u0105 ka\u017cdego budynku i obiektu. \u015awist przeciskaj\u0105cego si\u0119 przez drzwi ko\u015bcio\u0142a wiatru, gwar ludzi za\u0142atwiaj\u0105cych swoje sprawy na rynku czy zgrzyty i pomruki maszyn rolniczych zbieraj\u0105cych plony. To tylko przyk\u0142ady, ale gdy nadstawisz ucho na dziedzictwo - us\u0142yszysz du\u017co, du\u017co wi\u0119cej!","robots":{"index":"index","follow":"follow","max-snippet":"max-snippet:-1","max-image-preview":"max-image-preview:large","max-video-preview":"max-video-preview:-1"},"canonical":"https:\/\/heritagehubkrakow.org\/pl\/project\/dzwieki-dziedzictwa\/","og_locale":"pl_PL","og_type":"article","og_title":"D\u017awi\u0119ki dziedzictwa - Europa Nostra","og_description":"Czy d\u017awi\u0119k jest dziedzictwem? Zdecydowanie, chocia\u017c rzadko o nim my\u015blimy w tej kategorii! Tymczasem jest on nieod\u0142\u0105czn\u0105 cz\u0119\u015bci\u0105 ka\u017cdego budynku i obiektu. \u015awist przeciskaj\u0105cego si\u0119 przez drzwi ko\u015bcio\u0142a wiatru, gwar ludzi za\u0142atwiaj\u0105cych swoje sprawy na rynku czy zgrzyty i pomruki maszyn rolniczych zbieraj\u0105cych plony. To tylko przyk\u0142ady, ale gdy nadstawisz ucho na dziedzictwo - us\u0142yszysz du\u017co, du\u017co wi\u0119cej!","og_url":"https:\/\/heritagehubkrakow.org\/pl\/project\/dzwieki-dziedzictwa\/","og_site_name":"Europa Nostra","article_modified_time":"2025-12-05T10:00:00+00:00","og_image":[{"width":1200,"height":1200,"url":"https:\/\/heritagehubkrakow.org\/wp-content\/uploads\/2025\/12\/TMHiZK_podcast-Holistic_next-gen5.jpg","type":"image\/jpeg"}],"twitter_card":"summary_large_image","twitter_misc":{"Szacowany czas czytania":"2 minuty"},"schema":{"@context":"https:\/\/schema.org","@graph":[{"@type":"WebPage","@id":"https:\/\/heritagehubkrakow.org\/pl\/project\/dzwieki-dziedzictwa\/","url":"https:\/\/heritagehubkrakow.org\/pl\/project\/dzwieki-dziedzictwa\/","name":"D\u017awi\u0119ki dziedzictwa - Europa Nostra","isPartOf":{"@id":"https:\/\/heritagehubkrakow.org\/pl\/#website"},"primaryImageOfPage":{"@id":"https:\/\/heritagehubkrakow.org\/pl\/project\/dzwieki-dziedzictwa\/#primaryimage"},"image":{"@id":"https:\/\/heritagehubkrakow.org\/pl\/project\/dzwieki-dziedzictwa\/#primaryimage"},"thumbnailUrl":"https:\/\/heritagehubkrakow.org\/wp-content\/uploads\/2025\/12\/TMHiZK_podcast-Holistic_next-gen5.jpg","datePublished":"2025-12-05T09:46:00+00:00","dateModified":"2025-12-05T10:00:00+00:00","description":"Czy d\u017awi\u0119k jest dziedzictwem? Zdecydowanie, chocia\u017c rzadko o nim my\u015blimy w tej kategorii! Tymczasem jest on nieod\u0142\u0105czn\u0105 cz\u0119\u015bci\u0105 ka\u017cdego budynku i obiektu. \u015awist przeciskaj\u0105cego si\u0119 przez drzwi ko\u015bcio\u0142a wiatru, gwar ludzi za\u0142atwiaj\u0105cych swoje sprawy na rynku czy zgrzyty i pomruki maszyn rolniczych zbieraj\u0105cych plony. To tylko przyk\u0142ady, ale gdy nadstawisz ucho na dziedzictwo - us\u0142yszysz du\u017co, du\u017co wi\u0119cej!","breadcrumb":{"@id":"https:\/\/heritagehubkrakow.org\/pl\/project\/dzwieki-dziedzictwa\/#breadcrumb"},"inLanguage":"pl-PL","potentialAction":[{"@type":"ReadAction","target":["https:\/\/heritagehubkrakow.org\/pl\/project\/dzwieki-dziedzictwa\/"]}]},{"@type":"ImageObject","inLanguage":"pl-PL","@id":"https:\/\/heritagehubkrakow.org\/pl\/project\/dzwieki-dziedzictwa\/#primaryimage","url":"https:\/\/heritagehubkrakow.org\/wp-content\/uploads\/2025\/12\/TMHiZK_podcast-Holistic_next-gen5.jpg","contentUrl":"https:\/\/heritagehubkrakow.org\/wp-content\/uploads\/2025\/12\/TMHiZK_podcast-Holistic_next-gen5.jpg","width":1200,"height":1200},{"@type":"BreadcrumbList","@id":"https:\/\/heritagehubkrakow.org\/pl\/project\/dzwieki-dziedzictwa\/#breadcrumb","itemListElement":[{"@type":"ListItem","position":1,"name":"Homepage","item":"https:\/\/heritagehubkrakow.org\/pl\/"},{"@type":"ListItem","position":2,"name":"D\u017awi\u0119ki dziedzictwa"}]},{"@type":"WebSite","@id":"https:\/\/heritagehubkrakow.org\/pl\/#website","url":"https:\/\/heritagehubkrakow.org\/pl\/","name":"Europa Nostra","description":"Heritage Hub for Central and Eastern Europe","publisher":{"@id":"https:\/\/heritagehubkrakow.org\/pl\/#organization"},"potentialAction":[{"@type":"SearchAction","target":{"@type":"EntryPoint","urlTemplate":"https:\/\/heritagehubkrakow.org\/pl\/?s={search_term_string}"},"query-input":{"@type":"PropertyValueSpecification","valueRequired":true,"valueName":"search_term_string"}}],"inLanguage":"pl-PL"},{"@type":"Organization","@id":"https:\/\/heritagehubkrakow.org\/pl\/#organization","name":"Europa Nostra","url":"https:\/\/heritagehubkrakow.org\/pl\/","logo":{"@type":"ImageObject","inLanguage":"pl-PL","@id":"https:\/\/heritagehubkrakow.org\/pl\/#\/schema\/logo\/image\/","url":"https:\/\/heritagehubkrakow.org\/wp-content\/uploads\/2023\/01\/europa-logo.png","contentUrl":"https:\/\/heritagehubkrakow.org\/wp-content\/uploads\/2023\/01\/europa-logo.png","width":218,"height":237,"caption":"Europa Nostra"},"image":{"@id":"https:\/\/heritagehubkrakow.org\/pl\/#\/schema\/logo\/image\/"}}]}},"_links":{"self":[{"href":"https:\/\/heritagehubkrakow.org\/pl\/wp-json\/wp\/v2\/project\/8872","targetHints":{"allow":["GET"]}}],"collection":[{"href":"https:\/\/heritagehubkrakow.org\/pl\/wp-json\/wp\/v2\/project"}],"about":[{"href":"https:\/\/heritagehubkrakow.org\/pl\/wp-json\/wp\/v2\/types\/project"}],"wp:featuredmedia":[{"embeddable":true,"href":"https:\/\/heritagehubkrakow.org\/pl\/wp-json\/wp\/v2\/media\/8871"}],"wp:attachment":[{"href":"https:\/\/heritagehubkrakow.org\/pl\/wp-json\/wp\/v2\/media?parent=8872"}],"wp:term":[{"taxonomy":"category","embeddable":true,"href":"https:\/\/heritagehubkrakow.org\/pl\/wp-json\/wp\/v2\/categories?post=8872"},{"taxonomy":"post_tag","embeddable":true,"href":"https:\/\/heritagehubkrakow.org\/pl\/wp-json\/wp\/v2\/tags?post=8872"}],"curies":[{"name":"wp","href":"https:\/\/api.w.org\/{rel}","templated":true}]}}