{"id":8944,"date":"2025-12-19T10:14:11","date_gmt":"2025-12-19T10:14:11","guid":{"rendered":"https:\/\/heritagehubkrakow.org\/project\/redefining-the-workers-paradise\/"},"modified":"2025-12-19T10:50:40","modified_gmt":"2025-12-19T10:50:40","slug":"redefiniowanie-robotniczego-raju","status":"publish","type":"project","link":"https:\/\/heritagehubkrakow.org\/pl\/project\/redefiniowanie-robotniczego-raju\/","title":{"rendered":"Redefiniowanie ,,robotniczego raju\u201d"},"content":{"rendered":"<div class=\"is-style-section-container, has-white-text is-style-section-container wp-block-group alignfull has-red-background-color has-background eplus-wrapper is-layout-constrained wp-block-group-is-layout-constrained eplus-styles-uid-6f219c\"><div class=\"is-style-section-container wp-block-group alignfull eplus-wrapper is-layout-constrained wp-block-group-is-layout-constrained eplus-styles-uid-38b380\"><div style=\"background-image:url('https:\/\/heritagehubkrakow.org\/wp-content\/uploads\/2024\/06\/H_5-1-1.png');background-size:cover;\" class=\"has-white-text wp-block-group alignfull has-white-color has-text-color eplus-wrapper is-layout-constrained wp-block-group-is-layout-constrained has-background eplus-styles-uid-0ed7c1\"><h1 class=\" wp-block-heading has-text-align-center eplus-wrapper eplus-styles-uid-49faf1\"><strong><strong><strong>Redefiniowanie ,,robotniczego raju\u201d<\/strong><\/strong><\/strong><\/h1>\n\n<div class=\"yoast-breadcrumbs\"><span><span><a href=\"https:\/\/heritagehubkrakow.org\/pl\/\">Homepage<\/a><\/span> &#8211; <span class=\"breadcrumb_last\" aria-current=\"page\">Redefiniowanie ,,robotniczego raju\u201d<\/span><\/span><\/div><\/div><\/div><\/div>\n\n<div class=\"is-style-section-container wp-block-group alignfull has-green-dark-background-color has-background eplus-wrapper is-layout-constrained wp-block-group-is-layout-constrained eplus-styles-uid-4c6cdd\"><div class=\"wp-block-group alignfull has-green-dark-background-color has-background eplus-wrapper is-layout-constrained wp-block-group-is-layout-constrained eplus-styles-uid-24f6f4\">\n<div class=\"wp-block-group eplus-wrapper is-layout-constrained wp-block-group-is-layout-constrained\"><div class=\"wp-block-group eplus-wrapper is-content-justification-center is-layout-flex wp-container-core-group-is-layout-8ee2ad45 wp-block-group-is-layout-flex eplus-styles-uid-117bd0\"><div class=\"article-date wp-block-post-date\"><time datetime=\"2025-12-19T10:14:11+00:00\">19 grudnia 2025<\/time><\/div><\/div>\n\n<div class=\"wp-block-group eplus-wrapper is-layout-constrained wp-block-group-is-layout-constrained eplus-styles-uid-ba2e4b\"><div class=\"taxonomy-post_tag has-text-align-center article-tags wp-block-post-terms eplus-styles-uid-d35575\"><a href=\"https:\/\/heritagehubkrakow.org\/pl\/tag\/holistic-heritage-pl\/\" rel=\"tag\">Holistic Heritage<\/a><span class=\"wp-block-post-terms__separator\"> <\/span><a href=\"https:\/\/heritagehubkrakow.org\/pl\/tag\/podcast-pl\/\" rel=\"tag\">Podcast<\/a><\/div><\/div>\n\n\n<h3 class=\" wp-block-heading has-text-align-center eplus-wrapper\"><\/h3>\n\n\n\n<div style=\"height:30px\" aria-hidden=\"true\" class=\" wp-block-spacer eplus-wrapper\"><\/div>\n\n\n\n<p class=\" eplus-wrapper\"><strong>W kolejnym odcinku podcastu \u201eHeritage Hour\u201d odwiedzamy Now\u0105 Hut\u0119 \u2013 powsta\u0142e pod koniec lat 40. XX wieku\u00a0zindustrializowane, socrealistyczne miasto, kt\u00f3re mia\u0142o by\u0107 przeciwwag\u0119 dla mieszcza\u0144skiego, inteligenckiego Krakowa.<\/strong><\/p>\n\n\n\n<p class=\" eplus-wrapper\">Ponad siedem dekad p\u00f3\u017aniej rozleg\u0142e huty stali w Nowej Hucie praktycznie znikn\u0119\u0142y, a dzielnica sta\u0142a si\u0119 jedn\u0105 z najbardziej zielonych w Krakowie i z dum\u0105 patrzy w przysz\u0142o\u015b\u0107. Nowa Huta, uznana w 2023 roku za Pomnik Historii, to jedno z najlepszych powojennych za\u0142o\u017ce\u0144 architektonicznych i urbanistycznych, kt\u00f3re teraz ma szans\u0119 na wi\u0119cej \u2013 wpis na List\u0119 \u015bwiatowego dziedzictwa UNESCO. Czy jednak taki status to co\u015b, czego Nowa Huta naprawd\u0119 potrzebuje lub pragnie? Jakie s\u0105 szanse i zagro\u017cenia zwi\u0105zane z t\u0105 potencjaln\u0105 zmian\u0105?<\/p>\n\n\n\n<p class=\" eplus-wrapper\">John Beauchamp i dr Katarzyna Jagodzi\u0144ska rozmawiaj\u0105 o tym z Katarzyn\u0105 Kobylarczyk, reporterk\u0105, pisark\u0105 i archiwistk\u0105 spo\u0142eczn\u0105, a tak\u017ce dr. Jaros\u0142awem Klasiem, dyrektorem O\u015brodka Kultury im. Cypriana Kamila Norwida w Nowej Hucie.\u00a0<\/p>\n\n\n\n<p class=\" eplus-wrapper\"><\/p>\n\n\n\n<div class=\"wp-block-buttons eplus-wrapper is-layout-flex wp-block-buttons-is-layout-flex\"><\/div>\n<\/div>\n\n\n\n<div class=\"wp-block-group eplus-wrapper is-layout-constrained wp-block-group-is-layout-constrained\">\n<iframe loading=\"lazy\" height=\"200px\" width=\"100%\" frameborder=\"no\" scrolling=\"no\" seamless src=\"https:\/\/player.simplecast.com\/e759ef28-5dbe-46f8-879b-67a3c8c5650a?dark=false\"><\/iframe>\n\n\n\n<div style=\"height:48px\" aria-hidden=\"true\" class=\" wp-block-spacer eplus-wrapper\"><\/div>\n\n\n\n<div class=\"wp-block-buttons eplus-wrapper is-layout-flex wp-block-buttons-is-layout-flex\"><div class=\" wp-block-button eplus-wrapper eplus-styles-uid-866c59\"><a class=\"wp-block-button__link wp-element-button\" href=\"https:\/\/heritagehubkrakow.org\/pl\/holistic-heritage\/\">Holistic Heritage Podcasts<\/a><\/div><\/div>\n\n\n\n<div style=\"height:42px\" aria-hidden=\"true\" class=\" wp-block-spacer eplus-wrapper\"><\/div>\n<\/div>\n\n\n\n<div class=\"wp-block-buttons eplus-wrapper is-layout-flex wp-block-buttons-is-layout-flex\"><div class=\" wp-block-button eplus-wrapper eplus-styles-uid-e7048f\"><a class=\"wp-block-button__link wp-element-button\" href=\"https:\/\/open.spotify.com\/show\/6TmfshJuoQNzr91xwuCgJj\" target=\"_blank\" rel=\"noreferrer noopener\">Follow us on SPOTIFY<\/a><\/div><\/div>\n<\/div><\/div>\n\n<div class=\"is-style-section-container wp-block-group alignfull has-blue-light-background-color has-background eplus-wrapper is-layout-constrained wp-block-group-is-layout-constrained eplus-styles-uid-4c6cdd\"><div class=\"wp-block-group alignfull eplus-wrapper is-layout-constrained wp-block-group-is-layout-constrained eplus-styles-uid-6cd479\">\n<div class=\"wp-block-group eplus-wrapper is-layout-constrained wp-block-group-is-layout-constrained\"><h3 class=\" wp-block-heading has-text-align-center eplus-wrapper eplus-styles-uid-0581b0\"><\/h3><\/div>\n<\/div><\/div>","protected":false},"excerpt":{"rendered":"<p>Nowa Huta, uznana w 2023 roku za Pomnik Historii, to jedno z najlepszych powojennych za\u0142o\u017ce\u0144 architektonicznych i urbanistycznych, kt\u00f3re teraz ma szans\u0119 na wi\u0119cej \u2013 wpis na List\u0119 \u015bwiatowego dziedzictwa UNESCO. Czy jednak taki status to co\u015b, czego Nowa Huta naprawd\u0119 potrzebuje lub pragnie? Jakie s\u0105 szanse i zagro\u017cenia zwi\u0105zane z t\u0105 potencjaln\u0105 zmian\u0105?<\/p>\n","protected":false},"featured_media":8942,"template":"","meta":{"_acf_changed":false,"editor_plus_copied_stylings":"{}"},"categories":[111],"tags":[156,109],"class_list":["post-8944","project","type-project","status-publish","has-post-thumbnail","hentry","category-podcast-pl","tag-holistic-heritage-pl","tag-podcast-pl"],"acf":false,"yoast_head":"<!-- This site is optimized with the Yoast SEO plugin v23.8 - https:\/\/yoast.com\/wordpress\/plugins\/seo\/ -->\n<title>Redefiniowanie ,,robotniczego raju\u201d - Europa Nostra<\/title>\n<meta name=\"description\" content=\"Nowa Huta, uznana w 2023 roku za Pomnik Historii, to jedno z najlepszych powojennych za\u0142o\u017ce\u0144 architektonicznych i urbanistycznych, kt\u00f3re teraz ma szans\u0119 na wi\u0119cej \u2013 wpis na List\u0119 \u015bwiatowego dziedzictwa UNESCO. Czy jednak taki status to co\u015b, czego Nowa Huta naprawd\u0119 potrzebuje lub pragnie? Jakie s\u0105 szanse i zagro\u017cenia zwi\u0105zane z t\u0105 potencjaln\u0105 zmian\u0105?\" \/>\n<meta name=\"robots\" content=\"index, follow, max-snippet:-1, max-image-preview:large, max-video-preview:-1\" \/>\n<link rel=\"canonical\" href=\"https:\/\/heritagehubkrakow.org\/pl\/project\/redefiniowanie-robotniczego-raju\/\" \/>\n<meta property=\"og:locale\" content=\"pl_PL\" \/>\n<meta property=\"og:type\" content=\"article\" \/>\n<meta property=\"og:title\" content=\"Redefiniowanie ,,robotniczego raju\u201d - Europa Nostra\" \/>\n<meta property=\"og:description\" content=\"Nowa Huta, uznana w 2023 roku za Pomnik Historii, to jedno z najlepszych powojennych za\u0142o\u017ce\u0144 architektonicznych i urbanistycznych, kt\u00f3re teraz ma szans\u0119 na wi\u0119cej \u2013 wpis na List\u0119 \u015bwiatowego dziedzictwa UNESCO. Czy jednak taki status to co\u015b, czego Nowa Huta naprawd\u0119 potrzebuje lub pragnie? Jakie s\u0105 szanse i zagro\u017cenia zwi\u0105zane z t\u0105 potencjaln\u0105 zmian\u0105?\" \/>\n<meta property=\"og:url\" content=\"https:\/\/heritagehubkrakow.org\/pl\/project\/redefiniowanie-robotniczego-raju\/\" \/>\n<meta property=\"og:site_name\" content=\"Europa Nostra\" \/>\n<meta property=\"article:modified_time\" content=\"2025-12-19T10:50:40+00:00\" \/>\n<meta property=\"og:image\" content=\"https:\/\/heritagehubkrakow.org\/wp-content\/uploads\/2025\/12\/Heritage-Hour_post-KWADRAT4-2.jpg\" \/>\n\t<meta property=\"og:image:width\" content=\"1080\" \/>\n\t<meta property=\"og:image:height\" content=\"1080\" \/>\n\t<meta property=\"og:image:type\" content=\"image\/jpeg\" \/>\n<meta name=\"twitter:card\" content=\"summary_large_image\" \/>\n<meta name=\"twitter:label1\" content=\"Szacowany czas czytania\" \/>\n\t<meta name=\"twitter:data1\" content=\"1 minuta\" \/>\n<script type=\"application\/ld+json\" class=\"yoast-schema-graph\">{\"@context\":\"https:\/\/schema.org\",\"@graph\":[{\"@type\":\"WebPage\",\"@id\":\"https:\/\/heritagehubkrakow.org\/pl\/project\/redefiniowanie-robotniczego-raju\/\",\"url\":\"https:\/\/heritagehubkrakow.org\/pl\/project\/redefiniowanie-robotniczego-raju\/\",\"name\":\"Redefiniowanie ,,robotniczego raju\u201d - Europa Nostra\",\"isPartOf\":{\"@id\":\"https:\/\/heritagehubkrakow.org\/pl\/#website\"},\"primaryImageOfPage\":{\"@id\":\"https:\/\/heritagehubkrakow.org\/pl\/project\/redefiniowanie-robotniczego-raju\/#primaryimage\"},\"image\":{\"@id\":\"https:\/\/heritagehubkrakow.org\/pl\/project\/redefiniowanie-robotniczego-raju\/#primaryimage\"},\"thumbnailUrl\":\"https:\/\/heritagehubkrakow.org\/wp-content\/uploads\/2025\/12\/Heritage-Hour_post-KWADRAT4-2.jpg\",\"datePublished\":\"2025-12-19T10:14:11+00:00\",\"dateModified\":\"2025-12-19T10:50:40+00:00\",\"description\":\"Nowa Huta, uznana w 2023 roku za Pomnik Historii, to jedno z najlepszych powojennych za\u0142o\u017ce\u0144 architektonicznych i urbanistycznych, kt\u00f3re teraz ma szans\u0119 na wi\u0119cej \u2013 wpis na List\u0119 \u015bwiatowego dziedzictwa UNESCO. Czy jednak taki status to co\u015b, czego Nowa Huta naprawd\u0119 potrzebuje lub pragnie? Jakie s\u0105 szanse i zagro\u017cenia zwi\u0105zane z t\u0105 potencjaln\u0105 zmian\u0105?\",\"breadcrumb\":{\"@id\":\"https:\/\/heritagehubkrakow.org\/pl\/project\/redefiniowanie-robotniczego-raju\/#breadcrumb\"},\"inLanguage\":\"pl-PL\",\"potentialAction\":[{\"@type\":\"ReadAction\",\"target\":[\"https:\/\/heritagehubkrakow.org\/pl\/project\/redefiniowanie-robotniczego-raju\/\"]}]},{\"@type\":\"ImageObject\",\"inLanguage\":\"pl-PL\",\"@id\":\"https:\/\/heritagehubkrakow.org\/pl\/project\/redefiniowanie-robotniczego-raju\/#primaryimage\",\"url\":\"https:\/\/heritagehubkrakow.org\/wp-content\/uploads\/2025\/12\/Heritage-Hour_post-KWADRAT4-2.jpg\",\"contentUrl\":\"https:\/\/heritagehubkrakow.org\/wp-content\/uploads\/2025\/12\/Heritage-Hour_post-KWADRAT4-2.jpg\",\"width\":1080,\"height\":1080},{\"@type\":\"BreadcrumbList\",\"@id\":\"https:\/\/heritagehubkrakow.org\/pl\/project\/redefiniowanie-robotniczego-raju\/#breadcrumb\",\"itemListElement\":[{\"@type\":\"ListItem\",\"position\":1,\"name\":\"Homepage\",\"item\":\"https:\/\/heritagehubkrakow.org\/pl\/\"},{\"@type\":\"ListItem\",\"position\":2,\"name\":\"Redefiniowanie ,,robotniczego raju\u201d\"}]},{\"@type\":\"WebSite\",\"@id\":\"https:\/\/heritagehubkrakow.org\/pl\/#website\",\"url\":\"https:\/\/heritagehubkrakow.org\/pl\/\",\"name\":\"Europa Nostra\",\"description\":\"Heritage Hub for Central and Eastern Europe\",\"publisher\":{\"@id\":\"https:\/\/heritagehubkrakow.org\/pl\/#organization\"},\"potentialAction\":[{\"@type\":\"SearchAction\",\"target\":{\"@type\":\"EntryPoint\",\"urlTemplate\":\"https:\/\/heritagehubkrakow.org\/pl\/?s={search_term_string}\"},\"query-input\":{\"@type\":\"PropertyValueSpecification\",\"valueRequired\":true,\"valueName\":\"search_term_string\"}}],\"inLanguage\":\"pl-PL\"},{\"@type\":\"Organization\",\"@id\":\"https:\/\/heritagehubkrakow.org\/pl\/#organization\",\"name\":\"Europa Nostra\",\"url\":\"https:\/\/heritagehubkrakow.org\/pl\/\",\"logo\":{\"@type\":\"ImageObject\",\"inLanguage\":\"pl-PL\",\"@id\":\"https:\/\/heritagehubkrakow.org\/pl\/#\/schema\/logo\/image\/\",\"url\":\"https:\/\/heritagehubkrakow.org\/wp-content\/uploads\/2023\/01\/europa-logo.png\",\"contentUrl\":\"https:\/\/heritagehubkrakow.org\/wp-content\/uploads\/2023\/01\/europa-logo.png\",\"width\":218,\"height\":237,\"caption\":\"Europa Nostra\"},\"image\":{\"@id\":\"https:\/\/heritagehubkrakow.org\/pl\/#\/schema\/logo\/image\/\"}}]}<\/script>\n<!-- \/ Yoast SEO plugin. -->","yoast_head_json":{"title":"Redefiniowanie ,,robotniczego raju\u201d - Europa Nostra","description":"Nowa Huta, uznana w 2023 roku za Pomnik Historii, to jedno z najlepszych powojennych za\u0142o\u017ce\u0144 architektonicznych i urbanistycznych, kt\u00f3re teraz ma szans\u0119 na wi\u0119cej \u2013 wpis na List\u0119 \u015bwiatowego dziedzictwa UNESCO. Czy jednak taki status to co\u015b, czego Nowa Huta naprawd\u0119 potrzebuje lub pragnie? Jakie s\u0105 szanse i zagro\u017cenia zwi\u0105zane z t\u0105 potencjaln\u0105 zmian\u0105?","robots":{"index":"index","follow":"follow","max-snippet":"max-snippet:-1","max-image-preview":"max-image-preview:large","max-video-preview":"max-video-preview:-1"},"canonical":"https:\/\/heritagehubkrakow.org\/pl\/project\/redefiniowanie-robotniczego-raju\/","og_locale":"pl_PL","og_type":"article","og_title":"Redefiniowanie ,,robotniczego raju\u201d - Europa Nostra","og_description":"Nowa Huta, uznana w 2023 roku za Pomnik Historii, to jedno z najlepszych powojennych za\u0142o\u017ce\u0144 architektonicznych i urbanistycznych, kt\u00f3re teraz ma szans\u0119 na wi\u0119cej \u2013 wpis na List\u0119 \u015bwiatowego dziedzictwa UNESCO. Czy jednak taki status to co\u015b, czego Nowa Huta naprawd\u0119 potrzebuje lub pragnie? Jakie s\u0105 szanse i zagro\u017cenia zwi\u0105zane z t\u0105 potencjaln\u0105 zmian\u0105?","og_url":"https:\/\/heritagehubkrakow.org\/pl\/project\/redefiniowanie-robotniczego-raju\/","og_site_name":"Europa Nostra","article_modified_time":"2025-12-19T10:50:40+00:00","og_image":[{"width":1080,"height":1080,"url":"https:\/\/heritagehubkrakow.org\/wp-content\/uploads\/2025\/12\/Heritage-Hour_post-KWADRAT4-2.jpg","type":"image\/jpeg"}],"twitter_card":"summary_large_image","twitter_misc":{"Szacowany czas czytania":"1 minuta"},"schema":{"@context":"https:\/\/schema.org","@graph":[{"@type":"WebPage","@id":"https:\/\/heritagehubkrakow.org\/pl\/project\/redefiniowanie-robotniczego-raju\/","url":"https:\/\/heritagehubkrakow.org\/pl\/project\/redefiniowanie-robotniczego-raju\/","name":"Redefiniowanie ,,robotniczego raju\u201d - Europa Nostra","isPartOf":{"@id":"https:\/\/heritagehubkrakow.org\/pl\/#website"},"primaryImageOfPage":{"@id":"https:\/\/heritagehubkrakow.org\/pl\/project\/redefiniowanie-robotniczego-raju\/#primaryimage"},"image":{"@id":"https:\/\/heritagehubkrakow.org\/pl\/project\/redefiniowanie-robotniczego-raju\/#primaryimage"},"thumbnailUrl":"https:\/\/heritagehubkrakow.org\/wp-content\/uploads\/2025\/12\/Heritage-Hour_post-KWADRAT4-2.jpg","datePublished":"2025-12-19T10:14:11+00:00","dateModified":"2025-12-19T10:50:40+00:00","description":"Nowa Huta, uznana w 2023 roku za Pomnik Historii, to jedno z najlepszych powojennych za\u0142o\u017ce\u0144 architektonicznych i urbanistycznych, kt\u00f3re teraz ma szans\u0119 na wi\u0119cej \u2013 wpis na List\u0119 \u015bwiatowego dziedzictwa UNESCO. Czy jednak taki status to co\u015b, czego Nowa Huta naprawd\u0119 potrzebuje lub pragnie? Jakie s\u0105 szanse i zagro\u017cenia zwi\u0105zane z t\u0105 potencjaln\u0105 zmian\u0105?","breadcrumb":{"@id":"https:\/\/heritagehubkrakow.org\/pl\/project\/redefiniowanie-robotniczego-raju\/#breadcrumb"},"inLanguage":"pl-PL","potentialAction":[{"@type":"ReadAction","target":["https:\/\/heritagehubkrakow.org\/pl\/project\/redefiniowanie-robotniczego-raju\/"]}]},{"@type":"ImageObject","inLanguage":"pl-PL","@id":"https:\/\/heritagehubkrakow.org\/pl\/project\/redefiniowanie-robotniczego-raju\/#primaryimage","url":"https:\/\/heritagehubkrakow.org\/wp-content\/uploads\/2025\/12\/Heritage-Hour_post-KWADRAT4-2.jpg","contentUrl":"https:\/\/heritagehubkrakow.org\/wp-content\/uploads\/2025\/12\/Heritage-Hour_post-KWADRAT4-2.jpg","width":1080,"height":1080},{"@type":"BreadcrumbList","@id":"https:\/\/heritagehubkrakow.org\/pl\/project\/redefiniowanie-robotniczego-raju\/#breadcrumb","itemListElement":[{"@type":"ListItem","position":1,"name":"Homepage","item":"https:\/\/heritagehubkrakow.org\/pl\/"},{"@type":"ListItem","position":2,"name":"Redefiniowanie ,,robotniczego raju\u201d"}]},{"@type":"WebSite","@id":"https:\/\/heritagehubkrakow.org\/pl\/#website","url":"https:\/\/heritagehubkrakow.org\/pl\/","name":"Europa Nostra","description":"Heritage Hub for Central and Eastern Europe","publisher":{"@id":"https:\/\/heritagehubkrakow.org\/pl\/#organization"},"potentialAction":[{"@type":"SearchAction","target":{"@type":"EntryPoint","urlTemplate":"https:\/\/heritagehubkrakow.org\/pl\/?s={search_term_string}"},"query-input":{"@type":"PropertyValueSpecification","valueRequired":true,"valueName":"search_term_string"}}],"inLanguage":"pl-PL"},{"@type":"Organization","@id":"https:\/\/heritagehubkrakow.org\/pl\/#organization","name":"Europa Nostra","url":"https:\/\/heritagehubkrakow.org\/pl\/","logo":{"@type":"ImageObject","inLanguage":"pl-PL","@id":"https:\/\/heritagehubkrakow.org\/pl\/#\/schema\/logo\/image\/","url":"https:\/\/heritagehubkrakow.org\/wp-content\/uploads\/2023\/01\/europa-logo.png","contentUrl":"https:\/\/heritagehubkrakow.org\/wp-content\/uploads\/2023\/01\/europa-logo.png","width":218,"height":237,"caption":"Europa Nostra"},"image":{"@id":"https:\/\/heritagehubkrakow.org\/pl\/#\/schema\/logo\/image\/"}}]}},"_links":{"self":[{"href":"https:\/\/heritagehubkrakow.org\/pl\/wp-json\/wp\/v2\/project\/8944","targetHints":{"allow":["GET"]}}],"collection":[{"href":"https:\/\/heritagehubkrakow.org\/pl\/wp-json\/wp\/v2\/project"}],"about":[{"href":"https:\/\/heritagehubkrakow.org\/pl\/wp-json\/wp\/v2\/types\/project"}],"wp:featuredmedia":[{"embeddable":true,"href":"https:\/\/heritagehubkrakow.org\/pl\/wp-json\/wp\/v2\/media\/8942"}],"wp:attachment":[{"href":"https:\/\/heritagehubkrakow.org\/pl\/wp-json\/wp\/v2\/media?parent=8944"}],"wp:term":[{"taxonomy":"category","embeddable":true,"href":"https:\/\/heritagehubkrakow.org\/pl\/wp-json\/wp\/v2\/categories?post=8944"},{"taxonomy":"post_tag","embeddable":true,"href":"https:\/\/heritagehubkrakow.org\/pl\/wp-json\/wp\/v2\/tags?post=8944"}],"curies":[{"name":"wp","href":"https:\/\/api.w.org\/{rel}","templated":true}]}}