{"id":9094,"date":"2026-01-03T18:47:35","date_gmt":"2026-01-03T18:47:35","guid":{"rendered":"https:\/\/heritagehubkrakow.org\/?post_type=project&#038;p=9094"},"modified":"2026-01-05T13:54:04","modified_gmt":"2026-01-05T13:54:04","slug":"plac-defilad-parade-square-warsaw","status":"publish","type":"project","link":"https:\/\/heritagehubkrakow.org\/pl\/project\/plac-defilad-parade-square-warsaw\/","title":{"rendered":"Plac Defilad (Parade Square), Warsaw"},"content":{"rendered":"<div class=\"is-style-section-container, has-white-text is-style-section-container wp-block-group alignfull has-red-background-color has-background eplus-wrapper is-layout-constrained wp-block-group-is-layout-constrained eplus-styles-uid-6f219c\"><div class=\"is-style-section-container wp-block-group alignfull eplus-wrapper is-layout-constrained wp-block-group-is-layout-constrained eplus-styles-uid-38b380\"><div style=\"background-image:url('https:\/\/heritagehubkrakow.org\/wp-content\/uploads\/2024\/06\/H_5-1-1.png');background-size:cover;\" class=\"has-white-text wp-block-group alignfull has-white-color has-text-color eplus-wrapper is-layout-constrained wp-block-group-is-layout-constrained has-background eplus-styles-uid-0ed7c1\">\n<div class=\"wp-block-group eplus-wrapper is-nowrap is-layout-flex wp-container-core-group-is-layout-ad2f72ca wp-block-group-is-layout-flex\"><h1 class=\" wp-block-heading has-text-align-center eplus-wrapper eplus-styles-uid-49faf1\"><strong><strong>Plac Defilad (Parade Square), Warsaw<\/strong><\/strong><\/h1>\n\n\n<p class=\" eplus-wrapper\"><a href=\"https:\/\/heritagehubkrakow.org\/project\/central-museum-of-textiles-in-lodz\/\" rel=\"noreferrer noopener\" target=\"_blank\"><\/a><\/p>\n<\/div>\n\n\n\n<div class=\"wp-block-group eplus-wrapper is-nowrap is-layout-flex wp-container-core-group-is-layout-ad2f72ca wp-block-group-is-layout-flex\"><div class=\"yoast-breadcrumbs\"><span><span><a href=\"https:\/\/heritagehubkrakow.org\/pl\/\">Homepage<\/a><\/span> &#8211; <span class=\"breadcrumb_last\" aria-current=\"page\">Plac Defilad (Parade Square), Warsaw<\/span><\/span><\/div>\n\n\n<p class=\" eplus-wrapper\"><a href=\"https:\/\/heritagehubkrakow.org\/project\/central-museum-of-textiles-in-lodz\/\" rel=\"noreferrer noopener\" target=\"_blank\"><\/a><\/p>\n<\/div>\n<\/div><\/div><\/div>\n\n<div class=\"is-style-section-container wp-block-group alignfull has-green-dark-background-color has-background eplus-wrapper is-layout-constrained wp-block-group-is-layout-constrained eplus-styles-uid-4c6cdd\"><div class=\"wp-block-group alignfull has-green-dark-background-color has-background eplus-wrapper is-layout-constrained wp-block-group-is-layout-constrained eplus-styles-uid-24f6f4\">\n<div class=\"wp-block-group eplus-wrapper is-layout-constrained wp-block-group-is-layout-constrained\">\n<div class=\"wp-block-group eplus-wrapper is-layout-constrained wp-block-group-is-layout-constrained\"><div class=\"wp-block-columns eplus-wrapper is-layout-flex wp-container-core-columns-is-layout-9d6595d7 wp-block-columns-is-layout-flex eplus-styles-uid-5436d5\">\n<div class=\"wp-block-column eplus-wrapper is-layout-flow wp-block-column-is-layout-flow\">\n<!-- tekst-wprowadzajacy -->\n<div class=\"loom-description\" style=\"font-family: Arial, sans-serif; margin-bottom: 40px; color: #333;\">\n<p style=\"margin: 4px 0; color: #000;font-weight: bold;\">A sonic snapshot of downtown Warsaw in 2018. A series of four binaural soundwalks around the Palace of Culture and Science (PKiN). The soundscapes include typical urban drone, including construction work and nautral sounds. Recorded with binaural microphones.<\/p>\n<\/div>\n<!-- \/tekst-wprowadzajacy -->\n<\/div>\n<\/div>\n\n\n<p class=\" eplus-wrapper\"><\/p>\n\n\n\n<h2 class=\" wp-block-heading eplus-wrapper\">Binaural soundwalk around the palace of Culture and Science in downtown Warsaw<\/h2>\n\n\n\n<p class=\" eplus-wrapper\"><strong>Palace of Culture East Side facing Marsza\u0142owska Street<\/strong><\/p>\n\n\n\n<style>\n  .meta-inline {\n    display: flex;\n    flex-wrap: wrap;\n    gap: 12px;\n    justify-content: center;\n    max-width: 1000px;\n    margin: 25px auto;\n    margin-top: 20px;\n    font-family: Arial, sans-serif;\n    font-size: 15px;\n    color: #333;\n  }\n\n  .meta-inline .item {\n    display: flex;\n    align-items: center;\n    gap: 8px;\n    padding: 10px 14px;\n    background-color: #f8f8f8;\n    border-radius: 8px;\n    box-shadow: 0 1px 4px rgba(0,0,0,0.05);\n    white-space: nowrap;\n  }\n\n  .meta-inline .item i {\n    font-size: 16px;\n    color: #555;\n    width: 20px;\n    text-align: center;\n  }\n\n  .meta-inline .label {\n    font-weight: bold;\n    color: #666;\n  }\n<\/style>\n<!-- Pami\u0119taj o tym w <head>: -->\n<!-- <link rel=\"stylesheet\" href=\"https:\/\/cdnjs.cloudflare.com\/ajax\/libs\/font-awesome\/6.5.0\/css\/all.min.css\" \/> -->\n<div class=\"meta-inline\">\n<div class=\"item\">\n<i class=\"fas fa-tags\"><\/i>\n<span><span class=\"label\">Tags:<\/span> cultural<\/span>\n<\/div>\n<div class=\"item\">\n<i class=\"fas fa-flag\"><\/i>\n<span><span class=\"label\">Country:<\/span> PL<\/span>\n<\/div>\n<div class=\"item\">\n<i class=\"fas fa-map-marker-alt\"><\/i>\n<span><span class=\"label\">Location:<\/span> Warsaw<\/span>\n<\/div>\n<div class=\"item\">\n<i class=\"fas fa-clock\"><\/i>\n<span><span class=\"label\">Duration:<\/span> 00:43<\/span>\n<\/div>\n<div class=\"item\">\n<i class=\"fas fa-calendar-alt\"><\/i>\n<span><span class=\"label\">Date:<\/span> 13.06.2018<\/span>\n<\/div>\n<div class=\"item\">\n<i class=\"fas fa-user\"><\/i>\n<span><span class=\"label\">Author:<\/span> John Beauchamp<\/span>\n<\/div>\n<\/div>\n\n<div class=\"loom-description\" style=\"max-width: 800px; font-family: Arial, sans-serif; color: #333;\">\n<p style=\"margin: 4px 0; color: #000;\">.<\/p>\n<\/div>\n\n\n\n<figure class=\" wp-block-audio eplus-wrapper\"><audio controls src=\"https:\/\/heritagehubkrakow.org\/wp-content\/uploads\/2026\/01\/KHH-PLAC_DEFILAD-001.mp3\"><\/audio><\/figure>\n\n\n\n<div style=\"height: 80px;\"><\/div>\n\n\n\n<h2 class=\" wp-block-heading eplus-wrapper\">Binaural soundwalk around the palace of Culture and Science in downtown Warsaw<\/h2>\n\n\n\n<p class=\" eplus-wrapper\">Palace of Culture North Side facing \u015awi\u0119tokrzyska Street and north-east in the direction of Ch\u0142odna Street<\/p>\n\n\n\n<style>\n  .meta-inline {\n    display: flex;\n    flex-wrap: wrap;\n    gap: 12px;\n    justify-content: center;\n    max-width: 1000px;\n    margin: 25px auto;\n    margin-top: 20px;\n    font-family: Arial, sans-serif;\n    font-size: 15px;\n    color: #333;\n  }\n\n  .meta-inline .item {\n    display: flex;\n    align-items: center;\n    gap: 8px;\n    padding: 10px 14px;\n    background-color: #f8f8f8;\n    border-radius: 8px;\n    box-shadow: 0 1px 4px rgba(0,0,0,0.05);\n    white-space: nowrap;\n  }\n\n  .meta-inline .item i {\n    font-size: 16px;\n    color: #555;\n    width: 20px;\n    text-align: center;\n  }\n\n  .meta-inline .label {\n    font-weight: bold;\n    color: #666;\n  }\n<\/style>\n<!-- Pami\u0119taj o tym w <head>: -->\n<!-- <link rel=\"stylesheet\" href=\"https:\/\/cdnjs.cloudflare.com\/ajax\/libs\/font-awesome\/6.5.0\/css\/all.min.css\" \/> -->\n<div class=\"meta-inline\">\n<div class=\"item\">\n<i class=\"fas fa-tags\"><\/i>\n<span><span class=\"label\">Tags:<\/span> cultural<\/span>\n<\/div>\n<div class=\"item\">\n<i class=\"fas fa-flag\"><\/i>\n<span><span class=\"label\">Country:<\/span> PL<\/span>\n<\/div>\n<div class=\"item\">\n<i class=\"fas fa-map-marker-alt\"><\/i>\n<span><span class=\"label\">Location:<\/span> Warszawa<\/span>\n<\/div>\n<div class=\"item\">\n<i class=\"fas fa-clock\"><\/i>\n<span><span class=\"label\">Duration:<\/span> 01:25<\/span>\n<\/div>\n<div class=\"item\">\n<i class=\"fas fa-calendar-alt\"><\/i>\n<span><span class=\"label\">Date:<\/span> 13.06.2018<\/span>\n<\/div>\n<div class=\"item\">\n<i class=\"fas fa-user\"><\/i>\n<span><span class=\"label\">Author:<\/span> John Beauchamp<\/span>\n<\/div>\n<\/div>\n\n<div class=\"loom-description\" style=\"max-width: 800px; font-family: Arial, sans-serif; color: #333;\">\n<p style=\"margin: 4px 0; color: #000;\">.<\/p>\n<\/div>\n\n\n\n<figure class=\" wp-block-audio eplus-wrapper\"><audio controls src=\"https:\/\/heritagehubkrakow.org\/wp-content\/uploads\/2026\/01\/KHH-PLAC_DEFILAD-002.mp3\"><\/audio><\/figure>\n\n\n\n<div style=\"height: 80px;\"><\/div>\n\n\n<div class=\"wp-block-columns eplus-wrapper is-layout-flex wp-container-core-columns-is-layout-9d6595d7 wp-block-columns-is-layout-flex eplus-styles-uid-0a7ea6\">\n<div class=\"wp-block-column eplus-wrapper is-layout-flow wp-block-column-is-layout-flow\">\n<h2 class=\" wp-block-heading eplus-wrapper\">Binaural soundwalk around the palace of Culture and Science in downtown Warsaw<\/h2>\n\n\n\n<p class=\" eplus-wrapper\">Palace of Culture North Side facing \u015awi\u0119tokrzyska Street, \u015awi\u0119tokrzyski Park<\/p>\n<\/div>\n<\/div>\n\n\n<style>\n  .meta-inline {\n    display: flex;\n    flex-wrap: wrap;\n    gap: 12px;\n    justify-content: center;\n    max-width: 1000px;\n    margin: 25px auto;\n    margin-top: 20px;\n    font-family: Arial, sans-serif;\n    font-size: 15px;\n    color: #333;\n  }\n\n  .meta-inline .item {\n    display: flex;\n    align-items: center;\n    gap: 8px;\n    padding: 10px 14px;\n    background-color: #f8f8f8;\n    border-radius: 8px;\n    box-shadow: 0 1px 4px rgba(0,0,0,0.05);\n    white-space: nowrap;\n  }\n\n  .meta-inline .item i {\n    font-size: 16px;\n    color: #555;\n    width: 20px;\n    text-align: center;\n  }\n\n  .meta-inline .label {\n    font-weight: bold;\n    color: #666;\n  }\n<\/style>\n<!-- Pami\u0119taj o tym w <head>: -->\n<!-- <link rel=\"stylesheet\" href=\"https:\/\/cdnjs.cloudflare.com\/ajax\/libs\/font-awesome\/6.5.0\/css\/all.min.css\" \/> -->\n<div class=\"meta-inline\">\n<div class=\"item\">\n<i class=\"fas fa-tags\"><\/i>\n<span><span class=\"label\">Tags:<\/span> cultural<\/span>\n<\/div>\n<div class=\"item\">\n<i class=\"fas fa-flag\"><\/i>\n<span><span class=\"label\">Country:<\/span> PL<\/span>\n<\/div>\n<div class=\"item\">\n<i class=\"fas fa-map-marker-alt\"><\/i>\n<span><span class=\"label\">Location:<\/span> Warszawa<\/span>\n<\/div>\n<div class=\"item\">\n<i class=\"fas fa-clock\"><\/i>\n<span><span class=\"label\">Duration:<\/span> 00:37<\/span>\n<\/div>\n<div class=\"item\">\n<i class=\"fas fa-calendar-alt\"><\/i>\n<span><span class=\"label\">Date:<\/span> 13.06.2018<\/span>\n<\/div>\n<div class=\"item\">\n<i class=\"fas fa-user\"><\/i>\n<span><span class=\"label\">Author:<\/span> John Beauchamp<\/span>\n<\/div>\n<\/div>\n\n<div class=\"loom-description\" style=\"max-width: 800px; font-family: Arial, sans-serif; color: #333;\">\n<p style=\"margin: 4px 0; color: #000;\">.<\/p>\n<\/div>\n<\/div>\n\n\n\n<figure class=\" wp-block-audio eplus-wrapper\"><audio controls src=\"https:\/\/heritagehubkrakow.org\/wp-content\/uploads\/2026\/01\/KHH-PLAC_DEFILAD-003.mp3\"><\/audio><\/figure>\n\n\n\n<div style=\"height: 80px;\"><\/div>\n\n\n<div class=\"wp-block-columns eplus-wrapper is-layout-flex wp-container-core-columns-is-layout-9d6595d7 wp-block-columns-is-layout-flex eplus-styles-uid-fb391e\">\n<div class=\"wp-block-column eplus-wrapper is-layout-flow wp-block-column-is-layout-flow\">\n<h2 class=\" wp-block-heading eplus-wrapper\">Palace of Culture North Side facing \u015awi\u0119tokrzyska Street, \u015awi\u0119tokrzyski Park<\/h2>\n\n\n\n<p class=\" eplus-wrapper\">Palace of Culture South Side facing Aleje Jerozolimskie and Emilii Plater by the entrance ot the Technical Museum. The roller bags are owned by travellers making their way to and from Warsaw Central Railway Station<\/p>\n<\/div>\n<\/div>\n\n\n<style>\n  .meta-inline {\n    display: flex;\n    flex-wrap: wrap;\n    gap: 12px;\n    justify-content: center;\n    max-width: 1000px;\n    margin: 25px auto;\n    margin-top: 20px;\n    font-family: Arial, sans-serif;\n    font-size: 15px;\n    color: #333;\n  }\n\n  .meta-inline .item {\n    display: flex;\n    align-items: center;\n    gap: 8px;\n    padding: 10px 14px;\n    background-color: #f8f8f8;\n    border-radius: 8px;\n    box-shadow: 0 1px 4px rgba(0,0,0,0.05);\n    white-space: nowrap;\n  }\n\n  .meta-inline .item i {\n    font-size: 16px;\n    color: #555;\n    width: 20px;\n    text-align: center;\n  }\n\n  .meta-inline .label {\n    font-weight: bold;\n    color: #666;\n  }\n<\/style>\n<!-- Pami\u0119taj o tym w <head>: -->\n<!-- <link rel=\"stylesheet\" href=\"https:\/\/cdnjs.cloudflare.com\/ajax\/libs\/font-awesome\/6.5.0\/css\/all.min.css\" \/> -->\n<div class=\"meta-inline\">\n<div class=\"item\">\n<i class=\"fas fa-tags\"><\/i>\n<span><span class=\"label\">Tags:<\/span> cultural<\/span>\n<\/div>\n<div class=\"item\">\n<i class=\"fas fa-flag\"><\/i>\n<span><span class=\"label\">Country:<\/span> PL<\/span>\n<\/div>\n<div class=\"item\">\n<i class=\"fas fa-map-marker-alt\"><\/i>\n<span><span class=\"label\">Location:<\/span> Sachaczew<\/span>\n<\/div>\n<div class=\"item\">\n<i class=\"fas fa-clock\"><\/i>\n<span><span class=\"label\">Duration:<\/span> 02:49<\/span>\n<\/div>\n<div class=\"item\">\n<i class=\"fas fa-calendar-alt\"><\/i>\n<span><span class=\"label\">Date:<\/span> 13.06.2019<\/span>\n<\/div>\n<div class=\"item\">\n<i class=\"fas fa-user\"><\/i>\n<span><span class=\"label\">Author:<\/span> John Beauchamp<\/span>\n<\/div>\n<\/div>\n\n<div class=\"loom-description\" style=\"max-width: 800px; font-family: Arial, sans-serif; color: #333;\">\n<p style=\"margin: 4px 0; color: #000;\">.<\/p>\n<\/div>\n\n\n\n<figure class=\" wp-block-audio eplus-wrapper\"><audio controls src=\"https:\/\/heritagehubkrakow.org\/wp-content\/uploads\/2026\/01\/KHH-PLAC_DEFILAD-004.mp3\"><\/audio><\/figure>\n<\/div>\n<\/div><\/div>\n\n<div class=\"is-style-section-container wp-block-group alignfull has-blue-light-background-color has-background eplus-wrapper is-layout-constrained wp-block-group-is-layout-constrained eplus-styles-uid-4c6cdd\"><div class=\"wp-block-group alignfull eplus-wrapper is-layout-constrained wp-block-group-is-layout-constrained eplus-styles-uid-6cd479\">\n<div class=\"wp-block-group eplus-wrapper is-layout-constrained wp-block-group-is-layout-constrained\"><h3 class=\" wp-block-heading has-text-align-center eplus-wrapper eplus-styles-uid-0581b0\"><\/h3><\/div>\n<\/div><\/div>\n\n<\/div>","protected":false},"excerpt":{"rendered":"<p>A sonic snapshot of downtown Warsaw in 2018. A series of four binaural soundwalks around the Palace of Culture and Science (PKiN). The soundscapes include typical urban drone, including construction work and nautral sounds. Recorded with binaural microphones.<\/p>\n","protected":false},"featured_media":9109,"template":"","meta":{"_acf_changed":false,"editor_plus_copied_stylings":"{}"},"categories":[],"tags":[109],"class_list":["post-9094","project","type-project","status-publish","has-post-thumbnail","hentry","tag-podcast-pl"],"acf":false,"yoast_head":"<!-- This site is optimized with the Yoast SEO plugin v23.8 - https:\/\/yoast.com\/wordpress\/plugins\/seo\/ -->\n<title>Plac Defilad (Parade Square), Warsaw - Europa Nostra<\/title>\n<meta name=\"description\" content=\"A sonic snapshot of downtown Warsaw in 2018. A series of four binaural soundwalks around the Palace of Culture and Science (PKiN). The soundscapes include typical urban drone, including construction work and nautral sounds. Recorded with binaural microphones.\" \/>\n<meta name=\"robots\" content=\"index, follow, max-snippet:-1, max-image-preview:large, max-video-preview:-1\" \/>\n<link rel=\"canonical\" href=\"https:\/\/heritagehubkrakow.org\/pl\/project\/plac-defilad-parade-square-warsaw\/\" \/>\n<meta property=\"og:locale\" content=\"pl_PL\" \/>\n<meta property=\"og:type\" content=\"article\" \/>\n<meta property=\"og:title\" content=\"Plac Defilad (Parade Square), Warsaw - Europa Nostra\" \/>\n<meta property=\"og:description\" content=\"A sonic snapshot of downtown Warsaw in 2018. A series of four binaural soundwalks around the Palace of Culture and Science (PKiN). The soundscapes include typical urban drone, including construction work and nautral sounds. Recorded with binaural microphones.\" \/>\n<meta property=\"og:url\" content=\"https:\/\/heritagehubkrakow.org\/pl\/project\/plac-defilad-parade-square-warsaw\/\" \/>\n<meta property=\"og:site_name\" content=\"Europa Nostra\" \/>\n<meta property=\"article:modified_time\" content=\"2026-01-05T13:54:04+00:00\" \/>\n<meta property=\"og:image\" content=\"https:\/\/heritagehubkrakow.org\/wp-content\/uploads\/2026\/01\/HUB_1.jpg\" \/>\n\t<meta property=\"og:image:width\" content=\"1080\" \/>\n\t<meta property=\"og:image:height\" content=\"1080\" \/>\n\t<meta property=\"og:image:type\" content=\"image\/jpeg\" \/>\n<meta name=\"twitter:card\" content=\"summary_large_image\" \/>\n<meta name=\"twitter:label1\" content=\"Szacowany czas czytania\" \/>\n\t<meta name=\"twitter:data1\" content=\"1 minuta\" \/>\n<script type=\"application\/ld+json\" class=\"yoast-schema-graph\">{\"@context\":\"https:\/\/schema.org\",\"@graph\":[{\"@type\":\"WebPage\",\"@id\":\"https:\/\/heritagehubkrakow.org\/pl\/project\/plac-defilad-parade-square-warsaw\/\",\"url\":\"https:\/\/heritagehubkrakow.org\/pl\/project\/plac-defilad-parade-square-warsaw\/\",\"name\":\"Plac Defilad (Parade Square), Warsaw - Europa Nostra\",\"isPartOf\":{\"@id\":\"https:\/\/heritagehubkrakow.org\/pl\/#website\"},\"primaryImageOfPage\":{\"@id\":\"https:\/\/heritagehubkrakow.org\/pl\/project\/plac-defilad-parade-square-warsaw\/#primaryimage\"},\"image\":{\"@id\":\"https:\/\/heritagehubkrakow.org\/pl\/project\/plac-defilad-parade-square-warsaw\/#primaryimage\"},\"thumbnailUrl\":\"https:\/\/heritagehubkrakow.org\/wp-content\/uploads\/2026\/01\/HUB_1.jpg\",\"datePublished\":\"2026-01-03T18:47:35+00:00\",\"dateModified\":\"2026-01-05T13:54:04+00:00\",\"description\":\"A sonic snapshot of downtown Warsaw in 2018. A series of four binaural soundwalks around the Palace of Culture and Science (PKiN). The soundscapes include typical urban drone, including construction work and nautral sounds. Recorded with binaural microphones.\",\"breadcrumb\":{\"@id\":\"https:\/\/heritagehubkrakow.org\/pl\/project\/plac-defilad-parade-square-warsaw\/#breadcrumb\"},\"inLanguage\":\"pl-PL\",\"potentialAction\":[{\"@type\":\"ReadAction\",\"target\":[\"https:\/\/heritagehubkrakow.org\/pl\/project\/plac-defilad-parade-square-warsaw\/\"]}]},{\"@type\":\"ImageObject\",\"inLanguage\":\"pl-PL\",\"@id\":\"https:\/\/heritagehubkrakow.org\/pl\/project\/plac-defilad-parade-square-warsaw\/#primaryimage\",\"url\":\"https:\/\/heritagehubkrakow.org\/wp-content\/uploads\/2026\/01\/HUB_1.jpg\",\"contentUrl\":\"https:\/\/heritagehubkrakow.org\/wp-content\/uploads\/2026\/01\/HUB_1.jpg\",\"width\":1080,\"height\":1080},{\"@type\":\"BreadcrumbList\",\"@id\":\"https:\/\/heritagehubkrakow.org\/pl\/project\/plac-defilad-parade-square-warsaw\/#breadcrumb\",\"itemListElement\":[{\"@type\":\"ListItem\",\"position\":1,\"name\":\"Homepage\",\"item\":\"https:\/\/heritagehubkrakow.org\/pl\/\"},{\"@type\":\"ListItem\",\"position\":2,\"name\":\"Plac Defilad (Parade Square), Warsaw\"}]},{\"@type\":\"WebSite\",\"@id\":\"https:\/\/heritagehubkrakow.org\/pl\/#website\",\"url\":\"https:\/\/heritagehubkrakow.org\/pl\/\",\"name\":\"Europa Nostra\",\"description\":\"Heritage Hub for Central and Eastern Europe\",\"publisher\":{\"@id\":\"https:\/\/heritagehubkrakow.org\/pl\/#organization\"},\"potentialAction\":[{\"@type\":\"SearchAction\",\"target\":{\"@type\":\"EntryPoint\",\"urlTemplate\":\"https:\/\/heritagehubkrakow.org\/pl\/?s={search_term_string}\"},\"query-input\":{\"@type\":\"PropertyValueSpecification\",\"valueRequired\":true,\"valueName\":\"search_term_string\"}}],\"inLanguage\":\"pl-PL\"},{\"@type\":\"Organization\",\"@id\":\"https:\/\/heritagehubkrakow.org\/pl\/#organization\",\"name\":\"Europa Nostra\",\"url\":\"https:\/\/heritagehubkrakow.org\/pl\/\",\"logo\":{\"@type\":\"ImageObject\",\"inLanguage\":\"pl-PL\",\"@id\":\"https:\/\/heritagehubkrakow.org\/pl\/#\/schema\/logo\/image\/\",\"url\":\"https:\/\/heritagehubkrakow.org\/wp-content\/uploads\/2023\/01\/europa-logo.png\",\"contentUrl\":\"https:\/\/heritagehubkrakow.org\/wp-content\/uploads\/2023\/01\/europa-logo.png\",\"width\":218,\"height\":237,\"caption\":\"Europa Nostra\"},\"image\":{\"@id\":\"https:\/\/heritagehubkrakow.org\/pl\/#\/schema\/logo\/image\/\"}}]}<\/script>\n<!-- \/ Yoast SEO plugin. -->","yoast_head_json":{"title":"Plac Defilad (Parade Square), Warsaw - Europa Nostra","description":"A sonic snapshot of downtown Warsaw in 2018. A series of four binaural soundwalks around the Palace of Culture and Science (PKiN). The soundscapes include typical urban drone, including construction work and nautral sounds. Recorded with binaural microphones.","robots":{"index":"index","follow":"follow","max-snippet":"max-snippet:-1","max-image-preview":"max-image-preview:large","max-video-preview":"max-video-preview:-1"},"canonical":"https:\/\/heritagehubkrakow.org\/pl\/project\/plac-defilad-parade-square-warsaw\/","og_locale":"pl_PL","og_type":"article","og_title":"Plac Defilad (Parade Square), Warsaw - Europa Nostra","og_description":"A sonic snapshot of downtown Warsaw in 2018. A series of four binaural soundwalks around the Palace of Culture and Science (PKiN). The soundscapes include typical urban drone, including construction work and nautral sounds. Recorded with binaural microphones.","og_url":"https:\/\/heritagehubkrakow.org\/pl\/project\/plac-defilad-parade-square-warsaw\/","og_site_name":"Europa Nostra","article_modified_time":"2026-01-05T13:54:04+00:00","og_image":[{"width":1080,"height":1080,"url":"https:\/\/heritagehubkrakow.org\/wp-content\/uploads\/2026\/01\/HUB_1.jpg","type":"image\/jpeg"}],"twitter_card":"summary_large_image","twitter_misc":{"Szacowany czas czytania":"1 minuta"},"schema":{"@context":"https:\/\/schema.org","@graph":[{"@type":"WebPage","@id":"https:\/\/heritagehubkrakow.org\/pl\/project\/plac-defilad-parade-square-warsaw\/","url":"https:\/\/heritagehubkrakow.org\/pl\/project\/plac-defilad-parade-square-warsaw\/","name":"Plac Defilad (Parade Square), Warsaw - Europa Nostra","isPartOf":{"@id":"https:\/\/heritagehubkrakow.org\/pl\/#website"},"primaryImageOfPage":{"@id":"https:\/\/heritagehubkrakow.org\/pl\/project\/plac-defilad-parade-square-warsaw\/#primaryimage"},"image":{"@id":"https:\/\/heritagehubkrakow.org\/pl\/project\/plac-defilad-parade-square-warsaw\/#primaryimage"},"thumbnailUrl":"https:\/\/heritagehubkrakow.org\/wp-content\/uploads\/2026\/01\/HUB_1.jpg","datePublished":"2026-01-03T18:47:35+00:00","dateModified":"2026-01-05T13:54:04+00:00","description":"A sonic snapshot of downtown Warsaw in 2018. A series of four binaural soundwalks around the Palace of Culture and Science (PKiN). The soundscapes include typical urban drone, including construction work and nautral sounds. Recorded with binaural microphones.","breadcrumb":{"@id":"https:\/\/heritagehubkrakow.org\/pl\/project\/plac-defilad-parade-square-warsaw\/#breadcrumb"},"inLanguage":"pl-PL","potentialAction":[{"@type":"ReadAction","target":["https:\/\/heritagehubkrakow.org\/pl\/project\/plac-defilad-parade-square-warsaw\/"]}]},{"@type":"ImageObject","inLanguage":"pl-PL","@id":"https:\/\/heritagehubkrakow.org\/pl\/project\/plac-defilad-parade-square-warsaw\/#primaryimage","url":"https:\/\/heritagehubkrakow.org\/wp-content\/uploads\/2026\/01\/HUB_1.jpg","contentUrl":"https:\/\/heritagehubkrakow.org\/wp-content\/uploads\/2026\/01\/HUB_1.jpg","width":1080,"height":1080},{"@type":"BreadcrumbList","@id":"https:\/\/heritagehubkrakow.org\/pl\/project\/plac-defilad-parade-square-warsaw\/#breadcrumb","itemListElement":[{"@type":"ListItem","position":1,"name":"Homepage","item":"https:\/\/heritagehubkrakow.org\/pl\/"},{"@type":"ListItem","position":2,"name":"Plac Defilad (Parade Square), Warsaw"}]},{"@type":"WebSite","@id":"https:\/\/heritagehubkrakow.org\/pl\/#website","url":"https:\/\/heritagehubkrakow.org\/pl\/","name":"Europa Nostra","description":"Heritage Hub for Central and Eastern Europe","publisher":{"@id":"https:\/\/heritagehubkrakow.org\/pl\/#organization"},"potentialAction":[{"@type":"SearchAction","target":{"@type":"EntryPoint","urlTemplate":"https:\/\/heritagehubkrakow.org\/pl\/?s={search_term_string}"},"query-input":{"@type":"PropertyValueSpecification","valueRequired":true,"valueName":"search_term_string"}}],"inLanguage":"pl-PL"},{"@type":"Organization","@id":"https:\/\/heritagehubkrakow.org\/pl\/#organization","name":"Europa Nostra","url":"https:\/\/heritagehubkrakow.org\/pl\/","logo":{"@type":"ImageObject","inLanguage":"pl-PL","@id":"https:\/\/heritagehubkrakow.org\/pl\/#\/schema\/logo\/image\/","url":"https:\/\/heritagehubkrakow.org\/wp-content\/uploads\/2023\/01\/europa-logo.png","contentUrl":"https:\/\/heritagehubkrakow.org\/wp-content\/uploads\/2023\/01\/europa-logo.png","width":218,"height":237,"caption":"Europa Nostra"},"image":{"@id":"https:\/\/heritagehubkrakow.org\/pl\/#\/schema\/logo\/image\/"}}]}},"_links":{"self":[{"href":"https:\/\/heritagehubkrakow.org\/pl\/wp-json\/wp\/v2\/project\/9094","targetHints":{"allow":["GET"]}}],"collection":[{"href":"https:\/\/heritagehubkrakow.org\/pl\/wp-json\/wp\/v2\/project"}],"about":[{"href":"https:\/\/heritagehubkrakow.org\/pl\/wp-json\/wp\/v2\/types\/project"}],"wp:featuredmedia":[{"embeddable":true,"href":"https:\/\/heritagehubkrakow.org\/pl\/wp-json\/wp\/v2\/media\/9109"}],"wp:attachment":[{"href":"https:\/\/heritagehubkrakow.org\/pl\/wp-json\/wp\/v2\/media?parent=9094"}],"wp:term":[{"taxonomy":"category","embeddable":true,"href":"https:\/\/heritagehubkrakow.org\/pl\/wp-json\/wp\/v2\/categories?post=9094"},{"taxonomy":"post_tag","embeddable":true,"href":"https:\/\/heritagehubkrakow.org\/pl\/wp-json\/wp\/v2\/tags?post=9094"}],"curies":[{"name":"wp","href":"https:\/\/api.w.org\/{rel}","templated":true}]}}