{"id":923,"date":"2023-01-16T16:19:02","date_gmt":"2023-01-16T16:19:02","guid":{"rendered":"https:\/\/heritagehubkrakow.org\/project\/heritage-conversations\/"},"modified":"2025-07-17T12:43:42","modified_gmt":"2025-07-17T12:43:42","slug":"heritage-voices","status":"publish","type":"project","link":"https:\/\/heritagehubkrakow.org\/pl\/project\/heritage-voices\/","title":{"rendered":"Heritage Voices"},"content":{"rendered":"<div class=\"is-style-section-container wp-block-group alignfull has-red-background-color has-background eplus-wrapper is-layout-constrained wp-block-group-is-layout-constrained eplus-styles-uid-6f219c\"><div class=\"is-style-section-container wp-block-group alignfull eplus-wrapper is-layout-constrained wp-block-group-is-layout-constrained eplus-styles-uid-38b380\"><div class=\"has-white-text wp-block-group alignfull has-white-color has-text-color eplus-wrapper is-layout-constrained wp-block-group-is-layout-constrained eplus-styles-uid-0ed7c1\"><h1 class=\" wp-block-heading has-text-align-center eplus-wrapper eplus-styles-uid-49faf1\"><strong>Heritage Voices<\/strong><\/h1>\n\n<div class=\"yoast-breadcrumbs\"><span><span><a href=\"https:\/\/heritagehubkrakow.org\/pl\/\">Homepage<\/a><\/span> &#8211; <span class=\"breadcrumb_last\" aria-current=\"page\">Heritage Voices<\/span><\/span><\/div><\/div><\/div><\/div>\n\n<div class=\"is-style-section-container wp-block-group alignfull has-green-dark-background-color has-background eplus-wrapper is-layout-constrained wp-block-group-is-layout-constrained eplus-styles-uid-4c6cdd\"><div class=\"wp-block-group alignfull eplus-wrapper is-layout-constrained wp-block-group-is-layout-constrained eplus-styles-uid-24f6f4\">\n<div class=\"wp-block-group eplus-wrapper is-layout-constrained wp-block-group-is-layout-constrained\"><div class=\"wp-block-group eplus-wrapper is-content-justification-center is-layout-flex wp-container-core-group-is-layout-8ee2ad45 wp-block-group-is-layout-flex eplus-styles-uid-117bd0\"><div class=\"article-date wp-block-post-date\"><time datetime=\"2023-01-16T16:19:02+00:00\">16 stycznia 2023<\/time><\/div><\/div>\n\n<div class=\"wp-block-group eplus-wrapper is-layout-constrained wp-block-group-is-layout-constrained eplus-styles-uid-ba2e4b\"><\/div>\n\n\n<h2 class=\" wp-block-heading has-text-align-center eplus-wrapper\"><strong>Heritage Voices<\/strong><\/h2>\n\n\n\n<p class=\" eplus-wrapper\"><\/p>\n\n\n\n<p class=\" eplus-wrapper\">Jakie s\u0105 g\u0142\u00f3wne obawy sektora dziedzictwa? Kim s\u0105 jego g\u0142\u00f3wni \u201eaktorzy\u201d? Kt\u00f3re problemy budz\u0105 najwi\u0119ksze zainteresowanie? I wreszcie, jakie tematy rozpalaj\u0105 najgor\u0119tsze dyskusje w obszarze dziedzictwa? \u201eHeritage Voices\u201d to seria wywiad\u00f3w z tw\u00f3rcami i badaczami dziedzictwa, ikonicznymi i najbardziej wp\u0142ywowymi postaciami tego \u015brodowiska.<\/p>\n\n\n\n<p class=\" eplus-wrapper\">\u201eHeritage Voices\u201d s\u0105 uzupe\u0142nieniem naszej serii podcast\u00f3w \u2013 \u201eHolistic Heritage\u201d, \u201eUkraine Heritage Spotlight\u201d, \u201eHeritage Hour\u201d i \u201eHolistic Heritage: On The Road\u201d. Teraz mo\u017cesz nas nie tylko s\u0142ucha\u0107, ale tak\u017ce czyta\u0107.<\/p>\n\n\n\n<p class=\" eplus-wrapper\">Krak\u00f3w jest naszym punktem odniesienia \u2013 to w\u0142a\u015bnie st\u0105d patrzymy na region Europy \u015arodkowej i Wschodniej, ale od czasu do czasu si\u0119gamy daleko poza horyzont, przygl\u0105daj\u0105c si\u0119 tak\u017ce innym regionom i \u015bledz\u0105c najnowsze trendy w dziedzinie dziedzictwa na \u015bwiecie! <a href=\"https:\/\/heritagehubkrakow.org\/pl\/heritage-voices-pl\/\">Rozmowy s\u0105 realizowane w formule hybrydowej: na miejscu w Krakowie (nagrywane i dost\u0119pne online) oraz online.<\/a><\/p>\n\n\n\n<p class=\" eplus-wrapper\"><\/p>\n\n\n\n<figure class=\" wp-block-image aligncenter size-large is-resized eplus-wrapper\"><a href=\"https:\/\/heritagehubkrakow.org\/pl\/heritage-voices-pl\/\"><img loading=\"lazy\" decoding=\"async\" width=\"1024\" height=\"768\" src=\"https:\/\/heritagehubkrakow.org\/wp-content\/uploads\/2025\/07\/Heritage-voices-web2-1024x768.jpg\" alt=\"\" class=\"wp-image-8425\" style=\"width:756px;height:auto\" srcset=\"https:\/\/heritagehubkrakow.org\/wp-content\/uploads\/2025\/07\/Heritage-voices-web2-1024x768.jpg 1024w, https:\/\/heritagehubkrakow.org\/wp-content\/uploads\/2025\/07\/Heritage-voices-web2-300x225.jpg 300w, https:\/\/heritagehubkrakow.org\/wp-content\/uploads\/2025\/07\/Heritage-voices-web2-768x576.jpg 768w, https:\/\/heritagehubkrakow.org\/wp-content\/uploads\/2025\/07\/Heritage-voices-web2.jpg 1200w\" sizes=\"auto, (max-width: 1024px) 100vw, 1024px\" \/><\/a><\/figure>\n\n\n\n<p class=\" eplus-wrapper\"><\/p>\n\n\n\n<div style=\"height:49px\" aria-hidden=\"true\" class=\" wp-block-spacer eplus-wrapper\"><\/div>\n\n\n\n<div style=\"height:42px\" aria-hidden=\"true\" class=\" wp-block-spacer eplus-wrapper\"><\/div>\n<\/div>\n<\/div><\/div>\n\n<div class=\"wp-block-group alignfull has-orange-background-color has-background eplus-wrapper is-layout-constrained wp-block-group-is-layout-constrained eplus-styles-uid-20b295\"><figure class=\"wp-block-gallery alignfull has-nested-images columns-4 is-cropped eplus-wrapper wp-block-gallery-1 eplus-styles-uid-7becfb\"><figure class=\"is-style-default wp-block-image size-full eplus-wrapper eplus-styles-uid-74e231\"><img loading=\"lazy\" decoding=\"async\" width=\"720\" height=\"720\" data-id=\"518\" src=\"https:\/\/heritagehubkrakow.org\/wp-content\/uploads\/2023\/01\/photo9.jpg\" alt=\"\" class=\"wp-image-518\" srcset=\"https:\/\/heritagehubkrakow.org\/wp-content\/uploads\/2023\/01\/photo9.jpg 720w, https:\/\/heritagehubkrakow.org\/wp-content\/uploads\/2023\/01\/photo9-300x300.jpg 300w, https:\/\/heritagehubkrakow.org\/wp-content\/uploads\/2023\/01\/photo9-150x150.jpg 150w\" sizes=\"auto, (max-width: 720px) 100vw, 720px\" \/><\/figure>\n\n<figure class=\"is-style-default wp-block-image size-full eplus-wrapper eplus-styles-uid-74e231\"><img loading=\"lazy\" decoding=\"async\" width=\"720\" height=\"720\" data-id=\"520\" src=\"https:\/\/heritagehubkrakow.org\/wp-content\/uploads\/2023\/01\/photo8.jpg\" alt=\"\" class=\"wp-image-520\" srcset=\"https:\/\/heritagehubkrakow.org\/wp-content\/uploads\/2023\/01\/photo8.jpg 720w, https:\/\/heritagehubkrakow.org\/wp-content\/uploads\/2023\/01\/photo8-300x300.jpg 300w, https:\/\/heritagehubkrakow.org\/wp-content\/uploads\/2023\/01\/photo8-150x150.jpg 150w\" sizes=\"auto, (max-width: 720px) 100vw, 720px\" \/><\/figure>\n\n<figure class=\" wp-block-image size-full eplus-wrapper eplus-styles-uid-eea178\"><img loading=\"lazy\" decoding=\"async\" width=\"720\" height=\"720\" data-id=\"519\" src=\"https:\/\/heritagehubkrakow.org\/wp-content\/uploads\/2023\/01\/photo7.jpg\" alt=\"\" class=\"wp-image-519\" srcset=\"https:\/\/heritagehubkrakow.org\/wp-content\/uploads\/2023\/01\/photo7.jpg 720w, https:\/\/heritagehubkrakow.org\/wp-content\/uploads\/2023\/01\/photo7-300x300.jpg 300w, https:\/\/heritagehubkrakow.org\/wp-content\/uploads\/2023\/01\/photo7-150x150.jpg 150w\" sizes=\"auto, (max-width: 720px) 100vw, 720px\" \/><\/figure>\n\n<figure class=\" wp-block-image size-full eplus-wrapper eplus-styles-uid-74e231\"><img loading=\"lazy\" decoding=\"async\" width=\"480\" height=\"480\" data-id=\"441\" src=\"https:\/\/heritagehubkrakow.org\/wp-content\/uploads\/2023\/01\/photo6.jpg\" alt=\"\" class=\"wp-image-441\" srcset=\"https:\/\/heritagehubkrakow.org\/wp-content\/uploads\/2023\/01\/photo6.jpg 480w, https:\/\/heritagehubkrakow.org\/wp-content\/uploads\/2023\/01\/photo6-300x300.jpg 300w, https:\/\/heritagehubkrakow.org\/wp-content\/uploads\/2023\/01\/photo6-150x150.jpg 150w\" sizes=\"auto, (max-width: 480px) 100vw, 480px\" \/><\/figure><\/figure><\/div>","protected":false},"excerpt":{"rendered":"<p>Jakie s\u0105 g\u0142\u00f3wne obawy sektora dziedzictwa? Kim s\u0105 jego g\u0142\u00f3wni \u201eaktorzy\u201d? Kt\u00f3re problemy budz\u0105 najwi\u0119ksze zainteresowanie? I wreszcie, jakie tematy rozpalaj\u0105 najgor\u0119tsze dyskusje w obszarze dziedzictwa? \u201eHeritage Voices\u201d to seria wywiad\u00f3w z tw\u00f3rcami i badaczami dziedzictwa, ikonicznymi i najbardziej wp\u0142ywowymi postaciami tego \u015brodowiska.<\/p>\n","protected":false},"featured_media":8367,"template":"","meta":{"_acf_changed":false,"editor_plus_copied_stylings":"{}"},"categories":[90],"tags":[],"class_list":["post-923","project","type-project","status-publish","has-post-thumbnail","hentry","category-main-pl"],"acf":false,"yoast_head":"<!-- This site is optimized with the Yoast SEO plugin v23.8 - https:\/\/yoast.com\/wordpress\/plugins\/seo\/ -->\n<title>Heritage Voices - Europa Nostra<\/title>\n<meta name=\"description\" content=\"Jakie s\u0105 g\u0142\u00f3wne obawy sektora dziedzictwa? Kim s\u0105 jego g\u0142\u00f3wni \u201eaktorzy\u201d? Kt\u00f3re problemy budz\u0105 najwi\u0119ksze zainteresowanie? I wreszcie, jakie tematy rozpalaj\u0105 najgor\u0119tsze dyskusje w obszarze dziedzictwa? \u201eHeritage Voices\u201d to seria wywiad\u00f3w z tw\u00f3rcami i badaczami dziedzictwa, ikonicznymi i najbardziej wp\u0142ywowymi postaciami tego \u015brodowiska.\" \/>\n<meta name=\"robots\" content=\"index, follow, max-snippet:-1, max-image-preview:large, max-video-preview:-1\" \/>\n<link rel=\"canonical\" href=\"https:\/\/heritagehubkrakow.org\/pl\/project\/heritage-voices\/\" \/>\n<meta property=\"og:locale\" content=\"pl_PL\" \/>\n<meta property=\"og:type\" content=\"article\" \/>\n<meta property=\"og:title\" content=\"Heritage Voices - Europa Nostra\" \/>\n<meta property=\"og:description\" content=\"Jakie s\u0105 g\u0142\u00f3wne obawy sektora dziedzictwa? Kim s\u0105 jego g\u0142\u00f3wni \u201eaktorzy\u201d? Kt\u00f3re problemy budz\u0105 najwi\u0119ksze zainteresowanie? I wreszcie, jakie tematy rozpalaj\u0105 najgor\u0119tsze dyskusje w obszarze dziedzictwa? \u201eHeritage Voices\u201d to seria wywiad\u00f3w z tw\u00f3rcami i badaczami dziedzictwa, ikonicznymi i najbardziej wp\u0142ywowymi postaciami tego \u015brodowiska.\" \/>\n<meta property=\"og:url\" content=\"https:\/\/heritagehubkrakow.org\/pl\/project\/heritage-voices\/\" \/>\n<meta property=\"og:site_name\" content=\"Europa Nostra\" \/>\n<meta property=\"article:modified_time\" content=\"2025-07-17T12:43:42+00:00\" \/>\n<meta property=\"og:image\" content=\"https:\/\/heritagehubkrakow.org\/wp-content\/uploads\/2025\/07\/Heritage-voices-web-kwadrat2-1.jpg\" \/>\n\t<meta property=\"og:image:width\" content=\"1200\" \/>\n\t<meta property=\"og:image:height\" content=\"1200\" \/>\n\t<meta property=\"og:image:type\" content=\"image\/jpeg\" \/>\n<meta name=\"twitter:card\" content=\"summary_large_image\" \/>\n<meta name=\"twitter:label1\" content=\"Szacowany czas czytania\" \/>\n\t<meta name=\"twitter:data1\" content=\"2 minuty\" \/>\n<script type=\"application\/ld+json\" class=\"yoast-schema-graph\">{\"@context\":\"https:\/\/schema.org\",\"@graph\":[{\"@type\":\"WebPage\",\"@id\":\"https:\/\/heritagehubkrakow.org\/pl\/project\/heritage-voices\/\",\"url\":\"https:\/\/heritagehubkrakow.org\/pl\/project\/heritage-voices\/\",\"name\":\"Heritage Voices - Europa Nostra\",\"isPartOf\":{\"@id\":\"https:\/\/heritagehubkrakow.org\/pl\/#website\"},\"primaryImageOfPage\":{\"@id\":\"https:\/\/heritagehubkrakow.org\/pl\/project\/heritage-voices\/#primaryimage\"},\"image\":{\"@id\":\"https:\/\/heritagehubkrakow.org\/pl\/project\/heritage-voices\/#primaryimage\"},\"thumbnailUrl\":\"https:\/\/heritagehubkrakow.org\/wp-content\/uploads\/2025\/07\/Heritage-voices-web-kwadrat2-1.jpg\",\"datePublished\":\"2023-01-16T16:19:02+00:00\",\"dateModified\":\"2025-07-17T12:43:42+00:00\",\"description\":\"Jakie s\u0105 g\u0142\u00f3wne obawy sektora dziedzictwa? Kim s\u0105 jego g\u0142\u00f3wni \u201eaktorzy\u201d? Kt\u00f3re problemy budz\u0105 najwi\u0119ksze zainteresowanie? I wreszcie, jakie tematy rozpalaj\u0105 najgor\u0119tsze dyskusje w obszarze dziedzictwa? \u201eHeritage Voices\u201d to seria wywiad\u00f3w z tw\u00f3rcami i badaczami dziedzictwa, ikonicznymi i najbardziej wp\u0142ywowymi postaciami tego \u015brodowiska.\",\"breadcrumb\":{\"@id\":\"https:\/\/heritagehubkrakow.org\/pl\/project\/heritage-voices\/#breadcrumb\"},\"inLanguage\":\"pl-PL\",\"potentialAction\":[{\"@type\":\"ReadAction\",\"target\":[\"https:\/\/heritagehubkrakow.org\/pl\/project\/heritage-voices\/\"]}]},{\"@type\":\"ImageObject\",\"inLanguage\":\"pl-PL\",\"@id\":\"https:\/\/heritagehubkrakow.org\/pl\/project\/heritage-voices\/#primaryimage\",\"url\":\"https:\/\/heritagehubkrakow.org\/wp-content\/uploads\/2025\/07\/Heritage-voices-web-kwadrat2-1.jpg\",\"contentUrl\":\"https:\/\/heritagehubkrakow.org\/wp-content\/uploads\/2025\/07\/Heritage-voices-web-kwadrat2-1.jpg\",\"width\":1200,\"height\":1200},{\"@type\":\"BreadcrumbList\",\"@id\":\"https:\/\/heritagehubkrakow.org\/pl\/project\/heritage-voices\/#breadcrumb\",\"itemListElement\":[{\"@type\":\"ListItem\",\"position\":1,\"name\":\"Homepage\",\"item\":\"https:\/\/heritagehubkrakow.org\/pl\/\"},{\"@type\":\"ListItem\",\"position\":2,\"name\":\"Heritage Voices\"}]},{\"@type\":\"WebSite\",\"@id\":\"https:\/\/heritagehubkrakow.org\/pl\/#website\",\"url\":\"https:\/\/heritagehubkrakow.org\/pl\/\",\"name\":\"Europa Nostra\",\"description\":\"Heritage Hub for Central and Eastern Europe\",\"publisher\":{\"@id\":\"https:\/\/heritagehubkrakow.org\/pl\/#organization\"},\"potentialAction\":[{\"@type\":\"SearchAction\",\"target\":{\"@type\":\"EntryPoint\",\"urlTemplate\":\"https:\/\/heritagehubkrakow.org\/pl\/?s={search_term_string}\"},\"query-input\":{\"@type\":\"PropertyValueSpecification\",\"valueRequired\":true,\"valueName\":\"search_term_string\"}}],\"inLanguage\":\"pl-PL\"},{\"@type\":\"Organization\",\"@id\":\"https:\/\/heritagehubkrakow.org\/pl\/#organization\",\"name\":\"Europa Nostra\",\"url\":\"https:\/\/heritagehubkrakow.org\/pl\/\",\"logo\":{\"@type\":\"ImageObject\",\"inLanguage\":\"pl-PL\",\"@id\":\"https:\/\/heritagehubkrakow.org\/pl\/#\/schema\/logo\/image\/\",\"url\":\"https:\/\/heritagehubkrakow.org\/wp-content\/uploads\/2023\/01\/europa-logo.png\",\"contentUrl\":\"https:\/\/heritagehubkrakow.org\/wp-content\/uploads\/2023\/01\/europa-logo.png\",\"width\":218,\"height\":237,\"caption\":\"Europa Nostra\"},\"image\":{\"@id\":\"https:\/\/heritagehubkrakow.org\/pl\/#\/schema\/logo\/image\/\"}}]}<\/script>\n<!-- \/ Yoast SEO plugin. -->","yoast_head_json":{"title":"Heritage Voices - Europa Nostra","description":"Jakie s\u0105 g\u0142\u00f3wne obawy sektora dziedzictwa? Kim s\u0105 jego g\u0142\u00f3wni \u201eaktorzy\u201d? Kt\u00f3re problemy budz\u0105 najwi\u0119ksze zainteresowanie? I wreszcie, jakie tematy rozpalaj\u0105 najgor\u0119tsze dyskusje w obszarze dziedzictwa? \u201eHeritage Voices\u201d to seria wywiad\u00f3w z tw\u00f3rcami i badaczami dziedzictwa, ikonicznymi i najbardziej wp\u0142ywowymi postaciami tego \u015brodowiska.","robots":{"index":"index","follow":"follow","max-snippet":"max-snippet:-1","max-image-preview":"max-image-preview:large","max-video-preview":"max-video-preview:-1"},"canonical":"https:\/\/heritagehubkrakow.org\/pl\/project\/heritage-voices\/","og_locale":"pl_PL","og_type":"article","og_title":"Heritage Voices - Europa Nostra","og_description":"Jakie s\u0105 g\u0142\u00f3wne obawy sektora dziedzictwa? Kim s\u0105 jego g\u0142\u00f3wni \u201eaktorzy\u201d? Kt\u00f3re problemy budz\u0105 najwi\u0119ksze zainteresowanie? I wreszcie, jakie tematy rozpalaj\u0105 najgor\u0119tsze dyskusje w obszarze dziedzictwa? \u201eHeritage Voices\u201d to seria wywiad\u00f3w z tw\u00f3rcami i badaczami dziedzictwa, ikonicznymi i najbardziej wp\u0142ywowymi postaciami tego \u015brodowiska.","og_url":"https:\/\/heritagehubkrakow.org\/pl\/project\/heritage-voices\/","og_site_name":"Europa Nostra","article_modified_time":"2025-07-17T12:43:42+00:00","og_image":[{"width":1200,"height":1200,"url":"https:\/\/heritagehubkrakow.org\/wp-content\/uploads\/2025\/07\/Heritage-voices-web-kwadrat2-1.jpg","type":"image\/jpeg"}],"twitter_card":"summary_large_image","twitter_misc":{"Szacowany czas czytania":"2 minuty"},"schema":{"@context":"https:\/\/schema.org","@graph":[{"@type":"WebPage","@id":"https:\/\/heritagehubkrakow.org\/pl\/project\/heritage-voices\/","url":"https:\/\/heritagehubkrakow.org\/pl\/project\/heritage-voices\/","name":"Heritage Voices - Europa Nostra","isPartOf":{"@id":"https:\/\/heritagehubkrakow.org\/pl\/#website"},"primaryImageOfPage":{"@id":"https:\/\/heritagehubkrakow.org\/pl\/project\/heritage-voices\/#primaryimage"},"image":{"@id":"https:\/\/heritagehubkrakow.org\/pl\/project\/heritage-voices\/#primaryimage"},"thumbnailUrl":"https:\/\/heritagehubkrakow.org\/wp-content\/uploads\/2025\/07\/Heritage-voices-web-kwadrat2-1.jpg","datePublished":"2023-01-16T16:19:02+00:00","dateModified":"2025-07-17T12:43:42+00:00","description":"Jakie s\u0105 g\u0142\u00f3wne obawy sektora dziedzictwa? Kim s\u0105 jego g\u0142\u00f3wni \u201eaktorzy\u201d? Kt\u00f3re problemy budz\u0105 najwi\u0119ksze zainteresowanie? I wreszcie, jakie tematy rozpalaj\u0105 najgor\u0119tsze dyskusje w obszarze dziedzictwa? \u201eHeritage Voices\u201d to seria wywiad\u00f3w z tw\u00f3rcami i badaczami dziedzictwa, ikonicznymi i najbardziej wp\u0142ywowymi postaciami tego \u015brodowiska.","breadcrumb":{"@id":"https:\/\/heritagehubkrakow.org\/pl\/project\/heritage-voices\/#breadcrumb"},"inLanguage":"pl-PL","potentialAction":[{"@type":"ReadAction","target":["https:\/\/heritagehubkrakow.org\/pl\/project\/heritage-voices\/"]}]},{"@type":"ImageObject","inLanguage":"pl-PL","@id":"https:\/\/heritagehubkrakow.org\/pl\/project\/heritage-voices\/#primaryimage","url":"https:\/\/heritagehubkrakow.org\/wp-content\/uploads\/2025\/07\/Heritage-voices-web-kwadrat2-1.jpg","contentUrl":"https:\/\/heritagehubkrakow.org\/wp-content\/uploads\/2025\/07\/Heritage-voices-web-kwadrat2-1.jpg","width":1200,"height":1200},{"@type":"BreadcrumbList","@id":"https:\/\/heritagehubkrakow.org\/pl\/project\/heritage-voices\/#breadcrumb","itemListElement":[{"@type":"ListItem","position":1,"name":"Homepage","item":"https:\/\/heritagehubkrakow.org\/pl\/"},{"@type":"ListItem","position":2,"name":"Heritage Voices"}]},{"@type":"WebSite","@id":"https:\/\/heritagehubkrakow.org\/pl\/#website","url":"https:\/\/heritagehubkrakow.org\/pl\/","name":"Europa Nostra","description":"Heritage Hub for Central and Eastern Europe","publisher":{"@id":"https:\/\/heritagehubkrakow.org\/pl\/#organization"},"potentialAction":[{"@type":"SearchAction","target":{"@type":"EntryPoint","urlTemplate":"https:\/\/heritagehubkrakow.org\/pl\/?s={search_term_string}"},"query-input":{"@type":"PropertyValueSpecification","valueRequired":true,"valueName":"search_term_string"}}],"inLanguage":"pl-PL"},{"@type":"Organization","@id":"https:\/\/heritagehubkrakow.org\/pl\/#organization","name":"Europa Nostra","url":"https:\/\/heritagehubkrakow.org\/pl\/","logo":{"@type":"ImageObject","inLanguage":"pl-PL","@id":"https:\/\/heritagehubkrakow.org\/pl\/#\/schema\/logo\/image\/","url":"https:\/\/heritagehubkrakow.org\/wp-content\/uploads\/2023\/01\/europa-logo.png","contentUrl":"https:\/\/heritagehubkrakow.org\/wp-content\/uploads\/2023\/01\/europa-logo.png","width":218,"height":237,"caption":"Europa Nostra"},"image":{"@id":"https:\/\/heritagehubkrakow.org\/pl\/#\/schema\/logo\/image\/"}}]}},"_links":{"self":[{"href":"https:\/\/heritagehubkrakow.org\/pl\/wp-json\/wp\/v2\/project\/923","targetHints":{"allow":["GET"]}}],"collection":[{"href":"https:\/\/heritagehubkrakow.org\/pl\/wp-json\/wp\/v2\/project"}],"about":[{"href":"https:\/\/heritagehubkrakow.org\/pl\/wp-json\/wp\/v2\/types\/project"}],"wp:featuredmedia":[{"embeddable":true,"href":"https:\/\/heritagehubkrakow.org\/pl\/wp-json\/wp\/v2\/media\/8367"}],"wp:attachment":[{"href":"https:\/\/heritagehubkrakow.org\/pl\/wp-json\/wp\/v2\/media?parent=923"}],"wp:term":[{"taxonomy":"category","embeddable":true,"href":"https:\/\/heritagehubkrakow.org\/pl\/wp-json\/wp\/v2\/categories?post=923"},{"taxonomy":"post_tag","embeddable":true,"href":"https:\/\/heritagehubkrakow.org\/pl\/wp-json\/wp\/v2\/tags?post=923"}],"curies":[{"name":"wp","href":"https:\/\/api.w.org\/{rel}","templated":true}]}}