{"id":9249,"date":"2026-01-13T07:36:38","date_gmt":"2026-01-13T07:36:38","guid":{"rendered":"https:\/\/heritagehubkrakow.org\/?post_type=project&#038;p=9249"},"modified":"2026-01-13T08:32:40","modified_gmt":"2026-01-13T08:32:40","slug":"slady-holokaustu","status":"publish","type":"project","link":"https:\/\/heritagehubkrakow.org\/pl\/project\/slady-holokaustu\/","title":{"rendered":"\u015alady Holokaustu"},"content":{"rendered":"<div class=\"is-style-section-container, has-white-text is-style-section-container wp-block-group alignfull has-red-background-color has-background eplus-wrapper is-layout-constrained wp-block-group-is-layout-constrained eplus-styles-uid-6f219c\"><div class=\"is-style-section-container wp-block-group alignfull eplus-wrapper is-layout-constrained wp-block-group-is-layout-constrained eplus-styles-uid-38b380\"><div style=\"background-image:url('https:\/\/heritagehubkrakow.org\/wp-content\/uploads\/2024\/06\/H_5-1-1.png');background-size:cover;\" class=\"has-white-text wp-block-group alignfull has-white-color has-text-color eplus-wrapper is-layout-constrained wp-block-group-is-layout-constrained has-background eplus-styles-uid-0ed7c1\"><h1 class=\" wp-block-heading has-text-align-center eplus-wrapper eplus-styles-uid-49faf1\"><strong><strong><strong><strong><strong>\u015alady Holokaustu<\/strong><\/strong><\/strong><\/strong><\/strong><\/h1>\n\n<div class=\"yoast-breadcrumbs\"><span><span><a href=\"https:\/\/heritagehubkrakow.org\/pl\/\">Homepage<\/a><\/span> &#8211; <span class=\"breadcrumb_last\" aria-current=\"page\">\u015alady Holokaustu<\/span><\/span><\/div><\/div><\/div><\/div>\n\n<div class=\"is-style-section-container wp-block-group alignfull has-green-dark-background-color has-background eplus-wrapper is-layout-constrained wp-block-group-is-layout-constrained eplus-styles-uid-4c6cdd\"><div class=\"wp-block-group alignfull has-green-dark-background-color has-background eplus-wrapper is-layout-constrained wp-block-group-is-layout-constrained eplus-styles-uid-24f6f4\">\n<div class=\"wp-block-group eplus-wrapper is-layout-constrained wp-block-group-is-layout-constrained\"><div class=\"wp-block-group eplus-wrapper is-content-justification-center is-layout-flex wp-container-core-group-is-layout-8ee2ad45 wp-block-group-is-layout-flex eplus-styles-uid-117bd0\"><div class=\"article-date wp-block-post-date\"><time datetime=\"2026-01-13T07:36:38+00:00\">13 stycznia 2026<\/time><\/div><\/div>\n\n<div class=\"wp-block-group eplus-wrapper is-layout-constrained wp-block-group-is-layout-constrained eplus-styles-uid-ba2e4b\"><div class=\"taxonomy-post_tag has-text-align-center article-tags wp-block-post-terms eplus-styles-uid-d35575\"><a href=\"https:\/\/heritagehubkrakow.org\/pl\/tag\/dyskusja\/\" rel=\"tag\">Dyskusja<\/a><span class=\"wp-block-post-terms__separator\"> <\/span><a href=\"https:\/\/heritagehubkrakow.org\/pl\/tag\/dziedzictwo-kulturowe\/\" rel=\"tag\">Dziedzictwo kulturowe<\/a><span class=\"wp-block-post-terms__separator\"> <\/span><a href=\"https:\/\/heritagehubkrakow.org\/pl\/tag\/holistic-heritage-pl\/\" rel=\"tag\">Holistic Heritage<\/a><span class=\"wp-block-post-terms__separator\"> <\/span><a href=\"https:\/\/heritagehubkrakow.org\/pl\/tag\/podcast-pl\/\" rel=\"tag\">Podcast<\/a><\/div><\/div>\n\n\n<div style=\"height:30px\" aria-hidden=\"true\" class=\" wp-block-spacer eplus-wrapper\"><\/div>\n\n\n\n<p class=\" eplus-wrapper\">Popularno\u015b\u0107 Fabryki Emalia Oskara Schindlera, kt\u00f3ra zosta\u0142a otwarta 15 lat temu, doprowadzi\u0142a do powstania nowego muzeum na terenie dawnego obozu koncentracyjnego KL Plaszow.<\/p>\n\n\n\n<p class=\" eplus-wrapper\">Fabryka Schindlera jest oddzia\u0142em Muzeum Krakowa i opowiada o \u017cyciu miasta podczas II wojny \u015bwiatowej. Nowe Muzeum KL Plaszow, kt\u00f3re ma zosta\u0107 otwarte dla publiczno\u015bci w 2026\/2027 roku, wzmocni narracj\u0119 proponowan\u0105 przez Fabryk\u0119 Schindlera, kt\u00f3rej popularno\u015b\u0107 w\u015br\u00f3d odwiedzaj\u0105cych zosta\u0142a umocniona dzi\u0119ki hollywoodzkiemu filmowi z 1993 roku \u201eLista Schindlera\u201d w re\u017cyserii Stevena Spielberga. Nadal wiele os\u00f3b odwiedzaj\u0105cych to miejsce robi to pod wp\u0142ywem tej produkcji.<\/p>\n\n\n\n<p class=\" eplus-wrapper\">Jak oba te muzea uzupe\u0142ni\u0105 opowie\u015b\u0107 \u2013 razem z innymi oddzia\u0142ami Muzeum Krakowa: Ulic\u0105 Pomorsk\u0105\u00a0i Aptek\u0105 pod Or\u0142em \u2013 o wojnie? Dlaczego tak d\u0142ugo pami\u0119\u0107 o Holokau\u015bcie na terenie KL Plaszow nie by\u0142a odpowiednio upami\u0119tniona? Katarzyna Jagodzi\u0144ska rozmawia z Monik\u0105 Bednarek, dyrektork\u0105 Muzeum KL Plaszow oraz Bartoszem Hekselem, kierownikiem oddzia\u0142u Fabryki Emalia Oskara Schindlera Muzeum Krakowa.<\/p>\n\n\n\n<p class=\" eplus-wrapper\"><\/p>\n\n\n\n<div class=\"wp-block-buttons eplus-wrapper is-layout-flex wp-block-buttons-is-layout-flex\"><\/div>\n<\/div>\n\n\n\n<div class=\"wp-block-group eplus-wrapper is-layout-constrained wp-block-group-is-layout-constrained\">\n<iframe loading=\"lazy\" height=\"200px\" width=\"100%\" frameborder=\"no\" scrolling=\"no\" seamless src=\"https:\/\/player.simplecast.com\/6ff9e82e-ab6f-49e3-8710-5a50ae526d98?dark=false\"><\/iframe>\n\n\n\n<div style=\"height:48px\" aria-hidden=\"true\" class=\" wp-block-spacer eplus-wrapper\"><\/div>\n\n\n\n<div class=\"wp-block-buttons eplus-wrapper is-layout-flex wp-block-buttons-is-layout-flex\"><div class=\" wp-block-button eplus-wrapper eplus-styles-uid-adb2c2\"><a class=\"wp-block-button__link wp-element-button\" href=\"https:\/\/heritagehubkrakow.org\/pl\/holistic-heritage\/\">Holistic Heritage Podcasts<\/a><\/div><\/div>\n\n\n\n<div style=\"height:42px\" aria-hidden=\"true\" class=\" wp-block-spacer eplus-wrapper\"><\/div>\n<\/div>\n\n\n\n<div class=\"wp-block-buttons eplus-wrapper is-layout-flex wp-block-buttons-is-layout-flex\"><div class=\" wp-block-button eplus-wrapper eplus-styles-uid-6cb99c\"><a class=\"wp-block-button__link wp-element-button\" href=\"https:\/\/open.spotify.com\/show\/6TmfshJuoQNzr91xwuCgJj\" target=\"_blank\" rel=\"noreferrer noopener\">Follow us on SPOTIFY<\/a><\/div><\/div>\n<\/div><\/div>\n\n<div class=\"is-style-section-container wp-block-group alignfull has-blue-light-background-color has-background eplus-wrapper is-layout-constrained wp-block-group-is-layout-constrained eplus-styles-uid-4c6cdd\"><div class=\"wp-block-group alignfull eplus-wrapper is-layout-constrained wp-block-group-is-layout-constrained eplus-styles-uid-6cd479\">\n<div class=\"wp-block-group eplus-wrapper is-layout-constrained wp-block-group-is-layout-constrained\"><h3 class=\" wp-block-heading has-text-align-center eplus-wrapper eplus-styles-uid-0581b0\"><\/h3><\/div>\n<\/div><\/div>","protected":false},"excerpt":{"rendered":"<p>Popularno\u015b\u0107 Fabryki Emalia Oskara Schindlera, kt\u00f3ra zosta\u0142a otwarta 15 lat temu, doprowadzi\u0142a do powstania nowego muzeum na terenie dawnego obozu koncentracyjnego KL Plaszow. Jak oba te muzea uzupe\u0142ni\u0105 opowie\u015b\u0107 \u2013 razem z innymi oddzia\u0142ami Muzeum Krakowa: Ulic\u0105 Pomorsk\u0105\u00a0i Aptek\u0105 pod Or\u0142em \u2013 o wojnie? Dlaczego tak d\u0142ugo pami\u0119\u0107 o Holokau\u015bcie na terenie KL Plaszow nie by\u0142a odpowiednio upami\u0119tniona? Katarzyna Jagodzi\u0144ska rozmawia z Monik\u0105 Bednarek, dyrektork\u0105 Muzeum KL Plaszow oraz Bartoszem Hekselem, kierownikiem oddzia\u0142u Fabryki Emalia Oskara Schindlera Muzeum Krakowa.<\/p>\n","protected":false},"featured_media":9248,"template":"","meta":{"_acf_changed":false,"editor_plus_copied_stylings":"{}"},"categories":[111],"tags":[34,166,156,109],"class_list":["post-9249","project","type-project","status-publish","has-post-thumbnail","hentry","category-podcast-pl","tag-dyskusja","tag-dziedzictwo-kulturowe","tag-holistic-heritage-pl","tag-podcast-pl"],"acf":false,"yoast_head":"<!-- This site is optimized with the Yoast SEO plugin v23.8 - https:\/\/yoast.com\/wordpress\/plugins\/seo\/ -->\n<title>\u015alady Holokaustu - Europa Nostra<\/title>\n<meta name=\"description\" content=\"Popularno\u015b\u0107 Fabryki Emalia Oskara Schindlera, kt\u00f3ra zosta\u0142a otwarta 15 lat temu, doprowadzi\u0142a do powstania nowego muzeum na terenie dawnego obozu koncentracyjnego KL Plaszow. Jak oba te muzea uzupe\u0142ni\u0105 opowie\u015b\u0107 \u2013 razem z innymi oddzia\u0142ami Muzeum Krakowa: Ulic\u0105 Pomorsk\u0105\u00a0i Aptek\u0105 pod Or\u0142em \u2013 o wojnie? Dlaczego tak d\u0142ugo pami\u0119\u0107 o Holokau\u015bcie na terenie KL Plaszow nie by\u0142a odpowiednio upami\u0119tniona? Katarzyna Jagodzi\u0144ska rozmawia z Monik\u0105 Bednarek, dyrektork\u0105 Muzeum KL Plaszow oraz Bartoszem Hekselem, kierownikiem oddzia\u0142u Fabryki Emalia Oskara Schindlera Muzeum Krakowa.\" \/>\n<meta name=\"robots\" content=\"index, follow, max-snippet:-1, max-image-preview:large, max-video-preview:-1\" \/>\n<link rel=\"canonical\" href=\"https:\/\/heritagehubkrakow.org\/pl\/project\/slady-holokaustu\/\" \/>\n<meta property=\"og:locale\" content=\"pl_PL\" \/>\n<meta property=\"og:type\" content=\"article\" \/>\n<meta property=\"og:title\" content=\"\u015alady Holokaustu - Europa Nostra\" \/>\n<meta property=\"og:description\" content=\"Popularno\u015b\u0107 Fabryki Emalia Oskara Schindlera, kt\u00f3ra zosta\u0142a otwarta 15 lat temu, doprowadzi\u0142a do powstania nowego muzeum na terenie dawnego obozu koncentracyjnego KL Plaszow. Jak oba te muzea uzupe\u0142ni\u0105 opowie\u015b\u0107 \u2013 razem z innymi oddzia\u0142ami Muzeum Krakowa: Ulic\u0105 Pomorsk\u0105\u00a0i Aptek\u0105 pod Or\u0142em \u2013 o wojnie? Dlaczego tak d\u0142ugo pami\u0119\u0107 o Holokau\u015bcie na terenie KL Plaszow nie by\u0142a odpowiednio upami\u0119tniona? Katarzyna Jagodzi\u0144ska rozmawia z Monik\u0105 Bednarek, dyrektork\u0105 Muzeum KL Plaszow oraz Bartoszem Hekselem, kierownikiem oddzia\u0142u Fabryki Emalia Oskara Schindlera Muzeum Krakowa.\" \/>\n<meta property=\"og:url\" content=\"https:\/\/heritagehubkrakow.org\/pl\/project\/slady-holokaustu\/\" \/>\n<meta property=\"og:site_name\" content=\"Europa Nostra\" \/>\n<meta property=\"article:modified_time\" content=\"2026-01-13T08:32:40+00:00\" \/>\n<meta property=\"og:image\" content=\"https:\/\/heritagehubkrakow.org\/wp-content\/uploads\/2026\/01\/TMHiZK_podcast-Holistic_next-gen6.jpg\" \/>\n\t<meta property=\"og:image:width\" content=\"1200\" \/>\n\t<meta property=\"og:image:height\" content=\"1200\" \/>\n\t<meta property=\"og:image:type\" content=\"image\/jpeg\" \/>\n<meta name=\"twitter:card\" content=\"summary_large_image\" \/>\n<meta name=\"twitter:label1\" content=\"Szacowany czas czytania\" \/>\n\t<meta name=\"twitter:data1\" content=\"1 minuta\" \/>\n<script type=\"application\/ld+json\" class=\"yoast-schema-graph\">{\"@context\":\"https:\/\/schema.org\",\"@graph\":[{\"@type\":\"WebPage\",\"@id\":\"https:\/\/heritagehubkrakow.org\/pl\/project\/slady-holokaustu\/\",\"url\":\"https:\/\/heritagehubkrakow.org\/pl\/project\/slady-holokaustu\/\",\"name\":\"\u015alady Holokaustu - Europa Nostra\",\"isPartOf\":{\"@id\":\"https:\/\/heritagehubkrakow.org\/pl\/#website\"},\"primaryImageOfPage\":{\"@id\":\"https:\/\/heritagehubkrakow.org\/pl\/project\/slady-holokaustu\/#primaryimage\"},\"image\":{\"@id\":\"https:\/\/heritagehubkrakow.org\/pl\/project\/slady-holokaustu\/#primaryimage\"},\"thumbnailUrl\":\"https:\/\/heritagehubkrakow.org\/wp-content\/uploads\/2026\/01\/TMHiZK_podcast-Holistic_next-gen6.jpg\",\"datePublished\":\"2026-01-13T07:36:38+00:00\",\"dateModified\":\"2026-01-13T08:32:40+00:00\",\"description\":\"Popularno\u015b\u0107 Fabryki Emalia Oskara Schindlera, kt\u00f3ra zosta\u0142a otwarta 15 lat temu, doprowadzi\u0142a do powstania nowego muzeum na terenie dawnego obozu koncentracyjnego KL Plaszow. Jak oba te muzea uzupe\u0142ni\u0105 opowie\u015b\u0107 \u2013 razem z innymi oddzia\u0142ami Muzeum Krakowa: Ulic\u0105 Pomorsk\u0105\u00a0i Aptek\u0105 pod Or\u0142em \u2013 o wojnie? Dlaczego tak d\u0142ugo pami\u0119\u0107 o Holokau\u015bcie na terenie KL Plaszow nie by\u0142a odpowiednio upami\u0119tniona? Katarzyna Jagodzi\u0144ska rozmawia z Monik\u0105 Bednarek, dyrektork\u0105 Muzeum KL Plaszow oraz Bartoszem Hekselem, kierownikiem oddzia\u0142u Fabryki Emalia Oskara Schindlera Muzeum Krakowa.\",\"breadcrumb\":{\"@id\":\"https:\/\/heritagehubkrakow.org\/pl\/project\/slady-holokaustu\/#breadcrumb\"},\"inLanguage\":\"pl-PL\",\"potentialAction\":[{\"@type\":\"ReadAction\",\"target\":[\"https:\/\/heritagehubkrakow.org\/pl\/project\/slady-holokaustu\/\"]}]},{\"@type\":\"ImageObject\",\"inLanguage\":\"pl-PL\",\"@id\":\"https:\/\/heritagehubkrakow.org\/pl\/project\/slady-holokaustu\/#primaryimage\",\"url\":\"https:\/\/heritagehubkrakow.org\/wp-content\/uploads\/2026\/01\/TMHiZK_podcast-Holistic_next-gen6.jpg\",\"contentUrl\":\"https:\/\/heritagehubkrakow.org\/wp-content\/uploads\/2026\/01\/TMHiZK_podcast-Holistic_next-gen6.jpg\",\"width\":1200,\"height\":1200},{\"@type\":\"BreadcrumbList\",\"@id\":\"https:\/\/heritagehubkrakow.org\/pl\/project\/slady-holokaustu\/#breadcrumb\",\"itemListElement\":[{\"@type\":\"ListItem\",\"position\":1,\"name\":\"Homepage\",\"item\":\"https:\/\/heritagehubkrakow.org\/pl\/\"},{\"@type\":\"ListItem\",\"position\":2,\"name\":\"\u015alady Holokaustu\"}]},{\"@type\":\"WebSite\",\"@id\":\"https:\/\/heritagehubkrakow.org\/pl\/#website\",\"url\":\"https:\/\/heritagehubkrakow.org\/pl\/\",\"name\":\"Europa Nostra\",\"description\":\"Heritage Hub for Central and Eastern Europe\",\"publisher\":{\"@id\":\"https:\/\/heritagehubkrakow.org\/pl\/#organization\"},\"potentialAction\":[{\"@type\":\"SearchAction\",\"target\":{\"@type\":\"EntryPoint\",\"urlTemplate\":\"https:\/\/heritagehubkrakow.org\/pl\/?s={search_term_string}\"},\"query-input\":{\"@type\":\"PropertyValueSpecification\",\"valueRequired\":true,\"valueName\":\"search_term_string\"}}],\"inLanguage\":\"pl-PL\"},{\"@type\":\"Organization\",\"@id\":\"https:\/\/heritagehubkrakow.org\/pl\/#organization\",\"name\":\"Europa Nostra\",\"url\":\"https:\/\/heritagehubkrakow.org\/pl\/\",\"logo\":{\"@type\":\"ImageObject\",\"inLanguage\":\"pl-PL\",\"@id\":\"https:\/\/heritagehubkrakow.org\/pl\/#\/schema\/logo\/image\/\",\"url\":\"https:\/\/heritagehubkrakow.org\/wp-content\/uploads\/2023\/01\/europa-logo.png\",\"contentUrl\":\"https:\/\/heritagehubkrakow.org\/wp-content\/uploads\/2023\/01\/europa-logo.png\",\"width\":218,\"height\":237,\"caption\":\"Europa Nostra\"},\"image\":{\"@id\":\"https:\/\/heritagehubkrakow.org\/pl\/#\/schema\/logo\/image\/\"}}]}<\/script>\n<!-- \/ Yoast SEO plugin. -->","yoast_head_json":{"title":"\u015alady Holokaustu - Europa Nostra","description":"Popularno\u015b\u0107 Fabryki Emalia Oskara Schindlera, kt\u00f3ra zosta\u0142a otwarta 15 lat temu, doprowadzi\u0142a do powstania nowego muzeum na terenie dawnego obozu koncentracyjnego KL Plaszow. Jak oba te muzea uzupe\u0142ni\u0105 opowie\u015b\u0107 \u2013 razem z innymi oddzia\u0142ami Muzeum Krakowa: Ulic\u0105 Pomorsk\u0105\u00a0i Aptek\u0105 pod Or\u0142em \u2013 o wojnie? Dlaczego tak d\u0142ugo pami\u0119\u0107 o Holokau\u015bcie na terenie KL Plaszow nie by\u0142a odpowiednio upami\u0119tniona? Katarzyna Jagodzi\u0144ska rozmawia z Monik\u0105 Bednarek, dyrektork\u0105 Muzeum KL Plaszow oraz Bartoszem Hekselem, kierownikiem oddzia\u0142u Fabryki Emalia Oskara Schindlera Muzeum Krakowa.","robots":{"index":"index","follow":"follow","max-snippet":"max-snippet:-1","max-image-preview":"max-image-preview:large","max-video-preview":"max-video-preview:-1"},"canonical":"https:\/\/heritagehubkrakow.org\/pl\/project\/slady-holokaustu\/","og_locale":"pl_PL","og_type":"article","og_title":"\u015alady Holokaustu - Europa Nostra","og_description":"Popularno\u015b\u0107 Fabryki Emalia Oskara Schindlera, kt\u00f3ra zosta\u0142a otwarta 15 lat temu, doprowadzi\u0142a do powstania nowego muzeum na terenie dawnego obozu koncentracyjnego KL Plaszow. Jak oba te muzea uzupe\u0142ni\u0105 opowie\u015b\u0107 \u2013 razem z innymi oddzia\u0142ami Muzeum Krakowa: Ulic\u0105 Pomorsk\u0105\u00a0i Aptek\u0105 pod Or\u0142em \u2013 o wojnie? Dlaczego tak d\u0142ugo pami\u0119\u0107 o Holokau\u015bcie na terenie KL Plaszow nie by\u0142a odpowiednio upami\u0119tniona? Katarzyna Jagodzi\u0144ska rozmawia z Monik\u0105 Bednarek, dyrektork\u0105 Muzeum KL Plaszow oraz Bartoszem Hekselem, kierownikiem oddzia\u0142u Fabryki Emalia Oskara Schindlera Muzeum Krakowa.","og_url":"https:\/\/heritagehubkrakow.org\/pl\/project\/slady-holokaustu\/","og_site_name":"Europa Nostra","article_modified_time":"2026-01-13T08:32:40+00:00","og_image":[{"width":1200,"height":1200,"url":"https:\/\/heritagehubkrakow.org\/wp-content\/uploads\/2026\/01\/TMHiZK_podcast-Holistic_next-gen6.jpg","type":"image\/jpeg"}],"twitter_card":"summary_large_image","twitter_misc":{"Szacowany czas czytania":"1 minuta"},"schema":{"@context":"https:\/\/schema.org","@graph":[{"@type":"WebPage","@id":"https:\/\/heritagehubkrakow.org\/pl\/project\/slady-holokaustu\/","url":"https:\/\/heritagehubkrakow.org\/pl\/project\/slady-holokaustu\/","name":"\u015alady Holokaustu - Europa Nostra","isPartOf":{"@id":"https:\/\/heritagehubkrakow.org\/pl\/#website"},"primaryImageOfPage":{"@id":"https:\/\/heritagehubkrakow.org\/pl\/project\/slady-holokaustu\/#primaryimage"},"image":{"@id":"https:\/\/heritagehubkrakow.org\/pl\/project\/slady-holokaustu\/#primaryimage"},"thumbnailUrl":"https:\/\/heritagehubkrakow.org\/wp-content\/uploads\/2026\/01\/TMHiZK_podcast-Holistic_next-gen6.jpg","datePublished":"2026-01-13T07:36:38+00:00","dateModified":"2026-01-13T08:32:40+00:00","description":"Popularno\u015b\u0107 Fabryki Emalia Oskara Schindlera, kt\u00f3ra zosta\u0142a otwarta 15 lat temu, doprowadzi\u0142a do powstania nowego muzeum na terenie dawnego obozu koncentracyjnego KL Plaszow. Jak oba te muzea uzupe\u0142ni\u0105 opowie\u015b\u0107 \u2013 razem z innymi oddzia\u0142ami Muzeum Krakowa: Ulic\u0105 Pomorsk\u0105\u00a0i Aptek\u0105 pod Or\u0142em \u2013 o wojnie? Dlaczego tak d\u0142ugo pami\u0119\u0107 o Holokau\u015bcie na terenie KL Plaszow nie by\u0142a odpowiednio upami\u0119tniona? Katarzyna Jagodzi\u0144ska rozmawia z Monik\u0105 Bednarek, dyrektork\u0105 Muzeum KL Plaszow oraz Bartoszem Hekselem, kierownikiem oddzia\u0142u Fabryki Emalia Oskara Schindlera Muzeum Krakowa.","breadcrumb":{"@id":"https:\/\/heritagehubkrakow.org\/pl\/project\/slady-holokaustu\/#breadcrumb"},"inLanguage":"pl-PL","potentialAction":[{"@type":"ReadAction","target":["https:\/\/heritagehubkrakow.org\/pl\/project\/slady-holokaustu\/"]}]},{"@type":"ImageObject","inLanguage":"pl-PL","@id":"https:\/\/heritagehubkrakow.org\/pl\/project\/slady-holokaustu\/#primaryimage","url":"https:\/\/heritagehubkrakow.org\/wp-content\/uploads\/2026\/01\/TMHiZK_podcast-Holistic_next-gen6.jpg","contentUrl":"https:\/\/heritagehubkrakow.org\/wp-content\/uploads\/2026\/01\/TMHiZK_podcast-Holistic_next-gen6.jpg","width":1200,"height":1200},{"@type":"BreadcrumbList","@id":"https:\/\/heritagehubkrakow.org\/pl\/project\/slady-holokaustu\/#breadcrumb","itemListElement":[{"@type":"ListItem","position":1,"name":"Homepage","item":"https:\/\/heritagehubkrakow.org\/pl\/"},{"@type":"ListItem","position":2,"name":"\u015alady Holokaustu"}]},{"@type":"WebSite","@id":"https:\/\/heritagehubkrakow.org\/pl\/#website","url":"https:\/\/heritagehubkrakow.org\/pl\/","name":"Europa Nostra","description":"Heritage Hub for Central and Eastern Europe","publisher":{"@id":"https:\/\/heritagehubkrakow.org\/pl\/#organization"},"potentialAction":[{"@type":"SearchAction","target":{"@type":"EntryPoint","urlTemplate":"https:\/\/heritagehubkrakow.org\/pl\/?s={search_term_string}"},"query-input":{"@type":"PropertyValueSpecification","valueRequired":true,"valueName":"search_term_string"}}],"inLanguage":"pl-PL"},{"@type":"Organization","@id":"https:\/\/heritagehubkrakow.org\/pl\/#organization","name":"Europa Nostra","url":"https:\/\/heritagehubkrakow.org\/pl\/","logo":{"@type":"ImageObject","inLanguage":"pl-PL","@id":"https:\/\/heritagehubkrakow.org\/pl\/#\/schema\/logo\/image\/","url":"https:\/\/heritagehubkrakow.org\/wp-content\/uploads\/2023\/01\/europa-logo.png","contentUrl":"https:\/\/heritagehubkrakow.org\/wp-content\/uploads\/2023\/01\/europa-logo.png","width":218,"height":237,"caption":"Europa Nostra"},"image":{"@id":"https:\/\/heritagehubkrakow.org\/pl\/#\/schema\/logo\/image\/"}}]}},"_links":{"self":[{"href":"https:\/\/heritagehubkrakow.org\/pl\/wp-json\/wp\/v2\/project\/9249","targetHints":{"allow":["GET"]}}],"collection":[{"href":"https:\/\/heritagehubkrakow.org\/pl\/wp-json\/wp\/v2\/project"}],"about":[{"href":"https:\/\/heritagehubkrakow.org\/pl\/wp-json\/wp\/v2\/types\/project"}],"wp:featuredmedia":[{"embeddable":true,"href":"https:\/\/heritagehubkrakow.org\/pl\/wp-json\/wp\/v2\/media\/9248"}],"wp:attachment":[{"href":"https:\/\/heritagehubkrakow.org\/pl\/wp-json\/wp\/v2\/media?parent=9249"}],"wp:term":[{"taxonomy":"category","embeddable":true,"href":"https:\/\/heritagehubkrakow.org\/pl\/wp-json\/wp\/v2\/categories?post=9249"},{"taxonomy":"post_tag","embeddable":true,"href":"https:\/\/heritagehubkrakow.org\/pl\/wp-json\/wp\/v2\/tags?post=9249"}],"curies":[{"name":"wp","href":"https:\/\/api.w.org\/{rel}","templated":true}]}}